{"id":4146,"date":"2016-07-04T09:44:49","date_gmt":"2016-07-04T07:44:49","guid":{"rendered":"http:\/\/agora.xtec.cat\/insllicamunt2\/?page_id=4146"},"modified":"2016-07-05T09:36:56","modified_gmt":"2016-07-05T07:36:56","slug":"com-funciona-el-nodes","status":"publish","type":"page","link":"https:\/\/agora.xtec.cat\/insllicamunt2\/com-funciona-el-nostre-entorn-virtual\/com-funciona-el-nodes\/","title":{"rendered":"Com funciona el Nodes?"},"content":{"rendered":"<p>&nbsp;<\/p>\n<p style=\"text-align: center;\"><img loading=\"lazy\" decoding=\"async\" class=\"aligncenter size-full wp-image-4133\" src=\"http:\/\/agora.xtec.cat\/insllicamunt2\/wp-content\/uploads\/usu1100\/2016\/05\/logonodes-e1462460286864.jpeg\" alt=\"Web\" width=\"221\" height=\"221\" \/><\/p>\n<p>&nbsp;<\/p>\n<p style=\"text-align: justify;\">El Nodes \u00e9s una xarxa social privada en un entorn segur i controlat que permet als alumnes aprendre qu\u00e8 \u00e9s una xarxa social i com fer-ne un bon \u00fas. Un espai transversal on compartir aficions, interessos i projectes\u2026<\/p>\n<p style=\"text-align: justify;\">Per a accedir al Nodes, nom\u00e9s cal fer clic a sobre de la icona que apareix a la barra dreta del portal web de l&#8217;institut:<\/p>\n<p>&nbsp;<\/p>\n<p style=\"text-align: center;\"><a href=\"http:\/\/agora.xtec.cat\/insllicamunt2\/wp-content\/uploads\/usu1100\/2016\/07\/web2nodes.jpg\" rel=\"attachment wp-att-4175\"><img loading=\"lazy\" decoding=\"async\" class=\"aligncenter size-full wp-image-4175\" src=\"http:\/\/agora.xtec.cat\/insllicamunt2\/wp-content\/uploads\/usu1100\/2016\/07\/web2nodes.jpg\" alt=\"web2nodes\" width=\"600\" height=\"353\" srcset=\"https:\/\/agora.xtec.cat\/insllicamunt2\/wp-content\/uploads\/usu1100\/2016\/07\/web2nodes.jpg 600w, https:\/\/agora.xtec.cat\/insllicamunt2\/wp-content\/uploads\/usu1100\/2016\/07\/web2nodes-300x177.jpg 300w\" sizes=\"auto, (max-width: 600px) 100vw, 600px\" \/><\/a><\/p>\n<p>&nbsp;<\/p>\n<p style=\"text-align: justify;\">Immediatament s&#8217;obrir\u00e0 la p\u00e0gina de validaci\u00f3 del Nodes a on se us demanar\u00e0 escriure el Nom d&#8217;usuari i la Contrasenya. Despr\u00e9s de clicar el bot\u00f3 &#8220;Entra&#8221;, haureu entrat a l&#8217;espai Nodes:<\/p>\n<p>&nbsp;<\/p>\n<p style=\"text-align: center;\"><a href=\"http:\/\/agora.xtec.cat\/insllicamunt2\/wp-content\/uploads\/usu1100\/2016\/07\/Nodes1.jpg\" rel=\"attachment wp-att-4194\"><img loading=\"lazy\" decoding=\"async\" class=\"aligncenter size-full wp-image-4194\" src=\"http:\/\/agora.xtec.cat\/insllicamunt2\/wp-content\/uploads\/usu1100\/2016\/07\/Nodes1.jpg\" alt=\"Nodes1\" width=\"600\" height=\"502\" srcset=\"https:\/\/agora.xtec.cat\/insllicamunt2\/wp-content\/uploads\/usu1100\/2016\/07\/Nodes1.jpg 600w, https:\/\/agora.xtec.cat\/insllicamunt2\/wp-content\/uploads\/usu1100\/2016\/07\/Nodes1-300x250.jpg 300w\" sizes=\"auto, (max-width: 600px) 100vw, 600px\" \/><\/a><\/p>\n<p>&nbsp;<\/p>\n<p style=\"text-align: justify;\">La p\u00e0gina est\u00e0 distribu\u00efda en 3 parts, la cap\u00e7alera, que \u00e9s la mateixa que la del <a href=\"http:\/\/agora.xtec.cat\/insllicamunt2\/com-funciona-el-nostre-entorn-virtual\/com-funciona-la-web-de-linstitut\/\" target=\"_blank\">Portal web de l&#8217;Institut<\/a>, la barra lateral esquerra, on es troben els diferents nodes, i l&#8217;espai principal, on hi apareix el Mur general.<\/p>\n<p style=\"text-align: justify;\">Al Mur general es pot escriure qualsevol informaci\u00f3 d&#8217;inter\u00e8s o focus de debat que es consideri oport\u00fa, sempre respectant el Codi \u00c8tic. S&#8217;hi poden adjuntar imatges, v\u00eddeos o accessos directes d&#8217;internet.<\/p>\n<p>&nbsp;<\/p>\n<p style=\"text-align: center;\"><a href=\"http:\/\/agora.xtec.cat\/insllicamunt2\/wp-content\/uploads\/usu1100\/2016\/07\/Nodes2.jpg\" rel=\"attachment wp-att-4195\"><img loading=\"lazy\" decoding=\"async\" class=\"aligncenter size-full wp-image-4195\" src=\"http:\/\/agora.xtec.cat\/insllicamunt2\/wp-content\/uploads\/usu1100\/2016\/07\/Nodes2.jpg\" alt=\"Nodes2\" width=\"243\" height=\"344\" srcset=\"https:\/\/agora.xtec.cat\/insllicamunt2\/wp-content\/uploads\/usu1100\/2016\/07\/Nodes2.jpg 243w, https:\/\/agora.xtec.cat\/insllicamunt2\/wp-content\/uploads\/usu1100\/2016\/07\/Nodes2-212x300.jpg 212w\" sizes=\"auto, (max-width: 243px) 100vw, 243px\" \/><\/a><\/p>\n<p>Els nodes (amb min\u00fascula) s\u00f3n espais espec\u00edfics de la xarxa social privada que constitueix la plataforma Nodes (amb maj\u00fascula). Aquests espais poden ser p\u00fablics o restringits (acc\u00e9s autoritzat nom\u00e9s a usuaris pr\u00e8viament determinats per la Coordinaci\u00f3 TAC).<\/p>\n<p style=\"text-align: justify;\">L&#8217;institut tot just ha comen\u00e7at a utilitzar aquests espais, per\u00f2 el seu \u00fas ser\u00e0 progressivament generalitzat amb el temps.<\/p>\n<p style=\"text-align: justify;\">Cada node cont\u00e9 un Mur, un espai F\u00f2rum de discussi\u00f3 i un espai per penjar documents:<\/p>\n<p>&nbsp;<\/p>\n<p style=\"text-align: center;\"><a href=\"http:\/\/agora.xtec.cat\/insllicamunt2\/wp-content\/uploads\/usu1100\/2016\/07\/node4.jpg\" rel=\"attachment wp-att-4197\"><img loading=\"lazy\" decoding=\"async\" class=\"aligncenter size-full wp-image-4197\" src=\"http:\/\/agora.xtec.cat\/insllicamunt2\/wp-content\/uploads\/usu1100\/2016\/07\/node4.jpg\" alt=\"node4\" width=\"600\" height=\"547\" srcset=\"https:\/\/agora.xtec.cat\/insllicamunt2\/wp-content\/uploads\/usu1100\/2016\/07\/node4.jpg 600w, https:\/\/agora.xtec.cat\/insllicamunt2\/wp-content\/uploads\/usu1100\/2016\/07\/node4-300x274.jpg 300w\" sizes=\"auto, (max-width: 600px) 100vw, 600px\" \/><\/a><\/p>\n<p>&nbsp;<\/p>\n<p style=\"text-align: center;\">EN CONSTRUCCI\u00d3<\/p>\n","protected":false},"excerpt":{"rendered":"<p>&nbsp;<\/p>\n<p>&nbsp;<br \/>\nEl Nodes \u00e9s una xarxa social privada en un entorn segur i controlat que permet als alumnes aprendre qu\u00e8 \u00e9s una xarxa social i com fer-ne un bon \u00fas. Un espai transversal on compartir aficions, interessos i projectes\u2026<br \/>\nPer a accedir al Nodes, nom\u00e9s cal fer&hellip;  <a href=\"https:\/\/agora.xtec.cat\/insllicamunt2\/com-funciona-el-nostre-entorn-virtual\/com-funciona-el-nodes\/\" title=\"Read Com funciona el Nodes?\">Llegeix m\u00e9s\u00bb<\/a><\/p>\n","protected":false},"author":1,"featured_media":0,"parent":4130,"menu_order":5,"comment_status":"closed","ping_status":"closed","template":"page-templates\/side-menu.php","meta":{"_bbp_topic_count":0,"_bbp_reply_count":0,"_bbp_total_topic_count":0,"_bbp_total_reply_count":0,"_bbp_voice_count":0,"_bbp_anonymous_reply_count":0,"_bbp_topic_count_hidden":0,"_bbp_reply_count_hidden":0,"_bbp_forum_subforum_count":0,"footnotes":""},"class_list":["post-4146","page","type-page","status-publish","hentry"],"post_mailing_queue_ids":[],"_links":{"self":[{"href":"https:\/\/agora.xtec.cat\/insllicamunt2\/wp-json\/wp\/v2\/pages\/4146","targetHints":{"allow":["GET"]}}],"collection":[{"href":"https:\/\/agora.xtec.cat\/insllicamunt2\/wp-json\/wp\/v2\/pages"}],"about":[{"href":"https:\/\/agora.xtec.cat\/insllicamunt2\/wp-json\/wp\/v2\/types\/page"}],"author":[{"embeddable":true,"href":"https:\/\/agora.xtec.cat\/insllicamunt2\/wp-json\/wp\/v2\/users\/1"}],"replies":[{"embeddable":true,"href":"https:\/\/agora.xtec.cat\/insllicamunt2\/wp-json\/wp\/v2\/comments?post=4146"}],"version-history":[{"count":3,"href":"https:\/\/agora.xtec.cat\/insllicamunt2\/wp-json\/wp\/v2\/pages\/4146\/revisions"}],"predecessor-version":[{"id":4198,"href":"https:\/\/agora.xtec.cat\/insllicamunt2\/wp-json\/wp\/v2\/pages\/4146\/revisions\/4198"}],"up":[{"embeddable":true,"href":"https:\/\/agora.xtec.cat\/insllicamunt2\/wp-json\/wp\/v2\/pages\/4130"}],"wp:attachment":[{"href":"https:\/\/agora.xtec.cat\/insllicamunt2\/wp-json\/wp\/v2\/media?parent=4146"}],"curies":[{"name":"wp","href":"https:\/\/api.w.org\/{rel}","templated":true}]}}