{"id":4105,"date":"2016-07-04T07:36:03","date_gmt":"2016-07-04T05:36:03","guid":{"rendered":"http:\/\/agora.xtec.cat\/insllicamunt2\/?page_id=4105"},"modified":"2021-03-02T09:59:13","modified_gmt":"2021-03-02T08:59:13","slug":"departament-artistic","status":"publish","type":"page","link":"https:\/\/agora.xtec.cat\/insllicamunt2\/departaments\/departament-artistic\/","title":{"rendered":"\u00c0mbit Art\u00edstic"},"content":{"rendered":"<p>&nbsp;<\/p>\n<div align=\"center\">\n<p style=\"text-align: justify;\"><em><span style=\"font-size: medium;\"><span style=\"font-family: arial,helvetica,sans-serif;\"><span style=\"color: #165878;\"><strong>Qu\u00e8 fem i com ho fem?<br \/>\n<\/strong><\/span><\/span><\/span><\/em><\/p>\n<p style=\"text-align: justify;\"><span style=\"font-size: medium;\"><span style=\"font-family: arial,helvetica,sans-serif;\">El Departament d&#8217;Art\u00edstic participa de la vida del centre projectant i desenvolupant els nostres llenguatges art\u00edstics propis junt amb al resta de projectes implementats al centre aix\u00ed com projectes puntuals i exclusius de cada mat\u00e8ria.<\/span><\/span><\/p>\n<p style=\"text-align: justify;\">Les dimensions que es desenvolupen a les nostres mat\u00e8ries ajuden als nostre alumnat a desenvolupar eines d&#8217;expressi\u00f3 pr\u00f2pies i diferencials que alhora que promouen l&#8217;autoconeixement i el descobriment de l&#8217;altra, proporcionen un bon recurs per al\u00a0 treball dels valors de\u00a0 cohesi\u00f3 i enriquiment dels grups.<\/p>\n<p style=\"text-align: justify;\"><em><span style=\"font-size: medium;\"><span style=\"font-family: arial,helvetica,sans-serif;\"><span style=\"color: #165878;\"><strong>Organitzaci\u00f3<\/strong><\/span><\/span><\/span><\/em><\/p>\n<p style=\"text-align: justify;\"><span style=\"font-size: medium;\"><span style=\"font-family: arial,helvetica,sans-serif;\">D&#8217;acord amb la legislaci\u00f3 vigent i en virtut del decret d&#8217;autonomia de centre, el Departament Art\u00edstic ha resolt organitzar el curr\u00edculum de la seg\u00fcent manera:<\/span><\/span><\/p>\n<p align=\"center\"><span style=\"font-size: medium;\"><span style=\"font-family: arial,helvetica,sans-serif;\"><span style=\"color: #165878;\">1r d&#8217;ESO<\/span><\/span><\/span><\/p>\n<p align=\"center\"><span style=\"font-size: medium;\"><span style=\"font-family: arial,helvetica,sans-serif;\">M\u00fasica<\/span><\/span><\/p>\n<p align=\"center\"><span style=\"font-size: medium;\"><span style=\"font-family: arial,helvetica,sans-serif;\">Educaci\u00f3 F\u00edsica<br \/>\n<\/span><\/span><\/p>\n<p align=\"center\">Visual i Pl\u00e0stica<\/p>\n<p align=\"center\"><span style=\"color: #165878;\"><span style=\"font-size: medium;\"><span style=\"font-family: arial,helvetica,sans-serif;\">2n d&#8217;ESO<\/span><\/span><\/span><\/p>\n<p align=\"center\">M\u00fasica<\/p>\n<p align=\"center\"><span style=\"font-size: medium;\"><span style=\"font-family: arial,helvetica,sans-serif;\">Educaci\u00f3 F\u00edsica<br \/>\n<\/span><\/span><\/p>\n<p align=\"center\"><span style=\"color: #165878;\"><span style=\"font-size: medium;\"><span style=\"font-family: arial,helvetica,sans-serif;\">3r d&#8217;ESO<\/span><\/span><\/span><\/p>\n<p align=\"center\"><span style=\"font-size: medium;\"><span style=\"font-family: arial,helvetica,sans-serif;\">M\u00fasica (optativa)<\/span><\/span><\/p>\n<p align=\"center\"><span style=\"font-size: medium;\"><span style=\"font-family: arial,helvetica,sans-serif;\">Educaci\u00f3 F\u00edsica<br \/>\n<\/span><\/span><\/p>\n<p align=\"center\">Visual i Pl\u00e0stica<\/p>\n<p align=\"center\"><span style=\"color: #165878;\"><span style=\"font-size: medium;\"><span style=\"font-family: arial,helvetica,sans-serif;\">4t d&#8217;ESO<\/span><\/span><\/span><\/p>\n<p align=\"center\"><span style=\"font-size: medium;\"><span style=\"font-family: arial,helvetica,sans-serif;\">M\u00fasica (optativa de modalitat)<br \/>\n<\/span><\/span><\/p>\n<p align=\"center\"><span style=\"font-size: medium;\"><span style=\"font-family: arial,helvetica,sans-serif;\">Educaci\u00f3 F\u00edsica<br \/>\n<\/span><\/span><\/p>\n<p align=\"center\">Visual i Pl\u00e0stica ( optativa de modalitat)<\/p>\n<p align=\"center\"><span style=\"font-size: medium;\"><span style=\"font-family: arial,helvetica,sans-serif;\">\u00a0<\/span><\/span><\/p>\n<table style=\"width: 100%; border: 1px solid #ffffff; border-collapse: collapse;\" cellpadding=\"5\" align=\"absmiddle\">\n<tbody>\n<tr>\n<td style=\"border: 1px solid #ffffff;\" align=\"center\"><a title=\"\u00c0rea de M\u00fasica\" href=\"http:\/\/agora.xtec.cat\/insllicamunt2\/institut-hipatia-dalexandria\/departament-artistic\/area-expr\/\" target=\"_blank\" rel=\"noopener noreferrer\"><img loading=\"lazy\" decoding=\"async\" src=\"http:\/\/agora.xtec.cat\/insllicamunt2\/wp-content\/uploads\/usu1100\/2016\/07\/IMG_5044.jpg\" alt=\"M\u00fasica\" width=\"140\" height=\"140\" \/><\/a><\/td>\n<td style=\"border: 1px solid #ffffff;\" align=\"center\"><a title=\"\u00c0rea de Visual i Pl\u00e0stica\" href=\"http:\/\/agora.xtec.cat\/insllicamunt2\/institut-hipatia-dalexandria\/departament-de-ciencies\/area-vip\/\" target=\"_blank\" rel=\"noopener noreferrer\"><img loading=\"lazy\" decoding=\"async\" src=\"http:\/\/agora.xtec.cat\/insllicamunt2\/wp-content\/uploads\/usu1100\/2016\/05\/LogoVIP-e1462459243172.jpg\" alt=\"Visual i Pl\u00e0stica\" width=\"140\" height=\"140\" \/><\/a><\/td>\n<td style=\"border: 1px solid #ffffff;\" align=\"center\"><a title=\"\u00c0rea d'Educaci\u00f3 F\u00edsica\" href=\"http:\/\/agora.xtec.cat\/insllicamunt2\/institut-hipatia-dalexandria\/departament-artistic\/area-deducacio-fisica\/\" target=\"_blank\" rel=\"noopener noreferrer\"><img loading=\"lazy\" decoding=\"async\" src=\"http:\/\/agora.xtec.cat\/insllicamunt2\/wp-content\/uploads\/usu1100\/2016\/07\/IMG_5048.jpg\" alt=\"Educaci\u00f3 F\u00edsica\" width=\"140\" height=\"140\" \/><\/a><\/td>\n<\/tr>\n<\/tbody>\n<\/table>\n<p><span style=\"color: #ffffff;\">.<\/span><\/p>\n<p><em><span style=\"font-size: medium;\"><span style=\"font-family: arial,helvetica,sans-serif;\"><span style=\"color: #165878;\"><strong>Recursos did\u00e0ctics<br \/>\n<\/strong><\/span><\/span><\/span><\/em><span style=\"font-size: medium;\"><span style=\"font-family: arial,helvetica,sans-serif;\">El Departament Art\u00edstic ha desenvolupat nombrosos recursos pedag\u00f2gics i participa de diversos projectes interdisciplinaris amb l&#8217;objectiu d&#8217;enriquir al m\u00e0xim el proc\u00e9s d&#8217;ensenyament &#8211; aprenentatge i garantir el millor assoliment de les compet\u00e8ncies que li s\u00f3n pr\u00f2pies.<\/span><\/span><\/p>\n<p>&nbsp;<\/p>\n<\/div>\n<div align=\"center\">\n<p><img loading=\"lazy\" decoding=\"async\" src=\"http:\/\/agora.xtec.cat\/insllicamunt2\/wp-content\/uploads\/usu1100\/2016\/05\/LogoACTI.jpg\" alt=\"\" width=\"140\" height=\"140\" \/><\/p>\n<p>Les activitats al nostre departament van relacionades amb l&#8217;assoliment de les dimensions corresponents.<\/p>\n<p>Dimensi\u00f3 percepci\u00f3 i escolta ( i creaci\u00f3)<\/p>\n<p>Dimensi\u00f3 interpretativa<\/p>\n<p>Dimensi\u00f3 Social i cultural<\/p>\n<\/div>\n<p>Les nostres activitats formen part d&#8217;un context tamb\u00e9 de centre i d&#8217;entorn aix\u00ed que es programen tenint en compte aquests altres eixos vertebradors.<\/p>\n<div align=\"center\">\n<p><em><span style=\"font-size: medium;\"><span style=\"font-family: arial,helvetica,sans-serif;\"><span style=\"color: #165878;\"><strong>Participaci\u00f3 en projectes interdisciplinars<\/strong><\/span><\/span><\/span><\/em><\/p>\n<p>1 ESO: L&#8217;Hip\u00e0tia mira al cel<\/p>\n<p><em><span style=\"font-size: medium;\"><span style=\"font-family: arial,helvetica,sans-serif;\"><span style=\"color: #165878;\"><strong><br \/>\nProjectes propis<br \/>\n<\/strong><\/span><\/span><\/span><\/em><\/p>\n<p><span style=\"font-family: arial,helvetica,sans-serif;\"><span style=\"font-family: arial,helvetica,sans-serif;\">El Musical\u00a0 <\/span><\/span><\/p>\n<p><span style=\"font-size: medium;\"><span style=\"font-family: arial,helvetica,sans-serif;\">Olimp\u00edada Atl\u00e8tica<\/span><\/span><\/p>\n<\/div>\n<div align=\"center\"><span style=\"font-size: medium;\"><span style=\"font-family: arial,helvetica,sans-serif;\">Actuacions pels actes del centre per Nadal i Sant Jordi<span style=\"font-size: medium;\"><span style=\"font-family: arial,helvetica,sans-serif;\"><br \/>\n<\/span><\/span><br style=\"font-family: arial,helvetica,sans-serif;\" \/><\/span><\/span><em><span style=\"font-size: medium;\"><span style=\"font-family: arial,helvetica,sans-serif;\"><span style=\"color: #165878;\"><strong>Projectes de centre<br \/>\n<\/strong><\/span><\/span><\/span><\/em>El Musical<span style=\"font-size: medium;\"><span style=\"font-family: arial,helvetica,sans-serif;\">Els Dimarts Oberts<br \/>\n<\/span><\/span><\/div>\n<table style=\"width: 100%; border: 0px solid #ffffff; border-collapse: collapse;\" cellpadding=\"5\" align=\"absmiddle\">\n<tbody>\n<tr>\n<td style=\"border: 0px solid #ffffff;\" align=\"center\"><img loading=\"lazy\" decoding=\"async\" src=\"http:\/\/agora.xtec.cat\/insllicamunt2\/wp-content\/uploads\/usu1100\/2016\/05\/socproj1.jpg\" alt=\"\" width=\"252\" height=\"189\" \/><\/td>\n<td style=\"border: 0px solid #ffffff;\" align=\"center\"><img loading=\"lazy\" decoding=\"async\" src=\"http:\/\/agora.xtec.cat\/insllicamunt2\/wp-content\/uploads\/usu1100\/2016\/05\/socproj2.jpg\" alt=\"\" width=\"252\" height=\"189\" \/><\/td>\n<td style=\"border: 0px solid #ffffff;\" align=\"center\"><img loading=\"lazy\" decoding=\"async\" src=\"http:\/\/agora.xtec.cat\/insllicamunt2\/wp-content\/uploads\/usu1100\/2016\/05\/socproj3.jpg\" alt=\"\" width=\"252\" height=\"189\" \/><\/td>\n<\/tr>\n<\/tbody>\n<\/table>\n<p>&nbsp;<\/p>\n<div align=\"center\">\n<p><img loading=\"lazy\" decoding=\"async\" src=\"http:\/\/agora.xtec.cat\/insllicamunt2\/wp-content\/uploads\/usu1100\/2016\/05\/LogoSORT.jpg\" alt=\"\" width=\"140\" height=\"140\" \/><\/p>\n<p align=\"center\"><span style=\"font-size: medium;\"><span style=\"font-family: arial,helvetica,sans-serif;\">Des del Departament Art\u00edstic es d\u00f3na un pes especial a les sortides de car\u00e0cter pedag\u00f2gic. Tot i que intentem adaptar-nos al context actual i sent conscients de les despeses que generen altres sortides emmarcades dins els projectes de centre.<br \/>\n<\/span><\/span><\/p>\n<p><em><span style=\"font-size: medium;\"><span style=\"font-family: arial,helvetica,sans-serif;\"><span style=\"color: #165878;\"><strong>1r d&#8217;ESO<br \/>\n<\/strong><\/span><\/span><\/span><\/em><\/p>\n<p><em><span style=\"font-size: medium;\"><span style=\"font-family: arial,helvetica,sans-serif;\"><span style=\"color: #165878;\"><strong>2n d&#8217;ESO<br \/>\n<\/strong><\/span><\/span><\/span><\/em><\/p>\n<p><em><span style=\"font-size: medium;\"><span style=\"font-family: arial,helvetica,sans-serif;\"><span style=\"color: #165878;\"><strong>3r d&#8217;ESO<br \/>\n<\/strong><\/span><\/span><\/span><\/em><\/p>\n<p><em><span style=\"font-size: medium;\"><span style=\"font-family: arial,helvetica,sans-serif;\"><span style=\"color: #165878;\"><strong>4t d&#8217;ESO<br \/>\n<\/strong><\/span><\/span><\/span><\/em><\/p>\n<\/div>\n<table style=\"width: 100%; border: 0px solid #ffffff; border-collapse: collapse;\" cellpadding=\"5\" align=\"absmiddle\">\n<tbody>\n<tr>\n<td style=\"border: 0px solid #ffffff;\" align=\"center\"><\/td>\n<td style=\"border: 0px solid #ffffff;\" align=\"center\"><\/td>\n<td style=\"border: 0px solid #ffffff;\" align=\"center\"><\/td>\n<\/tr>\n<\/tbody>\n<\/table>\n","protected":false},"excerpt":{"rendered":"<p>&nbsp;<\/p>\n<p>Qu\u00e8 fem i com ho fem?<\/p>\n<p>El Departament d&#8217;Art\u00edstic participa de la vida del centre projectant i desenvolupant els nostres llenguatges art\u00edstics propis junt amb al resta de projectes implementats al centre aix\u00ed com projectes puntuals i exclusius de cada mat\u00e8ria.<br \/>\nLes dimensions que es desenvolupen a&hellip;  <a href=\"https:\/\/agora.xtec.cat\/insllicamunt2\/departaments\/departament-artistic\/\" title=\"Read \u00c0mbit Art\u00edstic\">Llegeix m\u00e9s\u00bb<\/a><\/p>\n","protected":false},"author":1,"featured_media":0,"parent":10470,"menu_order":1,"comment_status":"closed","ping_status":"closed","template":"page-templates\/side-menu.php","meta":{"_bbp_topic_count":0,"_bbp_reply_count":0,"_bbp_total_topic_count":0,"_bbp_total_reply_count":0,"_bbp_voice_count":0,"_bbp_anonymous_reply_count":0,"_bbp_topic_count_hidden":0,"_bbp_reply_count_hidden":0,"_bbp_forum_subforum_count":0,"footnotes":""},"class_list":["post-4105","page","type-page","status-publish","hentry"],"post_mailing_queue_ids":[],"_links":{"self":[{"href":"https:\/\/agora.xtec.cat\/insllicamunt2\/wp-json\/wp\/v2\/pages\/4105","targetHints":{"allow":["GET"]}}],"collection":[{"href":"https:\/\/agora.xtec.cat\/insllicamunt2\/wp-json\/wp\/v2\/pages"}],"about":[{"href":"https:\/\/agora.xtec.cat\/insllicamunt2\/wp-json\/wp\/v2\/types\/page"}],"author":[{"embeddable":true,"href":"https:\/\/agora.xtec.cat\/insllicamunt2\/wp-json\/wp\/v2\/users\/1"}],"replies":[{"embeddable":true,"href":"https:\/\/agora.xtec.cat\/insllicamunt2\/wp-json\/wp\/v2\/comments?post=4105"}],"version-history":[{"count":3,"href":"https:\/\/agora.xtec.cat\/insllicamunt2\/wp-json\/wp\/v2\/pages\/4105\/revisions"}],"predecessor-version":[{"id":11906,"href":"https:\/\/agora.xtec.cat\/insllicamunt2\/wp-json\/wp\/v2\/pages\/4105\/revisions\/11906"}],"up":[{"embeddable":true,"href":"https:\/\/agora.xtec.cat\/insllicamunt2\/wp-json\/wp\/v2\/pages\/10470"}],"wp:attachment":[{"href":"https:\/\/agora.xtec.cat\/insllicamunt2\/wp-json\/wp\/v2\/media?parent=4105"}],"curies":[{"name":"wp","href":"https:\/\/api.w.org\/{rel}","templated":true}]}}