{"id":2871,"date":"2016-05-04T12:20:18","date_gmt":"2016-05-04T11:20:18","guid":{"rendered":"http:\/\/agora.xtec.cat\/insllicamunt2\/intraweb\/area-soc\/"},"modified":"2016-11-14T10:04:55","modified_gmt":"2016-11-14T09:04:55","slug":"area-soc","status":"publish","type":"page","link":"https:\/\/agora.xtec.cat\/insllicamunt2\/departaments\/departament-social\/area-soc\/","title":{"rendered":"\u00c0rea de Ci\u00e8ncies Socials"},"content":{"rendered":"<p>&nbsp;<\/p>\n<p align=\"justify\"><em><span style=\"font-size: medium;\"><span style=\"font-family: arial,helvetica,sans-serif;\"><span style=\"color: #165878;\"><strong>Ci\u00e8ncies Socials<\/strong><\/span><\/span><\/span><\/em><\/p>\n<p style=\"padding-left: 30px;\" align=\"justify\"><em><span style=\"font-size: medium;\"><span style=\"font-family: arial,helvetica,sans-serif;\"><span style=\"color: #165878;\">1r d&#8217;ESO<strong><br \/>\n<\/strong><\/span><\/span><\/span><\/em><\/p>\n<p style=\"padding-left: 60px; text-align: justify;\" align=\"justify\"><span style=\"font-size: medium;\"><span style=\"font-family: arial,helvetica,sans-serif;\">Les Ci\u00e8ncies Socials d&#8217;aquest curs engloben dos grans blocs. Per un cant\u00f3, tota la part de Geografia f\u00edsica (des del relleu a la meteorologia, l&#8217;estudi dels climes i la relaci\u00f3 de l&#8217;\u00e9sser hum\u00e0 amb el medi) i per altra, la part d&#8217;Hist\u00f2ria. En aquest bloc, es fa una unitat presentaci\u00f3 de l&#8217;estudi de la Hist\u00f2ria i la seva metodologia. Cronol\u00f2gicament es treballa la Prehist\u00f2ria, Egipte i Mesopot\u00e0mia i la Gr\u00e8cia\u00a0 tot fent \u00e8mfasi al concepte de simultane\u00eftat i <em>continuum<\/em> de la Hist\u00f2ria.<\/span><\/span><\/p>\n<p style=\"padding-left: 30px;\" align=\"justify\"><em><span style=\"font-size: medium;\"><span style=\"font-family: arial,helvetica,sans-serif;\"><span style=\"color: #165878;\">2n d&#8217;ESO<strong><br \/>\n<\/strong><\/span><\/span><\/span><\/em><\/p>\n<p style=\"padding-left: 60px; text-align: justify;\"><span style=\"font-size: medium;\"><span style=\"font-family: arial,helvetica,sans-serif;\">Aquest curs es reempren amb\u00a0 l&#8217;Imperi Rom\u00e0, la fragmentaci\u00f3 del m\u00f3n antic i les caracter\u00edstiques de l&#8217;Edat Mitjana. La part de Geografia se centra principalment en l&#8217;estudi de la Demografia.<br \/>\n<\/span><\/span><\/p>\n<p style=\"padding-left: 30px;\" align=\"justify\"><em><span style=\"font-size: medium;\"><span style=\"font-family: arial,helvetica,sans-serif;\"><span style=\"color: #165878;\">3r d&#8217;ESO<strong><br \/>\n<\/strong><\/span><\/span><\/span><\/em><\/p>\n<p style=\"padding-left: 60px; text-align: justify;\" align=\"justify\"><span style=\"font-size: medium;\"><span style=\"font-family: arial,helvetica,sans-serif;\">En aquest curs s&#8217;inicia treballant l&#8217;Edat Moderna i principalment \u00e9s dedica a la Geografia humana, pol\u00edtica i econ\u00f2mica fent \u00e8mfasi sobretot en el que passa a l&#8217;actualitat per analitzar i ajudar a entendre el que passa al nostre m\u00f3n.<br \/>\n<\/span><\/span><\/p>\n<p style=\"padding-left: 30px;\" align=\"justify\"><em><span style=\"font-size: medium;\"><span style=\"font-family: arial,helvetica,sans-serif;\"><span style=\"color: #165878;\">4t d&#8217;ESO<strong><br \/>\n<\/strong><\/span><\/span><\/span><\/em><\/p>\n<p style=\"padding-left: 60px; text-align: justify;\"><span style=\"font-size: medium;\"><span style=\"font-family: arial,helvetica,sans-serif;\">En aquest darrer curs, l&#8217;objectiu \u00e9s donar al nostre alumnat les claus per entendre el present. El curs comen\u00e7a repassant la Hist\u00f2ria moderna europea, passant pels principals esdeveniments del segle XIX i XX per acabar donant una visi\u00f3 del perqu\u00e8 de la Hist\u00f2ria del segle XXI.<\/span><\/span><\/p>\n<p align=\"justify\"><em><span style=\"font-size: medium;\"><span style=\"font-family: arial,helvetica,sans-serif;\"><span style=\"color: #165878;\"><strong>Hist\u00f2ria i cultura de les religions<br \/>\n<\/strong><\/span><\/span><\/span><\/em><\/p>\n<p align=\"justify\"><span style=\"font-size: medium;\"><span style=\"font-family: arial,helvetica,sans-serif;\">La mat\u00e8ria d&#8217;hist\u00f2ria i cultura de les religions, que es cursa amb car\u00e0cter voluntari, concep les creences religioses i, m\u00e9s concretament, les religions organitzades, com a components de la civilitzaci\u00f3, i les estudia a la llum de la metodologia de les ci\u00e8ncies socials. Amb aquesta mat\u00e8ria es pret\u00e9n apropar l&#8217;alumnat al coneixement de les principals religions i a la comprensi\u00f3 de la seva influ\u00e8ncia sobre la societat, la pol\u00edtica i les formes de vida dels pobles on sorgeixen i es desenvolupen. La mat\u00e8ria fa un estudi de les religions des d\u2019un enfocament confessional; per tant, no es proposa una aproximaci\u00f3 des de la viv\u00e8ncia religiosa, ni tampoc des de postures agn\u00f2stiques o atees. Aspira a mostrar a l&#8217;alumnat el pluralisme ideol\u00f2gic i religi\u00f3s del m\u00f3n en qu\u00e8 hi viu, a partir del coneixement dels trets significatius de les principals religions i la seva pres\u00e8ncia en el temps i en les societats actuals, a la vegada que d\u00f3na import\u00e0ncia a la llibertat de consci\u00e8ncia i la llibertat religiosa com a elements essencials d&#8217;un sistema de conviv\u00e8ncia. <\/span><\/span><\/p>\n<p style=\"padding-left: 30px;\" align=\"justify\"><em><span style=\"font-size: medium;\"><span style=\"font-family: arial,helvetica,sans-serif;\"><span style=\"color: #165878;\">1r d&#8217;ESO<strong><br \/>\n<\/strong><\/span><\/span><\/span><\/em><\/p>\n<p style=\"padding-left: 60px; text-align: justify;\"><span style=\"font-size: medium;\"><span style=\"font-family: arial,helvetica,sans-serif;\">L&#8217;ensenyament de la hist\u00f2ria i cultura de les religions a l&#8217;educaci\u00f3 secund\u00e0ria t\u00e9 com a objectiu el desenvolupament de les capacitats seg\u00fcents:<\/span><\/span><\/p>\n<p style=\"padding-left: 60px; text-align: justify;\"><span style=\"font-size: medium;\"><span style=\"font-family: arial,helvetica,sans-serif;\">1. Con\u00e8ixer el fet religi\u00f3s en les seves diferents manifestacions i identificar els trets b\u00e0sics de les grans religions com a mitj\u00e0 que ajudi a comprendre la pluralitat religiosa existent en la societat actual.<\/span><\/span><\/p>\n<p style=\"padding-left: 60px; text-align: justify;\"><span style=\"font-size: medium;\"><span style=\"font-family: arial,helvetica,sans-serif;\">2. Valorar el dret a la llibertat de pensament, de consci\u00e8ncia i de religi\u00f3 i manifestar actituds de respecte cap a les diverses formes de religiositat i la\u00efcisme, tot rebutjant qualsevol tipus d\u2019injust\u00edcies o discriminaci\u00f3.<\/span><\/span><\/p>\n<p style=\"padding-left: 60px; text-align: justify;\"><span style=\"font-size: medium;\"><span style=\"font-family: arial,helvetica,sans-serif;\">3. Comprendre l&#8217;origen i desenvolupament de les religions en el context pol\u00edtic,social i cultural en qu\u00e8 van sorgir i relacionar-les amb la traject\u00f2ria dels pobles que les van adoptar en les diferents facetes de la seva realitat.<\/span><\/span><\/p>\n<p style=\"padding-left: 60px; text-align: justify;\"><span style=\"font-size: medium;\"><span style=\"font-family: arial,helvetica,sans-serif;\">4. Recon\u00e8ixer que les manifestacions culturals i art\u00edstiques i les tradicions religioses s\u00f3n una part del patrimoni cultural dels pobles, assumir la responsabilitat que suposa conservar-les i valorar-les com un recurs per a l&#8217;enriquiment personal i comunitari.<\/span><\/span><\/p>\n<p style=\"padding-left: 60px; text-align: justify;\"><span style=\"font-size: medium;\"><span style=\"font-family: arial,helvetica,sans-serif;\">5. Elaborar un judici raonat en relaci\u00f3 a la influ\u00e8ncia de les religions sobre la pol\u00edtica, la societat, els costums i al moral de les persones i dels pobles.<\/span><\/span><\/p>\n<p style=\"padding-left: 60px; text-align: justify;\"><span style=\"font-size: medium;\"><span style=\"font-family: arial,helvetica,sans-serif;\">6. Afavorir la conviv\u00e8ncia i la comunicaci\u00f3 entre els individus i grups d&#8217;una societat, amb creences i pr\u00e0ctiques religioses i no religioses plurals.<\/span><\/span><\/p>\n<p style=\"padding-left: 60px; text-align: justify;\"><span style=\"font-size: medium;\"><span style=\"font-family: arial,helvetica,sans-serif;\">7. Adquirir un pensament cr\u00edtic, desenvolupar un criteri propi i habilitats per defensar les pr\u00f2pies idees, a trav\u00e9s d&#8217;una argumentaci\u00f3 documentada i raonada, aix\u00ed com valorar les raons i els arguments dels altres.<\/span><\/span><\/p>\n<p style=\"padding-left: 60px; text-align: justify;\"><span style=\"font-size: medium;\"><span style=\"font-family: arial,helvetica,sans-serif;\">8. Recon\u00e8ixer els trets i fets m\u00e9s significatius de les religions que m\u00e9s han influ\u00eft en la hist\u00f2ria i la cultura d&#8217;Espanya i Catalunya i les seves principals aportacions a l&#8217;evoluci\u00f3 pol\u00edtica, cultural i social del nostre pa\u00eds.<br \/>\n<\/span><\/span><\/p>\n<p align=\"justify\"><em><span style=\"font-size: medium;\"><span style=\"font-family: arial,helvetica,sans-serif;\"><span style=\"color: #165878;\"><strong>Educaci\u00f3 per a la Ciutadania<\/strong><\/span><\/span><\/span><\/em><\/p>\n<p align=\"justify\"><span style=\"font-size: medium;\"><span style=\"font-family: arial,helvetica,sans-serif;\">Aquesta mat\u00e8ria s&#8217;imparteix majorit\u00e0riament en angl\u00e8s, tot i que tamb\u00e9 es combina amb la llengua vehicular. Els materials treballats a l&#8217;aula es donen en catal\u00e0 i en angl\u00e8s.<br \/>\n<\/span><\/span><\/p>\n<p style=\"padding-left: 30px;\" align=\"justify\"><em><span style=\"font-size: medium;\"><span style=\"font-family: arial,helvetica,sans-serif;\"><span style=\"color: #165878;\">3r d&#8217;ESO<strong><br \/>\n<\/strong><\/span><\/span><\/span><\/em><\/p>\n<p style=\"padding-left: 60px; text-align: justify;\" align=\"justify\"><span style=\"font-size: medium;\"><span style=\"font-family: arial,helvetica,sans-serif;\">1. Con\u00e8ixer els trets propis de la moralitat humana i els conceptes b\u00e0sics de l&#8217;estructura moral dels \u00e9ssers humans, tals com els valors humans i el sentit de la responsabilitat moral.<\/span><\/span><\/p>\n<p style=\"padding-left: 60px; text-align: justify;\" align=\"justify\"><span style=\"font-size: medium;\"><span style=\"font-family: arial,helvetica,sans-serif;\">2. Con\u00e8ixer i exposar de manera adequada els principals valors treballats a classe.<\/span><\/span><\/p>\n<p style=\"padding-left: 60px; text-align: justify;\" align=\"justify\"><span style=\"font-size: medium;\"><span style=\"font-family: arial,helvetica,sans-serif;\">3. Identificar i expressar de manera fonamentada els principals conflictes morals.<br \/>\n<\/span><\/span><\/p>\n<p style=\"padding-left: 60px; text-align: justify;\" align=\"justify\"><span style=\"font-size: medium;\"><span style=\"font-family: arial,helvetica,sans-serif;\">4. Analitzar amb un ull cr\u00edtic els material \u00e0udiovisual (can\u00e7ons i pel\u2219l\u00edcules)\u00a0 treballats.<\/span><\/span><\/p>\n<p style=\"padding-left: 60px; text-align: justify;\" align=\"justify\"><span style=\"font-size: medium;\"><span style=\"font-family: arial,helvetica,sans-serif;\">5. Definir i expressar les nocions d\u2019amistat, respecte, esfor\u00e7, honestedat, etc.<\/span><\/span><\/p>\n<p style=\"padding-left: 60px; text-align: justify;\" align=\"justify\"><span style=\"font-size: medium;\"><span style=\"font-family: arial,helvetica,sans-serif;\">6. Analitzar les causes que provoquen els principals problemes de naturalesa social i pol\u00edtica del m\u00f3n actual.<\/span><\/span><\/p>\n<p style=\"padding-left: 60px; text-align: justify;\" align=\"justify\"><span style=\"font-size: medium;\"><span style=\"font-family: arial,helvetica,sans-serif;\">7. Respectar els valors de totes les persones i els pobles que formen part de les nostres vides.<\/span><\/span><\/p>\n<p style=\"padding-left: 60px; text-align: justify;\" align=\"justify\"><span style=\"font-size: medium;\"><span style=\"font-family: arial,helvetica,sans-serif;\">8. Analitzar els conflictes socials m\u00e9s rellevants dins del nostre pa\u00eds.<\/span><\/span><\/p>\n<p style=\"padding-left: 60px; text-align: justify;\" align=\"justify\"><span style=\"font-size: medium;\"><span style=\"font-family: arial,helvetica,sans-serif;\">9. Repassar la hist\u00f2ria dels valors humans universals.<\/span><\/span><\/p>\n<p style=\"padding-left: 60px; text-align: justify;\" align=\"justify\"><span style=\"font-size: medium;\"><span style=\"font-family: arial,helvetica,sans-serif;\">10. Con\u00e8ixer els proverbis i les dites dels nostres avantpassats i comparar-les amb d\u2019altres cultures.<\/span><\/span><\/p>\n<p style=\"padding-left: 60px; text-align: justify;\" align=\"justify\"><span style=\"font-size: medium;\"><span style=\"font-family: arial,helvetica,sans-serif;\">11. Seleccionar alguna faula i traduir-la a l\u2019angl\u00e8s.<\/span><\/span><\/p>\n<p style=\"padding-left: 60px; text-align: justify;\" align=\"justify\"><span style=\"font-size: medium;\"><span style=\"font-family: arial,helvetica,sans-serif;\">12. Compartir el missatge de la faula amb els companys i analitzar el seu contingut en la nostra realitat actual.<\/span><\/span><\/p>\n<p style=\"padding-left: 60px; text-align: justify;\" align=\"justify\"><span style=\"font-size: medium;\"><span style=\"font-family: arial,helvetica,sans-serif;\">13. Preparar als nostres fills per a futurs rols en la societat: els coneixements adquirits a l&#8217;escola \u00e9s nom\u00e9s un objectiu de l&#8217;educaci\u00f3. Els principals objectius de l&#8217;educaci\u00f3 ha de capacitar als estudiants a adquirir coneixements i valors morals&#8230; <\/span><\/span><\/p>\n<p align=\"justify\"><span style=\"font-size: medium;\"><span style=\"font-family: arial,helvetica,sans-serif;\">Aquesta mat\u00e8ria \u00e9s quatrimestral: Fase 1 (Input. Donar a con\u00e8ixer els valors humans m\u00e9s rellevants). Fase 2 (Output. Preparaci\u00f3 del projecte de traducci\u00f3 d&#8217;una faula).<\/span><\/span><\/p>\n<p align=\"justify\"><em><span style=\"font-size: medium;\"><span style=\"font-family: arial,helvetica,sans-serif;\"><span style=\"color: #165878;\"><strong>Educaci\u00f3 \u00e8tico-c\u00edvica<\/strong><\/span><\/span><\/span><\/em><\/p>\n<p style=\"padding-left: 30px;\" align=\"justify\"><em><span style=\"font-size: medium;\"><span style=\"font-family: arial,helvetica,sans-serif;\"><span style=\"color: #165878;\">4t d&#8217;ESO<strong><br \/>\n<\/strong><\/span><\/span><\/span><\/em><\/p>\n<p style=\"padding-left: 60px; text-align: justify;\" align=\"justify\"><span style=\"font-size: medium;\"><span style=\"font-family: arial,helvetica,sans-serif;\">1. Con\u00e8ixer els la declaraci\u00f3 universal dels drets humans i les institucions que en vetllen.<\/span><\/span><\/p>\n<p style=\"padding-left: 60px; text-align: justify;\" align=\"justify\"><span style=\"font-size: medium;\"><span style=\"font-family: arial,helvetica,sans-serif;\">2. Con\u00e8ixer la declaraci\u00f3 universal dels drets del nen i les institucions que en vetllen.<\/span><\/span><\/p>\n<p style=\"padding-left: 60px; text-align: justify;\" align=\"justify\"><span style=\"font-size: medium;\"><span style=\"font-family: arial,helvetica,sans-serif;\">3. Con\u00e8ixer la declaraci\u00f3 universal dels drets de la dona i les institucions que en vetllen.<\/span><\/span><\/p>\n<p style=\"padding-left: 60px; text-align: justify;\" align=\"justify\"><span style=\"font-size: medium;\"><span style=\"font-family: arial,helvetica,sans-serif;\">4. Reflexionar sobre els diferents articles d\u2019aquestes declaracions.<\/span><\/span><\/p>\n<p style=\"padding-left: 60px; text-align: justify;\" align=\"justify\"><span style=\"font-size: medium;\"><span style=\"font-family: arial,helvetica,sans-serif;\">5. Analitzar i investigar si tots aquests articles es duen a terme en la vida quotidiana.<\/span><\/span><\/p>\n<p style=\"padding-left: 60px; text-align: justify;\" align=\"justify\"><span style=\"font-size: medium;\"><span style=\"font-family: arial,helvetica,sans-serif;\">6. Respectar totes les persones i els pobles que formen part de les nostres vides.<\/span><\/span><\/p>\n<p style=\"padding-left: 60px; text-align: justify;\" align=\"justify\"><span style=\"font-size: medium;\"><span style=\"font-family: arial,helvetica,sans-serif;\">7. Con\u00e8ixer la realitat dels pa\u00efsos on no es respecten aquests drets.<\/span><\/span><\/p>\n<p style=\"padding-left: 60px; text-align: justify;\" align=\"justify\"><span style=\"font-size: medium;\"><span style=\"font-family: arial,helvetica,sans-serif;\">8. Participar en grups de treballs en desvelar les injust\u00edcies investigades.<\/span><\/span><\/p>\n<p style=\"padding-left: 60px; text-align: justify;\" align=\"justify\"><span style=\"font-size: medium;\"><span style=\"font-family: arial,helvetica,sans-serif;\">9. Valorar i comparar\u00acse amb aquells que no tenen els mateixos drets.<\/span><\/span><\/p>\n<p style=\"padding-left: 60px; text-align: justify;\" align=\"justify\"><span style=\"font-size: medium;\"><span style=\"font-family: arial,helvetica,sans-serif;\">10. Recon\u00e8ixer els Drets Humans com a principal refer\u00e8ncia \u00e8tica.<br \/>\n<\/span><\/span><\/p>\n<p style=\"padding-left: 60px; text-align: justify;\" align=\"justify\"><span style=\"font-size: medium;\"><span style=\"font-family: arial,helvetica,sans-serif;\">11. Con\u00e8ixer i expressar de manera correcta i raonada la noci\u00f3 de sistema democr\u00e0tic i de l&#8217;Estat drets c\u00edvics, pol\u00edtics, econ\u00f2mics, socials i culturals.<br \/>\n<\/span><\/span><\/p>\n<p style=\"padding-left: 60px; text-align: justify;\" align=\"justify\"><span style=\"font-size: medium;\"><span style=\"font-family: arial,helvetica,sans-serif;\">12. Con\u00e8ixer i expressar adequadament els principals nuclis conceptuals d&#8217;alguns sistemes \u00e8tics occidentals que m\u00e9s han contribu\u00eft al reconeixement de les llibertats i els drets de les persones a tot el m\u00f3n. <\/span><\/span><\/p>\n<p align=\"justify\"><span style=\"font-size: medium;\"><span style=\"font-family: arial,helvetica,sans-serif;\">Aquesta mat\u00e8ria \u00e9s quatrimestral: Fase 1 (Donar a con\u00e8ixer els drets humans i Nacions Unides), Fase 2 (Organismes i institucions que vetllen per aquests drets), Fase 3 (Portar a terme una investigaci\u00f3 on demostrar el compliment i\/o la violaci\u00f3 d&#8217;un dret determinat).<\/span><\/span><\/p>\n<p align=\"justify\"><em><span style=\"font-size: medium;\"><span style=\"font-family: arial,helvetica,sans-serif;\"><span style=\"color: #165878;\"><strong>Conviv\u00e8ncia<\/strong><\/span><\/span><\/span><\/em><\/p>\n<p style=\"padding-left: 30px;\" align=\"justify\"><em><span style=\"font-size: medium;\"><span style=\"font-family: arial,helvetica,sans-serif;\"><span style=\"color: #165878;\">1r d&#8217;ESO<\/span><\/span><\/span><\/em><\/p>\n<p style=\"padding-left: 60px; text-align: justify;\" align=\"justify\"><span style=\"font-size: medium;\"><span style=\"font-family: arial,helvetica,sans-serif;\">L\u2019optativa de conviv\u00e8ncia treballa els continguts necess\u00e0ris per a una bona salut mental, acceptaci\u00f3 de si mateix i dels altres. Aquests continguts es relacionen sobretot amb els conceptes d\u2019autoestima (con\u00e8ixer els seus components i les actituds que l\u2019enforteixen) i d\u2019assertivitat (estils de relaci\u00f3).<\/span><\/span><\/p>\n<p align=\"justify\"><em><span style=\"font-size: medium;\"><span style=\"font-family: arial,helvetica,sans-serif;\"><span style=\"color: #165878;\"><strong>Mediaci\u00f3<\/strong><\/span><\/span><\/span><\/em><\/p>\n<p style=\"padding-left: 30px;\" align=\"justify\"><em><span style=\"font-size: medium;\"><span style=\"font-family: arial,helvetica,sans-serif;\"><span style=\"color: #165878;\">2n d&#8217;ESO<\/span><\/span><\/span><\/em><\/p>\n<p style=\"padding-left: 60px; text-align: justify;\" align=\"justify\"><span style=\"font-size: medium;\"><span style=\"font-family: arial,helvetica,sans-serif;\">L\u2019optativa de mediaci\u00f3 pret\u00e9n introduir als alumnes en els procediments d\u2019aquesta forma de resoluci\u00f3 de conflictes. A trav\u00e9s de la t\u00e8cnica de role-playing els alumnes practiquen les habilitats de comunicaci\u00f3 necess\u00e0ries per als mediadors i simulen processos de mediaci\u00f3 a partir de cassos proposats. Caldr\u00e0 que coneguin el desenvolupament dels conflictes, saber identificar-los i con\u00e8ixer les f\u00f2rmules de resoluci\u00f3. Tamb\u00e9 ser\u00e0 necessari que dominin habilitats de comunicaci\u00f3 i apliquin les principals t\u00e8cniques d\u2019escolta activa.<\/span><\/span><\/p>\n<p align=\"justify\"><em><span style=\"font-size: medium;\"><span style=\"font-family: arial,helvetica,sans-serif;\"><span style=\"color: #165878;\"><strong>Cultura cl\u00e0ssica<br \/>\n<\/strong><\/span><\/span><\/span><\/em><\/p>\n<p style=\"padding-left: 30px;\" align=\"justify\"><em><span style=\"font-size: medium;\"><span style=\"font-family: arial,helvetica,sans-serif;\"><span style=\"color: #165878;\">3r d&#8217;ESO<\/span><\/span><\/span><\/em><\/p>\n<p style=\"padding-left: 60px; text-align: justify;\" align=\"justify\"><span style=\"font-size: medium;\"><span style=\"font-family: arial,helvetica,sans-serif;\">En aquesta mat\u00e8ria trimestral, es pret\u00e9n aportar als alumnes coneixements sobre la contribuci\u00f3 del m\u00f3n cl\u00e0ssic a la civilitzaci\u00f3 occidental en els \u00e0mbits literari, art\u00edstic, cultural i cient\u00edfic, entre d&#8217;altres, per tal que reconeguin i valorin cr\u00edticament alguns elements comuns provinents del m\u00f3n cl\u00e0ssic. Des de les refer\u00e8ncies a la nostra vida quotidiana, costums i tradicions, cuina\u2026 fins a les restes arqueol\u00f2giques que es poden trobar a la nostra comarca.<\/span><\/span><\/p>\n<p style=\"padding-left: 60px; text-align: justify;\" align=\"justify\"><span style=\"font-size: medium;\"><span style=\"font-family: arial,helvetica,sans-serif;\">Els temes que es tracten s\u00f3n:<\/span><\/span><\/p>\n<p style=\"padding-left: 90px; text-align: justify;\" align=\"justify\"><span style=\"font-size: medium;\"><span style=\"font-family: arial,helvetica,sans-serif;\">1. Qu\u00e8 \u00e9s la Cultura cl\u00e0ssica? Per a qu\u00e8 serveix?<\/span><\/span><\/p>\n<p style=\"padding-left: 90px; text-align: justify;\" align=\"justify\"><span style=\"font-size: medium;\"><span style=\"font-family: arial,helvetica,sans-serif;\">2. On? El context geogr\u00e0fic<\/span><\/span><\/p>\n<p style=\"padding-left: 90px; text-align: justify;\" align=\"justify\"><span style=\"font-size: medium;\"><span style=\"font-family: arial,helvetica,sans-serif;\">3. Mitologia<\/span><\/span><\/p>\n<p style=\"padding-left: 90px; text-align: justify;\" align=\"justify\"><span style=\"font-size: medium;\"><span style=\"font-family: arial,helvetica,sans-serif;\">4. Gr\u00e8cia i Roma al dia a dia: la vida quotidiana<\/span><\/span><\/p>\n<p style=\"padding-left: 90px; text-align: justify;\" align=\"justify\"><span style=\"font-size: medium;\"><span style=\"font-family: arial,helvetica,sans-serif;\">5. L\u2019art cl\u00e0ssic<\/span><\/span><\/p>\n<p style=\"padding-left: 90px; text-align: justify;\" align=\"justify\"><span style=\"font-size: medium;\"><span style=\"font-family: arial,helvetica,sans-serif;\">6. Roma al Vall\u00e8s Oriental<\/span><\/span><\/p>\n<p style=\"padding-left: 90px; text-align: justify;\" align=\"justify\"><span style=\"font-size: medium;\"><span style=\"font-family: arial,helvetica,sans-serif;\">7. La cultura cl\u00e0ssica avui <\/span><\/span><\/p>\n<table style=\"width: 100%; border: 0px solid #ffffff; border-collapse: collapse;\" cellpadding=\"5\" align=\"absmiddle\">\n<tbody>\n<tr>\n<td style=\"border: 0px solid #ffffff;\" align=\"center\"><img loading=\"lazy\" decoding=\"async\" src=\"http:\/\/agora.xtec.cat\/insllicamunt2\/wp-content\/uploads\/usu1100\/2016\/05\/soc1.jpg\" alt=\"\" width=\"252\" height=\"189\" \/><\/td>\n<td style=\"border: 0px solid #ffffff;\" align=\"center\"><img loading=\"lazy\" decoding=\"async\" src=\"http:\/\/agora.xtec.cat\/insllicamunt2\/wp-content\/uploads\/usu1100\/2016\/05\/soc2.jpg\" alt=\"\" width=\"252\" height=\"189\" \/><\/td>\n<td style=\"border: 0px solid #ffffff;\" align=\"center\"><img loading=\"lazy\" decoding=\"async\" src=\"http:\/\/agora.xtec.cat\/insllicamunt2\/wp-content\/uploads\/usu1100\/2016\/05\/soc3.jpg\" alt=\"\" width=\"252\" height=\"189\" \/><\/td>\n<td style=\"border: 0px solid #ffffff;\"><\/td>\n<\/tr>\n<\/tbody>\n<\/table>\n","protected":false},"excerpt":{"rendered":"<p>&nbsp;<br \/>\nCi\u00e8ncies Socials<br \/>\n1r d&#8217;ESO<\/p>\n<p>Les Ci\u00e8ncies Socials d&#8217;aquest curs engloben dos grans blocs. Per un cant\u00f3, tota la part de Geografia f\u00edsica (des del relleu a la meteorologia, l&#8217;estudi dels climes i la relaci\u00f3 de l&#8217;\u00e9sser hum\u00e0 amb el medi) i per altra, la part d&#8217;Hist\u00f2ria. En&hellip;  <a href=\"https:\/\/agora.xtec.cat\/insllicamunt2\/departaments\/departament-social\/area-soc\/\" title=\"Read \u00c0rea de Ci\u00e8ncies Socials\">Llegeix m\u00e9s\u00bb<\/a><\/p>\n","protected":false},"author":1,"featured_media":0,"parent":2846,"menu_order":1,"comment_status":"closed","ping_status":"closed","template":"page-templates\/side-menu.php","meta":{"_bbp_topic_count":0,"_bbp_reply_count":0,"_bbp_total_topic_count":0,"_bbp_total_reply_count":0,"_bbp_voice_count":0,"_bbp_anonymous_reply_count":0,"_bbp_topic_count_hidden":0,"_bbp_reply_count_hidden":0,"_bbp_forum_subforum_count":0,"footnotes":""},"class_list":["post-2871","page","type-page","status-publish","hentry"],"post_mailing_queue_ids":[],"_links":{"self":[{"href":"https:\/\/agora.xtec.cat\/insllicamunt2\/wp-json\/wp\/v2\/pages\/2871","targetHints":{"allow":["GET"]}}],"collection":[{"href":"https:\/\/agora.xtec.cat\/insllicamunt2\/wp-json\/wp\/v2\/pages"}],"about":[{"href":"https:\/\/agora.xtec.cat\/insllicamunt2\/wp-json\/wp\/v2\/types\/page"}],"author":[{"embeddable":true,"href":"https:\/\/agora.xtec.cat\/insllicamunt2\/wp-json\/wp\/v2\/users\/1"}],"replies":[{"embeddable":true,"href":"https:\/\/agora.xtec.cat\/insllicamunt2\/wp-json\/wp\/v2\/comments?post=2871"}],"version-history":[{"count":3,"href":"https:\/\/agora.xtec.cat\/insllicamunt2\/wp-json\/wp\/v2\/pages\/2871\/revisions"}],"predecessor-version":[{"id":4641,"href":"https:\/\/agora.xtec.cat\/insllicamunt2\/wp-json\/wp\/v2\/pages\/2871\/revisions\/4641"}],"up":[{"embeddable":true,"href":"https:\/\/agora.xtec.cat\/insllicamunt2\/wp-json\/wp\/v2\/pages\/2846"}],"wp:attachment":[{"href":"https:\/\/agora.xtec.cat\/insllicamunt2\/wp-json\/wp\/v2\/media?parent=2871"}],"curies":[{"name":"wp","href":"https:\/\/api.w.org\/{rel}","templated":true}]}}