{"id":2870,"date":"2016-05-04T12:20:18","date_gmt":"2016-05-04T11:20:18","guid":{"rendered":"http:\/\/agora.xtec.cat\/insllicamunt2\/intraweb\/menorca\/"},"modified":"2019-11-08T11:51:09","modified_gmt":"2019-11-08T10:51:09","slug":"menorca","status":"publish","type":"page","link":"https:\/\/agora.xtec.cat\/insllicamunt2\/viatges\/menorca\/","title":{"rendered":"Menorca"},"content":{"rendered":"<p style=\"text-align: justify;\">Els alumnes de 4t d\u2019ESO tenen la possibilitat de con\u00e8ixer l&#8217;illa de Menorca i de poder desenvolupar el seu treball de recerca a partir de l\u2019estudi sobre diferents aspectes relacionats amb l\u2019illa. Se n&#8217;estudia la geografia, la cultura, l&#8217;economia, la flora, la fauna, la llengua, l\u2019arqueologia&#8230;<\/p>\n<div style=\"text-align: justify;\" align=\"center\">\n<p align=\"justify\"><em><span style=\"font-size: medium;\"><span style=\"font-family: arial,helvetica,sans-serif;\"><span style=\"color: #165878;\"><strong>Per qu\u00e8 Menorca?<br \/>\n<\/strong><\/span><\/span><\/span><\/em><\/p>\n<p align=\"justify\"><span style=\"font-size: medium;\"><span style=\"font-family: arial,helvetica,sans-serif;\">Perqu\u00e8 \u00e9s considerada per la UNESCO Reserva de la biosfera (1993) per la concentraci\u00f3 d\u2019impressionants ecosistemes.<\/span><\/span><\/p>\n<p align=\"justify\"><span style=\"font-size: medium;\"><span style=\"font-family: arial,helvetica,sans-serif;\">Per la seva complexitat geol\u00f2gica.<\/span><\/span><\/p>\n<p align=\"justify\"><span style=\"font-size: medium;\"><span style=\"font-family: arial,helvetica,sans-serif;\">Perqu\u00e8 \u00e9s un museu a l\u2019 aire lliure.<\/span><\/span><\/p>\n<p align=\"justify\"><span style=\"font-size: medium;\"><span style=\"font-family: arial,helvetica,sans-serif;\">Perqu\u00e8 t\u00e9 el segon port natural m\u00e9s gran d&#8217;Europa.<\/span><\/span><\/p>\n<p align=\"justify\"><span style=\"font-size: medium;\"><span style=\"font-family: arial,helvetica,sans-serif;\">Perqu\u00e8 hi conflueixen mostres hist\u00f2riques de cultures diverses.<\/span><\/span><\/p>\n<p align=\"justify\"><span style=\"font-size: medium;\"><span style=\"font-family: arial,helvetica,sans-serif;\">Perqu\u00e8 hi compartim una llengua i una cultura.<\/span><\/span><\/p>\n<p align=\"justify\"><span style=\"font-size: medium;\"><span style=\"font-family: arial,helvetica,sans-serif;\">Perqu\u00e8 \u00e9s una illa tranquil\u00b7la i ofereix la possibilitat de realitzar un bon treball in situ.<\/span><\/span><\/p>\n<p align=\"justify\"><span style=\"color: #165878;\"><em><strong><span style=\"font-size: medium;\"><span style=\"font-family: arial,helvetica,sans-serif;\">Allotjament<\/span><\/span><\/strong><\/em><\/span><\/p>\n<p align=\"justify\"><span style=\"font-size: medium;\"><span style=\"font-family: arial,helvetica,sans-serif;\">Ens allotjarem a l&#8217; alberg juvenil Sa Vinyeta, situat a tan sols 10 minuts a peu de Ciutadella, en una antiga casa de pag\u00e8s del S.XVIII. Est\u00e0 format per la torre i diferents annexos de nova construcci\u00f3. Compta amb 4 habitacions amb lliteres, amb capacitat per a 6 persones, adaptades a persones amb mobilitat redu\u00efda, i 8 habitacions amb lliteres, amb capacitat per a 4 persones. Totes les habitacions disposen de bany complet. Tamb\u00e9 disposa d\u2019una sala de reuni\u00f3, una sala polivalent, un camp de futbol, servei de bar amb entrepans i begudes, etc.<\/span><\/span><\/p>\n<p>&nbsp;<\/p>\n<table style=\"width: 100%; border: 0px solid #ffffff; border-collapse: collapse;\" cellpadding=\"5\" align=\"absmiddle\">\n<tbody>\n<tr>\n<td style=\"border: 0px solid #ffffff;\" align=\"center\"><img loading=\"lazy\" decoding=\"async\" src=\"http:\/\/agora.xtec.cat\/insllicamunt2\/wp-content\/uploads\/usu1100\/2016\/05\/Menorca1.jpg\" alt=\"\" width=\"254\" height=\"190\" \/><\/td>\n<td style=\"border: 0px solid #ffffff;\" align=\"center\"><img loading=\"lazy\" decoding=\"async\" src=\"http:\/\/agora.xtec.cat\/insllicamunt2\/wp-content\/uploads\/usu1100\/2016\/05\/Menorca2.jpg\" alt=\"\" width=\"254\" height=\"190\" \/><\/td>\n<td style=\"border: 0px solid #ffffff;\" align=\"center\"><img loading=\"lazy\" decoding=\"async\" src=\"http:\/\/agora.xtec.cat\/insllicamunt2\/wp-content\/uploads\/usu1100\/2016\/05\/Menorca3.jpg\" alt=\"\" width=\"254\" height=\"190\" \/><\/td>\n<\/tr>\n<\/tbody>\n<\/table>\n<p align=\"justify\"><span style=\"font-size: medium;\"><span style=\"font-family: arial,helvetica,sans-serif;\"><span style=\"color: #165878;\"><strong><em>Dates<\/em><\/strong><\/span><\/span><\/span><\/p>\n<p align=\"justify\"><span style=\"font-size: medium;\"><span style=\"font-family: arial,helvetica,sans-serif;\">Del 8 al 12 de juny l&#8217;alumnat de viatjar\u00e0 a Menorca per treballar in situ tots els continguts apresos al llarg del curs.<br \/>\n<\/span><\/span><\/p>\n<table style=\"width: 100%; border: 0px solid #ffffff; border-collapse: collapse;\" cellpadding=\"5\" align=\"absmiddle\">\n<tbody>\n<tr>\n<td style=\"border: 0px solid #ffffff;\" align=\"center\"><img loading=\"lazy\" decoding=\"async\" src=\"http:\/\/agora.xtec.cat\/insllicamunt2\/wp-content\/uploads\/usu1100\/2016\/05\/Menorca4.jpg\" alt=\"\" width=\"254\" height=\"190\" \/><\/td>\n<td style=\"border: 0px solid #ffffff;\" align=\"center\"><img loading=\"lazy\" decoding=\"async\" src=\"http:\/\/agora.xtec.cat\/insllicamunt2\/wp-content\/uploads\/usu1100\/2016\/05\/Menorca5.jpg\" alt=\"\" width=\"254\" height=\"190\" \/><\/td>\n<td style=\"border: 0px solid #ffffff;\" align=\"center\"><img loading=\"lazy\" decoding=\"async\" src=\"http:\/\/agora.xtec.cat\/insllicamunt2\/wp-content\/uploads\/usu1100\/2016\/05\/Menorca6.jpg\" alt=\"\" width=\"254\" height=\"190\" \/><\/td>\n<\/tr>\n<\/tbody>\n<\/table>\n<p align=\"justify\"><span style=\"font-size: medium;\"><span style=\"font-family: arial,helvetica,sans-serif;\"><span style=\"color: #165878;\"><strong><em>Objectius generals<br \/>\n<\/em><\/strong><\/span><\/span><\/span><\/p>\n<ul style=\"list-style-type: circle;\">\n<li><span style=\"font-size: medium;\"><span style=\"font-family: arial,helvetica,sans-serif;\">Con\u00e8ixer i identificar els trets dialectals del catal\u00e0 parlat a Menorca per valorar, dins la diversitat, la unitat de la llengua.<\/span><\/span><\/li>\n<li><span style=\"font-size: medium;\"><span style=\"font-family: arial,helvetica,sans-serif;\">Con\u00e8ixer les personalitats menorquines que han fet hist\u00f2ria en diferents \u00e0mbits de la cultura, sobretot en el m\u00f3n de la ci\u00e8ncia, de la llengua i de la literatura.<\/span><\/span><\/li>\n<li><span style=\"font-size: medium;\"><span style=\"font-family: arial,helvetica,sans-serif;\">Estudiar l\u2019exist\u00e8ncia de diferents pobles i cultures que han dominat l\u2019illa: la cultura talai\u00f2tica, la conquesta romana, l\u2019imperi bizant\u00ed, el domini \u00e0rab, la conquesta catalana i la Menorca brit\u00e0nica.<\/span><\/span><\/li>\n<li><span style=\"font-size: medium;\"><span style=\"font-family: arial,helvetica,sans-serif;\">Con\u00e8ixer els espais naturals d\u2019 especial inter\u00e8s (ANEIS)<\/span><\/span><\/li>\n<li><span style=\"font-size: medium;\"><span style=\"font-family: arial,helvetica,sans-serif;\">Estudiar la complexitat geol\u00f2gica i la varietat de materials antics que presenta l\u2019illa.<\/span><\/span><\/li>\n<li><span style=\"font-size: medium;\"><span style=\"font-family: arial,helvetica,sans-serif;\">Con\u00e8ixer la tradici\u00f3 ramadera i la ind\u00fastria menorquina<\/span><\/span><\/li>\n<li><span style=\"font-size: medium;\"><span style=\"font-family: arial,helvetica,sans-serif;\">Identificar l\u2019estil arquitect\u00f2nic tant rural com urb\u00e0 de Menorca.<\/span><\/span><\/li>\n<li><span style=\"font-size: medium;\"><span style=\"font-family: arial,helvetica,sans-serif;\">Identificar les esp\u00e8cies end\u00e8miques de plantes i animals<\/span><\/span><\/li>\n<li><span style=\"font-size: medium;\"><span style=\"font-family: arial,helvetica,sans-serif;\">Con\u00e8ixer les festes i tradicions menorquines<\/span><\/span><\/li>\n<li><span style=\"font-size: medium;\"><span style=\"font-family: arial,helvetica,sans-serif;\">Establir lligams ling\u00fc\u00edstics i culturals amb alumnes de Menorca que apropin realitats socioling\u00fc\u00edstiques similars, per\u00f2 allunyades.<\/span><\/span><\/li>\n<li><span style=\"font-size: medium;\"><span style=\"font-family: arial,helvetica,sans-serif;\">Complir les normes de comportament establertes per a la preservaci\u00f3 del medi natural.<\/span><\/span><\/li>\n<\/ul>\n<\/div>\n<div align=\"center\">\n<p style=\"text-align: justify;\" align=\"justify\"><span style=\"font-size: medium;\"><span style=\"font-family: arial,helvetica,sans-serif;\"><span style=\"color: #165878;\"><strong><em>Objectius de l&#8217;\u00c0rea de Llengua Catalana<br \/>\n<\/em><\/strong><\/span><\/span><\/span><\/p>\n<ul style=\"list-style-type: circle;\">\n<li style=\"text-align: justify;\"><span style=\"font-size: medium;\"><span style=\"font-family: arial,helvetica,sans-serif;\">El mes de febrer els alumnes de 4t d&#8217;ESO comencen un intercanvi epistolar i virtual amb alumnes del mateix nivell educatiu de l&#8217;institut Cap de Llevant de Ma\u00f3. L&#8217;objectiu \u00e9s potenciar l&#8217;\u00fas de la llengua catalana, tot generant situacions reals de comunicaci\u00f3, i establir vincles i apropar les viv\u00e8ncies entre nois i noies que parlen una mateixa llengua.<\/span><\/span><span style=\"font-size: medium;\"><span style=\"font-family: arial,helvetica,sans-serif;\"><br \/>\n<\/span><\/span><\/li>\n<\/ul>\n<p style=\"text-align: justify;\" align=\"justify\">\n<\/div>\n<p>&nbsp;<\/p>\n","protected":false},"excerpt":{"rendered":"<p>Els alumnes de 4t d\u2019ESO tenen la possibilitat de con\u00e8ixer l&#8217;illa de Menorca i de poder desenvolupar el seu treball de recerca a partir de l\u2019estudi sobre diferents aspectes relacionats amb l\u2019illa. Se n&#8217;estudia la geografia, la cultura, l&#8217;economia, la flora, la fauna, la llengua,&hellip;  <a href=\"https:\/\/agora.xtec.cat\/insllicamunt2\/viatges\/menorca\/\" title=\"Read Menorca\">Llegeix m\u00e9s\u00bb<\/a><\/p>\n","protected":false},"author":1,"featured_media":0,"parent":10476,"menu_order":4,"comment_status":"closed","ping_status":"closed","template":"page-templates\/side-menu.php","meta":{"_bbp_topic_count":0,"_bbp_reply_count":0,"_bbp_total_topic_count":0,"_bbp_total_reply_count":0,"_bbp_voice_count":0,"_bbp_anonymous_reply_count":0,"_bbp_topic_count_hidden":0,"_bbp_reply_count_hidden":0,"_bbp_forum_subforum_count":0,"footnotes":""},"class_list":["post-2870","page","type-page","status-publish","hentry"],"post_mailing_queue_ids":[],"_links":{"self":[{"href":"https:\/\/agora.xtec.cat\/insllicamunt2\/wp-json\/wp\/v2\/pages\/2870","targetHints":{"allow":["GET"]}}],"collection":[{"href":"https:\/\/agora.xtec.cat\/insllicamunt2\/wp-json\/wp\/v2\/pages"}],"about":[{"href":"https:\/\/agora.xtec.cat\/insllicamunt2\/wp-json\/wp\/v2\/types\/page"}],"author":[{"embeddable":true,"href":"https:\/\/agora.xtec.cat\/insllicamunt2\/wp-json\/wp\/v2\/users\/1"}],"replies":[{"embeddable":true,"href":"https:\/\/agora.xtec.cat\/insllicamunt2\/wp-json\/wp\/v2\/comments?post=2870"}],"version-history":[{"count":3,"href":"https:\/\/agora.xtec.cat\/insllicamunt2\/wp-json\/wp\/v2\/pages\/2870\/revisions"}],"predecessor-version":[{"id":10652,"href":"https:\/\/agora.xtec.cat\/insllicamunt2\/wp-json\/wp\/v2\/pages\/2870\/revisions\/10652"}],"up":[{"embeddable":true,"href":"https:\/\/agora.xtec.cat\/insllicamunt2\/wp-json\/wp\/v2\/pages\/10476"}],"wp:attachment":[{"href":"https:\/\/agora.xtec.cat\/insllicamunt2\/wp-json\/wp\/v2\/media?parent=2870"}],"curies":[{"name":"wp","href":"https:\/\/api.w.org\/{rel}","templated":true}]}}