{"id":2858,"date":"2016-05-04T12:20:17","date_gmt":"2016-05-04T11:20:17","guid":{"rendered":"http:\/\/agora.xtec.cat\/insllicamunt2\/intraweb\/carcassonne\/"},"modified":"2019-11-07T08:24:56","modified_gmt":"2019-11-07T07:24:56","slug":"carcassonne","status":"publish","type":"page","link":"https:\/\/agora.xtec.cat\/insllicamunt2\/viatges\/carcassonne\/","title":{"rendered":"Sud de Fran\u00e7a"},"content":{"rendered":"<p><span style=\"font-family: arial, helvetica, sans-serif; font-size: medium; text-align: justify;\">Des de l\u2019Hip\u00e0tia d\u2019Alexandria i en el marc del Treball de S\u00edntesi de segon (TS2) s\u2019ha considerat oport\u00fa realitzar activitats relacionades amb l\u2019\u00e8poca Medieval i \u00e9s per aix\u00f2 que s\u2019ha buscat un dest\u00ed apropiat per al viatge.<\/span><\/p>\n<div align=\"center\">\n<p style=\"text-align: justify;\"><em><span style=\"font-size: medium;\"><span style=\"font-family: arial,helvetica,sans-serif;\"><span style=\"color: #165878;\"><strong>Destinataris<\/strong><\/span><\/span><\/span><\/em><\/p>\n<p style=\"text-align: justify;\"><span style=\"font-size: medium;\"><span style=\"font-family: arial,helvetica,sans-serif;\">Alumnes de 2n d&#8217;ESO<\/span><\/span><\/p>\n<p style=\"text-align: justify;\"><em><span style=\"font-size: medium;\"><span style=\"font-family: arial,helvetica,sans-serif;\"><span style=\"color: #165878;\"><strong>Dates<\/strong><\/span><\/span><\/span><\/em><\/p>\n<p style=\"text-align: justify;\"><span style=\"font-size: medium;\"><span style=\"font-family: arial,helvetica,sans-serif;\">Del 23 al 26 de mar\u00e7 de 2020<\/span><\/span><\/p>\n<p style=\"text-align: justify;\"><em><span style=\"font-size: medium;\"><span style=\"font-family: arial,helvetica,sans-serif;\"><span style=\"color: #165878;\"><strong>Localitzaci\u00f3<br \/>\n<\/strong><\/span><\/span><\/span><\/em><\/p>\n<p style=\"text-align: justify;\"><span style=\"font-size: medium;\"><span style=\"font-family: arial,helvetica,sans-serif;\">Carcassonne: visita de la <a href=\"http:\/\/www.turismocarcassonne.es\/descubrir\/carcassonne-monumental\/ciudad-medieval\">Cit\u00e9<\/a> i el Castell.<\/span><\/span><\/p>\n<\/div>\n<div style=\"text-align: justify;\" align=\"center\"><span style=\"font-size: medium;\"><span style=\"font-family: arial,helvetica,sans-serif;\">Narbonne: Visita del <a href=\"http:\/\/www.narbonne-turisme.cat\/descobrir\/la-historia\">nucli hist\u00f2ric<\/a> de la ciutat (Catedral i restes romanes)<br \/>\n<\/span><\/span><\/div>\n<div style=\"text-align: justify;\" align=\"center\"><\/div>\n<p style=\"text-align: justify;\" align=\"center\"><span style=\"font-size: medium;\"><span style=\"font-family: arial,helvetica,sans-serif;\">Cotlliure: visita de la tomba d\u2019Antonio Machado. (No est\u00e0 lligat a l\u2019entorn medieval, per\u00f2 s\u00ed amb el curr\u00edculum de Llengua i Literatura Castellana).<\/span><\/span><\/p>\n<p style=\"text-align: justify;\" align=\"center\">Toulouse: Visita a la <a href=\"http:\/\/es.cite-espace.com\/\">Cit\u00e9 de l&#8217;Espace<\/a><\/p>\n<div align=\"center\"><\/div>\n<table style=\"width: 100%; border: 0px solid #ffffff; border-collapse: collapse;\" cellpadding=\"5\" align=\"absmiddle\">\n<tbody>\n<tr>\n<td style=\"border: 0px solid #ffffff;\" align=\"center\"><img loading=\"lazy\" decoding=\"async\" src=\"http:\/\/agora.xtec.cat\/insllicamunt2\/wp-content\/uploads\/usu1100\/2016\/05\/Carcass1.jpg\" alt=\"\" width=\"252\" height=\"189\" \/><\/td>\n<td style=\"border: 0px solid #ffffff;\" align=\"center\"><img loading=\"lazy\" decoding=\"async\" src=\"http:\/\/agora.xtec.cat\/insllicamunt2\/wp-content\/uploads\/usu1100\/2016\/05\/Carcass2.jpg\" alt=\"\" width=\"252\" height=\"189\" \/><\/td>\n<td style=\"border: 0px solid #ffffff;\" align=\"center\"><img loading=\"lazy\" decoding=\"async\" src=\"http:\/\/agora.xtec.cat\/insllicamunt2\/wp-content\/uploads\/usu1100\/2016\/05\/Carcass3.jpg\" alt=\"\" width=\"252\" height=\"189\" \/><\/td>\n<\/tr>\n<\/tbody>\n<\/table>\n<p style=\"text-align: center;\"><em><span style=\"font-size: medium;\"><span style=\"font-family: arial,helvetica,sans-serif;\"><span style=\"color: #165878;\"><strong><br \/>\n<\/strong><\/span><\/span><\/span><\/em><span style=\"font-size: medium;\"><span style=\"font-family: arial,helvetica,sans-serif;\"><br \/>\n<\/span><\/span><\/p>\n<p style=\"text-align: center;\">\n","protected":false},"excerpt":{"rendered":"<p>Des de l\u2019Hip\u00e0tia d\u2019Alexandria i en el marc del Treball de S\u00edntesi de segon (TS2) s\u2019ha considerat oport\u00fa realitzar activitats relacionades amb l\u2019\u00e8poca Medieval i \u00e9s per aix\u00f2 que s\u2019ha buscat un dest\u00ed apropiat per al viatge.<\/p>\n<p>Destinataris<br \/>\nAlumnes de 2n d&#8217;ESO<br \/>\nDates<br \/>\nDel 23 al 26 de mar\u00e7&hellip;  <a href=\"https:\/\/agora.xtec.cat\/insllicamunt2\/viatges\/carcassonne\/\" title=\"Read Sud de Fran\u00e7a\">Llegeix m\u00e9s\u00bb<\/a><\/p>\n","protected":false},"author":1,"featured_media":0,"parent":10476,"menu_order":2,"comment_status":"closed","ping_status":"closed","template":"page-templates\/side-menu.php","meta":{"_bbp_topic_count":0,"_bbp_reply_count":0,"_bbp_total_topic_count":0,"_bbp_total_reply_count":0,"_bbp_voice_count":0,"_bbp_anonymous_reply_count":0,"_bbp_topic_count_hidden":0,"_bbp_reply_count_hidden":0,"_bbp_forum_subforum_count":0,"footnotes":""},"class_list":["post-2858","page","type-page","status-publish","hentry"],"post_mailing_queue_ids":[],"_links":{"self":[{"href":"https:\/\/agora.xtec.cat\/insllicamunt2\/wp-json\/wp\/v2\/pages\/2858","targetHints":{"allow":["GET"]}}],"collection":[{"href":"https:\/\/agora.xtec.cat\/insllicamunt2\/wp-json\/wp\/v2\/pages"}],"about":[{"href":"https:\/\/agora.xtec.cat\/insllicamunt2\/wp-json\/wp\/v2\/types\/page"}],"author":[{"embeddable":true,"href":"https:\/\/agora.xtec.cat\/insllicamunt2\/wp-json\/wp\/v2\/users\/1"}],"replies":[{"embeddable":true,"href":"https:\/\/agora.xtec.cat\/insllicamunt2\/wp-json\/wp\/v2\/comments?post=2858"}],"version-history":[{"count":4,"href":"https:\/\/agora.xtec.cat\/insllicamunt2\/wp-json\/wp\/v2\/pages\/2858\/revisions"}],"predecessor-version":[{"id":10647,"href":"https:\/\/agora.xtec.cat\/insllicamunt2\/wp-json\/wp\/v2\/pages\/2858\/revisions\/10647"}],"up":[{"embeddable":true,"href":"https:\/\/agora.xtec.cat\/insllicamunt2\/wp-json\/wp\/v2\/pages\/10476"}],"wp:attachment":[{"href":"https:\/\/agora.xtec.cat\/insllicamunt2\/wp-json\/wp\/v2\/media?parent=2858"}],"curies":[{"name":"wp","href":"https:\/\/api.w.org\/{rel}","templated":true}]}}