{"id":2852,"date":"2016-05-04T12:20:17","date_gmt":"2016-05-04T11:20:17","guid":{"rendered":"http:\/\/agora.xtec.cat\/insllicamunt2\/intraweb\/jornada-al-voltant-de-la-lectura\/"},"modified":"2016-05-07T07:12:54","modified_gmt":"2016-05-07T06:12:54","slug":"jornada-al-voltant-de-la-lectura","status":"publish","type":"page","link":"https:\/\/agora.xtec.cat\/insllicamunt2\/institut-hipatia-dalexandria\/jornada-al-voltant-de-la-lectura\/","title":{"rendered":"Al voltant de la lectura"},"content":{"rendered":"<p>&nbsp;<\/p>\n<div align=\"center\">\n<p style=\"text-align: justify;\"><span style=\"font-size: medium;\"><span style=\"font-family: arial,helvetica,sans-serif;\">El passat 20 de gener 2015, l&#8217;Institut Hip\u00e0tia d&#8217;Alexandria va participar a la Jornada al Voltant de la Lectura. Des de la mat\u00e8ria de llengua alemanya es va presentar una de les activitats que es fa a l&#8217;aula.<\/span><\/span><\/p>\n<p style=\"text-align: justify;\"><span style=\"font-size: medium;\"><span style=\"font-family: arial,helvetica,sans-serif;\"><img decoding=\"async\" class=\" aligncenter\" src=\"http:\/\/agora.xtec.cat\/insllicamunt2\/wp-content\/uploads\/usu1100\/2016\/05\/jornada_lectura.jpg\" alt=\"Jornada al voltant de la Lectura\" \/><\/span><\/span><\/p>\n<p style=\"text-align: justify;\"><span style=\"font-size: medium;\"><span style=\"font-family: arial,helvetica,sans-serif;\">\u00a0<\/span><\/span><\/p>\n<p style=\"text-align: justify;\"><em><span style=\"font-size: medium;\"><span style=\"font-family: arial,helvetica,sans-serif;\"><span style=\"color: #165878;\"><strong>T\u00edtol de l&#8217;experi\u00e8ncia<\/strong><\/span><\/span><\/span><span style=\"font-size: medium;\"><span style=\"font-family: arial,helvetica,sans-serif;\"><span style=\"color: #165878;\"><strong><br \/>\n<\/strong><\/span><\/span><\/span><\/em><\/p>\n<p style=\"text-align: justify;\"><span style=\"font-size: medium;\"><span style=\"font-family: arial,helvetica,sans-serif;\">&#8220;Dort, wo man B\u00fccher verbrennt, verbrennt man am Ende auch Menschen. Heinrich Heine&#8221;<\/span><\/span><\/p>\n<p style=\"text-align: justify;\"><span style=\"font-size: medium;\"><span style=\"font-family: arial,helvetica,sans-serif;\">(Donde se queman libros, se acaba quemando hombres). Heinrich Heine<\/span><\/span><\/p>\n<p style=\"text-align: justify;\"><em><span style=\"font-size: medium;\"><span style=\"font-family: arial,helvetica,sans-serif;\"><span style=\"color: #165878;\"><strong>\u00c0mbit<\/strong><\/span><\/span><\/span><span style=\"font-size: medium;\"><span style=\"font-family: arial,helvetica,sans-serif;\"><span style=\"color: #165878;\"><strong><br \/>\n<\/strong><\/span><\/span><\/span><\/em><\/p>\n<p style=\"text-align: justify;\"><span style=\"font-size: medium;\"><span style=\"font-family: arial,helvetica,sans-serif;\">El gust per la lectura, llegir per aprendre, saber llegir i lleng\u00fces estrangeres.<\/span><\/span><\/p>\n<p style=\"text-align: justify;\"><em><span style=\"font-size: medium;\"><span style=\"font-family: arial,helvetica,sans-serif;\"><span style=\"color: #165878;\"><strong>Objectius<\/strong><\/span><\/span><\/span><span style=\"font-size: medium;\"><span style=\"font-family: arial,helvetica,sans-serif;\"><span style=\"color: #165878;\"><strong><br \/>\n<\/strong><\/span><\/span><\/span><\/em><\/p>\n<ul style=\"list-style-type: circle;\">\n<li style=\"text-align: justify;\"><span style=\"font-size: medium;\"><span style=\"font-family: arial,helvetica,sans-serif;\">Integrar la lectura a l\u2019aula d\u2019una obra amb refer\u00e8ncies al moment hist\u00f2ric i cultural d\u2019un pa\u00eds, en aquest cas Alemanya.<\/span><\/span><\/li>\n<li style=\"text-align: justify;\"><span style=\"font-size: medium;\"><span style=\"font-family: arial,helvetica,sans-serif;\">Fomentar la lectura com a font de coneixement de les caracter\u00edstiques d\u2019un pa\u00eds i societat.<\/span><\/span><\/li>\n<li style=\"text-align: justify;\"><span style=\"font-size: medium;\"><span style=\"font-family: arial,helvetica,sans-serif;\">Estudiar la llengua alemanya a partir de les expressions de l\u2019obra.<\/span><\/span><\/li>\n<li style=\"text-align: justify;\"><span style=\"font-size: medium;\"><span style=\"font-family: arial,helvetica,sans-serif;\">Analitzar l\u2019obra des del punt de vista de la narrativa liter\u00e0ria.<\/span><\/span><\/li>\n<li style=\"text-align: justify;\"><span style=\"font-size: medium;\"><span style=\"font-family: arial,helvetica,sans-serif;\">Construir de forma creativa una exposici\u00f3 pl\u00e0stica i liter\u00e0ria.<\/span><\/span><\/li>\n<li style=\"text-align: justify;\"><span style=\"font-size: medium;\"><span style=\"font-family: arial,helvetica,sans-serif;\">Convidar a la lectura a potencials lectors.<\/span><\/span><\/li>\n<\/ul>\n<p><a title=\"Presentaci\u00f3\" href=\"http:\/\/issuu.com\/sseifp_mvo\/docs\/pone__nciaversio__finalhipatia\/1\" target=\"_blank\"><img decoding=\"async\" src=\"http:\/\/agora.xtec.cat\/insllicamunt2\/wp-content\/uploads\/usu1100\/2016\/05\/JornLEctura.jpg\" alt=\"Presentaci\u00f3\" \/><\/a><\/p>\n<p style=\"text-align: justify;\"><em><span style=\"font-size: medium;\"><span style=\"font-family: arial,helvetica,sans-serif;\"><span style=\"color: #165878;\"><strong>Context<\/strong><\/span><\/span><\/span><span style=\"font-size: medium;\"><span style=\"font-family: arial,helvetica,sans-serif;\"><span style=\"color: #165878;\"><strong><br \/>\n<\/strong><\/span><\/span><\/span><\/em><\/p>\n<p style=\"text-align: justify;\" align=\"justify\"><span style=\"font-size: medium;\"><span style=\"font-family: arial,helvetica,sans-serif;\">L\u2019INS Hip\u00e0tia d\u2019Alexandria ofereix la mat\u00e8ria de Llengua i Cultura Alemanya com a una optativa anual a 3r i 4t d\u2019ESO. Enguany aquesta mat\u00e8ria pret\u00e9n adherir-se de forma activa al Pla Lector de Centre. Partim de la lectura &#8220;La ladrona de libros&#8221;, ja que ofereix l\u2019oportunitat de gaudir d\u2019un text en qu\u00e8 la llengua alemanya hi \u00e9s present, de con\u00e8ixer aspectes de la seva societat en una \u00e8poca determinant per al desenvolupament d\u2019Europa i aprendre del valor de la lectura com a eina de realitzaci\u00f3 personal i dels llibres com a vehicle d\u2019expressi\u00f3 de l\u2019\u00e9sser hum\u00e0. A partir de la lectura, de les reflexions i del treball a l&#8217;aula, els alumnes hauran de fer una cerca d&#8217;informaci\u00f3 hist\u00f2rica i est\u00e8tica amb l&#8217;objectiu de relacionar els aspectes de la novel\u00b7la amb el moment que viuen els seus personatges i construir una exposici\u00f3 que convidi al p\u00fablic en general a poder participar del moment literari que ens ofereix la novel\u00b7la i que desperti l&#8217;inter\u00e9s per la lectura en general.<\/span><\/span><\/p>\n<p style=\"text-align: justify;\"><em><span style=\"font-size: medium;\"><span style=\"font-family: arial,helvetica,sans-serif;\"><span style=\"color: #165878;\"><strong>Nivells implicats<\/strong><\/span><\/span><\/span><span style=\"font-size: medium;\"><span style=\"font-family: arial,helvetica,sans-serif;\"><span style=\"color: #165878;\"><strong><br \/>\n<\/strong><\/span><\/span><\/span><\/em><\/p>\n<p style=\"text-align: justify;\"><span style=\"font-size: medium;\"><span style=\"font-family: arial,helvetica,sans-serif;\"> 3r i 4t d&#8217;ESO<\/span><\/span><\/p>\n<p style=\"text-align: center;\"><span style=\"color: #165878;\"><span style=\"font-size: 300%;\"><strong><span style=\"font-family: arial,helvetica,sans-serif; font-size: x-large;\">La ladrona de libros, de Markus Zusak<\/span><\/strong><\/span><\/span><span style=\"font-size: medium;\"><span style=\"font-family: arial,helvetica,sans-serif;\"><br \/>\n<\/span><\/span><\/p>\n<\/div>\n<table style=\"width: 100%; border: 0px solid #ffffff; border-collapse: collapse;\" cellpadding=\"5\" align=\"absmiddle\">\n<tbody>\n<tr>\n<td style=\"border: 0px solid #ffffff;\" align=\"center\"><img loading=\"lazy\" decoding=\"async\" src=\"http:\/\/agora.xtec.cat\/insllicamunt2\/wp-content\/uploads\/usu1100\/2016\/05\/ladronalibros1.jpg\" alt=\"\" width=\"189\" height=\"261\" \/><\/td>\n<td style=\"border: 0px solid #ffffff;\" align=\"center\"><img loading=\"lazy\" decoding=\"async\" src=\"http:\/\/agora.xtec.cat\/insllicamunt2\/wp-content\/uploads\/usu1100\/2016\/05\/ladronalibros2.png\" alt=\"\" width=\"189\" height=\"261\" \/><\/td>\n<td style=\"border: 0px solid #ffffff;\" align=\"center\"><img loading=\"lazy\" decoding=\"async\" src=\"http:\/\/agora.xtec.cat\/insllicamunt2\/wp-content\/uploads\/usu1100\/2016\/05\/ladronalibros3.png\" alt=\"\" width=\"189\" height=\"261\" \/><\/td>\n<\/tr>\n<\/tbody>\n<\/table>\n<p>&nbsp;<\/p>\n","protected":false},"excerpt":{"rendered":"<p>&nbsp;<\/p>\n<p>El passat 20 de gener 2015, l&#8217;Institut Hip\u00e0tia d&#8217;Alexandria va participar a la Jornada al Voltant de la Lectura. Des de la mat\u00e8ria de llengua alemanya es va presentar una de les activitats que es fa a l&#8217;aula.<\/p>\n<p>\u00a0<br \/>\nT\u00edtol de l&#8217;experi\u00e8ncia<\/p>\n<p>&#8220;Dort, wo man B\u00fccher verbrennt, verbrennt&hellip;  <a href=\"https:\/\/agora.xtec.cat\/insllicamunt2\/institut-hipatia-dalexandria\/jornada-al-voltant-de-la-lectura\/\" title=\"Read Al voltant de la lectura\">Llegeix m\u00e9s\u00bb<\/a><\/p>\n","protected":false},"author":1,"featured_media":0,"parent":2697,"menu_order":18,"comment_status":"closed","ping_status":"closed","template":"page-templates\/side-menu.php","meta":{"_bbp_topic_count":0,"_bbp_reply_count":0,"_bbp_total_topic_count":0,"_bbp_total_reply_count":0,"_bbp_voice_count":0,"_bbp_anonymous_reply_count":0,"_bbp_topic_count_hidden":0,"_bbp_reply_count_hidden":0,"_bbp_forum_subforum_count":0,"footnotes":""},"class_list":["post-2852","page","type-page","status-publish","hentry"],"post_mailing_queue_ids":[],"_links":{"self":[{"href":"https:\/\/agora.xtec.cat\/insllicamunt2\/wp-json\/wp\/v2\/pages\/2852","targetHints":{"allow":["GET"]}}],"collection":[{"href":"https:\/\/agora.xtec.cat\/insllicamunt2\/wp-json\/wp\/v2\/pages"}],"about":[{"href":"https:\/\/agora.xtec.cat\/insllicamunt2\/wp-json\/wp\/v2\/types\/page"}],"author":[{"embeddable":true,"href":"https:\/\/agora.xtec.cat\/insllicamunt2\/wp-json\/wp\/v2\/users\/1"}],"replies":[{"embeddable":true,"href":"https:\/\/agora.xtec.cat\/insllicamunt2\/wp-json\/wp\/v2\/comments?post=2852"}],"version-history":[{"count":2,"href":"https:\/\/agora.xtec.cat\/insllicamunt2\/wp-json\/wp\/v2\/pages\/2852\/revisions"}],"predecessor-version":[{"id":3192,"href":"https:\/\/agora.xtec.cat\/insllicamunt2\/wp-json\/wp\/v2\/pages\/2852\/revisions\/3192"}],"up":[{"embeddable":true,"href":"https:\/\/agora.xtec.cat\/insllicamunt2\/wp-json\/wp\/v2\/pages\/2697"}],"wp:attachment":[{"href":"https:\/\/agora.xtec.cat\/insllicamunt2\/wp-json\/wp\/v2\/media?parent=2852"}],"curies":[{"name":"wp","href":"https:\/\/api.w.org\/{rel}","templated":true}]}}