{"id":2846,"date":"2016-05-04T12:20:15","date_gmt":"2016-05-04T11:20:15","guid":{"rendered":"http:\/\/agora.xtec.cat\/insllicamunt2\/intraweb\/departament-social\/"},"modified":"2019-10-31T14:41:50","modified_gmt":"2019-10-31T13:41:50","slug":"departament-social","status":"publish","type":"page","link":"https:\/\/agora.xtec.cat\/insllicamunt2\/departaments\/departament-social\/","title":{"rendered":"\u00c0mbit Social"},"content":{"rendered":"<p>&nbsp;<\/p>\n<div align=\"center\">\n<p style=\"text-align: justify;\"><em><span style=\"font-size: medium;\"><span style=\"font-family: arial,helvetica,sans-serif;\"><span style=\"color: #165878;\"><strong>Qu\u00e8 fem i com ho fem?<br \/>\n<\/strong><\/span><\/span><\/span><\/em><\/p>\n<p style=\"text-align: justify;\"><span style=\"font-size: medium;\"><span style=\"font-family: arial,helvetica,sans-serif;\">L&#8217;\u00e0mbit Social, tot i desenvolupar el curr\u00edculum propi de cada mat\u00e8ria segons els criteris del Departament d&#8217;Educaci\u00f3, treballem la realitat m\u00e9s propera de l&#8217;alumnat partint de la seva pr\u00f2pia experi\u00e8ncia, que enriquim a trav\u00e9s de les sortides i altres experi\u00e8ncies pedag\u00f2giques. A m\u00e9s, partim del nostre entorn m\u00e9s immediat i aprofitem la relaci\u00f3 amb altres mat\u00e8ries i la participaci\u00f3 activa en els projectes singulars del centre.<\/span><\/span><\/p>\n<p style=\"text-align: justify;\"><span style=\"font-size: medium;\"><span style=\"font-family: arial,helvetica,sans-serif;\">Per aix\u00f2, l&#8217;\u00e8mfasi de les nostres mat\u00e8ries, les determinades pel Departament i les creades des de l&#8217;Hip\u00e0tia, estan encaminades a treballar de manera gradual les compet\u00e8ncies socials i ciutadanes, d&#8217;interacci\u00f3 amb el m\u00f3n f\u00edsic i art\u00edstic i cultural com a pr\u00f2pies. Totes elles claus per a ajudar al nostre alumnat a encaminar-se cap a la vida adulta d&#8217;una manera respectuosa, conscient i cr\u00edtica amb la nostra societat.<\/span><\/span><\/p>\n<p style=\"text-align: justify;\"><span style=\"font-size: medium;\"><span style=\"font-family: arial,helvetica,sans-serif;\">Pel que fa a l&#8217;aproximaci\u00f3 metodol\u00f2gica de les nostres \u00e0rees, les compet\u00e8ncies d&#8217;aprendre a aprendre, d&#8217;autonomia i iniciativa personal i el tractament de la informaci\u00f3 i compet\u00e8ncia digital s\u00f3n imprescindibles per entendre la nostra manera de treballar<\/span><\/span><span style=\"font-size: medium;\"><span style=\"font-family: arial,helvetica,sans-serif;\">.<\/span><\/span><\/p>\n<p style=\"text-align: justify;\"><em><span style=\"font-size: medium;\"><span style=\"font-family: arial,helvetica,sans-serif;\"><span style=\"color: #165878;\"><strong>Organitzaci\u00f3<\/strong><\/span><\/span><\/span><\/em><\/p>\n<p style=\"text-align: justify;\"><span style=\"font-size: medium;\"><span style=\"font-family: arial,helvetica,sans-serif;\">D&#8217;acord amb la legislaci\u00f3 vigent i en virtut del decret d&#8217;autonomia de centre, l&#8217;\u00c0mbit Social ha resolt organitzar el curr\u00edculum de la seg\u00fcent manera:<\/span><\/span><\/p>\n<p align=\"center\"><span style=\"font-size: medium;\"><span style=\"font-family: arial,helvetica,sans-serif;\"><span style=\"color: #165878;\">1r d&#8217;ESO<\/span><\/span><\/span><\/p>\n<p align=\"center\"><span style=\"font-size: medium;\"><span style=\"font-family: arial,helvetica,sans-serif;\">Ci\u00e8ncies Socials 1 (AICLE\/CLIL)<br \/>\n<\/span><\/span><\/p>\n<p align=\"center\"><span style=\"color: #165878;\"><span style=\"font-size: medium;\"><span style=\"font-family: arial,helvetica,sans-serif;\">2n d&#8217;ESO<\/span><\/span><\/span><\/p>\n<p align=\"center\"><span style=\"font-size: medium;\"><span style=\"font-family: arial,helvetica,sans-serif;\">Ci\u00e8ncies Socials 2<\/span><\/span><\/p>\n<p align=\"center\"><span style=\"color: #165878;\"><span style=\"font-size: medium;\"><span style=\"font-family: arial,helvetica,sans-serif;\">3r d&#8217;ESO<\/span><\/span><\/span><\/p>\n<p align=\"center\"><span style=\"font-size: medium;\"><span style=\"font-family: arial,helvetica,sans-serif;\">Ci\u00e8ncies Socials 3<br \/>\n<\/span><\/span><\/p>\n<p align=\"center\"><span style=\"color: #165878;\"><span style=\"font-size: medium;\"><span style=\"font-family: arial,helvetica,sans-serif;\">4t d&#8217;ESO<\/span><\/span><\/span><\/p>\n<p align=\"center\"><span style=\"font-size: medium;\"><span style=\"font-family: arial,helvetica,sans-serif;\">Ci\u00e8ncies Socials 4 (AICLE\/CLIL)<\/span><\/span><\/p>\n<p align=\"center\">Economia<\/p>\n<p align=\"center\"><span style=\"font-size: medium;\"><span style=\"font-family: arial,helvetica,sans-serif;\">\u00a0<\/span><\/span><\/p>\n<table style=\"width: 540px; border: 1px solid #ffffff; border-collapse: collapse;\" cellpadding=\"5\" align=\"absmiddle\">\n<tbody>\n<tr>\n<td style=\"border: 1px solid #ffffff;\" align=\"center\"><a title=\"\u00c0mbit Social\" href=\"http:\/\/agora.xtec.cat\/insllicamunt2\/institut-hipatia-dalexandria\/departament-social\/area-soc\/\" target=\"_blank\" rel=\"noopener noreferrer\"><img loading=\"lazy\" decoding=\"async\" src=\"http:\/\/agora.xtec.cat\/insllicamunt2\/wp-content\/uploads\/usu1100\/2016\/07\/IMG_5054.jpg\" alt=\"Socials\" width=\"140\" height=\"140\" \/><\/a><\/td>\n<td style=\"border: 1px solid #ffffff;\" align=\"center\"><a title=\"\u00c0mbit d'Orientaci\u00f3 Educativa\" href=\"http:\/\/agora.xtec.cat\/insllicamunt2\/institut-hipatia-dalexandria\/departament-social\/area-dorientacio-educativa\/\" target=\"_blank\" rel=\"noopener noreferrer\"><img loading=\"lazy\" decoding=\"async\" src=\"http:\/\/agora.xtec.cat\/insllicamunt2\/wp-content\/uploads\/usu1100\/2016\/07\/IMG_5053.jpg\" alt=\"Orientaci\u00f3 Educativa\" width=\"140\" height=\"140\" \/><\/a><\/td>\n<\/tr>\n<\/tbody>\n<\/table>\n<p style=\"text-align: justify;\"><em><span style=\"font-size: medium;\"><span style=\"font-family: arial,helvetica,sans-serif;\"><span style=\"color: #165878;\"><strong>Recursos did\u00e0ctics<br \/>\n<\/strong><\/span><\/span><\/span><\/em><\/p>\n<p><span style=\"font-size: medium;\"><span style=\"font-family: arial,helvetica,sans-serif;\">L&#8217;\u00e0mbit Social ha desenvolupat nombrosos recursos pedag\u00f2gics i participa de diversos projectes interdisciplinaris amb l&#8217;objectiu d&#8217;enriquir al m\u00e0xim el proc\u00e9s d&#8217;ensenyament &#8211; aprenentatge i garantir el millor assoliment de les compet\u00e8ncies que li s\u00f3n pr\u00f2pies.<\/span><\/span><\/p>\n<p>&nbsp;<\/p>\n<\/div>\n<div align=\"center\">\n<p><img loading=\"lazy\" decoding=\"async\" src=\"http:\/\/agora.xtec.cat\/insllicamunt2\/wp-content\/uploads\/usu1100\/2016\/05\/LogoACTI.jpg\" alt=\"\" width=\"140\" height=\"140\" \/><\/p>\n<p align=\"center\"><span style=\"font-size: medium;\"><span style=\"font-family: arial,helvetica,sans-serif;\">El Curr\u00edculum i l\u2019ensenyament &#8211; aprenentatge per compet\u00e8ncies estableix uns principis metodol\u00f2gics b\u00e0sics orientats a aconseguir que l\u2019aprenentatge de l\u2019alumne sigui significatiu (que li permeti integrar els continguts nous) i l\u2019orientaci\u00f3 cap a una actuaci\u00f3 responsable i cr\u00edtica.<\/span><\/span><\/p>\n<p align=\"center\"><span style=\"font-size: medium;\"><span style=\"font-family: arial,helvetica,sans-serif;\">Partim del coneixement de l\u2019alumnat sobre un tema o concepte determinat. A partir d\u2019aqu\u00ed cal anar \u201cconstruint\u201d coneixement tot relacionant-lo amb el que ja sap perqu\u00e8, connectant les noves idees amb les que ja tenia, es pugui avan\u00e7ar de manera que all\u00f2 que aprengui li resulti significatiu.<\/span><\/span><\/p>\n<p style=\"text-align: justify;\" align=\"center\"><span style=\"font-size: medium;\"><span style=\"font-family: arial,helvetica,sans-serif;\">Des de l&#8217;\u00c0mbit Social considerem molt important:<\/span><\/span><\/p>\n<ul>\n<li style=\"text-align: justify;\"><span style=\"font-size: medium;\"><span style=\"font-family: arial,helvetica,sans-serif;\">Connectar amb el bagatge cultural de l\u2019alumne\/a, els seus coneixements previs, les seves idees preconcebudes.<\/span><\/span><\/li>\n<\/ul>\n<ul>\n<li style=\"text-align: justify;\"><span style=\"font-size: medium;\"><span style=\"font-family: arial,helvetica,sans-serif;\">Adequar el material did\u00e0ctic al nivell educatiu en el que estem, ordenat de forma progressiva, motivadora i atraient, i tamb\u00e9, sempre que sigui possible es pren com a punt de partida l\u2019entorn de l\u2019alumne\/a. <\/span><\/span><\/li>\n<\/ul>\n<p><em><span style=\"font-size: medium;\"><span style=\"font-family: arial,helvetica,sans-serif;\"><span style=\"color: #165878;\"><strong>El proc\u00e9s d&#8217;ensenyament &#8211; aprenentatge<br \/>\n<\/strong><\/span><\/span><\/span><\/em><\/p>\n<p><span style=\"font-size: medium;\"><span style=\"font-family: arial,helvetica,sans-serif;\">Aix\u00ed doncs, i en conson\u00e0ncia amb la l\u00ednia marcada pel Curr\u00edculum i l\u2019opci\u00f3 metodol\u00f2gica escollida, s\u2019utilitza el tipus d\u2019activitat m\u00e9s adient a cada moment del proc\u00e9s d\u2019aprenentatge, ja sigui de detecci\u00f3 de coneixements previs, el treball de nous continguts o l\u2019aplicaci\u00f3 pr\u00e0ctica d\u2019aquests. Per tant, es preveuen els seg\u00fcents tipus d\u2019activitats d\u2019ensenyament-aprenentatge i avaluaci\u00f3 a realitzar per tal d\u2019aconseguir el treball de les compet\u00e8ncies a trav\u00e9s de la mat\u00e8ria:<\/span><\/span><\/p>\n<ul>\n<li style=\"text-align: justify;\"><span style=\"font-size: medium;\"><span style=\"font-family: arial,helvetica,sans-serif;\"><strong>Activitats d\u2019exploraci\u00f3<\/strong> per detectar els coneixements previs. Es seleccionen aquells conceptes que es creuen imprescindibles i que l\u2019alumnat ha de tenir per poder assimilar el nou aprenentatge. Molt sovint podem trobar conceptes no assolits en la seva totalitat o conceptes erronis que s\u2019hauran de treballar.<\/span><\/span><\/li>\n<\/ul>\n<p style=\"text-align: justify;\"><span style=\"font-size: medium;\"><span style=\"font-family: arial,helvetica,sans-serif;\">Les activitats per detectar coneixements previs es poden plantejar individualment, en petit grup o per tota la classe. S&#8217;utilitzen recursos que plantegin discordances a l\u2019hora de la posada en com\u00fa amb l&#8217;objectiu de fomentar el debat i la participaci\u00f3. <\/span><\/span><\/p>\n<ul>\n<li style=\"text-align: justify;\"><span style=\"font-size: medium;\"><span style=\"font-family: arial,helvetica,sans-serif;\"><strong>Activitats d\u2019introducci\u00f3.<\/strong> Sovint es relacionen amb les anteriors ja que un mateix exercici permet detectar i introduir-presentar noves idees\/coneixement. Segons el tema, i la Unitat Did\u00e0ctica, aquestes tenen entitat pr\u00f2pia. Aquestes activitats permeten comunicar els objectius d\u2019aprenentatge, i compartir els criteris d\u2019avaluaci\u00f3 amb els\/les alumnes de manera expl\u00edcita. A m\u00e9s, \u00e9s el moment de connectar els coneixements previs amb els continguts a aprendre.<\/span><\/span><\/li>\n<\/ul>\n<ul>\n<li style=\"text-align: justify;\"><span style=\"font-size: medium;\"><span style=\"font-family: arial,helvetica,sans-serif;\"><strong>Activitats d\u2019estructuraci\u00f3<\/strong>: s\u00f3n aquelles activitats d\u2019ensenyament-aprenentatge que estan destinades a \u201cestructurar\u201d i per tant, explicar i consolidar els conceptes propis de la unitat.<\/span><\/span><\/li>\n<\/ul>\n<p style=\"text-align: justify;\"><span style=\"font-size: medium;\"><span style=\"font-family: arial,helvetica,sans-serif;\">S\u2019utilitzen diverses fonts i suports inform\u00e0tics: el llibre digital de Vicens Vives, textos de diferents tipologies, v\u00eddeos, imatges, fotografies&#8230; seleccionades pel professorat i generalment compartit al curs <em>moodle<\/em> o <em>classroom<\/em> de cada nivell.<\/span><\/span><\/p>\n<p style=\"text-align: justify;\"><span style=\"font-size: medium;\"><span style=\"font-family: arial,helvetica,sans-serif;\">Posteriorment se seleccionen aquelles activitats que mantinguin una seq\u00fcenciaci\u00f3 i nivell de dificultat progressiu amb l\u2019objectiu d\u2019intentar que l\u2019alumne\/a avanci en el proc\u00e9s d\u2019aprenentatge: a partir del m\u00e9s simple i concret es va cap al m\u00e9s complex i abstracte, seguint les fases que tenen en compte la l\u00f2gica de qui apr\u00e8n.<\/span><\/span><\/p>\n<p style=\"text-align: justify;\"><span style=\"font-size: medium;\"><span style=\"font-family: arial,helvetica,sans-serif;\">Sovint fa falta introduir activitats externes al llibre per fer que aquest proc\u00e9s d\u2019aprenentatge sigui m\u00e9s guiat i utilitzar les eines digitals (sempre d\u2019una forma molt guiada) com una eina m\u00e9s dins d\u2019aquest proc\u00e9s.<\/span><\/span><\/p>\n<ul>\n<li style=\"text-align: justify;\"><span style=\"font-size: medium;\"><span style=\"font-family: arial,helvetica,sans-serif;\"><strong>Activitats d\u2019ampliaci\u00f3\/refor\u00e7<\/strong>. Aquestes es realitzen en aquells casos i ocasions que es creguin oportunes, ja sigui per la rellev\u00e0ncia dels temes treballats o, en el cas de les activitats d\u2019ampliaci\u00f3, perqu\u00e8 despertin i\/o resolguin l\u2019inter\u00e8s de l\u2019alumnat.<\/span><\/span><\/li>\n<\/ul>\n<p style=\"text-align: justify;\"><span style=\"font-size: medium;\"><span style=\"font-family: arial,helvetica,sans-serif;\">Les activitats de refor\u00e7 s\u2019orienten a aconseguir les compet\u00e8ncies imprescindibles al nivell m\u00e9s proper possible a l\u2019alumne\/a. Es busca sempre que l\u2019alumne\/a arribi als m\u00ednims necessaris per poder seguir la marxa normal de la classe i li sigui el menys negativa possible. Es pot recomanar tamb\u00e9 el treball de determinades activitats interactives.<\/span><\/span><\/p>\n<p style=\"text-align: justify;\"><span style=\"font-size: medium;\"><span style=\"font-family: arial,helvetica,sans-serif;\">Les activitats d\u2019ampliaci\u00f3, en canvi, poden estar plantejades per fer-se fora de l\u2019aula, individualment o, preferentment, en grup utilitzant les TIC.<\/span><\/span><\/p>\n<p style=\"text-align: justify;\"><span style=\"font-size: medium;\"><span style=\"font-family: arial,helvetica,sans-serif;\">Aix\u00ed doncs, de manera volunt\u00e0ria en alguns casos, i m\u00e9s for\u00e7ada en altres, l\u2019alumnat haur\u00e0 de fer recerca i ampliaci\u00f3 de conceptes claus o b\u00e9 informacions, exemples&#8230; del que es va treballant, i en alguns casos s\u2019exposar\u00e0 oralment a la classe. Per aix\u00f2, molt sovint, els primers minuts de cada sessi\u00f3 es destinaran a aclarir punts que, o b\u00e9 no hagin quedat clars, o b\u00e9 s\u2019hagin decidit ampliar. D\u2019aquesta manera, l\u2019alumnat recorrer\u00e0 a l\u2019\u00fas, per exemple, d\u2019internet i pautarem la recerca de manera individual. Tamb\u00e9 es recomana al llarg del curs algunes adreces web de refer\u00e8ncia i activitats interactives de suport.<\/span><\/span><\/p>\n<ul>\n<li style=\"text-align: justify;\"><span style=\"font-size: medium;\"><span style=\"font-family: arial,helvetica,sans-serif;\"><strong>Activitats d\u2019aplicaci\u00f3.<\/strong> \u00c9s el moment d\u2019aplicar all\u00f2 que sap en un context diferent d\u2019on s\u2019ha apr\u00e8s. Per aix\u00f2, les activitats d\u2019aplicaci\u00f3 s\u00f3n la millor manera de posar en pr\u00e0ctica el treball d\u2019algunes Compet\u00e8ncies B\u00e0siques. Es consideren especialment interessants els treballs amb informaci\u00f3 a diferents escales, que promouen, a la vegada, el treball interdisciplinar i permeten l\u2019adquisici\u00f3 d\u2019una visi\u00f3 multicausal dels fen\u00f2mens hist\u00f2rics i geogr\u00e0fics.<br \/>\n<\/span><\/span><\/li>\n<\/ul>\n<\/div>\n<table style=\"width: 100%; border: 0px solid #ffffff; border-collapse: collapse;\" cellpadding=\"5\" align=\"absmiddle\">\n<tbody>\n<tr>\n<td style=\"border: 0px solid #ffffff;\" align=\"center\"><img loading=\"lazy\" decoding=\"async\" src=\"http:\/\/agora.xtec.cat\/insllicamunt2\/wp-content\/uploads\/usu1100\/2016\/05\/Socact1.jpg\" alt=\"\" width=\"252\" height=\"189\" \/><\/td>\n<td style=\"border: 0px solid #ffffff;\" align=\"center\"><img loading=\"lazy\" decoding=\"async\" src=\"http:\/\/agora.xtec.cat\/insllicamunt2\/wp-content\/uploads\/usu1100\/2016\/05\/Socact2.jpg\" alt=\"\" width=\"252\" height=\"189\" \/><\/td>\n<td style=\"border: 0px solid #ffffff;\" align=\"center\"><img loading=\"lazy\" decoding=\"async\" src=\"http:\/\/agora.xtec.cat\/insllicamunt2\/wp-content\/uploads\/usu1100\/2016\/05\/Socact3.jpg\" alt=\"\" width=\"252\" height=\"189\" \/><\/td>\n<\/tr>\n<\/tbody>\n<\/table>\n<p>&nbsp;<\/p>\n<div align=\"center\">\n<p><img loading=\"lazy\" decoding=\"async\" src=\"http:\/\/agora.xtec.cat\/insllicamunt2\/wp-content\/uploads\/usu1100\/2016\/05\/LogoPROJ.jpg\" alt=\"\" width=\"140\" height=\"140\" \/><\/p>\n<p align=\"center\"><span style=\"font-size: medium;\"><span style=\"font-family: arial,helvetica,sans-serif;\">Per la singularitat del Departament Social i d&#8217;Expressi\u00f3, els projectes sorgits des de les diferents \u00e0rees s\u00f3n molt diversos:<br \/>\n<\/span><\/span><\/p>\n<p><em><span style=\"font-size: medium;\"><span style=\"font-family: arial,helvetica,sans-serif;\"><span style=\"color: #165878;\"><strong>Projectes propis<br \/>\n<\/strong><\/span><\/span><\/span><\/em><\/p>\n<p><em>Edat Mijtana\u00a0<\/em><\/p>\n<p><span style=\"font-size: medium;\"><span style=\"font-family: arial,helvetica,sans-serif;\"><em>Mobile History Maps<\/em><br \/>\n<\/span><\/span><\/p>\n<p><span style=\"font-size: medium;\"><span style=\"font-family: arial,helvetica,sans-serif;\">Treballem l&#8217;art del segle XIX i XX en angl\u00e8s (<em>Let&#8217;s Enjoy Art<\/em>)<br \/>\n<\/span><\/span><\/p>\n<p>Metodologia AICLE\/CLIL a Ci\u00e8ncies\u00a0Socials 4t (<em>Victorian Times<\/em>, <em>World Conflicts<\/em> &amp; <em>Let&#8217;s Enjoy Art<\/em>)<\/p>\n<p><span style=\"font-size: medium;\"><span style=\"font-family: arial,helvetica,sans-serif;\">Mem\u00f2ria oral de 4t<br \/>\n<\/span><\/span><\/p>\n<p>Apadrinem el riu Tenes<\/p>\n<p>Projecte TAS<\/p>\n<p>Projecte Prehist\u00f2ria<\/p>\n<p>Projecte Drets Humans<\/p>\n<p>&nbsp;<\/p>\n<p><em><span style=\"font-size: medium;\"><span style=\"font-family: arial,helvetica,sans-serif;\"><span style=\"color: #165878;\"><strong>Participaci\u00f3 en projectes interdisciplinars<br \/>\n<\/strong><\/span><\/span><\/span><\/em><\/p>\n<p><span style=\"font-size: medium;\"><span style=\"font-family: arial,helvetica,sans-serif;\">Projecte pluriling\u00fce<br \/>\n<\/span><\/span><\/p>\n<p><span style=\"font-size: medium;\"><span style=\"font-family: arial,helvetica,sans-serif;\">Projecte de recerca de 4t (Menorca)<br \/>\n<\/span><\/span><\/p>\n<p><span style=\"font-size: medium;\"><span style=\"font-family: arial,helvetica,sans-serif;\">Cicle de confer\u00e8ncies<br \/>\n<\/span><\/span><\/p>\n<p><span style=\"font-size: medium;\"><span style=\"font-family: arial,helvetica,sans-serif;\">Actuacions pels actes del centre per Nadal i Sant Jordi<span style=\"font-size: medium;\"><span style=\"font-family: arial,helvetica,sans-serif;\"><br \/>\n<\/span><\/span><br style=\"font-family: arial,helvetica,sans-serif;\" \/><\/span><\/span><\/p>\n<p>&nbsp;<\/p>\n<p><em><span style=\"font-size: medium;\"><span style=\"font-family: arial,helvetica,sans-serif;\"><span style=\"color: #165878;\"><strong>Projectes de centre<br \/>\n<\/strong><\/span><\/span><\/span><\/em><\/p>\n<p><span style=\"font-size: medium;\"><span style=\"font-family: arial,helvetica,sans-serif;\">Apadrinem el riu Tenes<\/span><\/span><\/p>\n<p><span style=\"font-size: medium;\"><span style=\"font-family: arial,helvetica,sans-serif;\">Els Dimarts Oberts<br \/>\n<\/span><\/span><\/p>\n<p>&nbsp;<\/p>\n<\/div>\n<table style=\"width: 100%; border: 0px solid #ffffff; border-collapse: collapse;\" cellpadding=\"5\" align=\"absmiddle\">\n<tbody>\n<tr>\n<td style=\"border: 0px solid #ffffff;\" align=\"center\"><img loading=\"lazy\" decoding=\"async\" src=\"http:\/\/agora.xtec.cat\/insllicamunt2\/wp-content\/uploads\/usu1100\/2016\/05\/socproj1.jpg\" alt=\"\" width=\"252\" height=\"189\" \/><\/td>\n<td style=\"border: 0px solid #ffffff;\" align=\"center\"><img loading=\"lazy\" decoding=\"async\" src=\"http:\/\/agora.xtec.cat\/insllicamunt2\/wp-content\/uploads\/usu1100\/2016\/05\/socproj2.jpg\" alt=\"\" width=\"252\" height=\"189\" \/><\/td>\n<td style=\"border: 0px solid #ffffff;\" align=\"center\"><img loading=\"lazy\" decoding=\"async\" src=\"http:\/\/agora.xtec.cat\/insllicamunt2\/wp-content\/uploads\/usu1100\/2016\/05\/socproj3.jpg\" alt=\"\" width=\"252\" height=\"189\" \/><\/td>\n<\/tr>\n<\/tbody>\n<\/table>\n<p>&nbsp;<\/p>\n<div align=\"center\">\n<p><img loading=\"lazy\" decoding=\"async\" src=\"http:\/\/agora.xtec.cat\/insllicamunt2\/wp-content\/uploads\/usu1100\/2016\/05\/LogoSORT.jpg\" alt=\"\" width=\"140\" height=\"140\" \/><\/p>\n<p align=\"center\"><span style=\"font-size: medium;\"><span style=\"font-family: arial,helvetica,sans-serif;\">Des del Departament Social es d\u00f3na un pes especial a les sortides de car\u00e0cter pedag\u00f2gic. Tot i que intentem adaptar-nos al context actual i sent conscients de les despeses que generen altres sortides emmarcades dins els projectes de centre.<br \/>\n<\/span><\/span><\/p>\n<p><em><span style=\"font-size: medium;\"><span style=\"font-family: arial,helvetica,sans-serif;\"><span style=\"color: #165878;\"><strong>1r d&#8217;ESO<br \/>\n<\/strong><\/span><\/span><\/span><\/em><\/p>\n<p>Camp d&#8217;aprenentatge de la Noguera (Sant Lloren\u00e7 de Montgai)- 3 dies<\/p>\n<p><br style=\"font-family: arial,helvetica,sans-serif;\" \/><em><span style=\"font-size: medium;\"><span style=\"font-family: arial,helvetica,sans-serif;\"><span style=\"color: #165878;\"><strong>2n d&#8217;ESO<br \/>\n<\/strong><\/span><\/span><\/span><\/em><\/p>\n<p><span style=\"font-size: medium;\"><span style=\"font-family: arial,helvetica,sans-serif;\">Tarraco<br \/>\n<\/span><\/span><\/p>\n<p><span style=\"font-size: medium;\"><span style=\"font-family: arial,helvetica,sans-serif;\">Vic Medieval<\/span><\/span><\/p>\n<p><span style=\"font-size: medium;\"><span style=\"font-family: arial,helvetica,sans-serif;\">Sud de Fran\u00e7a: Carcassonne i Narbonne (viatge estudis de 2n)<\/span><\/span><\/p>\n<p>&nbsp;<\/p>\n<p><em><span style=\"font-size: medium;\"><span style=\"font-family: arial,helvetica,sans-serif;\"><span style=\"color: #165878;\"><strong>3r d&#8217;ESO<br \/>\n<\/strong><\/span><\/span><\/span><\/em><\/p>\n<p><span style=\"font-size: medium;\"><span style=\"font-family: arial,helvetica,sans-serif;\">Visita Ind\u00fastria Local<br \/>\n<\/span><\/span><\/p>\n<p>&nbsp;<\/p>\n<p><em><span style=\"font-size: medium;\"><span style=\"font-family: arial,helvetica,sans-serif;\"><span style=\"color: #165878;\"><strong>4t d&#8217;ESO<br \/>\n<\/strong><\/span><\/span><\/span><\/em><\/p>\n<p>Col\u00f2nia Vidal (Puig-Reig, Bergued\u00e0)<\/p>\n<p><span style=\"font-size: medium;\"><span style=\"font-family: arial,helvetica,sans-serif;\">Camp d&#8217;aviaci\u00f3 de Rosanes i refugis de la Guerra Civil Espanyola<br \/>\n<\/span><\/span><\/p>\n<\/div>\n<table style=\"width: 100%; border: 0px solid #ffffff; border-collapse: collapse;\" cellpadding=\"5\" align=\"absmiddle\">\n<tbody>\n<tr>\n<td style=\"border: 0px solid #ffffff;\" align=\"center\"><img loading=\"lazy\" decoding=\"async\" src=\"http:\/\/agora.xtec.cat\/insllicamunt2\/wp-content\/uploads\/usu1100\/2016\/05\/socsort1.jpg\" alt=\"\" width=\"252\" height=\"189\" \/><\/td>\n<td style=\"border: 0px solid #ffffff;\" align=\"center\"><img loading=\"lazy\" decoding=\"async\" src=\"http:\/\/agora.xtec.cat\/insllicamunt2\/wp-content\/uploads\/usu1100\/2016\/05\/socsort2.jpg\" alt=\"\" width=\"252\" height=\"189\" \/><\/td>\n<td style=\"border: 0px solid #ffffff;\" align=\"center\"><img loading=\"lazy\" decoding=\"async\" src=\"http:\/\/agora.xtec.cat\/insllicamunt2\/wp-content\/uploads\/usu1100\/2016\/05\/socsort3.jpg\" alt=\"\" width=\"252\" height=\"189\" \/><\/td>\n<\/tr>\n<\/tbody>\n<\/table>\n","protected":false},"excerpt":{"rendered":"<p>&nbsp;<\/p>\n<p>Qu\u00e8 fem i com ho fem?<\/p>\n<p>L&#8217;\u00e0mbit Social, tot i desenvolupar el curr\u00edculum propi de cada mat\u00e8ria segons els criteris del Departament d&#8217;Educaci\u00f3, treballem la realitat m\u00e9s propera de l&#8217;alumnat partint de la seva pr\u00f2pia experi\u00e8ncia, que enriquim a trav\u00e9s de les sortides i altres experi\u00e8ncies&hellip;  <a href=\"https:\/\/agora.xtec.cat\/insllicamunt2\/departaments\/departament-social\/\" title=\"Read \u00c0mbit Social\">Llegeix m\u00e9s\u00bb<\/a><\/p>\n","protected":false},"author":1,"featured_media":0,"parent":10470,"menu_order":4,"comment_status":"closed","ping_status":"closed","template":"page-templates\/side-menu.php","meta":{"_bbp_topic_count":0,"_bbp_reply_count":0,"_bbp_total_topic_count":0,"_bbp_total_reply_count":0,"_bbp_voice_count":0,"_bbp_anonymous_reply_count":0,"_bbp_topic_count_hidden":0,"_bbp_reply_count_hidden":0,"_bbp_forum_subforum_count":0,"footnotes":""},"class_list":["post-2846","page","type-page","status-publish","hentry"],"post_mailing_queue_ids":[],"_links":{"self":[{"href":"https:\/\/agora.xtec.cat\/insllicamunt2\/wp-json\/wp\/v2\/pages\/2846","targetHints":{"allow":["GET"]}}],"collection":[{"href":"https:\/\/agora.xtec.cat\/insllicamunt2\/wp-json\/wp\/v2\/pages"}],"about":[{"href":"https:\/\/agora.xtec.cat\/insllicamunt2\/wp-json\/wp\/v2\/types\/page"}],"author":[{"embeddable":true,"href":"https:\/\/agora.xtec.cat\/insllicamunt2\/wp-json\/wp\/v2\/users\/1"}],"replies":[{"embeddable":true,"href":"https:\/\/agora.xtec.cat\/insllicamunt2\/wp-json\/wp\/v2\/comments?post=2846"}],"version-history":[{"count":4,"href":"https:\/\/agora.xtec.cat\/insllicamunt2\/wp-json\/wp\/v2\/pages\/2846\/revisions"}],"predecessor-version":[{"id":10519,"href":"https:\/\/agora.xtec.cat\/insllicamunt2\/wp-json\/wp\/v2\/pages\/2846\/revisions\/10519"}],"up":[{"embeddable":true,"href":"https:\/\/agora.xtec.cat\/insllicamunt2\/wp-json\/wp\/v2\/pages\/10470"}],"wp:attachment":[{"href":"https:\/\/agora.xtec.cat\/insllicamunt2\/wp-json\/wp\/v2\/media?parent=2846"}],"curies":[{"name":"wp","href":"https:\/\/api.w.org\/{rel}","templated":true}]}}