{"id":2834,"date":"2016-05-04T12:20:14","date_gmt":"2016-05-04T11:20:14","guid":{"rendered":"http:\/\/agora.xtec.cat\/insllicamunt2\/intraweb\/area-alem\/"},"modified":"2016-05-10T07:12:48","modified_gmt":"2016-05-10T06:12:48","slug":"area-alem","status":"publish","type":"page","link":"https:\/\/agora.xtec.cat\/insllicamunt2\/departaments\/departament-linguistic\/area-alem\/","title":{"rendered":"\u00c0rea de Llengua Alemanya"},"content":{"rendered":"<p>&nbsp;<\/p>\n<p style=\"text-align: justify;\"><span style=\"font-size: medium;\"><span style=\"font-family: arial,helvetica,sans-serif;\">La mat\u00e8ria d\u2019alemany s\u2019ofereix com a optativa per als cursos de 3r i 4t.<\/span><\/span><\/p>\n<p style=\"text-align: justify;\"><span style=\"font-size: medium;\"><span style=\"font-family: arial,helvetica,sans-serif;\">Es tracta d\u2019una optativa anual, la qual cosa ens permet aprofundir en aspectes rellevants per a l\u2019aprenentatge d\u2019una llengua.<\/span><\/span><\/p>\n<p style=\"text-align: justify;\"><span style=\"font-size: medium;\"><span style=\"font-family: arial,helvetica,sans-serif;\"> L\u2019objectiu d\u2019aquesta mat\u00e8ria \u00e9s per una banda oferir a l\u2019alumnat un primer contacte amb la llengua alemanya i assolir uns coneixements b\u00e0sics (A1) i per una altra introduir-los en una cultura nova, per\u00f2 propera.<\/span><\/span><\/p>\n<p style=\"text-align: center;\"><span style=\"font-size: medium;\"><span style=\"font-family: arial,helvetica,sans-serif;\"><img decoding=\"async\" src=\"http:\/\/agora.xtec.cat\/insllicamunt2\/wp-content\/uploads\/usu1100\/2016\/05\/LLENANG0.jpg\" alt=\"\" border=\"0\" \/><\/span><\/span><\/p>\n<p style=\"text-align: justify;\"><span style=\"font-size: medium;\"><span style=\"font-family: arial,helvetica,sans-serif;\">Des de la mat\u00e8ria es treballen, doncs, aspectes ling\u00fc\u00edstics, culturals i literaris, i es pret\u00e9n despertar en l\u2019alumnat la curiositat de seguir en l\u2019aprenentatge de la llengua en un futur, aix\u00ed com fomentar en ells la necessitat de visitar i, per qu\u00e8 no, de formar-se en altres pa\u00efsos europeus.<\/span><\/span><\/p>\n<table style=\"width: 100%; border: 0px solid #ffffff; border-collapse: collapse;\" cellpadding=\"5\" align=\"absmiddle\">\n<tbody>\n<tr>\n<td style=\"border: 0px solid #ffffff;\" align=\"center\"><img loading=\"lazy\" decoding=\"async\" src=\"http:\/\/agora.xtec.cat\/insllicamunt2\/wp-content\/uploads\/usu1100\/2016\/05\/Alemany1.jpg\" alt=\"\" width=\"250\" height=\"188\" \/><\/td>\n<td style=\"border: 0px solid #ffffff;\" align=\"center\"><img loading=\"lazy\" decoding=\"async\" src=\"http:\/\/agora.xtec.cat\/insllicamunt2\/wp-content\/uploads\/usu1100\/2016\/05\/Alemany2.jpg\" alt=\"\" width=\"250\" height=\"188\" \/><\/td>\n<td style=\"border: 0px solid #ffffff;\" align=\"center\"><img loading=\"lazy\" decoding=\"async\" src=\"http:\/\/agora.xtec.cat\/insllicamunt2\/wp-content\/uploads\/usu1100\/2016\/05\/Alemany3.jpg\" alt=\"\" width=\"250\" height=\"188\" \/><\/td>\n<\/tr>\n<\/tbody>\n<\/table>\n","protected":false},"excerpt":{"rendered":"<p>&nbsp;<br \/>\nLa mat\u00e8ria d\u2019alemany s\u2019ofereix com a optativa per als cursos de 3r i 4t.<br \/>\nEs tracta d\u2019una optativa anual, la qual cosa ens permet aprofundir en aspectes rellevants per a l\u2019aprenentatge d\u2019una llengua.<br \/>\n L\u2019objectiu d\u2019aquesta mat\u00e8ria \u00e9s per una banda oferir a l\u2019alumnat un primer contacte&hellip;  <a href=\"https:\/\/agora.xtec.cat\/insllicamunt2\/departaments\/departament-linguistic\/area-alem\/\" title=\"Read \u00c0rea de Llengua Alemanya\">Llegeix m\u00e9s\u00bb<\/a><\/p>\n","protected":false},"author":1,"featured_media":0,"parent":2843,"menu_order":2,"comment_status":"closed","ping_status":"closed","template":"page-templates\/side-menu.php","meta":{"_bbp_topic_count":0,"_bbp_reply_count":0,"_bbp_total_topic_count":0,"_bbp_total_reply_count":0,"_bbp_voice_count":0,"_bbp_anonymous_reply_count":0,"_bbp_topic_count_hidden":0,"_bbp_reply_count_hidden":0,"_bbp_forum_subforum_count":0,"footnotes":""},"class_list":["post-2834","page","type-page","status-publish","hentry"],"post_mailing_queue_ids":[],"_links":{"self":[{"href":"https:\/\/agora.xtec.cat\/insllicamunt2\/wp-json\/wp\/v2\/pages\/2834","targetHints":{"allow":["GET"]}}],"collection":[{"href":"https:\/\/agora.xtec.cat\/insllicamunt2\/wp-json\/wp\/v2\/pages"}],"about":[{"href":"https:\/\/agora.xtec.cat\/insllicamunt2\/wp-json\/wp\/v2\/types\/page"}],"author":[{"embeddable":true,"href":"https:\/\/agora.xtec.cat\/insllicamunt2\/wp-json\/wp\/v2\/users\/1"}],"replies":[{"embeddable":true,"href":"https:\/\/agora.xtec.cat\/insllicamunt2\/wp-json\/wp\/v2\/comments?post=2834"}],"version-history":[{"count":3,"href":"https:\/\/agora.xtec.cat\/insllicamunt2\/wp-json\/wp\/v2\/pages\/2834\/revisions"}],"predecessor-version":[{"id":3346,"href":"https:\/\/agora.xtec.cat\/insllicamunt2\/wp-json\/wp\/v2\/pages\/2834\/revisions\/3346"}],"up":[{"embeddable":true,"href":"https:\/\/agora.xtec.cat\/insllicamunt2\/wp-json\/wp\/v2\/pages\/2843"}],"wp:attachment":[{"href":"https:\/\/agora.xtec.cat\/insllicamunt2\/wp-json\/wp\/v2\/media?parent=2834"}],"curies":[{"name":"wp","href":"https:\/\/api.w.org\/{rel}","templated":true}]}}