{"id":2825,"date":"2016-05-04T12:20:13","date_gmt":"2016-05-04T11:20:13","guid":{"rendered":"http:\/\/agora.xtec.cat\/insllicamunt2\/intraweb\/area-vip\/"},"modified":"2016-07-04T07:37:05","modified_gmt":"2016-07-04T05:37:05","slug":"area-vip","status":"publish","type":"page","link":"https:\/\/agora.xtec.cat\/insllicamunt2\/departaments\/departament-artistic\/area-vip\/","title":{"rendered":"\u00c0rea de Visual i Pl\u00e0stica"},"content":{"rendered":"<p>&nbsp;<\/p>\n<p style=\"text-align: justify;\" align=\"center\"><span style=\"font-size: medium;\"><span style=\"font-family: arial,helvetica,sans-serif;\">La Pl\u00e0stica \u00e9s una forma de coneixement que permet desenvolupar estrat\u00e8gies per articular la intel\u00b7lig\u00e8ncia i la sensibilitat. \u00c9s una eina capa\u00e7 de generar l&#8217;adquisici\u00f3 de nous aprenentatges, d&#8217;enriquir la nostra capacitat de comunicar-nos i expressar-nos, i d&#8217;ampliar la nostra manera de veure i interpretar el m\u00f3n.<\/span><\/span><\/p>\n<p style=\"text-align: justify;\" align=\"center\"><span style=\"font-size: medium;\"><span style=\"font-family: arial,helvetica,sans-serif;\">El llenguatge pl\u00e0stic permet treballar i potenciar les tres grans capacitats que ens ajuden a desenvolupar el pensament:<\/span><\/span><\/p>\n<ul>\n<li><span style=\"font-size: medium;\"><span style=\"font-family: arial,helvetica,sans-serif;\">La capacitat de <strong>percebre<\/strong> i <strong>veure<\/strong> les formes visuals de l&#8217;entorn, natural i urb\u00e0, i en l&#8217;Art. \u00c9s la dimensi\u00f3 cr\u00edtica.<br \/>\n<\/span><\/span><\/li>\n<li><span style=\"font-size: medium;\"><span style=\"font-family: arial,helvetica,sans-serif;\">La capacitat de <strong>fer<\/strong> i <strong>crear<\/strong>: \u00e9s la dimensi\u00f3 productiva.<\/span><\/span><\/li>\n<li><span style=\"font-size: medium;\"><span style=\"font-family: arial,helvetica,sans-serif;\">La capacitat de <strong>comprendre<\/strong> les imatges visuals i de l&#8217;Art: \u00e9s la dimensi\u00f3 cultural.<\/span><\/span><\/li>\n<\/ul>\n<p><span style=\"font-size: medium;\"><span style=\"font-family: arial,helvetica,sans-serif;\">De forma transversal a aquestes capacitats, estem potenciant el treball d&#8217;h\u00e0bits, normes i valors:<\/span><\/span><\/p>\n<ul>\n<li><span style=\"font-size: medium;\"><span style=\"font-family: arial,helvetica,sans-serif;\">H\u00e0bits d&#8217;higiene, d&#8217;organitzaci\u00f3, d&#8217;autonomia&#8230;<\/span><\/span><\/li>\n<li><span style=\"font-size: medium;\"><span style=\"font-family: arial,helvetica,sans-serif;\">Capacitat d&#8217;observaci\u00f3, de saber veure, entendre, seleccionar i elaborar pensament.<\/span><\/span><\/li>\n<li><span style=\"font-size: medium;\"><span style=\"font-family: arial,helvetica,sans-serif;\">Esperit cr\u00edtic, saber opinar i avaluar per a poder actuar en conseq\u00fc\u00e8ncia.<\/span><\/span><\/li>\n<li><span style=\"font-size: medium;\"><span style=\"font-family: arial,helvetica,sans-serif;\">Capacitat per desenvolupar la imaginaci\u00f3, la creativitat, la innovaci\u00f3, per aportar noves solucions a les dificultats.<\/span><\/span><\/li>\n<li><span style=\"font-size: medium;\"><span style=\"font-family: arial,helvetica,sans-serif;\">Sensibilitat envers els companys i l&#8217;entorn.<\/span><\/span><\/li>\n<li><span style=\"font-size: medium;\"><span style=\"font-family: arial,helvetica,sans-serif;\">Mentalitat oberta, adaptable als canvis i tolerant.<\/span><\/span><\/li>\n<\/ul>\n<p style=\"text-align: justify; padding-left: 30px;\" align=\"justify\">\n<p style=\"text-align: justify; padding-left: 30px;\" align=\"justify\"><em><span style=\"font-size: medium;\"><span style=\"font-family: arial,helvetica,sans-serif;\"><span style=\"color: #165878;\"><strong>Continguts de l&#8217;\u00e0rea<br \/>\n<\/strong><\/span><\/span><\/span><\/em><\/p>\n<p style=\"padding-left: 30px; text-align: justify;\" align=\"justify\"><span style=\"font-size: medium;\"><span style=\"font-family: arial,helvetica,sans-serif;\">La pl\u00e0stica \u00e9s un llenguatge, una forma d&#8217;expressi\u00f3 que, com a tal, t\u00e9 una <em>gram\u00e0tica visual<\/em> formada per l&#8217;alfabet visual, que est\u00e0 compost pels elements del llenguatge visual: el punt, la l\u00ednia, el pla, la textura, el color, el volum i la forma; i la <em>sintaxi visual<\/em>, que s\u00f3n les maneres de combinar les lletres de l&#8217;alfabet visual: mesura, proporci\u00f3, agrupament, estructura, harmonia, contrast, direcci\u00f3, moviment, ritme, equilibri, simetria, asimetria, etc.<br \/>\n<\/span><\/span><\/p>\n<p style=\"padding-left: 30px; text-align: justify;\" align=\"justify\"><span style=\"font-size: medium;\"><span style=\"font-family: arial,helvetica,sans-serif;\">En l&#8217;etapa de l&#8217;Educaci\u00f3 Secund\u00e0ria Obligat\u00f2ria, la majoria dels continguts de l&#8217;\u00c0rea de Visual i Pl\u00e0stica giren entorn a aquests elements del llenguatge visual i a la seva sintaxi:<\/span><\/span><\/p>\n<p style=\"padding-left: 30px;\" align=\"justify\"><em><span style=\"font-size: medium;\"><span style=\"font-family: arial,helvetica,sans-serif;\"><span style=\"color: #165878;\"><strong>2n d&#8217;ESO<br \/>\n<\/strong><\/span><\/span><\/span><\/em><\/p>\n<p style=\"padding-left: 60px;\" align=\"justify\"><span style=\"font-family: arial,helvetica,sans-serif; font-size: medium;\">1. El llenguatge visual<br \/>\n<\/span><\/p>\n<p style=\"padding-left: 60px;\" align=\"justify\"><span style=\"font-family: arial,helvetica,sans-serif; font-size: medium;\">2. El llenguatge del Dibuix T\u00e8cnic<br \/>\n<\/span><\/p>\n<p style=\"padding-left: 60px;\" align=\"justify\"><span style=\"font-family: arial,helvetica,sans-serif; font-size: medium;\">3. L&#8217;exploraci\u00f3 visual de l&#8217;entorn<br \/>\n<\/span><\/p>\n<p style=\"padding-left: 60px;\" align=\"justify\"><span style=\"font-family: arial,helvetica,sans-serif; font-size: medium;\">4. La representaci\u00f3 de l&#8217;espai<br \/>\n<\/span><\/p>\n<p style=\"padding-left: 60px;\" align=\"justify\"><span style=\"font-family: arial,helvetica,sans-serif; font-size: medium;\">5. La composici\u00f3 bidimensional<br \/>\n<\/span><\/p>\n<p style=\"padding-left: 60px;\" align=\"justify\"><span style=\"font-family: arial,helvetica,sans-serif; font-size: medium;\">6. La creaci\u00f3 en volum<\/span><\/p>\n<p style=\"padding-left: 60px;\" align=\"justify\"><span style=\"font-family: arial,helvetica,sans-serif; font-size: medium;\">7. La relaci\u00f3 entre el pla i el volum<\/span><\/p>\n<p style=\"padding-left: 60px;\" align=\"justify\"><span style=\"font-family: arial,helvetica,sans-serif; font-size: medium;\">8. Imatge i tecnologia<\/span><\/p>\n<p style=\"padding-left: 30px;\" align=\"justify\"><em><span style=\"font-size: medium;\"><span style=\"font-family: arial,helvetica,sans-serif;\"><span style=\"color: #165878;\"><strong>3r d&#8217;ESO<br \/>\n<\/strong><\/span><\/span><\/span><\/em><\/p>\n<p style=\"padding-left: 60px;\" align=\"justify\"><span style=\"font-family: arial,helvetica,sans-serif; font-size: medium;\">1. La geometria plana<br \/>\n<\/span><\/p>\n<p style=\"padding-left: 60px;\" align=\"justify\"><span style=\"font-family: arial,helvetica,sans-serif; font-size: medium;\">2. Els sistemes de representaci\u00f3<br \/>\n<\/span><\/p>\n<p style=\"padding-left: 60px;\" align=\"justify\"><span style=\"font-family: arial,helvetica,sans-serif; font-size: medium;\">3. Els elements de la composici\u00f3<br \/>\n<\/span><\/p>\n<p style=\"padding-left: 60px;\" align=\"justify\"><span style=\"font-family: arial,helvetica,sans-serif; font-size: medium;\">4. La comunicaci\u00f3 visual<br \/>\n<\/span><\/p>\n<p style=\"padding-left: 60px;\" align=\"justify\"><span style=\"font-family: arial,helvetica,sans-serif; font-size: medium;\">5. L&#8217;art despr\u00e9s de la fotografia<br \/>\n<\/span><\/p>\n<p style=\"padding-left: 30px;\" align=\"justify\"><em><span style=\"font-size: medium;\"><span style=\"font-family: arial,helvetica,sans-serif;\"><span style=\"color: #165878;\"><strong>4t d&#8217;ESO<\/strong><\/span><\/span><\/span><\/em><\/p>\n<p style=\"padding-left: 30px;\" align=\"justify\"><span style=\"font-size: medium;\"><span style=\"font-family: arial,helvetica,sans-serif;\">Aquesta mat\u00e8ria optativa ofereix als alumnes d&#8217;ESO que manifesten una inclinaci\u00f3 cap als cicles formatius uns continguts pr\u00e0ctics de dibuix t\u00e8cnic que puguin ser emprats a la nova etapa de formaci\u00f3 professional que estan a punt de comen\u00e7ar.<br \/>\n<\/span><\/span><\/p>\n<p style=\"padding-left: 30px;\" align=\"justify\"><span style=\"font-size: medium;\"><span style=\"font-family: arial,helvetica,sans-serif;\">Els continguts es basen en una introducci\u00f3 al dibuix t\u00e8cnic, amb la m\u00ednima teoria possible de cara a una immediata aplicaci\u00f3 pr\u00e0ctica en diversos projectes de disseny industrial i gr\u00e0fic.<\/span><\/span><\/p>\n<p style=\"padding-left: 30px;\" align=\"justify\"><span style=\"font-size: medium;\"><span style=\"font-family: arial,helvetica,sans-serif;\">L&#8217;alumnat apren el vocabulari b\u00e0sic elemental, i els fonaments geom\u00e8trics dels sistemes de representaci\u00f3 t\u00e8cnics m\u00e9s utilitzats en els diferents camps professionals.<\/span><\/span><\/p>\n<p style=\"padding-left: 30px;\" align=\"justify\"><span style=\"font-size: medium;\"><span style=\"font-family: arial,helvetica,sans-serif;\">S&#8217;incideix tamb\u00e9 en l&#8217;\u00fas correcte de les eines i en la capacitat de crear nous productes de disseny aplicant els conceptes apresos.<\/span><\/span><\/p>\n<p style=\"padding-left: 30px;\" align=\"justify\"><span style=\"font-size: medium;\"><span style=\"font-family: arial,helvetica,sans-serif;\">La mat\u00e8ria es divideix en tres blocs:<\/span><\/span><\/p>\n<p style=\"padding-left: 60px;\" align=\"justify\"><em><span style=\"font-size: medium;\"><span style=\"font-family: arial,helvetica,sans-serif;\"><span style=\"color: #165878;\"><strong>Geometria plana<br \/>\n<\/strong><\/span><\/span><\/span><\/em><\/p>\n<p style=\"padding-left: 60px;\" align=\"justify\"><span style=\"font-family: arial,helvetica,sans-serif; font-size: medium;\">1. Presentaci\u00f3 del curs<br \/>\n<\/span><\/p>\n<p style=\"padding-left: 60px;\" align=\"justify\"><span style=\"font-family: arial,helvetica,sans-serif; font-size: medium;\">2. Dibuix t\u00e8cnic, eines i materials<br \/>\n<\/span><\/p>\n<p style=\"padding-left: 60px;\" align=\"justify\"><span style=\"font-family: arial,helvetica,sans-serif; font-size: medium;\">3. Elements geom\u00e8trics fonamentals. Pol\u00edgons<br \/>\n<\/span><\/p>\n<p style=\"padding-left: 60px;\" align=\"justify\"><span style=\"font-family: arial,helvetica,sans-serif; font-size: medium;\">4. Igualtat, equival\u00e8ncia, semblan\u00e7a<br \/>\n<\/span><\/p>\n<p style=\"padding-left: 60px;\" align=\"justify\"><span style=\"font-family: arial,helvetica,sans-serif; font-size: medium;\">5. Tang\u00e8ncies<br \/>\n<\/span><\/p>\n<p style=\"padding-left: 60px;\" align=\"justify\"><span style=\"font-family: arial,helvetica,sans-serif; font-size: medium;\">6. Corbes t\u00e8cniques i c\u00f2niques<\/span><\/p>\n<p style=\"padding-left: 60px;\" align=\"justify\"><em><span style=\"font-size: medium;\"><span style=\"font-family: arial,helvetica,sans-serif;\"><span style=\"color: #165878;\"><strong>Geometria descriptiva<br \/>\n<\/strong><\/span><\/span><\/span><\/em><\/p>\n<p style=\"padding-left: 60px;\" align=\"justify\"><span style=\"font-family: arial,helvetica,sans-serif; font-size: medium;\">7. Fonaments dels sistemes de representaci\u00f3<br \/>\n<\/span><\/p>\n<p style=\"padding-left: 60px;\" align=\"justify\"><span style=\"font-family: arial,helvetica,sans-serif; font-size: medium;\">8. Sistemes di\u00e8dric i axonom\u00e8tric. Vistes di\u00e8driques<br \/>\n<\/span><\/p>\n<p style=\"padding-left: 60px;\" align=\"justify\"><span style=\"font-family: arial,helvetica,sans-serif; font-size: medium;\">9. Sistema c\u00f2nic<br \/>\n<\/span><\/p>\n<p style=\"padding-left: 60px;\" align=\"justify\"><em><span style=\"font-size: medium;\"><span style=\"font-family: arial,helvetica,sans-serif;\"><span style=\"color: #165878;\"><strong>Normalitzaci\u00f3<\/strong><\/span><\/span><\/span><\/em><\/p>\n<p style=\"padding-left: 60px;\" align=\"justify\"><span style=\"font-family: arial,helvetica,sans-serif; font-size: medium;\">10. Normalitzaci\u00f3 i aplicacions<\/span><\/p>\n<table style=\"width: 100%; border: 0px solid #ffffff; border-collapse: collapse;\" cellpadding=\"5\" align=\"absmiddle\">\n<tbody>\n<tr>\n<td style=\"border: 0px solid #ffffff;\" align=\"center\"><img loading=\"lazy\" decoding=\"async\" src=\"http:\/\/agora.xtec.cat\/insllicamunt2\/wp-content\/uploads\/usu1100\/2016\/05\/VPfoto1.jpeg\" alt=\"\" width=\"270\" height=\"184\" \/><\/td>\n<td style=\"border: 0px solid #ffffff;\" align=\"center\"><img loading=\"lazy\" decoding=\"async\" src=\"http:\/\/agora.xtec.cat\/insllicamunt2\/wp-content\/uploads\/usu1100\/2016\/05\/VPfoto2.jpeg\" alt=\"\" width=\"270\" height=\"184\" \/><\/td>\n<td style=\"border: 0px solid #ffffff;\" align=\"center\"><img loading=\"lazy\" decoding=\"async\" src=\"http:\/\/agora.xtec.cat\/insllicamunt2\/wp-content\/uploads\/usu1100\/2016\/05\/VPfoto3.jpeg\" alt=\"\" width=\"270\" height=\"184\" \/><\/td>\n<\/tr>\n<\/tbody>\n<\/table>\n<p align=\"justify\">\n","protected":false},"excerpt":{"rendered":"<p>&nbsp;<br \/>\nLa Pl\u00e0stica \u00e9s una forma de coneixement que permet desenvolupar estrat\u00e8gies per articular la intel\u00b7lig\u00e8ncia i la sensibilitat. \u00c9s una eina capa\u00e7 de generar l&#8217;adquisici\u00f3 de nous aprenentatges, d&#8217;enriquir la nostra capacitat de comunicar-nos i expressar-nos, i d&#8217;ampliar la nostra manera de veure i interpretar&hellip;  <a href=\"https:\/\/agora.xtec.cat\/insllicamunt2\/departaments\/departament-artistic\/area-vip\/\" title=\"Read \u00c0rea de Visual i Pl\u00e0stica\">Llegeix m\u00e9s\u00bb<\/a><\/p>\n","protected":false},"author":1,"featured_media":0,"parent":4105,"menu_order":6,"comment_status":"closed","ping_status":"closed","template":"page-templates\/side-menu.php","meta":{"_bbp_topic_count":0,"_bbp_reply_count":0,"_bbp_total_topic_count":0,"_bbp_total_reply_count":0,"_bbp_voice_count":0,"_bbp_anonymous_reply_count":0,"_bbp_topic_count_hidden":0,"_bbp_reply_count_hidden":0,"_bbp_forum_subforum_count":0,"footnotes":""},"class_list":["post-2825","page","type-page","status-publish","hentry"],"post_mailing_queue_ids":[],"_links":{"self":[{"href":"https:\/\/agora.xtec.cat\/insllicamunt2\/wp-json\/wp\/v2\/pages\/2825","targetHints":{"allow":["GET"]}}],"collection":[{"href":"https:\/\/agora.xtec.cat\/insllicamunt2\/wp-json\/wp\/v2\/pages"}],"about":[{"href":"https:\/\/agora.xtec.cat\/insllicamunt2\/wp-json\/wp\/v2\/types\/page"}],"author":[{"embeddable":true,"href":"https:\/\/agora.xtec.cat\/insllicamunt2\/wp-json\/wp\/v2\/users\/1"}],"replies":[{"embeddable":true,"href":"https:\/\/agora.xtec.cat\/insllicamunt2\/wp-json\/wp\/v2\/comments?post=2825"}],"version-history":[{"count":3,"href":"https:\/\/agora.xtec.cat\/insllicamunt2\/wp-json\/wp\/v2\/pages\/2825\/revisions"}],"predecessor-version":[{"id":3137,"href":"https:\/\/agora.xtec.cat\/insllicamunt2\/wp-json\/wp\/v2\/pages\/2825\/revisions\/3137"}],"up":[{"embeddable":true,"href":"https:\/\/agora.xtec.cat\/insllicamunt2\/wp-json\/wp\/v2\/pages\/4105"}],"wp:attachment":[{"href":"https:\/\/agora.xtec.cat\/insllicamunt2\/wp-json\/wp\/v2\/media?parent=2825"}],"curies":[{"name":"wp","href":"https:\/\/api.w.org\/{rel}","templated":true}]}}