{"id":2800,"date":"2016-05-04T12:20:06","date_gmt":"2016-05-04T11:20:06","guid":{"rendered":"http:\/\/agora.xtec.cat\/insllicamunt2\/intraweb\/area-biogeo\/"},"modified":"2017-02-10T08:26:23","modified_gmt":"2017-02-10T07:26:23","slug":"area-biogeo","status":"publish","type":"page","link":"https:\/\/agora.xtec.cat\/insllicamunt2\/departaments\/departament-de-ciencies\/area-biogeo\/","title":{"rendered":"\u00c0rea de Biologia i Geologia"},"content":{"rendered":"<p>&nbsp;<\/p>\n<p style=\"text-align: justify;\" align=\"center\"><span style=\"font-size: medium;\"><span style=\"font-family: arial,helvetica,sans-serif;\">Les mat\u00e8ries pr\u00f2pies de l&#8217;\u00c0rea de Biologia i Geologia es cursen a 1r, 3r i 4t d&#8217;ESO.<\/span><\/span><\/p>\n<p style=\"text-align: justify;\" align=\"center\"><span style=\"font-size: medium;\"><span style=\"font-family: arial,helvetica,sans-serif;\">Els continguts s\u00f3n els seg\u00fcents:<br \/>\n<\/span><\/span><\/p>\n<p align=\"justify\"><em><span style=\"font-size: medium;\"><span style=\"font-family: arial,helvetica,sans-serif;\"><span style=\"color: #165878;\"><strong>1r d&#8217;ESO<br \/>\n<\/strong><\/span><\/span><\/span><\/em><\/p>\n<p align=\"justify\"><span style=\"font-size: medium;\"><span style=\"font-family: arial,helvetica,sans-serif;\">Al primer curs al bloc de geologia s&#8217;introdueix a l&#8217;alumne en el coneixement del seu entorn f\u00edsic (l&#8217;univers, les capes de la Terra) i en la seva evoluci\u00f3 (processos geol\u00f2gics). Al bloc de biologia l&#8217;alumne assoleix els coneixements generals que li permeten entendre la diversitat biol\u00f2gica dels 5 regnes d&#8217;\u00e9ssers vius:<br \/>\n<\/span><\/span><\/p>\n<p style=\"padding-left: 30px;\" align=\"justify\"><em><span style=\"font-size: medium;\"><span style=\"font-family: arial,helvetica,sans-serif;\"><span style=\"color: #165878;\"><strong>Bloc de Geologia<\/strong><\/span><\/span><\/span><\/em><\/p>\n<p style=\"padding-left: 60px;\" align=\"justify\"><span style=\"font-family: arial,helvetica,sans-serif; font-size: medium;\">1. L&#8217;univers i el Sistema Solar<br \/>\n<\/span><\/p>\n<p style=\"padding-left: 60px;\" align=\"justify\"><span style=\"font-family: arial,helvetica,sans-serif; font-size: medium;\">2. L&#8217;Atmosfera<\/span><\/p>\n<p style=\"padding-left: 60px;\" align=\"justify\"><span style=\"font-family: arial,helvetica,sans-serif; font-size: medium;\">3. La Hidrosfera<br \/>\n<\/span><\/p>\n<p style=\"padding-left: 60px;\" align=\"justify\"><span style=\"font-family: arial,helvetica,sans-serif; font-size: medium;\">4. La Geosfera<br \/>\n<\/span><\/p>\n<p style=\"padding-left: 60px;\" align=\"justify\"><span style=\"font-family: arial,helvetica,sans-serif; font-size: medium;\">5. Processos geol\u00f2gics<br \/>\n<\/span><\/p>\n<p style=\"padding-left: 30px;\" align=\"justify\"><em><span style=\"font-size: medium;\"><span style=\"font-family: arial,helvetica,sans-serif;\"><span style=\"color: #165878;\"><strong>Bloc de Biologia<\/strong><\/span><\/span><\/span><\/em><\/p>\n<p style=\"padding-left: 60px;\" align=\"justify\"><span style=\"font-family: arial,helvetica,sans-serif; font-size: medium;\">6. Els \u00e9ssers vius<br \/>\n<\/span><\/p>\n<p style=\"padding-left: 60px;\" align=\"justify\"><span style=\"font-family: arial,helvetica,sans-serif; font-size: medium;\">7. Regne Monera: bacteris<\/span><\/p>\n<p style=\"padding-left: 60px;\" align=\"justify\"><span style=\"font-family: arial,helvetica,sans-serif; font-size: medium;\">8. Regne Protoctista: protozous i algues<\/span><\/p>\n<p style=\"padding-left: 60px;\" align=\"justify\"><span style=\"font-family: arial,helvetica,sans-serif; font-size: medium;\">9. Regne Fungii: fongs i l\u00edquens<\/span><\/p>\n<p style=\"padding-left: 60px;\" align=\"justify\"><span style=\"font-family: arial,helvetica,sans-serif; font-size: medium;\">10. Regne Planta (1): molses i falgueres<\/span><\/p>\n<p style=\"padding-left: 60px;\" align=\"justify\"><span style=\"font-family: arial,helvetica,sans-serif; font-size: medium;\">11. Regne Planta (2): gimnospermes i angiospermes<\/span><\/p>\n<p style=\"padding-left: 60px;\" align=\"justify\"><span style=\"font-family: arial,helvetica,sans-serif; font-size: medium;\">12. Regne Animalia (1): invertebrats<\/span><\/p>\n<p style=\"padding-left: 60px;\" align=\"justify\"><span style=\"font-family: arial,helvetica,sans-serif; font-size: medium;\">13. Regne Animalia (2): peixos, amfibis i r\u00e8ptils<\/span><\/p>\n<p style=\"padding-left: 60px;\" align=\"justify\"><span style=\"font-family: arial,helvetica,sans-serif; font-size: medium;\">14. Regne Animalia (3): aus i mam\u00edfers<br \/>\n<\/span><\/p>\n<p align=\"justify\"><span style=\"font-size: medium;\"><span style=\"font-family: arial,helvetica,sans-serif;\">A m\u00e9s, es realitzen 14 pr\u00e0ctiques de laboratori (una per a cada unitat did\u00e0ctica) i 3 treballs trimestrals (d&#8217;astronomia (es visita l&#8217;Agrupaci\u00f3 Astron\u00f2mica de Sabadell), de bot\u00e0nica (es confecciona un herbari) i de zoologia (es visita el Parc Zool\u00f2gic de Barcelona).<\/span><\/span><\/p>\n<table style=\"width: 100%; border: 0px solid #ffffff; border-collapse: collapse;\" cellpadding=\"5\" align=\"absmiddle\">\n<tbody>\n<tr>\n<td style=\"border: 0px solid #ffffff;\" align=\"center\"><a href=\"http:\/\/agora.xtec.cat\/insllicamunt2\/wp-content\/uploads\/usu1100\/2016\/05\/BGfoto1.jpeg\"><img loading=\"lazy\" decoding=\"async\" class=\"aligncenter size-full wp-image-3096\" src=\"http:\/\/agora.xtec.cat\/insllicamunt2\/wp-content\/uploads\/usu1100\/2016\/05\/BGfoto1.jpeg\" alt=\"BGfoto1\" width=\"250\" height=\"188\" srcset=\"https:\/\/agora.xtec.cat\/insllicamunt2\/wp-content\/uploads\/usu1100\/2016\/05\/BGfoto1.jpeg 250w, https:\/\/agora.xtec.cat\/insllicamunt2\/wp-content\/uploads\/usu1100\/2016\/05\/BGfoto1-200x150.jpeg 200w\" sizes=\"auto, (max-width: 250px) 100vw, 250px\" \/><\/a><\/td>\n<td style=\"border: 0px solid #ffffff;\" align=\"center\"><a href=\"http:\/\/agora.xtec.cat\/insllicamunt2\/wp-content\/uploads\/usu1100\/2016\/05\/BGfoto2.jpeg\"><img loading=\"lazy\" decoding=\"async\" class=\"aligncenter size-full wp-image-3097\" src=\"http:\/\/agora.xtec.cat\/insllicamunt2\/wp-content\/uploads\/usu1100\/2016\/05\/BGfoto2.jpeg\" alt=\"BGfoto2\" width=\"250\" height=\"188\" srcset=\"https:\/\/agora.xtec.cat\/insllicamunt2\/wp-content\/uploads\/usu1100\/2016\/05\/BGfoto2.jpeg 250w, https:\/\/agora.xtec.cat\/insllicamunt2\/wp-content\/uploads\/usu1100\/2016\/05\/BGfoto2-200x150.jpeg 200w\" sizes=\"auto, (max-width: 250px) 100vw, 250px\" \/><\/a><\/td>\n<td style=\"border: 0px solid #ffffff;\" align=\"center\"><a href=\"http:\/\/agora.xtec.cat\/insllicamunt2\/wp-content\/uploads\/usu1100\/2016\/05\/BGfoto3.jpeg\"><img loading=\"lazy\" decoding=\"async\" class=\"aligncenter size-full wp-image-3098\" src=\"http:\/\/agora.xtec.cat\/insllicamunt2\/wp-content\/uploads\/usu1100\/2016\/05\/BGfoto3.jpeg\" alt=\"BGfoto3\" width=\"250\" height=\"188\" srcset=\"https:\/\/agora.xtec.cat\/insllicamunt2\/wp-content\/uploads\/usu1100\/2016\/05\/BGfoto3.jpeg 250w, https:\/\/agora.xtec.cat\/insllicamunt2\/wp-content\/uploads\/usu1100\/2016\/05\/BGfoto3-200x150.jpeg 200w\" sizes=\"auto, (max-width: 250px) 100vw, 250px\" \/><\/a><\/td>\n<\/tr>\n<\/tbody>\n<\/table>\n<p align=\"justify\"><em><span style=\"font-size: medium;\"><span style=\"font-family: arial,helvetica,sans-serif;\"><span style=\"color: #165878;\"><strong>3r d&#8217;ESO<\/strong><\/span><\/span><\/span><\/em><em><span style=\"font-size: medium;\"><span style=\"font-family: arial,helvetica,sans-serif;\"><span style=\"color: #165878;\"><strong><br \/>\n<\/strong><\/span><\/span><\/span><\/em><\/p>\n<p align=\"justify\"><span style=\"font-size: medium;\"><span style=\"font-family: arial,helvetica,sans-serif;\">Al tercer curs al bloc de geologia l&#8217;alumne estudia amb detall els processos geol\u00f2gics externs com a resultat de la interacci\u00f3 entre la geosfera, l&#8217;atmosfera, la hidrosfera i la biosfera, amb la concurr\u00e8ncia de l&#8217;energia solar i la gravetat. Al bloc de biologia l&#8217;alumne assoleix els coneixements generals b\u00e0sics sobre el cos hum\u00e0 que li permetran con\u00e8ixer la seva anatomia, els principals processos fisiol\u00f2gics, aix\u00ed com les malalties m\u00e9s comunes. Amb tot, l&#8217;alumne pot ser capa\u00e7 de valorar com a positiva l&#8217;adquisici\u00f3 d&#8217;una vida sana i equilibrada:<br \/>\n<\/span><\/span><\/p>\n<p style=\"padding-left: 30px;\" align=\"justify\"><em><span style=\"font-size: medium;\"><span style=\"font-family: arial,helvetica,sans-serif;\"><span style=\"color: #165878;\"><strong>Bloc de Geologia<\/strong><\/span><\/span><\/span><\/em><\/p>\n<p style=\"padding-left: 60px;\" align=\"justify\"><span style=\"font-family: arial,helvetica,sans-serif; font-size: medium;\">1. Atmosfera i Hidrosfera<br \/>\n<\/span><\/p>\n<p style=\"padding-left: 60px;\" align=\"justify\"><span style=\"font-family: arial,helvetica,sans-serif; font-size: medium;\">2. Geosfera i cicle geol\u00f2gic<br \/>\n<\/span><\/p>\n<p style=\"padding-left: 60px;\" align=\"justify\"><span style=\"font-family: arial,helvetica,sans-serif; font-size: medium;\">3. Meteoritzaci\u00f3, erosi\u00f3 i transport<br \/>\n<\/span><\/p>\n<p style=\"padding-left: 60px;\" align=\"justify\"><span style=\"font-family: arial,helvetica,sans-serif; font-size: medium;\">4. Processos sedimentaris<br \/>\n<\/span><\/p>\n<p style=\"padding-left: 60px;\" align=\"justify\"><span style=\"font-family: arial,helvetica,sans-serif; font-size: medium;\">5. Diag\u00e8nesi i roques sediment\u00e0ries<br \/>\n<\/span><\/p>\n<p style=\"padding-left: 30px;\" align=\"justify\"><em><span style=\"font-size: medium;\"><span style=\"font-family: arial,helvetica,sans-serif;\"><span style=\"color: #165878;\"><strong>Bloc de Biologia<\/strong><\/span><\/span><\/span><\/em><\/p>\n<p style=\"padding-left: 60px;\" align=\"justify\"><span style=\"font-family: arial,helvetica,sans-serif; font-size: medium;\">6. Nivells d&#8217;organitzaci\u00f3, bioelements i biomol\u00e8cules<br \/>\n<\/span><\/p>\n<p style=\"padding-left: 60px;\" align=\"justify\"><span style=\"font-family: arial,helvetica,sans-serif; font-size: medium;\">7. La c\u00e8l\u00b7lula, els teixits i l&#8217;organitzaci\u00f3 i funcions del cos<br \/>\n<\/span><\/p>\n<p style=\"padding-left: 60px;\" align=\"justify\"><span style=\"font-family: arial,helvetica,sans-serif; font-size: medium;\">8. Aparell digestiu<br \/>\n<\/span><\/p>\n<p style=\"padding-left: 60px;\" align=\"justify\"><span style=\"font-family: arial,helvetica,sans-serif; font-size: medium;\">9. Aparell respiratori<br \/>\n<\/span><\/p>\n<p style=\"padding-left: 60px;\" align=\"justify\"><span style=\"font-family: arial,helvetica,sans-serif; font-size: medium;\">10. Aparell circulatori<br \/>\n<\/span><\/p>\n<p style=\"padding-left: 60px;\" align=\"justify\"><span style=\"font-family: arial,helvetica,sans-serif; font-size: medium;\">11. Aparell excretor<br \/>\n<\/span><\/p>\n<p style=\"padding-left: 60px;\" align=\"justify\"><span style=\"font-family: arial,helvetica,sans-serif; font-size: medium;\">12. Sistemes nervi\u00f3s, endocr\u00ed i immunol\u00f2gic<br \/>\n<\/span><\/p>\n<p style=\"padding-left: 60px;\" align=\"justify\"><span style=\"font-family: arial,helvetica,sans-serif; font-size: medium;\">13. Sistemes ossi i muscular<br \/>\n<\/span><\/p>\n<p style=\"padding-left: 60px;\" align=\"justify\"><span style=\"font-family: arial,helvetica,sans-serif; font-size: medium;\">14. Aparell reproductor, reproducci\u00f3 i desenvolupament<br \/>\n<\/span><\/p>\n<p align=\"justify\"><span style=\"font-size: medium;\"><span style=\"font-family: arial,helvetica,sans-serif;\">A m\u00e9s, es realitzen 14 pr\u00e0ctiques de laboratori (una per a cada unitat did\u00e0ctica) i 3 treballs trimestrals (de geologia (es fa un itinerari geol\u00f2gic al Figar\u00f3), de biologia (sobre la c\u00e8l\u00b7lula) i d&#8217;anatomia i fisiologia (sobre el sistema immunitari).<\/span><\/span><\/p>\n<table style=\"width: 100%; border: 0px solid #ffffff; border-collapse: collapse;\" cellpadding=\"5\" align=\"absmiddle\">\n<tbody>\n<tr>\n<td style=\"border: 0px solid #ffffff;\" align=\"center\"><a href=\"http:\/\/agora.xtec.cat\/insllicamunt2\/wp-content\/uploads\/usu1100\/2016\/05\/BGfoto4.jpeg\"><img loading=\"lazy\" decoding=\"async\" class=\"aligncenter size-full wp-image-3099\" src=\"http:\/\/agora.xtec.cat\/insllicamunt2\/wp-content\/uploads\/usu1100\/2016\/05\/BGfoto4.jpeg\" alt=\"BGfoto4\" width=\"250\" height=\"187\" srcset=\"https:\/\/agora.xtec.cat\/insllicamunt2\/wp-content\/uploads\/usu1100\/2016\/05\/BGfoto4.jpeg 250w, https:\/\/agora.xtec.cat\/insllicamunt2\/wp-content\/uploads\/usu1100\/2016\/05\/BGfoto4-200x150.jpeg 200w\" sizes=\"auto, (max-width: 250px) 100vw, 250px\" \/><\/a><\/td>\n<td style=\"border: 0px solid #ffffff;\" align=\"center\"><a href=\"http:\/\/agora.xtec.cat\/insllicamunt2\/wp-content\/uploads\/usu1100\/2016\/05\/BGfoto5.jpeg\"><img loading=\"lazy\" decoding=\"async\" class=\"aligncenter size-full wp-image-3100\" src=\"http:\/\/agora.xtec.cat\/insllicamunt2\/wp-content\/uploads\/usu1100\/2016\/05\/BGfoto5.jpeg\" alt=\"BGfoto5\" width=\"250\" height=\"188\" srcset=\"https:\/\/agora.xtec.cat\/insllicamunt2\/wp-content\/uploads\/usu1100\/2016\/05\/BGfoto5.jpeg 250w, https:\/\/agora.xtec.cat\/insllicamunt2\/wp-content\/uploads\/usu1100\/2016\/05\/BGfoto5-200x150.jpeg 200w\" sizes=\"auto, (max-width: 250px) 100vw, 250px\" \/><\/a><\/td>\n<td style=\"border: 0px solid #ffffff;\" align=\"center\"><a href=\"http:\/\/agora.xtec.cat\/insllicamunt2\/wp-content\/uploads\/usu1100\/2016\/05\/BGfoto6.jpeg\"><img loading=\"lazy\" decoding=\"async\" class=\"aligncenter size-full wp-image-3101\" src=\"http:\/\/agora.xtec.cat\/insllicamunt2\/wp-content\/uploads\/usu1100\/2016\/05\/BGfoto6.jpeg\" alt=\"BGfoto6\" width=\"250\" height=\"188\" srcset=\"https:\/\/agora.xtec.cat\/insllicamunt2\/wp-content\/uploads\/usu1100\/2016\/05\/BGfoto6.jpeg 250w, https:\/\/agora.xtec.cat\/insllicamunt2\/wp-content\/uploads\/usu1100\/2016\/05\/BGfoto6-200x150.jpeg 200w\" sizes=\"auto, (max-width: 250px) 100vw, 250px\" \/><\/a><\/td>\n<\/tr>\n<\/tbody>\n<\/table>\n<p align=\"justify\"><em><span style=\"font-size: medium;\"><span style=\"font-family: arial,helvetica,sans-serif;\"><span style=\"color: #165878;\"><strong>4t d&#8217;ESO<\/strong><\/span><\/span><\/span><\/em><em><span style=\"font-size: medium;\"><span style=\"font-family: arial,helvetica,sans-serif;\"><span style=\"color: #165878;\"><strong><br \/>\n<\/strong><\/span><\/span><\/span><\/em><\/p>\n<p align=\"justify\"><span style=\"font-size: medium;\"><span style=\"font-family: arial,helvetica,sans-serif;\">Al quart\u00a0 curs al bloc de geologia l&#8217;alumne estudia amb detall els processos geol\u00f2gics interns com a resultat de la din\u00e0mica interna terrestre amb la concurr\u00e8ncia de l&#8217;energia calor\u00edfica residual de la formaci\u00f3 del planeta i de la desintegraci\u00f3 de minerals radioactius. Al bloc de biologia l&#8217;alumne assoleix els coneixements generals b\u00e0sics sobre gen\u00e8tica, evoluci\u00f3 i ecologia amb l&#8217;objectiu d&#8217;assolir la capacitat de reflexi\u00f3 i de cr\u00edtica argumentada en els principals plantejaments socials i \u00e8tics actuals. La mat\u00e8ria de quart est\u00e0 decididament enfocada a l&#8217;assoliment de la compet\u00e8ncia cient\u00edfica, de manera que totes les activitats, projectes, treballs i ex\u00e0mens s\u00f3n de caire reflexiu i cient\u00edfic:<\/span><\/span><\/p>\n<p style=\"padding-left: 30px;\" align=\"justify\"><em><span style=\"font-size: medium;\"><span style=\"font-family: arial,helvetica,sans-serif;\"><span style=\"color: #165878;\"><strong>Bloc de Geologia<\/strong><\/span><\/span><\/span><\/em><\/p>\n<p style=\"padding-left: 60px;\" align=\"justify\"><span style=\"font-family: arial,helvetica,sans-serif; font-size: medium;\">1. Tect\u00f2nica<br \/>\n<\/span><\/p>\n<p style=\"padding-left: 60px;\" align=\"justify\"><span style=\"font-family: arial,helvetica,sans-serif; font-size: medium;\">2. Deformaci\u00f3 estructural<br \/>\n<\/span><\/p>\n<p style=\"padding-left: 60px;\" align=\"justify\"><span style=\"font-family: arial,helvetica,sans-serif; font-size: medium;\">3. Metamorfisme<br \/>\n<\/span><\/p>\n<p style=\"padding-left: 60px;\" align=\"justify\"><span style=\"font-family: arial,helvetica,sans-serif; font-size: medium;\">4. Processos ignis<br \/>\n<\/span><\/p>\n<p style=\"padding-left: 60px;\" align=\"justify\"><span style=\"font-family: arial,helvetica,sans-serif; font-size: medium;\">5. Temps geol\u00f2gic, evoluci\u00f3 de la Terra i registre paleontol\u00f2gic<br \/>\n<\/span><\/p>\n<p style=\"padding-left: 30px;\" align=\"justify\"><em><span style=\"font-size: medium;\"><span style=\"font-family: arial,helvetica,sans-serif;\"><span style=\"color: #165878;\"><strong>Bloc de Biologia<\/strong><\/span><\/span><\/span><\/em><\/p>\n<p style=\"padding-left: 60px;\" align=\"justify\"><em><span style=\"font-size: medium;\"><span style=\"font-family: arial,helvetica,sans-serif;\"><span style=\"color: #165878;\"><strong>Gen\u00e8tica<\/strong><\/span><\/span><\/span><\/em><\/p>\n<p style=\"padding-left: 60px;\" align=\"justify\"><span style=\"font-family: arial,helvetica,sans-serif; font-size: medium;\">6. Teoria cel\u00b7lular<br \/>\n<\/span><\/p>\n<p style=\"padding-left: 60px;\" align=\"justify\"><span style=\"font-family: arial,helvetica,sans-serif; font-size: medium;\">7. Lleis de Mendel i teoria cromos\u00f2mica<br \/>\n<\/span><\/p>\n<p style=\"padding-left: 60px;\" align=\"justify\"><span style=\"font-family: arial,helvetica,sans-serif; font-size: medium;\">8. Her\u00e8ncia<\/span><\/p>\n<p style=\"padding-left: 60px;\" align=\"justify\"><em><span style=\"font-size: medium;\"><span style=\"font-family: arial,helvetica,sans-serif;\"><span style=\"color: #165878;\"><strong>Evoluci\u00f3<\/strong><\/span><\/span><\/span><\/em><\/p>\n<p style=\"padding-left: 60px;\" align=\"justify\"><span style=\"font-family: arial,helvetica,sans-serif; font-size: medium;\">9. Origen de la vida<br \/>\n<\/span><\/p>\n<p style=\"padding-left: 60px;\" align=\"justify\"><span style=\"font-family: arial,helvetica,sans-serif; font-size: medium;\">10. Teoria evolutiva<br \/>\n<\/span><\/p>\n<p style=\"padding-left: 60px;\" align=\"justify\"><span style=\"font-family: arial,helvetica,sans-serif; font-size: medium;\">11. Evoluci\u00f3 humana<\/span><\/p>\n<p style=\"padding-left: 60px;\" align=\"justify\"><em><span style=\"font-size: medium;\"><span style=\"font-family: arial,helvetica,sans-serif;\"><span style=\"color: #165878;\"><strong>Ecologia<\/strong><\/span><\/span><\/span><\/em><\/p>\n<p style=\"padding-left: 60px;\" align=\"justify\"><span style=\"font-family: arial,helvetica,sans-serif; font-size: medium;\">12. N\u00ednxol ecol\u00f2gic<br \/>\n<\/span><\/p>\n<p style=\"padding-left: 60px;\" align=\"justify\"><span style=\"font-family: arial,helvetica,sans-serif; font-size: medium;\">13. Interaccions i successions<br \/>\n<\/span><\/p>\n<p style=\"padding-left: 60px;\" align=\"justify\"><span style=\"font-family: arial,helvetica,sans-serif; font-size: medium;\">14. Ecosistemes<br \/>\n<\/span><\/p>\n<p align=\"justify\"><span style=\"font-size: medium;\"><span style=\"font-family: arial,helvetica,sans-serif;\">A m\u00e9s, es realitzen 14 pr\u00e0ctiques de laboratori (una per a cada unitat did\u00e0ctica) i 3 treballs trimestrals (de geologia (es fa un itinerari geol\u00f2gic a S&#8217;Agar\u00f3 &#8211; Sa Conca), de variabilitat gen\u00e8tica (sobre morfometria facial) i d&#8217;ecologia (sobre la fauna i flora del riu Tenes).<\/span><\/span><\/p>\n<table style=\"width: 100%; border: 0px solid #ffffff; border-collapse: collapse;\" cellpadding=\"5\" align=\"absmiddle\">\n<tbody>\n<tr>\n<td style=\"border: 0px solid #ffffff;\" align=\"center\"><a href=\"http:\/\/agora.xtec.cat\/insllicamunt2\/wp-content\/uploads\/usu1100\/2016\/05\/BGfoto7.jpeg\"><img loading=\"lazy\" decoding=\"async\" class=\"aligncenter size-full wp-image-3102\" src=\"http:\/\/agora.xtec.cat\/insllicamunt2\/wp-content\/uploads\/usu1100\/2016\/05\/BGfoto7.jpeg\" alt=\"BGfoto7\" width=\"250\" height=\"188\" srcset=\"https:\/\/agora.xtec.cat\/insllicamunt2\/wp-content\/uploads\/usu1100\/2016\/05\/BGfoto7.jpeg 250w, https:\/\/agora.xtec.cat\/insllicamunt2\/wp-content\/uploads\/usu1100\/2016\/05\/BGfoto7-200x150.jpeg 200w\" sizes=\"auto, (max-width: 250px) 100vw, 250px\" \/><\/a><\/td>\n<td style=\"border: 0px solid #ffffff;\" align=\"center\"><a href=\"http:\/\/agora.xtec.cat\/insllicamunt2\/wp-content\/uploads\/usu1100\/2016\/05\/BGfoto8.jpeg\"><img loading=\"lazy\" decoding=\"async\" class=\"aligncenter size-full wp-image-3103\" src=\"http:\/\/agora.xtec.cat\/insllicamunt2\/wp-content\/uploads\/usu1100\/2016\/05\/BGfoto8.jpeg\" alt=\"BGfoto8\" width=\"250\" height=\"188\" srcset=\"https:\/\/agora.xtec.cat\/insllicamunt2\/wp-content\/uploads\/usu1100\/2016\/05\/BGfoto8.jpeg 250w, https:\/\/agora.xtec.cat\/insllicamunt2\/wp-content\/uploads\/usu1100\/2016\/05\/BGfoto8-200x150.jpeg 200w\" sizes=\"auto, (max-width: 250px) 100vw, 250px\" \/><\/a><\/td>\n<td style=\"border: 0px solid #ffffff;\" align=\"center\"><a href=\"http:\/\/agora.xtec.cat\/insllicamunt2\/wp-content\/uploads\/usu1100\/2016\/05\/BGfoto9.jpeg\"><img loading=\"lazy\" decoding=\"async\" class=\"aligncenter size-full wp-image-3104\" src=\"http:\/\/agora.xtec.cat\/insllicamunt2\/wp-content\/uploads\/usu1100\/2016\/05\/BGfoto9.jpeg\" alt=\"BGfoto9\" width=\"250\" height=\"188\" srcset=\"https:\/\/agora.xtec.cat\/insllicamunt2\/wp-content\/uploads\/usu1100\/2016\/05\/BGfoto9.jpeg 250w, https:\/\/agora.xtec.cat\/insllicamunt2\/wp-content\/uploads\/usu1100\/2016\/05\/BGfoto9-200x150.jpeg 200w\" sizes=\"auto, (max-width: 250px) 100vw, 250px\" \/><\/a><\/td>\n<\/tr>\n<\/tbody>\n<\/table>\n","protected":false},"excerpt":{"rendered":"<p>&nbsp;<br \/>\nLes mat\u00e8ries pr\u00f2pies de l&#8217;\u00c0rea de Biologia i Geologia es cursen a 1r, 3r i 4t d&#8217;ESO.<br \/>\nEls continguts s\u00f3n els seg\u00fcents:<\/p>\n<p>1r d&#8217;ESO<\/p>\n<p>Al primer curs al bloc de geologia s&#8217;introdueix a l&#8217;alumne en el coneixement del seu entorn f\u00edsic (l&#8217;univers, les capes de la Terra) i&hellip;  <a href=\"https:\/\/agora.xtec.cat\/insllicamunt2\/departaments\/departament-de-ciencies\/area-biogeo\/\" title=\"Read \u00c0rea de Biologia i Geologia\">Llegeix m\u00e9s\u00bb<\/a><\/p>\n","protected":false},"author":1,"featured_media":0,"parent":2764,"menu_order":1,"comment_status":"closed","ping_status":"closed","template":"page-templates\/side-menu.php","meta":{"_bbp_topic_count":0,"_bbp_reply_count":0,"_bbp_total_topic_count":0,"_bbp_total_reply_count":0,"_bbp_voice_count":0,"_bbp_anonymous_reply_count":0,"_bbp_topic_count_hidden":0,"_bbp_reply_count_hidden":0,"_bbp_forum_subforum_count":0,"footnotes":""},"class_list":["post-2800","page","type-page","status-publish","hentry"],"post_mailing_queue_ids":[],"_links":{"self":[{"href":"https:\/\/agora.xtec.cat\/insllicamunt2\/wp-json\/wp\/v2\/pages\/2800","targetHints":{"allow":["GET"]}}],"collection":[{"href":"https:\/\/agora.xtec.cat\/insllicamunt2\/wp-json\/wp\/v2\/pages"}],"about":[{"href":"https:\/\/agora.xtec.cat\/insllicamunt2\/wp-json\/wp\/v2\/types\/page"}],"author":[{"embeddable":true,"href":"https:\/\/agora.xtec.cat\/insllicamunt2\/wp-json\/wp\/v2\/users\/1"}],"replies":[{"embeddable":true,"href":"https:\/\/agora.xtec.cat\/insllicamunt2\/wp-json\/wp\/v2\/comments?post=2800"}],"version-history":[{"count":3,"href":"https:\/\/agora.xtec.cat\/insllicamunt2\/wp-json\/wp\/v2\/pages\/2800\/revisions"}],"predecessor-version":[{"id":5073,"href":"https:\/\/agora.xtec.cat\/insllicamunt2\/wp-json\/wp\/v2\/pages\/2800\/revisions\/5073"}],"up":[{"embeddable":true,"href":"https:\/\/agora.xtec.cat\/insllicamunt2\/wp-json\/wp\/v2\/pages\/2764"}],"wp:attachment":[{"href":"https:\/\/agora.xtec.cat\/insllicamunt2\/wp-json\/wp\/v2\/media?parent=2800"}],"curies":[{"name":"wp","href":"https:\/\/api.w.org\/{rel}","templated":true}]}}