{"id":2795,"date":"2016-05-04T12:20:06","date_gmt":"2016-05-04T11:20:06","guid":{"rendered":"http:\/\/agora.xtec.cat\/insllicamunt2\/intraweb\/montseny\/"},"modified":"2020-01-29T11:15:51","modified_gmt":"2020-01-29T10:15:51","slug":"montseny","status":"publish","type":"page","link":"https:\/\/agora.xtec.cat\/insllicamunt2\/viatges\/montseny\/","title":{"rendered":"La Noguera"},"content":{"rendered":"<p><em><strong>CURS 2019\/2020<\/strong><\/em><\/p>\n<div>\n<p>Els alumnes de 1r d\u2019ESO de l\u2019Hip\u00e0tia estan fent una estada de tres dies (de l&#8217;11 al 13 de desembre )\u00a0 a terres lleidatanes, concretament al Camp d\u2019aprenentatge de La Noguera, a Sant Lloren\u00e7 de Montgai.<\/p>\n<h6><strong>1r dia al Camp d&#8217;aprenentatge de La Noguera, <\/strong>a Sant Lloren\u00e7 de Montgai per treballar la tem\u00e0tica de la Prehist\u00f2ria.<\/h6>\n<p dir=\"auto\" style=\"text-align: justify;\">Arribada a mig mat\u00ed sense novetats ( m\u00e9s enll\u00e0 d&#8217;haver presenciat des de l&#8217;autob\u00fas les flames de l&#8217;incendi de Montorn\u00e8s).Deixem les maletes a l&#8217;alberg i tot seguit participem en un taller on constru\u00efm la maqueta d&#8217;un habitatge de la Prehist\u00f2ria. Despr\u00e9s de dinar ens hem dividit en dos grups: un ha\u00a0 dedicat el temps a un Taller de Pintura i M\u00fasica a la Prehist\u00f2ria, mentre que l&#8217;altre s&#8217;ha centrat en un Laboratori de paleoantropologia. Dem\u00e0 els grups intercanviaran els tallers. Totes les activitats han despertat molt d&#8217;inter\u00e8s i la participaci\u00f3 de l&#8217;alumnat ha estat m\u00e9s que activa. Ens queda el joc de nit de despr\u00e9s de sopar, que ja t\u00e9 els nostres alumnes ben intrigats.<\/p>\n<p><b>2n dia al Camp d&#8217;aprenentatge de La Noguera<\/b><\/p>\n<p>Avui, malgrat ens hem hagut d&#8217;abrigar, ens ha fet un bon dia.<\/p>\n<p>Hem pogut participar en un gran ventall d&#8217;activitats: hem fet de ca\u00e7adors i de paleoantrop\u00f2legs, excavacions, tallers de pintura, m\u00fasica i aquesta nit tocava sopar prehist\u00f2ric al voltant del foc, tanmateix l&#8217;hem hagut de fer sense foguera i a cobert i tamb\u00e9 ens ho hem passat b\u00e9.<\/p>\n<h6><strong>3r dia al Camp d&#8217;aprenentatge de La Noguera, <\/strong>a Sant Lloren\u00e7 de Montgai<\/h6>\n<p>La previsi\u00f3 meteorol\u00f2gica per al migdia era de vents huracanats, per la qual cosa s&#8217;ha hagut de suspendre l&#8217;activitat a l&#8217;aire lliure del jaciment de la Roca dels Bous. En el seu lloc, els professors del CdA han pensat activitats alternatives dins d&#8217;aules treballant el Neol\u00edtoc: hem vist un interessant\u00edssim reportatge en 3D sobre Otzi, L&#8217;home del Gel i hem arrodonit el mat\u00ed amb tallers de cer\u00e0mica, gravats sobre pissarra i ornaments de petxina.<\/p>\n<p>Despr\u00e9s de dinar ha tocat fer la maleta i preparar-nos pel retorn a casa acompanyats d&#8217;un nou i bon record.<\/p>\n<p style=\"text-align: justify;\">Aquest viatge en el temps ens ha servit, no nom\u00e9s per refor\u00e7ar i ampliar continguts d\u2019aula en el marc del projecte <em>Prehist\u00f2ria<\/em>\u2013 que fem dia a dia -des de les diverses \u00e0rees com: ci\u00e8ncies socials, ci\u00e8ncies naturals, educaci\u00f3 f\u00edsica, visual i pl\u00e0stica, m\u00fasica o b\u00e9 lleng\u00fces, sin\u00f3 tamb\u00e9 per adonar-nos que, malgrat estem immersos en un m\u00f3n tecnol\u00f2gic, podem reflexionar de la import\u00e0ncia de les coses aparentment m\u00e9s senzilles. I el que \u00e9s m\u00e9s important, conviure fora de casa, de la zona de confort, amb altres companys i professors dona una autonomia i riquesa extra que d\u2019altra manera no es pot aconseguir.<\/p>\n<p style=\"text-align: justify;\">Aquest viatge en el temps ens ha servit, no nom\u00e9s per refor\u00e7ar i ampliar continguts d\u2019aula en el marc del projecte <em>Prehist\u00f2ria<\/em>\u2013 que fem dia a dia -des de les diverses \u00e0rees com: ci\u00e8ncies socials, ci\u00e8ncies naturals, educaci\u00f3 f\u00edsica, visual i pl\u00e0stica, m\u00fasica o b\u00e9 lleng\u00fces, sin\u00f3 tamb\u00e9 per adonar-nos que, malgrat estem immersos en un m\u00f3n tecnol\u00f2gic, podem reflexionar de la import\u00e0ncia de les coses aparentment m\u00e9s senzilles. I el que \u00e9s m\u00e9s important, conviure fora de casa, de la zona de confort, amb altres companys i professors dona una autonomia i riquesa extra que d\u2019altra manera no es pot aconseguir.<\/p>\n<div dir=\"auto\">Us adjuntem testimonis fotogr\u00e0fics del camp d\u2019aprenentatge La Noguera 2019.<\/div>\n<\/div>\n<div dir=\"auto\"><\/div>\n<div>\n<div dir=\"auto\"><\/div>\n<div dir=\"auto\"><\/div>\n\n\t\t<style type=\"text\/css\">\n\t\t\t#gallery-1 {\n\t\t\t\tmargin: auto;\n\t\t\t}\n\t\t\t#gallery-1 .gallery-item {\n\t\t\t\tfloat: left;\n\t\t\t\tmargin-top: 10px;\n\t\t\t\ttext-align: center;\n\t\t\t\twidth: 33%;\n\t\t\t}\n\t\t\t#gallery-1 img {\n\t\t\t\tborder: 2px solid #cfcfcf;\n\t\t\t}\n\t\t\t#gallery-1 .gallery-caption {\n\t\t\t\tmargin-left: 0;\n\t\t\t}\n\t\t\t\/* see gallery_shortcode() in wp-includes\/media.php *\/\n\t\t<\/style>\n\t\t<div id='gallery-1' class='gallery galleryid-2795 gallery-columns-3 gallery-size-medium'><dl class='gallery-item'>\n\t\t\t<dt class='gallery-icon landscape'>\n\t\t\t\t<a href='https:\/\/agora.xtec.cat\/insllicamunt2\/el-far-dhipatia\/grups\/1r-deso\/sortida-al-cda-de-la-noguera-amb-els-alumnes-de-1r-deso\/attachment\/img-20191211-wa0018-1\/'><img loading=\"lazy\" decoding=\"async\" width=\"300\" height=\"169\" src=\"https:\/\/agora.xtec.cat\/insllicamunt2\/wp-content\/uploads\/usu1100\/2019\/12\/IMG-20191211-WA0018-1-300x169.jpg\" class=\"attachment-medium size-medium\" alt=\"\" srcset=\"https:\/\/agora.xtec.cat\/insllicamunt2\/wp-content\/uploads\/usu1100\/2019\/12\/IMG-20191211-WA0018-1-300x169.jpg 300w, https:\/\/agora.xtec.cat\/insllicamunt2\/wp-content\/uploads\/usu1100\/2019\/12\/IMG-20191211-WA0018-1-768x432.jpg 768w, https:\/\/agora.xtec.cat\/insllicamunt2\/wp-content\/uploads\/usu1100\/2019\/12\/IMG-20191211-WA0018-1-1024x576.jpg 1024w, https:\/\/agora.xtec.cat\/insllicamunt2\/wp-content\/uploads\/usu1100\/2019\/12\/IMG-20191211-WA0018-1.jpg 2048w\" sizes=\"auto, (max-width: 300px) 100vw, 300px\" \/><\/a>\n\t\t\t<\/dt><\/dl><dl class='gallery-item'>\n\t\t\t<dt class='gallery-icon landscape'>\n\t\t\t\t<a href='https:\/\/agora.xtec.cat\/insllicamunt2\/el-far-dhipatia\/grups\/1r-deso\/sortida-al-cda-de-la-noguera-amb-els-alumnes-de-1r-deso\/attachment\/img-20191211-wa0023-1\/'><img loading=\"lazy\" decoding=\"async\" width=\"300\" height=\"225\" src=\"https:\/\/agora.xtec.cat\/insllicamunt2\/wp-content\/uploads\/usu1100\/2019\/12\/IMG-20191211-WA0023-1-300x225.jpg\" class=\"attachment-medium size-medium\" alt=\"\" srcset=\"https:\/\/agora.xtec.cat\/insllicamunt2\/wp-content\/uploads\/usu1100\/2019\/12\/IMG-20191211-WA0023-1-300x225.jpg 300w, https:\/\/agora.xtec.cat\/insllicamunt2\/wp-content\/uploads\/usu1100\/2019\/12\/IMG-20191211-WA0023-1-768x576.jpg 768w, https:\/\/agora.xtec.cat\/insllicamunt2\/wp-content\/uploads\/usu1100\/2019\/12\/IMG-20191211-WA0023-1-1024x768.jpg 1024w, https:\/\/agora.xtec.cat\/insllicamunt2\/wp-content\/uploads\/usu1100\/2019\/12\/IMG-20191211-WA0023-1-200x150.jpg 200w, https:\/\/agora.xtec.cat\/insllicamunt2\/wp-content\/uploads\/usu1100\/2019\/12\/IMG-20191211-WA0023-1.jpg 2048w\" sizes=\"auto, (max-width: 300px) 100vw, 300px\" \/><\/a>\n\t\t\t<\/dt><\/dl><dl class='gallery-item'>\n\t\t\t<dt class='gallery-icon landscape'>\n\t\t\t\t<a href='https:\/\/agora.xtec.cat\/insllicamunt2\/el-far-dhipatia\/grups\/1r-deso\/sortida-al-cda-de-la-noguera-amb-els-alumnes-de-1r-deso\/attachment\/img-20191211-wa0000\/'><img loading=\"lazy\" decoding=\"async\" width=\"300\" height=\"169\" src=\"https:\/\/agora.xtec.cat\/insllicamunt2\/wp-content\/uploads\/usu1100\/2019\/12\/IMG-20191211-WA0000-300x169.jpg\" class=\"attachment-medium size-medium\" alt=\"\" srcset=\"https:\/\/agora.xtec.cat\/insllicamunt2\/wp-content\/uploads\/usu1100\/2019\/12\/IMG-20191211-WA0000-300x169.jpg 300w, https:\/\/agora.xtec.cat\/insllicamunt2\/wp-content\/uploads\/usu1100\/2019\/12\/IMG-20191211-WA0000-768x432.jpg 768w, https:\/\/agora.xtec.cat\/insllicamunt2\/wp-content\/uploads\/usu1100\/2019\/12\/IMG-20191211-WA0000-1024x576.jpg 1024w, https:\/\/agora.xtec.cat\/insllicamunt2\/wp-content\/uploads\/usu1100\/2019\/12\/IMG-20191211-WA0000.jpg 2048w\" sizes=\"auto, (max-width: 300px) 100vw, 300px\" \/><\/a>\n\t\t\t<\/dt><\/dl><br style=\"clear: both\" \/><dl class='gallery-item'>\n\t\t\t<dt class='gallery-icon landscape'>\n\t\t\t\t<a href='https:\/\/agora.xtec.cat\/insllicamunt2\/el-far-dhipatia\/grups\/1r-deso\/sortida-al-cda-de-la-noguera-amb-els-alumnes-de-1r-deso\/attachment\/img-20191211-wa0001\/'><img loading=\"lazy\" decoding=\"async\" width=\"300\" height=\"169\" src=\"https:\/\/agora.xtec.cat\/insllicamunt2\/wp-content\/uploads\/usu1100\/2019\/12\/IMG-20191211-WA0001-300x169.jpg\" class=\"attachment-medium size-medium\" alt=\"\" srcset=\"https:\/\/agora.xtec.cat\/insllicamunt2\/wp-content\/uploads\/usu1100\/2019\/12\/IMG-20191211-WA0001-300x169.jpg 300w, https:\/\/agora.xtec.cat\/insllicamunt2\/wp-content\/uploads\/usu1100\/2019\/12\/IMG-20191211-WA0001-768x432.jpg 768w, https:\/\/agora.xtec.cat\/insllicamunt2\/wp-content\/uploads\/usu1100\/2019\/12\/IMG-20191211-WA0001-1024x576.jpg 1024w, https:\/\/agora.xtec.cat\/insllicamunt2\/wp-content\/uploads\/usu1100\/2019\/12\/IMG-20191211-WA0001.jpg 2048w\" sizes=\"auto, (max-width: 300px) 100vw, 300px\" \/><\/a>\n\t\t\t<\/dt><\/dl><dl class='gallery-item'>\n\t\t\t<dt class='gallery-icon landscape'>\n\t\t\t\t<a href='https:\/\/agora.xtec.cat\/insllicamunt2\/el-far-dhipatia\/grups\/1r-deso\/sortida-al-cda-de-la-noguera-amb-els-alumnes-de-1r-deso\/attachment\/img-20191211-wa0002\/'><img loading=\"lazy\" decoding=\"async\" width=\"300\" height=\"169\" src=\"https:\/\/agora.xtec.cat\/insllicamunt2\/wp-content\/uploads\/usu1100\/2019\/12\/IMG-20191211-WA0002-300x169.jpg\" class=\"attachment-medium size-medium\" alt=\"\" srcset=\"https:\/\/agora.xtec.cat\/insllicamunt2\/wp-content\/uploads\/usu1100\/2019\/12\/IMG-20191211-WA0002-300x169.jpg 300w, https:\/\/agora.xtec.cat\/insllicamunt2\/wp-content\/uploads\/usu1100\/2019\/12\/IMG-20191211-WA0002-768x432.jpg 768w, https:\/\/agora.xtec.cat\/insllicamunt2\/wp-content\/uploads\/usu1100\/2019\/12\/IMG-20191211-WA0002-1024x576.jpg 1024w, https:\/\/agora.xtec.cat\/insllicamunt2\/wp-content\/uploads\/usu1100\/2019\/12\/IMG-20191211-WA0002.jpg 2048w\" sizes=\"auto, (max-width: 300px) 100vw, 300px\" \/><\/a>\n\t\t\t<\/dt><\/dl><dl class='gallery-item'>\n\t\t\t<dt class='gallery-icon landscape'>\n\t\t\t\t<a href='https:\/\/agora.xtec.cat\/insllicamunt2\/el-far-dhipatia\/grups\/1r-deso\/sortida-al-cda-de-la-noguera-amb-els-alumnes-de-1r-deso\/attachment\/img-20191211-wa0003-1\/'><img loading=\"lazy\" decoding=\"async\" width=\"300\" height=\"169\" src=\"https:\/\/agora.xtec.cat\/insllicamunt2\/wp-content\/uploads\/usu1100\/2019\/12\/IMG-20191211-WA0003-1-300x169.jpg\" class=\"attachment-medium size-medium\" alt=\"\" srcset=\"https:\/\/agora.xtec.cat\/insllicamunt2\/wp-content\/uploads\/usu1100\/2019\/12\/IMG-20191211-WA0003-1-300x169.jpg 300w, https:\/\/agora.xtec.cat\/insllicamunt2\/wp-content\/uploads\/usu1100\/2019\/12\/IMG-20191211-WA0003-1-768x432.jpg 768w, https:\/\/agora.xtec.cat\/insllicamunt2\/wp-content\/uploads\/usu1100\/2019\/12\/IMG-20191211-WA0003-1-1024x576.jpg 1024w, https:\/\/agora.xtec.cat\/insllicamunt2\/wp-content\/uploads\/usu1100\/2019\/12\/IMG-20191211-WA0003-1.jpg 2048w\" sizes=\"auto, (max-width: 300px) 100vw, 300px\" \/><\/a>\n\t\t\t<\/dt><\/dl><br style=\"clear: both\" \/><dl class='gallery-item'>\n\t\t\t<dt class='gallery-icon landscape'>\n\t\t\t\t<a href='https:\/\/agora.xtec.cat\/insllicamunt2\/el-far-dhipatia\/grups\/1r-deso\/sortida-al-cda-de-la-noguera-amb-els-alumnes-de-1r-deso\/attachment\/img-20191211-wa0003\/'><img loading=\"lazy\" decoding=\"async\" width=\"300\" height=\"169\" src=\"https:\/\/agora.xtec.cat\/insllicamunt2\/wp-content\/uploads\/usu1100\/2019\/12\/IMG-20191211-WA0003-300x169.jpg\" class=\"attachment-medium size-medium\" alt=\"\" srcset=\"https:\/\/agora.xtec.cat\/insllicamunt2\/wp-content\/uploads\/usu1100\/2019\/12\/IMG-20191211-WA0003-300x169.jpg 300w, https:\/\/agora.xtec.cat\/insllicamunt2\/wp-content\/uploads\/usu1100\/2019\/12\/IMG-20191211-WA0003-768x432.jpg 768w, https:\/\/agora.xtec.cat\/insllicamunt2\/wp-content\/uploads\/usu1100\/2019\/12\/IMG-20191211-WA0003-1024x576.jpg 1024w, https:\/\/agora.xtec.cat\/insllicamunt2\/wp-content\/uploads\/usu1100\/2019\/12\/IMG-20191211-WA0003.jpg 2048w\" sizes=\"auto, (max-width: 300px) 100vw, 300px\" \/><\/a>\n\t\t\t<\/dt><\/dl><dl class='gallery-item'>\n\t\t\t<dt class='gallery-icon landscape'>\n\t\t\t\t<a href='https:\/\/agora.xtec.cat\/insllicamunt2\/el-far-dhipatia\/grups\/1r-deso\/sortida-al-cda-de-la-noguera-amb-els-alumnes-de-1r-deso\/attachment\/img-20191211-wa0004\/'><img loading=\"lazy\" decoding=\"async\" width=\"300\" height=\"169\" src=\"https:\/\/agora.xtec.cat\/insllicamunt2\/wp-content\/uploads\/usu1100\/2019\/12\/IMG-20191211-WA0004-300x169.jpg\" class=\"attachment-medium size-medium\" alt=\"\" srcset=\"https:\/\/agora.xtec.cat\/insllicamunt2\/wp-content\/uploads\/usu1100\/2019\/12\/IMG-20191211-WA0004-300x169.jpg 300w, https:\/\/agora.xtec.cat\/insllicamunt2\/wp-content\/uploads\/usu1100\/2019\/12\/IMG-20191211-WA0004-768x432.jpg 768w, https:\/\/agora.xtec.cat\/insllicamunt2\/wp-content\/uploads\/usu1100\/2019\/12\/IMG-20191211-WA0004-1024x576.jpg 1024w, https:\/\/agora.xtec.cat\/insllicamunt2\/wp-content\/uploads\/usu1100\/2019\/12\/IMG-20191211-WA0004.jpg 2048w\" sizes=\"auto, (max-width: 300px) 100vw, 300px\" \/><\/a>\n\t\t\t<\/dt><\/dl><dl class='gallery-item'>\n\t\t\t<dt class='gallery-icon portrait'>\n\t\t\t\t<a href='https:\/\/agora.xtec.cat\/insllicamunt2\/el-far-dhipatia\/grups\/1r-deso\/sortida-al-cda-de-la-noguera-amb-els-alumnes-de-1r-deso\/attachment\/img-20191211-wa0013\/'><img loading=\"lazy\" decoding=\"async\" width=\"169\" height=\"300\" src=\"https:\/\/agora.xtec.cat\/insllicamunt2\/wp-content\/uploads\/usu1100\/2019\/12\/IMG-20191211-WA0013-169x300.jpg\" class=\"attachment-medium size-medium\" alt=\"\" srcset=\"https:\/\/agora.xtec.cat\/insllicamunt2\/wp-content\/uploads\/usu1100\/2019\/12\/IMG-20191211-WA0013-169x300.jpg 169w, https:\/\/agora.xtec.cat\/insllicamunt2\/wp-content\/uploads\/usu1100\/2019\/12\/IMG-20191211-WA0013-768x1365.jpg 768w, https:\/\/agora.xtec.cat\/insllicamunt2\/wp-content\/uploads\/usu1100\/2019\/12\/IMG-20191211-WA0013-576x1024.jpg 576w, https:\/\/agora.xtec.cat\/insllicamunt2\/wp-content\/uploads\/usu1100\/2019\/12\/IMG-20191211-WA0013.jpg 1152w\" sizes=\"auto, (max-width: 169px) 100vw, 169px\" \/><\/a>\n\t\t\t<\/dt><\/dl><br style=\"clear: both\" \/><dl class='gallery-item'>\n\t\t\t<dt class='gallery-icon landscape'>\n\t\t\t\t<a href='https:\/\/agora.xtec.cat\/insllicamunt2\/el-far-dhipatia\/grups\/1r-deso\/sortida-al-cda-de-la-noguera-amb-els-alumnes-de-1r-deso\/attachment\/img-20191211-wa0014\/'><img loading=\"lazy\" decoding=\"async\" width=\"300\" height=\"169\" src=\"https:\/\/agora.xtec.cat\/insllicamunt2\/wp-content\/uploads\/usu1100\/2019\/12\/IMG-20191211-WA0014-300x169.jpg\" class=\"attachment-medium size-medium\" alt=\"\" srcset=\"https:\/\/agora.xtec.cat\/insllicamunt2\/wp-content\/uploads\/usu1100\/2019\/12\/IMG-20191211-WA0014-300x169.jpg 300w, https:\/\/agora.xtec.cat\/insllicamunt2\/wp-content\/uploads\/usu1100\/2019\/12\/IMG-20191211-WA0014-768x432.jpg 768w, https:\/\/agora.xtec.cat\/insllicamunt2\/wp-content\/uploads\/usu1100\/2019\/12\/IMG-20191211-WA0014-1024x576.jpg 1024w, https:\/\/agora.xtec.cat\/insllicamunt2\/wp-content\/uploads\/usu1100\/2019\/12\/IMG-20191211-WA0014.jpg 2048w\" sizes=\"auto, (max-width: 300px) 100vw, 300px\" \/><\/a>\n\t\t\t<\/dt><\/dl><dl class='gallery-item'>\n\t\t\t<dt class='gallery-icon landscape'>\n\t\t\t\t<a href='https:\/\/agora.xtec.cat\/insllicamunt2\/el-far-dhipatia\/grups\/1r-deso\/sortida-al-cda-de-la-noguera-amb-els-alumnes-de-1r-deso\/attachment\/img-20191211-wa0021-copia\/'><img loading=\"lazy\" decoding=\"async\" width=\"300\" height=\"225\" src=\"https:\/\/agora.xtec.cat\/insllicamunt2\/wp-content\/uploads\/usu1100\/2019\/12\/IMG-20191211-WA0021-C\u00f2pia-300x225.jpg\" class=\"attachment-medium size-medium\" alt=\"\" srcset=\"https:\/\/agora.xtec.cat\/insllicamunt2\/wp-content\/uploads\/usu1100\/2019\/12\/IMG-20191211-WA0021-C\u00f2pia-300x225.jpg 300w, https:\/\/agora.xtec.cat\/insllicamunt2\/wp-content\/uploads\/usu1100\/2019\/12\/IMG-20191211-WA0021-C\u00f2pia-768x576.jpg 768w, https:\/\/agora.xtec.cat\/insllicamunt2\/wp-content\/uploads\/usu1100\/2019\/12\/IMG-20191211-WA0021-C\u00f2pia-1024x768.jpg 1024w, https:\/\/agora.xtec.cat\/insllicamunt2\/wp-content\/uploads\/usu1100\/2019\/12\/IMG-20191211-WA0021-C\u00f2pia-200x150.jpg 200w, https:\/\/agora.xtec.cat\/insllicamunt2\/wp-content\/uploads\/usu1100\/2019\/12\/IMG-20191211-WA0021-C\u00f2pia.jpg 2048w\" sizes=\"auto, (max-width: 300px) 100vw, 300px\" \/><\/a>\n\t\t\t<\/dt><\/dl><dl class='gallery-item'>\n\t\t\t<dt class='gallery-icon landscape'>\n\t\t\t\t<a href='https:\/\/agora.xtec.cat\/insllicamunt2\/el-far-dhipatia\/grups\/1r-deso\/sortida-al-cda-de-la-noguera-amb-els-alumnes-de-1r-deso\/attachment\/img-20191211-wa0023-1-copia\/'><img loading=\"lazy\" decoding=\"async\" width=\"300\" height=\"225\" src=\"https:\/\/agora.xtec.cat\/insllicamunt2\/wp-content\/uploads\/usu1100\/2019\/12\/IMG-20191211-WA0023-1-C\u00f2pia-300x225.jpg\" class=\"attachment-medium size-medium\" alt=\"\" srcset=\"https:\/\/agora.xtec.cat\/insllicamunt2\/wp-content\/uploads\/usu1100\/2019\/12\/IMG-20191211-WA0023-1-C\u00f2pia-300x225.jpg 300w, https:\/\/agora.xtec.cat\/insllicamunt2\/wp-content\/uploads\/usu1100\/2019\/12\/IMG-20191211-WA0023-1-C\u00f2pia-768x576.jpg 768w, https:\/\/agora.xtec.cat\/insllicamunt2\/wp-content\/uploads\/usu1100\/2019\/12\/IMG-20191211-WA0023-1-C\u00f2pia-1024x768.jpg 1024w, https:\/\/agora.xtec.cat\/insllicamunt2\/wp-content\/uploads\/usu1100\/2019\/12\/IMG-20191211-WA0023-1-C\u00f2pia-200x150.jpg 200w, https:\/\/agora.xtec.cat\/insllicamunt2\/wp-content\/uploads\/usu1100\/2019\/12\/IMG-20191211-WA0023-1-C\u00f2pia.jpg 2048w\" sizes=\"auto, (max-width: 300px) 100vw, 300px\" \/><\/a>\n\t\t\t<\/dt><\/dl><br style=\"clear: both\" \/><dl class='gallery-item'>\n\t\t\t<dt class='gallery-icon landscape'>\n\t\t\t\t<a href='https:\/\/agora.xtec.cat\/insllicamunt2\/el-far-dhipatia\/grups\/1r-deso\/sortida-al-cda-de-la-noguera-amb-els-alumnes-de-1r-deso\/attachment\/img-20191211-wa0026\/'><img loading=\"lazy\" decoding=\"async\" width=\"300\" height=\"225\" src=\"https:\/\/agora.xtec.cat\/insllicamunt2\/wp-content\/uploads\/usu1100\/2019\/12\/IMG-20191211-WA0026-300x225.jpg\" class=\"attachment-medium size-medium\" alt=\"\" srcset=\"https:\/\/agora.xtec.cat\/insllicamunt2\/wp-content\/uploads\/usu1100\/2019\/12\/IMG-20191211-WA0026-300x225.jpg 300w, https:\/\/agora.xtec.cat\/insllicamunt2\/wp-content\/uploads\/usu1100\/2019\/12\/IMG-20191211-WA0026-768x576.jpg 768w, https:\/\/agora.xtec.cat\/insllicamunt2\/wp-content\/uploads\/usu1100\/2019\/12\/IMG-20191211-WA0026-1024x768.jpg 1024w, https:\/\/agora.xtec.cat\/insllicamunt2\/wp-content\/uploads\/usu1100\/2019\/12\/IMG-20191211-WA0026-200x150.jpg 200w, https:\/\/agora.xtec.cat\/insllicamunt2\/wp-content\/uploads\/usu1100\/2019\/12\/IMG-20191211-WA0026.jpg 2048w\" sizes=\"auto, (max-width: 300px) 100vw, 300px\" \/><\/a>\n\t\t\t<\/dt><\/dl><dl class='gallery-item'>\n\t\t\t<dt class='gallery-icon landscape'>\n\t\t\t\t<a href='https:\/\/agora.xtec.cat\/insllicamunt2\/el-far-dhipatia\/grups\/1r-deso\/sortida-al-cda-de-la-noguera-amb-els-alumnes-de-1r-deso\/attachment\/img-20191211-wa0027\/'><img loading=\"lazy\" decoding=\"async\" width=\"300\" height=\"225\" src=\"https:\/\/agora.xtec.cat\/insllicamunt2\/wp-content\/uploads\/usu1100\/2019\/12\/IMG-20191211-WA0027-300x225.jpg\" class=\"attachment-medium size-medium\" alt=\"\" srcset=\"https:\/\/agora.xtec.cat\/insllicamunt2\/wp-content\/uploads\/usu1100\/2019\/12\/IMG-20191211-WA0027-300x225.jpg 300w, https:\/\/agora.xtec.cat\/insllicamunt2\/wp-content\/uploads\/usu1100\/2019\/12\/IMG-20191211-WA0027-768x576.jpg 768w, https:\/\/agora.xtec.cat\/insllicamunt2\/wp-content\/uploads\/usu1100\/2019\/12\/IMG-20191211-WA0027-1024x768.jpg 1024w, https:\/\/agora.xtec.cat\/insllicamunt2\/wp-content\/uploads\/usu1100\/2019\/12\/IMG-20191211-WA0027-200x150.jpg 200w, https:\/\/agora.xtec.cat\/insllicamunt2\/wp-content\/uploads\/usu1100\/2019\/12\/IMG-20191211-WA0027.jpg 2048w\" sizes=\"auto, (max-width: 300px) 100vw, 300px\" \/><\/a>\n\t\t\t<\/dt><\/dl><dl class='gallery-item'>\n\t\t\t<dt class='gallery-icon landscape'>\n\t\t\t\t<a href='https:\/\/agora.xtec.cat\/insllicamunt2\/el-far-dhipatia\/grups\/1r-deso\/sortida-al-cda-de-la-noguera-amb-els-alumnes-de-1r-deso\/attachment\/img-20191211-wa0028\/'><img loading=\"lazy\" decoding=\"async\" width=\"300\" height=\"225\" src=\"https:\/\/agora.xtec.cat\/insllicamunt2\/wp-content\/uploads\/usu1100\/2019\/12\/IMG-20191211-WA0028-300x225.jpg\" class=\"attachment-medium size-medium\" alt=\"\" srcset=\"https:\/\/agora.xtec.cat\/insllicamunt2\/wp-content\/uploads\/usu1100\/2019\/12\/IMG-20191211-WA0028-300x225.jpg 300w, https:\/\/agora.xtec.cat\/insllicamunt2\/wp-content\/uploads\/usu1100\/2019\/12\/IMG-20191211-WA0028-768x576.jpg 768w, https:\/\/agora.xtec.cat\/insllicamunt2\/wp-content\/uploads\/usu1100\/2019\/12\/IMG-20191211-WA0028-1024x768.jpg 1024w, https:\/\/agora.xtec.cat\/insllicamunt2\/wp-content\/uploads\/usu1100\/2019\/12\/IMG-20191211-WA0028-200x150.jpg 200w, https:\/\/agora.xtec.cat\/insllicamunt2\/wp-content\/uploads\/usu1100\/2019\/12\/IMG-20191211-WA0028.jpg 2048w\" sizes=\"auto, (max-width: 300px) 100vw, 300px\" \/><\/a>\n\t\t\t<\/dt><\/dl><br style=\"clear: both\" \/><dl class='gallery-item'>\n\t\t\t<dt class='gallery-icon portrait'>\n\t\t\t\t<a href='https:\/\/agora.xtec.cat\/insllicamunt2\/el-far-dhipatia\/grups\/1r-deso\/sortida-al-cda-de-la-noguera-amb-els-alumnes-de-1r-deso\/attachment\/img-20191211-wa0029\/'><img loading=\"lazy\" decoding=\"async\" width=\"225\" height=\"300\" src=\"https:\/\/agora.xtec.cat\/insllicamunt2\/wp-content\/uploads\/usu1100\/2019\/12\/IMG-20191211-WA0029-225x300.jpg\" class=\"attachment-medium size-medium\" alt=\"\" srcset=\"https:\/\/agora.xtec.cat\/insllicamunt2\/wp-content\/uploads\/usu1100\/2019\/12\/IMG-20191211-WA0029-225x300.jpg 225w, https:\/\/agora.xtec.cat\/insllicamunt2\/wp-content\/uploads\/usu1100\/2019\/12\/IMG-20191211-WA0029-768x1024.jpg 768w, https:\/\/agora.xtec.cat\/insllicamunt2\/wp-content\/uploads\/usu1100\/2019\/12\/IMG-20191211-WA0029.jpg 1536w\" sizes=\"auto, (max-width: 225px) 100vw, 225px\" \/><\/a>\n\t\t\t<\/dt><\/dl><dl class='gallery-item'>\n\t\t\t<dt class='gallery-icon portrait'>\n\t\t\t\t<a href='https:\/\/agora.xtec.cat\/insllicamunt2\/el-far-dhipatia\/grups\/1r-deso\/sortida-al-cda-de-la-noguera-amb-els-alumnes-de-1r-deso\/attachment\/img-20191212-wa0001-1\/'><img loading=\"lazy\" decoding=\"async\" width=\"169\" height=\"300\" src=\"https:\/\/agora.xtec.cat\/insllicamunt2\/wp-content\/uploads\/usu1100\/2019\/12\/IMG-20191212-WA0001-1-169x300.jpg\" class=\"attachment-medium size-medium\" alt=\"\" srcset=\"https:\/\/agora.xtec.cat\/insllicamunt2\/wp-content\/uploads\/usu1100\/2019\/12\/IMG-20191212-WA0001-1-169x300.jpg 169w, https:\/\/agora.xtec.cat\/insllicamunt2\/wp-content\/uploads\/usu1100\/2019\/12\/IMG-20191212-WA0001-1-768x1365.jpg 768w, https:\/\/agora.xtec.cat\/insllicamunt2\/wp-content\/uploads\/usu1100\/2019\/12\/IMG-20191212-WA0001-1-576x1024.jpg 576w, https:\/\/agora.xtec.cat\/insllicamunt2\/wp-content\/uploads\/usu1100\/2019\/12\/IMG-20191212-WA0001-1.jpg 1152w\" sizes=\"auto, (max-width: 169px) 100vw, 169px\" \/><\/a>\n\t\t\t<\/dt><\/dl><dl class='gallery-item'>\n\t\t\t<dt class='gallery-icon landscape'>\n\t\t\t\t<a href='https:\/\/agora.xtec.cat\/insllicamunt2\/el-far-dhipatia\/grups\/1r-deso\/sortida-al-cda-de-la-noguera-amb-els-alumnes-de-1r-deso\/attachment\/img-20191212-wa0005\/'><img loading=\"lazy\" decoding=\"async\" width=\"300\" height=\"169\" src=\"https:\/\/agora.xtec.cat\/insllicamunt2\/wp-content\/uploads\/usu1100\/2019\/12\/IMG-20191212-WA0005-300x169.jpg\" class=\"attachment-medium size-medium\" alt=\"\" srcset=\"https:\/\/agora.xtec.cat\/insllicamunt2\/wp-content\/uploads\/usu1100\/2019\/12\/IMG-20191212-WA0005-300x169.jpg 300w, https:\/\/agora.xtec.cat\/insllicamunt2\/wp-content\/uploads\/usu1100\/2019\/12\/IMG-20191212-WA0005-768x432.jpg 768w, https:\/\/agora.xtec.cat\/insllicamunt2\/wp-content\/uploads\/usu1100\/2019\/12\/IMG-20191212-WA0005-1024x576.jpg 1024w, https:\/\/agora.xtec.cat\/insllicamunt2\/wp-content\/uploads\/usu1100\/2019\/12\/IMG-20191212-WA0005.jpg 2048w\" sizes=\"auto, (max-width: 300px) 100vw, 300px\" \/><\/a>\n\t\t\t<\/dt><\/dl><br style=\"clear: both\" \/><dl class='gallery-item'>\n\t\t\t<dt class='gallery-icon landscape'>\n\t\t\t\t<a href='https:\/\/agora.xtec.cat\/insllicamunt2\/el-far-dhipatia\/grups\/1r-deso\/sortida-al-cda-de-la-noguera-amb-els-alumnes-de-1r-deso\/attachment\/img-20191212-wa0007\/'><img loading=\"lazy\" decoding=\"async\" width=\"300\" height=\"169\" src=\"https:\/\/agora.xtec.cat\/insllicamunt2\/wp-content\/uploads\/usu1100\/2019\/12\/IMG-20191212-WA0007-300x169.jpg\" class=\"attachment-medium size-medium\" alt=\"\" srcset=\"https:\/\/agora.xtec.cat\/insllicamunt2\/wp-content\/uploads\/usu1100\/2019\/12\/IMG-20191212-WA0007-300x169.jpg 300w, https:\/\/agora.xtec.cat\/insllicamunt2\/wp-content\/uploads\/usu1100\/2019\/12\/IMG-20191212-WA0007-768x432.jpg 768w, https:\/\/agora.xtec.cat\/insllicamunt2\/wp-content\/uploads\/usu1100\/2019\/12\/IMG-20191212-WA0007-1024x576.jpg 1024w, https:\/\/agora.xtec.cat\/insllicamunt2\/wp-content\/uploads\/usu1100\/2019\/12\/IMG-20191212-WA0007.jpg 2048w\" sizes=\"auto, (max-width: 300px) 100vw, 300px\" \/><\/a>\n\t\t\t<\/dt><\/dl><dl class='gallery-item'>\n\t\t\t<dt class='gallery-icon portrait'>\n\t\t\t\t<a href='https:\/\/agora.xtec.cat\/insllicamunt2\/el-far-dhipatia\/grups\/1r-deso\/sortida-al-cda-de-la-noguera-amb-els-alumnes-de-1r-deso\/attachment\/img-20191212-wa0008\/'><img loading=\"lazy\" decoding=\"async\" width=\"169\" height=\"300\" src=\"https:\/\/agora.xtec.cat\/insllicamunt2\/wp-content\/uploads\/usu1100\/2019\/12\/IMG-20191212-WA0008-169x300.jpg\" class=\"attachment-medium size-medium\" alt=\"\" srcset=\"https:\/\/agora.xtec.cat\/insllicamunt2\/wp-content\/uploads\/usu1100\/2019\/12\/IMG-20191212-WA0008-169x300.jpg 169w, https:\/\/agora.xtec.cat\/insllicamunt2\/wp-content\/uploads\/usu1100\/2019\/12\/IMG-20191212-WA0008-768x1365.jpg 768w, https:\/\/agora.xtec.cat\/insllicamunt2\/wp-content\/uploads\/usu1100\/2019\/12\/IMG-20191212-WA0008-576x1024.jpg 576w, https:\/\/agora.xtec.cat\/insllicamunt2\/wp-content\/uploads\/usu1100\/2019\/12\/IMG-20191212-WA0008.jpg 1152w\" sizes=\"auto, (max-width: 169px) 100vw, 169px\" \/><\/a>\n\t\t\t<\/dt><\/dl><dl class='gallery-item'>\n\t\t\t<dt class='gallery-icon landscape'>\n\t\t\t\t<a href='https:\/\/agora.xtec.cat\/insllicamunt2\/el-far-dhipatia\/grups\/1r-deso\/sortida-al-cda-de-la-noguera-amb-els-alumnes-de-1r-deso\/attachment\/img-20191212-wa0002\/'><img loading=\"lazy\" decoding=\"async\" width=\"300\" height=\"169\" src=\"https:\/\/agora.xtec.cat\/insllicamunt2\/wp-content\/uploads\/usu1100\/2019\/12\/IMG-20191212-WA0002-300x169.jpg\" class=\"attachment-medium size-medium\" alt=\"\" srcset=\"https:\/\/agora.xtec.cat\/insllicamunt2\/wp-content\/uploads\/usu1100\/2019\/12\/IMG-20191212-WA0002-300x169.jpg 300w, https:\/\/agora.xtec.cat\/insllicamunt2\/wp-content\/uploads\/usu1100\/2019\/12\/IMG-20191212-WA0002-768x432.jpg 768w, https:\/\/agora.xtec.cat\/insllicamunt2\/wp-content\/uploads\/usu1100\/2019\/12\/IMG-20191212-WA0002-1024x576.jpg 1024w, https:\/\/agora.xtec.cat\/insllicamunt2\/wp-content\/uploads\/usu1100\/2019\/12\/IMG-20191212-WA0002.jpg 2048w\" sizes=\"auto, (max-width: 300px) 100vw, 300px\" \/><\/a>\n\t\t\t<\/dt><\/dl><br style=\"clear: both\" \/><dl class='gallery-item'>\n\t\t\t<dt class='gallery-icon landscape'>\n\t\t\t\t<a href='https:\/\/agora.xtec.cat\/insllicamunt2\/el-far-dhipatia\/grups\/1r-deso\/sortida-al-cda-de-la-noguera-amb-els-alumnes-de-1r-deso\/attachment\/img-20191212-wa0003\/'><img loading=\"lazy\" decoding=\"async\" width=\"300\" height=\"169\" src=\"https:\/\/agora.xtec.cat\/insllicamunt2\/wp-content\/uploads\/usu1100\/2019\/12\/IMG-20191212-WA0003-300x169.jpg\" class=\"attachment-medium size-medium\" alt=\"\" srcset=\"https:\/\/agora.xtec.cat\/insllicamunt2\/wp-content\/uploads\/usu1100\/2019\/12\/IMG-20191212-WA0003-300x169.jpg 300w, https:\/\/agora.xtec.cat\/insllicamunt2\/wp-content\/uploads\/usu1100\/2019\/12\/IMG-20191212-WA0003-768x432.jpg 768w, https:\/\/agora.xtec.cat\/insllicamunt2\/wp-content\/uploads\/usu1100\/2019\/12\/IMG-20191212-WA0003-1024x576.jpg 1024w, https:\/\/agora.xtec.cat\/insllicamunt2\/wp-content\/uploads\/usu1100\/2019\/12\/IMG-20191212-WA0003.jpg 2048w\" sizes=\"auto, (max-width: 300px) 100vw, 300px\" \/><\/a>\n\t\t\t<\/dt><\/dl><dl class='gallery-item'>\n\t\t\t<dt class='gallery-icon landscape'>\n\t\t\t\t<a href='https:\/\/agora.xtec.cat\/insllicamunt2\/el-far-dhipatia\/grups\/1r-deso\/sortida-al-cda-de-la-noguera-amb-els-alumnes-de-1r-deso\/attachment\/img-20191212-wa0031\/'><img loading=\"lazy\" decoding=\"async\" width=\"300\" height=\"225\" src=\"https:\/\/agora.xtec.cat\/insllicamunt2\/wp-content\/uploads\/usu1100\/2019\/12\/IMG-20191212-WA0031-300x225.jpg\" class=\"attachment-medium size-medium\" alt=\"\" srcset=\"https:\/\/agora.xtec.cat\/insllicamunt2\/wp-content\/uploads\/usu1100\/2019\/12\/IMG-20191212-WA0031-300x225.jpg 300w, https:\/\/agora.xtec.cat\/insllicamunt2\/wp-content\/uploads\/usu1100\/2019\/12\/IMG-20191212-WA0031-768x576.jpg 768w, https:\/\/agora.xtec.cat\/insllicamunt2\/wp-content\/uploads\/usu1100\/2019\/12\/IMG-20191212-WA0031-1024x768.jpg 1024w, https:\/\/agora.xtec.cat\/insllicamunt2\/wp-content\/uploads\/usu1100\/2019\/12\/IMG-20191212-WA0031-200x150.jpg 200w, https:\/\/agora.xtec.cat\/insllicamunt2\/wp-content\/uploads\/usu1100\/2019\/12\/IMG-20191212-WA0031.jpg 2048w\" sizes=\"auto, (max-width: 300px) 100vw, 300px\" \/><\/a>\n\t\t\t<\/dt><\/dl><dl class='gallery-item'>\n\t\t\t<dt class='gallery-icon landscape'>\n\t\t\t\t<a href='https:\/\/agora.xtec.cat\/insllicamunt2\/el-far-dhipatia\/grups\/1r-deso\/sortida-al-cda-de-la-noguera-amb-els-alumnes-de-1r-deso\/attachment\/img-20191212-wa0033\/'><img loading=\"lazy\" decoding=\"async\" width=\"300\" height=\"225\" src=\"https:\/\/agora.xtec.cat\/insllicamunt2\/wp-content\/uploads\/usu1100\/2019\/12\/IMG-20191212-WA0033-300x225.jpg\" class=\"attachment-medium size-medium\" alt=\"\" srcset=\"https:\/\/agora.xtec.cat\/insllicamunt2\/wp-content\/uploads\/usu1100\/2019\/12\/IMG-20191212-WA0033-300x225.jpg 300w, https:\/\/agora.xtec.cat\/insllicamunt2\/wp-content\/uploads\/usu1100\/2019\/12\/IMG-20191212-WA0033-768x576.jpg 768w, https:\/\/agora.xtec.cat\/insllicamunt2\/wp-content\/uploads\/usu1100\/2019\/12\/IMG-20191212-WA0033-1024x768.jpg 1024w, https:\/\/agora.xtec.cat\/insllicamunt2\/wp-content\/uploads\/usu1100\/2019\/12\/IMG-20191212-WA0033-200x150.jpg 200w, https:\/\/agora.xtec.cat\/insllicamunt2\/wp-content\/uploads\/usu1100\/2019\/12\/IMG-20191212-WA0033.jpg 2048w\" sizes=\"auto, (max-width: 300px) 100vw, 300px\" \/><\/a>\n\t\t\t<\/dt><\/dl><br style=\"clear: both\" \/><dl class='gallery-item'>\n\t\t\t<dt class='gallery-icon landscape'>\n\t\t\t\t<a href='https:\/\/agora.xtec.cat\/insllicamunt2\/el-far-dhipatia\/grups\/1r-deso\/sortida-al-cda-de-la-noguera-amb-els-alumnes-de-1r-deso\/attachment\/img-20191212-wa0030\/'><img loading=\"lazy\" decoding=\"async\" width=\"300\" height=\"225\" src=\"https:\/\/agora.xtec.cat\/insllicamunt2\/wp-content\/uploads\/usu1100\/2019\/12\/IMG-20191212-WA0030-300x225.jpg\" class=\"attachment-medium size-medium\" alt=\"\" srcset=\"https:\/\/agora.xtec.cat\/insllicamunt2\/wp-content\/uploads\/usu1100\/2019\/12\/IMG-20191212-WA0030-300x225.jpg 300w, https:\/\/agora.xtec.cat\/insllicamunt2\/wp-content\/uploads\/usu1100\/2019\/12\/IMG-20191212-WA0030-768x576.jpg 768w, https:\/\/agora.xtec.cat\/insllicamunt2\/wp-content\/uploads\/usu1100\/2019\/12\/IMG-20191212-WA0030-1024x768.jpg 1024w, https:\/\/agora.xtec.cat\/insllicamunt2\/wp-content\/uploads\/usu1100\/2019\/12\/IMG-20191212-WA0030-200x150.jpg 200w, https:\/\/agora.xtec.cat\/insllicamunt2\/wp-content\/uploads\/usu1100\/2019\/12\/IMG-20191212-WA0030.jpg 2048w\" sizes=\"auto, (max-width: 300px) 100vw, 300px\" \/><\/a>\n\t\t\t<\/dt><\/dl><dl class='gallery-item'>\n\t\t\t<dt class='gallery-icon landscape'>\n\t\t\t\t<a href='https:\/\/agora.xtec.cat\/insllicamunt2\/el-far-dhipatia\/grups\/1r-deso\/sortida-al-cda-de-la-noguera-amb-els-alumnes-de-1r-deso\/attachment\/img-20191213-wa0001\/'><img loading=\"lazy\" decoding=\"async\" width=\"300\" height=\"169\" src=\"https:\/\/agora.xtec.cat\/insllicamunt2\/wp-content\/uploads\/usu1100\/2019\/12\/IMG-20191213-WA0001-300x169.jpg\" class=\"attachment-medium size-medium\" alt=\"\" srcset=\"https:\/\/agora.xtec.cat\/insllicamunt2\/wp-content\/uploads\/usu1100\/2019\/12\/IMG-20191213-WA0001-300x169.jpg 300w, https:\/\/agora.xtec.cat\/insllicamunt2\/wp-content\/uploads\/usu1100\/2019\/12\/IMG-20191213-WA0001-768x432.jpg 768w, https:\/\/agora.xtec.cat\/insllicamunt2\/wp-content\/uploads\/usu1100\/2019\/12\/IMG-20191213-WA0001-1024x576.jpg 1024w, https:\/\/agora.xtec.cat\/insllicamunt2\/wp-content\/uploads\/usu1100\/2019\/12\/IMG-20191213-WA0001.jpg 2048w\" sizes=\"auto, (max-width: 300px) 100vw, 300px\" \/><\/a>\n\t\t\t<\/dt><\/dl><dl class='gallery-item'>\n\t\t\t<dt class='gallery-icon landscape'>\n\t\t\t\t<a href='https:\/\/agora.xtec.cat\/insllicamunt2\/el-far-dhipatia\/grups\/1r-deso\/sortida-al-cda-de-la-noguera-amb-els-alumnes-de-1r-deso\/attachment\/img-20191213-wa0000\/'><img loading=\"lazy\" decoding=\"async\" width=\"300\" height=\"169\" src=\"https:\/\/agora.xtec.cat\/insllicamunt2\/wp-content\/uploads\/usu1100\/2019\/12\/IMG-20191213-WA0000-300x169.jpg\" class=\"attachment-medium size-medium\" alt=\"\" srcset=\"https:\/\/agora.xtec.cat\/insllicamunt2\/wp-content\/uploads\/usu1100\/2019\/12\/IMG-20191213-WA0000-300x169.jpg 300w, https:\/\/agora.xtec.cat\/insllicamunt2\/wp-content\/uploads\/usu1100\/2019\/12\/IMG-20191213-WA0000-768x432.jpg 768w, https:\/\/agora.xtec.cat\/insllicamunt2\/wp-content\/uploads\/usu1100\/2019\/12\/IMG-20191213-WA0000-1024x576.jpg 1024w, https:\/\/agora.xtec.cat\/insllicamunt2\/wp-content\/uploads\/usu1100\/2019\/12\/IMG-20191213-WA0000.jpg 2048w\" sizes=\"auto, (max-width: 300px) 100vw, 300px\" \/><\/a>\n\t\t\t<\/dt><\/dl><br style=\"clear: both\" \/><dl class='gallery-item'>\n\t\t\t<dt class='gallery-icon landscape'>\n\t\t\t\t<a href='https:\/\/agora.xtec.cat\/insllicamunt2\/el-far-dhipatia\/grups\/1r-deso\/sortida-al-cda-de-la-noguera-amb-els-alumnes-de-1r-deso\/attachment\/img-20191213-wa0011\/'><img loading=\"lazy\" decoding=\"async\" width=\"300\" height=\"169\" src=\"https:\/\/agora.xtec.cat\/insllicamunt2\/wp-content\/uploads\/usu1100\/2019\/12\/IMG-20191213-WA0011-300x169.jpg\" class=\"attachment-medium size-medium\" alt=\"\" srcset=\"https:\/\/agora.xtec.cat\/insllicamunt2\/wp-content\/uploads\/usu1100\/2019\/12\/IMG-20191213-WA0011-300x169.jpg 300w, https:\/\/agora.xtec.cat\/insllicamunt2\/wp-content\/uploads\/usu1100\/2019\/12\/IMG-20191213-WA0011-768x432.jpg 768w, https:\/\/agora.xtec.cat\/insllicamunt2\/wp-content\/uploads\/usu1100\/2019\/12\/IMG-20191213-WA0011-1024x576.jpg 1024w, https:\/\/agora.xtec.cat\/insllicamunt2\/wp-content\/uploads\/usu1100\/2019\/12\/IMG-20191213-WA0011.jpg 2048w\" sizes=\"auto, (max-width: 300px) 100vw, 300px\" \/><\/a>\n\t\t\t<\/dt><\/dl><dl class='gallery-item'>\n\t\t\t<dt class='gallery-icon portrait'>\n\t\t\t\t<a href='https:\/\/agora.xtec.cat\/insllicamunt2\/el-far-dhipatia\/grups\/1r-deso\/sortida-al-cda-de-la-noguera-amb-els-alumnes-de-1r-deso\/attachment\/img-20191213-wa0009\/'><img loading=\"lazy\" decoding=\"async\" width=\"169\" height=\"300\" src=\"https:\/\/agora.xtec.cat\/insllicamunt2\/wp-content\/uploads\/usu1100\/2019\/12\/IMG-20191213-WA0009-169x300.jpg\" class=\"attachment-medium size-medium\" alt=\"\" srcset=\"https:\/\/agora.xtec.cat\/insllicamunt2\/wp-content\/uploads\/usu1100\/2019\/12\/IMG-20191213-WA0009-169x300.jpg 169w, https:\/\/agora.xtec.cat\/insllicamunt2\/wp-content\/uploads\/usu1100\/2019\/12\/IMG-20191213-WA0009-768x1365.jpg 768w, https:\/\/agora.xtec.cat\/insllicamunt2\/wp-content\/uploads\/usu1100\/2019\/12\/IMG-20191213-WA0009-576x1024.jpg 576w, https:\/\/agora.xtec.cat\/insllicamunt2\/wp-content\/uploads\/usu1100\/2019\/12\/IMG-20191213-WA0009.jpg 1152w\" sizes=\"auto, (max-width: 169px) 100vw, 169px\" \/><\/a>\n\t\t\t<\/dt><\/dl><dl class='gallery-item'>\n\t\t\t<dt class='gallery-icon landscape'>\n\t\t\t\t<a href='https:\/\/agora.xtec.cat\/insllicamunt2\/el-far-dhipatia\/grups\/1r-deso\/sortida-al-cda-de-la-noguera-amb-els-alumnes-de-1r-deso\/attachment\/img-20191213-wa0010\/'><img loading=\"lazy\" decoding=\"async\" width=\"300\" height=\"169\" src=\"https:\/\/agora.xtec.cat\/insllicamunt2\/wp-content\/uploads\/usu1100\/2019\/12\/IMG-20191213-WA0010-300x169.jpg\" class=\"attachment-medium size-medium\" alt=\"\" srcset=\"https:\/\/agora.xtec.cat\/insllicamunt2\/wp-content\/uploads\/usu1100\/2019\/12\/IMG-20191213-WA0010-300x169.jpg 300w, https:\/\/agora.xtec.cat\/insllicamunt2\/wp-content\/uploads\/usu1100\/2019\/12\/IMG-20191213-WA0010-768x432.jpg 768w, https:\/\/agora.xtec.cat\/insllicamunt2\/wp-content\/uploads\/usu1100\/2019\/12\/IMG-20191213-WA0010-1024x576.jpg 1024w, https:\/\/agora.xtec.cat\/insllicamunt2\/wp-content\/uploads\/usu1100\/2019\/12\/IMG-20191213-WA0010.jpg 2048w\" sizes=\"auto, (max-width: 300px) 100vw, 300px\" \/><\/a>\n\t\t\t<\/dt><\/dl><br style=\"clear: both\" \/>\n\t\t<\/div>\n\n<\/div>\n<p>&nbsp;<\/p>\n<div align=\"center\">\n<p style=\"text-align: justify;\">\n<\/div>\n","protected":false},"excerpt":{"rendered":"<p>CURS 2019\/2020<\/p>\n<p>Els alumnes de 1r d\u2019ESO de l\u2019Hip\u00e0tia estan fent una estada de tres dies (de l&#8217;11 al 13 de desembre )\u00a0 a terres lleidatanes, concretament al Camp d\u2019aprenentatge de La Noguera, a Sant Lloren\u00e7 de Montgai.<br \/>\n1r dia al Camp d&#8217;aprenentatge de La Noguera, a&hellip;  <a href=\"https:\/\/agora.xtec.cat\/insllicamunt2\/viatges\/montseny\/\" title=\"Read La Noguera\">Llegeix m\u00e9s\u00bb<\/a><\/p>\n","protected":false},"author":1,"featured_media":0,"parent":10476,"menu_order":1,"comment_status":"closed","ping_status":"closed","template":"page-templates\/side-menu.php","meta":{"_bbp_topic_count":0,"_bbp_reply_count":0,"_bbp_total_topic_count":0,"_bbp_total_reply_count":0,"_bbp_voice_count":0,"_bbp_anonymous_reply_count":0,"_bbp_topic_count_hidden":0,"_bbp_reply_count_hidden":0,"_bbp_forum_subforum_count":0,"footnotes":""},"class_list":["post-2795","page","type-page","status-publish","hentry"],"post_mailing_queue_ids":[],"_links":{"self":[{"href":"https:\/\/agora.xtec.cat\/insllicamunt2\/wp-json\/wp\/v2\/pages\/2795","targetHints":{"allow":["GET"]}}],"collection":[{"href":"https:\/\/agora.xtec.cat\/insllicamunt2\/wp-json\/wp\/v2\/pages"}],"about":[{"href":"https:\/\/agora.xtec.cat\/insllicamunt2\/wp-json\/wp\/v2\/types\/page"}],"author":[{"embeddable":true,"href":"https:\/\/agora.xtec.cat\/insllicamunt2\/wp-json\/wp\/v2\/users\/1"}],"replies":[{"embeddable":true,"href":"https:\/\/agora.xtec.cat\/insllicamunt2\/wp-json\/wp\/v2\/comments?post=2795"}],"version-history":[{"count":4,"href":"https:\/\/agora.xtec.cat\/insllicamunt2\/wp-json\/wp\/v2\/pages\/2795\/revisions"}],"predecessor-version":[{"id":10973,"href":"https:\/\/agora.xtec.cat\/insllicamunt2\/wp-json\/wp\/v2\/pages\/2795\/revisions\/10973"}],"up":[{"embeddable":true,"href":"https:\/\/agora.xtec.cat\/insllicamunt2\/wp-json\/wp\/v2\/pages\/10476"}],"wp:attachment":[{"href":"https:\/\/agora.xtec.cat\/insllicamunt2\/wp-json\/wp\/v2\/media?parent=2795"}],"curies":[{"name":"wp","href":"https:\/\/api.w.org\/{rel}","templated":true}]}}