{"id":2789,"date":"2016-05-04T12:20:05","date_gmt":"2016-05-04T11:20:05","guid":{"rendered":"http:\/\/agora.xtec.cat\/insllicamunt2\/intraweb\/pat\/"},"modified":"2019-11-06T14:08:21","modified_gmt":"2019-11-06T13:08:21","slug":"tutories","status":"publish","type":"page","link":"https:\/\/agora.xtec.cat\/insllicamunt2\/linstitut\/tutories\/","title":{"rendered":"Tutories"},"content":{"rendered":"<p>&nbsp;<\/p>\n<div align=\"center\">\n<p style=\"text-align: justify;\"><span style=\"font-size: medium;\"><span style=\"font-family: arial,helvetica,sans-serif;\">A l\u2019Institut Hip\u00e0tia d\u2019Alexandria considerem el PAT (Pla d&#8217;Acci\u00f3 Tutorial) un dels puntals del model de centre que volem. Per aquesta ra\u00f3 definim unes l\u00ednies de formaci\u00f3 i reflexi\u00f3 al llarg de la ESO que van des del coneixement individual a l\u2019orientaci\u00f3 professional.\u00a0 L\u2019objectiu \u00e9s acompanyar el nostre alumnat en la seva traject\u00f2ria personal i acad\u00e8mica i per tant, en el seu cam\u00ed cap a l\u2019edat adulta. Sabem que la relaci\u00f3 dels adolescents amb el seu tutor\/a de refer\u00e8ncia \u00e9s important per ajudar-lo en el seu desenvolupament personal. I no nom\u00e9s el tutor o la tutora, sin\u00f3 el de tot l\u2019equip educatiu que interv\u00e9 en la seva educaci\u00f3.<\/span><\/span><\/p>\n<p style=\"text-align: justify;\"><em><span style=\"font-size: medium;\"><span style=\"font-family: arial,helvetica,sans-serif;\"><span style=\"color: #165878;\"><strong>Els tutors<br \/>\n<\/strong><\/span><\/span><\/span><\/em><\/p>\n<p style=\"text-align: justify;\"><span style=\"font-size: medium;\"><span style=\"font-family: arial,helvetica,sans-serif;\">A 1r d\u2019ESO, conscients del que implica el pas de la Prim\u00e0ria a la Secund\u00e0ria, els grups tenen dos tutors per grup-classe.<\/span><\/span><\/p>\n<p style=\"text-align: justify;\"><span style=\"font-size: medium;\"><span style=\"font-family: arial,helvetica,sans-serif;\">L\u2019acompanyament individual a cada curs varia en funci\u00f3 del nivell maduratiu de cada alumne\/a. A grans trets, a primer el seguiment \u00e9s molt m\u00e9s intens i, mica en mica, per fomentar l\u2019autonomia i l\u2019autogesti\u00f3, aquesta tasca de supervisi\u00f3 es fa des d\u2019una altra perspectiva que permet a l\u2019alumne refor\u00e7ar la seva autoestima i autonomia personal.<\/span><\/span><\/p>\n<p style=\"text-align: justify;\"><span style=\"font-size: medium;\"><span style=\"font-family: arial,helvetica,sans-serif;\"><span style=\"color: #165878;\"><em><strong>Els \u00e0mbits<\/strong><\/em><\/span><\/span><\/span><\/p>\n<p style=\"text-align: justify;\">El Pla d\u2019Acci\u00f3 Tutorial (PAT) de l\u2019Hip\u00e0tia d&#8217;Alexandria t\u00e9 uns trets molt definits que es poden resumir en els seg\u00fcents blocs comuns:<\/p>\n<table class=\" htmtableborders\" style=\"width: 100%; border: 1px solid #165878; border-collapse: collapse; display: table;\" cellpadding=\"5\">\n<tbody>\n<tr>\n<td style=\"border: 1px solid #165878;\" align=\"center\"><span style=\"color: #165878;\"><span style=\"font-size: medium;\"><span style=\"font-family: arial,helvetica,sans-serif;\">\u00a0 On s\u00f3c?<\/span><\/span><\/span><\/td>\n<td style=\"border: 1px solid #165878;\" align=\"center\"><span style=\"font-size: medium;\"><span style=\"font-family: arial,helvetica,sans-serif;\">Coneixement del centre, aula i\/o grup<\/span><\/span><\/td>\n<\/tr>\n<tr>\n<td style=\"border: 1px solid #165878;\" align=\"center\"><span style=\"color: #165878;\"><span style=\"font-size: medium;\"><span style=\"font-family: arial,helvetica,sans-serif;\">\u00a0 Qui s\u00f3c i qu\u00e8 vull ser?<\/span><\/span><\/span><\/td>\n<td style=\"border: 1px solid #165878;\" align=\"center\"><span style=\"font-size: medium;\"><span style=\"font-family: arial,helvetica,sans-serif;\">Figura i simbologia d\u2019Hip\u00e0tia d\u2019Alexandria. Ideari de centre<\/span><\/span><\/td>\n<\/tr>\n<tr>\n<td style=\"border: 1px solid #165878;\" align=\"center\"><span style=\"color: #165878;\"><span style=\"font-size: medium;\"><span style=\"font-family: arial,helvetica,sans-serif;\">\u00a0 Participaci\u00f3 democr\u00e0tica<\/span><\/span><\/span><\/td>\n<td style=\"border: 1px solid #165878;\" align=\"center\"><span style=\"font-size: medium;\"><span style=\"font-family: arial,helvetica,sans-serif;\">Tria de delegat i Consell Escolar<\/span><\/span><\/td>\n<\/tr>\n<tr>\n<td style=\"border: 1px solid #165878;\" align=\"center\"><span style=\"color: #165878;\"><span style=\"font-size: medium;\"><span style=\"font-family: arial,helvetica,sans-serif;\">\u00a0 Fem un bon \u00fas de les TAC<\/span><\/span><\/span><\/td>\n<td style=\"border: 1px solid #165878;\" align=\"center\"><span style=\"font-size: medium;\"><span style=\"font-family: arial,helvetica,sans-serif;\">Les eines digitals i el seu bon \u00fas<\/span><\/span><\/td>\n<\/tr>\n<tr>\n<td style=\"border: 1px solid #165878;\" align=\"center\"><span style=\"font-size: medium;\"><span style=\"font-family: arial,helvetica,sans-serif;\"> <span style=\"color: #165878;\">La conviv\u00e8ncia pac\u00edfica<\/span><\/span><\/span><\/td>\n<td style=\"border: 1px solid #165878;\" align=\"center\"><span style=\"font-size: medium;\"><span style=\"font-family: arial,helvetica,sans-serif;\">Normes de centre en \u00e0mbits dels valors fonamentals i la mediaci\u00f3. Drets i deures.<\/span><\/span><\/td>\n<\/tr>\n<tr>\n<td style=\"border: 1px solid #165878;\" align=\"center\"><span style=\"color: #165878;\"><span style=\"font-size: medium;\"><span style=\"font-family: arial,helvetica,sans-serif;\">\u00a0 Coeducaci\u00f3<\/span><\/span><\/span><\/td>\n<td style=\"border: 1px solid #165878;\" align=\"center\"><span style=\"font-size: medium;\"><span style=\"font-family: arial,helvetica,sans-serif;\">La igualtat \u00e9s un dret fonamental, independentment de la ra\u00e7a, el sexe o les orientacions ideol\u00f2giques,&#8230;<\/span><\/span><\/td>\n<\/tr>\n<tr>\n<td style=\"border: 1px solid #165878;\" align=\"center\"><span style=\"color: #165878;\"><span style=\"font-size: medium;\"><span style=\"font-family: arial,helvetica,sans-serif;\">\u00a0 Impuls per la pau i les actituds antiracistes<\/span><\/span><\/span><\/td>\n<td style=\"border: 1px solid #165878;\" align=\"center\"><span style=\"font-size: medium;\"><span style=\"font-family: arial,helvetica,sans-serif;\">Celebraci\u00f3 i reflexi\u00f3 els dies internacionals<\/span><\/span><\/td>\n<\/tr>\n<tr>\n<td style=\"border: 1px solid #165878;\" align=\"center\"><span style=\"color: #165878;\"><span style=\"font-size: medium;\"><span style=\"font-family: arial,helvetica,sans-serif;\">\u00a0 Participaci\u00f3 en la vida del centre<\/span><\/span><\/span><\/td>\n<td style=\"border: 1px solid #165878;\" align=\"center\"><span style=\"font-size: medium;\"><span style=\"font-family: arial,helvetica,sans-serif;\">Projectes, premis, projecte educatiu, activitats esportives, delegats, Sant Jordi,&#8230;<br \/>\n<\/span><\/span><\/td>\n<\/tr>\n<\/tbody>\n<\/table>\n<p style=\"text-align: justify;\">\u00a0<span style=\"font-size: medium;\"><span style=\"font-family: arial,helvetica,sans-serif;\">Altres blocs, es treballen de manera molt diferenciada segons el curs:<\/span><\/span><\/p>\n<table style=\"width: 100%; border: 1px solid #165878; border-collapse: collapse;\" cellpadding=\"5\" align=\"absmiddle\">\n<tbody>\n<tr>\n<td style=\"border: 1px solid #165878;\" align=\"center\"><strong><span style=\"color: #165878;\">1r ESO<\/span><\/strong><\/td>\n<td style=\"border: 1px solid #165878;\" align=\"center\"><strong><span style=\"color: #165878;\">2n ESO<\/span><\/strong><\/td>\n<td style=\"border: 1px solid #165878;\" align=\"center\"><strong><span style=\"color: #165878;\">3r ESO<\/span><\/strong><\/td>\n<td style=\"border: 1px solid #165878;\" align=\"center\"><strong><span style=\"color: #165878;\">4t ESO<\/span><\/strong><\/td>\n<\/tr>\n<tr>\n<td style=\"border: 1px solid #165878;\" align=\"center\"><span style=\"color: #165878;\">Orientaci\u00f3 Acad\u00e8mica:<\/span>H\u00e0bits i t\u00e8cniques de treballL&#8217;esfor\u00e7<\/p>\n<p>Estructures comunes<\/p>\n<p>Intel\u00b7lig\u00e8ncies m\u00faltiples: jo s\u00f3c bo\/bona en&#8230;<\/p>\n<p>Com puc rendir m\u00e9s? M&#8217;ajudeu?<\/td>\n<td style=\"border: 1px solid #165878;\" align=\"center\"><span style=\"color: #165878;\">Orientaci\u00f3 Acad\u00e8mica:<\/span>H\u00e0bits i t\u00e8cniques de treballEstructures comunes<\/p>\n<p>Com puc rendir m\u00e9s? M&#8217;ajudeu?<\/td>\n<td style=\"border: 1px solid #165878;\" align=\"center\"><span style=\"color: #165878;\">Orientaci\u00f3 Acad\u00e8mica:<\/span>Autoconeixement<span style=\"font-family: arial,helvetica,sans-serif;\"><span style=\"font-family: arial,helvetica,sans-serif;\">Tria de la modalitat de 4t<\/span><\/span><\/p>\n<p><span style=\"font-family: arial,helvetica,sans-serif;\"><span style=\"font-family: arial,helvetica,sans-serif;\">Estructures comunes<br \/>\n<\/span><\/span><\/td>\n<td style=\"border: 1px solid #165878;\" align=\"center\"><span style=\"color: #165878;\">Orientaci\u00f3 Acad\u00e8mica i\/o laboral:<\/span>Estructures comunesProjecte de recerca<\/p>\n<p>Activitat PAE (gesti\u00f3 del canvi, com \u00e9s la feina avui?&#8230;)<\/td>\n<\/tr>\n<tr>\n<td style=\"border: 1px solid #165878;\" align=\"center\"><span style=\"color: #165878;\"><span style=\"font-family: arial,helvetica,sans-serif;\"><span style=\"font-size: medium;\"><span style=\"font-family: arial,helvetica,sans-serif;\">Coneixement i autoestima<\/span><\/span><\/span><\/span><\/td>\n<td style=\"border: 1px solid #165878;\">\n<p align=\"center\"><span style=\"color: #165878;\"><span style=\"font-family: arial,helvetica,sans-serif;\"><span style=\"font-size: medium;\"><span style=\"font-family: arial,helvetica,sans-serif;\">Coneixement i autoestima<\/span><\/span><\/span><\/span><\/p>\n<\/td>\n<td style=\"border: 1px solid #165878;\">\n<p align=\"center\"><span style=\"font-family: arial,helvetica,sans-serif;\"><span style=\"font-size: medium;\"><span style=\"font-family: arial,helvetica,sans-serif;\"><span style=\"color: #165878;\">Coneixement i autoestima:<\/span><\/span><\/span><\/span><\/p>\n<p align=\"center\"><span style=\"font-family: arial,helvetica,sans-serif;\"><span style=\"font-size: medium;\"><span style=\"font-family: arial,helvetica,sans-serif;\"><br \/>\nEducaci\u00f3 afectiva i sexual (CAP i el Galliner)<br \/>\nNutrici\u00f3 (CAP)<\/span><\/span><\/span><\/p>\n<\/td>\n<td style=\"border: 1px solid #165878;\">\n<p align=\"center\"><span style=\"font-family: arial,helvetica,sans-serif;\"><span style=\"font-size: medium;\"><span style=\"font-family: arial,helvetica,sans-serif;\"><span style=\"color: #165878;\">Coneixement i autoestima:<\/span><\/span><\/span><\/span><\/p>\n<p align=\"center\"><span style=\"font-family: arial,helvetica,sans-serif;\"><span style=\"font-size: medium;\"><span style=\"font-family: arial,helvetica,sans-serif;\"><br \/>\nEducaci\u00f3 afectiva i sexual<\/span><\/span><\/span><\/p>\n<\/td>\n<\/tr>\n<tr>\n<td style=\"border: 1px solid #165878;\">\n<p align=\"center\"><span style=\"color: #165878;\"><span style=\"font-family: arial,helvetica,sans-serif;\"><span style=\"font-size: medium;\"><span style=\"font-family: arial,helvetica,sans-serif;\">Educaci\u00f3 Vi\u00e0ria<\/span><\/span><\/span><\/span><\/p>\n<\/td>\n<td style=\"border: 1px solid #165878;\"><\/td>\n<td style=\"border: 1px solid #165878;\">\n<p align=\"center\"><span style=\"color: #165878;\"><span style=\"font-family: arial,helvetica,sans-serif;\"><span style=\"font-family: arial,helvetica,sans-serif;\"><span style=\"font-family: arial,helvetica,sans-serif;\"><span style=\"font-size: medium;\"><span style=\"font-family: arial,helvetica,sans-serif;\">Educaci\u00f3 Vi\u00e0ria<\/span><\/span><\/span><\/span><\/span><\/span><\/p>\n<\/td>\n<td style=\"border: 1px solid #165878;\"><\/td>\n<\/tr>\n<tr>\n<td style=\"border: 1px solid #165878;\">\n<p align=\"center\"><span style=\"color: #165878;\"><span style=\"font-family: arial,helvetica,sans-serif;\"><span style=\"font-size: medium;\"><span style=\"font-family: arial,helvetica,sans-serif;\">SUPORT DE LES ACTIVITATS\u00a0\u00a0DEL PROGRAMA D\u2019ACTIVITATS<\/span><\/span><\/span><\/span><span style=\"font-family: arial,helvetica,sans-serif;\"><span style=\"font-size: medium;\"><span style=\"font-family: arial,helvetica,sans-serif;\"><span style=\"color: #165878;\"> EDUCATIVES DE L\u2019AJUNTAMENT (PAE)*:<\/span><\/span><\/span><\/span><\/p>\n<p align=\"center\"><span style=\"font-family: arial,helvetica,sans-serif;\"><span style=\"font-size: medium;\"><span style=\"font-family: arial,helvetica,sans-serif;\"><br \/>\nTaller de prevenci\u00f3 de drogodepend\u00e8ncies: tabac<br \/>\n\u00das i ab\u00fas de pantalles (riscos a la xarxa)<br \/>\nLa revetlla de Sant Joan amb seguretat&#8230;<\/span><\/span><\/span><\/p>\n<\/td>\n<td style=\"border: 1px solid #165878;\">\n<p align=\"center\"><span style=\"font-family: arial,helvetica,sans-serif;\"><span style=\"font-size: medium;\"><span style=\"font-family: arial,helvetica,sans-serif;\"><span style=\"color: #165878;\">ACTIVITATS PAE*:<\/span><\/span><\/span><\/span><\/p>\n<p align=\"center\"><span style=\"font-family: arial,helvetica,sans-serif;\"><span style=\"font-size: medium;\"><span style=\"font-family: arial,helvetica,sans-serif;\"><br \/>\nTaller de prevenci\u00f3 de drogodepend\u00e8ncies: alcohol i begudes energ\u00e8tiques<br \/>\nTaller de nutruci\u00f3 i publicitat (Talla 36)&#8230;<\/span><\/span><\/span><\/p>\n<\/td>\n<td style=\"border: 1px solid #165878;\">\n<p align=\"center\"><span style=\"font-family: arial,helvetica,sans-serif;\"><span style=\"font-size: medium;\"><span style=\"font-family: arial,helvetica,sans-serif;\"><span style=\"color: #165878;\">ACTIVITATS PAE*:<\/span><\/span><\/span><\/span><\/p>\n<p align=\"center\"><span style=\"font-family: arial,helvetica,sans-serif;\"><span style=\"font-size: medium;\"><span style=\"font-family: arial,helvetica,sans-serif;\">Taller de prevenci\u00f3 de drogodepend\u00e8ncies: el c\u00e0nnabis&#8230;<\/span><\/span><\/span><\/p>\n<\/td>\n<td style=\"border: 1px solid #165878;\">\n<p align=\"center\"><span style=\"font-family: arial,helvetica,sans-serif;\"><span style=\"font-size: medium;\"><span style=\"font-family: arial,helvetica,sans-serif;\"><span style=\"color: #165878;\">ACTIVITATS PAE*:<\/span><\/span><\/span><\/span><\/p>\n<p align=\"center\"><span style=\"font-family: arial,helvetica,sans-serif;\"><span style=\"font-size: medium;\"><span style=\"font-family: arial,helvetica,sans-serif;\"><br \/>\nTaller de prevenci\u00f3 de drogodepend\u00e8ncies: drogues&#8230;<\/span><\/span><\/span><\/p>\n<p align=\"center\">Taller de gesti\u00f3 del canvi<\/p>\n<\/td>\n<\/tr>\n<\/tbody>\n<\/table>\n<p>&nbsp;<\/p>\n<p style=\"text-align: justify;\">* Els PAE (Programes d&#8217;Activitats Educatives de l&#8217;Ajuntament de Lli\u00e7\u00e0 d&#8217;Amunt) poden variar en funci\u00f3 de l&#8217;oferta de cada curs per part de l&#8217;Ajuntament. A m\u00e9s, es poden ampliar amb altres activitats segons les necessitats de cada grup.<\/p>\n<p>&nbsp;<\/p>\n<p>&nbsp;<\/p>\n<p>&nbsp;<\/p>\n<\/div>\n<p>&nbsp;<\/p>\n","protected":false},"excerpt":{"rendered":"<p>&nbsp;<\/p>\n<p>A l\u2019Institut Hip\u00e0tia d\u2019Alexandria considerem el PAT (Pla d&#8217;Acci\u00f3 Tutorial) un dels puntals del model de centre que volem. Per aquesta ra\u00f3 definim unes l\u00ednies de formaci\u00f3 i reflexi\u00f3 al llarg de la ESO que van des del coneixement individual a l\u2019orientaci\u00f3 professional.\u00a0 L\u2019objectiu \u00e9s&hellip;  <a href=\"https:\/\/agora.xtec.cat\/insllicamunt2\/linstitut\/tutories\/\" title=\"Read Tutories\">Llegeix m\u00e9s\u00bb<\/a><\/p>\n","protected":false},"author":1,"featured_media":0,"parent":10464,"menu_order":7,"comment_status":"closed","ping_status":"closed","template":"page-templates\/side-menu.php","meta":{"_bbp_topic_count":0,"_bbp_reply_count":0,"_bbp_total_topic_count":0,"_bbp_total_reply_count":0,"_bbp_voice_count":0,"_bbp_anonymous_reply_count":0,"_bbp_topic_count_hidden":0,"_bbp_reply_count_hidden":0,"_bbp_forum_subforum_count":0,"footnotes":""},"class_list":["post-2789","page","type-page","status-publish","hentry"],"post_mailing_queue_ids":[],"_links":{"self":[{"href":"https:\/\/agora.xtec.cat\/insllicamunt2\/wp-json\/wp\/v2\/pages\/2789","targetHints":{"allow":["GET"]}}],"collection":[{"href":"https:\/\/agora.xtec.cat\/insllicamunt2\/wp-json\/wp\/v2\/pages"}],"about":[{"href":"https:\/\/agora.xtec.cat\/insllicamunt2\/wp-json\/wp\/v2\/types\/page"}],"author":[{"embeddable":true,"href":"https:\/\/agora.xtec.cat\/insllicamunt2\/wp-json\/wp\/v2\/users\/1"}],"replies":[{"embeddable":true,"href":"https:\/\/agora.xtec.cat\/insllicamunt2\/wp-json\/wp\/v2\/comments?post=2789"}],"version-history":[{"count":3,"href":"https:\/\/agora.xtec.cat\/insllicamunt2\/wp-json\/wp\/v2\/pages\/2789\/revisions"}],"predecessor-version":[{"id":4624,"href":"https:\/\/agora.xtec.cat\/insllicamunt2\/wp-json\/wp\/v2\/pages\/2789\/revisions\/4624"}],"up":[{"embeddable":true,"href":"https:\/\/agora.xtec.cat\/insllicamunt2\/wp-json\/wp\/v2\/pages\/10464"}],"wp:attachment":[{"href":"https:\/\/agora.xtec.cat\/insllicamunt2\/wp-json\/wp\/v2\/media?parent=2789"}],"curies":[{"name":"wp","href":"https:\/\/api.w.org\/{rel}","templated":true}]}}