{"id":2783,"date":"2016-05-04T12:20:05","date_gmt":"2016-05-04T11:20:05","guid":{"rendered":"http:\/\/agora.xtec.cat\/insllicamunt2\/intraweb\/mobile-history-maps\/"},"modified":"2016-11-11T14:30:48","modified_gmt":"2016-11-11T13:30:48","slug":"mobile-history-maps","status":"publish","type":"page","link":"https:\/\/agora.xtec.cat\/insllicamunt2\/institut-hipatia-dalexandria\/mobile-history-maps\/","title":{"rendered":"Mobile History Maps"},"content":{"rendered":"<p>&nbsp;<\/p>\n<div align=\"center\">\n<p style=\"text-align: justify;\" align=\"center\"><em><span style=\"font-size: medium;\"><span style=\"font-family: arial,helvetica,sans-serif;\"><span style=\"color: #165878;\"><strong>Descripci\u00f3<\/strong><\/span><\/span><\/span><\/em><\/p>\n<p style=\"text-align: justify;\"><span style=\"font-size: medium;\"><span style=\"font-family: arial,helvetica,sans-serif;\">El Mobile History Map est\u00e0 incl\u00f2s dins el mSchools. Aquest projecte permet als alumnes crear i desenvolupar projectes col\u00b7lectius mitjan\u00e7ant l\u2019\u00fas de la tecnologia m\u00f2bil. <\/span><\/span><\/p>\n<p style=\"text-align: justify;\"><span style=\"font-size: medium;\"><span style=\"font-family: arial,helvetica,sans-serif;\">Els estudiants s\u00f3n desenvolupadors actius en la creaci\u00f3 d\u2019itineraris i punts d\u2019inter\u00e8s propers als seus centres educatius per mitj\u00e0 de la geolocalizaci\u00f3. Ells mateixos, de forma col\u00b7laborativa, creen i editen continguts descriptius del seu entorn m\u00e9s immediat. Aquesta part del programa advoca per l\u2019\u00fas de les tecnologies m\u00f2bils aplicades a temes no t\u00e8cnics i a l\u2019\u00e0mbit de les humanitats.<\/span><\/span><span style=\"font-size: medium;\"><span style=\"font-family: arial,helvetica,sans-serif;\"><br \/>\n<\/span><\/span><\/p>\n<p style=\"text-align: justify;\"><em><span style=\"font-size: medium;\"><span style=\"font-family: arial,helvetica,sans-serif;\"><span style=\"color: #165878;\"><strong>Objectius<\/strong><\/span><\/span><\/span><\/em><\/p>\n<ul style=\"list-style-type: circle;\">\n<li style=\"text-align: justify;\"><span style=\"font-size: medium;\"><span style=\"font-family: arial,helvetica,sans-serif;\">Con\u00e8ixer el territori m\u00e9s proper a la vida de l\u2019alumne.<\/span><\/span><\/li>\n<li style=\"text-align: justify;\"><span style=\"font-size: medium;\"><span style=\"font-family: arial,helvetica,sans-serif;\">Fer servir les noves tecnologies aplicades a l\u2019aprenentatge del medi social.<\/span><\/span><\/li>\n<li style=\"text-align: justify;\"><span style=\"font-size: medium;\"><span style=\"font-family: arial,helvetica,sans-serif;\">Cooperar amb projectes interdisciplinaris de forma col\u00b7lectiva.<\/span><\/span><\/li>\n<li style=\"text-align: justify;\"><span style=\"font-size: medium;\"><span style=\"font-family: arial,helvetica,sans-serif;\">Expressar-se de forma oral i escrita en diferents lleng\u00fces. <\/span><\/span><span style=\"font-size: medium;\"><span style=\"font-family: arial,helvetica,sans-serif;\"><br \/>\n<\/span><\/span><\/li>\n<\/ul>\n<p style=\"text-align: justify;\"><em><span style=\"font-size: medium;\"><span style=\"font-family: arial,helvetica,sans-serif;\"><span style=\"color: #165878;\"><strong>Temporitzaci\u00f3<\/strong><\/span><\/span><\/span><\/em><\/p>\n<p style=\"text-align: justify;\"><span style=\"font-size: medium;\"><span style=\"font-family: arial,helvetica,sans-serif;\">Al llarg del curs en diferents mat\u00e8ries<br \/>\n<\/span><\/span><\/p>\n<p style=\"text-align: justify;\"><em><span style=\"font-size: medium;\"><span style=\"font-family: arial,helvetica,sans-serif;\"><span style=\"color: #165878;\"><strong>Cursos destinataris<br \/>\n<\/strong><\/span><\/span><\/span><\/em><\/p>\n<p style=\"text-align: justify;\"><span style=\"font-size: medium;\"><span style=\"font-family: arial,helvetica,sans-serif;\">3r d&#8217;ESO i 4t d&#8217;ESO<br \/>\n<\/span><\/span><\/p>\n<\/div>\n<table style=\"width: 100%; border: 0px solid #ffffff; border-collapse: collapse;\" cellpadding=\"5\" align=\"absmiddle\">\n<tbody>\n<tr>\n<td style=\"border: 0px solid #ffffff;\" align=\"center\"><img loading=\"lazy\" decoding=\"async\" src=\"http:\/\/agora.xtec.cat\/insllicamunt2\/wp-content\/uploads\/usu1100\/2016\/05\/MHM1.jpg\" alt=\"\" width=\"252\" height=\"189\" \/><\/td>\n<td style=\"border: 0px solid #ffffff;\" align=\"center\"><img loading=\"lazy\" decoding=\"async\" src=\"http:\/\/agora.xtec.cat\/insllicamunt2\/wp-content\/uploads\/usu1100\/2016\/05\/MHM2.jpg\" alt=\"\" width=\"252\" height=\"189\" \/><\/td>\n<td style=\"border: 0px solid #ffffff;\" align=\"center\"><img loading=\"lazy\" decoding=\"async\" src=\"http:\/\/agora.xtec.cat\/insllicamunt2\/wp-content\/uploads\/usu1100\/2016\/05\/MHM3.jpg\" alt=\"\" width=\"252\" height=\"189\" \/><\/td>\n<\/tr>\n<\/tbody>\n<\/table>\n<p>&nbsp;<\/p>\n","protected":false},"excerpt":{"rendered":"<p>&nbsp;<\/p>\n<p>Descripci\u00f3<br \/>\nEl Mobile History Map est\u00e0 incl\u00f2s dins el mSchools. Aquest projecte permet als alumnes crear i desenvolupar projectes col\u00b7lectius mitjan\u00e7ant l\u2019\u00fas de la tecnologia m\u00f2bil.<br \/>\nEls estudiants s\u00f3n desenvolupadors actius en la creaci\u00f3 d\u2019itineraris i punts d\u2019inter\u00e8s propers als seus centres educatius per mitj\u00e0 de&hellip;  <a href=\"https:\/\/agora.xtec.cat\/insllicamunt2\/institut-hipatia-dalexandria\/mobile-history-maps\/\" title=\"Read Mobile History Maps\">Llegeix m\u00e9s\u00bb<\/a><\/p>\n","protected":false},"author":1,"featured_media":0,"parent":2697,"menu_order":16,"comment_status":"closed","ping_status":"closed","template":"page-templates\/side-menu.php","meta":{"_bbp_topic_count":0,"_bbp_reply_count":0,"_bbp_total_topic_count":0,"_bbp_total_reply_count":0,"_bbp_voice_count":0,"_bbp_anonymous_reply_count":0,"_bbp_topic_count_hidden":0,"_bbp_reply_count_hidden":0,"_bbp_forum_subforum_count":0,"footnotes":""},"class_list":["post-2783","page","type-page","status-publish","hentry"],"post_mailing_queue_ids":[],"_links":{"self":[{"href":"https:\/\/agora.xtec.cat\/insllicamunt2\/wp-json\/wp\/v2\/pages\/2783","targetHints":{"allow":["GET"]}}],"collection":[{"href":"https:\/\/agora.xtec.cat\/insllicamunt2\/wp-json\/wp\/v2\/pages"}],"about":[{"href":"https:\/\/agora.xtec.cat\/insllicamunt2\/wp-json\/wp\/v2\/types\/page"}],"author":[{"embeddable":true,"href":"https:\/\/agora.xtec.cat\/insllicamunt2\/wp-json\/wp\/v2\/users\/1"}],"replies":[{"embeddable":true,"href":"https:\/\/agora.xtec.cat\/insllicamunt2\/wp-json\/wp\/v2\/comments?post=2783"}],"version-history":[{"count":3,"href":"https:\/\/agora.xtec.cat\/insllicamunt2\/wp-json\/wp\/v2\/pages\/2783\/revisions"}],"predecessor-version":[{"id":4632,"href":"https:\/\/agora.xtec.cat\/insllicamunt2\/wp-json\/wp\/v2\/pages\/2783\/revisions\/4632"}],"up":[{"embeddable":true,"href":"https:\/\/agora.xtec.cat\/insllicamunt2\/wp-json\/wp\/v2\/pages\/2697"}],"wp:attachment":[{"href":"https:\/\/agora.xtec.cat\/insllicamunt2\/wp-json\/wp\/v2\/media?parent=2783"}],"curies":[{"name":"wp","href":"https:\/\/api.w.org\/{rel}","templated":true}]}}