{"id":2764,"date":"2016-05-04T12:20:03","date_gmt":"2016-05-04T11:20:03","guid":{"rendered":"http:\/\/agora.xtec.cat\/insllicamunt2\/intraweb\/departament-de-ciencies\/"},"modified":"2019-10-31T14:39:29","modified_gmt":"2019-10-31T13:39:29","slug":"departament-de-ciencies","status":"publish","type":"page","link":"https:\/\/agora.xtec.cat\/insllicamunt2\/departaments\/departament-de-ciencies\/","title":{"rendered":"\u00c0mbit Cient\u00edfic i Tecnol\u00f2gic"},"content":{"rendered":"<p>&nbsp;<\/p>\n<div align=\"center\">\n<p style=\"text-align: justify;\" align=\"center\"><span style=\"font-size: medium;\"><span style=\"font-family: arial,helvetica,sans-serif;\">L&#8217;Institut Hip\u00e0tia d&#8217;Alexandria ha considerat apropiat agrupar en un \u00fanic \u00e0mbit les \u00e0rees de Biologia i Geologia, de F\u00edsica i Qu\u00edmica, de Matem\u00e0tiques, de Tecnologies i d&#8217;Inform\u00e0tica amb la intenci\u00f3 d&#8217;afavorir la coordinaci\u00f3 entre els \u00e0mbits matem\u00e0tic i cient\u00edficotecnol\u00f2gic per a capacitar als alumnes a resoldre de forma creativa problemes a partir dels coneixements cient\u00edfics, t\u00e8cnics i matem\u00e0tics, aix\u00ed com a dominar els processos de l&#8217;activitat cient\u00edfica i tecnol\u00f2gica en el context de l&#8217;I+D+I.<\/span><\/span><\/p>\n<p style=\"text-align: justify;\" align=\"center\"><span style=\"font-size: medium;\"><span style=\"font-family: arial,helvetica,sans-serif;\"><span style=\"font-size: medium;\"><span style=\"font-family: arial,helvetica,sans-serif;\">\u00a0<\/span><\/span><\/span><\/span><\/p>\n<p style=\"text-align: justify;\" align=\"center\"><span style=\"font-size: medium;\"><span style=\"font-family: arial,helvetica,sans-serif;\">&#8220;<em>L&#8217;Univers est\u00e0 escrit en llenguatge matem\u00e0tic<\/em>&#8220;<\/span><\/span><\/p>\n<p style=\"text-align: justify;\" align=\"center\"><span style=\"font-size: medium;\"><span style=\"font-family: arial,helvetica,sans-serif;\">Galileu Galilei<br \/>\n<\/span><\/span><\/p>\n<p style=\"text-align: justify;\"><span style=\"color: #ffffff;\">.<\/span><\/p>\n<p style=\"text-align: justify;\"><em><span style=\"font-size: medium;\"><span style=\"font-family: arial,helvetica,sans-serif;\"><span style=\"color: #165878;\"><strong>Objectius<\/strong><\/span><\/span><\/span><\/em><\/p>\n<p style=\"text-align: justify;\"><span style=\"font-size: medium;\"><span style=\"font-family: arial,helvetica,sans-serif;\">L&#8217;\u00c0mbit Cient\u00edfic i Tecnol\u00f2gic t\u00e9 com a objectius generals promoure activitats i projectes d&#8217;ensenyament i aprenentatge <\/span><\/span><span style=\"font-size: medium;\"><span style=\"font-family: arial,helvetica,sans-serif;\">que permetin l&#8217;assoliment de les compet\u00e8ncies cientificotecnol\u00f2giques, digitals i matem\u00e0tiques.<br \/>\n<\/span><\/span><\/p>\n<p style=\"text-align: justify;\"><span style=\"font-size: medium;\"><span style=\"font-family: arial,helvetica,sans-serif;\">La compet\u00e8ncia cient\u00edfica es defineix com la capacitat d&#8217;utilitzar el coneixement cient\u00edfic per identificar preguntes i obtenir conclusions a partir d&#8217;evid\u00e8ncies, amb la finalitat de comprendre i ajudar a prendre decisions sobre el m\u00f3n natural i els canvis que l&#8217;activitat humana hi produeix. La compet\u00e8ncia cient\u00edfica est\u00e0 estretament relacionada amb la compet\u00e8ncia b\u00e0sica del coneixement i la interacci\u00f3 amb el m\u00f3n f\u00edsic.<br \/>\n<\/span><\/span><\/p>\n<p style=\"text-align: justify;\"><span style=\"font-size: medium;\"><span style=\"font-family: arial,helvetica,sans-serif;\">La compet\u00e8ncia matem\u00e0tica, una de les compet\u00e8ncies b\u00e0siques que han d&#8217;assolir els alumnes a la ESO, \u00e9s necess\u00e0ria en la vida personal, social i escolar. Nombroses situacions quotidianes, i de les diverses mat\u00e8ries, requereixen l&#8217;\u00fas de les matem\u00e0tiques per poder analitzar-les, interpretar-les i valorar-les. Aquesta compet\u00e8ncia t\u00e9 un car\u00e0cter transversal a totes les mat\u00e8ries, encara que \u00e9s l&#8217;\u00e0rea de matem\u00e0tiques la que s&#8217;ocupa especialment d&#8217;ella.<br \/>\n<\/span><\/span><\/p>\n<p style=\"text-align: justify;\"><span style=\"font-size: medium;\"><span style=\"font-family: arial,helvetica,sans-serif;\"><span style=\"font-size: medium;\"><span style=\"font-family: arial,helvetica,sans-serif;\"><span style=\"font-size: medium;\"><span style=\"font-family: arial,helvetica,sans-serif;\">Els objectius d&#8217;aquest \u00c0mbit inclouen, tamb\u00e9, el desenvolupament de les compet\u00e8ncies digitals i el tractament de la informaci\u00f3, eina fonamental per a la integraci\u00f3 i la comunicaci\u00f3 del coneixement, sempre des d&#8217;una perspectiva realista i propera. Aix\u00ed, promovem l&#8217;\u00fas del programari lliure i gratu\u00eft per abordar les pr\u00e0ctiques a l&#8217;aula d&#8217;inform\u00e0tica i adquirir compet\u00e8ncies de manera aut\u00f2noma i creativa.<\/span><\/span><\/span><\/span><\/span><\/span><\/p>\n<p style=\"text-align: justify;\"><span style=\"color: #ffffff;\">.<\/span><\/p>\n<p style=\"text-align: justify;\"><em><span style=\"font-size: medium;\"><span style=\"font-family: arial,helvetica,sans-serif;\"><span style=\"color: #165878;\"><strong>Organitzaci\u00f3<\/strong><\/span><\/span><\/span><\/em><\/p>\n<p style=\"text-align: justify;\"><span style=\"font-size: medium;\"><span style=\"font-family: arial,helvetica,sans-serif;\">D&#8217;acord amb la legislaci\u00f3 vigent i en virtut del decret d&#8217;autonomia de centre, l&#8217;\u00c0mbit Cient\u00edfic i Tecnol\u00f2gic ha resolt organitzar el curr\u00edculum de la seg\u00fcent manera:<\/span><\/span><\/p>\n<p style=\"text-align: justify; padding-left: 60px;\" align=\"center\"><span style=\"font-size: medium;\"><span style=\"font-family: arial,helvetica,sans-serif;\"><span style=\"color: #165878;\">1r d&#8217;ESO<\/span><\/span><\/span><\/p>\n<p style=\"text-align: justify; padding-left: 90px;\" align=\"center\"><span style=\"font-size: medium;\"><span style=\"font-family: arial,helvetica,sans-serif;\">Biologia i Geologia<\/span><\/span><\/p>\n<p style=\"text-align: justify; padding-left: 90px;\" align=\"center\"><span style=\"font-size: medium;\"><span style=\"font-family: arial,helvetica,sans-serif;\">Matem\u00e0tiques<\/span><\/span><\/p>\n<p style=\"text-align: justify; padding-left: 90px;\" align=\"center\"><span style=\"font-size: medium;\">Tecnologies<\/span><\/p>\n<p style=\"text-align: left;\" align=\"center\">\u00a0\u00a0\u00a0\u00a0\u00a0\u00a0\u00a0\u00a0\u00a0\u00a0\u00a0\u00a0\u00a0\u00a0\u00a0\u00a0\u00a0\u00a0\u00a0 STEAM (projecte \u00c0gora, optativa 1r i 2n)<\/p>\n<p style=\"text-align: justify; padding-left: 60px;\" align=\"center\"><span style=\"color: #165878;\"><span style=\"font-size: medium;\"><span style=\"font-family: arial,helvetica,sans-serif;\">2n d&#8217;ESO<\/span><\/span><\/span><\/p>\n<p style=\"text-align: justify; padding-left: 90px;\" align=\"center\"><span style=\"font-size: medium;\"><span style=\"font-family: arial,helvetica,sans-serif;\">F\u00edsica i Qu\u00edmica<\/span><\/span><\/p>\n<p style=\"text-align: justify; padding-left: 90px;\" align=\"center\"><span style=\"font-size: medium;\"><span style=\"font-family: arial,helvetica,sans-serif;\">Matem\u00e0tiques<\/span><\/span><\/p>\n<p style=\"text-align: justify; padding-left: 90px;\" align=\"center\"><span style=\"font-size: medium;\"><span style=\"font-family: arial,helvetica,sans-serif;\">Tecnologies<\/span><\/span><\/p>\n<p style=\"text-align: left;\" align=\"center\">\u00a0\u00a0\u00a0\u00a0\u00a0\u00a0\u00a0\u00a0\u00a0\u00a0\u00a0\u00a0\u00a0\u00a0\u00a0\u00a0\u00a0\u00a0\u00a0 STEAM (projecte \u00c0gora, optativa 1r i 2n)<\/p>\n<p style=\"text-align: justify; padding-left: 60px;\" align=\"center\"><span style=\"color: #165878;\"><span style=\"font-size: medium;\"><span style=\"font-family: arial,helvetica,sans-serif;\">3r d&#8217;ESO<\/span><\/span><\/span><\/p>\n<p style=\"text-align: justify; padding-left: 90px;\" align=\"center\"><span style=\"font-size: medium;\"><span style=\"font-family: arial,helvetica,sans-serif;\">Biology &amp; Geology (CLIL)<\/span><\/span><\/p>\n<p style=\"text-align: justify; padding-left: 90px;\" align=\"center\"><span style=\"font-size: medium;\"><span style=\"font-family: arial,helvetica,sans-serif;\">F\u00edsica i Qu\u00edmica<\/span><\/span><\/p>\n<p style=\"text-align: justify; padding-left: 90px;\" align=\"center\"><span style=\"font-size: medium;\"><span style=\"font-family: arial,helvetica,sans-serif;\">Matem\u00e0tiques<\/span><\/span><\/p>\n<p style=\"text-align: justify; padding-left: 90px;\" align=\"center\"><span style=\"font-size: medium;\"><span style=\"font-family: arial,helvetica,sans-serif;\">Tecnologies<\/span><\/span><\/p>\n<p style=\"text-align: justify; padding-left: 60px;\" align=\"center\"><span style=\"color: #165878;\"><span style=\"font-size: medium;\"><span style=\"font-family: arial,helvetica,sans-serif;\">4t d&#8217;ESO<\/span><\/span><\/span><\/p>\n<p style=\"text-align: justify; padding-left: 90px;\" align=\"center\"><span style=\"font-size: medium;\"><span style=\"font-family: arial,helvetica,sans-serif;\"><span style=\"font-size: medium;\"><span style=\"font-family: arial,helvetica,sans-serif;\">Matem\u00e0tiques<\/span><\/span><\/span><\/span><\/p>\n<p style=\"text-align: justify; padding-left: 90px;\" align=\"center\"><span style=\"font-size: medium;\"><span style=\"font-family: arial,helvetica,sans-serif;\">Biologia i Geologia (optativa de modalitat)<\/span><\/span><\/p>\n<p style=\"text-align: justify; padding-left: 90px;\" align=\"center\"><span style=\"font-size: medium;\"><span style=\"font-family: arial,helvetica,sans-serif;\">F\u00edsica i Qu\u00edmica (optativa de modalitat)<\/span><\/span><\/p>\n<p style=\"text-align: justify; padding-left: 90px;\"><span style=\"font-size: medium;\"><span style=\"font-family: arial,helvetica,sans-serif;\">Tecnologies (optativa de modalitat)<\/span><\/span><\/p>\n<p style=\"text-align: justify; padding-left: 90px;\"><span style=\"font-size: medium;\"><span style=\"font-family: arial,helvetica,sans-serif;\">Inform\u00e0tica (optativa de modalitat)<\/span><\/span><\/p>\n<p align=\"center\"><span style=\"font-size: medium;\"><span style=\"font-family: arial,helvetica,sans-serif;\">\u00a0<\/span><\/span><\/p>\n<table style=\"width: 100%; border: 1px solid #ffffff; border-collapse: collapse;\" cellpadding=\"5\" align=\"absmiddle\">\n<tbody>\n<tr>\n<td style=\"border: 1px solid #ffffff;\" align=\"center\"><a title=\"\u00c0rea de Biologia i Geologia\" href=\"http:\/\/agora.xtec.cat\/insllicamunt2\/institut-hipatia-dalexandria\/departament-de-ciencies\/area-biogeo\/\" target=\"_blank\" rel=\"noopener noreferrer\"><img loading=\"lazy\" decoding=\"async\" class=\"alignnone\" src=\"http:\/\/agora.xtec.cat\/insllicamunt2\/wp-content\/uploads\/usu1100\/2016\/05\/LogoBIOGEO-e1462459275782.jpg\" alt=\"Biologia i Geologia\" width=\"140\" height=\"140\" \/><\/a><\/td>\n<td style=\"border: 1px solid #ffffff;\" align=\"center\"><a title=\"\u00c0rea de F\u00edsica i Qu\u00edmica\" href=\"http:\/\/agora.xtec.cat\/insllicamunt2\/institut-hipatia-dalexandria\/departament-de-ciencies\/area-fisqui\/\" target=\"_blank\" rel=\"noopener noreferrer\"><img loading=\"lazy\" decoding=\"async\" src=\"http:\/\/agora.xtec.cat\/insllicamunt2\/wp-content\/uploads\/usu1100\/2016\/05\/LogoFISQUI-e1462459310475.jpg\" alt=\"Biologia i Geologia\" width=\"140\" height=\"140\" \/><\/a><\/td>\n<td style=\"border: 1px solid #ffffff;\" align=\"center\"><a title=\"\u00c0rea de Matem\u00e0tiques\" href=\"http:\/\/agora.xtec.cat\/insllicamunt2\/institut-hipatia-dalexandria\/departament-de-ciencies\/area-mat\/\" target=\"_blank\" rel=\"noopener noreferrer\"><img loading=\"lazy\" decoding=\"async\" src=\"http:\/\/agora.xtec.cat\/insllicamunt2\/wp-content\/uploads\/usu1100\/2016\/05\/LogoMAT-e1462459349673.jpg\" alt=\"Biologia i Geologia\" width=\"140\" height=\"140\" \/><\/a><\/td>\n<\/tr>\n<\/tbody>\n<\/table>\n<table style=\"width: 100%; border: 1px solid #ffffff; border-collapse: collapse;\" cellpadding=\"5\" align=\"absmiddle\">\n<tbody>\n<tr style=\"height: 188px;\">\n<td style=\"border: 1px solid #ffffff; text-align: left; width: 38.1818%; height: 188px;\" align=\"center\"><a title=\"\u00c0rea de Tecnologia\" href=\"http:\/\/agora.xtec.cat\/insllicamunt2\/institut-hipatia-dalexandria\/departament-de-ciencies\/area-tec\/\" target=\"_blank\" rel=\"noopener noreferrer\">\u00a0\u00a0\u00a0\u00a0\u00a0\u00a0\u00a0\u00a0\u00a0\u00a0\u00a0\u00a0\u00a0\u00a0<\/a><a title=\"\u00c0rea de Tecnologia\" href=\"http:\/\/agora.xtec.cat\/insllicamunt2\/institut-hipatia-dalexandria\/departament-de-ciencies\/area-tec\/\" target=\"_blank\" rel=\"noopener noreferrer\"><img loading=\"lazy\" decoding=\"async\" src=\"http:\/\/agora.xtec.cat\/insllicamunt2\/wp-content\/uploads\/usu1100\/2016\/05\/LogoTEC-e1462459390154.jpg\" alt=\"Tecnologia\" width=\"140\" height=\"140\" \/><\/a><\/td>\n<td style=\"border: 1px solid #ffffff; text-align: center; width: 27.7576%; height: 188px;\" align=\"center\">\u00a0<a title=\"\u00c0rea d'Inform\u00e0tica\" href=\"http:\/\/agora.xtec.cat\/insllicamunt2\/institut-hipatia-dalexandria\/departament-de-ciencies\/area-info\/\" target=\"_blank\" rel=\"noopener noreferrer\"><img loading=\"lazy\" decoding=\"async\" class=\"aligncenter\" src=\"http:\/\/agora.xtec.cat\/insllicamunt2\/wp-content\/uploads\/usu1100\/2016\/05\/LogoINFO-e1462459204956.jpg\" alt=\"Inform\u00e0tica\" width=\"140\" height=\"140\" \/><\/a><\/td>\n<td style=\"border: 1px solid #ffffff; width: 33.9394%; height: 188px;\" align=\"center\">\n<h3><\/h3>\n<h3>\u00a0<img loading=\"lazy\" decoding=\"async\" class=\"aligncenter size-full wp-image-10218\" src=\"https:\/\/agora.xtec.cat\/insllicamunt2\/wp-content\/uploads\/usu1100\/2019\/03\/steam.jpeg\" alt=\"steam\" width=\"171\" height=\"61\" \/><\/h3>\n<h3><\/h3>\n<\/td>\n<\/tr>\n<\/tbody>\n<\/table>\n<p><span style=\"color: #ffffff;\">.<\/span><\/p>\n<p style=\"text-align: justify;\"><em><span style=\"font-size: medium;\"><span style=\"font-family: arial,helvetica,sans-serif;\"><span style=\"color: #165878;\"><strong>Recursos did\u00e0ctics<br \/>\n<\/strong><\/span><\/span><\/span><\/em><\/p>\n<p style=\"text-align: justify;\"><span style=\"font-size: medium;\"><span style=\"font-family: arial,helvetica,sans-serif;\">El Departament Cient\u00edfic i Tecnol\u00f2gic ha desenvolupat nombrosos recursos pedag\u00f2gics i participa de diversos projectes interdisciplinaris amb l&#8217;objectiu d&#8217;enriquir al m\u00e0xim el proc\u00e9s d&#8217;ensenyament &#8211; aprenentatge i garantir el millor assoliment de les compet\u00e8ncies que li s\u00f3n pr\u00f2pies.<\/span><\/span><\/p>\n<p style=\"text-align: justify;\">\n<\/div>\n<p>&nbsp;<\/p>\n<div align=\"center\">\n<p><img loading=\"lazy\" decoding=\"async\" src=\"http:\/\/agora.xtec.cat\/insllicamunt2\/wp-content\/uploads\/usu1100\/2016\/05\/LogoACTI.jpg\" alt=\"\" width=\"140\" height=\"140\" \/><\/p>\n<p align=\"center\"><span style=\"font-size: medium;\"><span style=\"font-family: arial,helvetica,sans-serif;\">El Departament Cient\u00edfic i Tecnol\u00f2gic porta a terme nombroses activitats amb l&#8217;objectiu d&#8217;assolir adequadament les compet\u00e8ncies cientificotecnol\u00f2gica, matem\u00e0tica, art\u00edstica i digital, de forma espec\u00edfica, aix\u00ed com la resta de compet\u00e8ncies pr\u00f2pies de l&#8217;etapa.<br \/>\n<\/span><\/span><\/p>\n<p style=\"text-align: justify;\"><em><span style=\"font-size: medium;\"><span style=\"font-family: arial,helvetica,sans-serif;\"><span style=\"color: #165878;\"><strong>Pr\u00e0ctiques de laboratori<br \/>\n<\/strong><\/span><\/span><\/span><\/em><\/p>\n<p style=\"text-align: justify;\"><span style=\"font-size: medium;\"><span style=\"font-family: arial,helvetica,sans-serif;\">Les \u00e0rees de Biologia i Geologia i de F\u00edsica i Qu\u00edmica fan \u00fas del laboratori de Ci\u00e8ncies de forma habitual i generalitzada.<\/span><\/span><\/p>\n<p style=\"text-align: justify;\"><span style=\"font-size: medium;\"><span style=\"font-family: arial,helvetica,sans-serif;\">El laboratori est\u00e0 equipat amb l&#8217;instrumental de vidre necessari per portar a terme una gran varietat d&#8217;experi\u00e8ncies i de reaccions qu\u00edmiques.<\/span><\/span><span style=\"font-size: medium;\"><span style=\"font-family: arial,helvetica,sans-serif;\"> Tamb\u00e9 disposa de l&#8217;instrumental \u00f2ptic <\/span><\/span><span style=\"font-size: medium;\"><span style=\"font-family: arial,helvetica,sans-serif;\"><span style=\"font-size: medium;\"><span style=\"font-family: arial,helvetica,sans-serif;\">adequat <\/span><\/span>(lupes binoculars i microscopis) i en nombre suficient perqu\u00e8 de forma individual o per parelles els alumnes puguin estudiar amb atenci\u00f3 tant mostres petrol\u00f2giques com biol\u00f2giques. Les col\u00b7leccions de minerals i de roques, aix\u00ed com de mostres dels diferents organismes es van ampliant cada any gr\u00e0cies al treball dels professors responsables i de la col\u00b7laboraci\u00f3 dels alumnes.<\/span><\/span><\/p>\n<table style=\"width: 100%; border: 0px solid #ffffff; border-collapse: collapse;\" cellpadding=\"5\" align=\"absmiddle\">\n<tbody>\n<tr>\n<td style=\"border: 0px solid #ffffff;\" align=\"center\"><img loading=\"lazy\" decoding=\"async\" src=\"http:\/\/agora.xtec.cat\/insllicamunt2\/wp-content\/uploads\/usu1100\/2016\/05\/actCT1.jpg\" alt=\"\" width=\"252\" height=\"189\" \/><\/td>\n<td style=\"border: 0px solid #ffffff;\" align=\"center\"><img loading=\"lazy\" decoding=\"async\" src=\"http:\/\/agora.xtec.cat\/insllicamunt2\/wp-content\/uploads\/usu1100\/2016\/05\/actCT2.jpg\" alt=\"\" width=\"252\" height=\"189\" \/><\/td>\n<td style=\"border: 0px solid #ffffff;\" align=\"center\"><img loading=\"lazy\" decoding=\"async\" src=\"http:\/\/agora.xtec.cat\/insllicamunt2\/wp-content\/uploads\/usu1100\/2016\/05\/actCT3.jpg\" alt=\"\" width=\"252\" height=\"189\" \/><\/td>\n<\/tr>\n<\/tbody>\n<\/table>\n<\/div>\n<p style=\"text-align: justify;\"><em><span style=\"font-size: medium;\"><span style=\"font-family: arial,helvetica,sans-serif;\"><span style=\"color: #165878;\"><strong>Atenci\u00f3 a la diversitat a l&#8217;\u00e0rea de Matem\u00e0tiques<br \/>\n<\/strong><\/span><\/span><\/span><\/em><\/p>\n<p style=\"text-align: justify;\"><span style=\"font-size: medium;\"><span style=\"font-family: arial,helvetica,sans-serif;\">Matem\u00e0tiques \u00e9s una mat\u00e8ria instrumental en la qual procurem que tots els alumnes puguin assolir el nivell establert pel Departament d&#8217;Ensenyament. A la vegada, potenciem les habilitats dels que s\u00ed que entenen la mat\u00e8ria de manera que la puguin gaudir i anar una mica m\u00e9s enll\u00e0 de l&#8217;estrictament obligatori.<br \/>\n<\/span><\/span><\/p>\n<table style=\"width: 100%; border: 0px solid #ffffff; border-collapse: collapse;\" cellpadding=\"5\" align=\"absmiddle\">\n<tbody>\n<tr>\n<td style=\"border: 0px solid #ffffff;\" align=\"center\"><img loading=\"lazy\" decoding=\"async\" src=\"http:\/\/agora.xtec.cat\/insllicamunt2\/wp-content\/uploads\/usu1100\/2016\/05\/actCT7.jpg\" alt=\"\" width=\"252\" height=\"189\" \/><\/td>\n<td style=\"border: 0px solid #ffffff;\" align=\"center\"><img loading=\"lazy\" decoding=\"async\" src=\"http:\/\/agora.xtec.cat\/insllicamunt2\/wp-content\/uploads\/usu1100\/2016\/05\/actCT8.jpg\" alt=\"\" width=\"252\" height=\"189\" \/><\/td>\n<td style=\"border: 0px solid #ffffff;\" align=\"center\"><img loading=\"lazy\" decoding=\"async\" src=\"http:\/\/agora.xtec.cat\/insllicamunt2\/wp-content\/uploads\/usu1100\/2016\/05\/actCT9.jpg\" alt=\"\" width=\"252\" height=\"189\" \/><\/td>\n<\/tr>\n<\/tbody>\n<\/table>\n<p style=\"text-align: justify;\"><em><span style=\"font-size: medium;\"><span style=\"font-family: arial,helvetica,sans-serif;\"><span style=\"color: #165878;\"><strong>Processos tecnol\u00f2gics<br \/>\n<\/strong><\/span><\/span><\/span><\/em><\/p>\n<p style=\"text-align: justify;\"><span style=\"font-size: medium;\"><span style=\"font-family: arial,helvetica,sans-serif;\">Al taller de tecnologia es porten a terme nombroses activitats amb l&#8217;objectiu d&#8217;assolir adequadament les compet\u00e8ncies pr\u00f2pies de l&#8217;etapa.<\/span> <span style=\"font-family: arial,helvetica,sans-serif;\">El taller est\u00e0 equipat amb eines i m\u00e0quines que permeten desenvolupar tasques de muntatge i construcci\u00f3. Tamb\u00e9 disposa d\u2019un equip d\u2019electropneum\u00e0tica que permet la simulaci\u00f3 de circuits pneum\u00e0tics.<\/span> <span style=\"font-family: arial,helvetica,sans-serif;\">Aquest espai \u00e9s idoni per con\u00e8ixer les eines, saber com classificar-\u00adles (eines de tall, de perforaci\u00f3, de mesura&#8230;) i con\u00e8ixer i practicar en el seu \u00fas de forma segura i precisa per a desenvolupar els projectes tecnol\u00f2gics previstos. Els alumnes aprenen el funcionament i les normes de seguretat, \u00fas i conservaci\u00f3 b\u00e0siques d&#8217;un aula-\u00adtaller de tecnologia.<\/span><\/span><\/p>\n<table style=\"width: 100%; border: 0px solid #ffffff; border-collapse: collapse;\" cellpadding=\"5\" align=\"absmiddle\">\n<tbody>\n<tr>\n<td style=\"border: 0px solid #ffffff;\" align=\"center\"><img loading=\"lazy\" decoding=\"async\" src=\"http:\/\/agora.xtec.cat\/insllicamunt2\/wp-content\/uploads\/usu1100\/2016\/05\/Tec1.jpg\" alt=\"\" width=\"250\" height=\"183\" \/><\/td>\n<td style=\"border: 0px solid #ffffff;\" align=\"center\"><img loading=\"lazy\" decoding=\"async\" src=\"http:\/\/agora.xtec.cat\/insllicamunt2\/wp-content\/uploads\/usu1100\/2016\/05\/Tec2.jpg\" alt=\"\" width=\"250\" height=\"183\" \/><\/td>\n<td style=\"border: 0px solid #ffffff;\" align=\"center\"><img loading=\"lazy\" decoding=\"async\" src=\"http:\/\/agora.xtec.cat\/insllicamunt2\/wp-content\/uploads\/usu1100\/2016\/05\/Tec4.jpg\" alt=\"\" width=\"250\" height=\"183\" \/><\/td>\n<\/tr>\n<\/tbody>\n<\/table>\n<p>&nbsp;<\/p>\n<div align=\"center\">\n<p><img loading=\"lazy\" decoding=\"async\" src=\"http:\/\/agora.xtec.cat\/insllicamunt2\/wp-content\/uploads\/usu1100\/2016\/05\/LogoPROJ.jpg\" alt=\"\" width=\"140\" height=\"140\" \/><\/p>\n<p align=\"center\"><span style=\"font-size: medium;\"><span style=\"font-family: arial,helvetica,sans-serif;\">L&#8217;\u00c0mbit Cient\u00edfic i Tecnol\u00f2gic elabora, promou i participa de nombrosos projectes tant en l&#8217;\u00e0mbit de les \u00e0rees que li s\u00f3n pr\u00f2pies com de forma interdisciplin\u00e0ria i com a projectes de centre.<br \/>\n<\/span><\/span><\/p>\n<p align=\"center\"><span style=\"font-size: medium;\"><span style=\"font-family: arial,helvetica,sans-serif;\"><span style=\"font-size: medium;\"><span style=\"font-family: arial,helvetica,sans-serif;\">Desenvolupar projectes col\u00b7lectius potencia les capacitats d&#8217;expressi\u00f3, cr\u00edtica i comunicaci\u00f3, i afavoreix el di\u00e0leg i el treball col\u00b7laboratiu.<\/span><\/span><\/span><\/span><\/p>\n<table style=\"width: 100%; border: 0px solid #ffffff; border-collapse: collapse;\" cellpadding=\"5\" align=\"absmiddle\">\n<tbody>\n<tr>\n<td style=\"border: 0px solid #ffffff;\" align=\"center\"><img loading=\"lazy\" decoding=\"async\" src=\"http:\/\/agora.xtec.cat\/insllicamunt2\/wp-content\/uploads\/usu1100\/2016\/05\/Tec3.jpg\" alt=\"\" width=\"250\" height=\"183\" \/><\/td>\n<td style=\"border: 0px solid #ffffff;\" align=\"center\"><img loading=\"lazy\" decoding=\"async\" src=\"http:\/\/agora.xtec.cat\/insllicamunt2\/wp-content\/uploads\/usu1100\/2016\/05\/Tec5.jpg\" alt=\"\" width=\"250\" height=\"183\" \/><\/td>\n<td style=\"border: 0px solid #ffffff;\" align=\"center\"><img loading=\"lazy\" decoding=\"async\" src=\"http:\/\/agora.xtec.cat\/insllicamunt2\/wp-content\/uploads\/usu1100\/2016\/05\/projcien3.jpg\" alt=\"\" width=\"250\" height=\"183\" \/><\/td>\n<\/tr>\n<\/tbody>\n<\/table>\n<p>&nbsp;<\/p>\n<p><em><span style=\"font-size: medium;\"><span style=\"font-family: arial,helvetica,sans-serif;\"><span style=\"color: #165878;\"><strong>Projectes interdisciplinaris<br \/>\n<\/strong><\/span><\/span><\/span><\/em><\/p>\n<p>Proves Cangur (1r, 2n, 3r, 4t)<\/p>\n<p>Concurs V\u00eddeo Cient\u00edfic (2n, 3r, 4t)<\/p>\n<p>Prehist\u00f2ria (1r)<\/p>\n<p>Edat Mitjana (2n)<\/p>\n<p>Projecte TAS (3r)<\/p>\n<p>Projecte Atenci\u00f3 (3r)<\/p>\n<p><span style=\"font-size: medium;\"><span style=\"font-family: arial,helvetica,sans-serif;\">Educaci\u00f3 sexual en l&#8217;\u00e0mbit personal i social (3r)<br \/>\n<\/span><\/span><\/p>\n<p>World conflicts (4t)<\/p>\n<p><em><span style=\"font-size: medium;\"><span style=\"font-family: arial,helvetica,sans-serif;\"><span style=\"color: #165878;\"><strong>Projectes de centre<br \/>\n<\/strong><\/span><\/span><\/span><\/em><\/p>\n<p><span style=\"font-size: medium;\"><span style=\"font-family: arial,helvetica,sans-serif;\">Apadrinem el Tenes<\/span><\/span><\/p>\n<p><span style=\"font-size: medium;\"><span style=\"font-family: arial,helvetica,sans-serif;\">Concurs de Fotografia Matem\u00e0tica<\/span><\/span><\/p>\n<p><span style=\"font-size: medium;\"><span style=\"font-family: arial,helvetica,sans-serif;\">Projecte de Recerca de 4t &#8211; Projecte Alexandria<br \/>\n<\/span><\/span><\/p>\n<p>&nbsp;<\/p>\n<\/div>\n<table style=\"width: 100%; border: 0px solid #ffffff; border-collapse: collapse;\" cellpadding=\"5\" align=\"absmiddle\">\n<tbody>\n<tr>\n<td style=\"border: 0px solid #ffffff;\" align=\"center\"><img loading=\"lazy\" decoding=\"async\" src=\"http:\/\/agora.xtec.cat\/insllicamunt2\/wp-content\/uploads\/usu1100\/2016\/05\/projcien4.jpg\" alt=\"\" width=\"252\" height=\"189\" \/><\/td>\n<td style=\"border: 0px solid #ffffff;\" align=\"center\"><img loading=\"lazy\" decoding=\"async\" src=\"http:\/\/agora.xtec.cat\/insllicamunt2\/wp-content\/uploads\/usu1100\/2016\/05\/projcien5-e1462859399179.jpg\" alt=\"\" width=\"252\" height=\"189\" \/><\/td>\n<td style=\"border: 0px solid #ffffff;\" align=\"center\"><img loading=\"lazy\" decoding=\"async\" src=\"http:\/\/agora.xtec.cat\/insllicamunt2\/wp-content\/uploads\/usu1100\/2016\/05\/projcien6-e1462859313526.jpg\" alt=\"\" width=\"252\" height=\"189\" \/><\/td>\n<\/tr>\n<\/tbody>\n<\/table>\n<p>&nbsp;<\/p>\n<div align=\"center\">\n<p><img loading=\"lazy\" decoding=\"async\" src=\"http:\/\/agora.xtec.cat\/insllicamunt2\/wp-content\/uploads\/usu1100\/2016\/05\/LogoSORT.jpg\" alt=\"\" width=\"140\" height=\"140\" \/><\/p>\n<p align=\"center\"><span style=\"font-size: medium;\"><span style=\"font-family: arial,helvetica,sans-serif;\">El Departament Cient\u00edfic i Tecnol\u00f2gic organitza i promou diverses activitats educatives fora del centre amb l&#8217;objectiu d&#8217;apropar els alumnes a la realitat del seu entorn tot aprofitant els recursos externs permeten millorar i enriquir la qualitat en l&#8217;ensenyament.<br \/>\n<\/span><\/span><\/p>\n<table style=\"width: 100%; border: 0px solid #ffffff; border-collapse: collapse;\" cellpadding=\"5\" align=\"absmiddle\">\n<tbody>\n<tr>\n<td style=\"border: 0px solid #ffffff;\" align=\"center\"><img loading=\"lazy\" decoding=\"async\" src=\"http:\/\/agora.xtec.cat\/insllicamunt2\/wp-content\/uploads\/usu1100\/2016\/05\/tecsort1.jpg\" alt=\"\" width=\"250\" height=\"183\" \/><\/td>\n<td style=\"border: 0px solid #ffffff;\" align=\"center\"><img loading=\"lazy\" decoding=\"async\" src=\"http:\/\/agora.xtec.cat\/insllicamunt2\/wp-content\/uploads\/usu1100\/2016\/05\/tecsort3.jpg\" alt=\"\" width=\"250\" height=\"183\" \/><\/td>\n<td style=\"border: 0px solid #ffffff;\" align=\"center\"><img loading=\"lazy\" decoding=\"async\" src=\"http:\/\/agora.xtec.cat\/insllicamunt2\/wp-content\/uploads\/usu1100\/2016\/05\/tecsort4.jpg\" alt=\"\" width=\"250\" height=\"183\" \/><\/td>\n<\/tr>\n<\/tbody>\n<\/table>\n<\/div>\n<table style=\"width: 100%; border: 0px solid #ffffff; border-collapse: collapse;\" cellpadding=\"5\" align=\"absmiddle\">\n<tbody>\n<tr>\n<td style=\"border: 0px solid #ffffff;\" align=\"center\"><img loading=\"lazy\" decoding=\"async\" src=\"http:\/\/agora.xtec.cat\/insllicamunt2\/wp-content\/uploads\/usu1100\/2016\/05\/sortcien1.jpg\" alt=\"\" width=\"252\" height=\"189\" \/><\/td>\n<td style=\"border: 0px solid #ffffff;\" align=\"center\"><img loading=\"lazy\" decoding=\"async\" src=\"http:\/\/agora.xtec.cat\/insllicamunt2\/wp-content\/uploads\/usu1100\/2016\/05\/sortcien2.jpg\" alt=\"\" width=\"252\" height=\"189\" \/><\/td>\n<td style=\"border: 0px solid #ffffff;\" align=\"center\"><img loading=\"lazy\" decoding=\"async\" src=\"http:\/\/agora.xtec.cat\/insllicamunt2\/wp-content\/uploads\/usu1100\/2016\/05\/sortcien3.jpg\" alt=\"\" width=\"252\" height=\"189\" \/><\/td>\n<\/tr>\n<\/tbody>\n<\/table>\n<p>&nbsp;<\/p>\n","protected":false},"excerpt":{"rendered":"<p>&nbsp;<\/p>\n<p>L&#8217;Institut Hip\u00e0tia d&#8217;Alexandria ha considerat apropiat agrupar en un \u00fanic \u00e0mbit les \u00e0rees de Biologia i Geologia, de F\u00edsica i Qu\u00edmica, de Matem\u00e0tiques, de Tecnologies i d&#8217;Inform\u00e0tica amb la intenci\u00f3 d&#8217;afavorir la coordinaci\u00f3 entre els \u00e0mbits matem\u00e0tic i cient\u00edficotecnol\u00f2gic per a capacitar als alumnes a&hellip;  <a href=\"https:\/\/agora.xtec.cat\/insllicamunt2\/departaments\/departament-de-ciencies\/\" title=\"Read \u00c0mbit Cient\u00edfic i Tecnol\u00f2gic\">Llegeix m\u00e9s\u00bb<\/a><\/p>\n","protected":false},"author":1,"featured_media":0,"parent":10470,"menu_order":2,"comment_status":"closed","ping_status":"closed","template":"page-templates\/side-menu.php","meta":{"_bbp_topic_count":0,"_bbp_reply_count":0,"_bbp_total_topic_count":0,"_bbp_total_reply_count":0,"_bbp_voice_count":0,"_bbp_anonymous_reply_count":0,"_bbp_topic_count_hidden":0,"_bbp_reply_count_hidden":0,"_bbp_forum_subforum_count":0,"footnotes":""},"class_list":["post-2764","page","type-page","status-publish","hentry"],"post_mailing_queue_ids":[],"_links":{"self":[{"href":"https:\/\/agora.xtec.cat\/insllicamunt2\/wp-json\/wp\/v2\/pages\/2764","targetHints":{"allow":["GET"]}}],"collection":[{"href":"https:\/\/agora.xtec.cat\/insllicamunt2\/wp-json\/wp\/v2\/pages"}],"about":[{"href":"https:\/\/agora.xtec.cat\/insllicamunt2\/wp-json\/wp\/v2\/types\/page"}],"author":[{"embeddable":true,"href":"https:\/\/agora.xtec.cat\/insllicamunt2\/wp-json\/wp\/v2\/users\/1"}],"replies":[{"embeddable":true,"href":"https:\/\/agora.xtec.cat\/insllicamunt2\/wp-json\/wp\/v2\/comments?post=2764"}],"version-history":[{"count":4,"href":"https:\/\/agora.xtec.cat\/insllicamunt2\/wp-json\/wp\/v2\/pages\/2764\/revisions"}],"predecessor-version":[{"id":10517,"href":"https:\/\/agora.xtec.cat\/insllicamunt2\/wp-json\/wp\/v2\/pages\/2764\/revisions\/10517"}],"up":[{"embeddable":true,"href":"https:\/\/agora.xtec.cat\/insllicamunt2\/wp-json\/wp\/v2\/pages\/10470"}],"wp:attachment":[{"href":"https:\/\/agora.xtec.cat\/insllicamunt2\/wp-json\/wp\/v2\/media?parent=2764"}],"curies":[{"name":"wp","href":"https:\/\/api.w.org\/{rel}","templated":true}]}}