{"id":2754,"date":"2016-05-04T12:20:00","date_gmt":"2016-05-04T11:20:00","guid":{"rendered":"http:\/\/agora.xtec.cat\/insllicamunt2\/intraweb\/pla-lector-de-centre\/"},"modified":"2016-06-03T10:13:10","modified_gmt":"2016-06-03T08:13:10","slug":"pla-lector-de-centre","status":"publish","type":"page","link":"https:\/\/agora.xtec.cat\/insllicamunt2\/institut-hipatia-dalexandria\/pla-lector-de-centre\/","title":{"rendered":"Pla Lector de Centre"},"content":{"rendered":"<p>&nbsp;<\/p>\n<div align=\"center\">\n<p style=\"text-align: justify;\"><em><span style=\"font-size: medium;\"><span style=\"font-family: arial,helvetica,sans-serif;\"><span style=\"color: #165878;\"><strong>Descripci\u00f3<\/strong><\/span><\/span><\/span><\/em><\/p>\n<p style=\"text-align: justify;\"><span style=\"font-size: medium;\"><span style=\"font-family: arial,helvetica,sans-serif;\">El PLEC \u00e9s un document adre\u00e7at a tota la comunitat educativa que t\u00e9 com a objectiu millorar les compet\u00e8ncies comunicatives.<\/span><\/span><\/p>\n<p style=\"text-align: justify;\"><span style=\"font-size: medium;\"><span style=\"font-family: arial,helvetica,sans-serif;\">Aquest document \u00e9s una eina viva que conviu amb el dia a dia del centre m\u00e9s enll\u00e0 de les classes i del propi horari, inclou la intervenci\u00f3 de les fam\u00edlies i esdev\u00e9 un projecte acollidor del proc\u00e9s d\u2019aprenentatge i maduraci\u00f3 personal.<\/span><\/span><\/p>\n<p style=\"text-align: justify;\"><span style=\"font-size: medium;\"><span style=\"font-family: arial,helvetica,sans-serif;\">La biblioteca escolar \u00e9s l\u2019espai f\u00edsic i estructural del centre que permet desenvolupar aquest projecte. <\/span><\/span><span style=\"font-size: medium;\"><span style=\"font-family: arial,helvetica,sans-serif;\"><br \/>\n<\/span><\/span><\/p>\n<p style=\"text-align: justify;\"><em><span style=\"font-size: medium;\"><span style=\"font-family: arial,helvetica,sans-serif;\"><span style=\"color: #165878;\"><strong>Objectius<\/strong><\/span><\/span><\/span><\/em><\/p>\n<ul style=\"list-style-type: circle;\">\n<li style=\"text-align: justify;\"><span style=\"font-size: medium;\"><span style=\"font-family: arial,helvetica,sans-serif;\">Integrar la lectura al centre com un recurs general i necessari d\u2019informaci\u00f3 i aprentatge a totes les \u00e0rees del curr\u00edculum.<\/span><\/span><\/li>\n<li style=\"text-align: justify;\"><span style=\"font-size: medium;\"><span style=\"font-family: arial,helvetica,sans-serif;\">Dinamitzar la compet\u00e8ncia lectora de l\u2019alumnat.<\/span><\/span><\/li>\n<li style=\"text-align: justify;\"><span style=\"font-size: medium;\"><span style=\"font-family: arial,helvetica,sans-serif;\">Fomentar la lectura aut\u00f2noma en l\u2019alumnat.<\/span><\/span><\/li>\n<li style=\"text-align: justify;\"><span style=\"font-size: medium;\"><span style=\"font-family: arial,helvetica,sans-serif;\">Millorar la compet\u00e8ncia d\u2019acc\u00e9s, tractament i \u00fas de la informaci\u00f3.<\/span><\/span><\/li>\n<li style=\"text-align: justify;\"><span style=\"font-size: medium;\"><span style=\"font-family: arial,helvetica,sans-serif;\">Dinamitzar la lectura com una font de plaer personal.<\/span><\/span><\/li>\n<li style=\"text-align: justify;\"><span style=\"font-size: medium;\"><span style=\"font-family: arial,helvetica,sans-serif;\">Coordinar les diferents activitats amb una l\u00ednia conductora de centre.<\/span><\/span><\/li>\n<li style=\"text-align: justify;\"><span style=\"font-size: medium;\"><span style=\"font-family: arial,helvetica,sans-serif;\">Potenciar la funci\u00f3 de la biblioteca escolar com a motor del projecte ling\u00fc\u00edstic i del PLEC.<\/span><\/span><\/li>\n<li style=\"text-align: justify;\"><span style=\"font-size: medium;\"><span style=\"font-family: arial,helvetica,sans-serif;\">Incidir en la relaci\u00f3 amb l\u2019entorn (entitats, biblioteca municipal,\u2026)<\/span><\/span><\/li>\n<li style=\"text-align: justify;\"><span style=\"font-size: medium;\"><span style=\"font-family: arial,helvetica,sans-serif;\">Promoure la formaci\u00f3 del professorat.<\/span><\/span><\/li>\n<li style=\"text-align: justify;\"><span style=\"font-size: medium;\"><span style=\"font-family: arial,helvetica,sans-serif;\">Facilitar l\u2019avaluaci\u00f3 continuada a trav\u00e9s dels indicadors d\u2019avaluaci\u00f3. <\/span><\/span><span style=\"font-size: medium;\"><span style=\"font-family: arial,helvetica,sans-serif;\"><br \/>\n<\/span><\/span><\/li>\n<\/ul>\n<p style=\"text-align: justify;\"><em><span style=\"font-size: medium;\"><span style=\"font-family: arial,helvetica,sans-serif;\"><span style=\"color: #165878;\"><strong>Temporitzaci\u00f3<\/strong><\/span><\/span><\/span><\/em><\/p>\n<p style=\"text-align: justify;\"><span style=\"font-size: medium;\"><span style=\"font-family: arial,helvetica,sans-serif;\">Cada dia, tot el centre atura el ritme habitual per fer mitja hora de lectura. Les modalitats s\u00f3n diferents segons la programaci\u00f3: lectura en silenci, lectura en veu alta, lectura col\u00b7lectiva, i amb diferents suports: paper i digital. Per altra banda, a les \u00e0rees de l\u2019\u00e0mbit ling\u00fc\u00edstic es desenvolupen estrat\u00e8gies de lectura relacionades amb el pla lector de centre amb din\u00e0miques fora del centre per fer lectors cr\u00edtics i constructius. <\/span><\/span><\/p>\n<p style=\"text-align: justify;\"><em><span style=\"font-size: medium;\"><span style=\"font-family: arial,helvetica,sans-serif;\"><span style=\"color: #165878;\"><strong>Cursos destinataris<br \/>\n<\/strong><\/span><\/span><\/span><\/em><\/p>\n<p style=\"text-align: justify;\"><span style=\"font-size: medium;\"><span style=\"font-family: arial,helvetica,sans-serif;\">Tots els alumnes del centre participen del pla lector, aix\u00ed com tot el claustre.<br \/>\n<\/span><\/span><\/p>\n<\/div>\n<table style=\"width: 100%; border: 0px solid #ffffff; border-collapse: collapse;\" cellpadding=\"5\" align=\"absmiddle\">\n<tbody>\n<tr>\n<td style=\"border: 0px solid #ffffff;\" align=\"center\"><img loading=\"lazy\" decoding=\"async\" src=\"http:\/\/agora.xtec.cat\/insllicamunt2\/wp-content\/uploads\/usu1100\/2016\/05\/PLEC1.jpg\" alt=\"\" width=\"252\" height=\"189\" \/><\/td>\n<td style=\"border: 0px solid #ffffff;\" align=\"center\"><img loading=\"lazy\" decoding=\"async\" src=\"http:\/\/agora.xtec.cat\/insllicamunt2\/wp-content\/uploads\/usu1100\/2016\/05\/PLEC2.jpg\" alt=\"\" width=\"252\" height=\"189\" \/><\/td>\n<td style=\"border: 0px solid #ffffff;\" align=\"center\"><img loading=\"lazy\" decoding=\"async\" src=\"http:\/\/agora.xtec.cat\/insllicamunt2\/wp-content\/uploads\/usu1100\/2016\/05\/PLEC3.jpg\" alt=\"\" width=\"252\" height=\"189\" \/><\/td>\n<\/tr>\n<\/tbody>\n<\/table>\n<p style=\"text-align: justify;\"><em><span style=\"font-size: medium;\"><span style=\"font-family: arial,helvetica,sans-serif;\"><span style=\"color: #165878;\"><strong>Acc\u00e9s a les activitats del PLEC<br \/>\n<\/strong><\/span><\/span><\/span><\/em><\/p>\n<p style=\"text-align: justify;\"><span style=\"font-size: medium;\"><span style=\"font-family: arial,helvetica,sans-serif;\">Les activitats desenvolupades durant el PLEC es publiquen a la revista del centre, El Far d&#8217;Hip\u00e0tia, a l&#8217;espai anomenat &#8220;La Biblioteca d&#8217;Alexandria&#8221;. Hi podeu accedir directament fent clic a sobre de la icona seg\u00fcent:<br \/>\n<\/span><\/span><\/p>\n<p style=\"text-align: center;\"><a href=\"http:\/\/agora.xtec.cat\/insllicamunt2\/categoria\/la-biblioteca-dalexandria\/\" target=\"_blank\" rel=\"attachment wp-att-2715\"><img loading=\"lazy\" decoding=\"async\" class=\"aligncenter  wp-image-2715\" src=\"http:\/\/agora.xtec.cat\/insllicamunt2\/wp-content\/uploads\/usu1100\/2016\/05\/logobiblioteca-e1462460768916.jpeg\" alt=\"logobiblioteca\" width=\"259\" height=\"259\" srcset=\"https:\/\/agora.xtec.cat\/insllicamunt2\/wp-content\/uploads\/usu1100\/2016\/05\/logobiblioteca-e1462460768916.jpeg 580w, https:\/\/agora.xtec.cat\/insllicamunt2\/wp-content\/uploads\/usu1100\/2016\/05\/logobiblioteca-e1462460768916-150x150.jpeg 150w, https:\/\/agora.xtec.cat\/insllicamunt2\/wp-content\/uploads\/usu1100\/2016\/05\/logobiblioteca-e1462460768916-300x300.jpeg 300w\" sizes=\"auto, (max-width: 259px) 100vw, 259px\" \/><\/a><\/p>\n","protected":false},"excerpt":{"rendered":"<p>&nbsp;<\/p>\n<p>Descripci\u00f3<br \/>\nEl PLEC \u00e9s un document adre\u00e7at a tota la comunitat educativa que t\u00e9 com a objectiu millorar les compet\u00e8ncies comunicatives.<br \/>\nAquest document \u00e9s una eina viva que conviu amb el dia a dia del centre m\u00e9s enll\u00e0 de les classes i del propi horari, inclou la&hellip;  <a href=\"https:\/\/agora.xtec.cat\/insllicamunt2\/institut-hipatia-dalexandria\/pla-lector-de-centre\/\" title=\"Read Pla Lector de Centre\">Llegeix m\u00e9s\u00bb<\/a><\/p>\n","protected":false},"author":1,"featured_media":0,"parent":2697,"menu_order":11,"comment_status":"closed","ping_status":"closed","template":"page-templates\/side-menu.php","meta":{"_bbp_topic_count":0,"_bbp_reply_count":0,"_bbp_total_topic_count":0,"_bbp_total_reply_count":0,"_bbp_voice_count":0,"_bbp_anonymous_reply_count":0,"_bbp_topic_count_hidden":0,"_bbp_reply_count_hidden":0,"_bbp_forum_subforum_count":0,"footnotes":""},"class_list":["post-2754","page","type-page","status-publish","hentry"],"post_mailing_queue_ids":[],"_links":{"self":[{"href":"https:\/\/agora.xtec.cat\/insllicamunt2\/wp-json\/wp\/v2\/pages\/2754","targetHints":{"allow":["GET"]}}],"collection":[{"href":"https:\/\/agora.xtec.cat\/insllicamunt2\/wp-json\/wp\/v2\/pages"}],"about":[{"href":"https:\/\/agora.xtec.cat\/insllicamunt2\/wp-json\/wp\/v2\/types\/page"}],"author":[{"embeddable":true,"href":"https:\/\/agora.xtec.cat\/insllicamunt2\/wp-json\/wp\/v2\/users\/1"}],"replies":[{"embeddable":true,"href":"https:\/\/agora.xtec.cat\/insllicamunt2\/wp-json\/wp\/v2\/comments?post=2754"}],"version-history":[{"count":4,"href":"https:\/\/agora.xtec.cat\/insllicamunt2\/wp-json\/wp\/v2\/pages\/2754\/revisions"}],"predecessor-version":[{"id":3795,"href":"https:\/\/agora.xtec.cat\/insllicamunt2\/wp-json\/wp\/v2\/pages\/2754\/revisions\/3795"}],"up":[{"embeddable":true,"href":"https:\/\/agora.xtec.cat\/insllicamunt2\/wp-json\/wp\/v2\/pages\/2697"}],"wp:attachment":[{"href":"https:\/\/agora.xtec.cat\/insllicamunt2\/wp-json\/wp\/v2\/media?parent=2754"}],"curies":[{"name":"wp","href":"https:\/\/api.w.org\/{rel}","templated":true}]}}