{"id":2743,"date":"2016-05-04T12:19:59","date_gmt":"2016-05-04T11:19:59","guid":{"rendered":"http:\/\/agora.xtec.cat\/insllicamunt2\/intraweb\/organitzacio\/"},"modified":"2022-09-08T11:09:00","modified_gmt":"2022-09-08T09:09:00","slug":"organitzacio","status":"publish","type":"page","link":"https:\/\/agora.xtec.cat\/insllicamunt2\/linstitut\/organitzacio\/","title":{"rendered":"Organitzaci\u00f3"},"content":{"rendered":"<p><span style=\"font-family: arial, helvetica, sans-serif; font-size: medium; text-align: justify;\">L&#8217;estructura organitzativa de l&#8217;Institut es basa en la definici\u00f3 de blocs de responsabilitat col\u00b7laborativa, amb funcions espec\u00edfiques per\u00f2 interconnectades que treballen en equip per assolir\u00a0 de forma eficient els objectius de centre.<\/span><\/p>\n<div align=\"center\">\n<p align=\"justify\"><em><strong><span style=\"color: #165878;\"><span style=\"font-family: arial,helvetica,sans-serif; font-size: medium;\">Equip Directiu<\/span><\/span><\/strong><\/em><\/p>\n<table>\n<tbody>\n<tr>\n<td><span style=\"font-weight: 400;\">Director i funcions de Cap d\u2019estudis\u00a0<\/span><\/td>\n<td><span style=\"font-weight: 400;\">Santi Llor\u00e0<\/span><\/td>\n<\/tr>\n<tr>\n<td><span style=\"font-weight: 400;\">Cap d\u2019estudis i funcions de Coordinadora pedag\u00f2gica<\/span><\/td>\n<td><span style=\"font-weight: 400;\">Montserrat Palomera<\/span><\/td>\n<\/tr>\n<tr>\n<td><span style=\"font-weight: 400;\">Secretari<\/span><\/td>\n<td><span style=\"font-weight: 400;\">Jorge Gonz\u00e1lez<\/span><\/td>\n<\/tr>\n<\/tbody>\n<\/table>\n<p>&nbsp;<\/p>\n<p align=\"justify\"><em><strong><span style=\"color: #165878;\"><span style=\"font-family: arial,helvetica,sans-serif; font-size: medium;\">Coordinacions unipersonals<\/span><\/span><\/strong><\/em><\/p>\n<table>\n<tbody>\n<tr>\n<td><span style=\"font-weight: 400;\">LIC i Biblioteca<\/span><\/td>\n<td><span style=\"font-weight: 400;\">Carla Mallol<\/span><\/td>\n<\/tr>\n<tr>\n<td><span style=\"font-weight: 400;\">Difusi\u00f3 (Revista, twitter\u2026)<\/span><\/td>\n<td><span style=\"font-weight: 400;\">Miquel Serres<\/span><\/td>\n<\/tr>\n<tr>\n<td><span style=\"font-weight: 400;\">Intercanvis<\/span><\/td>\n<td><span style=\"font-weight: 400;\">Rosana Terol<\/span><\/td>\n<\/tr>\n<tr>\n<td><span style=\"font-weight: 400;\">Riscos laborals<\/span><\/td>\n<td><span style=\"font-weight: 400;\">Tatiana Bolancer<\/span><\/td>\n<\/tr>\n<tr>\n<td><span style=\"font-weight: 400;\">Activitats extraescolars (i dinamitzaci\u00f3 patis)<\/span><\/td>\n<td><span style=\"font-weight: 400;\">Carme Sol\u00e9<\/span><\/td>\n<\/tr>\n<tr>\n<td><span style=\"font-weight: 400;\">TAC<\/span><\/td>\n<td><span style=\"font-weight: 400;\">Sandra Sol\u00e9<\/span><\/td>\n<\/tr>\n<tr>\n<td><span style=\"font-weight: 400;\">Servei comunitari<\/span><\/td>\n<td><span style=\"font-weight: 400;\">Marysol L\u00f3pez<\/span><\/td>\n<\/tr>\n<tr>\n<td><span style=\"font-weight: 400;\">Empreses Amunt<\/span><\/td>\n<td><span style=\"font-weight: 400;\">Tatiana Bolancer<\/span><\/td>\n<\/tr>\n<tr>\n<td><span style=\"font-weight: 400;\">Apadrinament Riu Tenes<\/span><\/td>\n<td><span style=\"font-weight: 400;\">Muntsa Palomera<\/span><\/td>\n<\/tr>\n<tr>\n<td><span style=\"font-weight: 400;\">Musical\u00a0<\/span><\/td>\n<td><span style=\"font-weight: 400;\">Pablo Serrano<\/span><\/td>\n<\/tr>\n<\/tbody>\n<\/table>\n<p align=\"justify\"><span style=\"font-family: arial,helvetica,sans-serif; font-size: medium;\"><em><strong><span style=\"color: #165878;\">Coordinacions<\/span><\/strong><\/em><\/span><\/p>\n<table>\n<tbody>\n<tr>\n<td rowspan=\"2\"><span style=\"font-weight: 400;\">Difusi\u00f3<\/span><\/td>\n<td><span style=\"font-weight: 400;\">Miquel Serres<\/span><\/td>\n<\/tr>\n<tr>\n<td><span style=\"font-weight: 400;\">Equip Directiu<\/span><\/td>\n<\/tr>\n<tr>\n<td rowspan=\"2\"><span style=\"font-weight: 400;\">CLIL<\/span><\/td>\n<td><span style=\"font-weight: 400;\">Marysol L\u00f3pez<\/span><\/td>\n<\/tr>\n<tr>\n<td><span style=\"font-weight: 400;\">Muntsa Palomera<\/span><\/td>\n<\/tr>\n<tr>\n<td rowspan=\"3\"><span style=\"font-weight: 400;\">STEM<\/span><\/td>\n<td><span style=\"font-weight: 400;\">Jorge Gonz\u00e1lez<\/span><\/td>\n<\/tr>\n<tr>\n<td><span style=\"font-weight: 400;\">\u00a0 Helena F\u00e0brega<\/span><\/td>\n<\/tr>\n<tr>\n<td><span style=\"font-weight: 400;\">Sandra Sol\u00e9<\/span><\/td>\n<\/tr>\n<tr>\n<td rowspan=\"2\"><span style=\"font-weight: 400;\">TAC<\/span><\/td>\n<td><span style=\"font-weight: 400;\">Sandra Sol\u00e9<\/span><\/td>\n<\/tr>\n<tr>\n<td><span style=\"font-weight: 400;\">Jorge Gonz\u00e1lez<\/span><\/td>\n<\/tr>\n<tr>\n<td rowspan=\"2\"><span style=\"font-weight: 400;\">Servei comunitari<\/span><\/td>\n<td><span style=\"font-weight: 400;\">Marisol L\u00f3pez<\/span><\/td>\n<\/tr>\n<tr>\n<td><span style=\"font-weight: 400;\">Equip Educatiu de 4t<\/span><\/td>\n<\/tr>\n<tr>\n<td><span style=\"font-weight: 400;\">Comissi\u00f3 Tenes<\/span><\/td>\n<td><span style=\"font-weight: 400;\">Un representant de cada \u00e0mbit.<\/span><\/td>\n<\/tr>\n<tr>\n<td><span style=\"font-weight: 400;\">CAD<\/span><\/td>\n<td><span style=\"font-weight: 400;\">Tatiana, Muntsa <\/span><span style=\"font-weight: 400;\">i \u2014&#8212; (EAP)<\/span><\/td>\n<\/tr>\n<tr>\n<td><span style=\"font-weight: 400;\">Comissi\u00f3 social<\/span><\/td>\n<td><span style=\"font-weight: 400;\">Tatiana, Muntsa, Santi, EAP i representant dels Serveis Socials quan escau<\/span><\/td>\n<\/tr>\n<tr>\n<td><span style=\"font-weight: 400;\">Coordinaci\u00f3 tutors (dins EE)<\/span><\/td>\n<td><span style=\"font-weight: 400;\">-2n: Jorge, Mar\u00eda Jose i MariCarmen<\/span><\/p>\n<p><span style=\"font-weight: 400;\">-3r. Santi, Tatiana, Helena, Sergio<\/span><\/p>\n<p><span style=\"font-weight: 400;\">-4t: Muntsa, Tatiana, Carla, Pepa<\/span><\/td>\n<\/tr>\n<tr>\n<td><span style=\"font-weight: 400;\">Comissi\u00f3 Conviv\u00e8ncia<\/span><\/td>\n<td><span style=\"font-weight: 400;\">Rosana, Santi, Tatiana<\/span><\/td>\n<\/tr>\n<tr>\n<td><span style=\"font-weight: 400;\">Comissi\u00f3 Fusi\u00f3<\/span><\/td>\n<td><span style=\"font-weight: 400;\">PENDENT QUE PUGUIN APAR\u00c8IXER NOVES INSTRUCCIONS<\/span><\/td>\n<\/tr>\n<\/tbody>\n<\/table>\n<p align=\"justify\"><em><strong><span style=\"color: #165878;\"><span style=\"font-family: arial,helvetica,sans-serif; font-size: medium;\">Departaments Did\u00e0ctics<\/span><\/span><\/strong><\/em><\/p>\n<table>\n<tbody>\n<tr>\n<td><b>\u00c0mbits<\/b><\/td>\n<td><b>Caps d\u2019\u00e0mbit<\/b><\/td>\n<td><b>Membres de l\u2019\u00e0mbit<\/b><\/td>\n<\/tr>\n<tr>\n<td rowspan=\"6\"><b>LING\u00dc\u00cdSTIC<\/b><\/td>\n<td rowspan=\"6\"><span style=\"font-weight: 400;\">Santi Llor\u00e0<\/span><\/td>\n<td><span style=\"font-weight: 400;\">Santi Llor\u00e0<\/span><\/td>\n<\/tr>\n<tr>\n<td><span style=\"font-weight: 400;\">Carla Mallol<\/span><\/td>\n<\/tr>\n<tr>\n<td><span style=\"font-weight: 400;\">Rosana Terol<\/span><\/td>\n<\/tr>\n<tr>\n<td><span style=\"font-weight: 400;\">Marisol L\u00f3pez<\/span><\/td>\n<\/tr>\n<tr>\n<td><span style=\"font-weight: 400;\">M Carmen Rodr\u00edguez<\/span><\/td>\n<\/tr>\n<tr>\n<td><span style=\"font-weight: 400;\">Paula Mart\u00edn<\/span><\/td>\n<\/tr>\n<tr>\n<td rowspan=\"4\"><b>SOCIAL<\/b><\/td>\n<td rowspan=\"4\"><span style=\"font-weight: 400;\">Muntsa Palomera<\/span><\/td>\n<td><span style=\"font-weight: 400;\">Muntsa Palomera<\/span><\/td>\n<\/tr>\n<tr>\n<td><span style=\"font-weight: 400;\">Mar\u00eda Jos\u00e9 Rueda<\/span><\/td>\n<\/tr>\n<tr>\n<td><span style=\"font-weight: 400;\">Tatiana Bolancer<\/span><\/td>\n<\/tr>\n<tr>\n<td><span style=\"font-weight: 400;\">Miquel Serres<\/span><\/td>\n<\/tr>\n<tr>\n<td rowspan=\"3\"><b>EXPRESSI\u00d3<\/b><\/td>\n<td rowspan=\"3\"><span style=\"font-weight: 400;\">Anna Fabregat<\/span><\/td>\n<td><span style=\"font-weight: 400;\">Carme Sol\u00e9<\/span><\/td>\n<\/tr>\n<tr>\n<td><span style=\"font-weight: 400;\">Anna Fabregat<\/span><\/td>\n<\/tr>\n<tr>\n<td><span style=\"font-weight: 400;\">Pablo Serrano<\/span><\/td>\n<\/tr>\n<tr>\n<td rowspan=\"6\"><b>CIENT\u00cdFICO-TECNOL\u00d2GIC i MATEM\u00c0TIC<\/b><\/td>\n<td rowspan=\"6\"><span style=\"font-weight: 400;\">Jorge Gonz\u00e1lez<\/span><\/td>\n<td><span style=\"font-weight: 400;\">Helena F\u00e0brega<\/span><\/td>\n<\/tr>\n<tr>\n<td><span style=\"font-weight: 400;\">Jorge Gonz\u00e1lez<\/span><\/td>\n<\/tr>\n<tr>\n<td><span style=\"font-weight: 400;\">Julia Bernal<\/span><\/td>\n<\/tr>\n<tr>\n<td><span style=\"font-weight: 400;\">Sandra Sol\u00e9<\/span><\/td>\n<\/tr>\n<tr>\n<td><span style=\"font-weight: 400;\">Sergio Sierras<\/span><\/td>\n<\/tr>\n<tr>\n<td><span style=\"font-weight: 400;\">Pepa Marcos<\/span><\/td>\n<\/tr>\n<\/tbody>\n<\/table>\n<p align=\"justify\"><em><strong><span style=\"color: #165878;\"><span style=\"font-family: arial,helvetica,sans-serif; font-size: medium;\">Equips Docents<\/span><\/span><\/strong><\/em><\/p>\n<p style=\"text-align: justify;\"><strong><span style=\"font-family: arial,helvetica,sans-serif; font-size: medium;\"><em>Equip educatiu de Segon:\u00a0<\/em><\/span><\/strong><\/p>\n<p><strong>Tutoria: Maria Carme Rodr\u00edguez i Maria Jos\u00e9 Rueda<\/strong><\/p>\n<p>Comunicaci\u00f3 llengua anglesa: Marisol L\u00f3pez<\/p>\n<p><span style=\"font-weight: 400;\">Ci\u00e8ncies Socials: Maria Jos\u00e9 Rueda<\/span><\/p>\n<p><span style=\"font-weight: 400;\">Educaci\u00f3 F\u00edsica: Carme Sol\u00e9<\/span><\/p>\n<p><span style=\"font-weight: 400;\">F\u00edsica-Qu\u00edmica (STEM): Jorge Gonz\u00e1lez<\/span><\/p>\n<p><span style=\"font-weight: 400;\">Comunicaci\u00f3 llengua castellana: Mari Carmen Rodr\u00edguez<br \/>\n<\/span><\/p>\n<p><span style=\"font-weight: 400;\">Comunicaci\u00f3 llengua catalana: Carla Mallol<\/span><\/p>\n<p><span style=\"font-weight: 400;\">Matem\u00e0tiques: Julia Bernal<\/span><\/p>\n<p><span style=\"font-weight: 400;\">M\u00fasica: Pablo Serrano<\/span><\/p>\n<p style=\"text-align: center;\"><span style=\"font-family: arial,helvetica,sans-serif; font-size: medium;\"><span style=\"font-weight: 400;\">STEM: Sandra Sol\u00e9, Jorge Gonz\u00e1lez i Helena F\u00e0brega<br \/>\n<\/span><\/span><\/p>\n<p style=\"text-align: center;\">Projecte Hip\u00e0tia: Tatiana Bolancer<\/p>\n<p>Alemany: Rosana Terol<\/p>\n<p>Lectura: Mari Carmen Rodr\u00edguez<\/p>\n<p>Joc i Creaci\u00f3:<\/p>\n<p style=\"text-align: justify;\"><strong><span style=\"font-family: arial,helvetica,sans-serif; font-size: medium;\"><em>Equip educatiu de Tercer:\u00a0<\/em><\/span><\/strong><\/p>\n<p><strong>Tutoria: Helena F\u00e0brega i Sergio Sierras<\/strong><\/p>\n<p><span style=\"font-weight: 400;\">Comunicaci\u00f3 llengua anglesa: Rosana Terol<\/span><\/p>\n<p><span style=\"font-weight: 400;\">Biologia-Geologia: Sergio Sierras<br \/>\n<\/span><\/p>\n<p><span style=\"font-weight: 400;\">Ci\u00e8ncies Socials: Maria Jos\u00e9 Rueda<\/span><\/p>\n<p><span style=\"font-weight: 400;\">Educaci\u00f3 F\u00edsica: Carme Sol\u00e9<\/span><\/p>\n<p><span style=\"font-weight: 400;\">F\u00edsica-Qu\u00edmica: Helena F\u00e0brega<\/span><\/p>\n<p><span style=\"font-weight: 400;\">Comunicaci\u00f3 llengua castellana: Paula Mart\u00edn<\/span><\/p>\n<p><span style=\"font-weight: 400;\">Comunicaci\u00f3 llengua catalana: Carla Mallol<\/span><\/p>\n<p><span style=\"font-weight: 400;\">Matem\u00e0tiques: Pepa Marcos<br \/>\n<\/span><\/p>\n<p><span style=\"font-weight: 400;\">M\u00fasica: Pablo Serrano<\/span><\/p>\n<p><span style=\"font-weight: 400;\">Tecnologies: Sandra Sol\u00e9<br \/>\n<\/span><\/p>\n<p><span style=\"font-weight: 400;\">Visual i Pl\u00e0stica: Anna Fabregat<\/span><\/p>\n<p>Alemany: Rosana Terol<\/p>\n<p>Viure i conviure en valors: Miquel Serres<\/p>\n<p>Conjunt instrumental: Pablo Serrano<\/p>\n<p>&nbsp;<\/p>\n<p align=\"justify\"><strong><span style=\"font-family: arial,helvetica,sans-serif; font-size: medium;\"><em>Equip educatiu de Quart:\u00a0<\/em><\/span><\/strong><\/p>\n<p style=\"text-align: center;\" align=\"justify\"><strong>Tutores: Pepa Marcos i Carla Mallol<\/strong><\/p>\n<p><b><i>Comunes:<\/i><\/b><\/p>\n<p><span style=\"font-weight: 400;\">Comunicaci\u00f3 llengua anglesa: Marisol L\u00f3pez<\/span><\/p>\n<p><span style=\"font-weight: 400;\">Ci\u00e8ncies Socials: Montserrat Palomera<\/span><\/p>\n<p><span style=\"font-weight: 400;\">Educaci\u00f3 F\u00edsica: Carme Sol\u00e9<\/span><\/p>\n<p><span style=\"font-weight: 400;\">Comunicaci\u00f3 llengua castellana: Mari Carmen Rodr\u00edguez<\/span><\/p>\n<p><span style=\"font-weight: 400;\">Comunicaci\u00f3 llengua catalana: Carla Mallol<\/span><\/p>\n<p><span style=\"font-weight: 400;\">Matem\u00e0tiques: Pepa Marcos<\/span><\/p>\n<p><span style=\"font-weight: 400;\">Projecte Alexandria: (Projecte de Recerca), Marysol L\u00f3pez (Servei Comunitari)<\/span><\/p>\n<p><b><i>Modalitat:<\/i><\/b><\/p>\n<p><span style=\"font-weight: 400;\">Biologia i geologia: Sergio Sierras<br \/>\n<\/span><\/p>\n<\/div>\n<div align=\"center\">\n<p><span style=\"font-weight: 400;\">Economia: Mar\u00eda Jos\u00e9 Rueda<\/span><\/p>\n<p><span style=\"font-weight: 400;\">Filosofia: Carla Mallol<\/span><\/p>\n<p><span style=\"font-weight: 400;\">F\u00edsica i Qu\u00edmica: Helena F\u00e0brega<\/span><\/p>\n<p><span style=\"font-weight: 400;\">Tecnologies de la informaci\u00f3: Jorge Gonz\u00e1lez<\/span><\/p>\n<p><span style=\"font-weight: 400;\">M\u00fasica: Pablo Serrano<\/span><\/p>\n<p><span style=\"font-weight: 400;\">Tecnologia: Sandra Sol\u00e9<\/span><\/p>\n<p style=\"text-align: center;\" align=\"justify\">Comunicaci\u00f3 llengua alemanya: Rosana Terol<\/p>\n<p style=\"text-align: center;\" align=\"justify\"><span style=\"font-weight: 400;\"> VIP: Anna Fabregat<\/span><\/p>\n<p align=\"justify\">\n<p align=\"justify\"><span style=\"font-family: arial,helvetica,sans-serif; font-size: medium;\"><span style=\"color: #165878;\"><strong><em>Personal d&#8217;Administraci\u00f3 i Serveis (PAS)<\/em><\/strong><\/span><br \/>\n<\/span><\/p>\n<table>\n<tbody>\n<tr>\n<td><b>Administrativa<\/b><\/td>\n<td><span style=\"font-weight: 400;\">M\u00edriam M.<\/span><\/td>\n<\/tr>\n<tr>\n<td><b>Conserge<\/b><\/td>\n<td><span style=\"font-weight: 400;\">Montse Febrer\u00a0<\/span><\/td>\n<\/tr>\n<\/tbody>\n<\/table>\n<p align=\"justify\"><span style=\"color: #165878;\"><em><strong><span style=\"font-family: arial,helvetica,sans-serif; font-size: medium;\">Comunitat Educativa<\/span><\/strong><\/em><\/span><\/p>\n<table>\n<tbody>\n<tr>\n<td><b>\u00d2rgan<\/b><\/td>\n<td><b>Membre<\/b><\/td>\n<td><b>Sector<\/b><\/td>\n<\/tr>\n<tr>\n<td rowspan=\"13\"><b>Consell Escolar<\/b><\/td>\n<td><span style=\"font-weight: 400;\">N\u00faria Garc\u00eda Caballero<\/span><\/td>\n<td rowspan=\"3\"><span style=\"font-weight: 400;\">Alumnes<\/span><\/td>\n<\/tr>\n<tr>\n<td><span style=\"font-weight: 400;\">Jihane Ganouni<\/span><\/td>\n<\/tr>\n<tr>\n<td><span style=\"font-weight: 400;\">Joel Garc\u00eda Cuadriello<\/span><\/td>\n<\/tr>\n<tr>\n<td><span style=\"font-weight: 400;\">Juan Antonio Mart\u00ednez<\/span><\/td>\n<td><span style=\"font-weight: 400;\">AMPA<\/span><\/td>\n<\/tr>\n<tr>\n<td><span style=\"font-weight: 400;\">Fran S\u00e0nchez<\/span><\/td>\n<td><span style=\"font-weight: 400;\">Ajuntament<\/span><\/td>\n<\/tr>\n<tr>\n<td><span style=\"font-weight: 400;\">Tatiana Bolancer<\/span><\/td>\n<td rowspan=\"4\"><span style=\"font-weight: 400;\">Professorat<\/span><\/td>\n<\/tr>\n<tr>\n<td><span style=\"font-weight: 400;\">Carla Mallol<\/span><\/td>\n<\/tr>\n<tr>\n<td><span style=\"font-weight: 400;\">Carme Sol\u00e9<\/span><\/td>\n<\/tr>\n<tr>\n<td><span style=\"font-weight: 400;\">Rosana Terol\u00a0<\/span><\/td>\n<\/tr>\n<tr>\n<td><span style=\"font-weight: 400;\">Santi Llor\u00e0<\/span><\/td>\n<td rowspan=\"2\"><span style=\"font-weight: 400;\">Direcci\u00f3<\/span><\/td>\n<\/tr>\n<tr>\n<td><span style=\"font-weight: 400;\">Montserrat Palomera<\/span><\/td>\n<\/tr>\n<tr>\n<td><span style=\"font-weight: 400;\">Jorge Gonz\u00e1lez<\/span><\/td>\n<td><span style=\"font-weight: 400;\">Secretari<\/span><\/td>\n<\/tr>\n<tr>\n<td><span style=\"font-weight: 400;\">Montse Febrer<\/span><\/td>\n<td><span style=\"font-weight: 400;\">PAS<\/span><\/td>\n<\/tr>\n<tr>\n<td rowspan=\"3\"><b>AMPA<\/b><\/td>\n<td><span style=\"font-weight: 400;\">Sara Caballero<\/span><\/td>\n<td><span style=\"font-weight: 400;\">Presidenta<\/span><\/td>\n<\/tr>\n<tr>\n<td><span style=\"font-weight: 400;\">Olga Riquelme<\/span><\/td>\n<td><span style=\"font-weight: 400;\">Tresorera<\/span><\/td>\n<\/tr>\n<tr>\n<td><span style=\"font-weight: 400;\">Mari Carmen Mas<\/span><\/td>\n<td><span style=\"font-weight: 400;\">Secretaria<\/span><\/td>\n<\/tr>\n<tr>\n<td rowspan=\"3\"><b>T\u00e8cniques municipals<\/b><\/td>\n<td><span style=\"font-weight: 400;\">Maria Larinto\u00a0<\/span><\/td>\n<td><span style=\"font-weight: 400;\">Serveis socials<\/span><\/td>\n<\/tr>\n<tr>\n<td><span style=\"font-weight: 400;\">S\u00edlvia Mateu Arnau i M\u00edriam Ferr\u00e9<\/span><\/td>\n<td><span style=\"font-weight: 400;\">Educaci\u00f3<\/span><\/td>\n<\/tr>\n<tr>\n<td><span style=\"font-weight: 400;\">Xavier Junqueras i Arantxa Campos<\/span><\/td>\n<td><span style=\"font-weight: 400;\">Medi Ambient<\/span><\/td>\n<\/tr>\n<tr>\n<td><b>CRP<\/b><\/td>\n<td><span style=\"font-weight: 400;\">Sandra Gay<\/span><\/td>\n<td><span style=\"font-weight: 400;\">Directora CRP<\/span><\/td>\n<\/tr>\n<tr>\n<td><b>Coordinador LIC<\/b><\/td>\n<td><span style=\"font-weight: 400;\">Josep Vila<\/span><\/td>\n<td><span style=\"font-weight: 400;\">CRP<\/span><\/td>\n<\/tr>\n<tr>\n<td><b>Inspecci\u00f3 educativa<\/b><\/td>\n<td><span style=\"font-weight: 400;\">\u2014&#8212;&#8211;<\/span><\/td>\n<td><span style=\"font-weight: 400;\">Inspecci\u00f3<\/span><\/td>\n<\/tr>\n<tr>\n<td rowspan=\"2\"><b>EAP<\/b><\/td>\n<td><span style=\"font-weight: 400;\">\u2014&#8212;&#8211;<\/span><\/td>\n<td><span style=\"font-weight: 400;\">EAP<\/span><\/td>\n<\/tr>\n<tr>\n<td><span style=\"font-weight: 400;\">Maite Carbonero<\/span><\/td>\n<td><span style=\"font-weight: 400;\">Treballadora Social EAP<\/span><\/td>\n<\/tr>\n<tr>\n<td><b>Vetlladora<\/b><\/td>\n<td><span style=\"font-weight: 400;\">Tibisay Castellano<\/span><\/td>\n<td><span style=\"font-weight: 400;\">Suport Educatiu<\/span><\/td>\n<\/tr>\n<\/tbody>\n<\/table>\n<\/div>\n<p>&nbsp;<\/p>\n","protected":false},"excerpt":{"rendered":"<p>L&#8217;estructura organitzativa de l&#8217;Institut es basa en la definici\u00f3 de blocs de responsabilitat col\u00b7laborativa, amb funcions espec\u00edfiques per\u00f2 interconnectades que treballen en equip per assolir\u00a0 de forma eficient els objectius de centre.<\/p>\n<p>Equip Directiu<\/p>\n<p>Director i funcions de Cap d\u2019estudis\u00a0<br \/>\nSanti Llor\u00e0<\/p>\n<p>Cap d\u2019estudis i funcions de Coordinadora pedag\u00f2gica<br \/>\nMontserrat&hellip;  <a href=\"https:\/\/agora.xtec.cat\/insllicamunt2\/linstitut\/organitzacio\/\" title=\"Read Organitzaci\u00f3\">Llegeix m\u00e9s\u00bb<\/a><\/p>\n","protected":false},"author":1,"featured_media":0,"parent":10464,"menu_order":5,"comment_status":"closed","ping_status":"closed","template":"page-templates\/side-menu.php","meta":{"_bbp_topic_count":0,"_bbp_reply_count":0,"_bbp_total_topic_count":0,"_bbp_total_reply_count":0,"_bbp_voice_count":0,"_bbp_anonymous_reply_count":0,"_bbp_topic_count_hidden":0,"_bbp_reply_count_hidden":0,"_bbp_forum_subforum_count":0,"footnotes":""},"class_list":["post-2743","page","type-page","status-publish","hentry"],"post_mailing_queue_ids":[],"_links":{"self":[{"href":"https:\/\/agora.xtec.cat\/insllicamunt2\/wp-json\/wp\/v2\/pages\/2743","targetHints":{"allow":["GET"]}}],"collection":[{"href":"https:\/\/agora.xtec.cat\/insllicamunt2\/wp-json\/wp\/v2\/pages"}],"about":[{"href":"https:\/\/agora.xtec.cat\/insllicamunt2\/wp-json\/wp\/v2\/types\/page"}],"author":[{"embeddable":true,"href":"https:\/\/agora.xtec.cat\/insllicamunt2\/wp-json\/wp\/v2\/users\/1"}],"replies":[{"embeddable":true,"href":"https:\/\/agora.xtec.cat\/insllicamunt2\/wp-json\/wp\/v2\/comments?post=2743"}],"version-history":[{"count":3,"href":"https:\/\/agora.xtec.cat\/insllicamunt2\/wp-json\/wp\/v2\/pages\/2743\/revisions"}],"predecessor-version":[{"id":13078,"href":"https:\/\/agora.xtec.cat\/insllicamunt2\/wp-json\/wp\/v2\/pages\/2743\/revisions\/13078"}],"up":[{"embeddable":true,"href":"https:\/\/agora.xtec.cat\/insllicamunt2\/wp-json\/wp\/v2\/pages\/10464"}],"wp:attachment":[{"href":"https:\/\/agora.xtec.cat\/insllicamunt2\/wp-json\/wp\/v2\/media?parent=2743"}],"curies":[{"name":"wp","href":"https:\/\/api.w.org\/{rel}","templated":true}]}}