{"id":10932,"date":"2020-01-22T11:01:01","date_gmt":"2020-01-22T10:01:01","guid":{"rendered":"http:\/\/agora.xtec.cat\/insllicamunt2\/?page_id=10932"},"modified":"2020-01-22T11:11:19","modified_gmt":"2020-01-22T10:11:19","slug":"educacio-fisica","status":"publish","type":"page","link":"https:\/\/agora.xtec.cat\/insllicamunt2\/secretaria\/convalidacio-ef-musica\/educacio-fisica\/","title":{"rendered":"Educaci\u00f3 F\u00edsica"},"content":{"rendered":"<header class=\"entry-header\">\n<h1 class=\"entry-title\">Educaci\u00f3 f\u00edsica<\/h1>\n<\/header>\n<div class=\"entry-content\">\n<h4><strong>Simultane\u00eftat d\u2019estudis amb pr\u00e0ctica intensiva d\u2019esport<\/strong><\/h4>\n<p><b><i>Mat\u00e8ries convalidables<\/i><\/b><\/p>\n<p>Els alumnes d\u2019ESO i batxillerat amb dedicaci\u00f3 significativa a l\u2019esport avalada pel Consell Catal\u00e0 de l\u2019Esport, poden sol\u00b7licitar que se\u2019ls apliqui un pla individualitzat que inclogui el reconeixement de la mat\u00e8ria d\u2019educaci\u00f3 f\u00edsica i d\u2019algunes mat\u00e8ries optatives durant l\u2019etapa d\u2019ESO.<\/p>\n<p>No s\u00f3n convalidables les mat\u00e8ries de Cultura i Valors \u00c8tics i de Religi\u00f3, el Treball de S\u00edntesi (de primer a tercer) ni el Projecte de Recerca de quart curs.<\/p>\n<p>Pels alumnes que fan ESO i en casos excepcionals en qu\u00e8 les circumst\u00e0ncies individuals de l\u2019alumne i la seva dedicaci\u00f3 intensiva a l\u2019esport aix\u00ed ho justifiquin, amb una dedicaci\u00f3 hor\u00e0ria de m\u00e9s de 9 hores setmanals d\u2019entrenament , l\u2019alumne pot sol\u00b7licitar un pla individualitzat que comporti el reconeixement de la mat\u00e8ria d\u2019educaci\u00f3 f\u00edsica.<\/p>\n<p><b><i>Documentaci\u00f3 que cal presentar\u00a0<\/i><\/b><\/p>\n<ul>\n<li>Impr\u00e8s de sol\u00b7licitud de Pla Individualitzat per al reconeixement de l\u2019Educaci\u00f3 f\u00edsica <a href=\"https:\/\/agora.xtec.cat\/insllicamunt2\/wp-content\/uploads\/usu1100\/2020\/01\/Esport.pdf\" target=\"_blank\" rel=\"noopener noreferrer\">(model SEFESO)<\/a><\/li>\n<li>Certificaci\u00f3 expedida Certificat del Consell Catal\u00e0 de l\u2019Esport (els alumnes poden obtenir aquest certificat quan siguin esportistes que figuren en el programa de tecnificaci\u00f3 ARC de la federaci\u00f3 catalana corresponent), o b\u00e9 certificat del Club o Federaci\u00f3 en el qual hi consti el nombre d\u2019hores setmanals d\u2019entrenament.<\/li>\n<\/ul>\n<p><b><i>Proc\u00e9s de convalidaci\u00f3<\/i><\/b><\/p>\n<ul>\n<li>Quan es presenti la documentaci\u00f3 a la secretaria del centre es far\u00e0 registre d\u2019entrada i se\u2019n lliurar\u00e0 una c\u00f2pia a la fam\u00edlia<\/li>\n<li>L\u2019alumne\/a haur\u00e0 de continuar assistint a classe fins que se li faci arribar la resoluci\u00f3 per part de la direcci\u00f3 del centre.<\/li>\n<li>L\u2019alumne podr\u00e0 fer \u00fas de la biblioteca o d\u2019una aula per fer feina lectiva autogestionada durant les hores convalidades.<\/li>\n<\/ul>\n<\/div>\n","protected":false},"excerpt":{"rendered":"<p>Educaci\u00f3 f\u00edsica<\/p>\n<p>Simultane\u00eftat d\u2019estudis amb pr\u00e0ctica intensiva d\u2019esport<br \/>\nMat\u00e8ries convalidables<br \/>\nEls alumnes d\u2019ESO i batxillerat amb dedicaci\u00f3 significativa a l\u2019esport avalada pel Consell Catal\u00e0 de l\u2019Esport, poden sol\u00b7licitar que se\u2019ls apliqui un pla individualitzat que inclogui el reconeixement de la mat\u00e8ria d\u2019educaci\u00f3 f\u00edsica i d\u2019algunes mat\u00e8ries optatives durant&hellip;  <a href=\"https:\/\/agora.xtec.cat\/insllicamunt2\/secretaria\/convalidacio-ef-musica\/educacio-fisica\/\" title=\"Read Educaci\u00f3 F\u00edsica\">Llegeix m\u00e9s\u00bb<\/a><\/p>\n","protected":false},"author":1,"featured_media":0,"parent":10390,"menu_order":30,"comment_status":"closed","ping_status":"closed","template":"page-templates\/side-menu.php","meta":{"_bbp_topic_count":0,"_bbp_reply_count":0,"_bbp_total_topic_count":0,"_bbp_total_reply_count":0,"_bbp_voice_count":0,"_bbp_anonymous_reply_count":0,"_bbp_topic_count_hidden":0,"_bbp_reply_count_hidden":0,"_bbp_forum_subforum_count":0,"footnotes":""},"class_list":["post-10932","page","type-page","status-publish","hentry"],"post_mailing_queue_ids":[],"_links":{"self":[{"href":"https:\/\/agora.xtec.cat\/insllicamunt2\/wp-json\/wp\/v2\/pages\/10932","targetHints":{"allow":["GET"]}}],"collection":[{"href":"https:\/\/agora.xtec.cat\/insllicamunt2\/wp-json\/wp\/v2\/pages"}],"about":[{"href":"https:\/\/agora.xtec.cat\/insllicamunt2\/wp-json\/wp\/v2\/types\/page"}],"author":[{"embeddable":true,"href":"https:\/\/agora.xtec.cat\/insllicamunt2\/wp-json\/wp\/v2\/users\/1"}],"replies":[{"embeddable":true,"href":"https:\/\/agora.xtec.cat\/insllicamunt2\/wp-json\/wp\/v2\/comments?post=10932"}],"version-history":[{"count":1,"href":"https:\/\/agora.xtec.cat\/insllicamunt2\/wp-json\/wp\/v2\/pages\/10932\/revisions"}],"predecessor-version":[{"id":10936,"href":"https:\/\/agora.xtec.cat\/insllicamunt2\/wp-json\/wp\/v2\/pages\/10932\/revisions\/10936"}],"up":[{"embeddable":true,"href":"https:\/\/agora.xtec.cat\/insllicamunt2\/wp-json\/wp\/v2\/pages\/10390"}],"wp:attachment":[{"href":"https:\/\/agora.xtec.cat\/insllicamunt2\/wp-json\/wp\/v2\/media?parent=10932"}],"curies":[{"name":"wp","href":"https:\/\/api.w.org\/{rel}","templated":true}]}}