{"id":10930,"date":"2020-01-22T10:58:55","date_gmt":"2020-01-22T09:58:55","guid":{"rendered":"http:\/\/agora.xtec.cat\/insllicamunt2\/?page_id=10930"},"modified":"2020-01-22T11:11:34","modified_gmt":"2020-01-22T10:11:34","slug":"dansa","status":"publish","type":"page","link":"https:\/\/agora.xtec.cat\/insllicamunt2\/secretaria\/convalidacio-ef-musica\/dansa\/","title":{"rendered":"Dansa"},"content":{"rendered":"<h4><strong>Simultane\u00eftat d\u2019estudis d\u2019ESO amb estudis de dansa<\/strong><\/h4>\n<p>Els alumnes que cursen ESO i, simult\u00e0niament, estudis de dansa en conservatoris, centres professionals o escoles de dansa autoritzades, poden sol\u00b7licitar la convalidaci\u00f3 o el reconeixement de mat\u00e8ries en els termes que s\u2019indiquen en aquest document.<\/p>\n<p>At\u00e8s que totes aquestes possibilitats es fonamenten en el fet de simultaniejar estudis ordinaris amb els estudis de dansa, la sol\u00b7licitud s\u2019ha de renovar cada curs.<\/p>\n<p>Els alumnes que ho vulguin poden sol\u00b7licitar la convalidaci\u00f3 o el reconeixement d\u2019un nombre d\u2019hores inferior a aquell a qu\u00e8 tenen dret.<\/p>\n<p>L\u2019alumne que repeteix estudis de dansa no pot tornar a sol\u00b7licitar la convalidaci\u00f3 o el reconeixement de la reducci\u00f3 del nombre de mat\u00e8ries d\u2019ESO de qu\u00e8 hagi gaudit en cursos acad\u00e8mics anteriors.<\/p>\n<p>La llista dels centres autoritzats (conservatoris de dansa, centres professionals de dansa i escoles de dansa autoritzades) es pot consultar al cercador de centres del Departament.<\/p>\n<p>Les convalidacions i reconeixements de mat\u00e8ries que s\u2019indiquen en aquest document no es poden aplicar als alumnes que estudien en centres integrats, ja que el curr\u00edculum impartit en aquests centres ja t\u00e9 en compte la simultane\u00eftat dels estudis. En el cas d\u2019una escola de dansa en fase d\u2019autoritzaci\u00f3, l\u2019alumne ha de fer la sol\u00b7licitud dins el termini previst, i la convalidaci\u00f3 o reconeixement s\u2019ha de fer efectiu a partir de la data d\u2019autoritzaci\u00f3 de l\u2019escola de dansa. La fam\u00edlia ha de fer arribar al centre de secund\u00e0ria el codi del centre.<\/p>\n<p>&nbsp;<\/p>\n<p><strong>1.1 Alumnes d\u2019ESO que cursen estudis de dansa en un conservatori o en un centre professional <\/strong><\/p>\n<p><strong><em>Mat\u00e8ries convalidables<\/em><\/strong><\/p>\n<p><u>Es poden convalidar les mat\u00e8ries seg\u00fcents:<\/u><\/p>\n<p>Educaci\u00f3 F\u00edsica<\/p>\n<p>M\u00fasica (la mat\u00e8ria comuna de primer a tercer curs d\u2019ESO)<\/p>\n<p>Les mat\u00e8ries optatives de primer a tercer curs d\u2019ESO (2 hores setmanals per curs)<\/p>\n<p>Una mat\u00e8ria optativa de quart curs d\u2019ESO (fins a un m\u00e0xim de 3 hores setmanals)<\/p>\n<p><u>No s\u00f3n convalidables les mat\u00e8ries de:<\/u><\/p>\n<p>Cultura i Valors \u00c8tics i de Religi\u00f3<\/p>\n<p>El Treball de S\u00edntesi (de primer a tercer) ni el Projecte de Recerca de quart curs.<\/p>\n<p>&nbsp;<\/p>\n<p><strong><em>Documentaci\u00f3 que cal presentar<\/em><\/strong><\/p>\n<p>\u201cSol\u00b7licitud de reducci\u00f3 de mat\u00e8ries de l\u2019educaci\u00f3 secund\u00e0ria obligat\u00f2ria (ESO) per als alumnes que cursen estudis de dansa en un conservatori o en un centre professional o en una escola de dansa autoritzada\u201d (<a href=\"http:\/\/educacio.gencat.cat\/documents\/FormularisModels\/CentresGestioAdministrativa\/SimultaneitatMusicaDansa\/APR504.pdf\" target=\"_blank\" rel=\"noopener noreferrer\">model EDA1<\/a>).<\/p>\n<p>\u201cCertificat expedit pel conservatori o pel centre professional de dansa en qu\u00e8 s\u2019acredita el curs que fa l\u2019alumne\/a\u201d (<a href=\"http:\/\/educacio.gencat.cat\/documents\/FormularisModels\/CentresGestioAdministrativa\/SimultaneitatMusicaDansa\/A142.pdf\" target=\"_blank\" rel=\"noopener noreferrer\">model CDA1<\/a>).<\/p>\n<p>&nbsp;<\/p>\n<p><strong><em>Proc\u00e9s de convalidaci\u00f3<\/em><\/strong><\/p>\n<p>L\u2019interessat presenta al centre on cursa l\u2019ESO, durant els dos primers mesos de classe, la \u201cSol\u00b7licitud de reducci\u00f3 de mat\u00e8ries de l\u2019educaci\u00f3 secund\u00e0ria obligat\u00f2ria (ESO) per als alumnes que cursen estudis de dansa en un conservatori o en un centre professional o en una escola de dansa autoritzada\u201d\u00a0 (<a href=\"https:\/\/agora.xtec.cat\/insllicamunt2\/wp-content\/uploads\/usu1100\/2020\/01\/model-EDA1.pdf\">model EDA1<\/a>) acompanyada del \u201cCertificat expedit pel conservatori o pel centre professional de dansa en qu\u00e8 s\u2019acredita el curs que fa l\u2019alumne\/a\u201d (<a href=\"http:\/\/educacio.gencat.cat\/documents\/FormularisModels\/CentresGestioAdministrativa\/SimultaneitatMusicaDansa\/A142.pdf\" target=\"_blank\" rel=\"noopener noreferrer\">model CDA1<\/a>).<\/p>\n<p>Quan l\u2019interessat presenta aquest document, el centre li lliura una c\u00f2pia de la sol\u00b7licitud amb acusament de recepci\u00f3, amb la data i signatura de la persona autoritzada del centre.<\/p>\n<p>El director o directora del centre resol la sol\u00b7licitud seguint el model de la \u201cResoluci\u00f3 per la qual es concedeix la convalidaci\u00f3 de mat\u00e8ries de l\u2019educaci\u00f3 secund\u00e0ria obligat\u00f2ria (ESO) basant-se en estudis de dansa en un conservatori o en un centre professional de dansa\u201d (<a href=\"http:\/\/educacio.gencat.cat\/documents\/FormularisModels\/CentresGestioAdministrativa\/SimultaneitatMusicaDansa\/Y332_062.pdf\" target=\"_blank\" rel=\"noopener noreferrer\">model EDA2<\/a>).<\/p>\n<p>La resoluci\u00f3 es notifica per escrit a l\u2019interessat i, en cas de disconformitat, s\u2019hi pot presentar un recurs davant el director o directora dels serveis territorials o, a la ciutat de Barcelona, davant el o la gerent del Consorci d\u2019Educaci\u00f3, en el termini de cinc dies h\u00e0bils a partir de l\u2019endem\u00e0 de la notificaci\u00f3 de la resoluci\u00f3.<\/p>\n<p>La resoluci\u00f3 del director o directora del centre serveix com a document acreditatiu del pla de suport individualitzat de simultane\u00eftat d\u2019aquest alumne.<\/p>\n<p>En els documents d\u2019avaluaci\u00f3 de l\u2019ESO cal fer constar la simultane\u00eftat amb el codi \u201cSim.\u201d, a la columna Mesures d\u2019atenci\u00f3 a l\u2019alumnat. En els apartats d\u2019observacions corresponents cal fer constar la resoluci\u00f3 del director o directora del centre.<\/p>\n<p>Les mat\u00e8ries que s\u2019hagin convalidat no tenen qualificaci\u00f3 ni computen a l\u2019efecte de c\u00e0lcul de la nota mitjana.<\/p>\n<p>Si l\u2019alumne deixa els estudis de dansa, el conservatori o centre professional de dansa ho ha de comunicar al centre de secund\u00e0ria, que ha de prendre les mesures oportunes pel que fa a les mat\u00e8ries convalidades.<\/p>\n<p>&nbsp;<\/p>\n<p><strong>1.2 Alumnes d\u2019ESO que cursen estudis de dansa en una escola de dansa <\/strong><strong>autoritzada<\/strong><\/p>\n<p><strong><em>Mat\u00e8ries que es poden recon\u00e8ixer<\/em><\/strong><\/p>\n<p>Les mat\u00e8ries es poden recon\u00e8ixer d\u2019acord amb dues situacions diferents, segons les c\u00e0rregues hor\u00e0ries:<\/p>\n<p><strong>Situaci\u00f3 1. Alumnes amb una dedicaci\u00f3 hor\u00e0ria als estudis de dansa d\u2019entre 5 i 7 hores setmanals.<\/strong><\/p>\n<p>Se\u2019ls pot recon\u00e8ixer la mat\u00e8ria seg\u00fcent:<\/p>\n<p>Educaci\u00f3 F\u00edsica<\/p>\n<p>&nbsp;<\/p>\n<p><strong>Situaci\u00f3 2<\/strong><strong>. Alumnes amb una dedicaci\u00f3 hor\u00e0ria als estudis de dansa de 7 hores setmanals o m\u00e9s.<\/strong><\/p>\n<p>Se\u2019ls poden recon\u00e8ixer les mat\u00e8ries seg\u00fcents:<\/p>\n<p>Educaci\u00f3 F\u00edsica<\/p>\n<p>Les mat\u00e8ries optatives de primer a tercer curs d\u2019ESO (2 hores setmanals per curs)<\/p>\n<p>Una mat\u00e8ria optativa de quart curs d\u2019ESO (fins a un m\u00e0xim de 3 hores setmanals)<\/p>\n<p>No es poden recon\u00e8ixer les mat\u00e8ries de Cultura i Valors \u00c8tics ni de Religi\u00f3, el Treball de S\u00edntesi de primer a tercer ni el Projecte de Recerca de quart curs.<\/p>\n<p>&nbsp;<\/p>\n<p><strong><em>Documentaci\u00f3 que cal presentar<\/em><\/strong><\/p>\n<p>\u201cSol\u00b7licitud de reducci\u00f3 de mat\u00e8ries de l\u2019educaci\u00f3 secund\u00e0ria obligat\u00f2ria (ESO) per als alumnes que cursen estudis de dansa en un conservatori o en un centre<\/p>\n<p>professional o en una escola de dansa autoritzada\u201d (<a href=\"https:\/\/agora.xtec.cat\/insllicamunt2\/wp-content\/uploads\/usu1100\/2020\/01\/model-EDA1.pdf\">model EDA1<\/a>).<\/p>\n<p>\u201cCertificat expedit per l\u2019escola de dansa autoritzada en qu\u00e8 s\u2019acredita el curs i el<\/p>\n<p>nombre d\u2019hores de dedicaci\u00f3 setmanal que fa l\u2019alumne\/a per al reconeixement de la mat\u00e8ria d\u2019Educaci\u00f3 F\u00edsica de l\u2019ESO i el batxillerat i\/o les optatives de l\u2019ESO\u201d (<a href=\"http:\/\/educacio.gencat.cat\/documents\/FormularisModels\/CentresGestioAdministrativa\/SimultaneitatMusicaDansa\/A264.pdf\" target=\"_blank\" rel=\"noopener noreferrer\">model CDA2<\/a>).<\/p>\n<p><strong>\u00a0<\/strong><\/p>\n<p><strong><em>Proc\u00e9s de reconeixement<\/em><\/strong><\/p>\n<p>L\u2019interessat presenta al centre on cursa l\u2019ESO, durant els dos primers mesos de classe, la \u201cSol\u00b7licitud de reducci\u00f3 de mat\u00e8ries de l\u2019educaci\u00f3 secund\u00e0ria obligat\u00f2ria (ESO) per als alumnes que cursen estudis de dansa en un conservatori o en un centre professional o en una escola de dansa autoritzada\u201d (model EDA1), acompanyada del \u201cCertificat expedit per l\u2019escola de dansa autoritzada en qu\u00e8 s\u2019acredita el curs i el nombre d\u2019hores de dedicaci\u00f3 setmanal que fa l\u2019alumne\/a per al reconeixement de la mat\u00e8ria d\u2019Educaci\u00f3 F\u00edsica de l\u2019ESO i el batxillerat i\/o les optatives de l\u2019ESO\u201d (<a href=\"https:\/\/agora.xtec.cat\/insllicamunt2\/wp-content\/uploads\/usu1100\/2020\/01\/CDA2Dansa.pdf\">Model CDA2<\/a>).<\/p>\n<p>Quan l\u2019interessat presenta aquest document, el centre li lliura una c\u00f2pia de la sol\u00b7licitud amb acusament de recepci\u00f3, amb la data i signatura de la persona autoritzada del centre.<\/p>\n<p>El director o directora del centre resol la sol\u00b7licitud seguint el model de la \u201cResoluci\u00f3 per la qual es concedeix el reconeixement de mat\u00e8ries optatives i\/o de la mat\u00e8ria d\u2019educaci\u00f3 f\u00edsica de l\u2019educaci\u00f3 secund\u00e0ria obligat\u00f2ria (ESO) als alumnes que cursen estudis de dansa en una escola de dansa autoritzada\u201d (<a href=\"https:\/\/agora.xtec.cat\/insllicamunt2\/wp-content\/uploads\/usu1100\/2020\/01\/model-EDA1.pdf\">model EDA1<\/a>).<\/p>\n<p>La resoluci\u00f3 es notifica per escrit a l\u2019interessat i, en cas de disconformitat, s\u2019hi pot presentar un recurs davant el director o directora dels serveis territorials o, a la ciutat de Barcelona, davant el o la gerent del Consorci d\u2019Educaci\u00f3 en el termini de cinc dies h\u00e0bils a partir de l\u2019endem\u00e0 de la notificaci\u00f3 de la resoluci\u00f3.<\/p>\n<p>La resoluci\u00f3 del director o directora del centre serveix com a document acreditatiu del pla de suport individualitzat de simultane\u00eftat d\u2019aquest alumne.<\/p>\n<p>En els documents d\u2019avaluaci\u00f3 de l\u2019ESO cal fer constar la simultane\u00eftat amb el codi \u201cSim.\u201d, a la columna Mesures d\u2019atenci\u00f3 a l\u2019alumnat. Les mat\u00e8ries comunes de M\u00fasica i d\u2019Educaci\u00f3 F\u00edsica han de constar com a convalidades i en el bloc d\u2019optatives ha de constar que l\u2019optativa est\u00e0 convalidada. En els apartats d\u2019observacions corresponents cal fer constar la resoluci\u00f3 del director o directora del centre.<\/p>\n<p>Les mat\u00e8ries que s\u2019hagin convalidat no tenen qualificaci\u00f3 ni computen a l\u2019efecte del c\u00e0lcul de la nota mitjana.<\/p>\n<p>Si l\u2019alumne deixa els estudis de dansa, l\u2019escola de dansa autoritzada ho ha de comunicar al centre de secund\u00e0ria, que ha de prendre les mesures oportunes amb relaci\u00f3 a les mat\u00e8ries que havien estat convalidades.<\/p>\n<p>El reconeixement est\u00e0 condicionat a la valoraci\u00f3 favorable del seguiment de l\u2019alumne.<\/p>\n<p>Els alumnes que no compleixin les directrius que s\u2019estableixen en el pla de seguiment s\u2019incorporaran a les mat\u00e8ries de secund\u00e0ria amb les condicions que el centre de secund\u00e0ria determini.<\/p>\n","protected":false},"excerpt":{"rendered":"<p>Simultane\u00eftat d\u2019estudis d\u2019ESO amb estudis de dansa<br \/>\nEls alumnes que cursen ESO i, simult\u00e0niament, estudis de dansa en conservatoris, centres professionals o escoles de dansa autoritzades, poden sol\u00b7licitar la convalidaci\u00f3 o el reconeixement de mat\u00e8ries en els termes que s\u2019indiquen en aquest document.<br \/>\nAt\u00e8s que totes aquestes&hellip;  <a href=\"https:\/\/agora.xtec.cat\/insllicamunt2\/secretaria\/convalidacio-ef-musica\/dansa\/\" title=\"Read Dansa\">Llegeix m\u00e9s\u00bb<\/a><\/p>\n","protected":false},"author":1,"featured_media":0,"parent":10390,"menu_order":20,"comment_status":"closed","ping_status":"closed","template":"page-templates\/side-menu.php","meta":{"_bbp_topic_count":0,"_bbp_reply_count":0,"_bbp_total_topic_count":0,"_bbp_total_reply_count":0,"_bbp_voice_count":0,"_bbp_anonymous_reply_count":0,"_bbp_topic_count_hidden":0,"_bbp_reply_count_hidden":0,"_bbp_forum_subforum_count":0,"footnotes":""},"class_list":["post-10930","page","type-page","status-publish","hentry"],"post_mailing_queue_ids":[],"_links":{"self":[{"href":"https:\/\/agora.xtec.cat\/insllicamunt2\/wp-json\/wp\/v2\/pages\/10930","targetHints":{"allow":["GET"]}}],"collection":[{"href":"https:\/\/agora.xtec.cat\/insllicamunt2\/wp-json\/wp\/v2\/pages"}],"about":[{"href":"https:\/\/agora.xtec.cat\/insllicamunt2\/wp-json\/wp\/v2\/types\/page"}],"author":[{"embeddable":true,"href":"https:\/\/agora.xtec.cat\/insllicamunt2\/wp-json\/wp\/v2\/users\/1"}],"replies":[{"embeddable":true,"href":"https:\/\/agora.xtec.cat\/insllicamunt2\/wp-json\/wp\/v2\/comments?post=10930"}],"version-history":[{"count":2,"href":"https:\/\/agora.xtec.cat\/insllicamunt2\/wp-json\/wp\/v2\/pages\/10930\/revisions"}],"predecessor-version":[{"id":10939,"href":"https:\/\/agora.xtec.cat\/insllicamunt2\/wp-json\/wp\/v2\/pages\/10930\/revisions\/10939"}],"up":[{"embeddable":true,"href":"https:\/\/agora.xtec.cat\/insllicamunt2\/wp-json\/wp\/v2\/pages\/10390"}],"wp:attachment":[{"href":"https:\/\/agora.xtec.cat\/insllicamunt2\/wp-json\/wp\/v2\/media?parent=10930"}],"curies":[{"name":"wp","href":"https:\/\/api.w.org\/{rel}","templated":true}]}}