{"id":10928,"date":"2020-01-22T10:58:16","date_gmt":"2020-01-22T09:58:16","guid":{"rendered":"http:\/\/agora.xtec.cat\/insllicamunt2\/?page_id=10928"},"modified":"2020-01-22T11:19:05","modified_gmt":"2020-01-22T10:19:05","slug":"musica","status":"publish","type":"page","link":"https:\/\/agora.xtec.cat\/insllicamunt2\/secretaria\/convalidacio-ef-musica\/musica\/","title":{"rendered":"M\u00fasica"},"content":{"rendered":"<h4><b>Alumnes d\u2019ESO que cursen estudis de m\u00fasica en un conservatori o en un centre professional\u00a0<\/b><\/h4>\n<p><b><i>Mat\u00e8ries convalidables<\/i><\/b><\/p>\n<p>Es poden convalidar les mat\u00e8ries seg\u00fcents:<\/p>\n<ul>\n<li>M\u00fasica (la mat\u00e8ria comuna de primer a tercer curs d\u2019ESO)<\/li>\n<li>Les mat\u00e8ries optatives de primer a tercer curs d\u2019ESO (2 hores per curs)<\/li>\n<li>Una mat\u00e8ria optativa de quart curs d\u2019ESO (fins a un m\u00e0xim de 3 hores)<\/li>\n<\/ul>\n<p>No s\u00f3n convalidables les mat\u00e8ries de Cultura i Valors \u00c8tics i de Religi\u00f3, el Treball de S\u00edntesi (de primer a tercer) ni el Projecte de Recerca de quart curs.<\/p>\n<p><b><i>Documentaci\u00f3 que cal presentar\u00a0<\/i><\/b><\/p>\n<ul>\n<li>\u201cSol\u00b7licitud de reducci\u00f3 de mat\u00e8ries de l\u2019educaci\u00f3 secund\u00e0ria obligat\u00f2ria (ESO) per als alumnes que cursen estudis de m\u00fasica en un conservatori o en un centre professional o en una escola de m\u00fasica autoritzada\u201d (model EMU1).<\/li>\n<li>\u201cCertificat expedit pel conservatori o pel centre professional de m\u00fasica en qu\u00e8 s\u2019acredita el curs que fa l\u2019alumne\/a\u201d (model CMU1).<\/li>\n<\/ul>\n<p><b><i>Proc\u00e9s de convalidaci\u00f3<\/i><\/b><\/p>\n<p>L\u2019interessat presenta al centre on cursa l\u2019ESO, durant els dos primers mesos de classe, la \u201cSol\u00b7licitud de reducci\u00f3 de mat\u00e8ries de l\u2019educaci\u00f3 secund\u00e0ria obligat\u00f2ria (ESO) per als alumnes que cursen estudis de m\u00fasica en un conservatori o en un centre professional o en una escola de m\u00fasica autoritzada\u201d (model EMU1), acompanyada del \u201cCertificat expedit pel conservatori o pel centre professional de m\u00fasica en qu\u00e8 s\u2019acredita el curs que fa l\u2019alumne\/a\u201d (model CMU1).<\/p>\n<p>Quan l\u2019interessat presenta aquest document, el centre li lliura una fotoc\u00f2pia de la sol\u00b7licitud amb acusament de recepci\u00f3, amb la data i signatura de la persona autoritzada del centre.<\/p>\n<p>El director o directora del centre resol la sol\u00b7licitud seguint el model de la \u201cResoluci\u00f3 per la qual es concedeix la convalidaci\u00f3 de mat\u00e8ries de l\u2019educaci\u00f3 secund\u00e0ria obligat\u00f2ria (ESO) basant-se en estudis de m\u00fasica en un conservatori o en un centre professional de m\u00fasica\u201d (model EMU2).<\/p>\n<p>La resoluci\u00f3 es notifica per escrit a l\u2019interessat i, en cas de disconformitat, s\u2019hi pot presentar un recurs davant el director o directora dels serveis territorials o, a la ciutat de Barcelona, davant el o la gerent del Consorci d\u2019Educaci\u00f3, en el termini de cinc dies h\u00e0bils a partir de l\u2019endem\u00e0 de la notificaci\u00f3 de la resoluci\u00f3.<\/p>\n<p>En els documents d\u2019avaluaci\u00f3 de l\u2019ESO cal fer-hi constar la simultane\u00eftat amb el codi \u201cSim.\u201d, a la columna Mesures d\u2019atenci\u00f3 a l\u2019alumnat. La mat\u00e8ria comuna de M\u00fasica ha de constar com a convalidada, i en el bloc d\u2019optatives ha de constar que l\u2019optativa est\u00e0 convalidada. En els apartats d\u2019observacions corresponents cal fer constar la resoluci\u00f3 del director o directora del centre.<\/p>\n<p>Les mat\u00e8ries que s\u2019hagin convalidat no tenen qualificaci\u00f3 ni computen a l\u2019efecte de c\u00e0lcul de la nota mitjana.<\/p>\n<p>Si l\u2019alumne deixa els estudis de m\u00fasica, el conservatori o centre professional ho ha de comunicar al centre de secund\u00e0ria, que ha de prendre les mesures oportunes pel que fa a les mat\u00e8ries convalidades.<\/p>\n<p>&nbsp;<\/p>\n<p><b>1.2 Alumnes d\u2019ESO que cursen estudis de m\u00fasica en una escola de m\u00fasica autoritzada\u00a0<\/b><\/p>\n<p><b><i>Mat\u00e8ries que es poden recon\u00e8ixer<\/i><\/b><i>\u00a0<\/i><\/p>\n<p>Les mat\u00e8ries d\u2019ESO es poden recon\u00e8ixer d\u2019acord amb dues situacions diferents, segons les c\u00e0rregues hor\u00e0ries:<\/p>\n<p><b>Situaci\u00f3 1<\/b>. Alumnes amb una dedicaci\u00f3 hor\u00e0ria a l\u2019escola de m\u00fasica d\u2019entre 3 i 4 hores setmanals. Se\u2019ls poden recon\u00e8ixer les mat\u00e8ries seg\u00fcents:<\/p>\n<ul>\n<li>Les mat\u00e8ries optatives de primer a tercer curs d\u2019ESO<\/li>\n<li>Una mat\u00e8ria optativa de quart curs d\u2019ESO (fins a un m\u00e0xim de 3 hores)<\/li>\n<\/ul>\n<p>No es poden recon\u00e8ixer les mat\u00e8ries de Cultura i Valors \u00c8tics i de Religi\u00f3, el Treball de S\u00edntesi de primer a tercer ni el Projecte de Recerca de quart curs.<\/p>\n<p><b>Situaci\u00f3 2<\/b>. Alumnes amb una dedicaci\u00f3 hor\u00e0ria a l\u2019escola de m\u00fasica de 4 hores setmanals o m\u00e9s. Se\u2019ls poden recon\u00e8ixer les mat\u00e8ries seg\u00fcents:<\/p>\n<ul>\n<li>M\u00fasica (la mat\u00e8ria comuna de primer a tercer curs d\u2019ESO)<\/li>\n<li>Les mat\u00e8ries optatives de primer a tercer curs d\u2019ESO<\/li>\n<li>Una mat\u00e8ria optativa de quart curs d\u2019ESO (fins a un m\u00e0xim de 3 hores)<\/li>\n<\/ul>\n<p>No es poden recon\u00e8ixer les mat\u00e8ries de Cultura i Valors \u00c8tics i de Religi\u00f3, el Treball de S\u00edntesi de primer a tercer ni el Projecte de Recerca de quart curs.<\/p>\n<p>&nbsp;<\/p>\n<p><b><i>Documentaci\u00f3 que cal presentar\u00a0<\/i><\/b><\/p>\n<ul>\n<li>\u201cSol\u00b7licitud de reducci\u00f3 de mat\u00e8ries de l\u2019educaci\u00f3 secund\u00e0ria obligat\u00f2ria (ESO) per als alumnes que cursen estudis de m\u00fasica en un conservatori o en un centre professional o en una escola de m\u00fasica autoritzada\u201d (model EMU1).<\/li>\n<li>\u201cCertificat expedit per l\u2019escola de m\u00fasica autoritzada en qu\u00e8 s\u2019acredita el que fa l\u2019alumne\/a per al reconeixement dels estudis en l\u2019ESO\u201d (model CMU2).<\/li>\n<\/ul>\n<p>&nbsp;<\/p>\n<p><b><i>Proc\u00e9s de reconeixement\u00a0<\/i><\/b><\/p>\n<p>L\u2019interessat presenta al centre on cursa l\u2019ESO, durant els dos primers mesos de classe, la \u201cSol\u00b7licitud de reducci\u00f3 de mat\u00e8ries de l\u2019educaci\u00f3 secund\u00e0ria obligat\u00f2ria (ESO) per als alumnes que cursen estudis de m\u00fasica en un conservatori o en un centre professional o en una escola de m\u00fasica autoritzada\u201d (model EMU1), acompanyada del \u201cCertificat expedit per l\u2019escola de m\u00fasica autoritzada en qu\u00e8 s\u2019acredita el que fa l\u2019alumne\/a per al reconeixement dels estudis en l\u2019ESO\u201d (model CMU2).<\/p>\n<p>Quan l\u2019interessat presenta aquest document, el centre li lliura una fotoc\u00f2pia de la sol\u00b7licitud amb acusament de recepci\u00f3, amb la data i signatura de la persona autoritzada del centre.<\/p>\n<p>El director o directora del centre resol la sol\u00b7licitud seguint el model de la \u201cResoluci\u00f3 per la qual es concedeix el reconeixement de mat\u00e8ries optatives i\/o de la mat\u00e8ria de m\u00fasica de l\u2019educaci\u00f3 secund\u00e0ria obligat\u00f2ria (ESO) als alumnes que cursen estudis de m\u00fasica en una escola de m\u00fasica autoritzada\u201d (model EMU3)<\/p>\n<p>La resoluci\u00f3 es notifica per escrit als interessats i, en cas de disconformitat, s\u2019hi pot presentar un recurs davant el director o directora dels serveis territorials o, a la ciutat de Barcelona, davant el o la gerent del Consorci d\u2019Educaci\u00f3, en el termini de cinc dies h\u00e0bils a partir de l\u2019endem\u00e0 de la notificaci\u00f3 de la resoluci\u00f3.<\/p>\n<p>En els documents d\u2019avaluaci\u00f3 de l\u2019ESO cal fer constar la simultane\u00eftat amb el codi Simultane\u00eftat d\u2019estudis d\u2019ESO o de batxillerat amb estudis de m\u00fasica 5\/15 \u201cSim.\u201d, en la columna Mesures d\u2019atenci\u00f3 a l\u2019alumnat. La mat\u00e8ria comuna de M\u00fasica ha de constar com a convalidada, i en el bloc d\u2019optatives ha de constar que l\u2019optativa est\u00e0 convalidada. En els apartats d\u2019observacions corresponents cal fer constar la resoluci\u00f3 del director o directora del centre.<\/p>\n<p>Les mat\u00e8ries que s\u2019hagin convalidat no tenen qualificaci\u00f3 ni computen a l\u2019efecte de c\u00e0lcul de la nota mitjana.<\/p>\n<p>Durant el mes de setembre, i amb periodicitat quadrimestral, els dos centres estableixen el \u201cPla de seguiment per als alumnes que cursen simult\u00e0niament l\u2019etapa d\u2019ESO i estudis de m\u00fasica en una escola de m\u00fasica autoritzada\u201d (model EMU4).<\/p>\n<p>El director o directora del centre de secund\u00e0ria assigna un professor o professora, preferentment el que imparteix l\u2019\u00e0rea de m\u00fasica o b\u00e9 un membre de l\u2019equip directiu, perqu\u00e8 actu\u00ef de referent i de responsable de coordinaci\u00f3 amb el centre de m\u00fasica on l\u2019alumne est\u00e0 matriculat. El director o directora del centre on est\u00e0 matriculat dels estudis de m\u00fasica actua com a responsable per coordinar-se amb el professor o professora del centre on l\u2019alumne cursa l\u2019ESO i fer el seguiment de l\u2019alumne pel que fa al progr\u00e9s i a l\u2019assist\u00e8ncia.<\/p>\n<p>Si l\u2019alumne deixa els estudis de m\u00fasica, l\u2019escola de m\u00fasica ho ha de comunicar al centre de secund\u00e0ria, que ha de prendre les mesures oportunes amb relaci\u00f3 a les mat\u00e8ries convalidades.<\/p>\n<p>El reconeixement est\u00e0 condicionat a la valoraci\u00f3 favorable del seguiment de l\u2019alumne. Els alumnes que no compleixin les directrius establertes en el pla de seguiment s\u2019incorporaran a les mat\u00e8ries de secund\u00e0ria en les condicions que el centre de secund\u00e0ria determini.<\/p>\n<p>&nbsp;<\/p>\n<p><strong>Quadre resum:<\/strong><\/p>\n<table>\n<tbody>\n<tr>\n<td style=\"text-align: center;\" colspan=\"3\"><b>ESO M\u00daSICA<\/b><\/td>\n<\/tr>\n<tr>\n<td style=\"text-align: center;\"><b>CONSERVATORI O CENTRE PROFESSIONAL<\/b><\/td>\n<td style=\"text-align: center;\" colspan=\"2\"><b>ESCOLA DE M\u00daSICA AUTORITZADA<\/b><\/td>\n<\/tr>\n<tr>\n<td style=\"text-align: center;\">CONVALIDACI\u00d3 M\u00c0XIMA<\/td>\n<td style=\"text-align: center;\" colspan=\"2\">RECONEIXEMENT M\u00c0XIM<\/td>\n<\/tr>\n<tr>\n<td style=\"text-align: center;\">M\u00fasica (mat\u00e8ria comuna de 1r a 3r) Les mat\u00e8ries optatives de 1r a 3r (2 hores per curs) Una mat\u00e8ria optativa de 4t (fins a un m\u00e0xim de 3 hores)<\/td>\n<td style=\"text-align: center;\">Les mat\u00e8ries optatives de 1r a 3r Una mat\u00e8ria optativa de 4t (fins a un m\u00e0xim de 3 hores)<\/td>\n<td style=\"text-align: center;\">M\u00fasica (mat\u00e8ria comuna de 1r a 3r) Les mat\u00e8ries optatives de 1r a 3r Una mat\u00e8ria optativa de 4t (fins a un m\u00e0xim de 3 hores)<\/td>\n<\/tr>\n<tr>\n<td style=\"text-align: center;\">Models:<a href=\"http:\/\/educacio.gencat.cat\/documents\/FormularisModels\/CentresGestioAdministrativa\/SimultaneitatMusicaDansa\/APR154.pdf\"><b> EMU1<\/b><\/a>: Sol\u00b7licitud alumnes <a href=\"http:\/\/educacio.gencat.cat\/documents\/FormularisModels\/CentresGestioAdministrativa\/SimultaneitatMusicaDansa\/A136.pdf\"><b>CMU1<\/b><\/a>: Certificat conservatori o centre professional <a href=\"http:\/\/educacio.gencat.cat\/documents\/FormularisModels\/CentresGestioAdministrativa\/SimultaneitatMusicaDansa\/A278.pdf\"><b>EMU2<\/b><\/a>: Resoluci\u00f3<\/td>\n<td style=\"text-align: center;\" colspan=\"2\">Models: <a href=\"http:\/\/educacio.gencat.cat\/documents\/FormularisModels\/CentresGestioAdministrativa\/SimultaneitatMusicaDansa\/APR154.pdf\"><b>\u00a0EMU1<\/b><\/a>: Sol\u00b7licitud alumnes <a href=\"http:\/\/educacio.gencat.cat\/documents\/FormularisModels\/CentresGestioAdministrativa\/SimultaneitatMusicaDansa\/A155.pdf\"><b>CMU2<\/b><\/a>: Certificat escola de m\u00fasica autoritzada <a href=\"http:\/\/educacio.gencat.cat\/documents\/FormularisModels\/CentresGestioAdministrativa\/SimultaneitatMusicaDansa\/Y332_067.pdf\"><b>EMU3<\/b><\/a>: Resoluci\u00f3 <a href=\"http:\/\/educacio.gencat.cat\/portal\/page\/portal\/Educacio\/PCentrePrivat\/PCPInici\/PCPCatalegModels\/Simultane%EFtat%20d'estudis%20amb%20m%FAsica%20i%20dansa?_template=\/Educacio\/IDE_ITEM_PLACEHOLDER\"><b>EMU4<\/b><\/a>: Pla de seguiment quadrimestral<\/td>\n<\/tr>\n<\/tbody>\n<\/table>\n<p>&nbsp;<\/p>\n<p>M\u00e9s informaci\u00f3 a \u201c<a href=\"http:\/\/educacio.gencat.cat\/documents\/IPCNormativa\/DOIGC\/CUR_Simultaneitat_musica.pdf\"><b>Simultane\u00eftat d\u2019estudis d\u2019ESO o de batxillerat amb estudis de m\u00fasica<\/b><\/a>\u201d<\/p>\n","protected":false},"excerpt":{"rendered":"<p>Alumnes d\u2019ESO que cursen estudis de m\u00fasica en un conservatori o en un centre professional\u00a0<br \/>\nMat\u00e8ries convalidables<br \/>\nEs poden convalidar les mat\u00e8ries seg\u00fcents:<\/p>\n<ul>\n<li>M\u00fasica (la mat\u00e8ria comuna de primer a tercer curs d\u2019ESO)<\/li>\n<li>Les mat\u00e8ries optatives de primer a tercer curs d\u2019ESO (2 hores per curs)<\/li>\n<li>Una mat\u00e8ria optativa de&hellip;  <a href=\"https:\/\/agora.xtec.cat\/insllicamunt2\/secretaria\/convalidacio-ef-musica\/musica\/\" title=\"Read M\u00fasica\">Llegeix m\u00e9s\u00bb<\/a><br \/>\n","protected":false},"author":1,"featured_media":0,"parent":10390,"menu_order":10,"comment_status":"closed","ping_status":"closed","template":"page-templates\/side-menu.php","meta":{"_bbp_topic_count":0,"_bbp_reply_count":0,"_bbp_total_topic_count":0,"_bbp_total_reply_count":0,"_bbp_voice_count":0,"_bbp_anonymous_reply_count":0,"_bbp_topic_count_hidden":0,"_bbp_reply_count_hidden":0,"_bbp_forum_subforum_count":0,"footnotes":""},"class_list":["post-10928","page","type-page","status-publish","hentry"],"post_mailing_queue_ids":[],"_links":{"self":[{"href":"https:\/\/agora.xtec.cat\/insllicamunt2\/wp-json\/wp\/v2\/pages\/10928","targetHints":{"allow":["GET"]}}],"collection":[{"href":"https:\/\/agora.xtec.cat\/insllicamunt2\/wp-json\/wp\/v2\/pages"}],"about":[{"href":"https:\/\/agora.xtec.cat\/insllicamunt2\/wp-json\/wp\/v2\/types\/page"}],"author":[{"embeddable":true,"href":"https:\/\/agora.xtec.cat\/insllicamunt2\/wp-json\/wp\/v2\/users\/1"}],"replies":[{"embeddable":true,"href":"https:\/\/agora.xtec.cat\/insllicamunt2\/wp-json\/wp\/v2\/comments?post=10928"}],"version-history":[{"count":2,"href":"https:\/\/agora.xtec.cat\/insllicamunt2\/wp-json\/wp\/v2\/pages\/10928\/revisions"}],"predecessor-version":[{"id":10944,"href":"https:\/\/agora.xtec.cat\/insllicamunt2\/wp-json\/wp\/v2\/pages\/10928\/revisions\/10944"}],"up":[{"embeddable":true,"href":"https:\/\/agora.xtec.cat\/insllicamunt2\/wp-json\/wp\/v2\/pages\/10390"}],"wp:attachment":[{"href":"https:\/\/agora.xtec.cat\/insllicamunt2\/wp-json\/wp\/v2\/media?parent=10928"}],"curies":[{"name":"wp","href":"https:\/\/api.w.org\/{rel}","templated":true}]}}