{"id":9708,"date":"2018-10-22T19:09:39","date_gmt":"2018-10-22T17:09:39","guid":{"rendered":"http:\/\/agora.xtec.cat\/inslesvinyescubelles\/?page_id=9708"},"modified":"2019-04-12T13:50:46","modified_gmt":"2019-04-12T11:50:46","slug":"x-aniversari-de-linstitut-les-vinyes","status":"publish","type":"page","link":"https:\/\/agora.xtec.cat\/inslesvinyescubelles\/x-aniversari-de-linstitut-les-vinyes\/","title":{"rendered":"X Aniversari de l&#8217;Institut Les Vinyes"},"content":{"rendered":"<h3 style=\"text-align: center;\">Confer\u00e8ncia d&#8217;en Jaume Funes<br \/>\nMoltes gr\u00e0cies!<\/h3>\n<p style=\"text-align: center;\"><a href=\"https:\/\/agora.xtec.cat\/inslesvinyescubelles\/wp-content\/uploads\/usu375\/2019\/04\/Conferencia_JaumeF.jpg\"><img loading=\"lazy\" decoding=\"async\" class=\"alignnone size-large wp-image-10161\" src=\"https:\/\/agora.xtec.cat\/inslesvinyescubelles\/wp-content\/uploads\/usu375\/2019\/04\/Conferencia_JaumeF-1024x768.jpg\" alt=\"\" width=\"1024\" height=\"768\" srcset=\"https:\/\/agora.xtec.cat\/inslesvinyescubelles\/wp-content\/uploads\/usu375\/2019\/04\/Conferencia_JaumeF-1024x768.jpg 1024w, https:\/\/agora.xtec.cat\/inslesvinyescubelles\/wp-content\/uploads\/usu375\/2019\/04\/Conferencia_JaumeF-300x225.jpg 300w, https:\/\/agora.xtec.cat\/inslesvinyescubelles\/wp-content\/uploads\/usu375\/2019\/04\/Conferencia_JaumeF-768x576.jpg 768w, https:\/\/agora.xtec.cat\/inslesvinyescubelles\/wp-content\/uploads\/usu375\/2019\/04\/Conferencia_JaumeF-200x150.jpg 200w, https:\/\/agora.xtec.cat\/inslesvinyescubelles\/wp-content\/uploads\/usu375\/2019\/04\/Conferencia_JaumeF.jpg 1600w\" sizes=\"auto, (max-width: 1024px) 100vw, 1024px\" \/><\/a><\/p>\n<h3 style=\"text-align: center;\"><a href=\"https:\/\/agora.xtec.cat\/inslesvinyescubelles\/wp-content\/uploads\/usu375\/2019\/03\/Conferencia_w.png\"><img loading=\"lazy\" decoding=\"async\" class=\"alignnone size-large wp-image-10078\" src=\"https:\/\/agora.xtec.cat\/inslesvinyescubelles\/wp-content\/uploads\/usu375\/2019\/03\/Conferencia_w-724x1024.png\" alt=\"\" width=\"724\" height=\"1024\" srcset=\"https:\/\/agora.xtec.cat\/inslesvinyescubelles\/wp-content\/uploads\/usu375\/2019\/03\/Conferencia_w-724x1024.png 724w, https:\/\/agora.xtec.cat\/inslesvinyescubelles\/wp-content\/uploads\/usu375\/2019\/03\/Conferencia_w-212x300.png 212w, https:\/\/agora.xtec.cat\/inslesvinyescubelles\/wp-content\/uploads\/usu375\/2019\/03\/Conferencia_w-768x1086.png 768w, https:\/\/agora.xtec.cat\/inslesvinyescubelles\/wp-content\/uploads\/usu375\/2019\/03\/Conferencia_w.png 900w\" sizes=\"auto, (max-width: 724px) 100vw, 724px\" \/><\/a> <a href=\"https:\/\/agora.xtec.cat\/inslesvinyescubelles\/wp-content\/uploads\/usu375\/2018\/11\/pastis-1.jpg\"><img loading=\"lazy\" decoding=\"async\" class=\"alignnone size-full wp-image-9801\" src=\"https:\/\/agora.xtec.cat\/inslesvinyescubelles\/wp-content\/uploads\/usu375\/2018\/11\/pastis-1.jpg\" alt=\"\" width=\"800\" height=\"800\" srcset=\"https:\/\/agora.xtec.cat\/inslesvinyescubelles\/wp-content\/uploads\/usu375\/2018\/11\/pastis-1.jpg 800w, https:\/\/agora.xtec.cat\/inslesvinyescubelles\/wp-content\/uploads\/usu375\/2018\/11\/pastis-1-150x150.jpg 150w, https:\/\/agora.xtec.cat\/inslesvinyescubelles\/wp-content\/uploads\/usu375\/2018\/11\/pastis-1-300x300.jpg 300w, https:\/\/agora.xtec.cat\/inslesvinyescubelles\/wp-content\/uploads\/usu375\/2018\/11\/pastis-1-768x768.jpg 768w\" sizes=\"auto, (max-width: 800px) 100vw, 800px\" \/><\/a><\/h3>\n<h2><a href=\"https:\/\/agora.xtec.cat\/inslesvinyescubelles\/wp-content\/uploads\/usu375\/2018\/11\/public_festa-1.jpg\"><img loading=\"lazy\" decoding=\"async\" class=\"alignnone size-full wp-image-9802\" src=\"https:\/\/agora.xtec.cat\/inslesvinyescubelles\/wp-content\/uploads\/usu375\/2018\/11\/public_festa-1.jpg\" alt=\"\" width=\"900\" height=\"337\" srcset=\"https:\/\/agora.xtec.cat\/inslesvinyescubelles\/wp-content\/uploads\/usu375\/2018\/11\/public_festa-1.jpg 900w, https:\/\/agora.xtec.cat\/inslesvinyescubelles\/wp-content\/uploads\/usu375\/2018\/11\/public_festa-1-300x112.jpg 300w, https:\/\/agora.xtec.cat\/inslesvinyescubelles\/wp-content\/uploads\/usu375\/2018\/11\/public_festa-1-768x288.jpg 768w\" sizes=\"auto, (max-width: 900px) 100vw, 900px\" \/><\/a><\/h2>\n<h2 style=\"text-align: center;\"><a href=\"https:\/\/agora.xtec.cat\/inslesvinyescubelles\/wp-content\/uploads\/usu375\/2018\/11\/discurs.jpg\"><img loading=\"lazy\" decoding=\"async\" class=\"alignnone size-full wp-image-9800\" src=\"https:\/\/agora.xtec.cat\/inslesvinyescubelles\/wp-content\/uploads\/usu375\/2018\/11\/discurs.jpg\" alt=\"\" width=\"800\" height=\"533\" srcset=\"https:\/\/agora.xtec.cat\/inslesvinyescubelles\/wp-content\/uploads\/usu375\/2018\/11\/discurs.jpg 800w, https:\/\/agora.xtec.cat\/inslesvinyescubelles\/wp-content\/uploads\/usu375\/2018\/11\/discurs-300x200.jpg 300w, https:\/\/agora.xtec.cat\/inslesvinyescubelles\/wp-content\/uploads\/usu375\/2018\/11\/discurs-768x512.jpg 768w\" sizes=\"auto, (max-width: 800px) 100vw, 800px\" \/><\/a><\/h2>\n<h2 style=\"text-align: center;\"><a href=\"https:\/\/agora.xtec.cat\/inslesvinyescubelles\/wp-content\/uploads\/usu375\/2018\/11\/discurs_.jpg\"><img loading=\"lazy\" decoding=\"async\" class=\"alignnone size-full wp-image-9805\" src=\"https:\/\/agora.xtec.cat\/inslesvinyescubelles\/wp-content\/uploads\/usu375\/2018\/11\/discurs_.jpg\" alt=\"\" width=\"800\" height=\"467\" srcset=\"https:\/\/agora.xtec.cat\/inslesvinyescubelles\/wp-content\/uploads\/usu375\/2018\/11\/discurs_.jpg 800w, https:\/\/agora.xtec.cat\/inslesvinyescubelles\/wp-content\/uploads\/usu375\/2018\/11\/discurs_-300x175.jpg 300w, https:\/\/agora.xtec.cat\/inslesvinyescubelles\/wp-content\/uploads\/usu375\/2018\/11\/discurs_-768x448.jpg 768w\" sizes=\"auto, (max-width: 800px) 100vw, 800px\" \/><\/a><\/h2>\n<h2 style=\"text-align: center;\"><a href=\"https:\/\/agora.xtec.cat\/inslesvinyescubelles\/wp-content\/uploads\/usu375\/2018\/11\/alumnes.jpg\"><img loading=\"lazy\" decoding=\"async\" class=\"alignnone size-full wp-image-9798\" src=\"https:\/\/agora.xtec.cat\/inslesvinyescubelles\/wp-content\/uploads\/usu375\/2018\/11\/alumnes.jpg\" alt=\"\" width=\"800\" height=\"533\" srcset=\"https:\/\/agora.xtec.cat\/inslesvinyescubelles\/wp-content\/uploads\/usu375\/2018\/11\/alumnes.jpg 800w, https:\/\/agora.xtec.cat\/inslesvinyescubelles\/wp-content\/uploads\/usu375\/2018\/11\/alumnes-300x200.jpg 300w, https:\/\/agora.xtec.cat\/inslesvinyescubelles\/wp-content\/uploads\/usu375\/2018\/11\/alumnes-768x512.jpg 768w\" sizes=\"auto, (max-width: 800px) 100vw, 800px\" \/><\/a><\/h2>\n<h2 style=\"text-align: center;\"><a href=\"https:\/\/agora.xtec.cat\/inslesvinyescubelles\/wp-content\/uploads\/usu375\/2018\/11\/families.jpg\"><img loading=\"lazy\" decoding=\"async\" class=\"alignnone size-full wp-image-9797\" src=\"https:\/\/agora.xtec.cat\/inslesvinyescubelles\/wp-content\/uploads\/usu375\/2018\/11\/families.jpg\" alt=\"\" width=\"800\" height=\"533\" srcset=\"https:\/\/agora.xtec.cat\/inslesvinyescubelles\/wp-content\/uploads\/usu375\/2018\/11\/families.jpg 800w, https:\/\/agora.xtec.cat\/inslesvinyescubelles\/wp-content\/uploads\/usu375\/2018\/11\/families-300x200.jpg 300w, https:\/\/agora.xtec.cat\/inslesvinyescubelles\/wp-content\/uploads\/usu375\/2018\/11\/families-768x512.jpg 768w\" sizes=\"auto, (max-width: 800px) 100vw, 800px\" \/><\/a><\/h2>\n<h2 style=\"text-align: center;\"><a href=\"https:\/\/agora.xtec.cat\/inslesvinyescubelles\/wp-content\/uploads\/usu375\/2018\/11\/grup_estudis.jpg\"><img loading=\"lazy\" decoding=\"async\" class=\"alignnone size-full wp-image-9796\" src=\"https:\/\/agora.xtec.cat\/inslesvinyescubelles\/wp-content\/uploads\/usu375\/2018\/11\/grup_estudis.jpg\" alt=\"\" width=\"800\" height=\"785\" srcset=\"https:\/\/agora.xtec.cat\/inslesvinyescubelles\/wp-content\/uploads\/usu375\/2018\/11\/grup_estudis.jpg 800w, https:\/\/agora.xtec.cat\/inslesvinyescubelles\/wp-content\/uploads\/usu375\/2018\/11\/grup_estudis-300x294.jpg 300w, https:\/\/agora.xtec.cat\/inslesvinyescubelles\/wp-content\/uploads\/usu375\/2018\/11\/grup_estudis-768x754.jpg 768w\" sizes=\"auto, (max-width: 800px) 100vw, 800px\" \/><\/a><\/h2>\n<h2 style=\"text-align: center;\"><a href=\"https:\/\/agora.xtec.cat\/inslesvinyescubelles\/wp-content\/uploads\/usu375\/2018\/11\/ball.jpg\"><img loading=\"lazy\" decoding=\"async\" class=\"alignnone size-full wp-image-9799\" src=\"https:\/\/agora.xtec.cat\/inslesvinyescubelles\/wp-content\/uploads\/usu375\/2018\/11\/ball.jpg\" alt=\"\" width=\"800\" height=\"651\" srcset=\"https:\/\/agora.xtec.cat\/inslesvinyescubelles\/wp-content\/uploads\/usu375\/2018\/11\/ball.jpg 800w, https:\/\/agora.xtec.cat\/inslesvinyescubelles\/wp-content\/uploads\/usu375\/2018\/11\/ball-300x244.jpg 300w, https:\/\/agora.xtec.cat\/inslesvinyescubelles\/wp-content\/uploads\/usu375\/2018\/11\/ball-768x625.jpg 768w\" sizes=\"auto, (max-width: 800px) 100vw, 800px\" \/><\/a><\/h2>\n<h2 style=\"text-align: center;\">Moltes gr\u00e0cies per la participaci\u00f3!<\/h2>\n<p>&nbsp;<\/p>\n<h2 style=\"text-align: center;\">Dissabte 10 de novembre<\/h2>\n<h2 style=\"text-align: center;\">de 16,30 a 19h<\/h2>\n<!--[if lt IE 9]><script>document.createElement('audio');<\/script><![endif]-->\n<audio class=\"wp-audio-shortcode\" id=\"audio-9708-1\" preload=\"none\" style=\"width: 100%;\" controls=\"controls\"><source type=\"audio\/mpeg\" src=\"https:\/\/agora.xtec.cat\/inslesvinyescubelles\/wp-content\/uploads\/usu375\/2018\/11\/trobada10anys.mp3?_=1\" \/><a href=\"https:\/\/agora.xtec.cat\/inslesvinyescubelles\/wp-content\/uploads\/usu375\/2018\/11\/trobada10anys.mp3\">https:\/\/agora.xtec.cat\/inslesvinyescubelles\/wp-content\/uploads\/usu375\/2018\/11\/trobada10anys.mp3<\/a><\/audio>\n<p style=\"text-align: center;\"><a href=\"https:\/\/agora.xtec.cat\/inslesvinyescubelles\/wp-content\/uploads\/usu375\/2018\/10\/radio_cubelles_falca.jpg\"><img loading=\"lazy\" decoding=\"async\" src=\"https:\/\/agora.xtec.cat\/inslesvinyescubelles\/wp-content\/uploads\/usu375\/2018\/10\/radio_cubelles_falca-150x150.jpg\" alt=\"\" width=\"150\" height=\"150\" \/><\/a><\/p>\n<h4 style=\"text-align: center;\">Adri\u00e0 Fern\u00e1ndez del grup 3r ESO C, guanyador del concurs de logotips per commemorar el 10\u00e8 aniversari de l&#8217;institut<\/h4>\n<p style=\"text-align: center;\"><a href=\"https:\/\/agora.xtec.cat\/inslesvinyescubelles\/wp-content\/uploads\/usu375\/2018\/10\/pancarta_ins10anys.jpg\"><img loading=\"lazy\" decoding=\"async\" src=\"https:\/\/agora.xtec.cat\/inslesvinyescubelles\/wp-content\/uploads\/usu375\/2018\/10\/pancarta_ins10anys-1024x498.jpg\" alt=\"\" width=\"1024\" height=\"498\" \/><\/a><\/p>\n<p style=\"text-align: center;\"><a href=\"https:\/\/agora.xtec.cat\/inslesvinyescubelles\/wp-content\/uploads\/usu375\/2018\/10\/guanyador_diploma.jpg\"><img loading=\"lazy\" decoding=\"async\" src=\"https:\/\/agora.xtec.cat\/inslesvinyescubelles\/wp-content\/uploads\/usu375\/2018\/10\/guanyador_diploma-300x225.jpg\" alt=\"\" width=\"300\" height=\"225\" \/><\/a><\/p>\n<p><a href=\"https:\/\/agora.xtec.cat\/inslesvinyescubelles\/wp-content\/uploads\/usu375\/2018\/10\/dibuix_guanyador.jpg\"><img loading=\"lazy\" decoding=\"async\" class=\"aligncenter\" src=\"https:\/\/agora.xtec.cat\/inslesvinyescubelles\/wp-content\/uploads\/usu375\/2018\/10\/dibuix_guanyador-300x225.jpg\" alt=\"\" width=\"300\" height=\"225\" \/><\/a><\/p>\n<p>&nbsp;<\/p>\n","protected":false},"excerpt":{"rendered":"<p>Confer\u00e8ncia d&#8217;en Jaume Funes<br \/>\nMoltes gr\u00e0cies!<br \/>\n<a href=\"https:\/\/agora.xtec.cat\/inslesvinyescubelles\/wp-content\/uploads\/usu375\/2019\/04\/Conferencia_JaumeF.jpg\"><\/a><br \/>\n<a href=\"https:\/\/agora.xtec.cat\/inslesvinyescubelles\/wp-content\/uploads\/usu375\/2019\/03\/Conferencia_w.png\"><\/a> <a href=\"https:\/\/agora.xtec.cat\/inslesvinyescubelles\/wp-content\/uploads\/usu375\/2018\/11\/pastis-1.jpg\"><\/a><br \/>\n<a href=\"https:\/\/agora.xtec.cat\/inslesvinyescubelles\/wp-content\/uploads\/usu375\/2018\/11\/public_festa-1.jpg\"><\/a><br \/>\n<a href=\"https:\/\/agora.xtec.cat\/inslesvinyescubelles\/wp-content\/uploads\/usu375\/2018\/11\/discurs.jpg\"><\/a><br \/>\n<a href=\"https:\/\/agora.xtec.cat\/inslesvinyescubelles\/wp-content\/uploads\/usu375\/2018\/11\/discurs_.jpg\"><\/a><br \/>\n<a href=\"https:\/\/agora.xtec.cat\/inslesvinyescubelles\/wp-content\/uploads\/usu375\/2018\/11\/alumnes.jpg\"><\/a><br \/>\n<a href=\"https:\/\/agora.xtec.cat\/inslesvinyescubelles\/wp-content\/uploads\/usu375\/2018\/11\/families.jpg\"><\/a><br \/>\n<a href=\"https:\/\/agora.xtec.cat\/inslesvinyescubelles\/wp-content\/uploads\/usu375\/2018\/11\/grup_estudis.jpg\"><\/a><br \/>\n<a href=\"https:\/\/agora.xtec.cat\/inslesvinyescubelles\/wp-content\/uploads\/usu375\/2018\/11\/ball.jpg\"><\/a><br \/>\nMoltes gr\u00e0cies per la participaci\u00f3!<br \/>\n&nbsp;<br \/>\nDissabte 10 de novembre<br \/>\nde 16,30 a 19h<br \/>\n<a href=\"https:\/\/agora.xtec.cat\/inslesvinyescubelles\/wp-content\/uploads\/usu375\/2018\/11\/trobada10anys.mp3\">https:\/\/agora.xtec.cat\/inslesvinyescubelles\/wp-content\/uploads\/usu375\/2018\/11\/trobada10anys.mp3<\/a><br \/>\n<a href=\"https:\/\/agora.xtec.cat\/inslesvinyescubelles\/wp-content\/uploads\/usu375\/2018\/10\/radio_cubelles_falca.jpg\"><\/a><br \/>\nAdri\u00e0 Fern\u00e1ndez del grup 3r ESO C, guanyador del concurs de logotips per commemorar el 10\u00e8 aniversari de&hellip;  <a href=\"https:\/\/agora.xtec.cat\/inslesvinyescubelles\/x-aniversari-de-linstitut-les-vinyes\/\" title=\"Read X Aniversari de l&#8217;Institut Les Vinyes\">Llegeix m\u00e9s\u00bb<\/a><\/p>\n","protected":false},"author":1,"featured_media":0,"parent":0,"menu_order":0,"comment_status":"closed","ping_status":"closed","template":"","meta":{"_bbp_topic_count":0,"_bbp_reply_count":0,"_bbp_total_topic_count":0,"_bbp_total_reply_count":0,"_bbp_voice_count":0,"_bbp_anonymous_reply_count":0,"_bbp_topic_count_hidden":0,"_bbp_reply_count_hidden":0,"_bbp_forum_subforum_count":0,"footnotes":""},"class_list":["post-9708","page","type-page","status-publish","hentry"],"post_mailing_queue_ids":[],"_links":{"self":[{"href":"https:\/\/agora.xtec.cat\/inslesvinyescubelles\/wp-json\/wp\/v2\/pages\/9708","targetHints":{"allow":["GET"]}}],"collection":[{"href":"https:\/\/agora.xtec.cat\/inslesvinyescubelles\/wp-json\/wp\/v2\/pages"}],"about":[{"href":"https:\/\/agora.xtec.cat\/inslesvinyescubelles\/wp-json\/wp\/v2\/types\/page"}],"author":[{"embeddable":true,"href":"https:\/\/agora.xtec.cat\/inslesvinyescubelles\/wp-json\/wp\/v2\/users\/1"}],"replies":[{"embeddable":true,"href":"https:\/\/agora.xtec.cat\/inslesvinyescubelles\/wp-json\/wp\/v2\/comments?post=9708"}],"version-history":[{"count":4,"href":"https:\/\/agora.xtec.cat\/inslesvinyescubelles\/wp-json\/wp\/v2\/pages\/9708\/revisions"}],"predecessor-version":[{"id":10164,"href":"https:\/\/agora.xtec.cat\/inslesvinyescubelles\/wp-json\/wp\/v2\/pages\/9708\/revisions\/10164"}],"wp:attachment":[{"href":"https:\/\/agora.xtec.cat\/inslesvinyescubelles\/wp-json\/wp\/v2\/media?parent=9708"}],"curies":[{"name":"wp","href":"https:\/\/api.w.org\/{rel}","templated":true}]}}