{"id":13864,"date":"2018-10-03T16:55:01","date_gmt":"2018-10-03T14:55:01","guid":{"rendered":"http:\/\/agora.xtec.cat\/insjosepvallverdu\/?page_id=13864"},"modified":"2025-04-01T21:07:06","modified_gmt":"2025-04-01T19:07:06","slug":"cfgm-installacions-electrotecniques-i-industrials","status":"publish","type":"page","link":"https:\/\/agora.xtec.cat\/insjosepvallverdu\/departaments-didactics\/cfgm-installacions-electrotecniques-i-industrials\/","title":{"rendered":"CFGM Instal\u00b7lacions el\u00e8ctriques i autom\u00e0tiques"},"content":{"rendered":"<p><a href=\"https:\/\/agora.xtec.cat\/insjosepvallverdu\/wp-content\/uploads\/usu1806\/2024\/03\/vallverdu-electriques-web.jpg\"><img loading=\"lazy\" decoding=\"async\" class=\"aligncenter size-full wp-image-17231\" src=\"https:\/\/agora.xtec.cat\/insjosepvallverdu\/wp-content\/uploads\/usu1806\/2024\/03\/vallverdu-electriques-web.jpg\" alt=\"\" width=\"1000\" height=\"300\" srcset=\"https:\/\/agora.xtec.cat\/insjosepvallverdu\/wp-content\/uploads\/usu1806\/2024\/03\/vallverdu-electriques-web.jpg 1000w, https:\/\/agora.xtec.cat\/insjosepvallverdu\/wp-content\/uploads\/usu1806\/2024\/03\/vallverdu-electriques-web-300x90.jpg 300w, https:\/\/agora.xtec.cat\/insjosepvallverdu\/wp-content\/uploads\/usu1806\/2024\/03\/vallverdu-electriques-web-768x230.jpg 768w\" sizes=\"auto, (max-width: 1000px) 100vw, 1000px\" \/><\/a><\/p>\n<table>\n<tbody>\n<tr>\n<td><b>T\u00cdTOL<\/b><\/td>\n<td><a href=\"https:\/\/triaeducativa.gencat.cat\/ca\/estudis\/?installacions-electriques-automatiques&amp;p_id=74\"><b>T\u00c8CNIC\/A EN INSTAL\u00b7LACIONS EL\u00c8CTRIQUES I AUTOM\u00c0TIQUES<\/b><\/a><\/td>\n<\/tr>\n<tr>\n<td><b>FAM\u00cdLIA PROFESSIONAL<\/b><\/td>\n<td><b>Electricitat i electr\u00f2nica<\/b><\/td>\n<\/tr>\n<tr>\n<td><b>DURADA<\/b><\/td>\n<td><b>2000 h <\/b><span style=\"font-weight: 400;\">(<\/span><span style=\"font-weight: 400;\"><b>515 h d&#8217;estada a l&#8217;empresa<\/b><\/span><span style=\"font-weight: 400;\">), que es distribueixen en 2 cursos acad\u00e8mics.<\/span><\/td>\n<\/tr>\n<tr>\n<td><b>COMPET\u00c8NCIA GENERAL<\/b><\/td>\n<td><b>Muntar i mantenir infraestructures de telecomunicaci\u00f3 en edificis, instal\u00b7lacions el\u00e8ctriques de baixa tensi\u00f3, m\u00e0quines el\u00e8ctriques i sistemes automatitzats, aplicant la normativa i reglamentaci\u00f3 vigents, protocols de qualitat, seguretat i riscos laborals, assegurant-ne la funcionalitat i respecte al medi ambient.<\/b><\/td>\n<\/tr>\n<tr>\n<td><b>M\u00d2DULS PROFESSIONALS<\/b><\/td>\n<td>\n<ul class=\"llista-especial\">\n<li>Automatismes industrials<\/li>\n<li>Electr\u00f2nica<\/li>\n<li>Electrot\u00e8cnia<\/li>\n<li>Instal\u00b7lacions el\u00e8ctriques interiors<\/li>\n<li>Instal\u00b7lacions de distribuci\u00f3<\/li>\n<li>Infraestructures comunes de telecomunicaci\u00f3 en habitatges i edificis<\/li>\n<li>Instal\u00b7lacions dom\u00f2tiques<\/li>\n<li>Instal\u00b7lacions solars fotovoltaiques<\/li>\n<li>M\u00e0quines el\u00e8ctriques<\/li>\n<li>Angl\u00e8s professional<\/li>\n<li>Digitalitzaci\u00f3 aplicada als sectors productius<\/li>\n<li>Sostenibilitat aplicada al sistema productiu<\/li>\n<li>Itinerari personal per a l&#8217;ocupabilitat I<\/li>\n<li>Itinerari personal per a l&#8217;ocupabilitat II<\/li>\n<li>Projecte intermodular<\/li>\n<li>M\u00f2dul professional optatiu<\/li>\n<\/ul>\n<\/td>\n<\/tr>\n<tr>\n<td><b>PRINCIPALS OCUPACIONS I\u00a0<\/b><b>LLOCS DE TREBALL<\/b><\/td>\n<td>\n<ul>\n<li aria-level=\"1\"><b>Personal instal\u00b7lador-mantenidor electricista.<\/b><\/li>\n<li aria-level=\"1\"><b>Electricistes de construcci\u00f3.\u00a0<\/b><\/li>\n<li aria-level=\"1\"><b>Electricistes industrials.<\/b><\/li>\n<li aria-level=\"1\"><b>Electricistes de manteniment.\u00a0<\/b><\/li>\n<li aria-level=\"1\"><b>Personal instal\u00b7lador-mantenidor de sistemes dom\u00f2tics.\u00a0<\/b><\/li>\n<li aria-level=\"1\"><b>Personal instal\u00b7lador-mantenidor d\u2019antenes.\u00a0<\/b><\/li>\n<li aria-level=\"1\"><b>Personal instal\u00b7lador de telecomunicacions en edificis d\u2019habitatges.\u00a0<\/b><\/li>\n<li aria-level=\"1\"><b>Personal instal\u00b7lador-mantenidor d\u2019equips i instal\u00b7lacions telef\u00f2niques.\u00a0<\/b><\/li>\n<li aria-level=\"1\"><b>Personal muntador d\u2019instal\u00b7lacions d\u2019energia solar fotovoltaica.\u00a0<\/b><\/li>\n<\/ul>\n<\/td>\n<\/tr>\n<\/tbody>\n<\/table>\n<h3><span style=\"font-weight: 400;\">Tr\u00edptic informatiu:<\/span><\/h3>\n<p><a href=\"https:\/\/agora.xtec.cat\/insjosepvallverdu\/wp-content\/uploads\/usu1806\/2021\/02\/triptic-electricitat-ok.pdf\">Tr\u00edptic informatiu del CFGM Instal\u00b7lacions el\u00e8ctriques i autom\u00e0tiques<\/a><\/p>\n<h3><\/h3>\n<p>&nbsp;<\/p>\n","protected":false},"excerpt":{"rendered":"<p><a href=\"https:\/\/agora.xtec.cat\/insjosepvallverdu\/wp-content\/uploads\/usu1806\/2024\/03\/vallverdu-electriques-web.jpg\"><\/a><\/p>\n<p>T\u00cdTOL<br \/>\n<a href=\"https:\/\/triaeducativa.gencat.cat\/ca\/estudis\/?installacions-electriques-automatiques&amp;p_id=74\">T\u00c8CNIC\/A EN INSTAL\u00b7LACIONS EL\u00c8CTRIQUES I AUTOM\u00c0TIQUES<\/a><\/p>\n<p>FAM\u00cdLIA PROFESSIONAL<br \/>\nElectricitat i electr\u00f2nica<\/p>\n<p>DURADA<br \/>\n2000 h (515 h d&#8217;estada a l&#8217;empresa), que es distribueixen en 2 cursos acad\u00e8mics.<\/p>\n<p>COMPET\u00c8NCIA GENERAL<br \/>\nMuntar i mantenir infraestructures de telecomunicaci\u00f3 en edificis, instal\u00b7lacions el\u00e8ctriques de baixa tensi\u00f3, m\u00e0quines el\u00e8ctriques i sistemes automatitzats, aplicant la normativa&hellip;  <a href=\"https:\/\/agora.xtec.cat\/insjosepvallverdu\/departaments-didactics\/cfgm-installacions-electrotecniques-i-industrials\/\" title=\"Read CFGM Instal\u00b7lacions el\u00e8ctriques i autom\u00e0tiques\">Llegeix m\u00e9s\u00bb<\/a><\/p>\n","protected":false},"author":1,"featured_media":0,"parent":13833,"menu_order":0,"comment_status":"closed","ping_status":"closed","template":"","meta":{"_bbp_topic_count":0,"_bbp_reply_count":0,"_bbp_total_topic_count":0,"_bbp_total_reply_count":0,"_bbp_voice_count":0,"_bbp_anonymous_reply_count":0,"_bbp_topic_count_hidden":0,"_bbp_reply_count_hidden":0,"_bbp_forum_subforum_count":0,"footnotes":""},"class_list":["post-13864","page","type-page","status-publish","hentry"],"post_mailing_queue_ids":[],"_links":{"self":[{"href":"https:\/\/agora.xtec.cat\/insjosepvallverdu\/wp-json\/wp\/v2\/pages\/13864","targetHints":{"allow":["GET"]}}],"collection":[{"href":"https:\/\/agora.xtec.cat\/insjosepvallverdu\/wp-json\/wp\/v2\/pages"}],"about":[{"href":"https:\/\/agora.xtec.cat\/insjosepvallverdu\/wp-json\/wp\/v2\/types\/page"}],"author":[{"embeddable":true,"href":"https:\/\/agora.xtec.cat\/insjosepvallverdu\/wp-json\/wp\/v2\/users\/1"}],"replies":[{"embeddable":true,"href":"https:\/\/agora.xtec.cat\/insjosepvallverdu\/wp-json\/wp\/v2\/comments?post=13864"}],"version-history":[{"count":8,"href":"https:\/\/agora.xtec.cat\/insjosepvallverdu\/wp-json\/wp\/v2\/pages\/13864\/revisions"}],"predecessor-version":[{"id":17555,"href":"https:\/\/agora.xtec.cat\/insjosepvallverdu\/wp-json\/wp\/v2\/pages\/13864\/revisions\/17555"}],"up":[{"embeddable":true,"href":"https:\/\/agora.xtec.cat\/insjosepvallverdu\/wp-json\/wp\/v2\/pages\/13833"}],"wp:attachment":[{"href":"https:\/\/agora.xtec.cat\/insjosepvallverdu\/wp-json\/wp\/v2\/media?parent=13864"}],"curies":[{"name":"wp","href":"https:\/\/api.w.org\/{rel}","templated":true}]}}