{"id":751,"date":"2025-09-12T11:36:53","date_gmt":"2025-09-12T09:36:53","guid":{"rendered":"https:\/\/agora.xtec.cat\/insjosefinacastellvi\/?page_id=751"},"modified":"2025-10-09T19:52:12","modified_gmt":"2025-10-09T17:52:12","slug":"ieduca","status":"publish","type":"page","link":"https:\/\/agora.xtec.cat\/insjosefinacastellvi\/serveis\/ieduca\/","title":{"rendered":"iEduca"},"content":{"rendered":"\n<h1 class=\"wp-block-heading\">iEduca, la nova aplicaci\u00f3 de centre per la gesti\u00f3 acad\u00e8mica.<\/h1>\n\n\n\n<figure class=\"wp-block-embed aligncenter is-type-wp-embed is-provider-genially wp-block-embed-genially\"><div class=\"wp-block-embed__wrapper\">\n<iframe class=\"wp-embedded-content\" sandbox=\"allow-scripts\" security=\"restricted\" title=\"iEduca - Qu\u00e8 puc fer com a pare a iEduca?\" frameborder='0' width='1200' height='675' src='https:\/\/view.genially.com\/62060ee8ab239900110f3b56#?secret=FgtmEqhrfm' data-secret='FgtmEqhrfm' scrolling='yes'><\/iframe>\n<\/div><\/figure>\n\n\n\n<p><\/p>\n\n\n\n<h2 class=\"wp-block-heading\">Us deixem un link amb els 5 videotutorials:<\/h2>\n\n\n\n<figure class=\"wp-block-embed is-type-video is-provider-youtube wp-block-embed-youtube wp-embed-aspect-16-9 wp-has-aspect-ratio\"><div class=\"wp-block-embed__wrapper\">\n<div class=\"ast-oembed-container \" style=\"height: 100%;\"><iframe loading=\"lazy\" title=\"Fam\u00edlies\" width=\"500\" height=\"281\" src=\"https:\/\/www.youtube.com\/embed\/videoseries?list=PLh6RbrqunrkUoTp8TdfsW3wEvQhprV8l-\" frameborder=\"0\" allow=\"accelerometer; autoplay; clipboard-write; encrypted-media; gyroscope; picture-in-picture; web-share\" referrerpolicy=\"strict-origin-when-cross-origin\" allowfullscreen><\/iframe><\/div>\n<\/div><\/figure>\n\n\n\n<h2 class=\"wp-block-heading\">Guia d\u2019\u00fas per les fam\u00edlies<\/h2>\n\n\n\n<p><\/p>\n\n\n\n<p>Un cop el centre us ha facilitat l\u2019usuari i contrasenya d\u2019acc\u00e9s a iEduca, ja podeu accedir per consultar la informaci\u00f3 dels vostres fills. Podeu fer-ho de dues maneres:<\/p>\n\n\n\n<p>Des d\u2019un ordinador podeu dirigir-vos a l\u2019adre\u00e7a:&nbsp;<a href=\"https:\/\/login.ieduca.com\/\">https:\/\/login.ieduca.com\/<\/a>&nbsp;buscar el nom del centre i introduir l\u2019usuari i contrasenya.<\/p>\n\n\n\n<h5 class=\"wp-block-heading\">Un cop dins d\u2019iEduca trobareu diferents men\u00fas:<\/h5>\n\n\n\n<p><strong>Calendari i Tasques:<\/strong>&nbsp;accedireu a un sistema d\u2019agenda on veureu la vostra i la dels vostres fills i les activitats del dia. A sota, podreu visualitzar l\u2019horari del vostre fill o filla.<\/p>\n\n\n\n<figure class=\"wp-block-image size-large\"><a href=\"https:\/\/agora.xtec.cat\/insjosefinacastellvi\/wp-content\/uploads\/usu789\/2025\/09\/image.png\"><img loading=\"lazy\" decoding=\"async\" width=\"1024\" height=\"489\" src=\"https:\/\/agora.xtec.cat\/insjosefinacastellvi\/wp-content\/uploads\/usu789\/2025\/09\/image-1024x489.png\" alt=\"\" class=\"wp-image-760\" srcset=\"https:\/\/agora.xtec.cat\/insjosefinacastellvi\/wp-content\/uploads\/usu789\/2025\/09\/image-1024x489.png 1024w, https:\/\/agora.xtec.cat\/insjosefinacastellvi\/wp-content\/uploads\/usu789\/2025\/09\/image-300x143.png 300w, https:\/\/agora.xtec.cat\/insjosefinacastellvi\/wp-content\/uploads\/usu789\/2025\/09\/image-768x367.png 768w, https:\/\/agora.xtec.cat\/insjosefinacastellvi\/wp-content\/uploads\/usu789\/2025\/09\/image.png 1043w\" sizes=\"auto, (max-width: 1024px) 100vw, 1024px\" \/><\/a><\/figure>\n\n\n\n<p>El men\u00fa m\u00e9s important \u00e9s el de Control de Faltes: Aqu\u00ed trobareu diferents pestanyes:<\/p>\n\n\n\n<p><strong>Incid\u00e8ncies:<\/strong>&nbsp;un resum amb diferents filtres de les abs\u00e8ncies, incid\u00e8ncies, amonestacions i altres registres que t\u00e9 el tutor, respecte el vostre fill\/a. En el calendari que trobareu podreu veure el dia a dia (feu clic als dies marcats per veure el detall de les observacions que han escrit els professors).<\/p>\n\n\n\n<figure class=\"wp-block-image size-large\"><a href=\"https:\/\/agora.xtec.cat\/insjosefinacastellvi\/wp-content\/uploads\/usu789\/2025\/09\/image-1.png\"><img loading=\"lazy\" decoding=\"async\" width=\"1024\" height=\"452\" src=\"https:\/\/agora.xtec.cat\/insjosefinacastellvi\/wp-content\/uploads\/usu789\/2025\/09\/image-1-1024x452.png\" alt=\"\" class=\"wp-image-761\" srcset=\"https:\/\/agora.xtec.cat\/insjosefinacastellvi\/wp-content\/uploads\/usu789\/2025\/09\/image-1-1024x452.png 1024w, https:\/\/agora.xtec.cat\/insjosefinacastellvi\/wp-content\/uploads\/usu789\/2025\/09\/image-1-300x132.png 300w, https:\/\/agora.xtec.cat\/insjosefinacastellvi\/wp-content\/uploads\/usu789\/2025\/09\/image-1-768x339.png 768w, https:\/\/agora.xtec.cat\/insjosefinacastellvi\/wp-content\/uploads\/usu789\/2025\/09\/image-1.png 1301w\" sizes=\"auto, (max-width: 1024px) 100vw, 1024px\" \/><\/a><\/figure>\n\n\n\n<p><strong>Observacions:<\/strong>&nbsp;Aqu\u00ed trobareu un llistat amb data i hora de les observacions que ha posat el centre per cada fill i per curs.<\/p>\n\n\n\n<figure class=\"wp-block-image size-large\"><a href=\"https:\/\/agora.xtec.cat\/insjosefinacastellvi\/wp-content\/uploads\/usu789\/2025\/09\/image-2.png\"><img loading=\"lazy\" decoding=\"async\" width=\"1024\" height=\"335\" src=\"https:\/\/agora.xtec.cat\/insjosefinacastellvi\/wp-content\/uploads\/usu789\/2025\/09\/image-2-1024x335.png\" alt=\"\" class=\"wp-image-763\" srcset=\"https:\/\/agora.xtec.cat\/insjosefinacastellvi\/wp-content\/uploads\/usu789\/2025\/09\/image-2-1024x335.png 1024w, https:\/\/agora.xtec.cat\/insjosefinacastellvi\/wp-content\/uploads\/usu789\/2025\/09\/image-2-300x98.png 300w, https:\/\/agora.xtec.cat\/insjosefinacastellvi\/wp-content\/uploads\/usu789\/2025\/09\/image-2-768x251.png 768w, https:\/\/agora.xtec.cat\/insjosefinacastellvi\/wp-content\/uploads\/usu789\/2025\/09\/image-2.png 1303w\" sizes=\"auto, (max-width: 1024px) 100vw, 1024px\" \/><\/a><\/figure>\n\n\n\n<p><strong>Notes:<\/strong>&nbsp;Al final de trimestre tamb\u00e9 podreu descarregar els butlletins oficials de notes per cadascun dels vostres fills. A la part superior dret hi ha l\u2019acc\u00e9s als butlletins.<\/p>\n\n\n\n<figure class=\"wp-block-image size-full\"><a href=\"https:\/\/agora.xtec.cat\/insjosefinacastellvi\/wp-content\/uploads\/usu789\/2025\/09\/image-3.png\"><img loading=\"lazy\" decoding=\"async\" width=\"817\" height=\"275\" src=\"https:\/\/agora.xtec.cat\/insjosefinacastellvi\/wp-content\/uploads\/usu789\/2025\/09\/image-3.png\" alt=\"\" class=\"wp-image-764\" srcset=\"https:\/\/agora.xtec.cat\/insjosefinacastellvi\/wp-content\/uploads\/usu789\/2025\/09\/image-3.png 817w, https:\/\/agora.xtec.cat\/insjosefinacastellvi\/wp-content\/uploads\/usu789\/2025\/09\/image-3-300x101.png 300w, https:\/\/agora.xtec.cat\/insjosefinacastellvi\/wp-content\/uploads\/usu789\/2025\/09\/image-3-768x259.png 768w\" sizes=\"auto, (max-width: 817px) 100vw, 817px\" \/><\/a><\/figure>\n\n\n\n<p>Tornem al men\u00fa principal i hi trobem Missatges, que ve a ser un correu electr\u00f2nic intern del centre.<\/p>\n\n\n\n<figure class=\"wp-block-image\"><a href=\"https:\/\/agora.xtec.cat\/iessitges\/wp-content\/uploads\/usu1948\/2025\/07\/Captura-de-pantalla-2025-07-10-a-les-9.21.40.png\"><img decoding=\"async\" src=\"https:\/\/agora.xtec.cat\/iessitges\/wp-content\/uploads\/usu1948\/2025\/07\/Captura-de-pantalla-2025-07-10-a-les-9.21.40.png\" alt=\"\" class=\"wp-image-14856\"\/><\/a><\/figure>\n\n\n\n<p>Per enviar un missatge feu-ho amb el bot\u00f3 \u201cRedacta un missatge\u201d.<\/p>\n\n\n\n<p>Escriviu un \u201cAssumpte\u201d i el text que vulgueu enviar. Us recomanem que hi poseu el nom i cognom de l\u2019alumne per facilitar la feina al tutor.<\/p>\n\n\n\n<figure class=\"wp-block-image\"><a href=\"https:\/\/agora.xtec.cat\/iessitges\/wp-content\/uploads\/usu1948\/2025\/07\/Captura-de-pantalla-2025-07-10-a-les-9.21.50.png\"><img decoding=\"async\" src=\"https:\/\/agora.xtec.cat\/iessitges\/wp-content\/uploads\/usu1948\/2025\/07\/Captura-de-pantalla-2025-07-10-a-les-9.21.50.png\" alt=\"\" class=\"wp-image-14857\"\/><\/a><\/figure>\n\n\n\n<p>Per indicar el destinatari feu clic al bot\u00f3 \u201cPer a\u201d i s\u2019obrir\u00e0 una finestra nova.<\/p>\n\n\n\n<figure class=\"wp-block-image\"><a href=\"https:\/\/agora.xtec.cat\/iessitges\/wp-content\/uploads\/usu1948\/2025\/07\/Captura-de-pantalla-2025-07-10-a-les-9.21.57.png\"><img decoding=\"async\" src=\"https:\/\/agora.xtec.cat\/iessitges\/wp-content\/uploads\/usu1948\/2025\/07\/Captura-de-pantalla-2025-07-10-a-les-9.21.57.png\" alt=\"\" class=\"wp-image-14858\"\/><\/a><\/figure>\n\n\n\n<p>El marqueu i premeu el bot\u00f3 \u201cafegir\u201d i despr\u00e9s el bot\u00f3 \u201cassignar persones\u201d. Ara ja podeu enviar el missatge:<\/p>\n\n\n\n<figure class=\"wp-block-image\"><a href=\"https:\/\/agora.xtec.cat\/iessitges\/wp-content\/uploads\/usu1948\/2025\/07\/Captura-de-pantalla-2025-07-10-a-les-9.22.10.png\"><img decoding=\"async\" src=\"https:\/\/agora.xtec.cat\/iessitges\/wp-content\/uploads\/usu1948\/2025\/07\/Captura-de-pantalla-2025-07-10-a-les-9.22.10.png\" alt=\"\" class=\"wp-image-14859\"\/><\/a><\/figure>\n\n\n\n<p><strong>Mobilitat<\/strong><\/p>\n\n\n\n<p>Tamb\u00e9 podeu accedir a iEduca des d\u2019un dispositiu m\u00f2bil o tauleta descarregant l\u2019app iEduca Tokapp disponible a:<\/p>\n\n\n\n<figure class=\"wp-block-image\"><a href=\"https:\/\/play.google.com\/store\/apps\/details?id=com.MultiExpo.ieduca&amp;hl=es&amp;pli=1\"><img decoding=\"async\" src=\"https:\/\/agora.xtec.cat\/iessitges\/wp-content\/uploads\/usu1948\/2025\/07\/Captura-de-pantalla-2025-07-10-a-les-9.22.36.png\" alt=\"\" class=\"wp-image-14860\"\/><\/a><\/figure>\n\n\n\n<figure class=\"wp-block-image\"><a href=\"https:\/\/apps.apple.com\/es\/app\/ieduca-tokapp\/id1082664178?l=ca\"><img decoding=\"async\" src=\"https:\/\/agora.xtec.cat\/iessitges\/wp-content\/uploads\/usu1948\/2025\/07\/Captura-de-pantalla-2025-07-10-a-les-9.22.46.png\" alt=\"\" class=\"wp-image-14861\"\/><\/a><\/figure>\n\n\n\n<ul class=\"wp-block-list\">\n<li>Crea\u2019t un usuari tokapp, aquest et servir\u00e0 per a tots els centres que tinguin aquesta app de comunicaci\u00f3 amb fam\u00edlies.<\/li>\n\n\n\n<li>Valida\u2019l amb el tel\u00e8fon o el correu per si mai necessites recuperar la contrasenya.<\/li>\n\n\n\n<li>Un cop a dins de l\u2019app has d\u2019anar al bot\u00f3 \u201cIntranet\u201d et demanar\u00e0 cercar el centre on nom\u00e9s hem d\u2019escriure el nom i ens apareixer\u00e0 un desplegable amb una o m\u00e9s opcions, l\u2019usuari i contrasenya tota aquesta informaci\u00f3 te l\u2019ha de facilitar el centre.<\/li>\n<\/ul>\n\n\n\n<h5 class=\"wp-block-heading\">Guia \u00fas app iEduca Tokapp per les fam\u00edlies:<\/h5>\n\n\n\n<figure class=\"wp-block-image\"><a href=\"https:\/\/agora.xtec.cat\/iessitges\/wp-content\/uploads\/usu1948\/2025\/07\/Guia-aplicaciA%C2%B3-iEduca-Tokapp-v.05.pdf\"><img decoding=\"async\" src=\"https:\/\/agora.xtec.cat\/iessitges\/wp-content\/uploads\/usu1948\/2025\/07\/Captura-de-pantalla-2025-07-10-a-les-9.33.24.png\" alt=\"\" class=\"wp-image-14865\"\/><\/a><\/figure>\n\n\n\n<p><\/p>\n","protected":false},"excerpt":{"rendered":"<p>iEduca, la nova aplicaci\u00f3 de centre per la gesti\u00f3 acad\u00e8mica. Us deixem un link amb els 5 videotutorials: Guia d\u2019\u00fas per les fam\u00edlies Un cop el centre us ha facilitat l\u2019usuari i contrasenya d\u2019acc\u00e9s a iEduca, ja podeu accedir per consultar la informaci\u00f3 dels vostres fills. Podeu fer-ho de dues maneres: Des d\u2019un ordinador podeu [&hellip;]<\/p>\n","protected":false},"author":1,"featured_media":0,"parent":750,"menu_order":0,"comment_status":"closed","ping_status":"closed","template":"","meta":{"site-sidebar-layout":"default","site-content-layout":"","ast-site-content-layout":"","site-content-style":"default","site-sidebar-style":"default","ast-global-header-display":"","ast-banner-title-visibility":"","ast-main-header-display":"","ast-hfb-above-header-display":"","ast-hfb-below-header-display":"","ast-hfb-mobile-header-display":"","site-post-title":"","ast-breadcrumbs-content":"","ast-featured-img":"","footer-sml-layout":"","theme-transparent-header-meta":"","adv-header-id-meta":"","stick-header-meta":"","header-above-stick-meta":"","header-main-stick-meta":"","header-below-stick-meta":"","astra-migrate-meta-layouts":"default","ast-page-background-enabled":"default","ast-page-background-meta":{"desktop":{"background-color":"var(--ast-global-color-4)","background-image":"","background-repeat":"repeat","background-position":"center center","background-size":"auto","background-attachment":"scroll","background-type":"","background-media":"","overlay-type":"","overlay-color":"","overlay-opacity":"","overlay-gradient":""},"tablet":{"background-color":"","background-image":"","background-repeat":"repeat","background-position":"center center","background-size":"auto","background-attachment":"scroll","background-type":"","background-media":"","overlay-type":"","overlay-color":"","overlay-opacity":"","overlay-gradient":""},"mobile":{"background-color":"","background-image":"","background-repeat":"repeat","background-position":"center center","background-size":"auto","background-attachment":"scroll","background-type":"","background-media":"","overlay-type":"","overlay-color":"","overlay-opacity":"","overlay-gradient":""}},"ast-content-background-meta":{"desktop":{"background-color":"var(--ast-global-color-5)","background-image":"","background-repeat":"repeat","background-position":"center center","background-size":"auto","background-attachment":"scroll","background-type":"","background-media":"","overlay-type":"","overlay-color":"","overlay-opacity":"","overlay-gradient":""},"tablet":{"background-color":"var(--ast-global-color-5)","background-image":"","background-repeat":"repeat","background-position":"center center","background-size":"auto","background-attachment":"scroll","background-type":"","background-media":"","overlay-type":"","overlay-color":"","overlay-opacity":"","overlay-gradient":""},"mobile":{"background-color":"var(--ast-global-color-5)","background-image":"","background-repeat":"repeat","background-position":"center center","background-size":"auto","background-attachment":"scroll","background-type":"","background-media":"","overlay-type":"","overlay-color":"","overlay-opacity":"","overlay-gradient":""}},"footnotes":""},"class_list":["post-751","page","type-page","status-publish","hentry"],"post_mailing_queue_ids":[],"_links":{"self":[{"href":"https:\/\/agora.xtec.cat\/insjosefinacastellvi\/wp-json\/wp\/v2\/pages\/751","targetHints":{"allow":["GET"]}}],"collection":[{"href":"https:\/\/agora.xtec.cat\/insjosefinacastellvi\/wp-json\/wp\/v2\/pages"}],"about":[{"href":"https:\/\/agora.xtec.cat\/insjosefinacastellvi\/wp-json\/wp\/v2\/types\/page"}],"author":[{"embeddable":true,"href":"https:\/\/agora.xtec.cat\/insjosefinacastellvi\/wp-json\/wp\/v2\/users\/1"}],"replies":[{"embeddable":true,"href":"https:\/\/agora.xtec.cat\/insjosefinacastellvi\/wp-json\/wp\/v2\/comments?post=751"}],"version-history":[{"count":6,"href":"https:\/\/agora.xtec.cat\/insjosefinacastellvi\/wp-json\/wp\/v2\/pages\/751\/revisions"}],"predecessor-version":[{"id":811,"href":"https:\/\/agora.xtec.cat\/insjosefinacastellvi\/wp-json\/wp\/v2\/pages\/751\/revisions\/811"}],"up":[{"embeddable":true,"href":"https:\/\/agora.xtec.cat\/insjosefinacastellvi\/wp-json\/wp\/v2\/pages\/750"}],"wp:attachment":[{"href":"https:\/\/agora.xtec.cat\/insjosefinacastellvi\/wp-json\/wp\/v2\/media?parent=751"}],"curies":[{"name":"wp","href":"https:\/\/api.w.org\/{rel}","templated":true}]}}