{"id":6741,"date":"2020-03-06T17:11:01","date_gmt":"2020-03-06T16:11:01","guid":{"rendered":"http:\/\/agora.xtec.cat\/insjoandaustria\/?page_id=6741"},"modified":"2020-09-18T16:57:53","modified_gmt":"2020-09-18T14:57:53","slug":"acreditat","status":"publish","type":"page","link":"https:\/\/agora.xtec.cat\/insjoandaustria\/serveis\/acreditat\/","title":{"rendered":"Acredita&#8217;t"},"content":{"rendered":"<h3><strong>Avaluaci\u00f3 i acreditaci\u00f3 de compet\u00e8ncies professionals<\/strong><\/h3>\n<div class=\"FW_sArticleFoto\">\n<div class=\"FW_sFlotaEsqu\">\n<h5 class=\"entry-title\" data-fontsize=\"34\" data-lineheight=\"47\"><strong><a href=\"http:\/\/acreditat.gencat.cat\/\" target=\"_blank\" rel=\"noopener noreferrer\"><img loading=\"lazy\" decoding=\"async\" class=\"size-full wp-image-6036 alignright\" src=\"https:\/\/agora.xtec.cat\/iesesteveterradas\/wp-content\/uploads\/usu855\/Acreditat.png\" sizes=\"auto, (max-width: 329px) 100vw, 329px\" srcset=\"https:\/\/agora.xtec.cat\/iesesteveterradas\/wp-content\/uploads\/usu855\/Acreditat.png 329w, https:\/\/agora.xtec.cat\/iesesteveterradas\/wp-content\/uploads\/usu855\/Acreditat-300x140.png 300w\" alt=\"\" width=\"329\" height=\"153\" \/><\/a>\u00c0mbit: Microinform\u00e0tica i confecci\u00f3 i publicaci\u00f3 de p\u00e0gines web<\/strong><\/h5>\n<\/div>\n<\/div>\n<div class=\"FW_sEditPro\">\n<p>S\u2019adre\u00e7a a professionals que actu\u00efn sobre sistemes microinform\u00e0tics, sobre el maquinari i el programari, assegurant la qualitat del funcionament i utilitzaci\u00f3, recolzant l\u2019usuari en el maneig. Professionals que cre\u00efn p\u00e0gines web que integrin diferents elements, amb llenguatges i editors apropiats i fer-ne la publicaci\u00f3 al servidor corresponent.<\/p>\n<p>Moltes persones han adquirit compet\u00e8ncies professionals en el lloc de treball, mitjan\u00e7ant l\u2019experi\u00e8ncia professional o formaci\u00f3 no oficial, amb la qual cosa tenen les compet\u00e8ncies, per\u00f2 no l\u2019acreditaci\u00f3 oficial. El proc\u00e9s d\u2019avaluaci\u00f3 i acreditaci\u00f3 permet que aquestes persones puguin obtenir la certificaci\u00f3 oficial.<\/p>\n<p>Peri\u00f2dicament es convoquen procediments d\u2019avaluaci\u00f3 i acreditaci\u00f3 de compet\u00e8ncies professionals que permeten recon\u00e8ixer l\u2019experi\u00e8ncia o la formaci\u00f3 no formal i obtenir-ne una certificaci\u00f3 oficial. Alguns dels avantatges que aporta aquest proc\u00e9s els podeu trobar ben explicats al <a href=\"https:\/\/agora.xtec.cat\/insjoandaustria\/wp-content\/uploads\/usu216\/2020\/09\/Difusio\u0301-acreditacio\u0301-alumnat.pdf\" target=\"_blank\" rel=\"noopener noreferrer\">seg\u00fcent PDF<\/a> de l&#8217;<a href=\"http:\/\/icqp.gencat.cat\/ca\" target=\"_blank\" rel=\"noopener noreferrer\">Institut Catal\u00e0 de les Qualificacions Professionals.<\/a><\/p>\n<p>Al seg\u00fcent <a href=\"https:\/\/docs.google.com\/document\/d\/1NDmN4tB8NhwvoLGO7699IDCxro8UUaTm4Qfik83Gqzo\/preview\" target=\"_blank\" rel=\"noopener noreferrer\">document<\/a> es poden consultar les dates marcades pel calendari d&#8217;assessorament que el centre ha determinat.<\/p>\n<h1 style=\"text-align: center;\"><strong>Inscripci\u00f3 OBERTA fins el 28 de setembre de 2020<\/strong><\/h1>\n<table style=\"border-style: none;\">\n<tbody style=\"border-style: none;\">\n<tr>\n<td style=\"border-style: none;\"><a href=\"https:\/\/agora.xtec.cat\/insjoandaustria\/wp-content\/uploads\/usu216\/2020\/03\/model-GUI03-Guia-aspirant_candidat_catala_V4.pdf\" target=\"_blank\" rel=\"noopener noreferrer\">Guia informativa de l&#8217;aspirant<\/a><\/td>\n<td style=\"border-style: none;\"><a href=\"https:\/\/agora.xtec.cat\/insjoandaustria\/wp-content\/uploads\/usu216\/2020\/03\/model-GUI03-Guia-aspirant_candidat_catala_V4.pdf\" target=\"_blank\" rel=\"noopener noreferrer\"><img loading=\"lazy\" decoding=\"async\" class=\" wp-image-6428 aligncenter\" src=\"https:\/\/agora.xtec.cat\/insjoandaustria\/wp-content\/uploads\/usu216\/2019\/11\/logo-pdf.png\" alt=\"logo pdf file\" width=\"64\" height=\"64\" srcset=\"https:\/\/agora.xtec.cat\/insjoandaustria\/wp-content\/uploads\/usu216\/2019\/11\/logo-pdf.png 512w, https:\/\/agora.xtec.cat\/insjoandaustria\/wp-content\/uploads\/usu216\/2019\/11\/logo-pdf-150x150.png 150w, https:\/\/agora.xtec.cat\/insjoandaustria\/wp-content\/uploads\/usu216\/2019\/11\/logo-pdf-300x300.png 300w\" sizes=\"auto, (max-width: 64px) 100vw, 64px\" \/><\/a><\/td>\n<\/tr>\n<\/tbody>\n<\/table>\n<h3><strong>Documentaci\u00f3 del proc\u00e9s<\/strong><\/h3>\n<ul>\n<li><a href=\"https:\/\/agora.xtec.cat\/insjoandaustria\/wp-content\/uploads\/usu216\/2020\/03\/2020_02_12_sol\u00b7licitud-preinscripcio\u0301-paper.doc\">Full sol\u00b7licitud d&#8217;inscripci\u00f3<\/a><\/li>\n<li><a href=\"https:\/\/docs.google.com\/presentation\/d\/1e3_PmFi0HCDnAPC0kQLHFWmHCI1Jj-Fmyo8nj3o4RgA\/preview\" target=\"_blank\" rel=\"noopener noreferrer\">Instruccions de com s&#8217;ha de presentar la Documentaci\u00f3 Justificativa de la Traject\u00f2ria Professional<\/a><\/li>\n<li><a href=\"https:\/\/docs.google.com\/document\/d\/1uICuIXvRyaCCta8YaDxX7-fZM63KaAjltYbOsqEieXU\/view\" target=\"_blank\" rel=\"noopener noreferrer\">Instruccions de pagament<\/a><\/li>\n<li><a href=\"https:\/\/agora.xtec.cat\/insjoandaustria\/wp-content\/uploads\/usu216\/2020\/03\/2020_02_12_Dossier-Trajecto\u0300ria-professional-i-formativa.docx\" rel=\"noopener noreferrer\">Dossier de traject\u00f2ria professional i formativa<\/a><\/li>\n<li><a href=\"https:\/\/agora.xtec.cat\/insjoandaustria\/wp-content\/uploads\/usu216\/2020\/03\/ModelDeclaracioJurada.docx\">Model de declaraci\u00f3 jurada<\/a><\/li>\n<li><a href=\"https:\/\/agora.xtec.cat\/insjoandaustria\/wp-content\/uploads\/usu216\/2020\/03\/ComunicacioRenuncia.pdf\" target=\"_blank\" rel=\"noopener noreferrer\">Document comunicaci\u00f3 de ren\u00fancia<\/a><\/li>\n<\/ul>\n<\/div>\n","protected":false},"excerpt":{"rendered":"<p>Avaluaci\u00f3 i acreditaci\u00f3 de compet\u00e8ncies professionals<\/p>\n<p><a href=\"http:\/\/acreditat.gencat.cat\/\" target=\"_blank\" rel=\"noopener noreferrer\"><\/a>\u00c0mbit: Microinform\u00e0tica i confecci\u00f3 i publicaci\u00f3 de p\u00e0gines web<\/p>\n<p>S\u2019adre\u00e7a a professionals que actu\u00efn sobre sistemes microinform\u00e0tics, sobre el maquinari i el programari, assegurant la qualitat del funcionament i utilitzaci\u00f3, recolzant l\u2019usuari en el maneig. Professionals que&hellip;  <a href=\"https:\/\/agora.xtec.cat\/insjoandaustria\/serveis\/acreditat\/\" title=\"Read Acredita&#8217;t\">Llegeix m\u00e9s\u00bb<\/a><\/p>\n","protected":false},"author":410,"featured_media":0,"parent":1666,"menu_order":0,"comment_status":"closed","ping_status":"closed","template":"page-templates\/side-menu.php","meta":{"_bbp_topic_count":0,"_bbp_reply_count":0,"_bbp_total_topic_count":0,"_bbp_total_reply_count":0,"_bbp_voice_count":0,"_bbp_anonymous_reply_count":0,"_bbp_topic_count_hidden":0,"_bbp_reply_count_hidden":0,"_bbp_forum_subforum_count":0,"footnotes":""},"class_list":["post-6741","page","type-page","status-publish","hentry"],"post_mailing_queue_ids":[],"_links":{"self":[{"href":"https:\/\/agora.xtec.cat\/insjoandaustria\/wp-json\/wp\/v2\/pages\/6741","targetHints":{"allow":["GET"]}}],"collection":[{"href":"https:\/\/agora.xtec.cat\/insjoandaustria\/wp-json\/wp\/v2\/pages"}],"about":[{"href":"https:\/\/agora.xtec.cat\/insjoandaustria\/wp-json\/wp\/v2\/types\/page"}],"author":[{"embeddable":true,"href":"https:\/\/agora.xtec.cat\/insjoandaustria\/wp-json\/wp\/v2\/users\/410"}],"replies":[{"embeddable":true,"href":"https:\/\/agora.xtec.cat\/insjoandaustria\/wp-json\/wp\/v2\/comments?post=6741"}],"version-history":[{"count":3,"href":"https:\/\/agora.xtec.cat\/insjoandaustria\/wp-json\/wp\/v2\/pages\/6741\/revisions"}],"predecessor-version":[{"id":7798,"href":"https:\/\/agora.xtec.cat\/insjoandaustria\/wp-json\/wp\/v2\/pages\/6741\/revisions\/7798"}],"up":[{"embeddable":true,"href":"https:\/\/agora.xtec.cat\/insjoandaustria\/wp-json\/wp\/v2\/pages\/1666"}],"wp:attachment":[{"href":"https:\/\/agora.xtec.cat\/insjoandaustria\/wp-json\/wp\/v2\/media?parent=6741"}],"curies":[{"name":"wp","href":"https:\/\/api.w.org\/{rel}","templated":true}]}}