{"id":6702,"date":"2020-02-19T11:48:27","date_gmt":"2020-02-19T10:48:27","guid":{"rendered":"http:\/\/agora.xtec.cat\/insjoandaustria\/?page_id=6702"},"modified":"2020-02-19T11:49:10","modified_gmt":"2020-02-19T10:49:10","slug":"tramits","status":"publish","type":"page","link":"https:\/\/agora.xtec.cat\/insjoandaustria\/linstitut\/secretaria\/tramits\/","title":{"rendered":"Tr\u00e0mits"},"content":{"rendered":"<p>Pots dirigir-te a les nostres oficines per:<\/p>\n<ul>\n<li>Fer una sol\u00b7licitud o\u00a0<strong>presentar una inst\u00e0ncia<\/strong>.<br \/>\n<a style=\"font-family: inherit;\" href=\"http:\/\/agora.xtec.cat\/insjoandaustria\/wp-content\/uploads\/usu216\/2016\/02\/sol%C2%B7licitud-standard.pdf\">Model per presentar una inst\u00e0ncia o fer una sol\u00b7licitud<\/a><\/li>\n<li><strong style=\"font-family: inherit; font-size: 1em;\">Demanar un certificat<\/strong><span style=\"font-family: inherit; font-size: 1em;\">.<br \/>\n<\/span><a style=\"font-family: inherit;\" href=\"http:\/\/agora.xtec.cat\/insjoandaustria\/wp-content\/uploads\/usu216\/2016\/02\/sol%C2%B7licitud-standard.pdf\">Model per presentar una inst\u00e0ncia o fer una sol\u00b7licitud<br \/>\n<\/a><span style=\"font-family: inherit; font-size: 1em;\">El termini per recollir la documentaci\u00f3 ser\u00e0 de 5 dies h\u00e0bils.<\/span><\/li>\n<li><strong>Demanar el t\u00edtol.<\/strong>\u00a0Si has obtingut un t\u00edtol al nostre centre, has de venir a oficines en horari d\u2019atenci\u00f3 a recollir el document de pagament de les taxes d\u2019expedici\u00f3 del t\u00edtol. Pot venir alguna altra persona en el teu nom.<\/li>\n<li><strong>Sol\u00b7licitar documents<\/strong>\u00a0(autoritzaci\u00f3 de sortides, \u00fas de serveis digitals, etc.)<\/li>\n<li><strong>Autoritzar<\/strong>\u00a0el meu pare, mare o tutor legal a rebre informaci\u00f3 acad\u00e8mica per part del centre en el cas dels alumnes majors d\u2019edat.<br \/>\n<a style=\"font-family: inherit;\" href=\"http:\/\/agora.xtec.cat\/insjoandaustria\/wp-content\/uploads\/usu216\/2016\/02\/Acceptaci%C3%B3-de-comunicaci%C3%B3-amb-els-pares-per-alumnes-majors-dedat.pdf\">Model per autoritzar al centre a enviar informaci\u00f3 als pares en el cas dels fills majors d&#8217;edat<\/a><\/li>\n<li>Demanar\u00a0<strong>beques i ajuts<\/strong><\/li>\n<li><strong>Donar-te de baixa<\/strong>\u00a0del centre.<br \/>\n<a style=\"font-family: inherit;\" href=\"http:\/\/agora.xtec.cat\/insjoandaustria\/wp-content\/uploads\/usu216\/2016\/02\/sol%C2%B7licitud-baixa-del-centre.pdf\">Descarregar model per demanar la baixa del centre<\/a><\/li>\n<li><strong>Sol\u00b7licitar convalidacions<\/strong> de m\u00f2duls de cicles formatius.<\/li>\n<li><strong>Sol\u00b7licitar exempci\u00f3 <\/strong>de la formaci\u00f3 en centres de treball (FCT)<br \/>\n<a style=\"font-family: inherit; font-size: 1em;\" href=\"http:\/\/agora.xtec.cat\/insjoandaustria\/wp-content\/uploads\/usu216\/2016\/02\/plantilla-sollicitud-exempcio.pdf\">Descarregar model per sol\u00b7licitar l&#8217;exempci\u00f3 de la formaci\u00f3 en centres de treball<\/a><br \/>\n<a style=\"font-family: inherit;\" href=\"http:\/\/queestudiar.gencat.cat\/web\/.content\/home\/estudis\/fp\/centres-treball\/normativa\/normativa-formacio-centres-treball.pdf\">Normativa<\/a><\/li>\n<\/ul>\n","protected":false},"excerpt":{"rendered":"<p>Pots dirigir-te a les nostres oficines per:<\/p>\n<ul>\n<li>Fer una sol\u00b7licitud o\u00a0presentar una inst\u00e0ncia.<br \/>\n<a style=\"font-family: inherit;\" href=\"http:\/\/agora.xtec.cat\/insjoandaustria\/wp-content\/uploads\/usu216\/2016\/02\/sol%C2%B7licitud-standard.pdf\">Model per presentar una inst\u00e0ncia o fer una sol\u00b7licitud<\/a><\/li>\n<li>Demanar un certificat.<br \/>\n<a style=\"font-family: inherit;\" href=\"http:\/\/agora.xtec.cat\/insjoandaustria\/wp-content\/uploads\/usu216\/2016\/02\/sol%C2%B7licitud-standard.pdf\">Model per presentar una inst\u00e0ncia o fer una sol\u00b7licitud<br \/>\n<\/a>El termini per recollir la documentaci\u00f3 ser\u00e0 de 5 dies&hellip;  <a href=\"https:\/\/agora.xtec.cat\/insjoandaustria\/linstitut\/secretaria\/tramits\/\" title=\"Read Tr\u00e0mits\">Llegeix m\u00e9s\u00bb<\/a><\/p>\n","protected":false},"author":4,"featured_media":0,"parent":6024,"menu_order":0,"comment_status":"closed","ping_status":"closed","template":"page-templates\/side-menu.php","meta":{"_bbp_topic_count":0,"_bbp_reply_count":0,"_bbp_total_topic_count":0,"_bbp_total_reply_count":0,"_bbp_voice_count":0,"_bbp_anonymous_reply_count":0,"_bbp_topic_count_hidden":0,"_bbp_reply_count_hidden":0,"_bbp_forum_subforum_count":0,"footnotes":""},"class_list":["post-6702","page","type-page","status-publish","hentry"],"post_mailing_queue_ids":[],"_links":{"self":[{"href":"https:\/\/agora.xtec.cat\/insjoandaustria\/wp-json\/wp\/v2\/pages\/6702","targetHints":{"allow":["GET"]}}],"collection":[{"href":"https:\/\/agora.xtec.cat\/insjoandaustria\/wp-json\/wp\/v2\/pages"}],"about":[{"href":"https:\/\/agora.xtec.cat\/insjoandaustria\/wp-json\/wp\/v2\/types\/page"}],"author":[{"embeddable":true,"href":"https:\/\/agora.xtec.cat\/insjoandaustria\/wp-json\/wp\/v2\/users\/4"}],"replies":[{"embeddable":true,"href":"https:\/\/agora.xtec.cat\/insjoandaustria\/wp-json\/wp\/v2\/comments?post=6702"}],"version-history":[{"count":2,"href":"https:\/\/agora.xtec.cat\/insjoandaustria\/wp-json\/wp\/v2\/pages\/6702\/revisions"}],"predecessor-version":[{"id":6704,"href":"https:\/\/agora.xtec.cat\/insjoandaustria\/wp-json\/wp\/v2\/pages\/6702\/revisions\/6704"}],"up":[{"embeddable":true,"href":"https:\/\/agora.xtec.cat\/insjoandaustria\/wp-json\/wp\/v2\/pages\/6024"}],"wp:attachment":[{"href":"https:\/\/agora.xtec.cat\/insjoandaustria\/wp-json\/wp\/v2\/media?parent=6702"}],"curies":[{"name":"wp","href":"https:\/\/api.w.org\/{rel}","templated":true}]}}