{"id":6410,"date":"2019-11-21T11:56:48","date_gmt":"2019-11-21T10:56:48","guid":{"rendered":"http:\/\/agora.xtec.cat\/insjoandaustria\/?page_id=6410"},"modified":"2020-06-09T19:30:41","modified_gmt":"2020-06-09T17:30:41","slug":"documentacio-necessaria","status":"publish","type":"page","link":"https:\/\/agora.xtec.cat\/insjoandaustria\/serveis\/mobilitat-internacional\/documentacio-necessaria\/","title":{"rendered":"Documentaci\u00f3 necess\u00e0ria"},"content":{"rendered":"<table style=\"height: 796px; width: 100%;\">\n<tbody>\n<tr style=\"height: 35px;\">\n<td style=\"width: 261.1px; height: 35px; text-align: center; background-color: #ffdac4;\"><strong><span style=\"font-size: large;\">Abans de marxar<\/span><\/strong><\/td>\n<td style=\"width: 223.8px; height: 35px; text-align: center; background-color: #ffdac4;\"><strong><span style=\"font-size: large;\">Durant l&#8217;estada<\/span><\/strong><\/td>\n<td style=\"width: 261.1px; height: 35px; text-align: center; background-color: #ffdac4;\"><strong><span style=\"font-size: large;\">A la tornada<\/span><\/strong><\/td>\n<\/tr>\n<tr style=\"height: 173px;\">\n<td style=\"width: 261.1px; height: 173px; background-color: #ffffff;\">\n<ul>\n<li><a href=\"https:\/\/europass.cedefop.europa.eu\/editors\/en\/cv\/compose\" target=\"_blank\" rel=\"nofollow noopener noreferrer\">Curr\u00edculum Europass (en la lleng\u00fca del pa\u00eds de l&#8217;estada o angl\u00e8s)<\/a><\/li>\n<li>Carta de motivaci\u00f3<\/li>\n<li><a href=\"https:\/\/agora.xtec.cat\/insjoandaustria\/wp-content\/uploads\/usu216\/2020\/01\/Carta-de-compromi\u0301s-Erasmus.pdf\" target=\"_blank\" rel=\"noopener noreferrer\">Carta de comprom\u00eds<\/a><\/li>\n<li><a href=\"https:\/\/w6.seg-social.es\/solTse\/Inicio\" target=\"_blank\" rel=\"nofollow noopener noreferrer\">Tageta sanit\u00e0ria europea (TSE)<\/a><\/li>\n<\/ul>\n<\/td>\n<td style=\"width: 223.8px; height: 761px; background-color: #ffffff;\" rowspan=\"2\">\n<div>\n<ul>\n<li>Actualitzaci\u00f3 peri\u00f2dica del full c\u00e0lcul de despeses.<\/li>\n<li>Seguiment i cust\u00f2dia de documents sBid d&#8217;inici i informes mensuals. (nom\u00e9s per estades de pr\u00e0ctiques)<\/li>\n<\/ul>\n<\/div>\n<p>&nbsp;<\/p>\n<div>\n<p><a href=\"https:\/\/www.empresaiformacio.org\/sBid\/\/\" target=\"_blank\" rel=\"noopener noreferrer\"><img decoding=\"async\" class=\"aligncenter\" src=\"https:\/\/www.empresaiformacio.org\/sBid\/images\/loginBID\/logoBID.png\" alt=\"Banc Integrat de Dades\" align=\"middle\" \/><\/a><\/p>\n<p>&nbsp;<\/p>\n<ul>\n<li><span style=\"font-size: small;\">Guardar i custodiar fins la tornada i lliurament a la coordinaci\u00f3 de mobilitat la justificaci\u00f3 de despeses. Els \u00fanics documents justificatius acceptats de les despeses s\u00f3n factures, tiquets, rebuts&#8230; amb els seus corresponents justificants bancaris degudament segellats, si s&#8217;escau. En cas de viatge en avi\u00f3, cal presentar a m\u00e9s els justificants de compra (mails, etc.), les targetes d&#8217;embarcament i\/o els resguards dels equipatges.<\/span><\/li>\n<li><span style=\"font-size: small;\">Fer servir el hashtag <strong>#ErasmusJdA<\/strong> per les publicacions a xarxes socials.<\/span><\/li>\n<\/ul>\n<\/div>\n<\/td>\n<td style=\"width: 261.1px; height: 761px; background-color: #ffffff;\" rowspan=\"2\">\n<ul>\n<li><a href=\"https:\/\/drive.google.com\/file\/d\/1ExLkc-hE6qYhW1t6enEdI-qLBmOn8qFd\/view?usp=sharing\" target=\"_blank\" rel=\"noopener noreferrer\">Mem\u00f2ria d&#8217;activitats de l&#8217;estada\u00a0<\/a>amb material multim\u00e8dia per la publicaci\u00f3 a la &#8220;Experiences&#8221; de la web de mobilitat.<\/li>\n<li>Lliurament del certificat d&#8217;empresa signat i segellat de l&#8217;estada.<\/li>\n<li>Lliurament de l&#8217;acord de formaci\u00f3 &#8220;Learning agreement&#8221; signat i segellat per la instituci\u00f3 d&#8217;acollida. (Document Erasmus)<\/li>\n<li>Tramesa del test de nivell final de la <a href=\"http:\/\/erasmusplusols.eu\/\" target=\"_blank\" rel=\"nofollow noopener noreferrer\">plataforma OLS Erasmus+<\/a>.<\/li>\n<li>Tramesa de l&#8217;enquesta EU Survey.<\/li>\n<li>Lliurament de tota la documentaci\u00f3 generada sBID (FCT) i Erasmus+, signada i segellada per l&#8217;empresa \/ centre educatiu.<\/li>\n<li>Lliurament del full de c\u00e0lcul de despeses.<\/li>\n<li>Lliurament d&#8217;originals i arxius pdf escanejats de tickets i factures degudament numerats, de despeses d&#8217;allotjament, manutenci\u00f3 i altres despeses a repercutir.<\/li>\n<li>Lliurament de targetes d&#8217;embarcament, facturaci\u00f3 i factura del viatge internacional d&#8217;anada i tornada al lloc de l&#8217;estada.<\/li>\n<li>L<span style=\"font-size: small;\">liurament de material multim\u00e8dia per la difusi\u00f3 de l&#8217;estada.<\/span><\/li>\n<\/ul>\n<\/td>\n<\/tr>\n<tr style=\"height: 588px;\">\n<td style=\"width: 261.1px; height: 588px;\">Un cop adjudicada la mobilitat:<\/p>\n<ul>\n<li>Signatura i aprovaci\u00f3 dels documents Erasmus:\n<ul>\n<li>Conveni de subvenci\u00f3<\/li>\n<li>Acord de formaci\u00f3 &#8220;Learning agreement&#8221;<\/li>\n<li>Condicions generals erasmus.<\/li>\n<li>Carta Erasmus de l&#8217;estudiant.<\/li>\n<\/ul>\n<\/li>\n<li>Tramesa del test de nivell inicial de la <a href=\"http:\/\/erasmusplusols.eu\/\" target=\"_blank\" rel=\"nofollow noopener noreferrer\">plataforma OLS Erasmus+<\/a>.<\/li>\n<li>Signatura i aprovaci\u00f3 del document de cessi\u00f3 de drets d&#8217;imatge.<\/li>\n<li>Signatura i aprovaci\u00f3 de documentaci\u00f3 sBid (nom\u00e9s per estades de pr\u00e0ctiques):\n<ul>\n<li>Conveni de pr\u00e0ctiques<\/li>\n<li>Pla d&#8217;activitats<\/li>\n<\/ul>\n<\/li>\n<li>Signatura i aprovaci\u00f3 del perm\u00eds per part de mares, pares o turors\/es legals (en menors d&#8217;edat nom\u00e9s).<\/li>\n<\/ul>\n<\/td>\n<\/tr>\n<\/tbody>\n<\/table>\n<table style=\"height: 138px; width: 100%; border-style: none; border-color: #ffffff;\">\n<tbody>\n<tr style=\"height: 33px;\">\n<td style=\"height: 33px; width: 24.6032%; text-align: center;\"><strong>Carta de comprom\u00eds<\/strong><\/td>\n<td style=\"height: 33px; width: 23.8095%; text-align: center;\"><strong>Diari de l&#8217;alumne<\/strong><\/td>\n<td style=\"height: 33px; width: 50.5291%; border-style: none;\"><\/td>\n<\/tr>\n<tr style=\"height: 105px;\">\n<td style=\"height: 105px; width: 24.6032%; background-color: #ffffff; text-align: center;\"><a href=\"https:\/\/agora.xtec.cat\/insjoandaustria\/wp-content\/uploads\/usu216\/2020\/01\/Carta-de-compromi\u0301s-Erasmus.pdf\" target=\"_blank\" rel=\"noopener noreferrer\"><img loading=\"lazy\" decoding=\"async\" class=\"alignnone\" src=\"https:\/\/agora.xtec.cat\/insjoandaustria\/wp-content\/uploads\/usu216\/2019\/11\/logo-pdf.png\" alt=\"\" width=\"84\" height=\"84\" \/><\/a><\/td>\n<td style=\"height: 105px; width: 23.8095%; background-color: #ffffff; text-align: center;\"><a href=\"https:\/\/drive.google.com\/file\/d\/1ExLkc-hE6qYhW1t6enEdI-qLBmOn8qFd\/view\" target=\"_blank\" rel=\"noopener noreferrer\"><img loading=\"lazy\" decoding=\"async\" class=\"alignnone\" src=\"https:\/\/agora.xtec.cat\/insjoandaustria\/wp-content\/uploads\/usu216\/2019\/11\/logo-doc.png\" alt=\"logo foc file\" width=\"85\" height=\"85\" \/><\/a><\/td>\n<td style=\"height: 105px; width: 50.5291%; border-style: none; background-color: #ffffff;\"><img loading=\"lazy\" decoding=\"async\" class=\"alignright wp-image-6445\" src=\"https:\/\/agora.xtec.cat\/insjoandaustria\/wp-content\/uploads\/usu216\/2019\/11\/ErasmusCofundedLogo.png\" alt=\"Erasmus co-funded logo\" width=\"218\" height=\"50\" srcset=\"https:\/\/agora.xtec.cat\/insjoandaustria\/wp-content\/uploads\/usu216\/2019\/11\/ErasmusCofundedLogo.png 844w, https:\/\/agora.xtec.cat\/insjoandaustria\/wp-content\/uploads\/usu216\/2019\/11\/ErasmusCofundedLogo-300x69.png 300w, https:\/\/agora.xtec.cat\/insjoandaustria\/wp-content\/uploads\/usu216\/2019\/11\/ErasmusCofundedLogo-768x176.png 768w\" sizes=\"auto, (max-width: 218px) 100vw, 218px\" \/><\/td>\n<\/tr>\n<\/tbody>\n<\/table>\n<p>&nbsp;<\/p>\n","protected":false},"excerpt":{"rendered":"<p>Abans de marxar<br \/>\nDurant l&#8217;estada<br \/>\nA la tornada<\/p>\n<ul>\n<li><a href=\"https:\/\/europass.cedefop.europa.eu\/editors\/en\/cv\/compose\" target=\"_blank\" rel=\"nofollow noopener noreferrer\">Curr\u00edculum Europass (en la lleng\u00fca del pa\u00eds de l&#8217;estada o angl\u00e8s)<\/a><\/li>\n<li>Carta de motivaci\u00f3<\/li>\n<li><a href=\"https:\/\/agora.xtec.cat\/insjoandaustria\/wp-content\/uploads\/usu216\/2020\/01\/Carta-de-compromi\u0301s-Erasmus.pdf\" target=\"_blank\" rel=\"noopener noreferrer\">Carta de comprom\u00eds<\/a><\/li>\n<li><a href=\"https:\/\/w6.seg-social.es\/solTse\/Inicio\" target=\"_blank\" rel=\"nofollow noopener noreferrer\">Tageta sanit\u00e0ria europea (TSE)<\/a><\/li>\n<\/ul>\n<ul>\n<li>Actualitzaci\u00f3 peri\u00f2dica del full c\u00e0lcul de despeses.<\/li>\n<li>Seguiment i cust\u00f2dia&hellip;  <a href=\"https:\/\/agora.xtec.cat\/insjoandaustria\/serveis\/mobilitat-internacional\/documentacio-necessaria\/\" title=\"Read Documentaci\u00f3 necess\u00e0ria\">Llegeix m\u00e9s\u00bb<\/a><br \/>\n","protected":false},"author":410,"featured_media":0,"parent":5049,"menu_order":3,"comment_status":"closed","ping_status":"closed","template":"page-templates\/side-menu.php","meta":{"_bbp_topic_count":0,"_bbp_reply_count":0,"_bbp_total_topic_count":0,"_bbp_total_reply_count":0,"_bbp_voice_count":0,"_bbp_anonymous_reply_count":0,"_bbp_topic_count_hidden":0,"_bbp_reply_count_hidden":0,"_bbp_forum_subforum_count":0,"footnotes":""},"class_list":["post-6410","page","type-page","status-publish","hentry"],"post_mailing_queue_ids":[],"_links":{"self":[{"href":"https:\/\/agora.xtec.cat\/insjoandaustria\/wp-json\/wp\/v2\/pages\/6410","targetHints":{"allow":["GET"]}}],"collection":[{"href":"https:\/\/agora.xtec.cat\/insjoandaustria\/wp-json\/wp\/v2\/pages"}],"about":[{"href":"https:\/\/agora.xtec.cat\/insjoandaustria\/wp-json\/wp\/v2\/types\/page"}],"author":[{"embeddable":true,"href":"https:\/\/agora.xtec.cat\/insjoandaustria\/wp-json\/wp\/v2\/users\/410"}],"replies":[{"embeddable":true,"href":"https:\/\/agora.xtec.cat\/insjoandaustria\/wp-json\/wp\/v2\/comments?post=6410"}],"version-history":[{"count":4,"href":"https:\/\/agora.xtec.cat\/insjoandaustria\/wp-json\/wp\/v2\/pages\/6410\/revisions"}],"predecessor-version":[{"id":7693,"href":"https:\/\/agora.xtec.cat\/insjoandaustria\/wp-json\/wp\/v2\/pages\/6410\/revisions\/7693"}],"up":[{"embeddable":true,"href":"https:\/\/agora.xtec.cat\/insjoandaustria\/wp-json\/wp\/v2\/pages\/5049"}],"wp:attachment":[{"href":"https:\/\/agora.xtec.cat\/insjoandaustria\/wp-json\/wp\/v2\/media?parent=6410"}],"curies":[{"name":"wp","href":"https:\/\/api.w.org\/{rel}","templated":true}]}}