{"id":6263,"date":"2019-09-04T14:54:09","date_gmt":"2019-09-04T12:54:09","guid":{"rendered":"http:\/\/agora.xtec.cat\/insjoandaustria\/?page_id=6263"},"modified":"2021-06-06T19:51:08","modified_gmt":"2021-06-06T17:51:08","slug":"politica-de-qualitat","status":"publish","type":"page","link":"https:\/\/agora.xtec.cat\/insjoandaustria\/documentacio\/qualitat\/politica-de-qualitat\/","title":{"rendered":"Pol\u00edtica de qualitat"},"content":{"rendered":"<p id=\"E209\" class=\"qowt-stl-Normal\"><span id=\"E210\">Entenem la pol\u00edtica de qualitat com el comprom\u00eds <\/span><span id=\"E211\">de <\/span><span id=\"E212\">totes les persones del nostre centre <\/span><span id=\"E213\">en c<\/span><span id=\"E214\">ontribuir a l&#8217;assoliment dels objectius que la societat li assigna com a instituci\u00f3 educativa i centre <\/span><span id=\"E215\">p\u00fablic <\/span><span id=\"E216\">de formaci\u00f3<\/span><span id=\"E217\"> del segle XXI<\/span><span id=\"E218\">.<\/span><\/p>\n<p id=\"E220\" class=\"qowt-stl-Normal\"><span id=\"E221\">La pol\u00edtica de qualitat de l\u2019Institut Joan d\u2019\u00c0ustria ha estat definida per aconseguir una millora cont\u00ednua en el servei educatiu que proporciona al seu alumnat, aix\u00ed com a la resta <\/span><span id=\"E222\">de grups d\u2019inter\u00e8s<\/span><span id=\"E223\"> implicats en aquest servei com <\/span><span id=\"E224\">ara<\/span><span id=\"E225\"> el<\/span><span id=\"E226\"> <\/span><span id=\"E227\">personal de l\u2019organitzaci\u00f3, <\/span><span id=\"E228\">fam\u00edlies, empreses, institucions i<\/span><span id=\"E229\"> societat en general<\/span><span id=\"E230\">.<\/span><\/p>\n<p id=\"E232\" class=\"qowt-stl-Normal\"><span id=\"E233\">Entenem <\/span><span id=\"E234\">les necessitats espec\u00edfiques <\/span><span id=\"E235\">d\u2019aquests grups d\u2019inter\u00e8s<\/span><span id=\"E236\"> com:<\/span><\/p>\n<ul>\n<li id=\"E238\" class=\"qowt-li-228151020_0 qowt-list qowt-stl-Normal\"><span id=\"E239\">Satisfer les necessitats formatives, professionals i personals de l\u2019alumnat aix\u00ed com les seves expectatives.<\/span><\/li>\n<li id=\"E240\" class=\"qowt-li-228151020_0 qowt-list qowt-stl-Normal\"><span id=\"E241\">Complir amb les expectatives de fam\u00edlies que han confiat l\u2019educaci\u00f3 dels seus fills en la nostra organitzaci\u00f3.<\/span><\/li>\n<li id=\"E242\" class=\"qowt-li-228151020_0 qowt-list qowt-stl-Normal\"><span id=\"E243\">Complir amb les expectatives de les empreses pel que fa a les capacitats professionals del nostre alumnat.<\/span><\/li>\n<li id=\"E244\" class=\"qowt-li-228151020_0 qowt-list qowt-stl-Normal\"><span id=\"E245\">Crear un clima favorable <\/span><span id=\"E246\">de treball per <\/span><span id=\"E247\">l&#8217;equip hum\u00e0 que forma part de l&#8217;Institut<\/span><span id=\"E248\">,<\/span><span id=\"E249\"> <\/span><span id=\"E250\">aix\u00ed com les oportunitats de desenvolupament professional i social <\/span><span id=\"E251\">per tal d&#8217;assegurar un alt nivell de satisfacci\u00f3 de tota la comunitat educativa<\/span><span id=\"E252\">.<\/span><\/li>\n<\/ul>\n<p id=\"E254\" class=\"qowt-stl-Normal\"><span id=\"E255\">L\u2019<\/span><span id=\"E256\">equip directiu es compromet a impulsar aquesta pol\u00edtica de qualitat i difondre-la en tota l\u2019organitzaci<\/span><span id=\"E257\">\u00f3, fins que formi part de la cultura pr\u00f2pia del centre, sempre respectant el compliment de la normativa vigent aplicable i dels requisits establerts per l\u2019administraci\u00f3.<\/span><\/p>\n","protected":false},"excerpt":{"rendered":"<p>Entenem la pol\u00edtica de qualitat com el comprom\u00eds de totes les persones del nostre centre en contribuir a l&#8217;assoliment dels objectius que la societat li assigna com a instituci\u00f3 educativa i centre p\u00fablic de formaci\u00f3 del segle XXI.<br \/>\nLa pol\u00edtica de qualitat de l\u2019Institut Joan d\u2019\u00c0ustria&hellip;  <a href=\"https:\/\/agora.xtec.cat\/insjoandaustria\/documentacio\/qualitat\/politica-de-qualitat\/\" title=\"Read Pol\u00edtica de qualitat\">Llegeix m\u00e9s\u00bb<\/a><\/p>\n","protected":false},"author":216,"featured_media":0,"parent":8257,"menu_order":25,"comment_status":"closed","ping_status":"closed","template":"page-templates\/side-menu.php","meta":{"_bbp_topic_count":0,"_bbp_reply_count":0,"_bbp_total_topic_count":0,"_bbp_total_reply_count":0,"_bbp_voice_count":0,"_bbp_anonymous_reply_count":0,"_bbp_topic_count_hidden":0,"_bbp_reply_count_hidden":0,"_bbp_forum_subforum_count":0,"footnotes":""},"class_list":["post-6263","page","type-page","status-publish","hentry"],"post_mailing_queue_ids":[],"_links":{"self":[{"href":"https:\/\/agora.xtec.cat\/insjoandaustria\/wp-json\/wp\/v2\/pages\/6263","targetHints":{"allow":["GET"]}}],"collection":[{"href":"https:\/\/agora.xtec.cat\/insjoandaustria\/wp-json\/wp\/v2\/pages"}],"about":[{"href":"https:\/\/agora.xtec.cat\/insjoandaustria\/wp-json\/wp\/v2\/types\/page"}],"author":[{"embeddable":true,"href":"https:\/\/agora.xtec.cat\/insjoandaustria\/wp-json\/wp\/v2\/users\/216"}],"replies":[{"embeddable":true,"href":"https:\/\/agora.xtec.cat\/insjoandaustria\/wp-json\/wp\/v2\/comments?post=6263"}],"version-history":[{"count":2,"href":"https:\/\/agora.xtec.cat\/insjoandaustria\/wp-json\/wp\/v2\/pages\/6263\/revisions"}],"predecessor-version":[{"id":8266,"href":"https:\/\/agora.xtec.cat\/insjoandaustria\/wp-json\/wp\/v2\/pages\/6263\/revisions\/8266"}],"up":[{"embeddable":true,"href":"https:\/\/agora.xtec.cat\/insjoandaustria\/wp-json\/wp\/v2\/pages\/8257"}],"wp:attachment":[{"href":"https:\/\/agora.xtec.cat\/insjoandaustria\/wp-json\/wp\/v2\/media?parent=6263"}],"curies":[{"name":"wp","href":"https:\/\/api.w.org\/{rel}","templated":true}]}}