{"id":5526,"date":"2019-03-10T22:54:58","date_gmt":"2019-03-10T21:54:58","guid":{"rendered":"http:\/\/agora.xtec.cat\/insjoandaustria\/?page_id=5526"},"modified":"2022-03-23T16:25:31","modified_gmt":"2022-03-23T15:25:31","slug":"enllacos-dinteres","status":"publish","type":"page","link":"https:\/\/agora.xtec.cat\/insjoandaustria\/serveis\/mobilitat-internacional\/enllacos-dinteres\/","title":{"rendered":"Enlla\u00e7os d&#8217;inter\u00e8s en mobilitat"},"content":{"rendered":"<p>El centre INS Joan d&#8217;\u00c0ustria col\u00b7labora amb els seg\u00fcents consorcis de mobilitat internacional:<\/p>\n<table style=\"width: 98.6029%; border-collapse: collapse; border-style: none; margin: 0 auto;\" border=\"1\">\n<tbody>\n<tr style=\"border-style: none;\">\n<td style=\"width: 50%; border-color: #ffffff; border-style: none; height: 163px; text-align: center;\"><a href=\"https:\/\/jovecat.gencat.cat\/ca\/temes\/participacio_i_solidaritat\/erasmusplus\" target=\"_blank\" rel=\"noopener noreferrer\"><img loading=\"lazy\" decoding=\"async\" class=\"aligncenter wp-image-7868 size-full\" src=\"https:\/\/agora.xtec.cat\/insjoandaustria\/wp-content\/uploads\/usu216\/2020\/11\/jovecat.jpg\" alt=\"logo jovecat\" width=\"277\" height=\"103\" \/><\/a><\/td>\n<td style=\"width: 50%; border-color: #ffffff; border-style: none; height: 163px; text-align: center;\"><a href=\"http:\/\/www.xarxafp.org\/\" target=\"_blank\" rel=\"noopener noreferrer\"><img loading=\"lazy\" decoding=\"async\" class=\"alignnone wp-image-5660\" src=\"https:\/\/agora.xtec.cat\/insjoandaustria\/wp-content\/uploads\/usu216\/2019\/03\/logo_XarxaFP_Web-1024x438.png\" alt=\"logo_xarxafp\" width=\"326\" height=\"139\" srcset=\"https:\/\/agora.xtec.cat\/insjoandaustria\/wp-content\/uploads\/usu216\/2019\/03\/logo_XarxaFP_Web-1024x438.png 1024w, https:\/\/agora.xtec.cat\/insjoandaustria\/wp-content\/uploads\/usu216\/2019\/03\/logo_XarxaFP_Web-300x128.png 300w, https:\/\/agora.xtec.cat\/insjoandaustria\/wp-content\/uploads\/usu216\/2019\/03\/logo_XarxaFP_Web-768x329.png 768w\" sizes=\"auto, (max-width: 326px) 100vw, 326px\" \/><\/a><\/td>\n<\/tr>\n<tr style=\"height: 10px;\">\n<td style=\"border-color: #ffffff; border-style: none; height: 10px; width: 75%;\" colspan=\"2\"><\/td>\n<\/tr>\n<tr style=\"border-color: #ffffff; border-style: none; height: 113px; width: 50%; text-align: center;\">\n<td style=\"border-style: none;\"><a href=\"https:\/\/projectes.xtec.cat\/mobilitatfp\/\" target=\"_blank\" rel=\"noopener noreferrer\"><img loading=\"lazy\" decoding=\"async\" class=\" wp-image-7708 aligncenter\" src=\"https:\/\/agora.xtec.cat\/insjoandaustria\/wp-content\/uploads\/usu216\/2020\/06\/MobilitatFP.png\" alt=\"mobilitatFP_logo\" width=\"295\" height=\"67\" srcset=\"https:\/\/agora.xtec.cat\/insjoandaustria\/wp-content\/uploads\/usu216\/2020\/06\/MobilitatFP.png 656w, https:\/\/agora.xtec.cat\/insjoandaustria\/wp-content\/uploads\/usu216\/2020\/06\/MobilitatFP-300x69.png 300w\" sizes=\"auto, (max-width: 295px) 100vw, 295px\" \/><\/a><\/td>\n<td style=\"border-color: #ffffff; border-style: none; height: 113px; width: 50%; text-align: center;\"><a href=\"https:\/\/fpempresa.net\/\" target=\"_blank\" rel=\"noopener noreferrer\"><img loading=\"lazy\" decoding=\"async\" class=\" wp-image-6261 aligncenter\" src=\"https:\/\/agora.xtec.cat\/insjoandaustria\/wp-content\/uploads\/usu216\/2019\/09\/logoFp.jpg\" alt=\"FPempresa_logo\" width=\"342\" height=\"46\" srcset=\"https:\/\/agora.xtec.cat\/insjoandaustria\/wp-content\/uploads\/usu216\/2019\/09\/logoFp.jpg 605w, https:\/\/agora.xtec.cat\/insjoandaustria\/wp-content\/uploads\/usu216\/2019\/09\/logoFp-300x41.jpg 300w\" sizes=\"auto, (max-width: 342px) 100vw, 342px\" \/><\/a><\/td>\n<\/tr>\n<\/tbody>\n<\/table>\n<p>Aquests consorcis de mobilitat internacional treballen directament amb les institucions encarregades de la gesti\u00f3 de les beques Erasmus+:<\/p>\n<table style=\"width: 100%; border-collapse: collapse; border-style: none; margin: 0 auto;\" border=\"1\">\n<tbody>\n<tr>\n<td style=\"width: 50%; border-style: none;\"><a href=\"https:\/\/ec.europa.eu\/programmes\/erasmus-plus\/node_en\" target=\"_blank\" rel=\"noopener noreferrer\"><img decoding=\"async\" class=\"aligncenter\" src=\"https:\/\/erasmus-plus.ec.europa.eu\/themes\/contrib\/oe_theme\/dist\/ec\/images\/logo\/positive\/logo-ec--en.svg\" \/><\/a><\/td>\n<td style=\"width: 50%; border-style: none;\"><a href=\"http:\/\/sepie.es\/formacion-profesional\/index.html\" target=\"_blank\" rel=\"noopener noreferrer\"><img loading=\"lazy\" decoding=\"async\" class=\"alignnone size-full wp-image-7621\" src=\"https:\/\/agora.xtec.cat\/insjoandaustria\/wp-content\/uploads\/usu216\/2020\/05\/SEPIE_erasmus_plus.gif\" alt=\"SEPIE_erasmus_plus_logo\" width=\"400\" height=\"100\" \/><\/a><\/td>\n<\/tr>\n<\/tbody>\n<\/table>\n<p><img loading=\"lazy\" decoding=\"async\" class=\"wp-image-6445 alignright\" src=\"https:\/\/agora.xtec.cat\/insjoandaustria\/wp-content\/uploads\/usu216\/2019\/11\/ErasmusCofundedLogo.png\" sizes=\"auto, (max-width: 216px) 100vw, 216px\" srcset=\"https:\/\/agora.xtec.cat\/insjoandaustria\/wp-content\/uploads\/usu216\/2019\/11\/ErasmusCofundedLogo.png 844w, https:\/\/agora.xtec.cat\/insjoandaustria\/wp-content\/uploads\/usu216\/2019\/11\/ErasmusCofundedLogo-300x69.png 300w, https:\/\/agora.xtec.cat\/insjoandaustria\/wp-content\/uploads\/usu216\/2019\/11\/ErasmusCofundedLogo-768x176.png 768w\" alt=\"Erasmus co-funded logo\" width=\"216\" height=\"50\" \/><\/p>\n","protected":false},"excerpt":{"rendered":"<p>El centre INS Joan d&#8217;\u00c0ustria col\u00b7labora amb els seg\u00fcents consorcis de mobilitat internacional:<\/p>\n<p><a href=\"https:\/\/jovecat.gencat.cat\/ca\/temes\/participacio_i_solidaritat\/erasmusplus\" target=\"_blank\" rel=\"noopener noreferrer\"><\/a><br \/>\n<a href=\"http:\/\/www.xarxafp.org\/\" target=\"_blank\" rel=\"noopener noreferrer\"><\/a><\/p>\n<p><a href=\"https:\/\/projectes.xtec.cat\/mobilitatfp\/\" target=\"_blank\" rel=\"noopener noreferrer\"><\/a><br \/>\n<a href=\"https:\/\/fpempresa.net\/\" target=\"_blank\" rel=\"noopener noreferrer\"><\/a><\/p>\n<p>Aquests consorcis de mobilitat internacional treballen directament amb les institucions encarregades de la gesti\u00f3 de les beques&hellip;  <a href=\"https:\/\/agora.xtec.cat\/insjoandaustria\/serveis\/mobilitat-internacional\/enllacos-dinteres\/\" title=\"Read Enlla\u00e7os d&#8217;inter\u00e8s en mobilitat\">Llegeix m\u00e9s\u00bb<\/a><\/p>\n","protected":false},"author":410,"featured_media":0,"parent":5049,"menu_order":8,"comment_status":"closed","ping_status":"closed","template":"page-templates\/side-menu.php","meta":{"_bbp_topic_count":0,"_bbp_reply_count":0,"_bbp_total_topic_count":0,"_bbp_total_reply_count":0,"_bbp_voice_count":0,"_bbp_anonymous_reply_count":0,"_bbp_topic_count_hidden":0,"_bbp_reply_count_hidden":0,"_bbp_forum_subforum_count":0,"footnotes":""},"class_list":["post-5526","page","type-page","status-publish","hentry"],"post_mailing_queue_ids":[],"_links":{"self":[{"href":"https:\/\/agora.xtec.cat\/insjoandaustria\/wp-json\/wp\/v2\/pages\/5526","targetHints":{"allow":["GET"]}}],"collection":[{"href":"https:\/\/agora.xtec.cat\/insjoandaustria\/wp-json\/wp\/v2\/pages"}],"about":[{"href":"https:\/\/agora.xtec.cat\/insjoandaustria\/wp-json\/wp\/v2\/types\/page"}],"author":[{"embeddable":true,"href":"https:\/\/agora.xtec.cat\/insjoandaustria\/wp-json\/wp\/v2\/users\/410"}],"replies":[{"embeddable":true,"href":"https:\/\/agora.xtec.cat\/insjoandaustria\/wp-json\/wp\/v2\/comments?post=5526"}],"version-history":[{"count":3,"href":"https:\/\/agora.xtec.cat\/insjoandaustria\/wp-json\/wp\/v2\/pages\/5526\/revisions"}],"predecessor-version":[{"id":8865,"href":"https:\/\/agora.xtec.cat\/insjoandaustria\/wp-json\/wp\/v2\/pages\/5526\/revisions\/8865"}],"up":[{"embeddable":true,"href":"https:\/\/agora.xtec.cat\/insjoandaustria\/wp-json\/wp\/v2\/pages\/5049"}],"wp:attachment":[{"href":"https:\/\/agora.xtec.cat\/insjoandaustria\/wp-json\/wp\/v2\/media?parent=5526"}],"curies":[{"name":"wp","href":"https:\/\/api.w.org\/{rel}","templated":true}]}}