{"id":5170,"date":"2018-12-13T14:33:01","date_gmt":"2018-12-13T13:33:01","guid":{"rendered":"http:\/\/agora.xtec.cat\/insjoandaustria\/?page_id=5170"},"modified":"2019-11-22T10:53:13","modified_gmt":"2019-11-22T09:53:13","slug":"tecnologies-digitals","status":"publish","type":"page","link":"https:\/\/agora.xtec.cat\/insjoandaustria\/projectes\/tecnologies-digitals\/","title":{"rendered":"Tecnologies Digitals"},"content":{"rendered":"<p style=\"text-align: center;\"><b>Projecte <\/b><b><span style=\"color: #ff6600;\">Jd<\/span><\/b><b>igit<\/b><span style=\"color: #ff6600;\"><b>A<\/b><\/span><b>l<\/b><\/p>\n<p style=\"text-align: center;\"><b>Programa d\u2019innovaci\u00f3 pedag\u00f2gica Tecnologies Digitals per a l\u2019Aprenentatge<\/b><\/p>\n<p style=\"text-align: center;\"><span style=\"font-weight: 400;\">Projectes (mSchools i El Centre Digital)<\/span><\/p>\n<p style=\"text-align: center;\"><span style=\"font-weight: 400;\">INS Joan d\u2019\u00c0ustria<br \/>\n<span style=\"font-family: inherit; font-size: 1em;\">08013101<br \/>\n<\/span><span style=\"font-family: inherit; font-size: 1em;\">Barcelona<br \/>\n<\/span><span style=\"font-family: inherit; font-size: 1em;\">Consorci d\u2019Educaci\u00f3 de Barcelona<\/span><span style=\"font-family: inherit; font-size: 1em;\"><br \/>\n<\/span><\/span><\/p>\n<table style=\"border-style: solid; border-color: #000000;\">\n<tbody>\n<tr>\n<td><a href=\"https:\/\/agora.xtec.cat\/insjoandaustria\/categoria\/JDigitAl\/\">Mostrar les not\u00edcies del projecte<\/a><\/td>\n<\/tr>\n<\/tbody>\n<\/table>\n<h1><b>1. Justificaci\u00f3 del projecte<\/b><\/h1>\n<p><span style=\"font-weight: 400;\">Dins del document marc del nostre Projecte Educatiu de Centre<\/span><span style=\"font-weight: 400;\"> s\u2019estableix en l\u2019apartat <\/span><b>Necessitats de l\u2019alumnat<\/b><span style=\"font-weight: 400;\"> el nostre inter\u00e8s en \u201cDesenvolupar en el nivell adequat les habilitats i compet\u00e8ncies culturals, personals i socials relatives a l\u2019expressi\u00f3 i la comprensi\u00f3 orals, l\u2019expressi\u00f3 escrita i la comprensi\u00f3 lectora, les compet\u00e8ncies matem\u00e0tiques i les <\/span><b>compet\u00e8ncies necess\u00e0ries per a l\u2019\u00fas de les noves tecnologies i de la comunicaci\u00f3 audiovisual<\/b><span style=\"font-weight: 400;\">.\u201d<\/span><\/p>\n<p><span style=\"font-weight: 400;\">A m\u00e9s, dins de l\u2019apartat <\/span><b>L\u00ednia metodol\u00f2gica i principis pedag\u00f2gics<\/b><span style=\"font-weight: 400;\"> manifestem el desig de \u201cSituar les <\/span><b>noves tecnologies com un dels eixos b\u00e0sics de l\u2019activitat docent<\/b><span style=\"font-weight: 400;\">. A partir de la transversalitat de la <\/span><b>compet\u00e8ncia digital<\/b><span style=\"font-weight: 400;\"> en el curr\u00edculum, el centre promocionar\u00e0 entre l\u2019alumnat l\u2019acreditaci\u00f3 en compet\u00e8ncies de tecnologies de la informaci\u00f3 i la comunicaci\u00f3 (ACTIC).\u201d<\/span><\/p>\n<p><span style=\"font-weight: 400;\">Per \u00faltim, dins de l\u2019actual projecte de direcci\u00f3 (2016-2020) s\u2019estableixen, en diferents objectius (\u201cImplicar de manera efectiva a l&#8217;alumnat, i a les seves fam\u00edlies, en \u00a0el funcionament del centre per a millorar els resultats acad\u00e8mics, evitar l&#8217;abandonament\u201d, \u201cMillorar el clima de treball i potenciar la formaci\u00f3 del professorat, i del PAS, per a \u00a0millorar els resultats de l&#8217;alumnat\u201d) les <\/span><b>estrat\u00e8gies relacionades<\/b><span style=\"font-weight: 400;\"> amb el programa d\u2019innovaci\u00f3:<\/span><\/p>\n<ul>\n<li style=\"font-weight: 400;\"><span style=\"font-weight: 400;\"> \u201cImpulsar l&#8217;\u00fas de les TIC-TAC-TEP entre l&#8217;alumnat, les seves fam\u00edlies i la resta de la comunitat educativa\u201d<\/span><\/li>\n<li style=\"font-weight: 400;\"><span style=\"font-weight: 400;\">\u201cFormar de manera cont\u00ednua al professorat en l&#8217;\u00fas de les TIC-TAC-TEP per a fer-ne \u00fas de forma coherent i transversal en els processos d&#8217;ensenyament aprenentatge\u201d.<\/span><\/li>\n<\/ul>\n<h1><b>2. Diagnosi de necessitats i punt de partida<\/b><\/h1>\n<h2><b>Estrat\u00e8gia, lideratge i gesti\u00f3<\/b><\/h2>\n<h3><b>Punts molt forts<\/b><\/h3>\n<ul>\n<li style=\"font-weight: 400;\"><span style=\"font-weight: 400;\">El Projecte de direcci\u00f3 t\u00e9 en compte la planificaci\u00f3 global de les TAC al centre, el seu estat de desenvolupament i prioritats, proporcionant una visi\u00f3 sostenible per fases i terminis i considerant els recursos disponibles<\/span><\/li>\n<li style=\"font-weight: 400;\"><span style=\"font-weight: 400;\">L&#8217;equip directiu \u00e9s conscient de la import\u00e0ncia de definir els objectius i els resultats acad\u00e8mics i organitzatius que es volen obtenir i acompanyar-los dels indicadors associats per a mesurar-los i vetllar per la seva concreci\u00f3<\/span><\/li>\n<li style=\"font-weight: 400;\"><span style=\"font-weight: 400;\">La direcci\u00f3 del centre coneix els aspectes jur\u00eddics vinculats als usos \u00e8tics de les tecnologies digitals, com la privacitat i seguretat de les dades i la propietat intel\u00b7lectual<\/span><\/li>\n<li style=\"font-weight: 400;\"><span style=\"font-weight: 400;\">Existeix un punt a les NOFC respecte de l&#8217;\u00fas dels tel\u00e8fons m\u00f2bils al centre: tipologia d&#8217;\u00fas i espais permesos <\/span><\/li>\n<\/ul>\n<h3><b>Punts forts<\/b><\/h3>\n<ul>\n<li style=\"font-weight: 400;\"><span style=\"font-weight: 400;\">El centre preveu la detecci\u00f3 de necessitats de formaci\u00f3 TAC i les incorpora al Pla de formaci\u00f3 de centre<\/span><\/li>\n<li style=\"font-weight: 400;\"><span style=\"font-weight: 400;\">El centre t\u00e9 formalitzats els procediments per garantir l&#8217;accessibilitat del professorat als recursos i serveis digitals del centre i cercar el suport tecnol\u00f2gic necessari<\/span><\/li>\n<li style=\"font-weight: 400;\"><span style=\"font-weight: 400;\">El centre t\u00e9 formalitzats els procediments per garantir l&#8217;accessibilitat de la comunitat educativa als serveis digitals del centre<\/span><\/li>\n<li style=\"font-weight: 400;\"><span style=\"font-weight: 400;\">Les fam\u00edlies coneixen la normativa d&#8217;\u00fas dels tel\u00e8fons m\u00f2bils al centre<\/span><\/li>\n<li style=\"font-weight: 400;\"><span style=\"font-weight: 400;\">Les fam\u00edlies coneixen la normativa respecte de l&#8217;autoritzaci\u00f3 de publicaci\u00f3 d&#8217;imatges personals o continguts elaborats pels seus fills i filles als serveis digitals del centre o del n\u00favol (aplicacions 2.0)<\/span><\/li>\n<\/ul>\n<h2><b>Punts febles<\/b><\/h2>\n<ul>\n<li style=\"font-weight: 400;\"><span style=\"font-weight: 400;\">El centre t\u00e9 definits el paper dels canals digitals i les persones responsables per comunicar-se amb la comunitat educativa<\/span><\/li>\n<li style=\"font-weight: 400;\"><span style=\"font-weight: 400;\">Existeix una visi\u00f3 i estrat\u00e8gia en l&#8217;\u00fas de les tecnologies per a la millora dels processos d&#8217;ensenyament\/aprenentatge reflectida en el Projecte Educatiu de Centre<\/span><\/li>\n<li style=\"font-weight: 400;\"><span style=\"font-weight: 400;\">S&#8217;han definit mecanismes formals per acompanyar el professorat en la implementaci\u00f3 de les TAC a l&#8217;aula<\/span><\/li>\n<li style=\"font-weight: 400;\"><span style=\"font-weight: 400;\">El centre t\u00e9 formalitzats els procediments pel que fa a la inclusi\u00f3 digital de tot l&#8217;alumnat i ajusta totes les actuacions pel que fa a garantir l&#8217;accessibilitat i el suport tecnol\u00f2gic necessari<\/span><\/li>\n<li style=\"font-weight: 400;\"><span style=\"font-weight: 400;\">El centre t\u00e9 formalitzats els procediments per garantir l&#8217;assoliment de la compet\u00e8ncia digital de tot l&#8217;alumnat com a compet\u00e8ncia transversal, fer-ne el seguiment i avaluar-la<\/span><\/li>\n<li style=\"font-weight: 400;\"><span style=\"font-weight: 400;\">Existeix una comissi\u00f3 TAC de centre, amb implicaci\u00f3 de l&#8217;equip directiu, per coordinar la integraci\u00f3 de les TAC<\/span><\/li>\n<li style=\"font-weight: 400;\"><span style=\"font-weight: 400;\">La direcci\u00f3 del centre defineix les responsabilitats i les distribueix als nivells adients per impulsar l&#8217;\u00fas de les TAC<\/span><\/li>\n<li style=\"font-weight: 400;\"><span style=\"font-weight: 400;\">El centre t\u00e9 definits el paper dels canals digitals i les persones responsables per gestionar la informaci\u00f3 interna pel que fa al Pla TAC<\/span><\/li>\n<\/ul>\n<h3><b>Punts molt febles<\/b><\/h3>\n<ul>\n<li style=\"font-weight: 400;\"><span style=\"font-weight: 400;\">Existeix un protocol clar dirigit a tota la comunitat educativa sobre aspectes de privacitat en l&#8217;\u00fas de tel\u00e8fons m\u00f2bils<\/span><\/li>\n<li style=\"font-weight: 400;\"><span style=\"font-weight: 400;\">Existeix un protocol clar dirigit a les fam\u00edlies i personal extern al centre sobre aspectes de privacitat en l&#8217;\u00fas de tel\u00e8fons m\u00f2bils<\/span><\/li>\n<\/ul>\n<h2><b>Usos curriculars<\/b><\/h2>\n<h3><b>Punts molt forts<\/b><\/h3>\n<ul>\n<li style=\"font-weight: 400;\"><span style=\"font-weight: 400;\">El professorat utilitza els sistemes de projecci\u00f3, ja siguin interactius (PDI) o no, a l&#8217;aula<\/span><\/li>\n<\/ul>\n<h3><b>Punts forts<\/b><\/h3>\n<ul>\n<li style=\"font-weight: 400;\"><span style=\"font-weight: 400;\">Les TAC (EVA del Centre, Intranet, Extranet, Web) s&#8217;utilitzen per involucrar la comunitat educativa en els processos i activitats d&#8217;aprenentatge<\/span><\/li>\n<li style=\"font-weight: 400;\"><span style=\"font-weight: 400;\">Les TAC s&#8217;utilitzen per facilitar l&#8217;aprenentatge m\u00e9s enll\u00e0 de l&#8217;espai i l&#8217;horari de l&#8217;aula i fora de l&#8217;escola<\/span><\/li>\n<li style=\"font-weight: 400;\"><span style=\"font-weight: 400;\">L&#8217;\u00fas de les TAC \u00e9s divers i abasta des d&#8217;aplicacions instrumentals i d&#8217;exercitaci\u00f3 (per exemple programes d&#8217;ofim\u00e0tica o activitats tipus JClic) fins a activitats de cerca, processament i presentaci\u00f3 de la informaci\u00f3 (per exemple webquestes).<\/span><\/li>\n<li style=\"font-weight: 400;\"><span style=\"font-weight: 400;\">Els usos de les TAC a l&#8217;aula inclouen projectes, activitats col\u00b7laboratives, de simulaci\u00f3 o de producci\u00f3 de contingut per part de l&#8217;alumnat<\/span><\/li>\n<li style=\"font-weight: 400;\"><span style=\"font-weight: 400;\">Els sistemes de projecci\u00f3, ja siguin interactius (PDI) o no, s\u00f3n utilitzats tamb\u00e9 per l&#8217;alumnat per a presentacions o exposicions davant el grup classe<\/span><\/li>\n<li style=\"font-weight: 400;\"><span style=\"font-weight: 400;\">El professorat utilitza l&#8217;EVA del centre per posar a l&#8217;abast de l&#8217;alumnat materials i recursos per a l&#8217;aprenentatge<\/span><\/li>\n<li style=\"font-weight: 400;\"><span style=\"font-weight: 400;\">L&#8217;alumnat utilitza l&#8217;EVA del centre per fer activitats i treballar de forma col\u00b7laborativa<\/span><\/li>\n<\/ul>\n<h3><b>Punts febles<\/b><\/h3>\n<ul>\n<li style=\"font-weight: 400;\"><span style=\"font-weight: 400;\">El professorat, sota el lideratge de l&#8217;equip directiu, \u00e9s proactiu en la integraci\u00f3 de les TAC a l&#8217;aula<\/span><\/li>\n<li style=\"font-weight: 400;\"><span style=\"font-weight: 400;\">El professorat estimula l&#8217;alumnat per tal que assoleixi la compet\u00e8ncia digital<\/span><\/li>\n<li style=\"font-weight: 400;\"><span style=\"font-weight: 400;\">El professorat promou activitats apropiades pel que fa a l&#8217;\u00fas segur d&#8217;Internet i el respecte de la propietat intel.lectual<\/span><\/li>\n<li style=\"font-weight: 400;\"><span style=\"font-weight: 400;\">S&#8217;utilitzen les tecnologies en l&#8217;avaluaci\u00f3 i el seguiment personalitzat de l&#8217;alumnat<\/span><\/li>\n<li style=\"font-weight: 400;\"><span style=\"font-weight: 400;\">El centre utilitza el potencial de les TAC per personalitzar els aprenentatges i adaptar-los a les caracter\u00edstiques i necessitats de cada alumne\/a<\/span><\/li>\n<li style=\"font-weight: 400;\"><span style=\"font-weight: 400;\">La programaci\u00f3 de totes les \u00e0rees curriculars incorpora continguts digitals per al treball per part de l&#8217;alumnat<\/span><\/li>\n<li style=\"font-weight: 400;\"><span style=\"font-weight: 400;\">Els usos de les TAC s&#8217;aprofiten per transformar els processos d&#8217;ensenyament\/aprenentatge tot donant als alumnes un paper m\u00e9s actiu <\/span><\/li>\n<li style=\"font-weight: 400;\"><span style=\"font-weight: 400;\">En la programaci\u00f3 did\u00e0ctica de cada mat\u00e8ria s&#8217;utilitzen els recursos digitals espec\u00edfics per a aquell \u00e0mbit de coneixement<\/span><\/li>\n<li style=\"font-weight: 400;\"><span style=\"font-weight: 400;\">El professorat incorpora l&#8217;\u00fas de dispositius m\u00f2bils per dur a terme activitats d&#8217;aprenentatge<\/span><\/li>\n<li style=\"font-weight: 400;\"><span style=\"font-weight: 400;\">L&#8217;alumnat utilitza dispositius m\u00f2bils per fer activitats i generar continguts<\/span><\/li>\n<\/ul>\n<h3><b>Punts molt febles<\/b><\/h3>\n<ul>\n<li style=\"font-weight: 400;\"><span style=\"font-weight: 400;\">Es realitzen projectes col.laboratius amb suport TIC amb d&#8217;altres centres del pa\u00eds o d&#8217;arreu<\/span><\/li>\n<li style=\"font-weight: 400;\"><span style=\"font-weight: 400;\">Existeix una programaci\u00f3 seq\u00fcenciada dels usos de les TAC interrelacionada amb el desenvolupament de les diferents compet\u00e8ncies i continguts curriculars<\/span><\/li>\n<li style=\"font-weight: 400;\"><span style=\"font-weight: 400;\">La concreci\u00f3 i el desenvolupament de la compet\u00e8ncia digital de l&#8217;alumnat com a compet\u00e8ncia b\u00e0sica transversal s\u00f3n coherents i equilibrats a trav\u00e9s dels nivells i de les \u00e0rees i mat\u00e8ries<\/span><\/li>\n<li style=\"font-weight: 400;\"><span style=\"font-weight: 400;\">El centre, en el cas de l&#8217;ESO i el Batxillerat, promou la possibilitat de cursar algunes mat\u00e8ries en la modalitat d&#8217;educaci\u00f3 no presencial a l&#8217;Institut Obert de Catalunya<\/span><\/li>\n<\/ul>\n<h2><b>Compet\u00e8ncia digital docent i desenvolupament professional<\/b><\/h2>\n<h3><b>Punts forts<\/b><\/h3>\n<ul>\n<li style=\"font-weight: 400;\"><span style=\"font-weight: 400;\">El professorat del centre est\u00e0 capacitat per utilitzar els sistemes de projecci\u00f3, ja siguin interactius (PDI) o no, a l&#8217;aula<\/span><\/li>\n<li style=\"font-weight: 400;\"><span style=\"font-weight: 400;\">El professorat del centre usa les tecnologies habitualment en la preparaci\u00f3 de materials de treball per a tot el seu alumnat<\/span><\/li>\n<li style=\"font-weight: 400;\"><span style=\"font-weight: 400;\">El professorat t\u00e9 els coneixements i habilitats necessaris per utilitzar els entorns digitals d&#8217;ensenyament-aprenentatge del centre amb tot el seu alumnat<\/span><\/li>\n<li style=\"font-weight: 400;\"><span style=\"font-weight: 400;\">El professorat \u00e9s competent per plantejar i participar en activitats col.laboratives en entorns digitals<\/span><\/li>\n<\/ul>\n<h3><b>Punts febles<\/b><\/h3>\n<ul>\n<li style=\"font-weight: 400;\"><span style=\"font-weight: 400;\">El professorat \u00e9s competent per planificar i acompanyar l&#8217;alumnat en l&#8217;assoliment de la compet\u00e8ncia digital com a compet\u00e8ncia transversal, fer-ne el seguiment i avaluar-lo<\/span><\/li>\n<li style=\"font-weight: 400;\"><span style=\"font-weight: 400;\">El professorat \u00e9s conscient de la import\u00e0ncia d&#8217;utilitzar les TAC per a la millora dels resultats i l&#8217;\u00e8xit escolar<\/span><\/li>\n<li style=\"font-weight: 400;\"><span style=\"font-weight: 400;\">El professorat coneix i aplica les TAC per a la millora dels resultats i l&#8217;\u00e8xit escolar<\/span><\/li>\n<li style=\"font-weight: 400;\"><span style=\"font-weight: 400;\">El professorat \u00e9s competent per plantejar i participar en activitats col.laboratives interdisciplinars en entorns digitals<\/span><\/li>\n<li style=\"font-weight: 400;\"><span style=\"font-weight: 400;\">El professorat del centre \u00e9s competent per seleccionar recursos digitals per a tot el seu alumnat<\/span><\/li>\n<li style=\"font-weight: 400;\"><span style=\"font-weight: 400;\">El professorat sap identificar les seves necessitats en relaci\u00f3 amb les TAC i les expressa i vehicula en el Pla de formaci\u00f3 del centre<\/span><\/li>\n<li style=\"font-weight: 400;\"><span style=\"font-weight: 400;\">El professorat comparteix la seva experi\u00e8ncia formant part de la comunitat de pr\u00e0ctiques del centre<\/span><\/li>\n<li style=\"font-weight: 400;\"><span style=\"font-weight: 400;\">El professorat disposa d&#8217;habilitats i estrat\u00e8gies per garantir la inclusi\u00f3 digital de tot l&#8217;alumnat a partir de les seves capacitats individuals pel que fa a accessibilitat i tecnologies de suport necess\u00e0ries<\/span><\/li>\n<li style=\"font-weight: 400;\"><span style=\"font-weight: 400;\">El professorat coneix els aspectes legals vinculats als usos \u00e8tics de les tecnologies digitals, com la seguretat, la privacitat i la propietat intel.lectual i els t\u00e9 en compte en la seva pr\u00e0ctica di\u00e0ria<\/span><\/li>\n<\/ul>\n<h3><b>Punts molt febles<\/b><\/h3>\n<ul>\n<li style=\"font-weight: 400;\"><span style=\"font-weight: 400;\">El professorat comparteix la seva experi\u00e8ncia formant part de la comunitat de pr\u00e0ctiques amb el professorat d&#8217;altres centres<\/span><\/li>\n<li style=\"font-weight: 400;\"><span style=\"font-weight: 400;\">El professorat t\u00e9 la capacitat de construir una xarxa de relacions i refer\u00e8ncies per actualitzar i compartir els seus coneixements en entorns digitals<\/span><\/li>\n<\/ul>\n<h1><b>3. Objectius espec\u00edfics i indicadors<\/b><\/h1>\n<p><span style=\"font-weight: 400;\">En base a la sol\u00b7licitud realitzada des del centre per participar en el programa d\u2019innovaci\u00f3, en els dos projectes del programa, la relaci\u00f3 d\u2019<\/span><b>objectius espec\u00edfics\/estrat\u00e8gies<\/b><span style=\"font-weight: 400;\"> que hem planificat s\u00f3n:<\/span><\/p>\n<ul>\n<li><b><span style=\"font-weight: 400;\">Consensuar amb els diferents actors de centre, alumnat i professorat, els criteris d\u2019\u00fas dels dispositius digitals en les activitats d\u2019ensenyament aprenentatge i la vida del centre<\/span><\/b><\/li>\n<li><span style=\"font-weight: 400;\">Fomentar l\u2019inter\u00e8s de l\u2019alumnat per l\u2019acreditaci\u00f3 ACTIC<\/span><\/li>\n<li><span style=\"font-weight: 400;\">Participar en les convocat\u00f2ries d\u2019activitats del programa STEAM, per \u00a0potenciar la igualtat de g\u00e8nere en les vocacions tecnol\u00f2giques<\/span><\/li>\n<li><span style=\"font-weight: 400;\">Formar al professorat en l\u2019\u00fas i adequaci\u00f3 de plataformes d\u2019avaluaci\u00f3 i seguiment com a Kahoot, Socrative o Evernote, per tal de fer-ne \u00fas de manera efectiva al llarg de les activitats d\u2019ensenyament aprenentatge.<\/span><\/li>\n<li><span style=\"font-weight: 400;\">Potenciar la web del centre, per difondre les actuacions relacionades amb el projecte<\/span><\/li>\n<li><span style=\"font-weight: 400;\">Participar de manera activa a les xarxes creades d\u2019mSchool<\/span><\/li>\n<li><span style=\"font-weight: 400;\">Revisar el disseny curricular, de l\u2019etapa d\u2019ESO, per determinar l\u2019inclusi\u00f3 efectiva de les tecnologies al llarg de l\u2019etapa i l\u2019adquisici\u00f3 de les compet\u00e8ncies digitals.<\/span><\/li>\n<li><span style=\"font-weight: 400;\">Fer \u00fas de les tecnologies digitals com a eina de suport amb l\u2019alumnat NEE o NESE<\/span><\/li>\n<li><span style=\"font-weight: 400;\">Fomentar les eines col\u00b7laboratives i EVA<\/span><\/li>\n<li><span style=\"font-weight: 400;\">Introduir progressivament la programaci\u00f3 per blocs a l\u2019alumnat d\u2019ESO i CF<\/span><\/li>\n<li><span style=\"font-weight: 400;\">Participar en diferents convocat\u00f2ries i\/o concursos peri\u00f2dics relacionats amb el pensament computacional<\/span><\/li>\n<li><span style=\"font-weight: 400;\">Crear i fer visibles, de manera peri\u00f2dica, entorns virtuals amb informaci\u00f3 rellevant sobre Catalunya<\/span><\/li>\n<li><span style=\"font-weight: 400;\">Potenciar l\u2019\u00fas de la rob\u00f2tica amb l\u2019alumnat del centre, especialment de l\u2019etapa d\u2019ESO, per a fomentar el desenvolupament computacional i l\u2019\u00fas de les noves tecnologies<\/span><\/li>\n<li><span style=\"font-weight: 400;\">Realitzar formaci\u00f3 a l\u2019alumnat, les seves fam\u00edlies i el professorat sobre l\u2019\u00fas segur i responsable d\u2019Internet, les xarxes socials i les noves tecnologies<\/span><\/li>\n<li><span style=\"font-weight: 400;\">Implicar a la Biblioteca del centre en l\u2019acompanyament digital de l\u2019alumnat i el professorat del centre<\/span><\/li>\n<li><span style=\"font-weight: 400;\">Readequar les infraestructures de comunicacions del centre per millorar la connectivitat de la xarxa Wifi<\/span><\/li>\n<\/ul>\n<p><span style=\"font-weight: 400;\">Els <\/span><b>indicadors <\/b><span style=\"font-weight: 400;\">que plantegem, per avaluar els objectius espec\u00edfics del programa, estan descrits a l\u2019apartat 6 d\u2019aquest document.<\/span><\/p>\n<h1><b>4. Descripci\u00f3 del projecte<\/b><\/h1>\n<h2><b>S\u00edntesi del programa<\/b><\/h2>\n<p><span style=\"font-weight: 400;\">Tot i que la justificaci\u00f3 descrita al punt inicial ja d\u00f3na una idea sobre la visi\u00f3 que podem tenir del programa, es pret\u00e9n que s\u2019actu\u00ef sobre dues l\u00ednies marc, priorit\u00e0ries, que concorden amb els projectes del mateix programa.<\/span><\/p>\n<p><span style=\"font-weight: 400;\">La primera l\u00ednia marc incideix en la incorporaci\u00f3 &#8211;<\/span><i><span style=\"font-weight: 400;\">de manera real i efectiva<\/span><\/i><span style=\"font-weight: 400;\">&#8211; de les tecnologies digitals com a eines b\u00e0siques dels processos claus del centre (processos de desenvolupament de les activitats d\u2019ensenyament-aprenentatge de l\u2019alumnat), complementant i\/o substituint eines i\/o metodologies \u201ctradicionals\u201d que, de manera habitual, es fan servir als centres educatius.<\/span><\/p>\n<p><span style=\"font-weight: 400;\">La segona l\u00ednia marc incideix profundament en les necessitats del nostre alumnat, com a actor central de la nostra missi\u00f3 educativa i com a persona del segle XXI envoltada de tecnologies digitals. L\u2019alumnat no nom\u00e9s ha d\u2019\u00e9sser un usuari b\u00e0sic de les tecnologies digitals sin\u00f3 que ha d\u2019adquirir les compet\u00e8ncies necess\u00e0ries per fer-les servir de manera adequada i eficient, per entendre el seu funcionament, per determinar les seves possibilitats i, fins i tot, per modificar-les i crear-ne de noves. Aquestes compet\u00e8ncies no poden ser assolides fent usos puntuals de la tecnologia al llarg de la seva formaci\u00f3 (seria com intentar aprendre a llegir, llegint nom\u00e9s una hora a la setmana) sin\u00f3 que cal desenvolupar-les de manera continuada en els seus processos d\u2019ensenyament-aprenentatge. <\/span><\/p>\n<h2><b>Accions planificades<\/b><\/h2>\n<p>&nbsp;<\/p>\n<ul>\n<li><b><span style=\"font-weight: 400;\">Enquesta alumnat sobre l\u2019\u00fas de les tecnologies dins del centre<\/span><\/b><\/li>\n<\/ul>\n<ul>\n<li><span style=\"font-weight: 400;\">Enquesta al professorat sobre l\u2019\u00fas de les tecnologies dins del centre<\/span><\/li>\n<\/ul>\n<ul>\n<li><span style=\"font-weight: 400;\">Enquesta a les fam\u00edlies sobre l\u2019\u00fas de les tecnologies dins del centre<\/span><\/li>\n<\/ul>\n<ul>\n<li><span style=\"font-weight: 400;\">Generaci\u00f3 del document marc sobre l\u2019\u00fas responsable de les tecnologies digitals al centre.<\/span><\/li>\n<\/ul>\n<ul>\n<li><span style=\"font-weight: 400;\">Creaci\u00f3 d\u2019un espai espec\u00edfic, a la web del centre, per difondre les actuacions relacionades amb el projecte<\/span><\/li>\n<\/ul>\n<ul>\n<li><span style=\"font-weight: 400;\">Actualitzaci\u00f3 de manera peri\u00f2dica de la web del centre amb les informacions relatives a l\u2019aven\u00e7 del projecte per a fer difusi\u00f3 a l\u2019entorn de les activitats realitzades.<\/span><\/li>\n<\/ul>\n<ul>\n<li><span style=\"font-weight: 400;\">Revisi\u00f3 del disseny curricular de nivell 2, de l\u2019etapa d\u2019ESO, per determinar la inclusi\u00f3 efectiva de les tecnologies al llarg de l\u2019etapa.<\/span><\/li>\n<\/ul>\n<ul>\n<li><span style=\"font-weight: 400;\">Seq\u00fcenciaci\u00f3 dels nivells d\u2019adquisici\u00f3 de la compet\u00e8ncia digital al llarg de l\u2019etapa d\u2019ESO<\/span><\/li>\n<\/ul>\n<ul>\n<li><span style=\"font-weight: 400;\">Coordinaci\u00f3 entre les \u00e0rees respecte de la seq\u00fcenciaci\u00f3 de la compet\u00e8ncia digital<\/span><\/li>\n<\/ul>\n<ul>\n<li><span style=\"font-weight: 400;\">Oferta de cr\u00e8dits variables al llarg de tota l\u2019etapa d\u2019ESO relacionats amb l\u2019inform\u00e0tica<\/span><\/li>\n<\/ul>\n<ul>\n<li><span style=\"font-weight: 400;\">Redisseny de les programacions did\u00e0ctiques d\u2019ESO, nivell 3, per \u00a0incloure de manera espec\u00edfica l\u2019\u00fas de les tecnologies digitals a les diferents activitats<\/span><\/li>\n<\/ul>\n<ul>\n<li><span style=\"font-weight: 400;\">Revisi\u00f3 dels criteris i activitats d&#8217;avaluaci\u00f3 que indiquin l&#8217;assoliment de la compet\u00e8ncia digital de l&#8217;alumnat i que es basin en els criteris de centre consensuats<\/span><\/li>\n<\/ul>\n<ul>\n<li><span style=\"font-weight: 400;\">Disseny d\u2019activitats espec\u00edfiques, per a l\u2019alumnat amb NEE o NESE, que facin \u00fas de les tecnologies digitals com a eina de suport.<\/span><\/li>\n<\/ul>\n<ul>\n<li><span style=\"font-weight: 400;\">Creaci\u00f3 de recursos did\u00e0ctics adaptats amb eines d\u2019autoavaluaci\u00f3 per a l\u2019alumnat amb NEE o NESE<\/span><\/li>\n<\/ul>\n<ul>\n<li><span style=\"font-weight: 400;\">Foment de l\u2019entorn <\/span>Moodle<span style=\"font-weight: 400;\"> com a eina col\u00b7laborativa i EVA per part el professorat i de l\u2019alumnat <\/span><\/li>\n<\/ul>\n<ul>\n<li><span style=\"font-weight: 400;\">Foment de <\/span>Google Apps<span style=\"font-weight: 400;\"> com a EVA i eina col\u00b7laborativa en les activitats d\u2019E-A de l\u2019alumnat<\/span><\/li>\n<\/ul>\n<ul>\n<li><span style=\"font-weight: 400;\">Introducci\u00f3 progresiva de <\/span>Blockly<span style=\"font-weight: 400;\"> (Google for Education) a l\u2019ESO, CFGM i CFGS com a eina de desenvolupament d\u2019Apps<\/span><\/li>\n<\/ul>\n<ul>\n<li><span style=\"font-weight: 400;\">Potenciaci\u00f3 de l\u2019<\/span>Scratch<span style=\"font-weight: 400;\"> com a llenguatge de programaci\u00f3 a partir de 1r d\u2019ESO<\/span><\/li>\n<\/ul>\n<ul>\n<li><span style=\"font-weight: 400;\">Introducci\u00f3 de la programaci\u00f3 sobre <\/span>App Inventor<span style=\"font-weight: 400;\"> a 4rt d\u2019ESO a l\u2019optativa d\u2019Inform\u00e0tica<\/span><\/li>\n<\/ul>\n<ul>\n<li><span style=\"font-weight: 400;\">Participaci\u00f3 amb diferents grups d\u2019alumnes, de 4rt d\u2019ESO, en les convocat\u00f2ries de creaci\u00f3 d\u2019<\/span>App Education<span style=\"font-weight: 400;\"> de la iniciativa <\/span>mSchools Student Awards<span style=\"font-weight: 400;\"> de la Fundaci\u00f3 Mobile World Capital Barcelona<\/span><\/li>\n<\/ul>\n<ul>\n<li><span style=\"font-weight: 400;\">Participaci\u00f3 amb diferents grups d\u2019alumnes, de CF, en les convocat\u00f2ries de <\/span>Webs al Punt<\/li>\n<\/ul>\n<ul>\n<li><span style=\"font-weight: 400;\">Participaci\u00f3 amb diferents grups d\u2019alumnes, de CF i Batxillerat C-T, en les convocat\u00f2ries d<\/span>\u2019iFest<\/li>\n<\/ul>\n<ul>\n<li><span style=\"font-weight: 400;\">Presentaci\u00f3 de propostes i\/o experi\u00e8ncies a les convocat\u00f2ries <\/span>Mobile Learning Awards<\/li>\n<\/ul>\n<ul>\n<li><span style=\"font-weight: 400;\">Creaci\u00f3 i visualitzaci\u00f3 \u00a0d\u2019informaci\u00f3 rellevant sobre Catalunya, de manera peri\u00f2dica, fent servir <\/span>Google Maps<span style=\"font-weight: 400;\"> (des de les mat\u00e8ries de Ci\u00e8ncies Socials, M\u00fasica i\/o Visual i Pl\u00e0stica)<\/span><\/li>\n<\/ul>\n<ul>\n<li><span style=\"font-weight: 400;\">Creaci\u00f3 i visualitzaci\u00f3 \u00a0d\u2019informaci\u00f3 rellevant sobre Catalunya, de manera peri\u00f2dica, fent servir <\/span>Google Art Projects<\/li>\n<\/ul>\n<ul>\n<li><span style=\"font-weight: 400;\">Inclusi\u00f3 de l\u2019\u00fas de la rob\u00f2tica a l\u2019alumnat del centre, especialment de l\u2019etapa d\u2019ESO en la mat\u00e8ria de Tecnologia<\/span><\/li>\n<\/ul>\n<ul>\n<li><span style=\"font-weight: 400;\">Creaci\u00f3 i potenciaci\u00f3 d\u2019equips d\u2019alumnes que participin a la <\/span>LEGO FIRST League<\/li>\n<\/ul>\n<ul>\n<li><span style=\"font-weight: 400;\">Introducci\u00f3 de la programaci\u00f3 sobre <\/span>Arduino<span style=\"font-weight: 400;\"> a 4rt d\u2019ESO a l\u2019optativa d\u2019Inform\u00e0tica<\/span><\/li>\n<\/ul>\n<ul>\n<li><span style=\"font-weight: 400;\">Realitzaci\u00f3 de tallers o xerrades de formaci\u00f3 a l\u2019alumnat i les seves fam\u00edlies sobre l\u2019\u00fas segur d\u2019Internet i les xarxes socials<\/span><\/li>\n<\/ul>\n<ul>\n<li><span style=\"font-weight: 400;\">Realitzaci\u00f3 de tallers o xerrades de formaci\u00f3 a l\u2019alumnat i les seves fam\u00edlies sobre l\u2019\u00fas responsable dels dispositius m\u00f2bils<\/span><\/li>\n<\/ul>\n<ul>\n<li><span style=\"font-weight: 400;\">Realitzaci\u00f3 de tallers o xerrades al professorat sobre els usos responsables i segurs \u00a0de les tecnologies relacionades amb xarxes digitals<\/span><\/li>\n<\/ul>\n<ul>\n<li><span style=\"font-weight: 400;\">Avaluaci\u00f3 anual de l\u2019aplicaci\u00f3 del programa<\/span><\/li>\n<\/ul>\n<ul>\n<li><span style=\"font-weight: 400;\">Realitzaci\u00f3 de la mem\u00f2ria del programa<\/span><\/li>\n<\/ul>\n<p>&nbsp;<\/p>\n<h1><b>5. Planificaci\u00f3 i temporitzaci\u00f3 de les actuacions<\/b><\/h1>\n<p><span style=\"font-weight: 400;\">Les actuacions estan programades per trimestres al llarg dels dos anys de durada del projecte.<\/span><\/p>\n<table>\n<tbody>\n<tr>\n<td><\/td>\n<td colspan=\"4\"><b>2018<\/b><\/td>\n<td colspan=\"4\"><b>2019<\/b><\/td>\n<\/tr>\n<tr>\n<td><\/td>\n<td><b>gen-mar\u00e7<\/b><\/td>\n<td><b>abr-juny<\/b><\/td>\n<td><b>jul-set<\/b><\/td>\n<td><b>oct-des<\/b><\/td>\n<td><b>gen-mar\u00e7<\/b><\/td>\n<td><b>abr-juny<\/b><\/td>\n<td><b>jul-set<\/b><\/td>\n<td><b>oct-des<\/b><\/td>\n<\/tr>\n<tr>\n<td><b>ACT1<\/b><\/td>\n<td><b>x<\/b><\/td>\n<td><\/td>\n<td><\/td>\n<td><b>x<\/b><\/td>\n<td><\/td>\n<td><\/td>\n<td><\/td>\n<td><\/td>\n<\/tr>\n<tr>\n<td><b>ACT2<\/b><\/td>\n<td><b>x<\/b><\/td>\n<td><\/td>\n<td><\/td>\n<td><b>x<\/b><\/td>\n<td><\/td>\n<td><\/td>\n<td><\/td>\n<td><\/td>\n<\/tr>\n<tr>\n<td><b>ACT3<\/b><\/td>\n<td><\/td>\n<td><\/td>\n<td><b>x<\/b><\/td>\n<td><\/td>\n<td><b>x<\/b><\/td>\n<td><\/td>\n<td><\/td>\n<td><\/td>\n<\/tr>\n<tr>\n<td><b>ACT4<\/b><\/td>\n<td><\/td>\n<td><\/td>\n<td><\/td>\n<td><b>x<\/b><\/td>\n<td><\/td>\n<td><\/td>\n<td><\/td>\n<td><\/td>\n<\/tr>\n<tr>\n<td><b>ACT5<\/b><\/td>\n<td><b>x<\/b><\/td>\n<td><\/td>\n<td><\/td>\n<td><\/td>\n<td><\/td>\n<td><\/td>\n<td><\/td>\n<td><\/td>\n<\/tr>\n<tr>\n<td><b>ACT6<\/b><\/td>\n<td><b>x<\/b><\/td>\n<td><b>x<\/b><\/td>\n<td><b>x<\/b><\/td>\n<td><b>x<\/b><\/td>\n<td><b>x<\/b><\/td>\n<td><b>x<\/b><\/td>\n<td><b>x<\/b><\/td>\n<td><b>x<\/b><\/td>\n<\/tr>\n<tr>\n<td><b>ACT7<\/b><\/td>\n<td><b>x<\/b><\/td>\n<td><b>x<\/b><\/td>\n<td><b>x<\/b><\/td>\n<td><\/td>\n<td><\/td>\n<td><\/td>\n<td><\/td>\n<td><\/td>\n<\/tr>\n<tr>\n<td><b>ACT8<\/b><\/td>\n<td><\/td>\n<td><b>x<\/b><\/td>\n<td><b>x<\/b><\/td>\n<td><\/td>\n<td><\/td>\n<td><\/td>\n<td><\/td>\n<td><\/td>\n<\/tr>\n<tr>\n<td><b>ACT9<\/b><\/td>\n<td><\/td>\n<td><\/td>\n<td><\/td>\n<td><b>x<\/b><\/td>\n<td><b>x<\/b><\/td>\n<td><b>x<\/b><\/td>\n<td><\/td>\n<td><\/td>\n<\/tr>\n<tr>\n<td><b>ACT10<\/b><\/td>\n<td><\/td>\n<td><b>x<\/b><\/td>\n<td><b>x<\/b><\/td>\n<td><\/td>\n<td><\/td>\n<td><b>x<\/b><\/td>\n<td><b>x<\/b><\/td>\n<td><\/td>\n<\/tr>\n<tr>\n<td><b>ACT11<\/b><\/td>\n<td><\/td>\n<td><\/td>\n<td><b>x<\/b><\/td>\n<td><b>x<\/b><\/td>\n<td><b>x<\/b><\/td>\n<td><\/td>\n<td><\/td>\n<td><\/td>\n<\/tr>\n<tr>\n<td><b>ACT12<\/b><\/td>\n<td><\/td>\n<td><\/td>\n<td><\/td>\n<td><b>x<\/b><\/td>\n<td><b>x<\/b><\/td>\n<td><b>x<\/b><\/td>\n<td><\/td>\n<td><\/td>\n<\/tr>\n<tr>\n<td><b>ACT13<\/b><\/td>\n<td><\/td>\n<td><\/td>\n<td><b>x<\/b><\/td>\n<td><b>x<\/b><\/td>\n<td><b>x<\/b><\/td>\n<td><b>x<\/b><\/td>\n<td><b>x<\/b><\/td>\n<td><\/td>\n<\/tr>\n<tr>\n<td><b>ACT14<\/b><\/td>\n<td><\/td>\n<td><\/td>\n<td><b>x<\/b><\/td>\n<td><b>x<\/b><\/td>\n<td><\/td>\n<td><\/td>\n<td><b>x<\/b><\/td>\n<td><b>x<\/b><\/td>\n<\/tr>\n<tr>\n<td><b>ACT15<\/b><\/td>\n<td><\/td>\n<td><b>x<\/b><\/td>\n<td><b>x<\/b><\/td>\n<td><b>x<\/b><\/td>\n<td><b>x<\/b><\/td>\n<td><b>x<\/b><\/td>\n<td><b>x<\/b><\/td>\n<td><b>x<\/b><\/td>\n<\/tr>\n<tr>\n<td><b>ACT16<\/b><\/td>\n<td><b>x<\/b><\/td>\n<td><b>x<\/b><\/td>\n<td><b>x<\/b><\/td>\n<td><b>x<\/b><\/td>\n<td><b>x<\/b><\/td>\n<td><b>x<\/b><\/td>\n<td><b>x<\/b><\/td>\n<td><b>x<\/b><\/td>\n<\/tr>\n<tr>\n<td><b>ACT17<\/b><\/td>\n<td><\/td>\n<td><\/td>\n<td><b>x<\/b><\/td>\n<td><b>x<\/b><\/td>\n<td><\/td>\n<td><\/td>\n<td><b>x<\/b><\/td>\n<td><b>x<\/b><\/td>\n<\/tr>\n<tr>\n<td><b>ACT18<\/b><\/td>\n<td><b>x<\/b><\/td>\n<td><b>x<\/b><\/td>\n<td><\/td>\n<td><b>x<\/b><\/td>\n<td><b>x<\/b><\/td>\n<td><b>x<\/b><\/td>\n<td><\/td>\n<td><b>x<\/b><\/td>\n<\/tr>\n<tr>\n<td><b>ACT19<\/b><\/td>\n<td><b>x<\/b><\/td>\n<td><b>x<\/b><\/td>\n<td><\/td>\n<td><b>x<\/b><\/td>\n<td><b>x<\/b><\/td>\n<td><b>x<\/b><\/td>\n<td><\/td>\n<td><b>x<\/b><\/td>\n<\/tr>\n<tr>\n<td><b>ACT20<\/b><\/td>\n<td><b>x<\/b><\/td>\n<td><\/td>\n<td><\/td>\n<td><b>x<\/b><\/td>\n<td><b>x<\/b><\/td>\n<td><\/td>\n<td><\/td>\n<td><b>x<\/b><\/td>\n<\/tr>\n<tr>\n<td><b>ACT21<\/b><\/td>\n<td><\/td>\n<td><\/td>\n<td><b>x<\/b><\/td>\n<td><b>x<\/b><\/td>\n<td><\/td>\n<td><\/td>\n<td><b>x<\/b><\/td>\n<td><b>x<\/b><\/td>\n<\/tr>\n<tr>\n<td><b>ACT22<\/b><\/td>\n<td><b>x<\/b><\/td>\n<td><\/td>\n<td><b>x<\/b><\/td>\n<td><b>x<\/b><\/td>\n<td><b>x<\/b><\/td>\n<td><\/td>\n<td><b>x<\/b><\/td>\n<td><b>x<\/b><\/td>\n<\/tr>\n<tr>\n<td><b>ACT23<\/b><\/td>\n<td><\/td>\n<td><\/td>\n<td><\/td>\n<td><b>x<\/b><\/td>\n<td><b>x<\/b><\/td>\n<td><\/td>\n<td><\/td>\n<td><\/td>\n<\/tr>\n<tr>\n<td><b>ACT24<\/b><\/td>\n<td><b>x<\/b><\/td>\n<td><b>x<\/b><\/td>\n<td><\/td>\n<td><b>x<\/b><\/td>\n<td><b>x<\/b><\/td>\n<td><b>x<\/b><\/td>\n<td><\/td>\n<td><b>x<\/b><\/td>\n<\/tr>\n<tr>\n<td><b>ACT25<\/b><\/td>\n<td><\/td>\n<td><\/td>\n<td><\/td>\n<td><\/td>\n<td><b>x<\/b><\/td>\n<td><b>x<\/b><\/td>\n<td><\/td>\n<td><b>x<\/b><\/td>\n<\/tr>\n<tr>\n<td><b>ACT26<\/b><\/td>\n<td><b>x<\/b><\/td>\n<td><b>x<\/b><\/td>\n<td><\/td>\n<td><b>x<\/b><\/td>\n<td><b>x<\/b><\/td>\n<td><b>x<\/b><\/td>\n<td><\/td>\n<td><b>x<\/b><\/td>\n<\/tr>\n<tr>\n<td><b>ACT27<\/b><\/td>\n<td><b>x<\/b><\/td>\n<td><b>x<\/b><\/td>\n<td><\/td>\n<td><b>x<\/b><\/td>\n<td><b>x<\/b><\/td>\n<td><b>x<\/b><\/td>\n<td><\/td>\n<td><b>x<\/b><\/td>\n<\/tr>\n<tr>\n<td><b>ACT28<\/b><\/td>\n<td><b>x<\/b><\/td>\n<td><b>x<\/b><\/td>\n<td><\/td>\n<td><b>x<\/b><\/td>\n<td><b>x<\/b><\/td>\n<td><b>x<\/b><\/td>\n<td><\/td>\n<td><b>x<\/b><\/td>\n<\/tr>\n<tr>\n<td><b>ACT29<\/b><\/td>\n<td><b>x<\/b><\/td>\n<td><\/td>\n<td><\/td>\n<td><b>x<\/b><\/td>\n<td><b>x<\/b><\/td>\n<td><\/td>\n<td><\/td>\n<td><b>x<\/b><\/td>\n<\/tr>\n<tr>\n<td><b>ACT30<\/b><\/td>\n<td><\/td>\n<td><b>x<\/b><\/td>\n<td><\/td>\n<td><b>x<\/b><\/td>\n<td><\/td>\n<td><b>x<\/b><\/td>\n<td><\/td>\n<td><b>x<\/b><\/td>\n<\/tr>\n<tr>\n<td><b>ACT31<\/b><\/td>\n<td><\/td>\n<td><\/td>\n<td><b>x<\/b><\/td>\n<td><\/td>\n<td><\/td>\n<td><\/td>\n<td><b>x<\/b><\/td>\n<td><\/td>\n<\/tr>\n<tr>\n<td><b>ACT32<\/b><\/td>\n<td><\/td>\n<td><\/td>\n<td><b>x<\/b><\/td>\n<td><\/td>\n<td><\/td>\n<td><\/td>\n<td><b>x<\/b><\/td>\n<td><\/td>\n<\/tr>\n<tr>\n<td><b>ACT33<\/b><\/td>\n<td><\/td>\n<td><\/td>\n<td><\/td>\n<td><\/td>\n<td><\/td>\n<td><\/td>\n<td><\/td>\n<td><b>x<\/b><\/td>\n<\/tr>\n<\/tbody>\n<\/table>\n<h1><b>6. Proposta de l\u2019avaluaci\u00f3<\/b><\/h1>\n<p><span style=\"font-weight: 400;\">Els indicadors proposats per realitzar l\u2019avaluaci\u00f3 s\u00f3n els seg\u00fcents.<\/span><\/p>\n<table>\n<tbody>\n<tr>\n<td><b>INDICADORS<\/b><\/td>\n<td colspan=\"3\"><b>DADES<\/b><\/td>\n<\/tr>\n<tr>\n<td rowspan=\"2\"><b>Grau d\u2019activitats realitzades en el centre respecte a les planificades<\/b><\/td>\n<td><b>Activitats planificades<\/b><\/td>\n<td><b>Activitats realitzades<\/b><\/td>\n<td><b>Percentatge<\/b><\/td>\n<\/tr>\n<tr>\n<td><\/td>\n<td><\/td>\n<td><\/td>\n<\/tr>\n<tr>\n<td rowspan=\"2\"><b>Grau d\u2019activitats formatives en que han participat les fam\u00edlies respecte a les planificades<\/b><\/td>\n<td><b>Activitats planificades<\/b><\/td>\n<td><b>Activitats realitzades<\/b><\/td>\n<td><b>Percentatge<\/b><\/td>\n<\/tr>\n<tr>\n<td><\/td>\n<td><\/td>\n<td><\/td>\n<\/tr>\n<tr>\n<td rowspan=\"2\"><b>Grau de participaci\u00f3 de l&#8217;alumnat a les activitats formatives planificades<\/b><\/td>\n<td><b>Alumnat total del centre<\/b><\/td>\n<td><b>Alumnat participant<\/b><\/td>\n<td><b>Percentatge<\/b><\/td>\n<\/tr>\n<tr>\n<td><\/td>\n<td><\/td>\n<td><\/td>\n<\/tr>\n<tr>\n<td rowspan=\"2\"><b>Grau de participaci\u00f3 de l\u2019alumnat en les diferents iniciatives del Programa, i el nombre absolut d\u2019alumnat participant<\/b><\/td>\n<td><b>Alumnat total del centre<\/b><\/td>\n<td><b>Alumnat participant<\/b><\/td>\n<td><b>Percentatge<\/b><\/td>\n<\/tr>\n<tr>\n<td><\/td>\n<td><\/td>\n<td><\/td>\n<\/tr>\n<tr>\n<td rowspan=\"2\"><b>Grau de participaci\u00f3 del professorat en el programa en relaci\u00f3 al professorat del centre i nombre absolut de professorat participant<\/b><\/td>\n<td><b>Professorat total del centre<\/b><\/td>\n<td><b>Professorat participant<\/b><\/td>\n<td><b>Percentatge<\/b><\/td>\n<\/tr>\n<tr>\n<td><\/td>\n<td><\/td>\n<td><\/td>\n<\/tr>\n<tr>\n<td rowspan=\"2\"><b>Grau de participaci\u00f3 del professorat a les activitats formatives planificades<\/b><\/td>\n<td><b>Professorat total del centre<\/b><\/td>\n<td><b>Professorat participant<\/b><\/td>\n<td><b>Percentatge<\/b><\/td>\n<\/tr>\n<tr>\n<td><\/td>\n<td><\/td>\n<td><\/td>\n<\/tr>\n<tr>\n<td rowspan=\"2\"><b>Grau de participaci\u00f3 en enquestes sobre l&#8217;\u00fas de tecnologies dins del centre<\/b><\/td>\n<td><b>Total alum.+prof.+fam\u00edlies<\/b><\/td>\n<td><b>Nombre participants<\/b><\/td>\n<td><b>Percentatge<\/b><\/td>\n<\/tr>\n<tr>\n<td><\/td>\n<td><\/td>\n<td><\/td>\n<\/tr>\n<tr>\n<td rowspan=\"2\"><b>\u00cdndex d&#8217;alumnes que s&#8217;han acreditat ACTIC<\/b><\/td>\n<td><b>Alumnes que cursen ACTIC<\/b><\/td>\n<td><b>Alumnes que acrediten ACTIC<\/b><\/td>\n<td><b>Percentatge<\/b><\/td>\n<\/tr>\n<tr>\n<td><\/td>\n<td><\/td>\n<td><\/td>\n<\/tr>\n<tr>\n<td rowspan=\"2\"><b>\u00cdndex d&#8217;igualtat de g\u00e8nere en activitats del programa STEAM<\/b><\/td>\n<td><b>Alumnes totals<\/b><\/td>\n<td><b>Noies participants<\/b><\/td>\n<td><b>Percentatge<\/b><\/td>\n<\/tr>\n<tr>\n<td><\/td>\n<td><\/td>\n<td><\/td>\n<\/tr>\n<tr>\n<td rowspan=\"2\"><b>\u00cdndex de professorat format en plataformes d&#8217;avaluaci\u00f3 i seguiment<\/b><\/td>\n<td><b>Total professorat<\/b><\/td>\n<td><b>Professorat format<\/b><\/td>\n<td><b>Percentatge<\/b><\/td>\n<\/tr>\n<tr>\n<td><\/td>\n<td><\/td>\n<td><\/td>\n<\/tr>\n<tr>\n<td rowspan=\"2\"><b>Grau d&#8217;import\u00e0ncia del programa en la difusi\u00f3 realitzada pel centre<\/b><\/td>\n<td><b>Total not\u00edcies<\/b><\/td>\n<td><b>Nombre de not\u00edcies<\/b><\/td>\n<td><b>Percentatge<\/b><\/td>\n<\/tr>\n<tr>\n<td><\/td>\n<td><\/td>\n<td><\/td>\n<\/tr>\n<tr>\n<td rowspan=\"2\"><b>Nombre de grups participants al programa mSchools<\/b><\/td>\n<td><\/td>\n<td><\/td>\n<td><b>Nombre<\/b><\/td>\n<\/tr>\n<tr>\n<td><\/td>\n<td><\/td>\n<td><\/td>\n<\/tr>\n<tr>\n<td rowspan=\"2\"><b>Grau d&#8217;inclusi\u00f3 efectiva de les tecnologies.<\/b><\/td>\n<td><b>Total programacions ESO<\/b><\/td>\n<td><b>Programacions amb inclusi\u00f3 de les tecnologies a nivell d&#8217;aula<\/b><\/td>\n<td><b>Percentatge<\/b><\/td>\n<\/tr>\n<tr>\n<td><\/td>\n<td><\/td>\n<td><\/td>\n<\/tr>\n<tr>\n<td rowspan=\"2\"><b>Grau d&#8217;inclusi\u00f3 de les tecnologies als PI<\/b><\/td>\n<td><b>Total PI<\/b><\/td>\n<td><b>PI amb \u00fas de tecnologies<\/b><\/td>\n<td><b>Percentatge<\/b><\/td>\n<\/tr>\n<tr>\n<td><\/td>\n<td><\/td>\n<td><\/td>\n<\/tr>\n<tr>\n<td rowspan=\"2\"><b>Grau d&#8217;implantaci\u00f3 del EVA<\/b><\/td>\n<td><b>Total mat\u00e8ries<\/b><\/td>\n<td><b>Mat\u00e8ries amb seguiment al EVA<\/b><\/td>\n<td><b>Percentatge<\/b><\/td>\n<\/tr>\n<tr>\n<td><\/td>\n<td><\/td>\n<td><\/td>\n<\/tr>\n<tr>\n<td rowspan=\"2\"><b>Nombre d&#8217;activitats realitzades fent servir programaci\u00f3 per blocs<\/b><\/td>\n<td><\/td>\n<td><\/td>\n<td><b>Nombre<\/b><\/td>\n<\/tr>\n<tr>\n<td><\/td>\n<td><\/td>\n<td><\/td>\n<\/tr>\n<tr>\n<td rowspan=\"2\"><b>Nombre de concursos participats<\/b><\/td>\n<td><\/td>\n<td><\/td>\n<td><b>Nombre<\/b><\/td>\n<\/tr>\n<tr>\n<td><\/td>\n<td><\/td>\n<td><\/td>\n<\/tr>\n<tr>\n<td rowspan=\"2\"><b>Nombre d&#8217;entorns creats<\/b><\/td>\n<td><\/td>\n<td><\/td>\n<td><b>Nombre<\/b><\/td>\n<\/tr>\n<tr>\n<td><\/td>\n<td><\/td>\n<td><\/td>\n<\/tr>\n<tr>\n<td rowspan=\"2\"><b>\u00cdndex d&#8217;alumnes cursant la extraescolar de rob\u00f2tica (Lego League)<\/b><\/td>\n<td><b>Total alumnes possibles<\/b><\/td>\n<td><b>Alumnes participants<\/b><\/td>\n<td><b>Percentatge<\/b><\/td>\n<\/tr>\n<tr>\n<td><\/td>\n<td><\/td>\n<td><\/td>\n<\/tr>\n<tr>\n<td rowspan=\"2\"><b>Grau de satisfacci\u00f3 en les formacions sobre \u00fas segur d&#8217;Internet.<\/b><\/td>\n<td><b>Total participants<\/b><\/td>\n<td><b>Participants satisfets<\/b><\/td>\n<td><b>Percentatge<\/b><\/td>\n<\/tr>\n<tr>\n<td><\/td>\n<td><\/td>\n<td><\/td>\n<\/tr>\n<tr>\n<td rowspan=\"2\"><b>\u00cdndex de pr\u00e9stecs de llibres sobre tecnologies digitals<\/b><\/td>\n<td><b>Total pr\u00e9stecs<\/b><\/td>\n<td><b>Pr\u00e9stecs de materials digitals<\/b><\/td>\n<td><b>Percentatge<\/b><\/td>\n<\/tr>\n<tr>\n<td><\/td>\n<td><\/td>\n<td><\/td>\n<\/tr>\n<tr>\n<td rowspan=\"2\"><b>Grau de satisfacci\u00f3 respecte a la connectivitat a Internet<\/b><\/td>\n<td><b>Total enquestats<\/b><\/td>\n<td><b>Nombre satisfets<\/b><\/td>\n<td><b>Percentatge<\/b><\/td>\n<\/tr>\n<tr>\n<td><\/td>\n<td><\/td>\n<td><\/td>\n<\/tr>\n<\/tbody>\n<\/table>\n<p>&nbsp;<\/p>\n","protected":false},"excerpt":{"rendered":"<p>Projecte JdigitAl<br \/>\nPrograma d\u2019innovaci\u00f3 pedag\u00f2gica Tecnologies Digitals per a l\u2019Aprenentatge<br \/>\nProjectes (mSchools i El Centre Digital)<br \/>\nINS Joan d\u2019\u00c0ustria<br \/>\n08013101<br \/>\nBarcelona<br \/>\nConsorci d\u2019Educaci\u00f3 de Barcelona<\/p>\n<p><a href=\"https:\/\/agora.xtec.cat\/insjoandaustria\/categoria\/JDigitAl\/\">Mostrar les not\u00edcies del projecte<\/a><\/p>\n<p>1. Justificaci\u00f3 del projecte<br \/>\nDins del document marc del nostre Projecte Educatiu de Centre s\u2019estableix en l\u2019apartat Necessitats de l\u2019alumnat el nostre inter\u00e8s&hellip;  <a href=\"https:\/\/agora.xtec.cat\/insjoandaustria\/projectes\/tecnologies-digitals\/\" title=\"Read Tecnologies Digitals\">Llegeix m\u00e9s\u00bb<\/a><\/p>\n","protected":false},"author":4,"featured_media":0,"parent":5168,"menu_order":0,"comment_status":"closed","ping_status":"closed","template":"page-templates\/side-menu.php","meta":{"_bbp_topic_count":0,"_bbp_reply_count":0,"_bbp_total_topic_count":0,"_bbp_total_reply_count":0,"_bbp_voice_count":0,"_bbp_anonymous_reply_count":0,"_bbp_topic_count_hidden":0,"_bbp_reply_count_hidden":0,"_bbp_forum_subforum_count":0,"footnotes":""},"class_list":["post-5170","page","type-page","status-publish","hentry"],"post_mailing_queue_ids":[],"_links":{"self":[{"href":"https:\/\/agora.xtec.cat\/insjoandaustria\/wp-json\/wp\/v2\/pages\/5170","targetHints":{"allow":["GET"]}}],"collection":[{"href":"https:\/\/agora.xtec.cat\/insjoandaustria\/wp-json\/wp\/v2\/pages"}],"about":[{"href":"https:\/\/agora.xtec.cat\/insjoandaustria\/wp-json\/wp\/v2\/types\/page"}],"author":[{"embeddable":true,"href":"https:\/\/agora.xtec.cat\/insjoandaustria\/wp-json\/wp\/v2\/users\/4"}],"replies":[{"embeddable":true,"href":"https:\/\/agora.xtec.cat\/insjoandaustria\/wp-json\/wp\/v2\/comments?post=5170"}],"version-history":[{"count":3,"href":"https:\/\/agora.xtec.cat\/insjoandaustria\/wp-json\/wp\/v2\/pages\/5170\/revisions"}],"predecessor-version":[{"id":6469,"href":"https:\/\/agora.xtec.cat\/insjoandaustria\/wp-json\/wp\/v2\/pages\/5170\/revisions\/6469"}],"up":[{"embeddable":true,"href":"https:\/\/agora.xtec.cat\/insjoandaustria\/wp-json\/wp\/v2\/pages\/5168"}],"wp:attachment":[{"href":"https:\/\/agora.xtec.cat\/insjoandaustria\/wp-json\/wp\/v2\/media?parent=5170"}],"curies":[{"name":"wp","href":"https:\/\/api.w.org\/{rel}","templated":true}]}}