{"id":5059,"date":"2018-11-26T18:59:52","date_gmt":"2018-11-26T17:59:52","guid":{"rendered":"http:\/\/agora.xtec.cat\/insjoandaustria\/?page_id=5059"},"modified":"2023-03-02T09:52:29","modified_gmt":"2023-03-02T08:52:29","slug":"criteris-de-seleccio","status":"publish","type":"page","link":"https:\/\/agora.xtec.cat\/insjoandaustria\/serveis\/mobilitat-internacional\/criteris-de-seleccio\/","title":{"rendered":"Criteris de selecci\u00f3"},"content":{"rendered":"<h2 style=\"display: none;\">Criteris de selecci\u00f3<\/h2>\n<h2 style=\"text-align: justify;\">Requisit previ: idone\u00eftat d&#8217;especialitat<\/h2>\n<p style=\"text-align: justify;\">En aquells casos en els que la pla\u00e7a de mobilitat d&#8217;estada en pr\u00e0ctiques ja estigui vinculada pel projecte a una o unes determinades especialitats i nivell educatiu, nom\u00e9s podran optar a la pla\u00e7a l&#8217;alumnat de les especialitats corresponents i del nivell d&#8217;estudis corresponent (grau mitj\u00e0 o grau superior).<\/p>\n<h2 style=\"text-align: justify;\">Selecci\u00f3 de l&#8217;alumnat<\/h2>\n<h3 style=\"text-align: justify;\">PRIMERA FASE:<\/h3>\n<p style=\"text-align: justify;\">El coordinador de l&#8217;estada de mobilitat, escoltat del tutor de l&#8217;alumne i, si s&#8217;escau, l&#8217;equip docent corresponent, realitzar\u00e0 una valoraci\u00f3 de l&#8217;aprofitament del cicle que fa l&#8217;alumnat que ha sol\u00b7licitat l&#8217;estada, i d&#8217;altres aspectes extra-acad\u00e8mics rellevants. D&#8217;entre aquests, donar\u00e0 prioritat a:<\/p>\n<ul style=\"text-align: justify;\">\n<li>El grau d&#8217;autonomia i sociabilitat de l&#8217;alumne\/a.<\/li>\n<li>La seva capacitat d&#8217;adaptaci\u00f3 i de resoluci\u00f3 de conflictes.<\/li>\n<\/ul>\n<p style=\"text-align: justify;\">Amb aquestes dades, es realitzar\u00e0 una previsi\u00f3 de l&#8217;aprofitament de l&#8217;estan\u00e7a que podria portar a terme l&#8217;alumnat.<\/p>\n<p style=\"text-align: justify;\">L&#8217;alumnat han de superar aquesta primera fase per tal de poder participar en un projecte de mobilitat a l&#8217;estranger.<\/p>\n<p style=\"text-align: justify;\">L&#8217;alumnat que hagi superat la primera fase eliminat\u00f2ria, i sempre que el nombre de sol\u00b7licitants excedeixi el nombre de places disponibles, passar\u00e0 a la segona fase.<\/p>\n<p>&nbsp;<\/p>\n<h3>SEGONA FASE:<\/h3>\n<p>En la selecci\u00f3 dels candidats, s&#8217;aplicar\u00e0 el seg\u00fcent barem:<\/p>\n<table style=\"height: 503px; margin: 0px auto; width: 725px;\" width=\"727\">\n<tbody>\n<tr>\n<td style=\"text-align: center; width: 330.783px; background-color: #ffdac4;\"><b>Concepte<\/b><\/td>\n<td style=\"text-align: center; width: 158.917px; background-color: #ffdac4;\"><b>Instrument valoraci\u00f3<\/b><\/td>\n<td style=\"text-align: center; width: 99.7px; background-color: #ffdac4;\"><b>Punts<\/b><\/p>\n<p><b>(grau mig)<\/b><\/td>\n<td style=\"text-align: center; width: 123.6px; background-color: #ffdac4;\"><b>Punts<\/b><\/p>\n<p><b>(grau superior)<\/b><\/td>\n<\/tr>\n<tr>\n<td style=\"width: 330.783px;\">Participaci\u00f3 en jornades JEDAI i participaci\u00f3 en projectes externs proposats pel centre.<\/p>\n<p>Grau d&#8217;adaptaci\u00f3, resoluci\u00f3 de conflictes, autonomia, motivaci\u00f3,&#8230;.<\/td>\n<td style=\"width: 158.917px;\">-Entrevista personal i\/o<\/p>\n<p>enquesta.<\/p>\n<p>-Recollida informaci\u00f3 tutor grup.<\/td>\n<td style=\"text-align: center; width: 99.7px;\">40<\/td>\n<td style=\"text-align: center; width: 123.6px;\">30<\/td>\n<\/tr>\n<tr>\n<td style=\"width: 330.783px;\">Assist\u00e8ncia a classe<\/td>\n<td style=\"width: 158.917px;\">Programa control faltes (Dinantia)<\/td>\n<td style=\"text-align: center; width: 99.7px;\">10<\/td>\n<td style=\"text-align: center; width: 123.6px;\">10<\/td>\n<\/tr>\n<tr>\n<td style=\"width: 330.783px;\">Nivell idioma pa\u00eds acolliment o<\/p>\n<p>empresa pr\u00e0ctiques<\/td>\n<td style=\"width: 158.917px;\">Prova idiomes<\/td>\n<td style=\"text-align: center; width: 99.7px;\">40<\/td>\n<td style=\"text-align: center; width: 123.6px;\">40<\/td>\n<\/tr>\n<tr>\n<td style=\"width: 330.783px;\">Expedient acad\u00e8mic<\/td>\n<td style=\"width: 158.917px;\">Informe de notes<\/td>\n<td style=\"text-align: center; width: 99.7px;\">10<\/td>\n<td style=\"text-align: center; width: 123.6px;\">10<\/td>\n<\/tr>\n<tr>\n<td style=\"width: 330.783px;\">Altres aspectes del CV<\/td>\n<td style=\"width: 158.917px;\"><a href=\"https:\/\/europass.cedefop.europa.eu\/editors\/es\/cv\/compose\" target=\"_blank\" rel=\"noopener noreferrer\">CV Europass<\/a><\/td>\n<td style=\"text-align: center; width: 99.7px;\">&#8212;<\/td>\n<td style=\"text-align: center; width: 123.6px;\">10<\/td>\n<\/tr>\n<\/tbody>\n<\/table>\n<p>&nbsp;<\/p>\n<h2>Comunicaci\u00f3<\/h2>\n<p style=\"text-align: justify;\">El resultat del proc\u00e9s de selecci\u00f3 li ser\u00e0 comunicat al candidat\/a pel responsable de mobilitat del centre, via correu electr\u00f2nic, tot indicant-ne la posici\u00f3 obtinguda en l&#8217;ordre de selecci\u00f3 i el nom l&#8217;alumnat que resta en llista d&#8217;espera. Aix\u00ed mateix, es publicar\u00e0 tamb\u00e9 al suro del corredor de secretaria i a la web de mobilitat els resultats de la selecci\u00f3.<\/p>\n<h2><a href=\"https:\/\/drive.google.com\/file\/d\/1uWtyvJpQoX6Xpq3X7yjWCeVDfldY6C-b\/view?usp=sharing\"><strong>Resultats selecci\u00f3 candidats curs 2022-2023<\/strong><\/a><\/h2>\n<p><img loading=\"lazy\" decoding=\"async\" class=\"alignright wp-image-6445\" src=\"https:\/\/agora.xtec.cat\/insjoandaustria\/wp-content\/uploads\/usu216\/2019\/11\/ErasmusCofundedLogo.png\" alt=\"Erasmus co-funded logo\" width=\"218\" height=\"50\" srcset=\"https:\/\/agora.xtec.cat\/insjoandaustria\/wp-content\/uploads\/usu216\/2019\/11\/ErasmusCofundedLogo.png 844w, https:\/\/agora.xtec.cat\/insjoandaustria\/wp-content\/uploads\/usu216\/2019\/11\/ErasmusCofundedLogo-300x69.png 300w, https:\/\/agora.xtec.cat\/insjoandaustria\/wp-content\/uploads\/usu216\/2019\/11\/ErasmusCofundedLogo-768x176.png 768w\" sizes=\"auto, (max-width: 218px) 100vw, 218px\" \/><\/p>\n","protected":false},"excerpt":{"rendered":"<p>Criteris de selecci\u00f3<br \/>\nRequisit previ: idone\u00eftat d&#8217;especialitat<br \/>\nEn aquells casos en els que la pla\u00e7a de mobilitat d&#8217;estada en pr\u00e0ctiques ja estigui vinculada pel projecte a una o unes determinades especialitats i nivell educatiu, nom\u00e9s podran optar a la pla\u00e7a l&#8217;alumnat de les especialitats corresponents i del&hellip;  <a href=\"https:\/\/agora.xtec.cat\/insjoandaustria\/serveis\/mobilitat-internacional\/criteris-de-seleccio\/\" title=\"Read Criteris de selecci\u00f3\">Llegeix m\u00e9s\u00bb<\/a><\/p>\n","protected":false},"author":4,"featured_media":0,"parent":5049,"menu_order":0,"comment_status":"closed","ping_status":"closed","template":"page-templates\/side-menu.php","meta":{"_bbp_topic_count":0,"_bbp_reply_count":0,"_bbp_total_topic_count":0,"_bbp_total_reply_count":0,"_bbp_voice_count":0,"_bbp_anonymous_reply_count":0,"_bbp_topic_count_hidden":0,"_bbp_reply_count_hidden":0,"_bbp_forum_subforum_count":0,"footnotes":""},"class_list":["post-5059","page","type-page","status-publish","hentry"],"post_mailing_queue_ids":[],"_links":{"self":[{"href":"https:\/\/agora.xtec.cat\/insjoandaustria\/wp-json\/wp\/v2\/pages\/5059","targetHints":{"allow":["GET"]}}],"collection":[{"href":"https:\/\/agora.xtec.cat\/insjoandaustria\/wp-json\/wp\/v2\/pages"}],"about":[{"href":"https:\/\/agora.xtec.cat\/insjoandaustria\/wp-json\/wp\/v2\/types\/page"}],"author":[{"embeddable":true,"href":"https:\/\/agora.xtec.cat\/insjoandaustria\/wp-json\/wp\/v2\/users\/4"}],"replies":[{"embeddable":true,"href":"https:\/\/agora.xtec.cat\/insjoandaustria\/wp-json\/wp\/v2\/comments?post=5059"}],"version-history":[{"count":3,"href":"https:\/\/agora.xtec.cat\/insjoandaustria\/wp-json\/wp\/v2\/pages\/5059\/revisions"}],"predecessor-version":[{"id":9448,"href":"https:\/\/agora.xtec.cat\/insjoandaustria\/wp-json\/wp\/v2\/pages\/5059\/revisions\/9448"}],"up":[{"embeddable":true,"href":"https:\/\/agora.xtec.cat\/insjoandaustria\/wp-json\/wp\/v2\/pages\/5049"}],"wp:attachment":[{"href":"https:\/\/agora.xtec.cat\/insjoandaustria\/wp-json\/wp\/v2\/media?parent=5059"}],"curies":[{"name":"wp","href":"https:\/\/api.w.org\/{rel}","templated":true}]}}