{"id":5057,"date":"2018-11-26T18:58:04","date_gmt":"2018-11-26T17:58:04","guid":{"rendered":"http:\/\/agora.xtec.cat\/insjoandaustria\/?page_id=5057"},"modified":"2021-11-09T16:55:41","modified_gmt":"2021-11-09T15:55:41","slug":"estades-internacoinals-grau-superior","status":"publish","type":"page","link":"https:\/\/agora.xtec.cat\/insjoandaustria\/serveis\/mobilitat-internacional\/estades-internacoinals-grau-superior\/","title":{"rendered":"Estades internacionals Grau Superior"},"content":{"rendered":"<p style=\"text-align: justify;\">L\u2019institut Joan d\u2019\u00c0ustria ha renovat la <b><a href=\"https:\/\/agora.xtec.cat\/insjoandaustria\/wp-content\/uploads\/usu216\/2021\/06\/Carta-ECHE-2021-2027-SD.pdf\" target=\"_blank\" rel=\"noopener noreferrer\">CARTA ERASMUS D&#8217;EDUCACI\u00d3 SUPERIOR 2021-2027<\/a>,<\/b> acreditaci\u00f3 atorgada per la Comissi\u00f3 Europea que permetr\u00e0 la participaci\u00f3 del centre en projectes de mobilitat a trav\u00e9s de les beques del programa Erasmus+, de les quals es podran beneficiar els nostres estudiants de Grau Superior, realitzant la Formaci\u00f3 en Centres de Treball (FCT) en diferents pa\u00efsos de la Uni\u00f3 Europea. Els cr\u00e8dits obtinguts en aquestes estades s\u00f3n autom\u00e0ticament reconeguts com a part del seus estudis en els respectius cicles formatius.<\/p>\n<p style=\"text-align: justify;\">En aquest cas tamb\u00e9, els possibles beneficiaris d&#8217;aquestes beques hauran de complir amb els requisits dels diferents programes de mobilitat que el centre determina a la seva secci\u00f3 de <a href=\"https:\/\/agora.xtec.cat\/insjoandaustria\/serveis\/mobilitat-internacional\/criteris-de-seleccio\/\" target=\"_blank\" rel=\"noopener noreferrer\">criteris de selecci\u00f3<\/a>, els quals estan publicats a la web i difosos pel responsable de mobilitat del centre. Per a l&#8217;adjudicaci\u00f3 d&#8217;aquestes beques entre els estudiants que acompleixen amb aquests requisits, es tindr\u00e0 en compte el seu expedient acad\u00e8mic.<\/p>\n<div class=\"entry-content\">\n<p style=\"text-align: justify;\"><b>A qui van dirigides:<\/b><\/p>\n<ul style=\"text-align: justify;\">\n<li>A estudiants de Grau Superior recentment graduats al nostre centre, o que estiguin cursant estudis d\u2019aquest nivell al centre (les estades tindran lloc durant el curs acad\u00e8mic). No obstant aix\u00f2, \u00e9s preferible realitzar l&#8217;estada un cop acabats els estudis.<\/li>\n<\/ul>\n<p style=\"text-align: justify;\"><b>En qu\u00e8 consisteixen:<\/b><\/p>\n<ul>\n<li>S\u00f3n estades de 2-3 mesos (de durada aproximada) en ciutats europees que formen part dels contactes establerts pel centre i els consorcis als que est\u00e0 adherit. Durant aquest per\u00edode l\u2019estudiant realitzar\u00e0 pr\u00e0ctiques en una empresa del seu \u00e0mbit professional, adquirint experi\u00e8ncia professional i millorant les seves compet\u00e8ncies professionals, ling\u00fc\u00edstiques i socials.<\/li>\n<li>Amb la beca assignada a l\u2019alumnat, aquest podr\u00e0 cobrir les despeses ocasionades pel despla\u00e7ament com: bitllets pel viatge, allotjament, manutenci\u00f3, asseguran\u00e7a, etc.<\/li>\n<li>Si l&#8217;alumnat aporta el justificant d&#8217;haver gaudit d&#8217;una beca d&#8217;estudis del Ministeri d&#8217;Educaci\u00f3 al curs anterior, podr\u00e0 optar a una millora econ\u00f2mica en la beca Erasmus+.<\/li>\n<li>A m\u00e9s, si l&#8217;<strong>alumnat aporta ja un contacte<\/strong> per realitzar una estada de pr\u00e0ctiques a l&#8217;estranger (d&#8217;una durada inferior a 12 mesos), el centre far\u00e0 tot el possible per reservar-li una beca Erasmus+ en exclusiva que l&#8217;ajude durant l&#8217;estada. Es pot trobar m\u00e9s informaci\u00f3 a la <a href=\"https:\/\/ec.europa.eu\/programmes\/erasmus-plus\/opportunities\/traineeships-students_en\" target=\"_blank\" rel=\"noopener noreferrer\">web oficial de la Comissi\u00f3 europea<\/a>, aix\u00ed com ofertes de pr\u00e0ctiques concretes a diversos portals web com:\n<ul>\n<li><a href=\"https:\/\/erasmusintern.org\" target=\"_blank\" rel=\"noopener noreferrer\">https:\/\/erasmusintern.org<\/a><\/li>\n<li><a href=\"https:\/\/www.trainingexperience.org\" target=\"_blank\" rel=\"noopener noreferrer\">https:\/\/www.trainingexperience.org<\/a><\/li>\n<li><a href=\"https:\/\/europe-internship.com\" target=\"_blank\" rel=\"noopener noreferrer\">https:\/\/europe-internship.com<\/a><\/li>\n<li><a href=\"https:\/\/www.goabroad.com\/\" target=\"_blank\" rel=\"noopener noreferrer\">https:\/\/www.goabroad.com<\/a><\/li>\n<li><a href=\"https:\/\/altamovilidad.wordpress.com\/encuentra-tus-practicas\" target=\"_blank\" rel=\"noopener noreferrer\">https:\/\/altamovilidad.wordpress.com\/encuentra-tus-practicas<\/a><\/li>\n<\/ul>\n<\/li>\n<li>I si el que us interessa \u00e9s m\u00e9s formar-se en altres aptituds personals, viure noves experi\u00e8ncies i aprendre m\u00e9s sobre altres cultures, podeu donar-li un cop d&#8217;ull a aquesta <a href=\"https:\/\/www.catalunyavoluntaria.cat\/oportunitats\/\" target=\"_blank\" rel=\"noopener noreferrer\">web per fer voluntariats diversos<\/a> durant l&#8217;any.<\/li>\n<\/ul>\n<p style=\"text-align: justify;\"><b>Quan tenen lloc:<\/b><\/p>\n<ul style=\"text-align: justify;\">\n<li>Hi han dues possibilitats:\n<ul>\n<li>Octubre i novembre.<\/li>\n<li>Mar\u00e7 i abril.<\/li>\n<\/ul>\n<\/li>\n<\/ul>\n<ul style=\"text-align: justify;\">\n<li><b>Com es pot participar:<\/b>\n<ul>\n<li>Per poder sol\u00b7licitar al centre participar en el programa Erasmus+, l&#8217;alumnat haur\u00e0 de llegir i emplenar la <a href=\"https:\/\/agora.xtec.cat\/insjoandaustria\/wp-content\/uploads\/usu216\/2020\/01\/Carta-de-compromi\u0301s-Erasmus.pdf\" target=\"_blank\" rel=\"noopener noreferrer\">Carta de comprom\u00eds del Programa Erasmus+<\/a> i adjuntar tamb\u00e9 una c\u00f2pia (el m\u00e9s detallada possible) del seu Curr\u00edculum en format <a href=\"https:\/\/europass.cedefop.europa.eu\/editors\/en\/cv\/compose\" target=\"_blank\" rel=\"noopener noreferrer\">EuroPass<\/a>.<\/li>\n<li>Tota aquesta informaci\u00f3 requerida (i qualsevol altra que l&#8217;alumnat considere adient) ha de ser <strong>impresa<\/strong> <strong>i lliurada<\/strong> abans que finalitzi el curs escolar (maig), o no m\u00e9s tard de l&#8217;octubre seg\u00fcent a l&#8217;inici d&#8217;un nou curs escolar, al tutor del cicle; el qual es posar\u00e0 en contacte amb el coordinador de mobilitat del centre.<\/li>\n<li>L\u2019alumnat del centre que desitge participar en el programa Erasmus+, haur\u00e0 d\u2019<strong>estar en possessi\u00f3<\/strong> de la <a href=\"https:\/\/sede.seg-social.gob.es\/wps\/portal\/sede\/sede\/Ciudadanos\/!ut\/p\/z1\/rVRdb9owFP0r6wOPia_jEOJJ0xQQYtDSDlhKkxfk2A54gwTyAWW_fnZppxUV2FccKfLNydE959wYxegBxRnbqjmrVJ6xpd5HsTcj2HMxBXzTg34XgnB4HVIyIj3HQ9MnAJy4AkDx-e_vUYxinlXraoGiUgo543lWyUyJvJxx1gBTawBXtWCCZXnZAFaqUiO4Yu9KlqmKFUrjHL1cz7CtuRIoks00baU0sZrUxZYribASl3gWoYyIxPUwFcKgS8kKvphtalnsUfRl0jXF-TJP2NI6vLOSKkNRuy45K571nhAE9KLeqaG_wPAEOGfpeQaMBi8KTH5BlhB_juJCprKQhV0XuryoqvX7BjQgF6rUMu3HSnKbs0pbnddFqS3fKrmz14v1RyU-EM8F5y2yRV5W6OGYBEXapdYvHYbXbQhwuzMc9jsYvBaaGnYUZnmx0l1OjKQdX9kHw-3nMDb1z0AOmYoUEy8hruX6QlhuqoOlPqUW4Q4hjGLPAWLQ085wNgq7Y93G6SQ_gfHplZGv2wQwitXXzSYO9IyasXzUYo-G9GVCVaa4yo-VA_R0ZGEbJvfgYOiRt5T_wcAeG4tHTUN_5_fHIwx-67_QN-98wANwbsAb-hDQ0SS8ucUEWu4_0g8u_R2_4fffHArrVbjyib731rexvyfL7aoT6cLn3Z58b99a0WBrHnEUXF39ADSuuy4!\/dz\/d5\/L2dBISEvZ0FBIS9nQSEh\/\" target=\"_blank\" rel=\"noopener noreferrer\">Targeta Sanit\u00e0ria Europea<\/a> <strong>en vigor<\/strong> durant el per\u00edode en que es realitze l\u2019estada.<\/li>\n<li>A la secci\u00f3 de <a href=\"https:\/\/agora.xtec.cat\/insjoandaustria\/serveis\/mobilitat-internacional\/documentacio-necessaria\/\" target=\"_blank\" rel=\"noopener noreferrer\">Documentaci\u00f3 necess\u00e0ria<\/a> es pot trobar tota la documentaci\u00f3 que es veur\u00e0 implicada durant el proc\u00e9s complet de participaci\u00f3 en mobilitats internacionals.<\/li>\n<\/ul>\n<\/li>\n<\/ul>\n<ul>\n<li style=\"text-align: justify;\"><b>Durant el per\u00edode de l\u2019estada, l\u2019estudiant podr\u00e0 seguir amb normalitat el desenvolupament del curs que est\u00e0 cursant a trav\u00e9s de l\u2019entorn virtual d\u2019aprenentatge del centre (moodle i drive).<\/b><\/li>\n<\/ul>\n<p><strong>Distribuci\u00f3 final del finan\u00e7ament:<\/strong><\/p>\n<p>A l&#8217;alumnat objecte d&#8217;aquesta beca, se li calcula l&#8217;import total a percebre depenent de la dist\u00e0ncia a la que es realitzi la mobilitat segons la <a href=\"https:\/\/esn-spain.org\/ayudas-cofinanciacion\" target=\"_blank\" rel=\"noopener noreferrer\">calculadora<\/a> <a href=\"https:\/\/esn-spain.org\/ayudas-cofinanciacion\" target=\"_blank\" rel=\"noopener noreferrer\">de la xarxa Erasmus de l&#8217;estat espanyol<\/a>, o la <a href=\"https:\/\/ec.europa.eu\/programmes\/erasmus-plus\/resources\/distance-calculator_en\" target=\"_blank\" rel=\"noopener noreferrer\">calculadora proporcionada per la Comissi\u00f3 Europea<\/a> (totes dues utilitzen la mateixa base de dades). Depenent del pa\u00eds de destinaci\u00f3, l&#8217;alumnat objecte de la beca rebr\u00e0 una quantiat diferent segons el que est\u00e0 acordada per la Comissi\u00f3 Europea; aquestes quantitats aproximades s\u00f3n:<\/p>\n<table style=\"height: 367px; margin: 0 auto;\">\n<tbody>\n<tr style=\"height: 65px; background-color: #ffdac4;\">\n<td style=\"height: 65px; width: 109.55px; text-align: center;\"><strong>Finan\u00e7ament Erasmus<\/strong><\/td>\n<td style=\"height: 65px; width: 321.133px; text-align: center;\"><strong>Dep\u00e8n del pa\u00eds d&#8217;acollida<\/strong><\/td>\n<td style=\"height: 65px; width: 152.833px; text-align: center;\"><strong>Mobilitat pr\u00e0ctiques<\/strong><\/td>\n<td style=\"height: 65px; width: 160.483px; text-align: center;\"><strong>Mobilitat pr\u00e0ctiques estudiants entorns desfavorables (*)<\/strong><\/td>\n<\/tr>\n<tr style=\"height: 80px;\">\n<td style=\"height: 80px; width: 109.55px; text-align: center;\"><strong>Grup 1<\/strong><\/td>\n<td style=\"height: 80px; width: 321.133px;\">Dinamarca, Finl\u00e0ndia, Irlanda, Isl\u00e0ndia, Liechtenstein, Luxemburg, Noruega, Regne Unit, Su\u00e8cia.<\/td>\n<td style=\"height: 80px; width: 152.833px;\">400 \u20ac\/mes o la part proporcional per dies, amb un m\u00ednim de 60 dies.<\/td>\n<td style=\"height: 80px; width: 160.483px;\">500 \u20ac\/mes o la part proporcional per dies, amb un m\u00ednim de 61 dies.<\/td>\n<\/tr>\n<tr style=\"height: 80px;\">\n<td style=\"height: 80px; width: 109.55px; text-align: center;\"><strong>Grup 2<\/strong><\/td>\n<td style=\"height: 80px; width: 321.133px;\"><span id=\"yui_3_17_2_1_1580896236518_206\">Alemanya, \u00c0ustria, B\u00e8lgica, Espanya, Fran\u00e7a, Gr\u00e8cia, <span id=\"yui_3_17_2_1_1580896236518_205\">It\u00e0lia,<\/span> Malta, Pa\u00efsos Baixos, , Portugal, Xipre.<\/span><\/td>\n<td style=\"height: 80px; width: 152.833px;\">350 \u20ac\/mes o la part proporcional per dies, amb un m\u00ednim de 60 dies.<\/td>\n<td style=\"height: 80px; width: 160.483px;\">450 \u20ac\/mes o la part proporcional per dies, amb un m\u00ednim de 61 dies.<\/td>\n<\/tr>\n<tr style=\"height: 142px;\">\n<td style=\"height: 142px; width: 109.55px; text-align: center;\"><strong>Grup 3<\/strong><\/td>\n<td style=\"height: 142px; width: 321.133px;\">Bulg\u00e0ria, Cro\u00e0cia, Eslov\u00e0quia, Eslov\u00e8nia,\u00a0 Est\u00f2nia, Hongria, Let\u00f2nia, Litu\u00e0nia, Pol\u00f2nia, Rep\u00fablica de Maced\u00f2nia del Nord, Rep\u00fablica Txeca, Romania, S\u00e8rbia, Turquia.<\/td>\n<td style=\"height: 142px; width: 152.833px;\"><span id=\"yui_3_17_2_1_1580896236518_249\">300 \u20ac\/mes o la part proporcional per dies, amb un m\u00ednim de 60 dies<\/span>.<\/td>\n<td style=\"height: 142px; width: 160.483px;\">400 \u20ac\/mes o la part proporcional per dies, amb un m\u00ednim de 61 dies.<\/td>\n<\/tr>\n<\/tbody>\n<\/table>\n<div>\n<p><strong>(*)<\/strong> Estudiants que hagen estat beneficiats d&#8217;una beca d&#8217;estudis de car\u00e0cter general del &#8220;<em>Ministerio de Educaci\u00f3n<\/em>&#8221; el curs immediatament anterior al que es vaja a realitzar la mobilitat, o tinguen la condici\u00f3 de refugiats amb dret a la protecci\u00f3 subsidiaria, o hagen presentat sol\u00b7licitud de protecci\u00f3 internacional a l&#8217;estat espanyol.<\/p>\n<\/div>\n<div style=\"display: flex; justify-content: center; align-items: center;\">\n<div style=\"width: 640px;\" class=\"wp-video\"><!--[if lt IE 9]><script>document.createElement('video');<\/script><![endif]-->\n<video class=\"wp-video-shortcode\" id=\"video-5057-1\" width=\"640\" height=\"360\" preload=\"metadata\" controls=\"controls\"><source type=\"video\/mp4\" src=\"https:\/\/agora.xtec.cat\/insjoandaustria\/wp-content\/uploads\/usu216\/2019\/12\/INS-Joan-dA\u0300ustria-Erasmus.mp4?_=1\" \/><a href=\"https:\/\/agora.xtec.cat\/insjoandaustria\/wp-content\/uploads\/usu216\/2019\/12\/INS-Joan-dA\u0300ustria-Erasmus.mp4\">https:\/\/agora.xtec.cat\/insjoandaustria\/wp-content\/uploads\/usu216\/2019\/12\/INS-Joan-dA\u0300ustria-Erasmus.mp4<\/a><\/video><\/div>\n<p>&nbsp;<\/p>\n<\/div>\n<\/div>\n<p><img loading=\"lazy\" decoding=\"async\" class=\"wp-image-6445 alignright\" src=\"https:\/\/agora.xtec.cat\/insjoandaustria\/wp-content\/uploads\/usu216\/2019\/11\/ErasmusCofundedLogo.png\" alt=\"Erasmus co-funded logo\" width=\"216\" height=\"50\" srcset=\"https:\/\/agora.xtec.cat\/insjoandaustria\/wp-content\/uploads\/usu216\/2019\/11\/ErasmusCofundedLogo.png 844w, https:\/\/agora.xtec.cat\/insjoandaustria\/wp-content\/uploads\/usu216\/2019\/11\/ErasmusCofundedLogo-300x69.png 300w, https:\/\/agora.xtec.cat\/insjoandaustria\/wp-content\/uploads\/usu216\/2019\/11\/ErasmusCofundedLogo-768x176.png 768w\" sizes=\"auto, (max-width: 216px) 100vw, 216px\" \/><\/p>\n","protected":false},"excerpt":{"rendered":"<p>L\u2019institut Joan d\u2019\u00c0ustria ha renovat la <a href=\"https:\/\/agora.xtec.cat\/insjoandaustria\/wp-content\/uploads\/usu216\/2021\/06\/Carta-ECHE-2021-2027-SD.pdf\" target=\"_blank\" rel=\"noopener noreferrer\">CARTA ERASMUS D&#8217;EDUCACI\u00d3 SUPERIOR 2021-2027<\/a>, acreditaci\u00f3 atorgada per la Comissi\u00f3 Europea que permetr\u00e0 la participaci\u00f3 del centre en projectes de mobilitat a trav\u00e9s de les beques del programa Erasmus+, de les quals es podran beneficiar&hellip;  <a href=\"https:\/\/agora.xtec.cat\/insjoandaustria\/serveis\/mobilitat-internacional\/estades-internacoinals-grau-superior\/\" title=\"Read Estades internacionals Grau Superior\">Llegeix m\u00e9s\u00bb<\/a><\/p>\n","protected":false},"author":4,"featured_media":0,"parent":5049,"menu_order":0,"comment_status":"closed","ping_status":"closed","template":"page-templates\/side-menu.php","meta":{"_bbp_topic_count":0,"_bbp_reply_count":0,"_bbp_total_topic_count":0,"_bbp_total_reply_count":0,"_bbp_voice_count":0,"_bbp_anonymous_reply_count":0,"_bbp_topic_count_hidden":0,"_bbp_reply_count_hidden":0,"_bbp_forum_subforum_count":0,"footnotes":""},"class_list":["post-5057","page","type-page","status-publish","hentry"],"post_mailing_queue_ids":[],"_links":{"self":[{"href":"https:\/\/agora.xtec.cat\/insjoandaustria\/wp-json\/wp\/v2\/pages\/5057","targetHints":{"allow":["GET"]}}],"collection":[{"href":"https:\/\/agora.xtec.cat\/insjoandaustria\/wp-json\/wp\/v2\/pages"}],"about":[{"href":"https:\/\/agora.xtec.cat\/insjoandaustria\/wp-json\/wp\/v2\/types\/page"}],"author":[{"embeddable":true,"href":"https:\/\/agora.xtec.cat\/insjoandaustria\/wp-json\/wp\/v2\/users\/4"}],"replies":[{"embeddable":true,"href":"https:\/\/agora.xtec.cat\/insjoandaustria\/wp-json\/wp\/v2\/comments?post=5057"}],"version-history":[{"count":4,"href":"https:\/\/agora.xtec.cat\/insjoandaustria\/wp-json\/wp\/v2\/pages\/5057\/revisions"}],"predecessor-version":[{"id":8438,"href":"https:\/\/agora.xtec.cat\/insjoandaustria\/wp-json\/wp\/v2\/pages\/5057\/revisions\/8438"}],"up":[{"embeddable":true,"href":"https:\/\/agora.xtec.cat\/insjoandaustria\/wp-json\/wp\/v2\/pages\/5049"}],"wp:attachment":[{"href":"https:\/\/agora.xtec.cat\/insjoandaustria\/wp-json\/wp\/v2\/media?parent=5057"}],"curies":[{"name":"wp","href":"https:\/\/api.w.org\/{rel}","templated":true}]}}