{"id":5053,"date":"2018-11-26T18:54:29","date_gmt":"2018-11-26T17:54:29","guid":{"rendered":"http:\/\/agora.xtec.cat\/insjoandaustria\/?page_id=5053"},"modified":"2020-02-19T10:53:50","modified_gmt":"2020-02-19T09:53:50","slug":"declaracio-de-politica-erasmus","status":"publish","type":"page","link":"https:\/\/agora.xtec.cat\/insjoandaustria\/serveis\/mobilitat-internacional\/declaracio-de-politica-erasmus\/","title":{"rendered":"Declaraci\u00f3 de pol\u00edtica Erasmus +"},"content":{"rendered":"<h1 style=\"display: none;\">Declaraci\u00f3 de pol\u00edtica Erasmus+<\/h1>\n<p style=\"text-align: justify;\">L\u2019institut Joan d\u2019\u00c0ustria de Barcelona cerca la modernitzaci\u00f3 i internacionalitzaci\u00f3 de la seva oferta educativa mitjan\u00e7ant la participaci\u00f3 en activitats de mobilitat del Programa Erasmus+, amb la finalitat de millorar la qualitat de la formaci\u00f3 professional que ofereix, les compet\u00e8ncies ling\u00fc\u00edstiques i interculturals tant del seu alumnat com del seu professorat, i la inserci\u00f3 laboral. Amb aquests objectius en ment, la Direcci\u00f3 de l\u2019institut promour\u00e0 al m\u00e0xim:<\/p>\n<ul style=\"text-align: justify;\">\n<li>La mobilitat dels estudiants de formaci\u00f3 professional, oferint la realitzaci\u00f3 de pr\u00e0ctiques en empreses de pa\u00efsos europeus (veure els <a href=\"https:\/\/agora.xtec.cat\/insjoandaustria\/serveis\/mobilitat-internacional\/criteris-de-seleccio\/\" target=\"_blank\" rel=\"noopener noreferrer\">criteris de selecci\u00f3<\/a> de l\u2019alumnat, com tamb\u00e9 la fitxa de <a href=\"https:\/\/agora.xtec.cat\/insjoandaustria\/wp-content\/uploads\/usu216\/2020\/01\/Carta-de-compromi%CC%81s-Erasmus.pdf\" target=\"_blank\" rel=\"noopener noreferrer\">sol\u00b7licitud d\u2019estades formatives<\/a>).<\/li>\n<li>La participaci\u00f3 del professorat en projectes d\u2019innovaci\u00f3, intercanvis i cooperaci\u00f3 amb altres centres de formaci\u00f3 professional o empreses europees, dirigits a la millora d\u2019aspectes curriculars, organitzatius, pedag\u00f2gics i de metodologia docent.<\/li>\n<\/ul>\n<h2 style=\"text-align: justify;\"><b>Objectiu<\/b><\/h2>\n<p style=\"text-align: justify;\">Els objectius fonamentals de la nostra estrat\u00e8gia internacional es centren en els seg\u00fcents principis:<br \/>\n<strong>1.-<\/strong> Augmentar l&#8217;empleabilitat dels nostres estudiants, per tal de millorar la seva inserci\u00f3 no nom\u00e9s en el nostre mercat laboral local, sin\u00f3 tamb\u00e9 en l&#8217;\u00e0mbit europeu i internacional.<br \/>\n<strong>2.-<\/strong> Millorar la qualitat de l&#8217;educaci\u00f3 que proporciona l&#8217;INS Joan d&#8217;\u00c0ustria als nostres estudiants de cicles, els quals estan molt centrats en la seva inserci\u00f3 en el mercat de treball del m\u00f3n de la inform\u00e0tica, aix\u00ed com en la promoci\u00f3 de projectes d&#8217;emprenedoria.<br \/>\n<strong>3.-<\/strong> Avan\u00e7ar, d&#8217;acord amb la nostra pol\u00edtica, amb la modernitzaci\u00f3 i la internacionalitzaci\u00f3, enfortint la qualitat dels estudis a trav\u00e9s de la mobilitat; compartint coneixements entre comunitats educatives.<br \/>\n<strong>4.-<\/strong> Vincular l&#8217;educaci\u00f3 superior i el m\u00f3n empresarial per aconseguir l&#8217;excel\u00b7l\u00e8ncia en el desenvolupament de les etapes formatives.<br \/>\n<strong>5.-<\/strong> Millorar la governan\u00e7a i el finan\u00e7ament.<\/p>\n<h2 style=\"text-align: justify;\"><b>Estrat\u00e8gia general<\/b><\/h2>\n<ul style=\"text-align: justify;\">\n<li>Ampliaci\u00f3 del nombre de mobilitats d\u2019alumnes, mitjan\u00e7ant la presentaci\u00f3 de projectes a la Agencia Nacional, a m\u00e9s a m\u00e9s de la participaci\u00f3 habitual en programes consorciats del Departament d\u2019Ensenyament.<\/li>\n<li>Ampliaci\u00f3 dels grups objectiu de les mobilitats.<\/li>\n<li>Reconeixement de la mobilitat Erasmus+ per aprovar el m\u00f2dul de Formaci\u00f3 Pr\u00e0ctica en Centres de Treball (reconeixements ECTS). Certificat de l\u2019estada internacional firmat per l\u2019organitzaci\u00f3 d\u2019origen, intermedi\u00e0ria i per l\u2019empresa.<\/li>\n<li>Difusi\u00f3 externa (via web i xarxes socials) d\u2019experi\u00e8ncies i resultats. Difusi\u00f3 interna i reconeixement institucional de l\u2019alumnat i professorat que participa en el programa Erasmus+.<\/li>\n<li>Selecci\u00f3 d\u2019alumnat i professorat candidat garantint l\u2019abs\u00e8ncia de qualsevol tipus de discriminaci\u00f3 i assegurant la igualtat d\u2019oportunitats.<\/li>\n<li>Selecci\u00f3 de socis i empreses d\u2019altres pa\u00efsos europeus que presenten aspectes diferencials i innovadors respecte de les empreses locals.<\/li>\n<li>Realitzaci\u00f3 de projectes d\u2019innovaci\u00f3 i transfer\u00e8ncia tecnol\u00f2gica amb socis (empreses i instituts professionals) transnacionals.<\/li>\n<li>Realitzaci\u00f3 de visites a centres educatius de rellev\u00e0ncia internacional per estudiar el seu sistema de gesti\u00f3 i governan\u00e7a.<\/li>\n<\/ul>\n<h2 style=\"text-align: justify;\"><b>Selecci\u00f3 de socis<\/b><\/h2>\n<p style=\"text-align: justify;\">L\u2019institut Joan d\u2019\u00c0ustria selecciona els seus socis internacinoals de diferents formes.<\/p>\n<ul style=\"text-align: justify;\">\n<li>Mitjan\u00e7ant contactes que realitza el professorat de l\u2019equip de programes internacionals, de dues formes diferents:\n<ul>\n<li>L\u2019institut rep una petici\u00f3 de contacte o visita de centres d\u2019altres pa\u00efsos. S\u2019analitza la proposta i si \u00e9s d\u2019inter\u00e8s s\u2019estableix contacte per a concertar visites preparat\u00f2ries.<\/li>\n<li>L\u2019institut estableix contacte amb nous centres amb estudis similars, i els fa arribar el nostre inter\u00e8s en con\u00e8ixer-los millor per veure si pot ser d\u2019inter\u00e8s la realitzaci\u00f3 conjunta de programes d\u2019intercanvi.<\/li>\n<\/ul>\n<\/li>\n<li>Mitjan\u00e7ant els acords que estableix el Departament d\u2019Ensenyament, de Catalunya en aquest aspecte.<\/li>\n<\/ul>\n<h2 style=\"text-align: justify;\"><b>\u00c0rees geogr\u00e0fiques de dest\u00ed<\/b><\/h2>\n<p style=\"text-align: justify;\">Durant aquest curs l\u2019institut Joan d\u2019\u00c0ustria, ha establert contactes per realitzar estades Erasmus+ amb:<\/p>\n<ul style=\"text-align: justify;\">\n<li><b>Fran\u00e7a<\/b>: existeixen contactes amb socis encarregats de la mobilitat a aquest pa\u00eds a l\u2019\u00e0rea de Brageirac.<\/li>\n<li><b>It\u00e0lia<\/b>: existeixen contactes amb socis encarregats de la mobilitat a aquest pa\u00eds a l\u2019\u00e0rea de Monza.<\/li>\n<\/ul>\n<p style=\"text-align: justify;\">Actualment, l\u2019institut es proposa consolidar les mobilitats amb aquests pa\u00efsos i ampliar-la a m\u00e9s pa\u00efsos, comen\u00e7ant per:<\/p>\n<ul style=\"text-align: justify;\">\n<li><b>Alemanya<\/b>: amb gran necessitat de t\u00e8cnics inform\u00e0tics en FP, aquest pa\u00eds \u00e9s un dest\u00ed molt interessant i amb gran projecci\u00f3 de futur.<\/li>\n<li><b>Finl\u00e0ndia<\/b>: s\u2019estan realitzant contactes amb la intenci\u00f3 d\u2019establir intercanvis. Gran part de la poblaci\u00f3 finesa domina l\u2019angl\u00e8s com a segona llengua la qual cosa facilitaria la mobilitat del nostre alumnat.<\/li>\n<\/ul>\n<h2 style=\"text-align: justify;\"><b>Grups objectiu de la mobilitat<\/b><\/h2>\n<h3 style=\"text-align: justify;\"><b>Estudiants<\/b><\/h3>\n<p style=\"text-align: justify;\">Inicialment, les mobilitats es destinaran als grups d\u2019estudiants de formaci\u00f3 professional, tant de grau mig, com de grau superior pel proper curs. S\u2019ha procurat augmentar el nombre i la qualitat de mobilitats d\u2019estudiants per a realitzar pr\u00e0ctiques en empreses europees contactant directament amb el Departament d&#8217;Ensenyament i altres organismes encarregats de les mobilitats internacionals.<\/p>\n<h3 style=\"text-align: justify;\"><b>Professorat i equip directiu<\/b><\/h3>\n<p style=\"text-align: justify;\">Actualment, des del Departament d&#8217;Ensenyament es pretenen ampliar les mobilitats Erasmus+ al professorat amb la intenci\u00f3 d\u2019intercanviar compet\u00e8ncies professionals i experi\u00e8ncies metodol\u00f2giques amb instituts i empreses. De forma similar, s\u2019afavorir\u00e0 l\u2019estudi i contrastaci\u00f3 de diferents sistemes educatius i de gesti\u00f3 de centres.<\/p>\n<h1 style=\"text-align: center;\"><b id=\"eps\">Erasmus+ Policy Statement<\/b><\/h1>\n<h2 style=\"text-align: justify;\"><b>Introduction<\/b><\/h2>\n<p style=\"text-align: justify;\">INS Joan d&#8217;\u00c0ustria from Barcelona is committed to the modernization and internationalization of its educational offer (course catalogue) by participating in mobility activities of the Erasmus+ Program, thus enhancing the quality of its vocational training, the linguistic and intercultural competences of students and their academic staff, as a means to support mobility, and to increase employability. With these objectives in mind, the high school management will promote to the greatest:<\/p>\n<ul style=\"text-align: justify;\">\n<li>The mobility of the vocational training students, offering practices in companies of European countries (see the <b>selection students criteria<\/b>, as well as the application form for vocational traineeships).<\/li>\n<li>The participation of academic staff in innovation projects, exchanges and cooperation programmes with other vocational training centers or European companies, aimed at improving curricular, organizational, pedagogical and teaching methodology.<\/li>\n<\/ul>\n<h2 style=\"text-align: justify;\"><b>Objectives<\/b><\/h2>\n<div class=\"page\" style=\"text-align: justify;\" title=\"Page 8\">\n<div class=\"section\">\n<div class=\"layoutArea\">\n<div class=\"column\">\n<p>The foundations of our international strategy focus on the following principles:<br \/>\n<strong>1.-<\/strong> Increase our students employability, in order to improve their insertion not just in our local working market, but also in the European and International one.<br \/>\n<strong>2.-<\/strong> Improve the quality of education that INS Joan d\u2019Austria supply to our short cycle students, deeply focused in their insertion in IT labour market, as well as promoting entrepreneurship projects.<br \/>\n<strong>3.-<\/strong> Advancing, according with our policy, to modernisation and internationalisation, strengthening quality through mobility; sharing knowledge among educational communities.<br \/>\n<strong>4.-<\/strong> Linking higher education and business for excellence development.<br \/>\n<strong>5.-<\/strong> Improving governance and funding.<\/p>\n<\/div>\n<\/div>\n<\/div>\n<\/div>\n<h2 style=\"text-align: justify;\"><b>Overall strategy<\/b><\/h2>\n<ul style=\"text-align: justify;\">\n<li>Increase the number of traineeships mobility student, through the projects exposition to the National Agency, as well as regular participation in the Catalonia Department of Education programs.<\/li>\n<li>Increase the numbers of groups.<\/li>\n<li>Full recognition of the satisfactorily completed activities of mobility Erasmus+, and inclusion in the final record of student achievements, in terms of credits awarded (ECTS), as equivalent to the Spanish traineeship (work placement) \u201cm\u00f3dulo de Formaci\u00f3n en Centros de Trabajo (ECTS). Certificate of the international stay signed by the organization of origin, home institution and for the enterprise.<\/li>\n<li>External diffusion (via web and social networks) of experiences and results. Institutional recognition of the students and teaching staff involved in the Erasmus+ program.<\/li>\n<li>Full respect for the principles of non-discrimination set out in the Programme and equal access and opportunities to mobile participants (students and teachers) from all backgrounds.<\/li>\n<li>Partners and companies selection from other European countries that contribute with different and innovative aspects regarding local businesses.<\/li>\n<li>Fulfilment of innovative projects and transference of technology with transnational partners.<\/li>\n<li>Implementation of visits to educational centres of international relevance, to study their management and governance system.<\/li>\n<\/ul>\n<h2 style=\"text-align: justify;\"><b>Selection of partners<\/b><\/h2>\n<p style=\"text-align: justify;\">The Joan d&#8217;\u00c0ustria high school selects its international partners in different ways.<\/p>\n<ul style=\"text-align: justify;\">\n<li>Through contacts made by the teachers of the international program:\n<ul>\n<li>The high school receives a request for contact or visit from centers of other countries. The proposal is analyzed and if it is of interest, the contact is arranged in order to prepare visits.<\/li>\n<li>The high school establishes contact with new centers with similar studies programmes, and places them the interest to know them better.<\/li>\n<\/ul>\n<\/li>\n<li>Through the agreements established by the \u00a0Catalonia Department of Education.<\/li>\n<\/ul>\n<h2 style=\"text-align: justify;\"><b>Geographical areas of destination<\/b><\/h2>\n<p style=\"text-align: justify;\">During this academic year, Joan d&#8217;\u00c0ustria high school has established contacts for Erasmus+ exchanges with:<\/p>\n<ul style=\"text-align: justify;\">\n<li><b>France<\/b>: There are contacts with members in charge of mobility in this country in the Brageirac area.<\/li>\n<li><b>Italy<\/b>: There are contacts with members in charge of studies and mobility in this country in the Monza area.<\/li>\n<\/ul>\n<p style=\"text-align: justify;\">The high school now proposes consolidate mobility with these other countries, to expand to more countries, starting with:<\/p>\n<ul style=\"text-align: justify;\">\n<li><b>Germany<\/b>: with has a great necessity of computer technicians, this country is a very interesting destination and with a great future projection.<\/li>\n<li><b>Finland<\/b>: contacts are being made with the intention of establishing exchanges. Much of the Finn population speaks English as a second language, which would facilitate the mobility of our students.<\/li>\n<\/ul>\n<h2 style=\"text-align: justify;\"><b>Mobility target groups<\/b><\/h2>\n<h3 style=\"text-align: justify;\"><b>Students<\/b><\/h3>\n<p style=\"text-align: justify;\">Initially, the target of mobility will be allocated to the groups of students of Vocational Education Training, and Higher Education for the next course.There has been an effort to increase the number and quality of student mobility to practice in European companies.<\/p>\n<h3 style=\"text-align: justify;\"><b>Academic staff<br \/>\n<\/b><\/h3>\n<p style=\"text-align: justify;\">The aim is to extend Erasmus+ mobility to the academic staff, with the intention of exchanging professional competencies and methodological experiences with institutes and companies. Similarly, the study and contrast of different educational and center management systems will be favored.<\/p>\n<p><img loading=\"lazy\" decoding=\"async\" class=\"alignright wp-image-6445\" src=\"https:\/\/agora.xtec.cat\/insjoandaustria\/wp-content\/uploads\/usu216\/2019\/11\/ErasmusCofundedLogo.png\" alt=\"Erasmus co-funded logo\" width=\"218\" height=\"50\" srcset=\"https:\/\/agora.xtec.cat\/insjoandaustria\/wp-content\/uploads\/usu216\/2019\/11\/ErasmusCofundedLogo.png 844w, https:\/\/agora.xtec.cat\/insjoandaustria\/wp-content\/uploads\/usu216\/2019\/11\/ErasmusCofundedLogo-300x69.png 300w, https:\/\/agora.xtec.cat\/insjoandaustria\/wp-content\/uploads\/usu216\/2019\/11\/ErasmusCofundedLogo-768x176.png 768w\" sizes=\"auto, (max-width: 218px) 100vw, 218px\" \/><\/p>\n","protected":false},"excerpt":{"rendered":"<p>Declaraci\u00f3 de pol\u00edtica Erasmus+<br \/>\nL\u2019institut Joan d\u2019\u00c0ustria de Barcelona cerca la modernitzaci\u00f3 i internacionalitzaci\u00f3 de la seva oferta educativa mitjan\u00e7ant la participaci\u00f3 en activitats de mobilitat del Programa Erasmus+, amb la finalitat de millorar la qualitat de la formaci\u00f3 professional que ofereix, les compet\u00e8ncies ling\u00fc\u00edstiques i&hellip;  <a href=\"https:\/\/agora.xtec.cat\/insjoandaustria\/serveis\/mobilitat-internacional\/declaracio-de-politica-erasmus\/\" title=\"Read Declaraci\u00f3 de pol\u00edtica Erasmus +\">Llegeix m\u00e9s\u00bb<\/a><\/p>\n","protected":false},"author":4,"featured_media":0,"parent":5049,"menu_order":0,"comment_status":"closed","ping_status":"closed","template":"page-templates\/side-menu.php","meta":{"_bbp_topic_count":0,"_bbp_reply_count":0,"_bbp_total_topic_count":0,"_bbp_total_reply_count":0,"_bbp_voice_count":0,"_bbp_anonymous_reply_count":0,"_bbp_topic_count_hidden":0,"_bbp_reply_count_hidden":0,"_bbp_forum_subforum_count":0,"footnotes":""},"class_list":["post-5053","page","type-page","status-publish","hentry"],"post_mailing_queue_ids":[],"_links":{"self":[{"href":"https:\/\/agora.xtec.cat\/insjoandaustria\/wp-json\/wp\/v2\/pages\/5053","targetHints":{"allow":["GET"]}}],"collection":[{"href":"https:\/\/agora.xtec.cat\/insjoandaustria\/wp-json\/wp\/v2\/pages"}],"about":[{"href":"https:\/\/agora.xtec.cat\/insjoandaustria\/wp-json\/wp\/v2\/types\/page"}],"author":[{"embeddable":true,"href":"https:\/\/agora.xtec.cat\/insjoandaustria\/wp-json\/wp\/v2\/users\/4"}],"replies":[{"embeddable":true,"href":"https:\/\/agora.xtec.cat\/insjoandaustria\/wp-json\/wp\/v2\/comments?post=5053"}],"version-history":[{"count":3,"href":"https:\/\/agora.xtec.cat\/insjoandaustria\/wp-json\/wp\/v2\/pages\/5053\/revisions"}],"predecessor-version":[{"id":6700,"href":"https:\/\/agora.xtec.cat\/insjoandaustria\/wp-json\/wp\/v2\/pages\/5053\/revisions\/6700"}],"up":[{"embeddable":true,"href":"https:\/\/agora.xtec.cat\/insjoandaustria\/wp-json\/wp\/v2\/pages\/5049"}],"wp:attachment":[{"href":"https:\/\/agora.xtec.cat\/insjoandaustria\/wp-json\/wp\/v2\/media?parent=5053"}],"curies":[{"name":"wp","href":"https:\/\/api.w.org\/{rel}","templated":true}]}}