{"id":4656,"date":"2018-06-11T20:17:56","date_gmt":"2018-06-11T18:17:56","guid":{"rendered":"http:\/\/agora.xtec.cat\/insjoandaustria\/?page_id=4656"},"modified":"2019-02-14T18:42:49","modified_gmt":"2019-02-14T17:42:49","slug":"registre-dactivitats-de-tractament","status":"publish","type":"page","link":"https:\/\/agora.xtec.cat\/insjoandaustria\/documentacio\/gestio-de-dades-de-caracter-personal\/registre-dactivitats-de-tractament\/","title":{"rendered":"Registre d\u2019activitats de tractament"},"content":{"rendered":"<h2><strong>Plataformes educatives<\/strong><\/h2>\n<h5><strong>Denominaci\u00f3 de l&#8217;activitat de tractament<\/strong><\/h5>\n<p><span style=\"font-weight: 400;\">CE001 Plataformes educatives<\/span><\/p>\n<h5><strong>Base jur\u00eddica<\/strong><\/h5>\n<p><strong>Base jur\u00eddica de l&#8217;activitat de tractament:<\/strong><\/p>\n<ul>\n<li><span style=\"font-weight: 400;\">Consentiment<\/span><\/li>\n<\/ul>\n<p><strong>Base jur\u00eddica en tractaments de categories especials de dades:<\/strong><\/p>\n<ul>\n<li><span style=\"font-weight: 400;\">Consentiment expl\u00edcit<\/span><\/li>\n<\/ul>\n<h5><strong>Finalitats del tractament<\/strong><\/h5>\n<p><span style=\"font-weight: 400;\">La finalitat \u00e9s la gesti\u00f3 de les plataformes educatives utilitzades pels centres educatius que romanen\u00a0<\/span><span style=\"font-weight: 400;\">sota l\u2019\u00e0mbit competencial del Consorci d\u2019Educaci\u00f3 de Barcelona per a la promoci\u00f3 de l\u2019acci\u00f3 educativa.\u00a0<\/span><span style=\"font-weight: 400;\">Els usos previstos s\u00f3n el manteniment de la plataforma, la gesti\u00f3 dels usuaris i el control i seguiment\u00a0<\/span><span style=\"font-weight: 400;\">dels continguts de la mateixa. Estudis estad\u00edstics.<\/span><\/p>\n<p><span style=\"font-weight: 400;\">Elaboraci\u00f3 de perfils: NO<\/span><\/p>\n<ul>\n<li><span style=\"font-weight: 400;\">Tractament totalment automatitzat: NO<\/span><\/li>\n<\/ul>\n<p><span style=\"font-weight: 400;\">Observaci\u00f3 sistem\u00e0tica d&#8217;una zona d&#8217;acc\u00e9s p\u00fablic: NO<\/span><\/p>\n<ul>\n<li><span style=\"font-weight: 400;\">Grans escala: NO<\/span><\/li>\n<\/ul>\n<p><span style=\"font-weight: 400;\">Gran escala categories especials de dades\/condemnes i infraccions penals: NO<\/span><\/p>\n<h5><strong>Categories d&#8217;interessats<\/strong><\/h5>\n<p><strong>Categoria:<\/strong><\/p>\n<ul>\n<li><span style=\"font-weight: 400;\">Empleats<\/span><\/li>\n<li><span style=\"font-weight: 400;\">Persones de contacte<\/span><\/li>\n<li><span style=\"font-weight: 400;\">Estudiants<\/span><\/li>\n<li><span style=\"font-weight: 400;\">Associats o membres<\/span><\/li>\n<\/ul>\n<p><span style=\"font-weight: 400;\">Col\u00b7lectius vulnerables: S\u00cd<\/span><\/p>\n<ul>\n<li><span style=\"font-weight: 400;\">Menors<\/span><\/li>\n<\/ul>\n<h5><strong>Categories de dades personals<\/strong><\/h5>\n<p><strong>Dades tractades:<\/strong><\/p>\n<ul>\n<li><span style=\"font-weight: 400;\">Imatge \/ Veu<\/span><\/li>\n<li><span style=\"font-weight: 400;\">Nom i cognoms<\/span><\/li>\n<li><span style=\"font-weight: 400;\">Categoria, grau<\/span><\/li>\n<li><span style=\"font-weight: 400;\">Llocs de treball<\/span><\/li>\n<\/ul>\n<p><strong>Categories especials de dades:<\/strong><\/p>\n<p>Cap.<\/p>\n<h5><strong>Categories de destinataris<\/strong><\/h5>\n<ul>\n<li><span style=\"font-weight: 400;\">Plataforma del centre docent corresponent<\/span><\/li>\n<\/ul>\n<h5><strong>Transfer\u00e8ncies internacionals<\/strong><\/h5>\n<p>No aplica.<\/p>\n<h5><strong>Termini previst per suprimir les diferents categories de dades<\/strong><\/h5>\n<p><span style=\"font-weight: 400;\">Tota la informaci\u00f3 del Consorci est\u00e0 subjecte a la normativa d&#8217;avaluaci\u00f3 i tria de la Generalitat de\u00a0<\/span><span style=\"font-weight: 400;\">Catalunya, regulada pel Decret 13\/2008, de 22 de gener, sobre acc\u00e9s, avaluaci\u00f3 i tria de documents.\u00a0<\/span><span style=\"font-weight: 400;\">Els terminis de conservaci\u00f3 de cada conjunt de dades es defineixen a partir de la s\u00e8rie documental a la\u00a0<\/span><span style=\"font-weight: 400;\">qual pertanyen les dades i d&#8217;acord amb aquesta normativa i les resolucions de la Comissi\u00f3 Nacional\u00a0<\/span><span style=\"font-weight: 400;\">d&#8217;Acc\u00e9s, Avaluaci\u00f3 i Tria Documental (CNAATD). Es poden consultar aquests terminis, quan han estat\u00a0<\/span><span style=\"font-weight: 400;\">aprovats, a http:\/\/taad.cultura.gencat.cat\/.<\/span><\/p>\n<h5><strong>Descripci\u00f3 general de les mesures t\u00e8cniques i organitzatives de seguretat<\/strong><\/h5>\n<p><span style=\"font-weight: 400;\">S&#8217;apliquen les mesures de seguretat generals del Consorci d&#8217;Educaci\u00f3 de Barcelona, que inclouen\u00a0<\/span><span style=\"font-weight: 400;\">aquelles que es detallen en l&#8217;apartat &#8220;Llista de mesures aplicables&#8221;.<\/span><\/p>\n<hr \/>\n<h2><strong>Activitats extraescolars<\/strong><\/h2>\n<h5><strong>Denominaci\u00f3 de l&#8217;activitat de tractament<\/strong><\/h5>\n<p><span style=\"font-weight: 400;\">CE002 Activitats extraescolars<\/span><\/p>\n<h5><strong>Base jur\u00eddica<\/strong><\/h5>\n<p><span style=\"font-weight: 400;\">Base jur\u00eddica de l&#8217;activitat de tractament:<\/span><\/p>\n<ul>\n<li><span style=\"font-weight: 400;\">Consentiment<\/span><\/li>\n<\/ul>\n<p><span style=\"font-weight: 400;\">Base jur\u00eddica en tractaments de categories especials de dades:<\/span><\/p>\n<ul>\n<li><span style=\"font-weight: 400;\">Consentiment expl\u00edcit<\/span><\/li>\n<\/ul>\n<h5><strong>Finalitats del tractament<\/strong><\/h5>\n<p><span style=\"font-weight: 400;\">La finalitat \u00e9s la gesti\u00f3 de les activitats extraescolars impulsades i organitzades pels centres educatius\u00a0<\/span><span style=\"font-weight: 400;\">que romanen sota l\u2019\u00e0mbit competencial del Consorci d\u2019Educaci\u00f3 de Barcelona. Els usos previstos s\u00f3n\u00a0<\/span><span style=\"font-weight: 400;\">el seguiment i control de les activitats extraescolars desenvolupades. Estudis estad\u00edstics.<\/span><\/p>\n<p><span style=\"font-weight: 400;\">Elaboraci\u00f3 de perfils: NO<\/span><\/p>\n<ul>\n<li><span style=\"font-weight: 400;\">Tractament totalment automatitzat: NO<\/span><\/li>\n<\/ul>\n<p><span style=\"font-weight: 400;\">Observaci\u00f3 sistem\u00e0tica d&#8217;una zona d&#8217;acc\u00e9s p\u00fablic: NO<\/span><\/p>\n<ul>\n<li><span style=\"font-weight: 400;\">Grans escala: NO<\/span><\/li>\n<\/ul>\n<p><span style=\"font-weight: 400;\">Gran escala categories especials de dades\/condemnes i infraccions penals: NO<\/span><\/p>\n<h5><strong>Categories d&#8217;interessats<\/strong><\/h5>\n<p><strong>Categoria:<\/strong><\/p>\n<ul>\n<li><span style=\"font-weight: 400;\">Estudiants<\/span><\/li>\n<\/ul>\n<p><span style=\"font-weight: 400;\">Col\u00b7lectius vulnerables: S\u00cd<\/span><\/p>\n<ul>\n<li><span style=\"font-weight: 400;\">Menors<\/span><\/li>\n<\/ul>\n<h5><strong>Categories de dades personals<\/strong><\/h5>\n<p><strong>Dades tractades:<\/strong><\/p>\n<ul>\n<li><span style=\"font-weight: 400;\">NIF \/ DNI \/ Passaport \/ NIE<\/span><\/li>\n<li><span style=\"font-weight: 400;\">Nom i cognoms<\/span><\/li>\n<li><span style=\"font-weight: 400;\">Historial acad\u00e8mic<\/span><\/li>\n<li><span style=\"font-weight: 400;\">Dades banc\u00e0ries<\/span><\/li>\n<li><span style=\"font-weight: 400;\">Altres tipus de dades<\/span><\/li>\n<\/ul>\n<p><span style=\"font-weight: 400;\">*Curs i grup.<\/span><\/p>\n<p><strong>Categories especials de dades:<\/strong><\/p>\n<p>Cap.<\/p>\n<h5><strong>Categories de destinataris<\/strong><\/h5>\n<ul>\n<li><span style=\"font-weight: 400;\">Associaci\u00f3 de Mares i Pares d\u2019Alumnes.<\/span><\/li>\n<\/ul>\n<h5><strong>Transfer\u00e8ncies internacionals<\/strong><\/h5>\n<p>No aplica.<\/p>\n<h5><strong>Termini previst per suprimir les diferents categories de dades<\/strong><\/h5>\n<p><span style=\"font-weight: 400;\">Pendent.<\/span><\/p>\n<h5><strong>Descripci\u00f3 general de les mesures t\u00e8cniques i organitzatives de seguretat<\/strong><\/h5>\n<p><span style=\"font-weight: 400;\">Pendent.<\/span><\/p>\n<hr \/>\n<h2>Borsa de treball<\/h2>\n<h5><strong>Denominaci\u00f3 de l&#8217;activitat de tractament<\/strong><\/h5>\n<p><span style=\"font-weight: 400;\">CE003 Borsa de treball<\/span><\/p>\n<h5><strong>Base jur\u00eddica<\/strong><\/h5>\n<p><strong>Base jur\u00eddica de l&#8217;activitat de tractament:<\/strong><\/p>\n<ul>\n<li><span style=\"font-weight: 400;\">Consentiment<\/span><\/li>\n<\/ul>\n<p><strong>Base jur\u00eddica en tractaments de categories especials de dades:<\/strong><\/p>\n<ul>\n<li><span style=\"font-weight: 400;\">Consentiment expl\u00edcit<\/span><\/li>\n<\/ul>\n<h5><strong>Finalitats del tractament<\/strong><\/h5>\n<p><span style=\"font-weight: 400;\">La finalitat \u00e9s la gesti\u00f3 de les ofertes de treball adre\u00e7ades per empreses als centres educatius. Els\u00a0<\/span><span style=\"font-weight: 400;\">usos previstos s\u00f3n posar en coneixement de l\u2019alumnat les ofertes adre\u00e7ades per part de les empreses,\u00a0<\/span><span style=\"font-weight: 400;\">seguiment i control de les persones que s\u2019inscriuen a la borsa de treball.<\/span><\/p>\n<p><span style=\"font-weight: 400;\">Elaboraci\u00f3 de perfils: NO<\/span><\/p>\n<ul>\n<li><span style=\"font-weight: 400;\">Tractament totalment automatitzat: NO<\/span><\/li>\n<\/ul>\n<p><span style=\"font-weight: 400;\">Observaci\u00f3 sistem\u00e0tica d&#8217;una zona d&#8217;acc\u00e9s p\u00fablic: NO<\/span><\/p>\n<ul>\n<li><span style=\"font-weight: 400;\">Grans escala: NO<\/span><\/li>\n<\/ul>\n<p><span style=\"font-weight: 400;\">Gran escala categories especials de dades\/condemnes i infraccions penals: NO<\/span><\/p>\n<h5><strong>Categories d&#8217;interessats<\/strong><\/h5>\n<p><strong>Categoria:<\/strong><\/p>\n<ul>\n<li><span style=\"font-weight: 400;\">Empleats<\/span><\/li>\n<li><span style=\"font-weight: 400;\">Sol\u00b7licitants<\/span><\/li>\n<\/ul>\n<p><span style=\"font-weight: 400;\">Col\u00b7lectius vulnerables: S\u00cd<\/span><\/p>\n<ul>\n<li><span style=\"font-weight: 400;\">Menors<\/span><\/li>\n<\/ul>\n<h5><strong>Categories de dades personals<\/strong><\/h5>\n<p><strong>Dades tractades:<\/strong><\/p>\n<ul>\n<li><span style=\"font-weight: 400;\">NIF \/ DNI \/ Passaport \/ NIE<\/span><\/li>\n<li><span style=\"font-weight: 400;\">Adre\u00e7a postal o electr\u00f2nica<\/span><\/li>\n<li><span style=\"font-weight: 400;\">Tel\u00e8fon<\/span><\/li>\n<li><span style=\"font-weight: 400;\">Nom i cognoms<\/span><\/li>\n<li><span style=\"font-weight: 400;\">Signatura electr\u00f2nica<\/span><\/li>\n<li><span style=\"font-weight: 400;\">Signatura manuscrita<\/span><\/li>\n<li><span style=\"font-weight: 400;\">Data de naixement<\/span><\/li>\n<li><span style=\"font-weight: 400;\">Lloc de naixement<\/span><\/li>\n<li><span style=\"font-weight: 400;\">Edat<\/span><\/li>\n<li><span style=\"font-weight: 400;\">Sexe<\/span><\/li>\n<li><span style=\"font-weight: 400;\">Nacionalitat<\/span><\/li>\n<li><span style=\"font-weight: 400;\">Formaci\u00f3 i titulacions<\/span><\/li>\n<li><span style=\"font-weight: 400;\">Historial acad\u00e8mic<\/span><\/li>\n<li><span style=\"font-weight: 400;\">Experi\u00e8ncia professional<\/span><\/li>\n<\/ul>\n<p><strong>Categories especials de dades:<\/strong><\/p>\n<p>Cap.<\/p>\n<h5><strong>Categories de destinataris<\/strong><\/h5>\n<ul>\n<li><span style=\"font-weight: 400;\">Empresa que ha adre\u00e7at l\u2019oferta de treball al centre docent.<\/span><\/li>\n<\/ul>\n<h5><strong>Transfer\u00e8ncies internacionals<\/strong><\/h5>\n<p>No aplica.<\/p>\n<h5><strong>Termini previst per suprimir les diferents categories de dades<\/strong><\/h5>\n<p><span style=\"font-weight: 400;\">Tota la informaci\u00f3 del Consorci est\u00e0 subjecte a la normativa d&#8217;avaluaci\u00f3 i tria de la Generalitat de\u00a0<\/span><span style=\"font-weight: 400;\">Catalunya, regulada pel Decret 13\/2008, de 22 de gener, sobre acc\u00e9s, avaluaci\u00f3 i tria de documents.\u00a0<\/span><span style=\"font-weight: 400;\">Els terminis de conservaci\u00f3 de cada conjunt de dades es defineixen a partir de la s\u00e8rie documental a la\u00a0<\/span><span style=\"font-weight: 400;\">qual pertanyen les dades i d&#8217;acord amb aquesta normativa i les resolucions de la Comissi\u00f3 Nacional\u00a0<\/span><span style=\"font-weight: 400;\">d&#8217;Acc\u00e9s, Avaluaci\u00f3 i Tria Documental (CNAATD). Es poden consultar aquests terminis, quan han estat\u00a0<\/span><span style=\"font-weight: 400;\">aprovats, a http:\/\/taad.cultura.gencat.cat\/.<\/span><\/p>\n<h5><strong>Descripci\u00f3 general de les mesures t\u00e8cniques i organitzatives de seguretat<\/strong><\/h5>\n<p><span style=\"font-weight: 400;\">S&#8217;apliquen les mesures de seguretat generals del Consorci d&#8217;Educaci\u00f3 de Barcelona, que inclouen\u00a0<\/span><span style=\"font-weight: 400;\">aquelles que es detallen en l&#8217;apartat &#8220;Llista de mesures aplicables&#8221;.<\/span><\/p>\n<hr \/>\n<h2>Gesti\u00f3 econ\u00f2mica, contractaci\u00f3 i col\u00b7laboradors<\/h2>\n<h5><strong>Denominaci\u00f3 de l&#8217;activitat de tractament<\/strong><\/h5>\n<p><span style=\"font-weight: 400;\">CE005 Gesti\u00f3 econ\u00f2mica, contractaci\u00f3 i col\u00b7laboradors<\/span><\/p>\n<h5><strong>Base jur\u00eddica<\/strong><\/h5>\n<p><strong>Base jur\u00eddica de l&#8217;activitat de tractament:<\/strong><\/p>\n<ul>\n<li><span style=\"font-weight: 400;\">Consentiment<\/span><\/li>\n<\/ul>\n<p><strong>Base jur\u00eddica en tractaments de categories especials de dades:<\/strong><\/p>\n<ul>\n<li><span style=\"font-weight: 400;\">Consentiment expl\u00edcit<\/span><\/li>\n<\/ul>\n<h5><strong>Finalitats del tractament<\/strong><\/h5>\n<p><span style=\"font-weight: 400;\">La finalitat \u00e9s la gesti\u00f3 de les activitats de caire econ\u00f2mic, financer, comptable i de col\u00b7laboraci\u00f3 dels centres docents. Els usos s\u00f3n la gesti\u00f3 de les dades dels prove\u00efdors i col\u00b7laboradors, gesti\u00f3 de pagaments, i altres possibles assist\u00e8ncies que comportin una despesa econ\u00f2mica.<\/span><\/p>\n<p><span style=\"font-weight: 400;\">Elaboraci\u00f3 de perfils: NO<\/span><\/p>\n<ul>\n<li><span style=\"font-weight: 400;\">Tractament totalment automatitzat: NO<\/span><\/li>\n<\/ul>\n<p><span style=\"font-weight: 400;\">Observaci\u00f3 sistem\u00e0tica d&#8217;una zona d&#8217;acc\u00e9s p\u00fablic: NO<\/span><\/p>\n<ul>\n<li><span style=\"font-weight: 400;\">Grans escala: NO<\/span><\/li>\n<\/ul>\n<p><span style=\"font-weight: 400;\">Gran escala categories especials de dades\/condemnes i infraccions penals: NO<\/span><\/p>\n<h5><strong>Categories d&#8217;interessats<\/strong><\/h5>\n<p><strong>Categoria:<\/strong><\/p>\n<ul>\n<li><span style=\"font-weight: 400;\">Prove\u00efdors<\/span><\/li>\n<li><span style=\"font-weight: 400;\">Persones de contacte<\/span><\/li>\n<li><span style=\"font-weight: 400;\">Associats o membres<\/span><\/li>\n<li><span style=\"font-weight: 400;\">Representants legals<\/span><\/li>\n<\/ul>\n<p><span style=\"font-weight: 400;\">Col\u00b7lectius vulnerables: NO<\/span><\/p>\n<h5><strong>Categories de dades personals<\/strong><\/h5>\n<p><strong>Dades tractades:<\/strong><\/p>\n<ul>\n<li><span style=\"font-weight: 400;\">NIF \/ DNI \/ Passaport \/ NIE<\/span><\/li>\n<li><span style=\"font-weight: 400;\">Nom i cognoms<\/span><\/li>\n<li><span style=\"font-weight: 400;\">Categoria, grau<\/span><\/li>\n<li><span style=\"font-weight: 400;\">Llocs de treball<\/span><\/li>\n<li><span style=\"font-weight: 400;\">Dades banc\u00e0ries<\/span><\/li>\n<li><span style=\"font-weight: 400;\">Activitats i negocis<\/span><\/li>\n<\/ul>\n<p><strong>Categories especials de dades:<\/strong><\/p>\n<p>Cap.<\/p>\n<h5><strong>Categories de destinataris<\/strong><\/h5>\n<ul>\n<li><span style=\"font-weight: 400;\">Ag\u00e8ncia Estatal de l\u2019Administraci\u00f3 Tribut\u00e0ria<\/span><\/li>\n<li><span style=\"font-weight: 400;\">Entitat financera per la gesti\u00f3 de pagaments<\/span><\/li>\n<\/ul>\n<h5><strong>Transfer\u00e8ncies internacionals<\/strong><\/h5>\n<p>No aplica.<\/p>\n<h5><strong>Termini previst per suprimir les diferents categories de dades<\/strong><\/h5>\n<p><span style=\"font-weight: 400;\">Tota la informaci\u00f3 del Consorci est\u00e0 subjecte a la normativa d&#8217;avaluaci\u00f3 i tria de la Generalitat de\u00a0<\/span><span style=\"font-weight: 400;\">Catalunya, regulada pel Decret 13\/2008, de 22 de gener, sobre acc\u00e9s, avaluaci\u00f3 i tria de documents.\u00a0<\/span><span style=\"font-weight: 400;\">Els terminis de conservaci\u00f3 de cada conjunt de dades es defineixen a partir de la s\u00e8rie documental a la\u00a0<\/span><span style=\"font-weight: 400;\">qual pertanyen les dades i d&#8217;acord amb aquesta normativa i les resolucions de la Comissi\u00f3 Nacional\u00a0<\/span><span style=\"font-weight: 400;\">d&#8217;Acc\u00e9s, Avaluaci\u00f3 i Tria Documental (CNAATD). Es poden consultar aquests terminis, quan han estat\u00a0<\/span><span style=\"font-weight: 400;\">aprovats, a http:\/\/taad.cultura.gencat.cat\/.<\/span><\/p>\n<h5><strong>Descripci\u00f3 general de les mesures t\u00e8cniques i organitzatives de seguretat<\/strong><\/h5>\n<p><span style=\"font-weight: 400;\">S&#8217;apliquen les mesures de seguretat generals del Consorci d&#8217;Educaci\u00f3 de Barcelona, que inclouen\u00a0<\/span><span style=\"font-weight: 400;\">aquelles que es detallen en l&#8217;apartat &#8220;Llista de mesures aplicables&#8221;.<\/span><\/p>\n<hr \/>\n<h2>Alumnat<\/h2>\n<h5><strong>Denominaci\u00f3 de l&#8217;activitat de tractament<\/strong><\/h5>\n<p>Alumnat<\/p>\n<h5><strong>Base jur\u00eddica<\/strong><\/h5>\n<p><strong>Base jur\u00eddica de l&#8217;activitat de tractament:<\/strong><\/p>\n<ul>\n<li><span style=\"font-weight: 400;\">Consentiment<\/span><\/li>\n<\/ul>\n<p><strong>Base jur\u00eddica en tractaments de categories especials de dades:<\/strong><\/p>\n<ul>\n<li><span style=\"font-weight: 400;\">Consentiment expl\u00edcit<\/span><\/li>\n<\/ul>\n<h5><strong>Finalitats del tractament<\/strong><\/h5>\n<p><span style=\"font-weight: 400;\">La finalitat \u00e9s la gesti\u00f3 de l\u2019acci\u00f3 educativa, l\u2019orientaci\u00f3 acad\u00e8mica i professional, l\u2019acci\u00f3 tutorial i de<br \/>\ncomunicaci\u00f3 amb les fam\u00edlies, l\u2019avaluaci\u00f3 objectiva del rendiment escolar, el comprom\u00eds de l\u2019alumnat i llurs fam\u00edlies en el proc\u00e9s educatiu.<\/span><\/p>\n<p><span style=\"font-weight: 400;\">Elaboraci\u00f3 de perfils: NO<\/span><\/p>\n<ul>\n<li><span style=\"font-weight: 400;\">Tractament totalment automatitzat: NO<\/span><\/li>\n<\/ul>\n<p><span style=\"font-weight: 400;\">Observaci\u00f3 sistem\u00e0tica d&#8217;una zona d&#8217;acc\u00e9s p\u00fablic: NO<\/span><\/p>\n<ul>\n<li><span style=\"font-weight: 400;\">Grans escala: NO<\/span><\/li>\n<\/ul>\n<p><span style=\"font-weight: 400;\">Gran escala categories especials de dades\/condemnes i infraccions penals: NO<\/span><\/p>\n<h5><strong>Categories d&#8217;interessats<\/strong><\/h5>\n<p><strong>Categoria:<\/strong><\/p>\n<ul>\n<li><span style=\"font-weight: 400;\">Estudiants<\/span><\/li>\n<\/ul>\n<p><span style=\"font-weight: 400;\">Col\u00b7lectius vulnerables: S\u00cd<\/span><\/p>\n<ul>\n<li><span style=\"font-weight: 400;\">Menors<\/span><\/li>\n<\/ul>\n<h5><strong>Categories de dades personals<\/strong><\/h5>\n<p><strong>Dades tractades:<\/strong><\/p>\n<ul>\n<li>Dades identificatives: nom i cognoms, DNI\/NIF\/NIE, adre\u00e7a postal i electr\u00f2nica, tel\u00e8fon i fax de contacte, codis i claus d\u2019acc\u00e9s als serveis digitals i telem\u00e0tics, imatge (per emissi\u00f3 de credencials identificatives personalitzades, si escau).<\/li>\n<li>Dades de caracter\u00edstiques personals: sexe, llengua materna, data de naixement, nacionalitat, dades familiars (dades identificatives i de contacte).<\/li>\n<li>Dades acad\u00e8miques i professionals: formaci\u00f3 i titulacions, historial acad\u00e8mic, professi\u00f3.<\/li>\n<li>Dades especialment protegides: salut (certificats o informes m\u00e8dics i certificats d\u2019invalidesa o incapacitat necessaris per a l\u2019adequada atenci\u00f3 de l\u2019alumnat en l\u2019\u00e0mbit escolar), necessitats educatives especials, observacions m\u00e8diques, discapacitats.<\/li>\n<\/ul>\n<p><strong>Categories especials de dades:<\/strong><\/p>\n<p>Cap.<\/p>\n<h5><strong>Categories de destinataris<\/strong><\/h5>\n<h5><strong>Transfer\u00e8ncies internacionals<\/strong><\/h5>\n<p>No aplica.<\/p>\n<h5><strong>Termini previst per suprimir les diferents categories de dades<\/strong><\/h5>\n<p>Per gestionar l&#8217;acci\u00f3 educativa i orientadora, les dades de l&#8217;expedient acad\u00e8mic s\u00f3n de conservaci\u00f3 permanent.<\/p>\n<p>Per a la resta de finalitats, les dades es conservaran durant el temps necessari per acomplir amb la finalitat per la qual es van recollir i les limitacions de conservaci\u00f3 que s&#8217;inclouen en la sol\u00b7licitud. Un cop transcorregut aquest termini, d&#8217;acord amb la normativa de gesti\u00f3 documental i arxiu, es conservaran de forma indefinida mentre no existeixi la taula d&#8217;acc\u00e9s, avaluaci\u00f3 i tria de la s\u00e8rie o series documentals que contenen aquestes dades.<\/p>\n<p>Per obtenir m\u00e9s informaci\u00f3 sobre la normativa de conservaci\u00f3 de dades consulteu les <a href=\"http:\/\/taad.cultura.gencat.cat\/\">Taules d&#8217;avaluaci\u00f3 documental<\/a>.<\/p>\n<h5><strong>Descripci\u00f3 general de les mesures t\u00e8cniques i organitzatives de seguretat<\/strong><\/h5>\n<p><span style=\"font-weight: 400;\">Pendent.<\/span><\/p>\n<p>&nbsp;<\/p>\n<hr \/>\n<h2>Personal del centre<\/h2>\n<h5><strong>Denominaci\u00f3 de l&#8217;activitat de tractament<\/strong><\/h5>\n<p>Personal del centre<\/p>\n<h5><strong>Base jur\u00eddica<\/strong><\/h5>\n<p><strong>Base jur\u00eddica de l&#8217;activitat de tractament:<\/strong><\/p>\n<ul>\n<li><span style=\"font-weight: 400;\">Consentiment<\/span><\/li>\n<\/ul>\n<p><strong>Base jur\u00eddica en tractaments de categories especials de dades:<\/strong><\/p>\n<ul>\n<li><span style=\"font-weight: 400;\">Consentiment expl\u00edcit<\/span><\/li>\n<\/ul>\n<h5><strong>Finalitats del tractament<\/strong><\/h5>\n<p>La finalitat \u00e9s la gesti\u00f3 del personal del centre educatiu i de l\u2019alumnat en pr\u00e0ctiques i l\u2019acc\u00e9s als serveis digitals i telem\u00e0tics orientats a millorar el desenvolupament de l\u2019activitat educativa.<\/p>\n<p><span style=\"font-weight: 400;\">Elaboraci\u00f3 de perfils: NO<\/span><\/p>\n<ul>\n<li><span style=\"font-weight: 400;\">Tractament totalment automatitzat: NO<\/span><\/li>\n<\/ul>\n<p><span style=\"font-weight: 400;\">Observaci\u00f3 sistem\u00e0tica d&#8217;una zona d&#8217;acc\u00e9s p\u00fablic: NO<\/span><\/p>\n<ul>\n<li><span style=\"font-weight: 400;\">Grans escala: NO<\/span><\/li>\n<\/ul>\n<p><span style=\"font-weight: 400;\">Gran escala categories especials de dades\/condemnes i infraccions penals: NO<\/span><\/p>\n<h5><strong>Categories d&#8217;interessats<\/strong><\/h5>\n<p><strong>Categoria:<\/strong><\/p>\n<ul>\n<li>Personal que presta els seus serveis professionals en un centre educatiu i alumnat en pr\u00e0ctiques en el centre educatiu.<\/li>\n<\/ul>\n<p><span style=\"font-weight: 400;\">Col\u00b7lectius vulnerables:\u00a0NO<\/span><\/p>\n<h5><strong>Categories de dades personals<\/strong><\/h5>\n<p><strong>Dades tractades:<\/strong><\/p>\n<ul>\n<li>Dades identificatives: nom i cognoms, DNI\/NIF\/NIE, adre\u00e7a postal i electr\u00f2nica, tel\u00e8fon i fax de contacte, imatge (per emissi\u00f3 de credencials identificatives personalitzades, si escau), signatura, codis i claus d\u2019acc\u00e9s als serveis digitals i telem\u00e0tics.<\/li>\n<li>Dades de caracter\u00edstiques personals: data de naixement, nacionalitat, sexe.<\/li>\n<li>Dades acad\u00e8miques i professionals: formaci\u00f3 i titulacions, experi\u00e8ncia professional.<\/li>\n<li>Dades economicofinanceres: dades banc\u00e0ries.<\/li>\n<\/ul>\n<p><strong>Categories especials de dades:<\/strong><\/p>\n<p>Cap.<\/p>\n<h5><strong>Categories de destinataris<\/strong><\/h5>\n<h5><strong>Transfer\u00e8ncies internacionals<\/strong><\/h5>\n<p>No aplica.<\/p>\n<h5><strong>Termini previst per suprimir les diferents categories de dades<\/strong><\/h5>\n<p>Les dades que formen part de l&#8217;expedient personal es conserven de forma permanent.<\/p>\n<p>La base legal que permet el tractament de les dades personals \u00e9s l&#8217;exercici de poders p\u00fablics, d&#8217;acord amb Llei 12\/2009, del 10 de juliol, d&#8217;educaci\u00f3.<\/p>\n<h5><strong>Descripci\u00f3 general de les mesures t\u00e8cniques i organitzatives de seguretat<\/strong><\/h5>\n<p><span style=\"font-weight: 400;\">Pendent.<\/span><\/p>\n<p>&nbsp;<\/p>\n<hr \/>\n<h2>Jornades i actes de l\u2019institut Joan d\u2019\u00c0ustria<\/h2>\n<h5><strong>Denominaci\u00f3 de l&#8217;activitat de tractament<\/strong><\/h5>\n<p>Jornades i actes de l\u2019institut Joan d\u2019\u00c0ustria<\/p>\n<h5><strong>Base jur\u00eddica<\/strong><\/h5>\n<p><strong>Base jur\u00eddica de l&#8217;activitat de tractament:<\/strong><\/p>\n<ul>\n<li><span style=\"font-weight: 400;\">Consentiment<\/span><\/li>\n<\/ul>\n<p><strong>Base jur\u00eddica en tractaments de categories especials de dades:<\/strong><\/p>\n<ul>\n<li><span style=\"font-weight: 400;\">Consentiment expl\u00edcit<\/span><\/li>\n<\/ul>\n<h5><strong>Finalitats del tractament<\/strong><\/h5>\n<p>La finalitat \u00e9s difondre i promoure les jornades o actes organitzats per l\u2019institut Joan d\u2019\u00c0ustria, i per gestionar la participaci\u00f3, la difusi\u00f3 i comunicaci\u00f3 de la informaci\u00f3 sobre la realitzaci\u00f3 de jornades i\/o actes, controlar l\u2019assist\u00e8ncia de les persones que participen i emetre\u2019n els certificats d\u2019assist\u00e8ncia, si escau. Les jornades poden incloure la captaci\u00f3 i gravaci\u00f3 d\u2019imatge i veu d\u2019organitzadors i ponents per difondre l\u2019activitat.<\/p>\n<p><span style=\"font-weight: 400;\">Elaboraci\u00f3 de perfils: NO<\/span><\/p>\n<ul>\n<li><span style=\"font-weight: 400;\">Tractament totalment automatitzat: NO<\/span><\/li>\n<\/ul>\n<p><span style=\"font-weight: 400;\">Observaci\u00f3 sistem\u00e0tica d&#8217;una zona d&#8217;acc\u00e9s p\u00fablic: NO<\/span><\/p>\n<ul>\n<li><span style=\"font-weight: 400;\">Grans escala: NO<\/span><\/li>\n<\/ul>\n<p><span style=\"font-weight: 400;\">Gran escala categories especials de dades\/condemnes i infraccions penals: NO<\/span><\/p>\n<h5><strong>Categories d&#8217;interessats<\/strong><\/h5>\n<p><strong>Categoria:<\/strong><\/p>\n<ul>\n<li>Persones externes al centre, col\u00b7laboradores en les jornades o actes organitzats per l\u2019institut Joan d\u2019\u00c0ustria.<\/li>\n<\/ul>\n<p><span style=\"font-weight: 400;\">Col\u00b7lectius vulnerables:\u00a0NO<\/span><\/p>\n<h5><strong>Categories de dades personals<\/strong><\/h5>\n<p><strong>Dades tractades:<\/strong><\/p>\n<ul>\n<li>Dades identificatives: nom i cognoms, DNI\/NIF\/NIE, adre\u00e7a postal i electr\u00f2nica, tel\u00e8fon i fax de contacte, imatge (per emissi\u00f3 de credencials identificatives personalitzades, si escau), signatura, codis i claus d\u2019acc\u00e9s als serveis digitals i telem\u00e0tics.<\/li>\n<li>Dades de caracter\u00edstiques personals: data de naixement, nacionalitat, sexe.<\/li>\n<li>Dades acad\u00e8miques i professionals: formaci\u00f3 i titulacions, experi\u00e8ncia professional.<\/li>\n<li>Dades economicofinanceres: dades banc\u00e0ries.<\/li>\n<\/ul>\n<p><strong>Categories especials de dades:<\/strong><\/p>\n<p>Cap.<\/p>\n<h5><strong>Categories de destinataris<\/strong><\/h5>\n<h5><strong>Transfer\u00e8ncies internacionals<\/strong><\/h5>\n<p>No aplica.<\/p>\n<h5><strong>Termini previst per suprimir les diferents categories de dades<\/strong><\/h5>\n<p>D&#8217;acord amb la normativa vigent en mat\u00e8ria de gesti\u00f3 documental, es conservaran les vostres dades personals de forma indefinida.<\/p>\n<p>La base legal que permet tractar les vostres dades personals \u00e9s el vostre consentiment, el qual podeu retirar en qualsevol moment.<\/p>\n<h5><strong>Descripci\u00f3 general de les mesures t\u00e8cniques i organitzatives de seguretat<\/strong><\/h5>\n<p><span style=\"font-weight: 400;\">Pendent.<\/span><\/p>\n<hr \/>\n<h2><\/h2>\n","protected":false},"excerpt":{"rendered":"<p>Plataformes educatives<br \/>\nDenominaci\u00f3 de l&#8217;activitat de tractament<br \/>\nCE001 Plataformes educatives<br \/>\nBase jur\u00eddica<br \/>\nBase jur\u00eddica de l&#8217;activitat de tractament:<\/p>\n<ul>\n<li>Consentiment<\/li>\n<\/ul>\n<p>Base jur\u00eddica en tractaments de categories especials de dades:<\/p>\n<ul>\n<li>Consentiment expl\u00edcit<\/li>\n<\/ul>\n<p>Finalitats del tractament<br \/>\nLa finalitat \u00e9s la gesti\u00f3 de les plataformes educatives utilitzades pels centres educatius que romanen\u00a0sota l\u2019\u00e0mbit competencial del Consorci d\u2019Educaci\u00f3 de&hellip;  <a href=\"https:\/\/agora.xtec.cat\/insjoandaustria\/documentacio\/gestio-de-dades-de-caracter-personal\/registre-dactivitats-de-tractament\/\" title=\"Read Registre d\u2019activitats de tractament\">Llegeix m\u00e9s\u00bb<\/a><\/p>\n","protected":false},"author":216,"featured_media":0,"parent":4659,"menu_order":0,"comment_status":"closed","ping_status":"closed","template":"page-templates\/side-menu.php","meta":{"_bbp_topic_count":0,"_bbp_reply_count":0,"_bbp_total_topic_count":0,"_bbp_total_reply_count":0,"_bbp_voice_count":0,"_bbp_anonymous_reply_count":0,"_bbp_topic_count_hidden":0,"_bbp_reply_count_hidden":0,"_bbp_forum_subforum_count":0,"footnotes":""},"class_list":["post-4656","page","type-page","status-publish","hentry"],"post_mailing_queue_ids":[],"_links":{"self":[{"href":"https:\/\/agora.xtec.cat\/insjoandaustria\/wp-json\/wp\/v2\/pages\/4656","targetHints":{"allow":["GET"]}}],"collection":[{"href":"https:\/\/agora.xtec.cat\/insjoandaustria\/wp-json\/wp\/v2\/pages"}],"about":[{"href":"https:\/\/agora.xtec.cat\/insjoandaustria\/wp-json\/wp\/v2\/types\/page"}],"author":[{"embeddable":true,"href":"https:\/\/agora.xtec.cat\/insjoandaustria\/wp-json\/wp\/v2\/users\/216"}],"replies":[{"embeddable":true,"href":"https:\/\/agora.xtec.cat\/insjoandaustria\/wp-json\/wp\/v2\/comments?post=4656"}],"version-history":[{"count":3,"href":"https:\/\/agora.xtec.cat\/insjoandaustria\/wp-json\/wp\/v2\/pages\/4656\/revisions"}],"predecessor-version":[{"id":5377,"href":"https:\/\/agora.xtec.cat\/insjoandaustria\/wp-json\/wp\/v2\/pages\/4656\/revisions\/5377"}],"up":[{"embeddable":true,"href":"https:\/\/agora.xtec.cat\/insjoandaustria\/wp-json\/wp\/v2\/pages\/4659"}],"wp:attachment":[{"href":"https:\/\/agora.xtec.cat\/insjoandaustria\/wp-json\/wp\/v2\/media?parent=4656"}],"curies":[{"name":"wp","href":"https:\/\/api.w.org\/{rel}","templated":true}]}}