{"id":4271,"date":"2022-07-07T11:51:15","date_gmt":"2022-07-07T09:51:15","guid":{"rendered":"https:\/\/agora.xtec.cat\/insgurb\/?page_id=4271"},"modified":"2025-01-09T11:35:20","modified_gmt":"2025-01-09T10:35:20","slug":"cultura-digital","status":"publish","type":"page","link":"https:\/\/agora.xtec.cat\/insgurb\/projecte-educatiu\/estrategia-digital-de-centre\/cultura-digital\/","title":{"rendered":"Cultura digital"},"content":{"rendered":"<h5>Comissi\u00f3 digital<\/h5>\n<p>La Comissi\u00f3 Digital de l&#8217;Institut de Gurb est\u00e0 formada per:<\/p>\n<ul>\n<li>Josep Rubi\u00f3, coordinador digital<\/li>\n<li>Francesc Gim\u00e9nez, director<\/li>\n<li>N\u00faria Sams\u00f3, coordinadora pedag\u00f2gica<\/li>\n<\/ul>\n<p>La Comissi\u00f3 Digital es reuneix mensualment. S&#8217;estableixen, regularment, com a ordre del dia, aspectes d&#8217;estrat\u00e8gia digital, que es van planificant en funci\u00f3 de les necessitats de cada moment.<\/p>\n<p>&nbsp;<\/p>\n<h5>Serveis digitals<\/h5>\n<p>Tot l&#8217;alumnat i professorat del centre disposa d&#8217;un ordinador personal. Totes les aules tenen sistema de projecci\u00f3 i equip de so, i el centre t\u00e9 una xarxa wifi accessible des de tots els espais.<\/p>\n<p>L\u2019Institut de Gurb utilitza els <strong>serveis\u00a0digitals<\/strong>\u00a0seg\u00fcents:<\/p>\n<ul>\n<li><a href=\"http:\/\/agora.xtec.cat\/insgurb\/moodle\"><strong>Moodle.<\/strong><\/a> \u00c9s l&#8217;entorn virtual d&#8217;aprenentatge que s&#8217;utilitza a tots els cursos. El professorat l&#8217;utilitza per compartir tota la informaci\u00f3 de la mat\u00e8ria amb l&#8217;alumnat. Tamb\u00e9 s&#8217;hi recullen les tasques i lliuraments de l&#8217;alumnat i s&#8217;utilitza per fer-los el retorn.<\/li>\n<\/ul>\n<p><a href=\"http:\/\/agora.xtec.cat\/insgurb\/wp-content\/uploads\/usu1744\/2018\/08\/moodle-logo.png\"><img loading=\"lazy\" decoding=\"async\" class=\"alignnone wp-image-905\" src=\"http:\/\/agora.xtec.cat\/insgurb\/wp-content\/uploads\/usu1744\/2018\/08\/moodle-logo-1024x313.png\" sizes=\"auto, (max-width: 222px) 100vw, 222px\" srcset=\"https:\/\/agora.xtec.cat\/insgurb\/wp-content\/uploads\/usu1744\/2018\/08\/moodle-logo-1024x313.png 1024w, https:\/\/agora.xtec.cat\/insgurb\/wp-content\/uploads\/usu1744\/2018\/08\/moodle-logo-300x92.png 300w, https:\/\/agora.xtec.cat\/insgurb\/wp-content\/uploads\/usu1744\/2018\/08\/moodle-logo-768x234.png 768w, https:\/\/agora.xtec.cat\/insgurb\/wp-content\/uploads\/usu1744\/2018\/08\/moodle-logo.png 1091w\" alt=\"\" width=\"222\" height=\"68\" \/><\/a><\/p>\n<ul>\n<li><strong>Google Workspace. <\/strong>El centre t\u00e9 un compte de Google Workspace per a Centres Educatius que li proporciona eines d&#8217;emmagatzematge i edici\u00f3 col\u00b7laborativa de documents per a l&#8217;alumnat i professorat (Drive), comunicaci\u00f3 (correu corporatiu per alumnat i professorat i Google Meet) i organitzaci\u00f3 (calendari). El coordinador digital \u00e9s l&#8217;encarregat de crear i gestionar els usuaris, i tamb\u00e9 s&#8217;encarrega del manteniment de la plataforma en general.<\/li>\n<\/ul>\n<p><a href=\"https:\/\/agora.xtec.cat\/insgurb\/wp-content\/uploads\/usu1744\/2023\/05\/Google-workspace.jpg\"><img loading=\"lazy\" decoding=\"async\" class=\"alignnone size-full wp-image-4764\" src=\"https:\/\/agora.xtec.cat\/insgurb\/wp-content\/uploads\/usu1744\/2023\/05\/Google-workspace.jpg\" alt=\"\" width=\"296\" height=\"101\" \/><\/a><\/p>\n<ul>\n<li><strong>iEduca. <\/strong>\u00c9s el programa de gesti\u00f3 del centre, a trav\u00e9s del qual es fa el control de l&#8217;assist\u00e8ncia, les convocat\u00f2ries i actes de les reunions i la gesti\u00f3 de les gu\u00e0rdies. Tamb\u00e9 s&#8217;hi troba tota la informaci\u00f3 de contacte de l&#8217;alumnat i les fam\u00edlies i l&#8217;historial que recull totes les actuacions que es duen a terme amb l&#8217;alumnat a nivell de tutoria individual. Tamb\u00e9 es pot utilitzar per gestionar la disciplina, consultar horaris i reservar espais de reuni\u00f3.<\/li>\n<\/ul>\n<p><a href=\"http:\/\/agora.xtec.cat\/insgurb\/wp-content\/uploads\/usu1744\/2018\/08\/iEduca.jpg\"><img loading=\"lazy\" decoding=\"async\" class=\"alignnone wp-image-899\" src=\"http:\/\/agora.xtec.cat\/insgurb\/wp-content\/uploads\/usu1744\/2018\/08\/iEduca-1024x318.jpg\" sizes=\"auto, (max-width: 238px) 100vw, 238px\" srcset=\"https:\/\/agora.xtec.cat\/insgurb\/wp-content\/uploads\/usu1744\/2018\/08\/iEduca-1024x318.jpg 1024w, https:\/\/agora.xtec.cat\/insgurb\/wp-content\/uploads\/usu1744\/2018\/08\/iEduca-300x93.jpg 300w, https:\/\/agora.xtec.cat\/insgurb\/wp-content\/uploads\/usu1744\/2018\/08\/iEduca-768x238.jpg 768w, https:\/\/agora.xtec.cat\/insgurb\/wp-content\/uploads\/usu1744\/2018\/08\/iEduca.jpg 1076w\" alt=\"\" width=\"238\" height=\"74\" \/><\/a><\/p>\n<ul>\n<li><strong>App<\/strong>\n<ul>\n<li style=\"list-style-type: none;\">\n<ul>\n<li><strong>TokApp<\/strong>: la plataforma de gesti\u00f3 cont\u00e9 una aplicaci\u00f3 per al m\u00f2bil, l&#8217;<strong>iEduca Tokapp<\/strong>, que s&#8217;utilitza des de la coordinaci\u00f3 de comunicaci\u00f3 per enviar comunicacions instant\u00e0nies a les fam\u00edlies. Aquestes tamb\u00e9 poden consultar les faltes d&#8217;assist\u00e8ncia, retards, incid\u00e8ncies i faltes de materials dels seus fills\/es.<\/li>\n<\/ul>\n<\/li>\n<\/ul>\n<\/li>\n<\/ul>\n<p><a href=\"https:\/\/agora.xtec.cat\/insgurb\/wp-content\/uploads\/usu1744\/2023\/05\/iEduca-Tokapp.png\"><img loading=\"lazy\" decoding=\"async\" class=\"alignnone wp-image-4774\" src=\"https:\/\/agora.xtec.cat\/insgurb\/wp-content\/uploads\/usu1744\/2023\/05\/iEduca-Tokapp.png\" alt=\"\" width=\"303\" height=\"63\" srcset=\"https:\/\/agora.xtec.cat\/insgurb\/wp-content\/uploads\/usu1744\/2023\/05\/iEduca-Tokapp.png 1151w, https:\/\/agora.xtec.cat\/insgurb\/wp-content\/uploads\/usu1744\/2023\/05\/iEduca-Tokapp-300x63.png 300w, https:\/\/agora.xtec.cat\/insgurb\/wp-content\/uploads\/usu1744\/2023\/05\/iEduca-Tokapp-1024x214.png 1024w, https:\/\/agora.xtec.cat\/insgurb\/wp-content\/uploads\/usu1744\/2023\/05\/iEduca-Tokapp-768x160.png 768w\" sizes=\"auto, (max-width: 303px) 100vw, 303px\" \/><\/a><\/p>\n<ul>\n<li><strong>Llibres digitals<\/strong>\n<ul>\n<li>A la mat\u00e8ria de Ci\u00e8ncies s&#8217;utilitza el llibre digital <strong>Science Bits<\/strong> com a eina de suport per a la realitzaci\u00f3 d&#8217;exercicis pr\u00e0ctics i simulacions. L&#8217;eina permet la realitzaci\u00f3 d&#8217;activitats en angl\u00e8s.<\/li>\n<\/ul>\n<\/li>\n<\/ul>\n<p><a href=\"http:\/\/agora.xtec.cat\/insgurb\/wp-content\/uploads\/usu1744\/2018\/08\/baixa.jpg\"><img loading=\"lazy\" decoding=\"async\" class=\"alignnone wp-image-902\" src=\"http:\/\/agora.xtec.cat\/insgurb\/wp-content\/uploads\/usu1744\/2018\/08\/baixa.jpg\" sizes=\"auto, (max-width: 236px) 100vw, 236px\" srcset=\"https:\/\/agora.xtec.cat\/insgurb\/wp-content\/uploads\/usu1744\/2018\/08\/baixa.jpg 351w, https:\/\/agora.xtec.cat\/insgurb\/wp-content\/uploads\/usu1744\/2018\/08\/baixa-300x123.jpg 300w\" alt=\"\" width=\"236\" height=\"97\" \/><\/a><\/p>\n<ul>\n<li><strong>eP\u00e8rgam. <\/strong>\u00c9s el programa que s&#8217;utilitza per a la catalogaci\u00f3 dels llibres de la Biblioteca i que properament permetr\u00e0 la gesti\u00f3 dels pr\u00e9stecs.<\/li>\n<\/ul>\n<p><a href=\"https:\/\/agora.xtec.cat\/insgurb\/wp-content\/uploads\/usu1744\/2023\/05\/ePergam.png\"><img loading=\"lazy\" decoding=\"async\" class=\"alignnone wp-image-4762 \" src=\"https:\/\/agora.xtec.cat\/insgurb\/wp-content\/uploads\/usu1744\/2023\/05\/ePergam.png\" alt=\"\" width=\"326\" height=\"108\" srcset=\"https:\/\/agora.xtec.cat\/insgurb\/wp-content\/uploads\/usu1744\/2023\/05\/ePergam.png 389w, https:\/\/agora.xtec.cat\/insgurb\/wp-content\/uploads\/usu1744\/2023\/05\/ePergam-300x99.png 300w\" sizes=\"auto, (max-width: 326px) 100vw, 326px\" \/><\/a><\/p>\n<ul>\n<li><strong>Canva for education. <\/strong>Aquesta aplicaci\u00f3 permet crear p\u00f2ster digitals a l&#8217;alumnat i professorat. El centre hi est\u00e0 registrat i aix\u00f2 dona els serveis de la versi\u00f3 Premium a tota la comunitat educativa.<\/li>\n<\/ul>\n<p><a href=\"https:\/\/agora.xtec.cat\/insgurb\/wp-content\/uploads\/usu1744\/2023\/05\/Canva.png\"><img loading=\"lazy\" decoding=\"async\" class=\"alignnone wp-image-4765\" src=\"https:\/\/agora.xtec.cat\/insgurb\/wp-content\/uploads\/usu1744\/2023\/05\/Canva.png\" alt=\"\" width=\"320\" height=\"136\" srcset=\"https:\/\/agora.xtec.cat\/insgurb\/wp-content\/uploads\/usu1744\/2023\/05\/Canva.png 399w, https:\/\/agora.xtec.cat\/insgurb\/wp-content\/uploads\/usu1744\/2023\/05\/Canva-300x128.png 300w\" sizes=\"auto, (max-width: 320px) 100vw, 320px\" \/><\/a><\/p>\n<ul>\n<li><strong>Domini.cat. <\/strong>El centre t\u00e9 el domini propi <a href=\"http:\/\/institutdegurb.cat\">institutdegurb.cat<\/a>.<\/li>\n<\/ul>\n<p><a href=\"https:\/\/agora.xtec.cat\/insgurb\/wp-content\/uploads\/usu1744\/2023\/05\/domini.jpg\"><img loading=\"lazy\" decoding=\"async\" class=\"alignnone wp-image-4767\" src=\"https:\/\/agora.xtec.cat\/insgurb\/wp-content\/uploads\/usu1744\/2023\/05\/domini.jpg\" alt=\"\" width=\"307\" height=\"95\" \/><\/a><\/p>\n<ul>\n<li><strong>Nodes<\/strong> \u00e9s la plataforma on s&#8217;allotja la p\u00e0gina web del centre. Pertany al Departament d&#8217;Educaci\u00f3 de la Generalitat de Catalunya.<\/li>\n<\/ul>\n<p><a href=\"https:\/\/agora.xtec.cat\/insgurb\/wp-content\/uploads\/usu1744\/2023\/05\/nodes.png\"><img loading=\"lazy\" decoding=\"async\" class=\"alignnone wp-image-4770\" src=\"https:\/\/agora.xtec.cat\/insgurb\/wp-content\/uploads\/usu1744\/2023\/05\/nodes.png\" alt=\"\" width=\"315\" height=\"98\" srcset=\"https:\/\/agora.xtec.cat\/insgurb\/wp-content\/uploads\/usu1744\/2023\/05\/nodes.png 402w, https:\/\/agora.xtec.cat\/insgurb\/wp-content\/uploads\/usu1744\/2023\/05\/nodes-300x93.png 300w\" sizes=\"auto, (max-width: 315px) 100vw, 315px\" \/><\/a><\/p>\n<ul>\n<li><strong>Xarxes socials. <\/strong>Per a la difusi\u00f3 de les activitats que es duen a terme al centre en el seu dia a dia s&#8217;utilitzen les xarxes socials seg\u00fcents:\n<ul>\n<li>Instagram (institutdegurb)<\/li>\n<li>Facebook (Ins de Gurb)<\/li>\n<li>Twitter (@institutdegurb)<\/li>\n<\/ul>\n<\/li>\n<\/ul>\n<p>&nbsp;<\/p>\n<h5>Pla d&#8217;acollida<\/h5>\n<p>El <a href=\"https:\/\/agora.xtec.cat\/insgurb\/wp-content\/uploads\/usu1744\/2023\/05\/Pla-dacollida-v2.pdf\">Pla d\u2019Acollida de l\u2019Institut de Gurb<\/a> recull el conjunt d\u2019actuacions que el centre posa en marxa per tal de facilitar la plena adaptaci\u00f3 de totes les persones que s\u2019incorporen de nou al centre (alumnat, professorat i fam\u00edlies). L\u2019objectiu principal de totes aquestes actuacions \u00e9s afavorir la incorporaci\u00f3 \u00f2ptima de tothom a la vida i a la din\u00e0mica del centre i del seu entorn i facilitar les relacions entre les diverses persones de la comunitat educativa.<\/p>\n<p>&nbsp;<\/p>\n<h5>Pla de comunicaci\u00f3<\/h5>\n<p>El proc\u00e9s de la comunicaci\u00f3 \u00e9s un dels tres processos estrat\u00e8gics de l\u2019Institut de Gurb, junt amb el d\u2019Estrat\u00e8gia i Planificaci\u00f3 i el de Millora i Innovaci\u00f3, i t\u00e9 l\u2019objectiu de comunicar i promocionar, tant de forma interna com externa, les activitats i serveis del centre als grups d\u2019inter\u00e8s: professorat i PAS, alumnat, fam\u00edlies i entorn social m\u00e9s proper.<\/p>\n<p>El <a href=\"https:\/\/agora.xtec.cat\/insgurb\/wp-content\/uploads\/usu1744\/2023\/05\/Pla-de-comunicacio.pdf\">Pla de Comunicaci\u00f3 de l\u2019Institut de Gurb<\/a> vol identificar, implicar i fidelitzar els diferents grups d\u2019inter\u00e8s m\u00e9s enll\u00e0 del temps que aquests passen de manera presencial al centre, i tamb\u00e9 pret\u00e9n recollir les preocupacions i necessitats d\u2019aquests grups d\u2019inter\u00e8s per emprendre millores i innovacions al centre, aix\u00ed com projectar una imatge corporativa que ajudi a aconseguir els objectius marcats i contribueixi a la transpar\u00e8ncia i responsabilitat de la informaci\u00f3.<\/p>\n<p>&nbsp;<\/p>\n<h5>Desplegament competencial<\/h5>\n<p>Fins ara, seguint les indicacions del Decret 187\/2015, les compet\u00e8ncies de l&#8217;\u00e0mbit digital s&#8217;han treballat i avaluat des de totes les mat\u00e8ries. L&#8217;assoliment d&#8217;aquestes compet\u00e8ncies s&#8217;ha fet constar en forma de blocs d&#8217;avaluaci\u00f3 als informes trimestrals per mat\u00e8ries. A final de curs, s&#8217;ha donat una qualificaci\u00f3 final d&#8217;aquestes compet\u00e8ncies a partir de les avaluacions trimestrals de totes les mat\u00e8ries, i aquesta s&#8217;ha fet constar als informes d&#8217;avaluaci\u00f3 final. Actualment, s&#8217;est\u00e0 revisant aquest sistema d&#8217;avaluaci\u00f3 de les compet\u00e8ncies de l&#8217;\u00e0mbit digital per actualitzar-lo d&#8217;acord amb el nou curr\u00edculum (Decret 175\/2022).<\/p>\n<p>El desplegament curricular forma part del primer objectiu de l&#8217;Estrat\u00e8gia Digital del Centre (<em>Revisar el desplegament curricular de l&#8217;\u00e0mbit digital per millorar la compet\u00e8ncia digital de l&#8217;alumnat i assegurar l&#8217;assoliment de totes les compet\u00e8ncies<\/em>). Aquest desplegament est\u00e0 en proc\u00e9s de revisi\u00f3 i es finalitzar\u00e0 durant el curs 2024-25.<\/p>\n<p>Una de les actuacions que ja s&#8217;han fet \u00e9s la diagnosi del treball de les compet\u00e8ncies de l&#8217;\u00e0mbit digital al centre. Aix\u00f2 va permetre identificar els punts forts i els punts febles que t\u00e9 el centre en aquest aspecte. Les conclusions es recullen al document de <a href=\"https:\/\/agora.xtec.cat\/insgurb\/wp-content\/uploads\/usu1744\/2023\/06\/Diagnosi-competencies-ambit-digital.pdf\">Diagnosi de compet\u00e8ncies de l&#8217;\u00e0mbit digital<\/a> que es va realitzar durant el curs 2021-22.<\/p>\n<p>&nbsp;<\/p>\n<h5>Documentaci\u00f3 digital del centre<\/h5>\n<p>L\u2019Institut de Gurb \u00e9s un centre que, des dels seus inicis l\u2019any 2010, ha destacat per ser un centre totalment digitalitzat. El <a href=\"https:\/\/agora.xtec.cat\/insgurb\/wp-content\/uploads\/usu1744\/2021\/08\/Projecte_educatiu_v2.pdf\">PEC<\/a> reflexa la voluntat del centre de <em>formar ciutadans competents i responsables en l\u2019\u00fas dels recursos digitals, respectuosos amb la legislaci\u00f3 vigent i que garanteixin la seva identitat digital de forma segura<\/em>.<\/p>\n<p>A m\u00e9s a m\u00e9s, un dels principis pedag\u00f2gics del centre \u00e9s la <strong><em>innovaci\u00f3 mitjan\u00e7ant la integraci\u00f3 avan\u00e7ada de les tecnologies per a l\u2019aprenentatge<\/em><\/strong><em> i el coneixement i la incorporaci\u00f3 de noves eines, metodologies d\u2019aprenentatge i estructures organitzatives<\/em>.<\/p>\n<p>Pel que fa als valors, un dels valors del PEC \u00e9s la <strong><em>innovaci\u00f3 com a motor de canvi mitjan\u00e7ant la integraci\u00f3 avan\u00e7ada de les TIC (tecnologies de la informaci\u00f3 i la comunicaci\u00f3) i les TAC (tecnologies per a l\u2019aprenentatge i el coneixement)<\/em><\/strong><em>, que faciliten l\u2019establiment d\u2019objectius d\u2019aprenentatge per fer del centre una organitzaci\u00f3 en constant proc\u00e9s d\u2019aprenentatge i tecnol\u00f2gicament madura<\/em>.<\/p>\n<p>Finalment, en l\u2019apartat dels plantejaments educatius, el PEC diu que <em>l\u2019aprenentatge ha de ser aut\u00f2nom i personalitzat. Un centre del segle XXI no pot obviar els canvis metodol\u00f2gics que comporta <strong>la integraci\u00f3 de les noves tecnologies en els processos d\u2019aprenentatge<\/strong>. Canvis que han de suposar la voluntat del professorat per combinar materials, recursos i aplicatius TAC diversos: des de la instrucci\u00f3 directa amb presentacions, el treball individual amb exercicis interactius, fins els projectes en xarxa i activitats col\u00b7laboratives<\/em>.<\/p>\n<p>Les <a href=\"https:\/\/agora.xtec.cat\/insgurb\/wp-content\/uploads\/usu1744\/2024\/10\/NOFC_v12.pdf\">NOFC<\/a>, per la seva banda,\u00a0recullen tota la normativa vinculada a l\u2019\u00e0mbit digital. Concretament, s&#8217;hi poden trobar els punts seg\u00fcents:<\/p>\n<ul>\n<li>Funcions i perfil professional del coordinador\/a digital.<\/li>\n<li>Funcions de la comissi\u00f3 digital.<\/li>\n<li>Normativa d&#8217;\u00fas dels tel\u00e8fons m\u00f2bils.<\/li>\n<li>Normativa d&#8217;\u00fas dels ordinadors.<\/li>\n<li>Normativa de cessi\u00f3 de port\u00e0tils del centre.<\/li>\n<\/ul>\n<p>&nbsp;<\/p>\n","protected":false},"excerpt":{"rendered":"<p>Comissi\u00f3 digital<br \/>\nLa Comissi\u00f3 Digital de l&#8217;Institut de Gurb est\u00e0 formada per:<\/p>\n<ul>\n<li>Josep Rubi\u00f3, coordinador digital<\/li>\n<li>Francesc Gim\u00e9nez, director<\/li>\n<li>N\u00faria Sams\u00f3, coordinadora pedag\u00f2gica<\/li>\n<\/ul>\n<p>La Comissi\u00f3 Digital es reuneix mensualment. S&#8217;estableixen, regularment, com a ordre del dia, aspectes d&#8217;estrat\u00e8gia digital, que es van planificant en funci\u00f3 de les necessitats de cada&hellip;  <a href=\"https:\/\/agora.xtec.cat\/insgurb\/projecte-educatiu\/estrategia-digital-de-centre\/cultura-digital\/\" title=\"Read Cultura digital\">Llegeix m\u00e9s\u00bb<\/a><\/p>\n","protected":false},"author":1,"featured_media":0,"parent":4150,"menu_order":2,"comment_status":"closed","ping_status":"closed","template":"","meta":{"_bbp_topic_count":0,"_bbp_reply_count":0,"_bbp_total_topic_count":0,"_bbp_total_reply_count":0,"_bbp_voice_count":0,"_bbp_anonymous_reply_count":0,"_bbp_topic_count_hidden":0,"_bbp_reply_count_hidden":0,"_bbp_forum_subforum_count":0,"footnotes":""},"class_list":["post-4271","page","type-page","status-publish","hentry"],"post_mailing_queue_ids":[],"_links":{"self":[{"href":"https:\/\/agora.xtec.cat\/insgurb\/wp-json\/wp\/v2\/pages\/4271","targetHints":{"allow":["GET"]}}],"collection":[{"href":"https:\/\/agora.xtec.cat\/insgurb\/wp-json\/wp\/v2\/pages"}],"about":[{"href":"https:\/\/agora.xtec.cat\/insgurb\/wp-json\/wp\/v2\/types\/page"}],"author":[{"embeddable":true,"href":"https:\/\/agora.xtec.cat\/insgurb\/wp-json\/wp\/v2\/users\/1"}],"replies":[{"embeddable":true,"href":"https:\/\/agora.xtec.cat\/insgurb\/wp-json\/wp\/v2\/comments?post=4271"}],"version-history":[{"count":7,"href":"https:\/\/agora.xtec.cat\/insgurb\/wp-json\/wp\/v2\/pages\/4271\/revisions"}],"predecessor-version":[{"id":6166,"href":"https:\/\/agora.xtec.cat\/insgurb\/wp-json\/wp\/v2\/pages\/4271\/revisions\/6166"}],"up":[{"embeddable":true,"href":"https:\/\/agora.xtec.cat\/insgurb\/wp-json\/wp\/v2\/pages\/4150"}],"wp:attachment":[{"href":"https:\/\/agora.xtec.cat\/insgurb\/wp-json\/wp\/v2\/media?parent=4271"}],"curies":[{"name":"wp","href":"https:\/\/api.w.org\/{rel}","templated":true}]}}