{"id":4535,"date":"2025-02-27T18:30:00","date_gmt":"2025-02-27T17:30:00","guid":{"rendered":"https:\/\/agora.xtec.cat\/insfortpius\/?page_id=4535"},"modified":"2025-05-07T16:59:17","modified_gmt":"2025-05-07T14:59:17","slug":"simultaneitat-amb-estudis-de-musica-o-dansa","status":"publish","type":"page","link":"https:\/\/agora.xtec.cat\/insfortpius\/families\/simultaneitat-amb-estudis-de-musica-o-dansa\/","title":{"rendered":"Simultane\u00eftat amb estudis de m\u00fasica o dansa"},"content":{"rendered":"<h4><b>SIMULTANE\u00cfTAT AMB ESTUDIS DE M\u00daSICA O DANSA<\/b><\/h4>\n<p>L&#8217;alumnat que cursa l&#8217;ESO o batxillerat i, simulta\u0300niament, estudis de mu\u0301sica o dansa en conservatoris, centres professionals o escoles autoritzades, pot sol\u00b7licitar la convalidacio\u0301 o el reconeixement de mate\u0300ries en els termes que s&#8217;indiquen la normativa referenciada que s\u2019especifica en aquest document.<\/p>\n<p>Ate\u0300s que totes aquestes possibilitats es fonamenten en el fet de simultaniejar estudis ordinaris amb els estudis de mu\u0301sica o dansa, la sol\u00b7licitud s&#8217;ha de renovar cada curs.<\/p>\n<p>Els alumnes que ho vulguin poden sol\u00b7licitar la convalidacio\u0301 o el reconeixement d&#8217;un nombre d&#8217;hores inferior a aquell a que\u0300 tenen dret.<\/p>\n<p><b>SIMULTANE\u00cfTAT AMB ESTUDIS DE DANSA<\/b><\/p>\n<ol>\n<li><a href=\"https:\/\/documents.espai.educacio.gencat.cat\/IPCNormativa\/DOIGC\/CUR_Simultaneitat_dansa.pdf\"> Normativa<\/a>: Consultar la p\u00e0g. 4 en el cercador de centre (Mapa escolar del web del Departament) per tal de validar el centre formador, que ha de ser un centre amb un curr\u00edculum oficial.<\/li>\n<li>Documentaci\u00f3 que cal presentar durant els dos primers mesos de classe:<\/li>\n<\/ol>\n<ul>\n<li>&#8220;Sol\u00b7licitud de reducci\u00f3 de mat\u00e8ries de l&#8217;educaci\u00f3 secund\u00e0ria obligat\u00f2ria (ESO) per als alumnes que cursen estudis de dansa en un conservatori o en un centre professional o en una escola de\u00a0 dansa autoritzada&#8221; (mode<a href=\"https:\/\/drive.google.com\/drive\/u\/1\/folders\/1-nLuai6fMVUjsmeyyjxp09kHtZe4RIRc\">l EDA1<\/a>).<\/li>\n<\/ul>\n<p>I tamb\u00e9<\/p>\n<ul>\n<li>&#8220;Certificat expedit pel <b>conservatori o pel centre professiona<\/b>l de dansa\u00a0 \u00a0 en que\u0300 s&#8217;acredita el curs que fa l&#8217;alumne\/a&#8221; (model <a href=\"https:\/\/drive.google.com\/drive\/u\/1\/folders\/1-nLuai6fMVUjsmeyyjxp09kHtZe4RIRc\">CDA1<\/a>)<\/li>\n<\/ul>\n<p>O b\u00e9<\/p>\n<ul>\n<li aria-level=\"2\">&#8220;Certificat expedit per l&#8217;<b>escola de dansa autoritzada<\/b> en qu\u00e8 s&#8217;acredita el curs i el nombre d&#8217;hores de dedicaci\u00f3 setmanal que fa l&#8217;alumne\/a per al reconeixement de la mat\u00e8ria d&#8217;Educaci\u00f3 F\u00edsica de l&#8217;ESO i el batxillerat i\/o les optatives de l&#8217;ESO&#8221; (<a href=\"https:\/\/drive.google.com\/drive\/u\/1\/folders\/1-nLuai6fMVUjsmeyyjxp09kHtZe4RIRc\">model CDA2<\/a>).<\/li>\n<\/ul>\n<ol start=\"3\">\n<li>Mat\u00e8ries que es poden convalidar.<\/li>\n<\/ol>\n<p><a href=\"https:\/\/agora.xtec.cat\/insfortpius\/wp-content\/uploads\/usu2454\/2025\/02\/Screenshot-2025-02-24-at-16-17-28-CUR_Simultaneitat_dansa.pdf.png\"><img loading=\"lazy\" decoding=\"async\" class=\"aligncenter size-full wp-image-4520\" src=\"https:\/\/agora.xtec.cat\/insfortpius\/wp-content\/uploads\/usu2454\/2025\/02\/Screenshot-2025-02-24-at-16-17-28-CUR_Simultaneitat_dansa.pdf.png\" alt=\"\" width=\"787\" height=\"55\" srcset=\"https:\/\/agora.xtec.cat\/insfortpius\/wp-content\/uploads\/usu2454\/2025\/02\/Screenshot-2025-02-24-at-16-17-28-CUR_Simultaneitat_dansa.pdf.png 787w, https:\/\/agora.xtec.cat\/insfortpius\/wp-content\/uploads\/usu2454\/2025\/02\/Screenshot-2025-02-24-at-16-17-28-CUR_Simultaneitat_dansa.pdf-300x21.png 300w, https:\/\/agora.xtec.cat\/insfortpius\/wp-content\/uploads\/usu2454\/2025\/02\/Screenshot-2025-02-24-at-16-17-28-CUR_Simultaneitat_dansa.pdf-768x54.png 768w\" sizes=\"auto, (max-width: 787px) 100vw, 787px\" \/><\/a><a href=\"https:\/\/agora.xtec.cat\/insfortpius\/wp-content\/uploads\/usu2454\/2025\/02\/Screenshot-2025-02-24-at-16-17-39-CUR_Simultaneitat_dansa.pdf.png\"><img loading=\"lazy\" decoding=\"async\" class=\"aligncenter size-full wp-image-4517\" src=\"https:\/\/agora.xtec.cat\/insfortpius\/wp-content\/uploads\/usu2454\/2025\/02\/Screenshot-2025-02-24-at-16-17-39-CUR_Simultaneitat_dansa.pdf.png\" alt=\"\" width=\"786\" height=\"451\" srcset=\"https:\/\/agora.xtec.cat\/insfortpius\/wp-content\/uploads\/usu2454\/2025\/02\/Screenshot-2025-02-24-at-16-17-39-CUR_Simultaneitat_dansa.pdf.png 786w, https:\/\/agora.xtec.cat\/insfortpius\/wp-content\/uploads\/usu2454\/2025\/02\/Screenshot-2025-02-24-at-16-17-39-CUR_Simultaneitat_dansa.pdf-300x172.png 300w, https:\/\/agora.xtec.cat\/insfortpius\/wp-content\/uploads\/usu2454\/2025\/02\/Screenshot-2025-02-24-at-16-17-39-CUR_Simultaneitat_dansa.pdf-768x441.png 768w\" sizes=\"auto, (max-width: 786px) 100vw, 786px\" \/><\/a> <a href=\"https:\/\/agora.xtec.cat\/insfortpius\/wp-content\/uploads\/usu2454\/2025\/02\/Screenshot-2025-02-24-at-16-17-50-CUR_Simultaneitat_dansa.pdf.png\"><img loading=\"lazy\" decoding=\"async\" class=\"aligncenter size-full wp-image-4518\" src=\"https:\/\/agora.xtec.cat\/insfortpius\/wp-content\/uploads\/usu2454\/2025\/02\/Screenshot-2025-02-24-at-16-17-50-CUR_Simultaneitat_dansa.pdf.png\" alt=\"\" width=\"787\" height=\"372\" srcset=\"https:\/\/agora.xtec.cat\/insfortpius\/wp-content\/uploads\/usu2454\/2025\/02\/Screenshot-2025-02-24-at-16-17-50-CUR_Simultaneitat_dansa.pdf.png 787w, https:\/\/agora.xtec.cat\/insfortpius\/wp-content\/uploads\/usu2454\/2025\/02\/Screenshot-2025-02-24-at-16-17-50-CUR_Simultaneitat_dansa.pdf-300x142.png 300w, https:\/\/agora.xtec.cat\/insfortpius\/wp-content\/uploads\/usu2454\/2025\/02\/Screenshot-2025-02-24-at-16-17-50-CUR_Simultaneitat_dansa.pdf-768x363.png 768w\" sizes=\"auto, (max-width: 787px) 100vw, 787px\" \/><\/a> <a href=\"https:\/\/agora.xtec.cat\/insfortpius\/wp-content\/uploads\/usu2454\/2025\/02\/Screenshot-2025-02-24-at-16-18-00-CUR_Simultaneitat_dansa.pdf.png\"><img loading=\"lazy\" decoding=\"async\" class=\"aligncenter size-full wp-image-4519\" src=\"https:\/\/agora.xtec.cat\/insfortpius\/wp-content\/uploads\/usu2454\/2025\/02\/Screenshot-2025-02-24-at-16-18-00-CUR_Simultaneitat_dansa.pdf.png\" alt=\"\" width=\"788\" height=\"483\" srcset=\"https:\/\/agora.xtec.cat\/insfortpius\/wp-content\/uploads\/usu2454\/2025\/02\/Screenshot-2025-02-24-at-16-18-00-CUR_Simultaneitat_dansa.pdf.png 788w, https:\/\/agora.xtec.cat\/insfortpius\/wp-content\/uploads\/usu2454\/2025\/02\/Screenshot-2025-02-24-at-16-18-00-CUR_Simultaneitat_dansa.pdf-300x184.png 300w, https:\/\/agora.xtec.cat\/insfortpius\/wp-content\/uploads\/usu2454\/2025\/02\/Screenshot-2025-02-24-at-16-18-00-CUR_Simultaneitat_dansa.pdf-768x471.png 768w\" sizes=\"auto, (max-width: 788px) 100vw, 788px\" \/><\/a><\/p>\n<p><b>SIMULTANE\u00cfTAT AMB ESTUDIS DE M\u00daSICA<\/b><\/p>\n<ol>\n<li><a href=\"https:\/\/documents.espai.educacio.gencat.cat\/IPCNormativa\/DOIGC\/CUR_Simultaneitat_musica.pdf\"> Normativa<\/a>: Consultar la p\u00e0g. 4 en el cercador de centre (Mapa escolar del web del Departament) per tal de validar el centre formador, que ha de ser un centre amb un curr\u00edculum oficial.<\/li>\n<li>Documentaci\u00f3 que cal presentar durant els dos primers mesos de classe:<\/li>\n<\/ol>\n<ul>\n<li aria-level=\"2\">&#8220;Sol\u00b7licitud de reducci\u00f3 de mat\u00e8ries de l&#8217;educaci\u00f3 secund\u00e0ria obligat\u00f2ria (ESO) per als alumnes que cursen estudis de m\u00fasica en un conservatori o en un centre professional o en una escola de\u00a0 m\u00fasica autoritzada&#8221; (mode<a href=\"https:\/\/drive.google.com\/drive\/u\/1\/folders\/1-nLuai6fMVUjsmeyyjxp09kHtZe4RIRc\">l EMU1<\/a>).<\/li>\n<\/ul>\n<p>I tamb\u00e9<\/p>\n<ul>\n<li aria-level=\"2\">\u00a0&#8220;Certificat expedit pel <b>conservatori o pel centre professiona<\/b>l de m\u00fasica\u00a0 en que\u0300 s&#8217;acredita el curs que fa l&#8217;alumne\/a&#8221; (model <a href=\"https:\/\/drive.google.com\/drive\/u\/1\/folders\/1-nLuai6fMVUjsmeyyjxp09kHtZe4RIRc\">CMU1<\/a>)<\/li>\n<\/ul>\n<p>O b\u00e9<\/p>\n<ul>\n<li aria-level=\"2\">&#8220;Certificat expedit per l&#8217;<b>escola de m\u00fasica autoritzada<\/b> en qu\u00e8 s&#8217;acredita el curs i el nombre d&#8217;hores de dedicaci\u00f3 setmanal que fa l&#8217;alumne\/a per al reconeixement de la mat\u00e8ria d&#8217;Educaci\u00f3 F\u00edsica de l&#8217;ESO i el batxillerat i\/o les optatives de l&#8217;ESO&#8221; (model <a href=\"https:\/\/drive.google.com\/drive\/u\/1\/folders\/1-nLuai6fMVUjsmeyyjxp09kHtZe4RIRc\">CMU2<\/a>).<\/li>\n<\/ul>\n<ol start=\"3\">\n<li>Mat\u00e8ries que es poden convalidar:<\/li>\n<\/ol>\n<p><a href=\"https:\/\/agora.xtec.cat\/insfortpius\/wp-content\/uploads\/usu2454\/2025\/02\/Screenshot-2025-02-24-at-16-11-55-CUR_Simultaneitat_musica.pdf.png\"><img loading=\"lazy\" decoding=\"async\" class=\"aligncenter size-full wp-image-4514\" src=\"https:\/\/agora.xtec.cat\/insfortpius\/wp-content\/uploads\/usu2454\/2025\/02\/Screenshot-2025-02-24-at-16-11-55-CUR_Simultaneitat_musica.pdf.png\" alt=\"\" width=\"789\" height=\"452\" srcset=\"https:\/\/agora.xtec.cat\/insfortpius\/wp-content\/uploads\/usu2454\/2025\/02\/Screenshot-2025-02-24-at-16-11-55-CUR_Simultaneitat_musica.pdf.png 789w, https:\/\/agora.xtec.cat\/insfortpius\/wp-content\/uploads\/usu2454\/2025\/02\/Screenshot-2025-02-24-at-16-11-55-CUR_Simultaneitat_musica.pdf-300x172.png 300w, https:\/\/agora.xtec.cat\/insfortpius\/wp-content\/uploads\/usu2454\/2025\/02\/Screenshot-2025-02-24-at-16-11-55-CUR_Simultaneitat_musica.pdf-768x440.png 768w\" sizes=\"auto, (max-width: 789px) 100vw, 789px\" \/><\/a> <a href=\"https:\/\/agora.xtec.cat\/insfortpius\/wp-content\/uploads\/usu2454\/2025\/02\/Screenshot-2025-02-24-at-16-12-22-CUR_Simultaneitat_musica.pdf.png\"><img loading=\"lazy\" decoding=\"async\" class=\"aligncenter size-full wp-image-4515\" src=\"https:\/\/agora.xtec.cat\/insfortpius\/wp-content\/uploads\/usu2454\/2025\/02\/Screenshot-2025-02-24-at-16-12-22-CUR_Simultaneitat_musica.pdf.png\" alt=\"\" width=\"792\" height=\"32\" srcset=\"https:\/\/agora.xtec.cat\/insfortpius\/wp-content\/uploads\/usu2454\/2025\/02\/Screenshot-2025-02-24-at-16-12-22-CUR_Simultaneitat_musica.pdf.png 792w, https:\/\/agora.xtec.cat\/insfortpius\/wp-content\/uploads\/usu2454\/2025\/02\/Screenshot-2025-02-24-at-16-12-22-CUR_Simultaneitat_musica.pdf-300x12.png 300w, https:\/\/agora.xtec.cat\/insfortpius\/wp-content\/uploads\/usu2454\/2025\/02\/Screenshot-2025-02-24-at-16-12-22-CUR_Simultaneitat_musica.pdf-768x31.png 768w\" sizes=\"auto, (max-width: 792px) 100vw, 792px\" \/><\/a> <a href=\"https:\/\/agora.xtec.cat\/insfortpius\/wp-content\/uploads\/usu2454\/2025\/02\/Screenshot-2025-02-24-at-16-12-36-CUR_Simultaneitat_musica.pdf.png\"><img loading=\"lazy\" decoding=\"async\" class=\"aligncenter size-full wp-image-4516\" src=\"https:\/\/agora.xtec.cat\/insfortpius\/wp-content\/uploads\/usu2454\/2025\/02\/Screenshot-2025-02-24-at-16-12-36-CUR_Simultaneitat_musica.pdf.png\" alt=\"\" width=\"789\" height=\"597\" srcset=\"https:\/\/agora.xtec.cat\/insfortpius\/wp-content\/uploads\/usu2454\/2025\/02\/Screenshot-2025-02-24-at-16-12-36-CUR_Simultaneitat_musica.pdf.png 789w, https:\/\/agora.xtec.cat\/insfortpius\/wp-content\/uploads\/usu2454\/2025\/02\/Screenshot-2025-02-24-at-16-12-36-CUR_Simultaneitat_musica.pdf-300x227.png 300w, https:\/\/agora.xtec.cat\/insfortpius\/wp-content\/uploads\/usu2454\/2025\/02\/Screenshot-2025-02-24-at-16-12-36-CUR_Simultaneitat_musica.pdf-768x581.png 768w, https:\/\/agora.xtec.cat\/insfortpius\/wp-content\/uploads\/usu2454\/2025\/02\/Screenshot-2025-02-24-at-16-12-36-CUR_Simultaneitat_musica.pdf-200x150.png 200w\" sizes=\"auto, (max-width: 789px) 100vw, 789px\" \/><\/a><\/p>\n","protected":false},"excerpt":{"rendered":"<p>SIMULTANE\u00cfTAT AMB ESTUDIS DE M\u00daSICA O DANSA<br \/>\nL&#8217;alumnat que cursa l&#8217;ESO o batxillerat i, simulta\u0300niament, estudis de mu\u0301sica o dansa en conservatoris, centres professionals o escoles autoritzades, pot sol\u00b7licitar la convalidacio\u0301 o el reconeixement de mate\u0300ries en els termes que s&#8217;indiquen la normativa referenciada que s\u2019especifica&hellip;  <a href=\"https:\/\/agora.xtec.cat\/insfortpius\/families\/simultaneitat-amb-estudis-de-musica-o-dansa\/\" title=\"Read Simultane\u00eftat amb estudis de m\u00fasica o dansa\">Llegeix m\u00e9s\u00bb<\/a><\/p>\n","protected":false},"author":1,"featured_media":0,"parent":4279,"menu_order":0,"comment_status":"closed","ping_status":"closed","template":"","meta":{"_bbp_topic_count":0,"_bbp_reply_count":0,"_bbp_total_topic_count":0,"_bbp_total_reply_count":0,"_bbp_voice_count":0,"_bbp_anonymous_reply_count":0,"_bbp_topic_count_hidden":0,"_bbp_reply_count_hidden":0,"_bbp_forum_subforum_count":0,"footnotes":""},"class_list":["post-4535","page","type-page","status-publish","hentry"],"post_mailing_queue_ids":[],"_links":{"self":[{"href":"https:\/\/agora.xtec.cat\/insfortpius\/wp-json\/wp\/v2\/pages\/4535","targetHints":{"allow":["GET"]}}],"collection":[{"href":"https:\/\/agora.xtec.cat\/insfortpius\/wp-json\/wp\/v2\/pages"}],"about":[{"href":"https:\/\/agora.xtec.cat\/insfortpius\/wp-json\/wp\/v2\/types\/page"}],"author":[{"embeddable":true,"href":"https:\/\/agora.xtec.cat\/insfortpius\/wp-json\/wp\/v2\/users\/1"}],"replies":[{"embeddable":true,"href":"https:\/\/agora.xtec.cat\/insfortpius\/wp-json\/wp\/v2\/comments?post=4535"}],"version-history":[{"count":1,"href":"https:\/\/agora.xtec.cat\/insfortpius\/wp-json\/wp\/v2\/pages\/4535\/revisions"}],"predecessor-version":[{"id":4536,"href":"https:\/\/agora.xtec.cat\/insfortpius\/wp-json\/wp\/v2\/pages\/4535\/revisions\/4536"}],"up":[{"embeddable":true,"href":"https:\/\/agora.xtec.cat\/insfortpius\/wp-json\/wp\/v2\/pages\/4279"}],"wp:attachment":[{"href":"https:\/\/agora.xtec.cat\/insfortpius\/wp-json\/wp\/v2\/media?parent=4535"}],"curies":[{"name":"wp","href":"https:\/\/api.w.org\/{rel}","templated":true}]}}