{"id":1439,"date":"2021-10-14T00:01:49","date_gmt":"2021-10-13T22:01:49","guid":{"rendered":"https:\/\/agora.xtec.cat\/inseugenixammar\/?page_id=1439"},"modified":"2024-07-12T21:10:10","modified_gmt":"2024-07-12T19:10:10","slug":"objectius","status":"publish","type":"page","link":"https:\/\/agora.xtec.cat\/inseugenixammar\/estrategia-digital-de-centre-edc\/part-estrategica\/objectius\/","title":{"rendered":"Objectius"},"content":{"rendered":"<section id=\"h.1906351bdfe79e74_258\" class=\"yaqOZd\">\n<div class=\"mYVXT\">\n<div class=\"LS81yb VICjCf\" tabindex=\"-1\">\n<div class=\"hJDwNd-AhqUyc-qWD73c purZT-AhqUyc-II5mzb pSzOP-AhqUyc-qWD73c JNdkSc\">\n<div class=\"JNdkSc-SmKAyb\">\n<div class=\"\">\n<div class=\"oKdM2c Kzv0Me\">\n<div id=\"h.1906351bdfe79e74_255\" class=\"hJDwNd-AhqUyc-qWD73c jXK9ad D2fZ2 OjCsFc wHaque GNzUNc\">\n<div class=\"jXK9ad-SmKAyb\">\n<div class=\"tyJCtd mGzaTb baZpAe\">\n<p class=\"CDt4Ke zfr3Q\" dir=\"ltr\">Tal i com es reflecteix en el projecte educatiu de centre (PEC), volem ser un centre actiu, emprenedor, amb visi\u00f3 de futur i aconseguir la millora constant del rendiment acad\u00e8mic del nostre alumnat.<\/p>\n<p dir=\"ltr\">Volem fer \u00fas habitual de les TIC, impulsar les lleng\u00fces estrangeres i promocionar les habilitats socials i els treball cooperatiu. Volem donar resposta a les diferents necessitats de tots els agents implicats: alumnat, fam\u00edlies i organitzacions de l&#8217;entorn.<\/p>\n<p dir=\"ltr\">A partir d&#8217;aquesta visi\u00f3, dels objectius del PED, dels del projecte de direcci\u00f3 i de la diagnosi que s&#8217;ha realitzat, s&#8217;ha establert la seg\u00fcent llista d&#8217;objectius amb la temporitzaci\u00f3 indicada.<\/p>\n<\/div>\n<\/div>\n<\/div>\n<\/div>\n<\/div>\n<\/div>\n<\/div>\n<\/div>\n<\/div>\n<\/section>\n<section id=\"h.1906351bdfe79e74_270\" class=\"yaqOZd\">\n<div><\/div>\n<div class=\"mYVXT\">\n<div class=\"LS81yb VICjCf\" tabindex=\"-1\">\n<div class=\"hJDwNd-AhqUyc-qWD73c purZT-AhqUyc-II5mzb pSzOP-AhqUyc-qWD73c JNdkSc\">\n<div class=\"JNdkSc-SmKAyb\">\n<div class=\"\">\n<div class=\"oKdM2c Kzv0Me\">\n<div id=\"h.1906351bdfe79e74_267\" class=\"hJDwNd-AhqUyc-qWD73c jXK9ad D2fZ2 OjCsFc wHaque GNzUNc\">\n<div class=\"jXK9ad-SmKAyb\">\n<div class=\"tyJCtd mGzaTb baZpAe\"><\/div>\n<\/div>\n<\/div>\n<\/div>\n<\/div>\n<\/div>\n<\/div>\n<\/div>\n<\/div>\n<\/section>\n<div><iframe loading=\"lazy\" src=\"https:\/\/docs.google.com\/spreadsheets\/d\/e\/2PACX-1vRZc46xezZCwjtR3onpNjTbEVwylG5Lj9OynSnSRn7tGzZjm6xWBEMcIG3FvTzVaH5RX4TouKYtmf7d\/pubhtml?gid=798410274&amp;single=true&amp;widget=true&amp;headers=false\" width=\"110%\" height=\"900\"><span data-mce-type=\"bookmark\" style=\"display: inline-block; width: 0px; overflow: hidden; line-height: 0;\" class=\"mce_SELRES_start\">\ufeff<\/span><\/iframe><\/div>\n<div><\/div>\n","protected":false},"excerpt":{"rendered":"<p>Tal i com es reflecteix en el projecte educatiu de centre (PEC), volem ser un centre actiu, emprenedor, amb visi\u00f3 de futur i aconseguir la millora constant del rendiment acad\u00e8mic del nostre alumnat.<br \/>\nVolem fer \u00fas habitual de les TIC, impulsar les lleng\u00fces estrangeres i promocionar&hellip;  <a href=\"https:\/\/agora.xtec.cat\/inseugenixammar\/estrategia-digital-de-centre-edc\/part-estrategica\/objectius\/\" title=\"Read Objectius\">Llegeix m\u00e9s\u00bb<\/a><\/p>\n","protected":false},"author":1,"featured_media":0,"parent":1592,"menu_order":20,"comment_status":"closed","ping_status":"closed","template":"page-templates\/side-menu.php","meta":{"_bbp_topic_count":0,"_bbp_reply_count":0,"_bbp_total_topic_count":0,"_bbp_total_reply_count":0,"_bbp_voice_count":0,"_bbp_anonymous_reply_count":0,"_bbp_topic_count_hidden":0,"_bbp_reply_count_hidden":0,"_bbp_forum_subforum_count":0,"footnotes":""},"class_list":["post-1439","page","type-page","status-publish","hentry"],"post_mailing_queue_ids":[],"_links":{"self":[{"href":"https:\/\/agora.xtec.cat\/inseugenixammar\/wp-json\/wp\/v2\/pages\/1439","targetHints":{"allow":["GET"]}}],"collection":[{"href":"https:\/\/agora.xtec.cat\/inseugenixammar\/wp-json\/wp\/v2\/pages"}],"about":[{"href":"https:\/\/agora.xtec.cat\/inseugenixammar\/wp-json\/wp\/v2\/types\/page"}],"author":[{"embeddable":true,"href":"https:\/\/agora.xtec.cat\/inseugenixammar\/wp-json\/wp\/v2\/users\/1"}],"replies":[{"embeddable":true,"href":"https:\/\/agora.xtec.cat\/inseugenixammar\/wp-json\/wp\/v2\/comments?post=1439"}],"version-history":[{"count":6,"href":"https:\/\/agora.xtec.cat\/inseugenixammar\/wp-json\/wp\/v2\/pages\/1439\/revisions"}],"predecessor-version":[{"id":3327,"href":"https:\/\/agora.xtec.cat\/inseugenixammar\/wp-json\/wp\/v2\/pages\/1439\/revisions\/3327"}],"up":[{"embeddable":true,"href":"https:\/\/agora.xtec.cat\/inseugenixammar\/wp-json\/wp\/v2\/pages\/1592"}],"wp:attachment":[{"href":"https:\/\/agora.xtec.cat\/inseugenixammar\/wp-json\/wp\/v2\/media?parent=1439"}],"curies":[{"name":"wp","href":"https:\/\/api.w.org\/{rel}","templated":true}]}}