{"id":22,"date":"2014-09-18T12:19:57","date_gmt":"2014-09-18T11:19:57","guid":{"rendered":"http:\/\/agora.xtec.cat\/insesturo-roquetes\/?page_id=22"},"modified":"2019-05-15T15:25:15","modified_gmt":"2019-05-15T13:25:15","slug":"elcentre","status":"publish","type":"page","link":"https:\/\/agora.xtec.cat\/insesturo-roquetes\/elcentre\/","title":{"rendered":"El Centre"},"content":{"rendered":"<h2><span style=\"color: #008000; font-family: 'comic sans ms', sans-serif;\">Institut escola Tur\u00f3 de Roquetes<\/span><\/h2>\n<p>L\u2019institut escola Tur\u00f3 de Roquetes \u00e9s un centre de nova creaci\u00f3 des de l\u20191 de juliol de 2011, fru\u00eft de la integraci\u00f3 de dues escoles de prim\u00e0ria del barri\u00a0 de Roquetes: l\u2019escola Gaud\u00ed i l\u2019escola Sant Antoni Maria Claret, amb una part de la comunitat educativa d\u2019un institut de secund\u00e0ria: l\u2019institut Collserola.<\/p>\n<p>Aquest nou centre va agrupar les comunitats educatives dels tres centres, i permet la formaci\u00f3 de l\u2019alumnat en el mateix centre, des de P3 (3 anys) fins a 4t d\u2019ESO (16 anys).<\/p>\n<p>Estructuralment, el Centre est\u00e0 situat en dos edificis separats. En l\u2019edifici situat al carrer Alc\u00e0ntara 22-36 es localitza la comunitat d\u2019infantil i prim\u00e0ria, i en l\u2019edifici situat al carrer Artesania 81, es localitza la comunitat educativa de secund\u00e0ria.<\/p>\n<p class=\"Normal1\" style=\"line-height: 200%;\">Les accions a desenvolupar per a assolir els diferents objectius s\u2019han de plantejar necess\u00e0riament tenint en compte la realitat del centre. Una realitat coneguda i analitzada cr\u00edticament per a arribar a un horitz\u00f3 projectat, on cal tenir en compte els diferents aspectes i elements que la conformen: alumnat, professorat i PAS, considerant etapes i nivells educatius, recursos i infraestructures.<\/p>\n<p class=\"Normal1\" style=\"line-height: 200%;\">Som un centre que va comen\u00e7ar com a projecte singular i, de fet, encara ho \u00e9s, tot i que el model de centre s\u2019est\u00e0 estenent poc a poc pel territori.<\/p>\n","protected":false},"excerpt":{"rendered":"<p>Institut escola Tur\u00f3 de Roquetes L\u2019institut escola Tur\u00f3 de Roquetes \u00e9s un centre de nova creaci\u00f3 des de l\u20191 de juliol de 2011, fru\u00eft de la integraci\u00f3 de dues escoles de prim\u00e0ria del barri\u00a0 de Roquetes: l\u2019escola Gaud\u00ed i l\u2019escola Sant Antoni Maria Claret, amb una part de la comunitat educativa d\u2019un institut de secund\u00e0ria: [&hellip;]<\/p>\n","protected":false},"author":2,"featured_media":0,"parent":0,"menu_order":0,"comment_status":"closed","ping_status":"closed","template":"page-templates\/side-menu.php","meta":{"_bbp_topic_count":0,"_bbp_reply_count":0,"_bbp_total_topic_count":0,"_bbp_total_reply_count":0,"_bbp_voice_count":0,"_bbp_anonymous_reply_count":0,"_bbp_topic_count_hidden":0,"_bbp_reply_count_hidden":0,"_bbp_forum_subforum_count":0,"site-sidebar-layout":"default","site-content-layout":"","ast-site-content-layout":"","site-content-style":"default","site-sidebar-style":"default","ast-global-header-display":"","ast-banner-title-visibility":"","ast-main-header-display":"","ast-hfb-above-header-display":"","ast-hfb-below-header-display":"","ast-hfb-mobile-header-display":"","site-post-title":"","ast-breadcrumbs-content":"","ast-featured-img":"","footer-sml-layout":"","theme-transparent-header-meta":"","adv-header-id-meta":"","stick-header-meta":"","header-above-stick-meta":"","header-main-stick-meta":"","header-below-stick-meta":"","astra-migrate-meta-layouts":"default","ast-page-background-enabled":"default","ast-page-background-meta":{"desktop":{"background-color":"var(--ast-global-color-4)","background-image":"","background-repeat":"repeat","background-position":"center center","background-size":"auto","background-attachment":"scroll","background-type":"","background-media":"","overlay-type":"","overlay-color":"","overlay-opacity":"","overlay-gradient":""},"tablet":{"background-color":"","background-image":"","background-repeat":"repeat","background-position":"center center","background-size":"auto","background-attachment":"scroll","background-type":"","background-media":"","overlay-type":"","overlay-color":"","overlay-opacity":"","overlay-gradient":""},"mobile":{"background-color":"","background-image":"","background-repeat":"repeat","background-position":"center center","background-size":"auto","background-attachment":"scroll","background-type":"","background-media":"","overlay-type":"","overlay-color":"","overlay-opacity":"","overlay-gradient":""}},"ast-content-background-meta":{"desktop":{"background-color":"var(--ast-global-color-5)","background-image":"","background-repeat":"repeat","background-position":"center center","background-size":"auto","background-attachment":"scroll","background-type":"","background-media":"","overlay-type":"","overlay-color":"","overlay-opacity":"","overlay-gradient":""},"tablet":{"background-color":"var(--ast-global-color-5)","background-image":"","background-repeat":"repeat","background-position":"center center","background-size":"auto","background-attachment":"scroll","background-type":"","background-media":"","overlay-type":"","overlay-color":"","overlay-opacity":"","overlay-gradient":""},"mobile":{"background-color":"var(--ast-global-color-5)","background-image":"","background-repeat":"repeat","background-position":"center center","background-size":"auto","background-attachment":"scroll","background-type":"","background-media":"","overlay-type":"","overlay-color":"","overlay-opacity":"","overlay-gradient":""}},"footnotes":""},"class_list":["post-22","page","type-page","status-publish","hentry"],"post_mailing_queue_ids":[],"_links":{"self":[{"href":"https:\/\/agora.xtec.cat\/insesturo-roquetes\/wp-json\/wp\/v2\/pages\/22","targetHints":{"allow":["GET"]}}],"collection":[{"href":"https:\/\/agora.xtec.cat\/insesturo-roquetes\/wp-json\/wp\/v2\/pages"}],"about":[{"href":"https:\/\/agora.xtec.cat\/insesturo-roquetes\/wp-json\/wp\/v2\/types\/page"}],"author":[{"embeddable":true,"href":"https:\/\/agora.xtec.cat\/insesturo-roquetes\/wp-json\/wp\/v2\/users\/2"}],"replies":[{"embeddable":true,"href":"https:\/\/agora.xtec.cat\/insesturo-roquetes\/wp-json\/wp\/v2\/comments?post=22"}],"version-history":[{"count":3,"href":"https:\/\/agora.xtec.cat\/insesturo-roquetes\/wp-json\/wp\/v2\/pages\/22\/revisions"}],"predecessor-version":[{"id":3195,"href":"https:\/\/agora.xtec.cat\/insesturo-roquetes\/wp-json\/wp\/v2\/pages\/22\/revisions\/3195"}],"wp:attachment":[{"href":"https:\/\/agora.xtec.cat\/insesturo-roquetes\/wp-json\/wp\/v2\/media?parent=22"}],"curies":[{"name":"wp","href":"https:\/\/api.w.org\/{rel}","templated":true}]}}