{"id":5284,"date":"2021-01-24T16:54:34","date_gmt":"2021-01-24T15:54:34","guid":{"rendered":"http:\/\/agora.xtec.cat\/inselstresturons\/?page_id=5284"},"modified":"2026-04-08T09:37:37","modified_gmt":"2026-04-08T07:37:37","slug":"preinscripcio-batxillerat","status":"publish","type":"page","link":"https:\/\/agora.xtec.cat\/inselstresturons\/secretaria-2\/preinscripcio-i-matricula\/preinscripcio-batxillerat\/","title":{"rendered":"Preinscripci\u00f3 Batxillerat"},"content":{"rendered":"<h3 style=\"text-align: justify; padding-left: 40px;\">PER AL CURS 2026-2027<\/h3>\n<p><strong>Presentaci\u00f3 de sol\u00b7licituds<\/strong>: del 9 al 16 d&#8217;abril de 2026.<span style=\"font-family: inherit; font-size: 1em;\"> Presentaci\u00f3 de documentaci\u00f3 fins al 17 d&#8217;abril.<\/span><\/p>\n<p>Per consultar el calendari complet:\u00a0<a style=\"color: #2795b6;\" href=\"https:\/\/preinscripcio.gencat.cat\/ca\/estudis\/batxillerat\/informat\/calendari\/\">web de la Generalitat.<\/a><\/p>\n<p>Enlla\u00e7 per fer la <a href=\"https:\/\/preinscripcio.gencat.cat\/ca\/estudis\/batxillerat\/preinscriute\/\">preinscripci\u00f3.<\/a><\/p>\n<p style=\"font-family: 'Helvetica Neue', Helvetica, Helvetica, Arial, sans-serif; font-size: 16px;\">Si necessiteu ajut en el proc\u00e9s de preinscripci\u00f3 podeu trucar al tel\u00e8fon 937959603 per fer atenci\u00f3 telef\u00f2nica.<\/p>\n<h3><span style=\"font-size: 16px; font-weight: 400;\">SI ES CONTINUA AL MATEIX CENTRE EDUCATIU NO CAL FER LA PREINSCRIPCI\u00d3, NOM\u00c9S CALDR\u00c0 FER LA MATR\u00cdCULA.<\/span><\/h3>\n<p><strong>Consulteu l&#8217;oferta de places <\/strong><strong>al\u00a0<a href=\"http:\/\/mapaescolar.gencat.cat\/\">mapa escolar<\/a>.<\/strong><strong style=\"font-family: inherit; font-size: 1em;\">\u00a0<\/strong><\/p>\n<p><strong>Preguntes freq\u00fcents<\/strong><\/p>\n<ul>\n<li><a href=\"https:\/\/www.youtube.com\/watch?v=5DvAVUSNLCQ\" target=\"_blank\" rel=\"noopener\" data-saferedirecturl=\"https:\/\/www.google.com\/url?q=https:\/\/www.youtube.com\/watch?v%3D5DvAVUSNLCQ&amp;source=gmail&amp;ust=1646150410935000&amp;usg=AOvVaw0-EP09_u8CCVlXfWI0shqC\">Com has de fer la preinscripci\u00f3 escolar en l\u00ednia?<\/a><\/li>\n<li><a href=\"https:\/\/www.youtube.com\/watch?v=NF__CTwHy3Y\" target=\"_blank\" rel=\"noopener\" data-saferedirecturl=\"https:\/\/www.google.com\/url?q=https:\/\/www.youtube.com\/watch?v%3DNF__CTwHy3Y&amp;source=gmail&amp;ust=1646150410935000&amp;usg=AOvVaw05_OjyIAlXfXQM2MSmvCn6\">Saps con digitalitzar documents per als tr\u00e0mits en l\u00ednia?<\/a><\/li>\n<li><a href=\"https:\/\/triaeducativa.gencat.cat\/ca\/inici\">Tria educativa. Quins estudis postobligatoris hi ha?\u00a0<\/a><\/li>\n<\/ul>\n<p><strong style=\"font-family: inherit; font-size: 1em;\">Consulteu els resultats de la preinscripci\u00f3 a la <a href=\"https:\/\/preinscripcio.gencat.cat\/ca\/inici\/index.html\">p\u00e0gina oficial<\/a> o b\u00e9 a les llistes de la cartellera del centre.<\/strong><\/p>\n<ul>\n<li><a href=\"https:\/\/agora.xtec.cat\/inselstresturons\/wp-content\/uploads\/usu1101\/2026\/04\/INFORME_OFERTA_OME_INFORME_OFERTA-3.pdf\">Consulta l&#8217;oferta de places<\/a> a 8\/04\/2026<\/li>\n<li>Consulta la llista de sol\u00b7licituds amb la puntuaci\u00f3 provisional a 14\/05\/2025. Del 14 al 20 de maig, presentaci\u00f3 de reclamacions.<\/li>\n<li>Consulta la llista de sol\u00b7licituds amb la puntuaci\u00f3 un cop resoltes les reclamacions a 26\/05\/2025. Sorteig de desempat: 26 de maig.<\/li>\n<li>Consulta la llista ordenada a 29\/05\/2025<\/li>\n<li>Consulta la llista d&#8217;alumnes admesos a 17\/06\/2025<\/li>\n<li>Consulta la llista d&#8217;espera a 17\/06\/2025<\/li>\n<\/ul>\n","protected":false},"excerpt":{"rendered":"<p>PER AL CURS 2026-2027<br \/>\nPresentaci\u00f3 de sol\u00b7licituds: del 9 al 16 d&#8217;abril de 2026. Presentaci\u00f3 de documentaci\u00f3 fins al 17 d&#8217;abril.<br \/>\nPer consultar el calendari complet:\u00a0<a style=\"color: #2795b6;\" href=\"https:\/\/preinscripcio.gencat.cat\/ca\/estudis\/batxillerat\/informat\/calendari\/\">web de la Generalitat.<\/a><br \/>\nEnlla\u00e7 per fer la <a href=\"https:\/\/preinscripcio.gencat.cat\/ca\/estudis\/batxillerat\/preinscriute\/\">preinscripci\u00f3.<\/a><br \/>\nSi necessiteu ajut en el proc\u00e9s de preinscripci\u00f3 podeu trucar al&hellip;  <a href=\"https:\/\/agora.xtec.cat\/inselstresturons\/secretaria-2\/preinscripcio-i-matricula\/preinscripcio-batxillerat\/\" title=\"Read Preinscripci\u00f3 Batxillerat\">Llegeix m\u00e9s\u00bb<\/a><\/p>\n","protected":false},"author":1,"featured_media":0,"parent":499,"menu_order":2,"comment_status":"closed","ping_status":"closed","template":"page-templates\/side-menu.php","meta":{"_bbp_topic_count":0,"_bbp_reply_count":0,"_bbp_total_topic_count":0,"_bbp_total_reply_count":0,"_bbp_voice_count":0,"_bbp_anonymous_reply_count":0,"_bbp_topic_count_hidden":0,"_bbp_reply_count_hidden":0,"_bbp_forum_subforum_count":0,"footnotes":""},"class_list":["post-5284","page","type-page","status-publish","hentry"],"post_mailing_queue_ids":[],"_links":{"self":[{"href":"https:\/\/agora.xtec.cat\/inselstresturons\/wp-json\/wp\/v2\/pages\/5284","targetHints":{"allow":["GET"]}}],"collection":[{"href":"https:\/\/agora.xtec.cat\/inselstresturons\/wp-json\/wp\/v2\/pages"}],"about":[{"href":"https:\/\/agora.xtec.cat\/inselstresturons\/wp-json\/wp\/v2\/types\/page"}],"author":[{"embeddable":true,"href":"https:\/\/agora.xtec.cat\/inselstresturons\/wp-json\/wp\/v2\/users\/1"}],"replies":[{"embeddable":true,"href":"https:\/\/agora.xtec.cat\/inselstresturons\/wp-json\/wp\/v2\/comments?post=5284"}],"version-history":[{"count":7,"href":"https:\/\/agora.xtec.cat\/inselstresturons\/wp-json\/wp\/v2\/pages\/5284\/revisions"}],"predecessor-version":[{"id":12655,"href":"https:\/\/agora.xtec.cat\/inselstresturons\/wp-json\/wp\/v2\/pages\/5284\/revisions\/12655"}],"up":[{"embeddable":true,"href":"https:\/\/agora.xtec.cat\/inselstresturons\/wp-json\/wp\/v2\/pages\/499"}],"wp:attachment":[{"href":"https:\/\/agora.xtec.cat\/inselstresturons\/wp-json\/wp\/v2\/media?parent=5284"}],"curies":[{"name":"wp","href":"https:\/\/api.w.org\/{rel}","templated":true}]}}