{"id":11699,"date":"2025-05-14T18:23:32","date_gmt":"2025-05-14T16:23:32","guid":{"rendered":"https:\/\/agora.xtec.cat\/inselstresturons\/?page_id=11699"},"modified":"2026-09-02T08:20:26","modified_gmt":"2026-09-02T06:20:26","slug":"matricula-cfgs","status":"publish","type":"page","link":"https:\/\/agora.xtec.cat\/inselstresturons\/secretaria-2\/preinscripcio-i-matricula\/matricula-cfgs\/","title":{"rendered":"Matr\u00edcula de CFGS"},"content":{"rendered":"\n<p><strong>PER AL CURS 2026-2027<\/strong><\/p>\n\n\n\n<p><strong>TORN EN L\u00cdNIA (SETEMBRE)<\/strong><\/p>\n<div>\n<p>El \u00a0<a href=\"https:\/\/aplicacions.gestioeducativa.gencat.cat\/ords\/pls\/apex\/f?p=20160079072543618:650:::NO:650:P650_CENTRE:279FAC2BAF61F115BAE73902B616E78BE5802E64B3370B63\" target=\"_blank\" rel=\"noopener\" data-saferedirecturl=\"https:\/\/www.google.com\/url?q=https:\/\/aplicacions.gestioeducativa.gencat.cat\/ords\/pls\/apex\/f?p%3D20160079072543618:650:::NO:650:P650_CENTRE:279FAC2BAF61F115BAE73902B616E78BE5802E64B3370B63&amp;source=gmail&amp;ust=1788415390824000&amp;usg=AOvVaw2DTAod9z6xgJvFz6Pj1mJK\">Torn en l\u00ednia\u00a0<\/a>\u00e9s una opci\u00f3\u00a0al m\u00f2dul d\u2019admissi\u00f3 de GEDAC que\u00a0permet, als\u00a0<strong>centres\u00a0de formaci\u00f3 professional,<\/strong>\u00a0<b>gestionar una cua virtual en la fase de gesti\u00f3 de places vacants.<\/b><\/p>\n<p><span lang=\"CA-ES\">La cua virtual \u00e9s una eina\u202f<\/span><span lang=\"CA-ES\"><strong>d\u2019\u00fas\u00a0<\/strong><strong>obligatori\u00a0<\/strong><\/span><span lang=\"CA-ES\"><strong>que cal publicar al web del centre<\/strong><\/span><span lang=\"CA-ES\">. \u00c9s \u00fanica per a cada centre educatiu i per a cada tipus d\u2019ensenyament (grau mitj\u00e0 i grau superior),<\/span><span lang=\"CA-ES\">\u00a0\u00e9s a dir, no es creen cues diferenciades per a cada cicle formatiu.\u00a0<\/span><\/p>\n<p><span lang=\"CA-ES\">Les\u00a0<\/span><span lang=\"CA-ES\">persones<\/span><span lang=\"CA-ES\">\u00a0interessades seran\u00a0<\/span><span lang=\"CA-ES\">ateses<\/span><span lang=\"CA-ES\">\u00a0seguint\u00a0<\/span><span lang=\"CA-ES\">estrictam<wbr \/>ent l\u2019ordre cronol\u00f2gic<\/span><span lang=\"CA-ES\">\u00a0d\u2019inscripci\u00f3 a la cua virtual del centre.<\/span>\u00a0<\/p>\n<p><strong>Gesti\u00f3 de la cua virtual<\/strong><\/p>\n<div>\n<ul>\n<li>\n<p><span lang=\"CA-ES\">L\u2019alumnat es pot inscriure, simult\u00e0niament, a la cua virtual de qualsevol centre que disposi de vacants. En aquesta fase no se sol\u00b7licita pla\u00e7a per a un cicle formatiu concret, sin\u00f3 que la inscripci\u00f3 es fa a nivell de centre.<\/span>\u00a0<\/p>\n<\/li>\n<li>\n<p><span lang=\"CA-ES\">Cada centre disposa d\u2019un llistat ordenat, segons la data i l\u2019hora d\u2019inscripci\u00f3, que inclou les dades b\u00e0siques de contacte de les persones inscrites. A partir d\u2019aquest llistat, el\u00a0<\/span><span lang=\"CA-ES\">centre contacta directament amb l\u2019alumnat i l\u2019at\u00e9n d\u2019acord amb l\u2019ordre establert a la cua<\/span><span lang=\"CA-ES\">.<\/span>\u00a0<\/p>\n<\/li>\n<li>\n<p><span lang=\"CA-ES\">Cal tenir present que la\u00a0<\/span><span lang=\"CA-ES\">posici\u00f3 a la cua determina \u00fanicament l\u2019ordre d\u2019atenci\u00f3 i no garanteix l\u2019obtenci\u00f3 d\u2019una pla\u00e7a determinada<\/span><span lang=\"CA-ES\">. At\u00e8s que la cua \u00e9s pr\u00f2pia del centre i no d\u2019un cicle formatiu espec\u00edfic, l\u2019adjudicaci\u00f3 final dependr\u00e0 tant de les vacants disponibles en cada cicle en el moment de l\u2019atenci\u00f3 com de les opcions escollides per les persones que hagin estat ateses amb anterioritat.<\/span>\u00a0<\/p>\n<\/li>\n<\/ul>\n<\/div>\n<\/div>\n<div>\n<div class=\"gmail_signature\" dir=\"ltr\" data-smartmail=\"gmail_signature\">\n<div dir=\"ltr\">\n<div>Acc\u00e9s:\u00a0<a href=\"https:\/\/aplicacions.gestioeducativa.gencat.cat\/ords\/pls\/apex\/f?p=20160079072543618:650:::NO:650:P650_CENTRE:279FAC2BAF61F115BAE73902B616E78BE5802E64B3370B63\" target=\"_blank\" rel=\"noopener\" data-saferedirecturl=\"https:\/\/www.google.com\/url?q=https:\/\/aplicacions.gestioeducativa.gencat.cat\/ords\/pls\/apex\/f?p%3D20160079072543618:650:::NO:650:P650_CENTRE:279FAC2BAF61F115BAE73902B616E78BE5802E64B3370B63&amp;source=gmail&amp;ust=1788415390824000&amp;usg=AOvVaw2DTAod9z6xgJvFz6Pj1mJK\">Torn en l\u00ednia<\/a><\/div>\n<div>\u00a0<\/div>\n<\/div>\n<\/div>\n<\/div>\n\n\n\n<div>\n<div class=\"quoted-text\">\n<div><b>MOLT IMPORTANT. DATES I PROCEDIMENTS\u00a0 CLAU:<\/b><\/div>\n<div>\u00a0<\/div>\n<\/div>\n<div>\n<p><strong>1a tanda: <\/strong><\/p>\n<ul>\n<li>Llista de places assignades a la 1a tanda a<span style=\"font-size: 1.4375em;\">\u00a0<\/span><strong>10\/07\/2025<\/strong><\/li>\n<li>CONFIRMACI\u00d3 \/ MILLORA L&#8217;ASSIGNACI\u00d3 \/ REN\u00daNCIA, <strong>de l\u201910 al 14 de juliol\u00a0<\/strong><\/li>\n<li>Matriculaci\u00f3 de places confirmades a la 1a tanda, <strong>de l&#8217;10 al 14 de juliol<\/strong><\/li>\n<li>Hi ha obert el termini per enviar tota la documentaci\u00f3 de matr\u00edcula al centre (<a href=\"mailto:secretaria@elstresturons.cat\" target=\"_blank\" rel=\"noopener\">secretaria@elstresturons.cat<\/a>) <strong>fins al 16 de juliol<\/strong><\/li>\n<\/ul>\n<p><strong>2a tanda:<\/strong><\/p>\n<ul>\n<li>Llista de places assignades a la 2a tanda a <strong>24\/07\/2025<\/strong><\/li>\n<li>CONFIRMACI\u00d3 \/ REN\u00daNCIA de pla\u00e7a obtinguda a la 2a tanda, <strong>del 24 al 28 de juliol<\/strong><\/li>\n<li>Matriculaci\u00f3 de places confirmades a la 2a tanda, <strong>del 24 al 28 de juliol<\/strong><span style=\"font-family: inherit; font-size: 1em; font-weight: bold;\">\u00a0<\/span><\/li>\n<li>Hi ha obert el termini per enviar tota la documentaci\u00f3 de matr\u00edcula al centre (<a href=\"mailto:secretaria@elstresturons.cat\" target=\"_blank\" rel=\"noopener\">secretaria@elstresturons.cat<\/a>) <strong>fins al 3 de setembre<\/strong><\/li>\n<\/ul>\n<p><strong>DOCUMENTS DE MATR\u00cdCULA:<\/strong><\/p>\n<ul>\n<li style=\"list-style-type: none;\">\n<ul>\n<li><a href=\"https:\/\/agora.xtec.cat\/inselstresturons\/wp-content\/uploads\/usu1101\/2026\/07\/MATRICULA-DE-CICLES-2a.pdf\">Dossier de dades de matr\u00edcula<\/a> (<i>Nom\u00e9s s\u2019acceptaran els dossiers de matr\u00edcula degudament emplenats en format digital. No s\u2019admetran dossiers amb els camps emplenats a m\u00e0.)<\/i><\/li>\n<li>DNI de l\u2019alumne\/a (en cas dels alumnes menors d&#8217;edat, tamb\u00e9 el DNI dels pares)<\/li>\n<li>Llibre de fam\u00edlia o altres documents relatius a la filiaci\u00f3 (nom\u00e9s menors d&#8217;edat)<\/li>\n<li>TSI (targeta sanit\u00e0ria individual) de l\u2019alumne\/a<\/li>\n<li>Si escau, el carnet o t\u00edtol acreditatiu de fam\u00edlia nombrosa, de fam\u00edlia monoparental o el certificat acreditatiu de discapacitat.<\/li>\n<\/ul>\n<\/li>\n<\/ul>\n<p><strong>QUOTA MATR\u00cdCULA OFICIAL:<\/strong><\/p>\n<ul style=\"list-style-type: circle;\">\n<li><a href=\"https:\/\/agora.xtec.cat\/inselstresturons\/wp-content\/uploads\/usu1101\/2026\/07\/Administracio-i-finances_Quota-i-termini-pagament-preu-public.pdf\">Preu i termini de pagament<\/a><\/li>\n<\/ul>\n<\/div>\n<\/div>\n\n\n\n<p>Enlla\u00e7 d\u2019informaci\u00f3 sobre <a href=\"https:\/\/preinscripcio.gencat.cat\/ca\/estudis\/fp-grau-superior\/matriculat\/\">com formalitzar la matr\u00edcula.<\/a><\/p>\n","protected":false},"excerpt":{"rendered":"<p>PER AL CURS 2026-2027 TORN EN L\u00cdNIA (SETEMBRE) El \u00a0Torn en l\u00ednia\u00a0\u00e9s una opci\u00f3\u00a0al m\u00f2dul d\u2019admissi\u00f3 de GEDAC que\u00a0permet, als\u00a0centres\u00a0de formaci\u00f3 professional,\u00a0gestionar una cua virtual en la fase de gesti\u00f3 de places vacants. La cua virtual \u00e9s una eina\u202fd\u2019\u00fas\u00a0obligatori\u00a0que cal publicar al web del centre. \u00c9s \u00fanica per a cada centre educatiu i per a [&hellip;]<\/p>\n","protected":false},"author":1,"featured_media":0,"parent":499,"menu_order":9,"comment_status":"closed","ping_status":"closed","template":"","meta":{"_bbp_topic_count":0,"_bbp_reply_count":0,"_bbp_total_topic_count":0,"_bbp_total_reply_count":0,"_bbp_voice_count":0,"_bbp_anonymous_reply_count":0,"_bbp_topic_count_hidden":0,"_bbp_reply_count_hidden":0,"_bbp_forum_subforum_count":0,"site-sidebar-layout":"default","site-content-layout":"","ast-site-content-layout":"default","site-content-style":"default","site-sidebar-style":"default","ast-global-header-display":"","ast-banner-title-visibility":"","ast-main-header-display":"","ast-hfb-above-header-display":"","ast-hfb-below-header-display":"","ast-hfb-mobile-header-display":"","site-post-title":"","ast-breadcrumbs-content":"","ast-featured-img":"","footer-sml-layout":"","theme-transparent-header-meta":"","adv-header-id-meta":"","stick-header-meta":"","header-above-stick-meta":"","header-main-stick-meta":"","header-below-stick-meta":"","astra-migrate-meta-layouts":"set","ast-page-background-enabled":"default","ast-page-background-meta":{"desktop":{"background-color":"var(--ast-global-color-4)","background-image":"","background-repeat":"repeat","background-position":"center center","background-size":"auto","background-attachment":"scroll","background-type":"","background-media":"","overlay-type":"","overlay-color":"","overlay-opacity":"","overlay-gradient":""},"tablet":{"background-color":"","background-image":"","background-repeat":"repeat","background-position":"center center","background-size":"auto","background-attachment":"scroll","background-type":"","background-media":"","overlay-type":"","overlay-color":"","overlay-opacity":"","overlay-gradient":""},"mobile":{"background-color":"","background-image":"","background-repeat":"repeat","background-position":"center center","background-size":"auto","background-attachment":"scroll","background-type":"","background-media":"","overlay-type":"","overlay-color":"","overlay-opacity":"","overlay-gradient":""}},"ast-content-background-meta":{"desktop":{"background-color":"var(--ast-global-color-5)","background-image":"","background-repeat":"repeat","background-position":"center center","background-size":"auto","background-attachment":"scroll","background-type":"","background-media":"","overlay-type":"","overlay-color":"","overlay-opacity":"","overlay-gradient":""},"tablet":{"background-color":"var(--ast-global-color-5)","background-image":"","background-repeat":"repeat","background-position":"center center","background-size":"auto","background-attachment":"scroll","background-type":"","background-media":"","overlay-type":"","overlay-color":"","overlay-opacity":"","overlay-gradient":""},"mobile":{"background-color":"var(--ast-global-color-5)","background-image":"","background-repeat":"repeat","background-position":"center center","background-size":"auto","background-attachment":"scroll","background-type":"","background-media":"","overlay-type":"","overlay-color":"","overlay-opacity":"","overlay-gradient":""}},"footnotes":""},"class_list":["post-11699","page","type-page","status-publish","hentry"],"post_mailing_queue_ids":[],"_links":{"self":[{"href":"https:\/\/agora.xtec.cat\/inselstresturons\/wp-json\/wp\/v2\/pages\/11699","targetHints":{"allow":["GET"]}}],"collection":[{"href":"https:\/\/agora.xtec.cat\/inselstresturons\/wp-json\/wp\/v2\/pages"}],"about":[{"href":"https:\/\/agora.xtec.cat\/inselstresturons\/wp-json\/wp\/v2\/types\/page"}],"author":[{"embeddable":true,"href":"https:\/\/agora.xtec.cat\/inselstresturons\/wp-json\/wp\/v2\/users\/1"}],"replies":[{"embeddable":true,"href":"https:\/\/agora.xtec.cat\/inselstresturons\/wp-json\/wp\/v2\/comments?post=11699"}],"version-history":[{"count":6,"href":"https:\/\/agora.xtec.cat\/inselstresturons\/wp-json\/wp\/v2\/pages\/11699\/revisions"}],"predecessor-version":[{"id":13101,"href":"https:\/\/agora.xtec.cat\/inselstresturons\/wp-json\/wp\/v2\/pages\/11699\/revisions\/13101"}],"up":[{"embeddable":true,"href":"https:\/\/agora.xtec.cat\/inselstresturons\/wp-json\/wp\/v2\/pages\/499"}],"wp:attachment":[{"href":"https:\/\/agora.xtec.cat\/inselstresturons\/wp-json\/wp\/v2\/media?parent=11699"}],"curies":[{"name":"wp","href":"https:\/\/api.w.org\/{rel}","templated":true}]}}