{"id":46,"date":"2014-09-17T16:53:45","date_gmt":"2014-09-17T16:53:45","guid":{"rendered":"http:\/\/agora.xtec.cat\/insdesantacoloma\/?page_id=46"},"modified":"2025-10-09T10:59:25","modified_gmt":"2025-10-09T08:59:25","slug":"organigrama","status":"publish","type":"page","link":"https:\/\/agora.xtec.cat\/insdesantacoloma\/linstitut\/organigrama\/","title":{"rendered":"Organigrama"},"content":{"rendered":"<h1 style=\"text-align: center;\"><span style=\"color: #000000;\"><strong><a href=\"https:\/\/agora.xtec.cat\/insdesantacoloma\/wp-content\/uploads\/usu1849\/2024\/09\/Negro-Circulo-con-Cubiertos-Restaurante-Logo-9.png\"><img loading=\"lazy\" decoding=\"async\" class=\"alignnone wp-image-4607\" src=\"https:\/\/agora.xtec.cat\/insdesantacoloma\/wp-content\/uploads\/usu1849\/2024\/09\/Negro-Circulo-con-Cubiertos-Restaurante-Logo-9-300x300.png\" alt=\"\" width=\"95\" height=\"95\" srcset=\"https:\/\/agora.xtec.cat\/insdesantacoloma\/wp-content\/uploads\/usu1849\/2024\/09\/Negro-Circulo-con-Cubiertos-Restaurante-Logo-9-300x300.png 300w, https:\/\/agora.xtec.cat\/insdesantacoloma\/wp-content\/uploads\/usu1849\/2024\/09\/Negro-Circulo-con-Cubiertos-Restaurante-Logo-9-150x150.png 150w, https:\/\/agora.xtec.cat\/insdesantacoloma\/wp-content\/uploads\/usu1849\/2024\/09\/Negro-Circulo-con-Cubiertos-Restaurante-Logo-9.png 500w\" sizes=\"auto, (max-width: 95px) 100vw, 95px\" \/><\/a>\u00a0<em>ORGANITZACI\u00d3 PROFESSORAT <\/em><\/strong><\/span><\/h1>\n<h1 style=\"text-align: center;\"><span style=\"color: #33cccc;\"><em><strong>CURS 25\/26<\/strong><\/em><\/span><\/h1>\n<h2><span style=\"color: #800080;\">Equip directiu<\/span><\/h2>\n<p><a href=\"https:\/\/agora.xtec.cat\/insdesantacoloma\/wp-content\/uploads\/usu1849\/2024\/09\/Negro-Circulo-con-Cubiertos-Restaurante-Logo-7.png\"><img loading=\"lazy\" decoding=\"async\" class=\"wp-image-4606 alignleft\" src=\"https:\/\/agora.xtec.cat\/insdesantacoloma\/wp-content\/uploads\/usu1849\/2024\/09\/Negro-Circulo-con-Cubiertos-Restaurante-Logo-7-300x300.png\" alt=\"\" width=\"197\" height=\"197\" srcset=\"https:\/\/agora.xtec.cat\/insdesantacoloma\/wp-content\/uploads\/usu1849\/2024\/09\/Negro-Circulo-con-Cubiertos-Restaurante-Logo-7-300x300.png 300w, https:\/\/agora.xtec.cat\/insdesantacoloma\/wp-content\/uploads\/usu1849\/2024\/09\/Negro-Circulo-con-Cubiertos-Restaurante-Logo-7-150x150.png 150w, https:\/\/agora.xtec.cat\/insdesantacoloma\/wp-content\/uploads\/usu1849\/2024\/09\/Negro-Circulo-con-Cubiertos-Restaurante-Logo-7.png 500w\" sizes=\"auto, (max-width: 197px) 100vw, 197px\" \/><\/a><\/p>\n<ul>\n<li style=\"list-style-type: none;\">\n<ul style=\"list-style-type: circle;\">\n<li><strong>Director: <\/strong>Jos\u00e9 A. Serrano Su\u00e1rez &#8211; <a href=\"mailto:jserrano@institut9.cat\">jserrano@institut9.cat<\/a><\/li>\n<li><strong>Cap d&#8217;estudis:<\/strong> Marta Calvo Padr\u00f3s &#8211; <a href=\"mailto:mcalvo@institut9.cat\">mcalvo@institut9.cat<\/a><\/li>\n<li><strong>Secretari: <\/strong>Josep Lluis Part &#8211; <a href=\"mailto:secretaria@institut9.cat\">secretaria@institut9.cat<\/a><\/li>\n<li><strong>Coordinadora Pedag\u00f2gica, <\/strong>Marta P\u00e9rez Molero &#8211; <a href=\"mailto:mperez@institut9.cat\">mperez@institut9.cat<\/a><\/li>\n<\/ul>\n<\/li>\n<\/ul>\n<h2><strong><span style=\"color: #339966;\">Equip de coordinaci\u00f3<\/span><\/strong><\/h2>\n<p><a href=\"https:\/\/agora.xtec.cat\/insdesantacoloma\/wp-content\/uploads\/usu1849\/2024\/09\/Negro-Circulo-con-Cubiertos-Restaurante-Logo-8.png\"><img loading=\"lazy\" decoding=\"async\" class=\" wp-image-4605 alignleft\" src=\"https:\/\/agora.xtec.cat\/insdesantacoloma\/wp-content\/uploads\/usu1849\/2024\/09\/Negro-Circulo-con-Cubiertos-Restaurante-Logo-8-300x300.png\" alt=\"\" width=\"205\" height=\"205\" srcset=\"https:\/\/agora.xtec.cat\/insdesantacoloma\/wp-content\/uploads\/usu1849\/2024\/09\/Negro-Circulo-con-Cubiertos-Restaurante-Logo-8-300x300.png 300w, https:\/\/agora.xtec.cat\/insdesantacoloma\/wp-content\/uploads\/usu1849\/2024\/09\/Negro-Circulo-con-Cubiertos-Restaurante-Logo-8-150x150.png 150w, https:\/\/agora.xtec.cat\/insdesantacoloma\/wp-content\/uploads\/usu1849\/2024\/09\/Negro-Circulo-con-Cubiertos-Restaurante-Logo-8.png 500w\" sizes=\"auto, (max-width: 205px) 100vw, 205px\" \/><\/a><\/p>\n<ul>\n<li style=\"list-style-type: none;\">\n<ul style=\"list-style-type: circle;\">\n<li><strong>Coordinaci\u00f3 Equip 1r: <\/strong>In\u00e9s Parre\u00f1o &#8211; <a href=\"iparreno@institut9.cat\">iparreno<span class=\"\">@institut9.cat<\/span><\/a><\/li>\n<li><strong>Coordinaci\u00f3 Equip 2n: <\/strong>Miriam M\u00e9ndez &#8211; <a style=\"font-family: inherit; font-size: 1em;\" href=\"mmendez@institut9.cat\">mmendez<span class=\"\">@institut9.cat<\/span><\/a><\/li>\n<li><strong>Coordinaci\u00f3 Equip 3r: <\/strong>Ainhoa Zabaleta &#8211; <a style=\"font-family: inherit; font-size: 1em;\" href=\"azabaleta@institut9.cat\">azabaleta<span class=\"\">@institut9.cat<\/span><\/a><\/li>\n<li><strong>Coordinaci\u00f3 Equip 4t: <\/strong>Noelia Ferrer &#8211; <a href=\"nferrer@institut9.cat\">nferrer@institut9.cat\u00a0<\/a><\/li>\n<li><strong>Coordinaci\u00f3 Batxillerat: <\/strong>Raquel Lanaspa &#8211; <a href=\"rlanaspa@institut9.cat\">rlanaspa@institut9.cat\u00a0<\/a><\/li>\n<li><strong>Coordinaci\u00f3 d&#8217;Esdeveniments i Festivitats: <\/strong>V\u00edctor G\u00f3mez &#8211;\u00a0<a href=\"vgomez@institut9.cat\">vgomez@institut9.cat<\/a><\/li>\n<li><strong>Coordinaci\u00f3 TIC\/TAC<span style=\"font-family: inherit; font-size: 1em;\">: <\/span><\/strong><span style=\"font-family: inherit; font-size: 1em;\">Maria Roda i Victor I\u00f1esta &#8211; <\/span><a style=\"font-family: inherit; font-size: 1em;\" href=\"vinesta@institut9.cat\">mroda@institut9.cat\u00a0 \/ <\/a><a style=\"font-family: inherit; font-size: 1em;\" href=\"vinesta@institut9.cat\">vinesta@institut9.cat<\/a><\/li>\n<li><strong>Coordinaci\u00f3 \u201ciEduca\u201d:<\/strong> Enric Sanz &#8211; <a href=\"esanz@institut9.cat\">esanz@institut9.cat<\/a><\/li>\n<li><strong>Coordinaci\u00f3 ILEC (lectura) i Biblioteca:<\/strong> Rub\u00e9n Reina <a href=\"rreina@institut9.cat\"><span class=\"\">rreina@institut9.cat<\/span><\/a><\/li>\n<li><strong>Coordinaci\u00f3 de Projectes (Treball Globalitzat): <\/strong>Marta Rodr\u00edguez i Javi Cort\u00e9s &#8211;\u00a0 <a href=\"mrodriguez@institut9.cat\">mrodriguez<span class=\"\">@institut9.cat<\/span><\/a> \/\u00a0<a href=\"xcortes@institut9.cat\">xcortes<span class=\"\">@institut9.cat<\/span><\/a><\/li>\n<li><strong>Coordinaci\u00f3 de riscos laborals<\/strong>:\u00a0 Cristian Carratal\u00e0 &#8211; <a href=\"ccarratala@institut9.cat\"><span class=\"\">ccarratala@institut9.cat<\/span><\/a><\/li>\n<li><strong>Coordinaci\u00f3 de conviv\u00e8ncia (COCOBE):<\/strong> Marta Martinez &#8211;\u00a0<a href=\"mmartinez@institut9.cat\">mmartinez<span class=\"\">@institut9.cat<\/span><\/a><\/li>\n<li><strong>Coordinaci\u00f3 ERASMUS i viatges: <\/strong>Maria Sindreu &#8211; <a href=\"msindreu@institut9.cat\">msindreu@institut9.cat<\/a><\/li>\n<li><span data-sheets-root=\"1\" data-sheets-value=\"{&quot;1&quot;:2,&quot;2&quot;:&quot;Coordinaci\u00f3 Programa Certificaci\u00f3 de Lleng\u00fces &quot;}\" data-sheets-userformat=\"{&quot;2&quot;:14464,&quot;10&quot;:2,&quot;14&quot;:{&quot;1&quot;:2,&quot;2&quot;:0},&quot;15&quot;:&quot;Arial&quot;,&quot;16&quot;:11}\"><strong>Coordinaci\u00f3 Programa Certificaci\u00f3 de Lleng\u00fces:<\/strong> Maria Clara Sarmentero &#8211; <a href=\"csarmentero@institut9.cat\">csarmentero@institut9.cat<\/a><\/span><\/li>\n<li><strong>Coordinaci\u00f3 Xarxes Socials<\/strong>: Amanda Talens &#8211; <a href=\"atelens@institut9.cat\">atelens@institut9.cat<\/a><\/li>\n<li><strong>Coordinaci\u00f3 Reciclatge<\/strong>: Adri\u00e0 Escribano &#8211; <a href=\"aescribano@institut9.cat\">aescribano@institut9.cat<\/a><\/li>\n<\/ul>\n<\/li>\n<\/ul>\n<p><strong style=\"color: #ff0000; font-size: 2.3125em;\">\u00c0mbits<\/strong><\/p>\n<h4><strong>\u00c0mbit cientificotecnol\u00f2gic<\/strong><\/h4>\n<p><a href=\"https:\/\/agora.xtec.cat\/insdesantacoloma\/wp-content\/uploads\/usu1849\/2024\/09\/Negro-Circulo-con-Cubiertos-Restaurante-Logo.png\"><img loading=\"lazy\" decoding=\"async\" class=\" wp-image-4598 alignleft\" src=\"https:\/\/agora.xtec.cat\/insdesantacoloma\/wp-content\/uploads\/usu1849\/2024\/09\/Negro-Circulo-con-Cubiertos-Restaurante-Logo-300x300.png\" alt=\"\" width=\"211\" height=\"211\" srcset=\"https:\/\/agora.xtec.cat\/insdesantacoloma\/wp-content\/uploads\/usu1849\/2024\/09\/Negro-Circulo-con-Cubiertos-Restaurante-Logo-300x300.png 300w, https:\/\/agora.xtec.cat\/insdesantacoloma\/wp-content\/uploads\/usu1849\/2024\/09\/Negro-Circulo-con-Cubiertos-Restaurante-Logo-150x150.png 150w, https:\/\/agora.xtec.cat\/insdesantacoloma\/wp-content\/uploads\/usu1849\/2024\/09\/Negro-Circulo-con-Cubiertos-Restaurante-Logo.png 500w\" sizes=\"auto, (max-width: 211px) 100vw, 211px\" \/><\/a><\/p>\n<ul>\n<li style=\"list-style-type: none;\">\n<ul style=\"list-style-type: circle;\">\n<li>Javi Cort\u00e9s (cap d\u2019\u00e0mbit) <a style=\"font-family: inherit; font-size: 1em;\" href=\"jcortes@institut9.cat\">jcortes<span class=\"\"><span class=\"\">@institut9.cat<\/span><\/span><\/a> &#8211; F\u00edsica i Qu\u00edmica<\/li>\n<li>Marta Rodr\u00edguez\u00a0 <a href=\"mailto:mrodriguez@institut9.cat\">mrodriguez@institut9.cat\u00a0<\/a>&#8211; Tecnologia<\/li>\n<li>Victor I\u00f1esta <a href=\"afernandez2@institut9.cat\">afernandez2<span class=\"\"><span class=\"\"><span class=\"\">@institut9.cat<\/span><\/span><\/span><\/a> &#8211; Tecnologia<\/li>\n<li>In\u00e9s Parre\u00f1o &#8211; <a href=\"iparreno@institut9.cat\">iparreno<span class=\"\"><span class=\"\"><span class=\"\"><span class=\"\">@institut9.cat<\/span><\/span><\/span><\/span><\/a> &#8211; Biologia i geologia<\/li>\n<li>Maria Roda &#8211;\u00a0<a href=\"mroda@institut9.cat\"><span class=\"\">mroda@institut9.cat<\/span><\/a> -Tecnologia<\/li>\n<li>Gerard Renieblas <span style=\"color: #ff0000;\"><a style=\"font-family: inherit; font-size: 1em;\" href=\"grenieblas@institut9.cat\">grenieblas@institut9.cat\u00a0<\/a><span style=\"color: #000000;\">&#8211; F\u00edsica i Qu\u00edmica<\/span><\/span><\/li>\n<li>S\u00edlvia Sender &#8211; <a href=\"mailto:ssender@institut9.cat\">ssender<span class=\"\">@institut9.cat<\/span><\/a> &#8211; Biologia i Geologia<\/li>\n<li>Ana Carrasco &#8211; <a href=\"anacarrasco@institut9.cat\"><span class=\"\">anacarrasco@institut9.cat<\/span><\/a> &#8211; Biologia i Geologia<\/li>\n<li>Adri\u00e0 Escribano &#8211; <a href=\"aescribano@institut9.cat\"><span class=\"\">aescribano@institut9.cat<\/span><\/a> &#8211; Biologia i Geologia<\/li>\n<li>Ainhoa Zabaleta &#8211;\u00a0<a href=\"mailto:azabaleta@institut9.cat\">azabaleta<span class=\"\"><span class=\"\">@institut9.cat<\/span><\/span><\/a> <span style=\"color: #ff0000;\"><span style=\"color: #000000;\">&#8211; F\u00edsica i Qu\u00edmica<\/span><\/span><\/li>\n<li>Xavier Caralt &#8211; <a href=\"xcaralt@institut9.cat\">xcaralt<span class=\"\">@institut9.cat<\/span><\/a> &#8211; Tecnologia<\/li>\n<\/ul>\n<\/li>\n<\/ul>\n<h4><strong>\u00c0mbit Matem\u00e0tic<\/strong><\/h4>\n<p><a href=\"https:\/\/agora.xtec.cat\/insdesantacoloma\/wp-content\/uploads\/usu1849\/2024\/09\/Negro-Circulo-con-Cubiertos-Restaurante-Logo-1.png\"><img loading=\"lazy\" decoding=\"async\" class=\" wp-image-4597 alignleft\" src=\"https:\/\/agora.xtec.cat\/insdesantacoloma\/wp-content\/uploads\/usu1849\/2024\/09\/Negro-Circulo-con-Cubiertos-Restaurante-Logo-1-300x300.png\" alt=\"\" width=\"228\" height=\"228\" srcset=\"https:\/\/agora.xtec.cat\/insdesantacoloma\/wp-content\/uploads\/usu1849\/2024\/09\/Negro-Circulo-con-Cubiertos-Restaurante-Logo-1-300x300.png 300w, https:\/\/agora.xtec.cat\/insdesantacoloma\/wp-content\/uploads\/usu1849\/2024\/09\/Negro-Circulo-con-Cubiertos-Restaurante-Logo-1-150x150.png 150w, https:\/\/agora.xtec.cat\/insdesantacoloma\/wp-content\/uploads\/usu1849\/2024\/09\/Negro-Circulo-con-Cubiertos-Restaurante-Logo-1.png 500w\" sizes=\"auto, (max-width: 228px) 100vw, 228px\" \/><\/a><\/p>\n<ul>\n<li style=\"list-style-type: none;\">\n<ul style=\"list-style-type: circle;\">\n<li>Raquel Monta\u00f1ez (cap d&#8217;\u00e0mbit) &#8211; <a href=\"mailto:rmonta\u00f1ez@institut9.cat\">rmontanez<span class=\"\">@institut9.cat<\/span><\/a> &#8211; Matem\u00e0tiques<\/li>\n<li>Cristian Carratal\u00e0 &#8211; <a href=\"ccarratala@institut9.cat\">ccarratala<span class=\"\"><span class=\"\">@institut9.cat<\/span><\/span><\/a> &#8211; Matem\u00e0tiques<\/li>\n<li>Miquel Montserrat &#8211; <a href=\"mmontserrat@institut9.cat\">mmontserrat<span class=\"\">@institut9.cat<\/span><\/a> &#8211; Matem\u00e0tiques<\/li>\n<li>Josep Llu\u00eds Part &#8211; <a href=\"mailto:jlpart@institut9.cat\">jlpart<span class=\"\">@institut9.cat<\/span><\/a> &#8211; Matem\u00e0tiques<\/li>\n<li><span style=\"font-family: inherit; font-size: 1em; font-weight: normal;\">Elena Hidalgo &#8211; <a href=\"eesanz@institut9.cat\"><span class=\"\">ehidalgo@institut9.cat<\/span><\/a><\/span><span style=\"font-family: inherit; font-size: 1em; font-weight: normal;\">\u00a0&#8211; Matem\u00e0tiques<\/span><\/li>\n<li>Enric Sanz &#8211; <a href=\"eesanz@institut9.cat\"><span class=\"\">eesanz@institut9.cat<\/span><\/a> &#8211; Economia<\/li>\n<\/ul>\n<\/li>\n<\/ul>\n<h4><strong>\u00c0mbit Ling\u00fc\u00edstic<\/strong><\/h4>\n<p><a href=\"https:\/\/agora.xtec.cat\/insdesantacoloma\/wp-content\/uploads\/usu1849\/2024\/09\/Negro-Circulo-con-Cubiertos-Restaurante-Logo-2.png\"><img loading=\"lazy\" decoding=\"async\" class=\"wp-image-4596 alignleft\" src=\"https:\/\/agora.xtec.cat\/insdesantacoloma\/wp-content\/uploads\/usu1849\/2024\/09\/Negro-Circulo-con-Cubiertos-Restaurante-Logo-2-300x300.png\" alt=\"\" width=\"233\" height=\"233\" srcset=\"https:\/\/agora.xtec.cat\/insdesantacoloma\/wp-content\/uploads\/usu1849\/2024\/09\/Negro-Circulo-con-Cubiertos-Restaurante-Logo-2-300x300.png 300w, https:\/\/agora.xtec.cat\/insdesantacoloma\/wp-content\/uploads\/usu1849\/2024\/09\/Negro-Circulo-con-Cubiertos-Restaurante-Logo-2-150x150.png 150w, https:\/\/agora.xtec.cat\/insdesantacoloma\/wp-content\/uploads\/usu1849\/2024\/09\/Negro-Circulo-con-Cubiertos-Restaurante-Logo-2.png 500w\" sizes=\"auto, (max-width: 233px) 100vw, 233px\" \/><\/a><\/p>\n<ul>\n<li style=\"list-style-type: none;\">\n<ul style=\"list-style-type: circle;\">\n<li>N\u00faria Agut (cap d&#8217;\u00e0mbit) <a style=\"font-family: inherit; font-size: 1em;\" href=\"mailto:nagut@institut9.cat\">nagut<span class=\"\"><span class=\"\">@institut9.cat<\/span><\/span><\/a> &#8211; Catal\u00e0<\/li>\n<li>Cristina Campos\u00a0 <a href=\"mailto:ccampos@institut9.cat\">ccampos<span class=\"\">@institut9.cat<\/span><\/a> &#8211; Catal\u00e0<\/li>\n<li>Nerea Basarte <a href=\"nbasarte@institut9.cat\">nbasarte<span class=\"\"><span class=\"\">@institut9.cat<\/span><\/span><\/a> &#8211; Franc\u00e8s<\/li>\n<li><span style=\"font-family: inherit; font-size: 1em; font-weight: normal;\">Marta Calvo <\/span><a style=\"font-family: inherit; font-size: 1em; font-weight: normal;\" href=\"mailto:mcalvo@institut9.cat\">mcalvo<span class=\"\"><span class=\"\">@institut9.cat<\/span><\/span><\/a><span style=\"font-family: inherit; font-size: 1em; font-weight: normal;\"> &#8211; Angl\u00e8s<\/span><\/li>\n<li>Radu Ilie &#8211; <a style=\"font-family: inherit; font-size: 1em; font-weight: normal;\" href=\"rilie@institut9.cat\">rilie<span class=\"\">@institut9.cat<\/span><\/a> &#8211; Catal\u00e0<\/li>\n<li>Raquel Lanaspa &#8211; <a href=\"rlanaspa@institut9.cat\"><span class=\"\">rlanaspa@institut9.cat<\/span><\/a> Castell\u00e0<\/li>\n<li>Meritxell Mu\u00f1oz &#8211; <a href=\"alopez2@institut9.cat\">mmunoz<span class=\"\"><span class=\"\"><span class=\"\">@institut9.cat<\/span><\/span><\/span><\/a> &#8211; Castell\u00e0<\/li>\n<li>Miram M\u00e9ndez &#8211; <a href=\"mmendez@institut9.cat\">mmendez<span class=\"\">@institut9.cat<\/span><\/a> &#8211; Castell\u00e0<\/li>\n<li>Alba Mu\u00f1oz &#8211; <a href=\"amunoz@institut9.cat\">amunoz<span class=\"\">@institut9.cat<\/span><\/a> &#8211; Angl\u00e8s<\/li>\n<li>Victor Obiols &#8211; <a href=\"vobiols@institut9.cat\">vobiols<span class=\"\">@institut9.cat<\/span><\/a> &#8211; Catal\u00e0<\/li>\n<li>Rub\u00e9n Reina &#8211; <a href=\"rreina@institut9.cat\"><span class=\"\">rreina@institut9.cat<\/span><\/a> &#8211; Castell\u00e0<\/li>\n<li>Judit S\u00e1nchez &#8211; <a href=\"mailto:jsanchez@institut9.cat\">jsanchez<span class=\"\">@institut9.cat<\/span><\/a> &#8211; Angl\u00e8s<\/li>\n<li>Maria Clara Sarmentero &#8211; <a href=\"mailto:jsanchez@institut9.cat\"><span class=\"\">csarmentero@institut9.cat<\/span><\/a> &#8211; Angl\u00e8s<\/li>\n<li>Empar Sastre &#8211; <a href=\"esastre@institut9.cat\"><span class=\"\"><span class=\"\">esastre@institut9.cat<\/span><\/span><\/a> &#8211; Angl\u00e8s \/ Aula d&#8217;Acollida<\/li>\n<li>Oriol Comas &#8211; <a href=\"mailto:ocomas@institut9.cat\">ocomas<span class=\"\"><span class=\"\"><span class=\"\">@institut9.cat<\/span><\/span><\/span><\/a> &#8211; Angl\u00e8s<\/li>\n<\/ul>\n<\/li>\n<\/ul>\n<h4><strong>\u00c0mbit Social<\/strong><\/h4>\n<p><a href=\"https:\/\/agora.xtec.cat\/insdesantacoloma\/wp-content\/uploads\/usu1849\/2024\/09\/Negro-Circulo-con-Cubiertos-Restaurante-Logo-3.png\"><img loading=\"lazy\" decoding=\"async\" class=\"wp-image-4595 alignleft\" src=\"https:\/\/agora.xtec.cat\/insdesantacoloma\/wp-content\/uploads\/usu1849\/2024\/09\/Negro-Circulo-con-Cubiertos-Restaurante-Logo-3-300x300.png\" alt=\"\" width=\"213\" height=\"213\" srcset=\"https:\/\/agora.xtec.cat\/insdesantacoloma\/wp-content\/uploads\/usu1849\/2024\/09\/Negro-Circulo-con-Cubiertos-Restaurante-Logo-3-300x300.png 300w, https:\/\/agora.xtec.cat\/insdesantacoloma\/wp-content\/uploads\/usu1849\/2024\/09\/Negro-Circulo-con-Cubiertos-Restaurante-Logo-3-150x150.png 150w, https:\/\/agora.xtec.cat\/insdesantacoloma\/wp-content\/uploads\/usu1849\/2024\/09\/Negro-Circulo-con-Cubiertos-Restaurante-Logo-3.png 500w\" sizes=\"auto, (max-width: 213px) 100vw, 213px\" \/><\/a><\/p>\n<ul>\n<li style=\"list-style-type: none;\">\n<ul style=\"list-style-type: circle;\">\n<li>Maria Sindreu (cap d&#8217;\u00e0mbit) &#8211; <a href=\"mailto:msindreu@institut9.cat\">msindreu<span class=\"\">@institut9.cat<\/span><\/a> &#8211; Socials<\/li>\n<li>Carlos Esteve &#8211; <a href=\"cesteve@institut9.cat\">cesteve<span class=\"\">@institut9.cat<\/span><\/a> &#8211; Socials<\/li>\n<li>Noelia Ferrer &#8211; <a href=\"nferrer@institut9.cat\">nferrer<span class=\"\"><span class=\"\">@institut9.cat<\/span><\/span><\/a> &#8211; Socials<\/li>\n<li>Am\u00e0lia Palmer &#8211; <a href=\"apalmer@institut9.cat\"><span class=\"\">apalmer@institut9.cat<\/span><\/a> Socials<\/li>\n<li><span style=\"font-family: inherit; font-size: 1em;\">Carme Vazquez &#8211; <\/span><a style=\"font-family: inherit; font-size: 1em;\" href=\"arojas@institut9.cat\">cvazquez<span class=\"\"><span class=\"\"><span class=\"\">@institut9.cat<\/span><\/span><\/span><\/a> &#8211; Llat\u00ed i Cultura Cl\u00e0ssica<\/li>\n<li>Helena Palma &#8211; <a href=\"srubio@institut9.cat\">epalma<span class=\"\"><span class=\"\"><span class=\"\">@institut9.cat<\/span><\/span><\/span><\/a> &#8211; Filosofia<\/li>\n<\/ul>\n<\/li>\n<\/ul>\n<h4><strong>\u00c0mbit Educaci\u00f3 F\u00edsica<\/strong><\/h4>\n<p><a href=\"https:\/\/agora.xtec.cat\/insdesantacoloma\/wp-content\/uploads\/usu1849\/2024\/09\/Negro-Circulo-con-Cubiertos-Restaurante-Logo-4.png\"><img loading=\"lazy\" decoding=\"async\" class=\"wp-image-4594 alignleft\" src=\"https:\/\/agora.xtec.cat\/insdesantacoloma\/wp-content\/uploads\/usu1849\/2024\/09\/Negro-Circulo-con-Cubiertos-Restaurante-Logo-4-300x300.png\" alt=\"\" width=\"218\" height=\"218\" srcset=\"https:\/\/agora.xtec.cat\/insdesantacoloma\/wp-content\/uploads\/usu1849\/2024\/09\/Negro-Circulo-con-Cubiertos-Restaurante-Logo-4-300x300.png 300w, https:\/\/agora.xtec.cat\/insdesantacoloma\/wp-content\/uploads\/usu1849\/2024\/09\/Negro-Circulo-con-Cubiertos-Restaurante-Logo-4-150x150.png 150w, https:\/\/agora.xtec.cat\/insdesantacoloma\/wp-content\/uploads\/usu1849\/2024\/09\/Negro-Circulo-con-Cubiertos-Restaurante-Logo-4.png 500w\" sizes=\"auto, (max-width: 218px) 100vw, 218px\" \/><\/a><\/p>\n<ul>\n<li style=\"list-style-type: none;\">\n<ul style=\"list-style-type: circle;\">\n<li>Jose A. Serrano (cap d&#8217;\u00e0mbit) <a href=\"mailto:jserrano@institut9.cat\">jserrano<span class=\"\">@institut9.cat<\/span><\/a><\/li>\n<li>V\u00edctor G\u00f3mez <a href=\"vgomez@institut9.cat\">vgomez<span class=\"\">@institut9.cat<\/span><\/a><\/li>\n<li>Marta P\u00e9rez <a href=\"mailto:mperez@institut9.cat\">mperez<span class=\"\">@institut9.cat<\/span><\/a><\/li>\n<\/ul>\n<\/li>\n<\/ul>\n<h4><strong>\u00c0mbit Art\u00edstic<\/strong><\/h4>\n<p><a href=\"https:\/\/agora.xtec.cat\/insdesantacoloma\/wp-content\/uploads\/usu1849\/2024\/09\/Negro-Circulo-con-Cubiertos-Restaurante-Logo-5.png\"><img loading=\"lazy\" decoding=\"async\" class=\"wp-image-4593 alignleft\" src=\"https:\/\/agora.xtec.cat\/insdesantacoloma\/wp-content\/uploads\/usu1849\/2024\/09\/Negro-Circulo-con-Cubiertos-Restaurante-Logo-5-300x300.png\" alt=\"\" width=\"224\" height=\"224\" srcset=\"https:\/\/agora.xtec.cat\/insdesantacoloma\/wp-content\/uploads\/usu1849\/2024\/09\/Negro-Circulo-con-Cubiertos-Restaurante-Logo-5-300x300.png 300w, https:\/\/agora.xtec.cat\/insdesantacoloma\/wp-content\/uploads\/usu1849\/2024\/09\/Negro-Circulo-con-Cubiertos-Restaurante-Logo-5-150x150.png 150w, https:\/\/agora.xtec.cat\/insdesantacoloma\/wp-content\/uploads\/usu1849\/2024\/09\/Negro-Circulo-con-Cubiertos-Restaurante-Logo-5.png 500w\" sizes=\"auto, (max-width: 224px) 100vw, 224px\" \/><\/a><\/p>\n<ul>\n<li style=\"list-style-type: none;\">\n<ul style=\"list-style-type: circle;\">\n<li>Montserrat Pous (cap d&#8217;\u00e0mbit) <a href=\"mpous@institut9.cat\"><span class=\"\">mpous@institut9.cat<\/span><\/a>\u00a0&#8211; Educaci\u00f3 Visual i Pl\u00e0stica<\/li>\n<li>Xavier Iglesias <a href=\"xiglesias@institut9.cat\">xiglesias<span class=\"\">@institut9.cat<\/span><\/a> &#8211; M\u00fasica<\/li>\n<\/ul>\n<\/li>\n<\/ul>\n<h4><\/h4>\n<h4><strong>\u00c0mbit d\u2019Orientaci\u00f3 i Atenci\u00f3 a l&#8217;Educaci\u00f3 Inclusiva<\/strong><\/h4>\n<p><a href=\"https:\/\/agora.xtec.cat\/insdesantacoloma\/wp-content\/uploads\/usu1849\/2024\/09\/Negro-Circulo-con-Cubiertos-Restaurante-Logo-6.png\"><img loading=\"lazy\" decoding=\"async\" class=\" wp-image-4592 alignleft\" src=\"https:\/\/agora.xtec.cat\/insdesantacoloma\/wp-content\/uploads\/usu1849\/2024\/09\/Negro-Circulo-con-Cubiertos-Restaurante-Logo-6-300x300.png\" alt=\"\" width=\"220\" height=\"220\" srcset=\"https:\/\/agora.xtec.cat\/insdesantacoloma\/wp-content\/uploads\/usu1849\/2024\/09\/Negro-Circulo-con-Cubiertos-Restaurante-Logo-6-300x300.png 300w, https:\/\/agora.xtec.cat\/insdesantacoloma\/wp-content\/uploads\/usu1849\/2024\/09\/Negro-Circulo-con-Cubiertos-Restaurante-Logo-6-150x150.png 150w, https:\/\/agora.xtec.cat\/insdesantacoloma\/wp-content\/uploads\/usu1849\/2024\/09\/Negro-Circulo-con-Cubiertos-Restaurante-Logo-6.png 500w\" sizes=\"auto, (max-width: 220px) 100vw, 220px\" \/><\/a><\/p>\n<p><strong>Orientadores de nivell:<\/strong><\/p>\n<ul>\n<li style=\"list-style-type: none;\">\n<ul style=\"list-style-type: circle;\">\n<li>\u00c9rika Pradas (cap d&#8217;\u00e0mbit) &#8211; <a href=\"epradas@institut9.cat\">epradas@institut9.cat<\/a> <span style=\"font-family: inherit; font-size: 1em;\">(3r ESO i 2n de Batxillerat)<\/span><\/li>\n<li>Maribel Llavero &#8211; <a href=\"mllavero@institut9.cat\">mllavero@institut9.cat <\/a>(1r ESO)\n<ul style=\"list-style-type: circle;\">\n<li>Marta Mart\u00ednez &#8211; <span style=\"font-family: inherit; font-size: 1em;\"><a href=\"mmartinez@institut9.cat\">mmartinez@institut9.cat<\/a><\/span> (2n ESO)<\/li>\n<\/ul>\n<\/li>\n<li><span style=\"font-family: inherit; font-size: 1em;\">Amanda Talens <a href=\"atalens@institut9.cat\">atalens@institut9.cat<\/a> <\/span><span style=\"font-family: inherit; font-size: 1em; color: #ff0000;\"><span style=\"color: #000000;\">(<\/span><\/span>4t d&#8217;ESO i 1r de Batxillerat)<\/li>\n<\/ul>\n<\/li>\n<\/ul>\n<p><strong>Equip SIEI<\/strong><\/p>\n<ul>\n<li style=\"list-style-type: none;\">\n<ul>\n<li style=\"list-style-type: none;\">\n<ul>\n<li>Laia Faur\u00f3 (tutora) <a href=\"mailto:lfauro@institut9.cat\">lfauro@institut9.cat<\/a><\/li>\n<li>Paula Arias <a href=\"parias@institut9.ca\">parias@institut9.cat<\/a><\/li>\n<\/ul>\n<\/li>\n<\/ul>\n<\/li>\n<\/ul>\n<p><strong>Aula d&#8217;Acollida<\/strong><\/p>\n<ul style=\"list-style-type: circle;\">\n<li style=\"list-style-type: none;\">\n<ul style=\"list-style-type: circle;\">\n<li>Empar Sastre (tutora) <a href=\"esastre@institut9.cat\"><span class=\"\">esastre@institut9.cat<\/span><\/a><\/li>\n<li>Enric Sanz <a href=\"eesanz@institut9.cat\"><span class=\"\">eesanz@institut9.cat<\/span><\/a><\/li>\n<\/ul>\n<\/li>\n<\/ul>\n<p><strong>Vetlladores<\/strong><\/p>\n<ul>\n<li style=\"list-style-type: none;\">\n<ul>\n<li>Eva Montoya <a href=\"emontoya@institut9.cat\">emontoya@institut9.cat<\/a><\/li>\n<li>Marta Cus\u00e0\u00a0<a href=\"mcusa@institut9.cat\">mcusa@ins@institut9.cat<\/a><\/li>\n<\/ul>\n<\/li>\n<\/ul>\n<h4><strong>PAS\/PAE<\/strong><\/h4>\n<ul>\n<li style=\"list-style-type: none;\">\n<ul style=\"list-style-type: circle;\">\n<li>Mireia L\u00f3pez (administrativa) <a href=\"mailto:administracio@institut9.cat\">administracio@institut9.cat<\/a><\/li>\n<li>Ingrid Mart\u00ednez <a href=\"imartinez@institut9.cat\">imartinez@institut9.cat<\/a>\u00a0(TIS &#8211; T\u00e8cnica en Integraci\u00f3 Social)<\/li>\n<li>Paula Arias <a href=\"parias@institut9.cat\">parias@institut9.cat<\/a> (EEE &#8211; educadora d&#8217;educaci\u00f3 especial)<\/li>\n<li>Sergi Salvad\u00f3 (conserge) <a href=\"mailto:consergeria@institut9.cat\">consergeria@institut9.cat<\/a><\/li>\n<\/ul>\n<\/li>\n<\/ul>\n<h2><span style=\"color: #0000ff;\"><strong>Professorat: tutors\/es<\/strong><\/span><\/h2>\n<h4><strong>1r ESO<\/strong><\/h4>\n<ul>\n<li style=\"list-style-type: none;\">\n<ul>\n<li style=\"list-style-type: none;\">\n<ul>\n<li>In\u00e9s Parre\u00f1o (Tutora 1rA)<\/li>\n<li>Judit Sanchez (Tutora 1rB)<\/li>\n<li>Carlos Esteve (Tutor 1rC)<\/li>\n<li>Xavier (Tutor 1rD)<\/li>\n<\/ul>\n<\/li>\n<\/ul>\n<\/li>\n<\/ul>\n<h4><strong>2n ESO<\/strong><\/h4>\n<ul>\n<li style=\"list-style-type: none;\">\n<ul>\n<li style=\"list-style-type: none;\">\n<ul>\n<li><span style=\"font-weight: 400;\">Miriam M\u00e9ndez (Tutora 2nA)<\/span><\/li>\n<li><span style=\"font-weight: 400;\">Gerard Renieblas (Tutor 2nB)<\/span><\/li>\n<li><span style=\"font-weight: 400;\">Guillem Escribano (Tutora 2nC)<\/span><\/li>\n<li>Oriol Comas (Tutor 2nD)<\/li>\n<\/ul>\n<\/li>\n<\/ul>\n<\/li>\n<\/ul>\n<h4><strong>3r ESO<\/strong><\/h4>\n<ul>\n<li style=\"list-style-type: none;\">\n<ul>\n<li style=\"list-style-type: none;\">\n<ul style=\"list-style-type: disc;\">\n<li><span style=\"font-weight: 400;\">Silvia Sender (Tutora 3rA)<\/span><\/li>\n<li>Cristina Bataller (Cotutora 3rA)<\/li>\n<li><span style=\"color: #000000;\">Rub\u00e9n Reina (Tutor 3rB)<\/span><\/li>\n<li>Cristina Campos (Cotutora 3rB)<\/li>\n<li><span style=\"font-weight: 400;\">Ainhoa Zabaleta (Tutora 3rC)<\/span><\/li>\n<li>\u00c9rika Pradas (Cotutora 3rC)<\/li>\n<\/ul>\n<\/li>\n<\/ul>\n<\/li>\n<\/ul>\n<h4><strong>4t ESO<\/strong><\/h4>\n<ul>\n<li style=\"list-style-type: none;\">\n<ul>\n<li style=\"list-style-type: none;\">\n<ul style=\"list-style-type: disc;\">\n<li>Noelia Ferrer (Tutora 4tA)<\/li>\n<li>Adri\u00e0 Escribano (Cotutor 4tA)<\/li>\n<li>Alba Mu\u00f1oz (Tutora 4tB)<\/li>\n<li>Javi Cort\u00e9s (Cotutor 4tB)<\/li>\n<li>Miquel Montserrat (Tutor 4tC)<\/li>\n<li><span style=\"color: #000000;\">Amanda Talens (Cotutora 4tC)<\/span><\/li>\n<\/ul>\n<\/li>\n<\/ul>\n<\/li>\n<\/ul>\n<h4><strong>1r Batxillerat<\/strong><\/h4>\n<ul>\n<li style=\"list-style-type: none;\">\n<ul>\n<li style=\"list-style-type: none;\">\n<ul style=\"list-style-type: disc;\">\n<li>Raquel Lanaspa (Tutora 1 Batx. A)<\/li>\n<li>Helena Palma (Tutora 1r Batx. B)<\/li>\n<\/ul>\n<\/li>\n<\/ul>\n<\/li>\n<\/ul>\n<h4><strong>2n Batxillerat<\/strong><\/h4>\n<ul>\n<li style=\"list-style-type: none;\">\n<ul>\n<li style=\"list-style-type: none;\">\n<ul>\n<li>N\u00faria Agut (Tutora 2 Batx. A)<\/li>\n<li>Clara Sarmentero (Tutora 2 Batx. B)<\/li>\n<\/ul>\n<\/li>\n<\/ul>\n<\/li>\n<\/ul>\n","protected":false},"excerpt":{"rendered":"<p>\u00a0ORGANITZACI\u00d3 PROFESSORAT CURS 25\/26 Equip directiu Director: Jos\u00e9 A. Serrano Su\u00e1rez &#8211; jserrano@institut9.cat Cap d&#8217;estudis: Marta Calvo Padr\u00f3s &#8211; mcalvo@institut9.cat [&hellip;]<\/p>\n","protected":false},"author":1,"featured_media":0,"parent":19,"menu_order":50,"comment_status":"closed","ping_status":"closed","template":"","meta":{"_bbp_topic_count":0,"_bbp_reply_count":0,"_bbp_total_topic_count":0,"_bbp_total_reply_count":0,"_bbp_voice_count":0,"_bbp_anonymous_reply_count":0,"_bbp_topic_count_hidden":0,"_bbp_reply_count_hidden":0,"_bbp_forum_subforum_count":0,"site-sidebar-layout":"default","site-content-layout":"","ast-site-content-layout":"default","site-content-style":"default","site-sidebar-style":"default","ast-global-header-display":"","ast-banner-title-visibility":"","ast-main-header-display":"","ast-hfb-above-header-display":"","ast-hfb-below-header-display":"","ast-hfb-mobile-header-display":"","site-post-title":"","ast-breadcrumbs-content":"","ast-featured-img":"","footer-sml-layout":"","theme-transparent-header-meta":"","adv-header-id-meta":"","stick-header-meta":"","header-above-stick-meta":"","header-main-stick-meta":"","header-below-stick-meta":"","astra-migrate-meta-layouts":"set","ast-page-background-enabled":"default","ast-page-background-meta":{"desktop":{"background-color":"var(--ast-global-color-4)","background-image":"","background-repeat":"repeat","background-position":"center center","background-size":"auto","background-attachment":"scroll","background-type":"","background-media":"","overlay-type":"","overlay-color":"","overlay-opacity":"","overlay-gradient":""},"tablet":{"background-color":"","background-image":"","background-repeat":"repeat","background-position":"center center","background-size":"auto","background-attachment":"scroll","background-type":"","background-media":"","overlay-type":"","overlay-color":"","overlay-opacity":"","overlay-gradient":""},"mobile":{"background-color":"","background-image":"","background-repeat":"repeat","background-position":"center center","background-size":"auto","background-attachment":"scroll","background-type":"","background-media":"","overlay-type":"","overlay-color":"","overlay-opacity":"","overlay-gradient":""}},"ast-content-background-meta":{"desktop":{"background-color":"var(--ast-global-color-5)","background-image":"","background-repeat":"repeat","background-position":"center center","background-size":"auto","background-attachment":"scroll","background-type":"","background-media":"","overlay-type":"","overlay-color":"","overlay-opacity":"","overlay-gradient":""},"tablet":{"background-color":"var(--ast-global-color-5)","background-image":"","background-repeat":"repeat","background-position":"center center","background-size":"auto","background-attachment":"scroll","background-type":"","background-media":"","overlay-type":"","overlay-color":"","overlay-opacity":"","overlay-gradient":""},"mobile":{"background-color":"var(--ast-global-color-5)","background-image":"","background-repeat":"repeat","background-position":"center center","background-size":"auto","background-attachment":"scroll","background-type":"","background-media":"","overlay-type":"","overlay-color":"","overlay-opacity":"","overlay-gradient":""}},"footnotes":""},"class_list":["post-46","page","type-page","status-publish","hentry"],"post_mailing_queue_ids":[],"_links":{"self":[{"href":"https:\/\/agora.xtec.cat\/insdesantacoloma\/wp-json\/wp\/v2\/pages\/46","targetHints":{"allow":["GET"]}}],"collection":[{"href":"https:\/\/agora.xtec.cat\/insdesantacoloma\/wp-json\/wp\/v2\/pages"}],"about":[{"href":"https:\/\/agora.xtec.cat\/insdesantacoloma\/wp-json\/wp\/v2\/types\/page"}],"author":[{"embeddable":true,"href":"https:\/\/agora.xtec.cat\/insdesantacoloma\/wp-json\/wp\/v2\/users\/1"}],"replies":[{"embeddable":true,"href":"https:\/\/agora.xtec.cat\/insdesantacoloma\/wp-json\/wp\/v2\/comments?post=46"}],"version-history":[{"count":6,"href":"https:\/\/agora.xtec.cat\/insdesantacoloma\/wp-json\/wp\/v2\/pages\/46\/revisions"}],"predecessor-version":[{"id":5281,"href":"https:\/\/agora.xtec.cat\/insdesantacoloma\/wp-json\/wp\/v2\/pages\/46\/revisions\/5281"}],"up":[{"embeddable":true,"href":"https:\/\/agora.xtec.cat\/insdesantacoloma\/wp-json\/wp\/v2\/pages\/19"}],"wp:attachment":[{"href":"https:\/\/agora.xtec.cat\/insdesantacoloma\/wp-json\/wp\/v2\/media?parent=46"}],"curies":[{"name":"wp","href":"https:\/\/api.w.org\/{rel}","templated":true}]}}