{"id":9,"date":"2014-09-12T10:15:01","date_gmt":"2014-09-12T10:15:01","guid":{"rendered":"http:\/\/agora.xtec.cat\/insdertosa\/?page_id=9"},"modified":"2026-09-04T15:07:33","modified_gmt":"2026-09-04T13:07:33","slug":"pagina-dinici-buida","status":"publish","type":"page","link":"https:\/\/agora.xtec.cat\/insdertosa\/","title":{"rendered":"Institut Dertosa"},"content":{"rendered":"<p><strong>Us informem que les organitzacions sindicals USTEC-STEs, CGT, La Intersindical i COS han convocat una jornada de vaga el dia 8 de setembre de 2026 de 00:00 a 24:00 hores, adre\u00e7ada al personal docent (funcionari i inter\u00ed), al personal laboral i laboral docent i tot el personal que presta serveis als centres educatius p\u00fablics i a l\u2019estructura del Departament d\u2019Educaci\u00f3 i Formaci\u00f3 Professional i dels diferents Serveis Territorials i del Consorci d\u2019Educaci\u00f3 de Barcelona.<\/strong><br \/>\n<strong>El centre romandr\u00e0 obert i s&#8217;atendr\u00e0 l&#8217;alumnat, tot i que no es pot garantir el desenvolupament de l&#8217;activitat lectiva normal.<\/strong><br \/>\n<strong>Atentament,<\/strong><\/p>\n<p><strong>L&#8217;equip directiu<\/strong><\/p>\n<p>&nbsp;<\/p>\n<p><a href=\"https:\/\/agora.xtec.cat\/insdertosa\/wp-content\/uploads\/usu144\/2026\/09\/ChatGPT-Image-2-de-set.-del-2026-14_29_29.png\"><img loading=\"lazy\" decoding=\"async\" class=\"alignnone size-large wp-image-16798\" src=\"https:\/\/agora.xtec.cat\/insdertosa\/wp-content\/uploads\/usu144\/2026\/09\/ChatGPT-Image-2-de-set.-del-2026-14_29_29-1024x683.png\" alt=\"\" width=\"1024\" height=\"683\" srcset=\"https:\/\/agora.xtec.cat\/insdertosa\/wp-content\/uploads\/usu144\/2026\/09\/ChatGPT-Image-2-de-set.-del-2026-14_29_29-1024x683.png 1024w, https:\/\/agora.xtec.cat\/insdertosa\/wp-content\/uploads\/usu144\/2026\/09\/ChatGPT-Image-2-de-set.-del-2026-14_29_29-300x200.png 300w, https:\/\/agora.xtec.cat\/insdertosa\/wp-content\/uploads\/usu144\/2026\/09\/ChatGPT-Image-2-de-set.-del-2026-14_29_29-768x512.png 768w, https:\/\/agora.xtec.cat\/insdertosa\/wp-content\/uploads\/usu144\/2026\/09\/ChatGPT-Image-2-de-set.-del-2026-14_29_29.png 1536w\" sizes=\"auto, (max-width: 1024px) 100vw, 1024px\" \/><\/a><\/p>\n<p><span style=\"color: #0000ff;\"><strong>Cua virtual!<\/strong> Reserva la teva pla\u00e7a de <strong>Grau Mitj\u00e0 o Grau Superior<\/strong> i assegura\u2019t el teu lloc.<\/span><\/p>\n<p style=\"text-align: center;\"><a href=\"https:\/\/aplicacions.gestioeducativa.gencat.cat\/ords\/pls\/apex\/f?p=20160079072543618:650:::NO:650:P650_CENTRE:4E05BB2C031FB6C93A4AD5C68B107304D1E58C4A6313F9F7\"><strong><span style=\"color: #0000ff;\">Enlla\u00e7 Cua Virtual<\/span><\/strong><\/a><\/p>\n<p><strong>TEMPERATURA AL CENTRE ARA MATEIX:<\/strong><\/p>\n<p><center><iframe loading=\"lazy\" title=\"SchoolTemp \u00b7 Institut Dertosa\" src=\"https:\/\/aulesquecremen.cat\/embed\/school?lang=ca&amp;theme=dark&amp;size=small&amp;refresh=300&amp;school=3933\" width=\"260\" height=\"140\" frameborder=\"0\" scrolling=\"no\"><\/iframe><center><\/center><\/center>programari extret de aules que cremen, podeu trobar tota la informaci\u00f3 al seg\u00fcent<a href=\"https:\/\/aulesquecremen.cat\/\"> enlla\u00e7.<\/a><\/p>\n<p><strong>INFORMACI\u00d3:<\/strong><\/p>\n<p style=\"text-align: center;\"><strong><span style=\"font-size: 36px; font-family: Arial, Helvetica, sans-serif; color: #3366ff;\">Curs 2026-2027<\/span><\/strong><\/p>\n<p style=\"text-align: center;\"><a href=\"https:\/\/drive.google.com\/file\/d\/1esKGFmmk5YdauWubGmmiOguezYcMZZzO\/view?usp=sharing\">Horari inici de curs<\/a><\/p>\n<p style=\"text-align: center;\"><strong>TRANSPORT ESCOLAR 2026-2027<\/strong><img loading=\"lazy\" decoding=\"async\" class=\"aligncenter size-medium wp-image-16740\" src=\"https:\/\/agora.xtec.cat\/insdertosa\/wp-content\/uploads\/usu144\/2026\/06\/4bfd5aa5-cb13-4a9e-98c0-a5e01e2dbfb1-300x200.png\" alt=\"\" width=\"300\" height=\"200\" srcset=\"https:\/\/agora.xtec.cat\/insdertosa\/wp-content\/uploads\/usu144\/2026\/06\/4bfd5aa5-cb13-4a9e-98c0-a5e01e2dbfb1-300x200.png 300w, https:\/\/agora.xtec.cat\/insdertosa\/wp-content\/uploads\/usu144\/2026\/06\/4bfd5aa5-cb13-4a9e-98c0-a5e01e2dbfb1-1024x683.png 1024w, https:\/\/agora.xtec.cat\/insdertosa\/wp-content\/uploads\/usu144\/2026\/06\/4bfd5aa5-cb13-4a9e-98c0-a5e01e2dbfb1-768x512.png 768w, https:\/\/agora.xtec.cat\/insdertosa\/wp-content\/uploads\/usu144\/2026\/06\/4bfd5aa5-cb13-4a9e-98c0-a5e01e2dbfb1.png 1536w\" sizes=\"auto, (max-width: 300px) 100vw, 300px\" \/><\/p>\n<p>Us informem que a partir del 23 de juny de 2026, s&#8217;obre el per\u00edode de presentaci\u00f3 de sol\u00b7licituds per fer \u00fas del servei de transport escolar per al curs 2026-2027.<\/p>\n<p><img loading=\"lazy\" decoding=\"async\" class=\"an1\" draggable=\"false\" src=\"https:\/\/fonts.gstatic.com\/s\/e\/notoemoji\/17.0\/1f4c5\/72.png\" alt=\"\ud83d\udcc5\" width=\"30\" height=\"30\" data-emoji=\"\ud83d\udcc5\" aria-label=\"\ud83d\udcc5\" \/>\u00a0Termini de presentaci\u00f3:<br \/>\nFins al 19 de juliol de 2026 (incl\u00f2s).<\/p>\n<p><img loading=\"lazy\" decoding=\"async\" class=\"an1\" draggable=\"false\" src=\"https:\/\/fonts.gstatic.com\/s\/e\/notoemoji\/17.0\/1f4bb\/72.png\" alt=\"\ud83d\udcbb\" width=\"30\" height=\"30\" data-emoji=\"\ud83d\udcbb\" aria-label=\"\ud83d\udcbb\" \/>\u00a0La sol\u00b7licitud s&#8217;ha de tramitar telem\u00e0ticament a trav\u00e9s de la Seu Electr\u00f2nica del Consell Comarcal del Baix Ebre.<\/p>\n<p><img loading=\"lazy\" decoding=\"async\" class=\"an1\" draggable=\"false\" src=\"https:\/\/fonts.gstatic.com\/s\/e\/notoemoji\/17.0\/27a1_fe0f\/72.png\" alt=\"\u27a1\ufe0f\" width=\"30\" height=\"30\" data-emoji=\"\u27a1\ufe0f\" aria-label=\"\u27a1\ufe0f\" \/>\u00a0Cat\u00e0leg de tr\u00e0mits<br \/>\n<img loading=\"lazy\" decoding=\"async\" class=\"an1\" draggable=\"false\" src=\"https:\/\/fonts.gstatic.com\/s\/e\/notoemoji\/17.0\/27a1_fe0f\/72.png\" alt=\"\u27a1\ufe0f\" width=\"29\" height=\"29\" data-emoji=\"\u27a1\ufe0f\" aria-label=\"\u27a1\ufe0f\" \/>\u00a0Ajuts d&#8217;Ensenyament<br \/>\n<img loading=\"lazy\" decoding=\"async\" class=\"an1\" draggable=\"false\" src=\"https:\/\/fonts.gstatic.com\/s\/e\/notoemoji\/17.0\/27a1_fe0f\/72.png\" alt=\"\u27a1\ufe0f\" width=\"29\" height=\"29\" data-emoji=\"\u27a1\ufe0f\" aria-label=\"\u27a1\ufe0f\" \/>\u00a0Sol\u00b7licitud per fer \u00fas del servei de transport escolar (curs 2026-2027)<\/p>\n<p>Per iniciar la tramitaci\u00f3 cal identificar-se amb:<br \/>\n<img loading=\"lazy\" decoding=\"async\" class=\"an1\" draggable=\"false\" src=\"https:\/\/fonts.gstatic.com\/s\/e\/notoemoji\/17.0\/2714_fe0f\/72.png\" alt=\"\u2714\ufe0f\" width=\"28\" height=\"28\" data-emoji=\"\u2714\ufe0f\" aria-label=\"\u2714\ufe0f\" \/>\u00a0idCAT M\u00f2bil<br \/>\n<img loading=\"lazy\" decoding=\"async\" class=\"an1\" draggable=\"false\" src=\"https:\/\/fonts.gstatic.com\/s\/e\/notoemoji\/17.0\/2714_fe0f\/72.png\" alt=\"\u2714\ufe0f\" width=\"30\" height=\"30\" data-emoji=\"\u2714\ufe0f\" aria-label=\"\u2714\ufe0f\" \/>\u00a0Certificat digital<\/p>\n<p><img loading=\"lazy\" decoding=\"async\" class=\"an1\" draggable=\"false\" src=\"https:\/\/fonts.gstatic.com\/s\/e\/notoemoji\/17.0\/2714_fe0f\/72.png\" alt=\"\u2714\ufe0f\" width=\"30\" height=\"30\" data-emoji=\"\u2714\ufe0f\" aria-label=\"\u2714\ufe0f\" \/>Cl<span class=\"\">@v<\/span>e<\/p>\n<p><img loading=\"lazy\" decoding=\"async\" class=\"an1\" draggable=\"false\" src=\"https:\/\/fonts.gstatic.com\/s\/e\/notoemoji\/17.0\/1f4cc\/72.png\" alt=\"\ud83d\udccc\" width=\"27\" height=\"27\" data-emoji=\"\ud83d\udccc\" aria-label=\"\ud83d\udccc\" \/>\u00a0Cal presentar una sol\u00b7licitud per a cada alumne\/a.<\/p>\n<p><img loading=\"lazy\" decoding=\"async\" class=\"an1\" draggable=\"false\" src=\"https:\/\/fonts.gstatic.com\/s\/e\/notoemoji\/17.0\/1f4e7\/72.png\" alt=\"\ud83d\udce7\" width=\"30\" height=\"30\" data-emoji=\"\ud83d\udce7\" aria-label=\"\ud83d\udce7\" \/>\u00a0Dubtes o consultes:<br \/>\n<a href=\"mailto:ensenyament@baixebre.cat\" target=\"_blank\" rel=\"noopener\">ensenyament@baixebre.cat<\/a><br \/>\n<img loading=\"lazy\" decoding=\"async\" class=\"an1\" draggable=\"false\" src=\"https:\/\/fonts.gstatic.com\/s\/e\/notoemoji\/17.0\/1f4de\/72.png\" alt=\"\ud83d\udcde\" width=\"30\" height=\"30\" data-emoji=\"\ud83d\udcde\" aria-label=\"\ud83d\udcde\" \/>\u00a0977 445 308<\/p>\n<p>#TransportEscolar #Curs20262027 #BaixEbre #Institut #ComunitatEducativa<\/p>\n<p>&nbsp;<\/p>\n<p style=\"text-align: center;\"><span style=\"font-size: 30px; font-family: Arial, Helvetica, sans-serif; color: #3366ff;\"><strong>El batxillerat al Dertosa:\u00a0 <\/strong><\/span><\/p>\n<p><center><iframe loading=\"lazy\" src=\"https:\/\/drive.google.com\/file\/d\/1FTthCuIAOrOxElTtCaVZwd0Y47W2HPaO\/preview\" width=\"640\" height=\"480\"><\/iframe><center><\/center><\/center><\/p>\n<p style=\"text-align: center;\"><span style=\"font-size: 30px; font-family: Arial, Helvetica, sans-serif; color: #3366ff;\"><strong>Viu l&#8217;experi\u00e8ncia<\/strong><\/span><span style=\"font-size: 30px; font-family: Arial, Helvetica, sans-serif; color: #3366ff;\"><strong> de l&#8217;art\u00edstic:<\/strong><\/span><\/p>\n<p>&nbsp;<\/p>\n<p><center><iframe loading=\"lazy\" src=\"https:\/\/drive.google.com\/file\/d\/1b2bW5c6ndtOPz_PjbnkCSgDM3_l4ymnG\/preview\" width=\"500\" height=\"400\"><\/iframe><\/center>&nbsp;<\/p>\n<p style=\"text-align: center;\"><span style=\"font-size: 30px; font-family: Arial, Helvetica, sans-serif; color: #3366ff;\"><strong>\u00a0 \u00a0 Coneix el nostre<\/strong><\/span><strong style=\"color: #3366ff; font-family: Arial, Helvetica, sans-serif; font-size: 30px; text-align: center;\">\u00a0Batxillerat Internacional:<\/strong><\/p>\n<div class=\"ast-oembed-container \" style=\"height: 100%;\"><iframe loading=\"lazy\" title=\"PORTES OBERTES BATXILLERAT INTERNACIONAL\" width=\"500\" height=\"281\" src=\"https:\/\/www.youtube.com\/embed\/_EHquwHkYZc?feature=oembed\" frameborder=\"0\" allow=\"accelerometer; autoplay; clipboard-write; encrypted-media; gyroscope; picture-in-picture; web-share\" referrerpolicy=\"strict-origin-when-cross-origin\" allowfullscreen><\/iframe><\/div>\n<p>&nbsp;<\/p>\n<p style=\"text-align: center;\"><span style=\"font-size: 30px; font-family: Arial, Helvetica, sans-serif; color: #3366ff;\"><strong>Viu l&#8217;ESO al Dertosa: <\/strong><\/span><\/p>\n<p><center><iframe loading=\"lazy\" src=\"https:\/\/drive.google.com\/file\/d\/1S6oZ3Fz71vXRU7fJHs7hGMdyrtHOpXDe\/preview\" width=\"640\" height=\"480\"><\/iframe><center><\/center><\/center><\/p>\n<h5><\/h5>\n<h5 style=\"text-align: center;\"><a href=\"https:\/\/educacio.gencat.cat\/ca\/tramits\/tramits-temes\/358-ajuts-ministerio-NEE\">Ajuts per a alumnes amb necessitat espec\u00edfica de suport educatiu<\/a><\/h5>\n<p>&nbsp;<\/p>\n","protected":false},"excerpt":{"rendered":"<p>Us informem que les organitzacions sindicals USTEC-STEs, CGT, La Intersindical i COS han convocat una jornada de vaga el dia 8 de setembre de 2026 de 00:00 a 24:00 hores, adre\u00e7ada al personal docent (funcionari i inter\u00ed), al personal laboral i laboral docent i tot el personal que presta serveis als centres educatius p\u00fablics i [&hellip;]<\/p>\n","protected":false},"author":1,"featured_media":0,"parent":7,"menu_order":0,"comment_status":"closed","ping_status":"closed","template":"","meta":{"_bbp_topic_count":0,"_bbp_reply_count":0,"_bbp_total_topic_count":0,"_bbp_total_reply_count":0,"_bbp_voice_count":0,"_bbp_anonymous_reply_count":0,"_bbp_topic_count_hidden":0,"_bbp_reply_count_hidden":0,"_bbp_forum_subforum_count":0,"site-sidebar-layout":"default","site-content-layout":"","ast-site-content-layout":"default","site-content-style":"default","site-sidebar-style":"default","ast-global-header-display":"","ast-banner-title-visibility":"","ast-main-header-display":"","ast-hfb-above-header-display":"","ast-hfb-below-header-display":"","ast-hfb-mobile-header-display":"","site-post-title":"","ast-breadcrumbs-content":"","ast-featured-img":"","footer-sml-layout":"","theme-transparent-header-meta":"default","adv-header-id-meta":"","stick-header-meta":"","header-above-stick-meta":"","header-main-stick-meta":"","header-below-stick-meta":"","astra-migrate-meta-layouts":"set","ast-page-background-enabled":"default","ast-page-background-meta":{"desktop":{"background-color":"var(--ast-global-color-5)","background-image":"","background-repeat":"repeat","background-position":"center center","background-size":"auto","background-attachment":"scroll","background-type":"","background-media":"","overlay-type":"","overlay-color":"","overlay-opacity":"","overlay-gradient":""},"tablet":{"background-color":"","background-image":"","background-repeat":"repeat","background-position":"center center","background-size":"auto","background-attachment":"scroll","background-type":"","background-media":"","overlay-type":"","overlay-color":"","overlay-opacity":"","overlay-gradient":""},"mobile":{"background-color":"","background-image":"","background-repeat":"repeat","background-position":"center center","background-size":"auto","background-attachment":"scroll","background-type":"","background-media":"","overlay-type":"","overlay-color":"","overlay-opacity":"","overlay-gradient":""}},"ast-content-background-meta":{"desktop":{"background-color":"var(--ast-global-color-4)","background-image":"","background-repeat":"repeat","background-position":"center center","background-size":"auto","background-attachment":"scroll","background-type":"","background-media":"","overlay-type":"","overlay-color":"","overlay-opacity":"","overlay-gradient":""},"tablet":{"background-color":"var(--ast-global-color-4)","background-image":"","background-repeat":"repeat","background-position":"center center","background-size":"auto","background-attachment":"scroll","background-type":"","background-media":"","overlay-type":"","overlay-color":"","overlay-opacity":"","overlay-gradient":""},"mobile":{"background-color":"var(--ast-global-color-4)","background-image":"","background-repeat":"repeat","background-position":"center center","background-size":"auto","background-attachment":"scroll","background-type":"","background-media":"","overlay-type":"","overlay-color":"","overlay-opacity":"","overlay-gradient":""}},"footnotes":""},"class_list":["post-9","page","type-page","status-publish","hentry"],"post_mailing_queue_ids":[],"_links":{"self":[{"href":"https:\/\/agora.xtec.cat\/insdertosa\/wp-json\/wp\/v2\/pages\/9","targetHints":{"allow":["GET"]}}],"collection":[{"href":"https:\/\/agora.xtec.cat\/insdertosa\/wp-json\/wp\/v2\/pages"}],"about":[{"href":"https:\/\/agora.xtec.cat\/insdertosa\/wp-json\/wp\/v2\/types\/page"}],"author":[{"embeddable":true,"href":"https:\/\/agora.xtec.cat\/insdertosa\/wp-json\/wp\/v2\/users\/1"}],"replies":[{"embeddable":true,"href":"https:\/\/agora.xtec.cat\/insdertosa\/wp-json\/wp\/v2\/comments?post=9"}],"version-history":[{"count":7,"href":"https:\/\/agora.xtec.cat\/insdertosa\/wp-json\/wp\/v2\/pages\/9\/revisions"}],"predecessor-version":[{"id":16801,"href":"https:\/\/agora.xtec.cat\/insdertosa\/wp-json\/wp\/v2\/pages\/9\/revisions\/16801"}],"up":[{"embeddable":true,"href":"https:\/\/agora.xtec.cat\/insdertosa\/wp-json\/wp\/v2\/pages\/7"}],"wp:attachment":[{"href":"https:\/\/agora.xtec.cat\/insdertosa\/wp-json\/wp\/v2\/media?parent=9"}],"curies":[{"name":"wp","href":"https:\/\/api.w.org\/{rel}","templated":true}]}}