{"id":430,"date":"2015-05-22T09:58:38","date_gmt":"2015-05-22T08:58:38","guid":{"rendered":"http:\/\/agora.xtec.cat\/insderodadebara\/?page_id=430"},"modified":"2025-09-17T12:24:24","modified_gmt":"2025-09-17T10:24:24","slug":"catala","status":"publish","type":"page","link":"https:\/\/agora.xtec.cat\/insderodadebara\/departaments\/catala\/","title":{"rendered":"Llengua catalana"},"content":{"rendered":"<p>&nbsp;<\/p>\n<p style=\"text-align: center;\"><strong>CURS 2025-2026<\/strong><\/p>\n<p>El departament de Llengua catalana de l\u2019institut de Roda de Ber\u00e0 el formem el Josep Blanch Cod\u00f3, la Lid\u00f3n Esteban Segura (<em>tutora de 4tE),<\/em> l&#8217;Anna Guerra Costa (<em>Cap de departament<\/em>), la C\u00e8lia Reverter Reverter (<em>tutora de 4tC<\/em>), la N\u00faria Rimbau Sard\u00e0 (<em>Coordinadora pedag\u00f2gica<\/em>) i la Roser Rovira Canela (<em>Coordinadora LIC<\/em>).<\/p>\n<p>Els responsables de la doc\u00e8ncia per grups aquest curs s\u00f3n:<\/p>\n<table style=\"width: 72.8957%; height: 126px;\">\n<tbody>\n<tr style=\"height: 31px;\">\n<td style=\"width: 24.613%; height: 10px;\">1r ESO<\/td>\n<td style=\"width: 130.404%; height: 10px;\">1r A: N. Rimbau\u00a0 nuriarimbau<span class=\"\"><span class=\"\">@insrdb.c<\/span>at<\/span><\/p>\n<p>L. Esteban lidonesteban<span class=\"\">@insrdb.cat<\/span><\/p>\n<p>1r B i 1r C: R. Rovira roserrovira<span class=\"\"><span class=\"\"><span class=\"\"><span class=\"\">@<\/span>insrdb.cat<\/span><\/span><\/span><\/p>\n<p>L. Esteban lidonesteban<span class=\"\">@insrdb.cat<\/span><\/p>\n<p>Garb\u00ed i Xaloc: R. Rovira roserrovira<span class=\"\"><span class=\"\">@insrdb.cat<\/span><\/span><\/p>\n<p>Mestral: N. Rimbau\u00a0 nuriarimbau@insrdb.cat<\/p>\n<p>Llevant: J. Blanch josepblanch<span class=\"\">@insrdb.cat<\/span><\/td>\n<\/tr>\n<tr style=\"height: 25px;\">\n<td style=\"width: 24.613%; height: 43px;\">2n ESO<\/td>\n<td style=\"width: 130.404%; height: 43px;\">2n Garb\u00ed: C. Reverter celiareverter<span class=\"\">@insrdb.ca<\/span>t<\/p>\n<p>2n Xaloc: C. Reverter celiareverter<span class=\"\">@insrdb.ca<\/span>t<\/p>\n<p>2n Mestral: A. Guerra annaguerra<span class=\"\">@insrdb.cat<\/span><\/p>\n<p>2n Llevant: J. Blanch josepblanch@insrdb.cat<\/td>\n<\/tr>\n<tr style=\"height: 31px;\">\n<td style=\"width: 24.613%; height: 10px;\">3r ESO<\/td>\n<td style=\"width: 130.404%; height: 10px;\">3r Garb\u00ed:\u00a0A. Guerra annaguerra<span class=\"\">@insrdb.cat<\/span><\/p>\n<p>3r Xaloc: A. Guerra annaguerra<span class=\"\">@insrdb.cat<\/span><\/p>\n<p>3r Mestral: A. Guerra annaguerra<span class=\"\">@insrdb.cat<\/span><\/p>\n<p>3r Llevant: A. Guerra annaguerra<span class=\"\">@insrdb.cat<\/span><\/td>\n<\/tr>\n<tr style=\"height: 31px;\">\n<td style=\"width: 24.613%; height: 31px;\">4t ESO<\/td>\n<td style=\"width: 130.404%; height: 31px;\">4tA, 4tB i 4tC: C. Reverter celiareverter<span class=\"\"><span class=\"\">@insrdb.cat<\/span><\/span><\/p>\n<p>4tD: J. Blanch josepblanch<span class=\"atwho-query\">@insrdb.cat<\/span><\/p>\n<p>4tE: L. Esteban lidonesteban<span class=\"\">@insrdb.cat\u00a0<\/span><\/p>\n<p>Optativa Llat\u00ed: R. Rovira roserrovira<span class=\"\">@insrdb.cat<\/span><\/td>\n<\/tr>\n<tr style=\"height: 32px;\">\n<td style=\"width: 24.613%; height: 32px;\">Aula d&#8217;acollida<\/td>\n<td style=\"width: 130.404%; height: 32px;\">R. Rovira roserrovira<span class=\"\">@insrdb.cat<\/span><\/td>\n<\/tr>\n<\/tbody>\n<\/table>\n<p>Els<strong> criteris d\u2019avaluaci\u00f3<\/strong> de Llengua catalana tenen en compte:<\/p>\n<ul>\n<li><strong>Proves competencials<\/strong> (amb comprensi\u00f3 lectora, expressi\u00f3 escrita i ortografia i\/o gram\u00e0tica).<\/li>\n<li><strong>Exposicions orals\u00a0<\/strong>i\u00a0<strong>redaccions<\/strong> de diferent tipologia textual, presentades puntualment durant cada trimestre, i les tasques di\u00e0ries presentades correctament.<\/li>\n<li><strong>L<\/strong>&#8216;<strong>actitud\u00a0<\/strong>de l\u2019alumne a classe i la mat\u00e8ria, i especialment en <strong>l&#8217;\u00fas de la llengua<\/strong> a l&#8217;aula.<\/li>\n<\/ul>\n<p>L&#8217;avaluaci\u00f3 de <strong>la llengua \u00e9s cont\u00ednua<\/strong>, de manera que l&#8217;alumnat pot millorar la nota o assolir les compet\u00e8ncies no assolides anteriorment en cada trimestre. Els alumnes amb la mat\u00e8ria pendent del curs anterior, podran recuperar-la si aproven el curs actual o amb una prova de recuperaci\u00f3 o coincidint amb un examen del curs que cursa.<\/p>\n<p>Durant el curs, el departament organitza o participa en tot un seguit d\u2019activitats per<strong>\u00a0promoure l\u2019\u00fas de la llengua catalana<\/strong> dins de l\u2019\u00e0mbit escolar. Algunes de les activitats programades per aquest curs s\u00f3n:<\/p>\n<ul>\n<li>Elaboraci\u00f3 d\u2019un programa de r\u00e0dio en col\u00b7laboraci\u00f3 amb la r\u00e0dio de Roda de Ber\u00e0 amb els alumnes de 1r d&#8217;ESO.<\/li>\n<li>Sortida al teatre amb alumnes de 3r d&#8217;ESO.<\/li>\n<li>Visites i xerrades amb autors dels llibres de lectura obligat\u00f2ria.<\/li>\n<li>Participaci\u00f3 en el concurs ling\u00fc\u00edstic radiof\u00f2nic <em>Picalletres (https:\/\/www.picalletres.net\/ca\/) a<\/em>mb alumnes de 2n d&#8217;ESO.<\/li>\n<li>Participaci\u00f3 en el concurs ling\u00fc\u00edstic televisiu <em>Picalletres (https:\/\/www.picalletres.net\/ca\/) a<\/em>mb alumnes de 3r d&#8217;ESO.<\/li>\n<\/ul>\n<p>Tamb\u00e9 participem amb tots els grups en diversos concursos literaris com el\u00a0<em>Premi Sambori (https:\/\/www.omnium.cat\/ca\/projectes\/sambori\/), <\/em>el concurs\u00a0 literari<em> Roca Plana (http:\/\/web.rodadebera.cat\/agenda\/6154-x-concurs-literari-roca-plana)<\/em>\u00a0i al<em> Certamen de Lectura en Veu Alta (https:\/\/www.lecturaenveualta.cat\/).<\/em><\/p>\n<p>Us desitgem un bon i profit\u00f3s curs.<\/p>\n","protected":false},"excerpt":{"rendered":"<p>&nbsp;<br \/>\nCURS 2025-2026<br \/>\nEl departament de Llengua catalana de l\u2019institut de Roda de Ber\u00e0 el formem el Josep Blanch Cod\u00f3, la Lid\u00f3n Esteban Segura (tutora de 4tE), l&#8217;Anna Guerra Costa (Cap de departament), la C\u00e8lia Reverter Reverter (tutora de 4tC), la N\u00faria Rimbau Sard\u00e0 (Coordinadora pedag\u00f2gica) i&hellip;  <a href=\"https:\/\/agora.xtec.cat\/insderodadebara\/departaments\/catala\/\" title=\"Read Llengua catalana\">Llegeix m\u00e9s\u00bb<\/a><\/p>\n","protected":false},"author":1,"featured_media":0,"parent":418,"menu_order":0,"comment_status":"closed","ping_status":"closed","template":"page-templates\/side-menu.php","meta":{"_bbp_topic_count":0,"_bbp_reply_count":0,"_bbp_total_topic_count":0,"_bbp_total_reply_count":0,"_bbp_voice_count":0,"_bbp_anonymous_reply_count":0,"_bbp_topic_count_hidden":0,"_bbp_reply_count_hidden":0,"_bbp_forum_subforum_count":0,"footnotes":""},"class_list":["post-430","page","type-page","status-publish","hentry"],"post_mailing_queue_ids":[],"_links":{"self":[{"href":"https:\/\/agora.xtec.cat\/insderodadebara\/wp-json\/wp\/v2\/pages\/430","targetHints":{"allow":["GET"]}}],"collection":[{"href":"https:\/\/agora.xtec.cat\/insderodadebara\/wp-json\/wp\/v2\/pages"}],"about":[{"href":"https:\/\/agora.xtec.cat\/insderodadebara\/wp-json\/wp\/v2\/types\/page"}],"author":[{"embeddable":true,"href":"https:\/\/agora.xtec.cat\/insderodadebara\/wp-json\/wp\/v2\/users\/1"}],"replies":[{"embeddable":true,"href":"https:\/\/agora.xtec.cat\/insderodadebara\/wp-json\/wp\/v2\/comments?post=430"}],"version-history":[{"count":7,"href":"https:\/\/agora.xtec.cat\/insderodadebara\/wp-json\/wp\/v2\/pages\/430\/revisions"}],"predecessor-version":[{"id":3961,"href":"https:\/\/agora.xtec.cat\/insderodadebara\/wp-json\/wp\/v2\/pages\/430\/revisions\/3961"}],"up":[{"embeddable":true,"href":"https:\/\/agora.xtec.cat\/insderodadebara\/wp-json\/wp\/v2\/pages\/418"}],"wp:attachment":[{"href":"https:\/\/agora.xtec.cat\/insderodadebara\/wp-json\/wp\/v2\/media?parent=430"}],"curies":[{"name":"wp","href":"https:\/\/api.w.org\/{rel}","templated":true}]}}