{"id":43,"date":"2014-09-17T16:45:07","date_gmt":"2014-09-17T16:45:07","guid":{"rendered":"http:\/\/agora.xtec.cat\/insderodadebara\/?page_id=43"},"modified":"2025-09-25T14:16:37","modified_gmt":"2025-09-25T12:16:37","slug":"consell-escolar","status":"publish","type":"page","link":"https:\/\/agora.xtec.cat\/insderodadebara\/linstitut\/consell-escolar\/","title":{"rendered":"Consell escolar"},"content":{"rendered":"<p>La composici\u00f3 del Consell Escolar per al curs 2024-25 \u00e9s:<\/p>\n<table style=\"height: 429px; border-color: #000000; background-color: #d9d2d2; width: 75.0026%;\">\n<tbody>\n<tr style=\"height: 33px;\">\n<td style=\"height: 33px; width: 55%;\">Estela Sim\u00f3 Ayza<\/td>\n<td style=\"height: 33px; width: 44.0909%;\">Directora<\/td>\n<\/tr>\n<tr style=\"height: 33px;\">\n<td style=\"height: 33px; width: 55%;\">Anna Raga<\/td>\n<td style=\"height: 33px; width: 44.0909%;\">Cap d&#8217;estudis<\/td>\n<\/tr>\n<tr style=\"height: 33px;\">\n<td style=\"height: 33px; width: 55%;\">Rosana Dorantes<\/td>\n<td style=\"height: 33px; width: 44.0909%;\">Representant de l&#8217;Ajuntament<\/td>\n<\/tr>\n<tr style=\"height: 33px;\">\n<td style=\"height: 33px; width: 55%;\"><\/td>\n<td style=\"height: 33px; width: 44.0909%;\">Representant sector professors<\/td>\n<\/tr>\n<tr style=\"height: 33px;\">\n<td style=\"height: 33px; width: 55%;\">Seli Niub\u00f3<\/td>\n<td style=\"height: 33px; width: 44.0909%;\">Representant sector professors<\/td>\n<\/tr>\n<tr style=\"height: 33px;\">\n<td style=\"height: 33px; width: 55%;\">Juancho Navarro<\/td>\n<td style=\"height: 33px; width: 44.0909%;\">Representant sector professors<\/td>\n<\/tr>\n<tr style=\"height: 33px;\">\n<td style=\"height: 33px; width: 55%;\">Dav\u00ednia Quijada<\/td>\n<td style=\"height: 33px; width: 44.0909%;\">Representant sector professors<\/td>\n<\/tr>\n<tr>\n<td style=\"width: 55%;\">Elisabeth Hurtado<\/td>\n<td style=\"width: 44.0909%;\">Representant sector professors<\/td>\n<\/tr>\n<tr>\n<td style=\"width: 55%;\">Xiana Laviana<\/td>\n<td style=\"width: 44.0909%;\">Representant sector professors<\/td>\n<\/tr>\n<tr style=\"height: 33px;\">\n<td style=\"height: 33px; width: 55%;\">Antonio Mu\u00f1oz<\/td>\n<td style=\"height: 33px; width: 44.0909%;\">Representant sector fam\u00edlies d\u2019alumnes<\/td>\n<\/tr>\n<tr style=\"height: 33px;\">\n<td style=\"height: 33px; width: 55%;\">Pablo Mu\u00f1iz<\/td>\n<td style=\"height: 33px; width: 44.0909%;\">Representant sector fam\u00edlies d&#8217;alumnes<\/td>\n<\/tr>\n<tr>\n<td style=\"width: 55%;\">Rosa Delgado<\/td>\n<td style=\"width: 44.0909%;\">Representant sector fam\u00edlies d&#8217;alumnes<\/td>\n<\/tr>\n<tr>\n<td style=\"width: 55%;\">Nuria Cucurull<\/td>\n<td style=\"width: 44.0909%;\">Representant sector fam\u00edlies d&#8217;alumnes<\/td>\n<\/tr>\n<tr style=\"height: 33px;\">\n<td style=\"height: 33px; width: 55%;\">Mireia del Castillo<\/td>\n<td style=\"height: 33px; width: 44.0909%;\">Representant AMPA<\/td>\n<\/tr>\n<tr style=\"height: 33px;\">\n<td style=\"height: 33px; width: 55%;\">Llara Men\u00e9ndez<\/td>\n<td style=\"height: 33px; width: 44.0909%;\">Representant d&#8217;alumnes<\/td>\n<\/tr>\n<tr style=\"height: 33px;\">\n<td style=\"height: 33px; width: 55%;\">Beth Arenas<\/td>\n<td style=\"height: 33px; width: 44.0909%;\">Representant sector PAS<\/td>\n<\/tr>\n<tr>\n<td style=\"width: 55%;\">S\u00f2nia Salcedo<\/td>\n<td style=\"width: 44.0909%;\">Representant sector PAE<\/td>\n<\/tr>\n<tr style=\"height: 33px;\">\n<td style=\"height: 33px; width: 55%;\">Carles Mart\u00ednez<\/td>\n<td style=\"height: 33px; width: 44.0909%;\">Secretari<\/td>\n<\/tr>\n<\/tbody>\n<\/table>\n<p>&nbsp;<\/p>\n<p>&nbsp;<\/p>\n<p><span style=\"color: #333333;\"><a style=\"color: #333333;\" href=\"https:\/\/agora.xtec.cat\/insderodadebara\/wp-content\/uploads\/usu1145\/2018\/11\/Convocat\u00f2ria-CE.pdf\" target=\"_blank\" rel=\"noopener noreferrer\">Convocat\u00f2ria d&#8217;eleccions al Consell Escolar, d&#8217;acord amb la Resoluci\u00f3 ENS\/2232\/2018, d\u20191 d\u2019octubre, pel qual s\u2019estableix el calendari del proc\u00e9s electoral per renovar membres del consells escolars dels centres p\u00fablics i privats sostinguts amb fons p\u00fablics<\/a><\/span><\/p>\n<p>D&#8217;acord amb el que s&#8217;estableix a la Instrucci\u00f3 1\/2014 de la secret\u00e0ria general, relativa a la gesti\u00f3 econ\u00f2mica dels centres educatius p\u00fablics del Departament d&#8217;Ensenyament l&#8217;import que ha acordat el consell escolar sobre aportacions volunt\u00e0ries i per activitats complement\u00e0ries \u00e9s: 30\u20ac segons consell escolar en data 24-04-2019<\/p>\n<p><strong>PRESSUPOST:<\/strong><\/p>\n<ul style=\"list-style-type: disc;\">\n<li><a href=\"https:\/\/agora.xtec.cat\/insderodadebara\/wp-content\/uploads\/usu1145\/2023\/04\/Dades-del-pressupost-2023.pdf\">Dades del pressupost 2023<\/a><\/li>\n<li><a href=\"https:\/\/agora.xtec.cat\/insderodadebara\/wp-content\/uploads\/usu1145\/2023\/04\/Liquidacio-del-pressupost-2022.pdf\">Liquidaci\u00f3 del pressupost 2022<\/a><\/li>\n<li><a href=\"https:\/\/agora.xtec.cat\/insderodadebara\/wp-content\/uploads\/usu1145\/2019\/10\/Informe-de-modificaci\u00f3-del-pressupost-2018.pdf\">Informe de modificaci\u00f3 del pressupost 2018<\/a><\/li>\n<li><a href=\"https:\/\/agora.xtec.cat\/insderodadebara\/wp-content\/uploads\/usu1145\/2019\/10\/Informe-de-modificaci\u00f3-del-pressupost-2017.pdf\">Informe de modificaci\u00f3 del pressupost 2017<\/a><\/li>\n<\/ul>\n<p><strong>ACORDS:<\/strong><\/p>\n<p><a href=\"https:\/\/agora.xtec.cat\/insderodadebara\/wp-content\/uploads\/usu1145\/2025\/09\/acords-24-25.pdf\">Acords CE 24-25<\/a><\/p>\n<p><a href=\"https:\/\/agora.xtec.cat\/insderodadebara\/wp-content\/uploads\/usu1145\/2025\/09\/acords-CE-23-24.pdf\">Acords CE 23-24<\/a><\/p>\n<p><a href=\"https:\/\/agora.xtec.cat\/insderodadebara\/wp-content\/uploads\/usu1145\/2023\/04\/1-22-23.pdf\">1-22-23,\u00a0 <\/a><a href=\"https:\/\/agora.xtec.cat\/insderodadebara\/wp-content\/uploads\/usu1145\/2023\/04\/2-22-23.pdf\">2-22-23,\u00a0 <\/a><a href=\"https:\/\/agora.xtec.cat\/insderodadebara\/wp-content\/uploads\/usu1145\/2023\/04\/3-22-23.pdf\">3-22-23,\u00a0 <\/a><a href=\"https:\/\/agora.xtec.cat\/insderodadebara\/wp-content\/uploads\/usu1145\/2023\/04\/4-22-23.pdf\">4-22-23<\/a><\/p>\n<p><a href=\"https:\/\/agora.xtec.cat\/insderodadebara\/wp-content\/uploads\/usu1145\/2019\/10\/26-09-2019.pdf\">26-09-2019<\/a>\u00a0,\u00a0<a href=\"https:\/\/agora.xtec.cat\/insderodadebara\/wp-content\/uploads\/usu1145\/2019\/10\/26-06-2019.pdf\">26-06-2019<\/a>\u00a0,\u00a0<a href=\"https:\/\/agora.xtec.cat\/insderodadebara\/wp-content\/uploads\/usu1145\/2019\/10\/24-04-2019.pdf\">24-04-2019<\/a>\u00a0,\u00a0<a href=\"https:\/\/agora.xtec.cat\/insderodadebara\/wp-content\/uploads\/usu1145\/2019\/10\/27-02-2019.pdf\">27-02-2019<\/a><\/p>\n<p><a href=\"https:\/\/agora.xtec.cat\/insderodadebara\/wp-content\/uploads\/usu1145\/2019\/10\/26-09-2018.pdf\">26-09-2018<\/a>\u00a0,\u00a0<a href=\"https:\/\/agora.xtec.cat\/insderodadebara\/wp-content\/uploads\/usu1145\/2019\/10\/27-06-2018.pdf\">27-06-2018<\/a>\u00a0,\u00a0<a href=\"https:\/\/agora.xtec.cat\/insderodadebara\/wp-content\/uploads\/usu1145\/2019\/10\/23-05-2018.pdf\">23-05-2018<\/a>\u00a0,\u00a0<a href=\"https:\/\/agora.xtec.cat\/insderodadebara\/wp-content\/uploads\/usu1145\/2019\/10\/25-04-2018.pdf\">25-04-2018<\/a>\u00a0,\u00a0<a href=\"https:\/\/agora.xtec.cat\/insderodadebara\/wp-content\/uploads\/usu1145\/2019\/10\/28-02-2018.pdf\">28-02-2018<\/a><\/p>\n<p><a href=\"https:\/\/agora.xtec.cat\/insderodadebara\/wp-content\/uploads\/usu1145\/2019\/10\/22-11-2017.pdf\">22-11-2017<\/a> ,\u00a0<a href=\"https:\/\/agora.xtec.cat\/insderodadebara\/wp-content\/uploads\/usu1145\/2019\/10\/24-05-2017.pdf\">24-05-2017<\/a> ,\u00a0<a href=\"https:\/\/agora.xtec.cat\/insderodadebara\/wp-content\/uploads\/usu1145\/2019\/10\/01-03-2017.pdf\">01-03-2017<\/a><\/p>\n<p><a href=\"https:\/\/agora.xtec.cat\/insderodadebara\/wp-content\/uploads\/usu1145\/2019\/10\/14-12-2016.pdf\">14-12-2016<\/a>\u00a0, <a href=\"https:\/\/agora.xtec.cat\/insderodadebara\/wp-content\/uploads\/usu1145\/2019\/10\/28-09-2016.pdf\">28-09-2016<\/a> ,\u00a0<a href=\"https:\/\/agora.xtec.cat\/insderodadebara\/wp-content\/uploads\/usu1145\/2019\/10\/15-06-2016.pdf\">15-06-2016<\/a> , <a href=\"https:\/\/agora.xtec.cat\/insderodadebara\/wp-content\/uploads\/usu1145\/2019\/10\/18-05-2016.pdf\">18-05-2016<\/a> ,\u00a0<a href=\"https:\/\/agora.xtec.cat\/insderodadebara\/wp-content\/uploads\/usu1145\/2019\/10\/30-03-2016.pdf\">30-03-2016<\/a> ,\u00a0<a href=\"https:\/\/agora.xtec.cat\/insderodadebara\/wp-content\/uploads\/usu1145\/2019\/10\/13-01-2016.pdf\">13-01-2016<\/a><\/p>\n<p><a href=\"https:\/\/agora.xtec.cat\/insderodadebara\/wp-content\/uploads\/usu1145\/2019\/10\/16-09-2015.pdf\">16-09-2015<\/a> , <a href=\"https:\/\/agora.xtec.cat\/insderodadebara\/wp-content\/uploads\/usu1145\/2019\/10\/03-06-2015.pdf\">03-06-2015<\/a> ,\u00a0<a href=\"https:\/\/agora.xtec.cat\/insderodadebara\/wp-content\/uploads\/usu1145\/2019\/10\/22-04-2015.pdf\">22-04-2015<\/a> ,\u00a0<a href=\"https:\/\/agora.xtec.cat\/insderodadebara\/wp-content\/uploads\/usu1145\/2019\/10\/11-02-2015.pdf\">11-02-2015<\/a> ,\u00a0<a href=\"https:\/\/agora.xtec.cat\/insderodadebara\/wp-content\/uploads\/usu1145\/2019\/10\/21-01-2015.pdf\">21-01-2015<\/a><\/p>\n<p><a href=\"https:\/\/agora.xtec.cat\/insderodadebara\/wp-content\/uploads\/usu1145\/2019\/10\/17-09-2014.pdf\">17-09-2014<\/a>\u00a0,\u00a0<a href=\"https:\/\/agora.xtec.cat\/insderodadebara\/wp-content\/uploads\/usu1145\/2019\/10\/30-06-2014.pdf\">30-06-2014<\/a>\u00a0, <a href=\"https:\/\/agora.xtec.cat\/insderodadebara\/wp-content\/uploads\/usu1145\/2019\/10\/21-05-2014.pdf\">21-05-2014<\/a> ,\u00a0<a href=\"https:\/\/agora.xtec.cat\/insderodadebara\/wp-content\/uploads\/usu1145\/2019\/10\/20-03-2014.pdf\">20-03-2014<\/a> , <a href=\"https:\/\/agora.xtec.cat\/insderodadebara\/wp-content\/uploads\/usu1145\/2019\/10\/22-01-2014.pdf\">22-01-2014<\/a><\/p>\n<p><a href=\"https:\/\/agora.xtec.cat\/insderodadebara\/wp-content\/uploads\/usu1145\/2019\/10\/23-10-2013.pdf\">23-10-2013<\/a>\u00a0,\u00a0<a href=\"https:\/\/agora.xtec.cat\/insderodadebara\/wp-content\/uploads\/usu1145\/2019\/10\/19-06-2013.pdf\">19-06-2013<\/a>\u00a0,\u00a0<a href=\"https:\/\/agora.xtec.cat\/insderodadebara\/wp-content\/uploads\/usu1145\/2019\/10\/29-05-2013.pdf\">29-05-2013<\/a>\u00a0,\u00a0<a href=\"https:\/\/agora.xtec.cat\/insderodadebara\/wp-content\/uploads\/usu1145\/2019\/10\/06-03-2013.pdf\">06-03-2013<\/a><\/p>\n<p><a href=\"https:\/\/agora.xtec.cat\/insderodadebara\/wp-content\/uploads\/usu1145\/2019\/10\/19-12-2012.pdf\">19-12-2012<\/a> ,\u00a0<a href=\"https:\/\/agora.xtec.cat\/insderodadebara\/wp-content\/uploads\/usu1145\/2019\/10\/28-11-2012.pdf\">28-11-2012<\/a> ,\u00a0<a href=\"https:\/\/agora.xtec.cat\/insderodadebara\/wp-content\/uploads\/usu1145\/2019\/10\/17-10-2012.pdf\">17-10-2012<\/a> ,\u00a0<a href=\"https:\/\/agora.xtec.cat\/insderodadebara\/wp-content\/uploads\/usu1145\/2019\/10\/28-06-2012.pdf\">28-06-2012<\/a> ,\u00a0<a href=\"https:\/\/agora.xtec.cat\/insderodadebara\/wp-content\/uploads\/usu1145\/2019\/10\/17-05-2012.pdf\">17-05-2012<\/a> ,\u00a0<a href=\"https:\/\/agora.xtec.cat\/insderodadebara\/wp-content\/uploads\/usu1145\/2019\/10\/19-04-2012.pdf\">19-04-2012<\/a> ,\u00a0<a href=\"https:\/\/agora.xtec.cat\/insderodadebara\/wp-content\/uploads\/usu1145\/2019\/10\/23-02-2012.pdf\">23-02-2012<\/a><\/p>\n<p><a href=\"https:\/\/agora.xtec.cat\/insderodadebara\/wp-content\/uploads\/usu1145\/2019\/10\/21-12-2011.pdf\">21-12-2011<\/a>\u00a0,\u00a0<a href=\"https:\/\/agora.xtec.cat\/insderodadebara\/wp-content\/uploads\/usu1145\/2019\/10\/13-09-2011.pdf\">13-09-2011<\/a> ,\u00a0<a href=\"https:\/\/agora.xtec.cat\/insderodadebara\/wp-content\/uploads\/usu1145\/2019\/10\/29-06-2011.pdf\">29-06-2011<\/a>,\u00a0<a href=\"https:\/\/agora.xtec.cat\/insderodadebara\/wp-content\/uploads\/usu1145\/2019\/10\/15-06-2011.pdf\">15-06-2011<\/a> ,\u00a0<a href=\"https:\/\/agora.xtec.cat\/insderodadebara\/wp-content\/uploads\/usu1145\/2019\/10\/05-05-2011.pdf\">05-05-2011<\/a> ,\u00a0<a href=\"https:\/\/agora.xtec.cat\/insderodadebara\/wp-content\/uploads\/usu1145\/2019\/10\/24-01-2011.pdf\">24-01-2011<\/a><\/p>\n<p>&nbsp;<\/p>\n","protected":false},"excerpt":{"rendered":"<p>La composici\u00f3 del Consell Escolar per al curs 2024-25 \u00e9s:<\/p>\n<p>Estela Sim\u00f3 Ayza<br \/>\nDirectora<\/p>\n<p>Anna Raga<br \/>\nCap d&#8217;estudis<\/p>\n<p>Rosana Dorantes<br \/>\nRepresentant de l&#8217;Ajuntament<\/p>\n<p>Representant sector professors<\/p>\n<p>Seli Niub\u00f3<br \/>\nRepresentant sector professors<\/p>\n<p>Juancho Navarro<br \/>\nRepresentant sector professors<\/p>\n<p>Dav\u00ednia Quijada<br \/>\nRepresentant sector professors<\/p>\n<p>Elisabeth Hurtado<br \/>\nRepresentant sector professors<\/p>\n<p>Xiana Laviana<br \/>\nRepresentant sector professors<\/p>\n<p>Antonio Mu\u00f1oz<br \/>\nRepresentant sector fam\u00edlies d\u2019alumnes<\/p>\n<p>Pablo Mu\u00f1iz<br \/>\nRepresentant sector fam\u00edlies d&#8217;alumnes<\/p>\n<p>Rosa Delgado<br \/>\nRepresentant sector fam\u00edlies&hellip;  <a href=\"https:\/\/agora.xtec.cat\/insderodadebara\/linstitut\/consell-escolar\/\" title=\"Read Consell escolar\">Llegeix m\u00e9s\u00bb<\/a><\/p>\n","protected":false},"author":1,"featured_media":0,"parent":19,"menu_order":40,"comment_status":"closed","ping_status":"closed","template":"page-templates\/side-menu.php","meta":{"_bbp_topic_count":0,"_bbp_reply_count":0,"_bbp_total_topic_count":0,"_bbp_total_reply_count":0,"_bbp_voice_count":0,"_bbp_anonymous_reply_count":0,"_bbp_topic_count_hidden":0,"_bbp_reply_count_hidden":0,"_bbp_forum_subforum_count":0,"footnotes":""},"class_list":["post-43","page","type-page","status-publish","hentry"],"post_mailing_queue_ids":[],"_links":{"self":[{"href":"https:\/\/agora.xtec.cat\/insderodadebara\/wp-json\/wp\/v2\/pages\/43","targetHints":{"allow":["GET"]}}],"collection":[{"href":"https:\/\/agora.xtec.cat\/insderodadebara\/wp-json\/wp\/v2\/pages"}],"about":[{"href":"https:\/\/agora.xtec.cat\/insderodadebara\/wp-json\/wp\/v2\/types\/page"}],"author":[{"embeddable":true,"href":"https:\/\/agora.xtec.cat\/insderodadebara\/wp-json\/wp\/v2\/users\/1"}],"replies":[{"embeddable":true,"href":"https:\/\/agora.xtec.cat\/insderodadebara\/wp-json\/wp\/v2\/comments?post=43"}],"version-history":[{"count":7,"href":"https:\/\/agora.xtec.cat\/insderodadebara\/wp-json\/wp\/v2\/pages\/43\/revisions"}],"predecessor-version":[{"id":3967,"href":"https:\/\/agora.xtec.cat\/insderodadebara\/wp-json\/wp\/v2\/pages\/43\/revisions\/3967"}],"up":[{"embeddable":true,"href":"https:\/\/agora.xtec.cat\/insderodadebara\/wp-json\/wp\/v2\/pages\/19"}],"wp:attachment":[{"href":"https:\/\/agora.xtec.cat\/insderodadebara\/wp-json\/wp\/v2\/media?parent=43"}],"curies":[{"name":"wp","href":"https:\/\/api.w.org\/{rel}","templated":true}]}}