{"id":422,"date":"2015-05-22T08:57:48","date_gmt":"2015-05-22T07:57:48","guid":{"rendered":"http:\/\/agora.xtec.cat\/insderodadebara\/?page_id=422"},"modified":"2026-01-29T09:20:29","modified_gmt":"2026-01-29T08:20:29","slug":"socials","status":"publish","type":"page","link":"https:\/\/agora.xtec.cat\/insderodadebara\/departaments\/socials\/","title":{"rendered":"Socials"},"content":{"rendered":"<p style=\"text-align: justify;\"><em><a href=\"http:\/\/agora.xtec.cat\/insderodadebara\/wp-content\/uploads\/usu1145\/2015\/05\/965planeta_Azul1-624x468.jpg\"><img loading=\"lazy\" decoding=\"async\" class=\"wp-image-617 alignleft\" src=\"http:\/\/agora.xtec.cat\/insderodadebara\/wp-content\/uploads\/usu1145\/2015\/05\/965planeta_Azul1-624x468.jpg\" alt=\"965planeta_Azul1-624x468\" width=\"245\" height=\"184\" srcset=\"https:\/\/agora.xtec.cat\/insderodadebara\/wp-content\/uploads\/usu1145\/2015\/05\/965planeta_Azul1-624x468.jpg 624w, https:\/\/agora.xtec.cat\/insderodadebara\/wp-content\/uploads\/usu1145\/2015\/05\/965planeta_Azul1-624x468-300x225.jpg 300w, https:\/\/agora.xtec.cat\/insderodadebara\/wp-content\/uploads\/usu1145\/2015\/05\/965planeta_Azul1-624x468-200x150.jpg 200w\" sizes=\"auto, (max-width: 245px) 100vw, 245px\" \/><\/a>Hola!\u00a0<\/em>En Carlos, en Fernando, en Robert i en Llu\u00eds Juli som els membres del Departament de Socials. La nostra tasca \u00e9s ajudar els nostres estudiants a comprendre millor el nostre m\u00f3n tan divers.<\/p>\n<p style=\"text-align: justify;\">A m\u00e9s, el nostre Departament, al llarg del curs, desenvolupa algunes activitats relacionades amb una educaci\u00f3 integradora i transversal com el Mercat Medieval.<\/p>\n<p style=\"text-align: justify;\">Els objectius generals dels Departament s\u00f3n treballar l&#8217;expressi\u00f3 i comprensi\u00f3 orals i escrites, desenvolupar un esperit cr\u00edtic i constructiu, entendre gr\u00e0fics i imatges que ens ajudin a analitzar fen\u00f2mens hist\u00f2rics i geogr\u00e0fics, i, per \u00faltim, per\u00f2 el m\u00e9s important, gaudir mentre investiguem en el nostre m\u00f3n, el d&#8217;abans i el d&#8217;ara.<\/p>\n<p>Les mat\u00e8ries i cursos que fem s\u00f3n els seg\u00fcents:<\/p>\n<table style=\"width: 64.6819%; height: 235px;\">\n<tbody>\n<tr style=\"height: 32px;\">\n<td style=\"width: 33.5773%; height: 32px;\"><\/td>\n<td style=\"width: 14.3838%; height: 32px;\">1r<\/td>\n<td style=\"width: 29.2032%; height: 32px;\">2n<\/td>\n<td style=\"width: 16.9493%; height: 32px;\">3r<\/td>\n<td style=\"width: 40.2196%; height: 32px;\">4t<\/td>\n<\/tr>\n<tr style=\"height: 32px;\">\n<td style=\"width: 33.5773%; height: 32px;\">Fernando Pedraza<\/td>\n<td style=\"width: 14.3838%; height: 32px;\">Socials<\/td>\n<td style=\"width: 29.2032%; height: 32px;\"><\/td>\n<td style=\"width: 16.9493%; height: 32px;\"><\/td>\n<td style=\"width: 40.2196%; height: 32px;\">Socials<\/td>\n<\/tr>\n<tr style=\"height: 96px;\">\n<td style=\"width: 33.5773%; height: 96px;\">Robert Rubi\u00f3<\/td>\n<td style=\"width: 14.3838%; height: 96px;\"><\/td>\n<td style=\"width: 29.2032%; height: 96px;\">Socials<\/p>\n<p>Cultura Cl\u00e0ssica<\/td>\n<td style=\"width: 16.9493%; height: 96px;\">Socials<\/td>\n<td style=\"width: 40.2196%; height: 96px;\"><\/td>\n<\/tr>\n<tr style=\"height: 32px;\">\n<td style=\"width: 33.5773%; height: 32px;\">Llu\u00eds Juli<\/td>\n<td style=\"width: 14.3838%; height: 32px;\">Religi\u00f3<\/td>\n<td style=\"width: 29.2032%; height: 32px;\">Religi\u00f3<\/p>\n<p>Hort<\/td>\n<td style=\"width: 16.9493%; height: 32px;\">Religi\u00f3<\/td>\n<td style=\"width: 40.2196%; height: 32px;\">Religi\u00f3<\/td>\n<\/tr>\n<tr style=\"height: 32px;\">\n<td style=\"width: 33.5773%; height: 32px;\">Carlos Maga\u00f1a<\/td>\n<td style=\"width: 14.3838%; height: 32px;\"><\/td>\n<td style=\"width: 29.2032%; height: 32px;\">Socials<\/td>\n<td style=\"width: 16.9493%; height: 32px;\"><\/td>\n<td style=\"width: 40.2196%; height: 32px;\">Socials<\/td>\n<\/tr>\n<\/tbody>\n<\/table>\n<p><a href=\"http:\/\/www.scoop.it\/t\/ciencies-socials-i-educacio?nosug=1\" target=\"_blank\" rel=\"noopener noreferrer\"><br \/>\nScoop it : Ci\u00e8ncies socials i Educaci\u00f3<\/a><\/p>\n<p><strong>Criteris d&#8217;avaluaci\u00f3<\/strong><\/p>\n<p>Els criteris d&#8217;avaluaci\u00f3 es valoraran amb el seg\u00fcent barem:<\/p>\n<p>Ser\u00e0 imprescindible el lliurament del dossier o de les tasques avaluables establertes en cadascuna de les situacions d&#8217;aprenentatge per poder ser avaluada.<\/p>\n<p>Igualment, es tindr\u00e0 en compte l\u2019actitud envers la mat\u00e8ria i el treball a classe i a casa a l\u2019hora d\u2019avaluar.<\/p>\n<p>El major percentatge de la nota es computaran mitjan\u00e7ant les proves d&#8217;avaluaci\u00f3. Aquest percentatge augmentar\u00e0 a mesura que avancin els cursos.<\/p>\n<p><strong>Posa&#8217;t en contacte amb nosaltres!<\/strong><\/p>\n<p>robertrubio<span class=\"\"><span class=\"\">@<\/span>insrdb.cat<\/span><\/p>\n<p>fernandopedraza<span class=\"\"><span class=\"\">@insrdb.<\/span>cat<\/span><\/p>\n<p><span class=\"\">llu<\/span>isfernandezmontes<span class=\"\"><span class=\"\">@insrdb.<\/span>cat<\/span><\/p>\n<p>carlosmagana@insrdb.cat<\/p>\n<p>&nbsp;<\/p>\n<p>&nbsp;<\/p>\n<p>&nbsp;<\/p>\n","protected":false},"excerpt":{"rendered":"<p><a href=\"http:\/\/agora.xtec.cat\/insderodadebara\/wp-content\/uploads\/usu1145\/2015\/05\/965planeta_Azul1-624x468.jpg\"><\/a>Hola!\u00a0En Carlos, en Fernando, en Robert i en Llu\u00eds Juli som els membres del Departament de Socials. La nostra tasca \u00e9s ajudar els nostres estudiants a comprendre millor el nostre m\u00f3n tan divers.<br \/>\nA m\u00e9s, el nostre Departament, al llarg del curs, desenvolupa algunes activitats&hellip;  <a href=\"https:\/\/agora.xtec.cat\/insderodadebara\/departaments\/socials\/\" title=\"Read Socials\">Llegeix m\u00e9s\u00bb<\/a><\/p>\n","protected":false},"author":1,"featured_media":0,"parent":418,"menu_order":0,"comment_status":"closed","ping_status":"closed","template":"page-templates\/side-menu.php","meta":{"_bbp_topic_count":0,"_bbp_reply_count":0,"_bbp_total_topic_count":0,"_bbp_total_reply_count":0,"_bbp_voice_count":0,"_bbp_anonymous_reply_count":0,"_bbp_topic_count_hidden":0,"_bbp_reply_count_hidden":0,"_bbp_forum_subforum_count":0,"footnotes":""},"class_list":["post-422","page","type-page","status-publish","hentry"],"post_mailing_queue_ids":[],"_links":{"self":[{"href":"https:\/\/agora.xtec.cat\/insderodadebara\/wp-json\/wp\/v2\/pages\/422","targetHints":{"allow":["GET"]}}],"collection":[{"href":"https:\/\/agora.xtec.cat\/insderodadebara\/wp-json\/wp\/v2\/pages"}],"about":[{"href":"https:\/\/agora.xtec.cat\/insderodadebara\/wp-json\/wp\/v2\/types\/page"}],"author":[{"embeddable":true,"href":"https:\/\/agora.xtec.cat\/insderodadebara\/wp-json\/wp\/v2\/users\/1"}],"replies":[{"embeddable":true,"href":"https:\/\/agora.xtec.cat\/insderodadebara\/wp-json\/wp\/v2\/comments?post=422"}],"version-history":[{"count":11,"href":"https:\/\/agora.xtec.cat\/insderodadebara\/wp-json\/wp\/v2\/pages\/422\/revisions"}],"predecessor-version":[{"id":4086,"href":"https:\/\/agora.xtec.cat\/insderodadebara\/wp-json\/wp\/v2\/pages\/422\/revisions\/4086"}],"up":[{"embeddable":true,"href":"https:\/\/agora.xtec.cat\/insderodadebara\/wp-json\/wp\/v2\/pages\/418"}],"wp:attachment":[{"href":"https:\/\/agora.xtec.cat\/insderodadebara\/wp-json\/wp\/v2\/media?parent=422"}],"curies":[{"name":"wp","href":"https:\/\/api.w.org\/{rel}","templated":true}]}}