{"id":420,"date":"2015-05-22T08:56:13","date_gmt":"2015-05-22T07:56:13","guid":{"rendered":"http:\/\/agora.xtec.cat\/insderodadebara\/?page_id=420"},"modified":"2025-09-28T20:26:46","modified_gmt":"2025-09-28T18:26:46","slug":"matematiques","status":"publish","type":"page","link":"https:\/\/agora.xtec.cat\/insderodadebara\/departaments\/matematiques\/","title":{"rendered":"Matem\u00e0tiques"},"content":{"rendered":"<p style=\"text-align: left;\">CURS 2025-2026<\/p>\n<p>El departament de Matem\u00e0tiques de l&#8217;institut de Roda de Ber\u00e0 el formem l&#8217;Estela Sim\u00f3, l&#8217;Anna Raga, la Maria Les, la Mati Campos, la Laura Lara, el Joan M. Llatser i el Razvan F Brencea. La distribuci\u00f3 de l&#8217;assignatura de matem\u00e0tiques \u00e9s la seg\u00fcent:<\/p>\n<table style=\"height: 103px; width: 544px;\" width=\"407\">\n<tbody>\n<tr style=\"height: 10px;\">\n<td style=\"height: 10px; width: 152.308px;\"><strong>Curs d\u2019ESO<\/strong><\/td>\n<td style=\"height: 10px; width: 385.385px;\"><strong>Docents<\/strong><\/td>\n<\/tr>\n<tr style=\"height: 57px;\">\n<td style=\"height: 17px; width: 152.308px;\">PRIMER 1r ESO<\/td>\n<td style=\"height: 17px; width: 385.385px;\">Laura Lara (lauralara@insrdb.cat)<\/td>\n<\/tr>\n<tr style=\"height: 57px;\">\n<td style=\"height: 31px; width: 152.308px;\">SEGON 2n ESO<\/td>\n<td style=\"height: 31px; width: 385.385px;\">Mati Campos (maticampos@insrd.cat)<\/p>\n<p>Razvan Brencea (razvanbrencea@insrdb.cat)<\/td>\n<\/tr>\n<tr style=\"height: 57px;\">\n<td style=\"height: 32px; width: 152.308px;\">TERCER 3r ESO<\/td>\n<td style=\"height: 32px; width: 385.385px;\">Anna Raga (annaraga@insrdb.cat)<\/p>\n<p>Joan Maria Llatser (joanmariallatser@insrdb.cat)<\/td>\n<\/tr>\n<tr style=\"height: 17px;\">\n<td style=\"height: 13px; width: 152.308px;\">QUART 4t ESO<\/td>\n<td style=\"height: 13px; width: 385.385px;\">Estela Sim\u00f3 (estelasimo@insrdb.cat)<\/p>\n<p>Maria Les (mariales@insrdb.cat)<\/p>\n<p>Mati Campos (maticampos@insrdb.cat)<\/td>\n<\/tr>\n<\/tbody>\n<\/table>\n<p>En un car\u00e0cter general, els <strong>criteris d&#8217;avaluaci\u00f3<\/strong> <strong>de matem\u00e0tiques<\/strong> es valoraran amb el seg\u00fcent barem:<\/p>\n<table style=\"height: 157px;\">\n<tbody>\n<tr style=\"height: 32px;\">\n<td style=\"height: 32px; width: 69.2308px;\">1r ESO<\/td>\n<td style=\"height: 32px; width: 368.462px;\">70% Examen + 30% Activitats avaluatives<\/td>\n<\/tr>\n<tr style=\"height: 32px;\">\n<td style=\"height: 32px; width: 69.2308px;\">2n ESO<\/td>\n<td style=\"height: 32px; width: 368.462px;\">70% Examen + 30% Activitats avaluatives<\/td>\n<\/tr>\n<tr style=\"height: 32px;\">\n<td style=\"height: 32px; width: 69.2308px;\">3r ESO<\/td>\n<td style=\"height: 32px; width: 368.462px;\">80% Examen + 20% Activitats avaluatives<\/td>\n<\/tr>\n<tr style=\"height: 61px;\">\n<td style=\"height: 61px; width: 69.2308px;\">4t ESO<\/td>\n<td style=\"height: 61px; width: 368.462px;\">80% Examen + 20% Activitats avaluatives<\/td>\n<\/tr>\n<\/tbody>\n<\/table>\n<p>Als grups de diversitat s&#8217;adaptar\u00e0 l&#8217;avaluaci\u00f3 en funci\u00f3 de les NEE. Tamb\u00e9 es valorar\u00e0 de manera positiva la participaci\u00f3 en el concurs de fotografia, la participaci\u00f3 al &#8220;dia de les matem\u00e0tiques&#8221;, aix\u00ed com d&#8217;altres activitats proposades pel departament.<\/p>\n<p><span style=\"font-family: inherit; font-size: 1em;\">En totes les mat\u00e8ries, per avaluar les activitats, es tindr\u00e0 en compte el seguiment de la unitat did\u00e0ctica, on intervindr\u00e0 la participaci\u00f3, la realitzaci\u00f3 de deures i\u00a0 tamb\u00e9 el recull d\u2019observacions del Dinantia en aquest per\u00edode d\u2019avaluaci\u00f3.<\/span><\/p>\n<p>&nbsp;<\/p>\n<p><strong>ACTIVITATS QUE PROMOU EL DEPARTAMENT DE MATEM\u00c0TIQUES<\/strong><\/p>\n<p>En aquest espai us volem mostrar\u00a0algunes de les\u00a0activitats que fem al llarg de l&#8217;any en el departament.<\/p>\n<p><strong>Dia de les matem\u00e0tiques<\/strong><\/p>\n<p style=\"text-align: justify;\">El <b>Dia Pi<\/b> \u00e9s una celebraci\u00f3 que commemora la <a title=\"Constant matem\u00e0tica\" href=\"https:\/\/ca.wikipedia.org\/wiki\/Constant_matem%C3%A0tica\">constant matem\u00e0tica<\/a> <a class=\"mw-redirect\" title=\"Pi (nombre)\" href=\"https:\/\/ca.wikipedia.org\/wiki\/Pi_(nombre)\">\u03c0 (pi)<\/a>. El Dia Pi se celebra el <a title=\"14 de mar\u00e7\" href=\"https:\/\/ca.wikipedia.org\/wiki\/14_de_mar%C3%A7\">14 de mar\u00e7<\/a> (en el format de calendari <i>mes\/dia<\/i>, 3\/14 que representen els tres d\u00edgits m\u00e9s representatius de la constant).<\/p>\n<p style=\"text-align: justify;\">Des de l&#8217;any 2012 celebrem en l&#8217;institut aquest dia amb diferents activitats matem\u00e0tiques que realitzen els alumnes. Concretament els alumnes de 3r d&#8217;ESO preparen una gimcana al pati i els alumnes de 1r i 2n resolen els diferents reptes matem\u00e0tics per equips<\/p>\n<table>\n<tbody>\n<tr>\n<td><img loading=\"lazy\" decoding=\"async\" class=\"alignnone wp-image-591\" src=\"http:\/\/agora.xtec.cat\/insderodadebara\/wp-content\/uploads\/usu1145\/2015\/05\/2016-01-29_094721.jpg\" alt=\"2016-01-29_094721\" width=\"256\" height=\"192\" srcset=\"https:\/\/agora.xtec.cat\/insderodadebara\/wp-content\/uploads\/usu1145\/2015\/05\/2016-01-29_094721.jpg 818w, https:\/\/agora.xtec.cat\/insderodadebara\/wp-content\/uploads\/usu1145\/2015\/05\/2016-01-29_094721-300x225.jpg 300w, https:\/\/agora.xtec.cat\/insderodadebara\/wp-content\/uploads\/usu1145\/2015\/05\/2016-01-29_094721-200x150.jpg 200w\" sizes=\"auto, (max-width: 256px) 100vw, 256px\" \/><\/td>\n<td><img loading=\"lazy\" decoding=\"async\" class=\"alignnone wp-image-590\" src=\"http:\/\/agora.xtec.cat\/insderodadebara\/wp-content\/uploads\/usu1145\/2015\/05\/2016-01-29_094637.jpg\" alt=\"2016-01-29_094637\" width=\"255\" height=\"187\" srcset=\"https:\/\/agora.xtec.cat\/insderodadebara\/wp-content\/uploads\/usu1145\/2015\/05\/2016-01-29_094637.jpg 820w, https:\/\/agora.xtec.cat\/insderodadebara\/wp-content\/uploads\/usu1145\/2015\/05\/2016-01-29_094637-300x221.jpg 300w\" sizes=\"auto, (max-width: 255px) 100vw, 255px\" \/><\/td>\n<td><a href=\"http:\/\/agora.xtec.cat\/insderodadebara\/wp-content\/uploads\/usu1145\/2015\/05\/2016-01-29_094748.jpg\"><img loading=\"lazy\" decoding=\"async\" class=\"alignnone wp-image-592\" src=\"http:\/\/agora.xtec.cat\/insderodadebara\/wp-content\/uploads\/usu1145\/2015\/05\/2016-01-29_094748.jpg\" alt=\"2016-01-29_094748\" width=\"258\" height=\"192\" srcset=\"https:\/\/agora.xtec.cat\/insderodadebara\/wp-content\/uploads\/usu1145\/2015\/05\/2016-01-29_094748.jpg 635w, https:\/\/agora.xtec.cat\/insderodadebara\/wp-content\/uploads\/usu1145\/2015\/05\/2016-01-29_094748-200x150.jpg 200w\" sizes=\"auto, (max-width: 258px) 100vw, 258px\" \/><\/a><\/td>\n<\/tr>\n<\/tbody>\n<\/table>\n<p><strong>Concurs de les proves cangur<\/strong><\/p>\n<p style=\"text-align: justify;\">Les <b>proves Cangur<\/b> (altrament dites <b>International Mathematical Kangaroo<\/b> o b\u00e9 <b>Kangourou sans fronti\u00e8res<\/b>) \u00e9s un concurs preuniversitari de matem\u00e0tiques que s&#8217;organitza en m\u00e9s de 30 pa\u00efsos, amb l&#8217;objectiu d&#8217;acostar les matem\u00e0tiques als m\u00e9s joves i intentar despertar el seu inter\u00e8s.\u00a0La competici\u00f3 es porta a terme anualment el mes de mar\u00e7. Segons l&#8217;opini\u00f3 dels organitzadors, les compet\u00e8ncies que es posen a prova en el Cangur s\u00f3n una combinaci\u00f3 entre la l\u00f2gica i les matem\u00e0tiques, no \u00fanicament el coneixement de f\u00f3rmules.<\/p>\n<p>Al llarg del segon trimestre tots els alumenes del centre realitzen les<a href=\"http:\/\/www.cangur.org\/\"> proves cangur<\/a> a nivell intern de centre. A continuaci\u00f3, els 10 millors de cada curs es classifiquen per realitzar l&#8217;olimp\u00edada matem\u00e0tica a nivell de Catalunya.<\/p>\n<p><strong>Copa Cangur<\/strong><\/p>\n<p style=\"text-align: justify;\">La Copa Cangur \u00e9s un concurs on participen un total de\u00a03 alumnes de segon i 4 alumnes de\u00a0tercer d&#8217;ESO en equip. Es competeix amb equips d&#8217;altres centres educatius. L&#8217;objectiu \u00e9s resoldre una s\u00e8rie de problemes matem\u00e0tics d&#8217;elevada dificultat i treure la major puntuaci\u00f3 respecte a la resta de participants.<\/p>\n<p style=\"text-align: justify;\">El curs escolar 2016\/2017 va ser la primera vegada que l&#8217;Institut de Roda de Ber\u00e0 va participar. Aquest primer any va quedar en la quarta posici\u00f3, d&#8217;entre 14 participants. Aix\u00f2 ens va animar a continuar participant el curs seg\u00fcent.<\/p>\n<p><strong>Concurs de fotografia matem\u00e0tica<\/strong><\/p>\n<p style=\"text-align: justify;\">Una foto \u00e9s matem\u00e0tica si hi ha intenci\u00f3 per part de l\u2019autor de que aix\u00ed sigui. Aquesta intenci\u00f3 matem\u00e0tica ha de quedar reflectida clarament en el t\u00edtol de la foto, en el que s\u2019ha de fer refer\u00e8ncia, d\u2019alguna manera, al contingut matem\u00e0tic.<\/p>\n<p>En el nostre centre realitzem un concurs de fotografia matem\u00e0tica tots els anys des del curs 2013\/14.<\/p>\n<p><strong>Guanyadors 2013\/14<\/strong><\/p>\n<table>\n<tbody>\n<tr>\n<td style=\"text-align: center;\">1r ESO<\/td>\n<td style=\"text-align: center;\">2n ESO<\/td>\n<td style=\"text-align: center;\">3r ESO<\/td>\n<td style=\"text-align: center;\">4t ESO<\/td>\n<\/tr>\n<tr>\n<td><a href=\"http:\/\/agora.xtec.cat\/insderodadebara\/wp-content\/uploads\/usu1145\/2015\/05\/2016-01-29_092204.jpg\"><img loading=\"lazy\" decoding=\"async\" class=\"alignnone wp-image-583\" src=\"http:\/\/agora.xtec.cat\/insderodadebara\/wp-content\/uploads\/usu1145\/2015\/05\/2016-01-29_092204.jpg\" alt=\"2016-01-29_092204\" width=\"212\" height=\"157\" srcset=\"https:\/\/agora.xtec.cat\/insderodadebara\/wp-content\/uploads\/usu1145\/2015\/05\/2016-01-29_092204.jpg 588w, https:\/\/agora.xtec.cat\/insderodadebara\/wp-content\/uploads\/usu1145\/2015\/05\/2016-01-29_092204-300x221.jpg 300w\" sizes=\"auto, (max-width: 212px) 100vw, 212px\" \/><\/a><\/td>\n<td><a href=\"http:\/\/agora.xtec.cat\/insderodadebara\/wp-content\/uploads\/usu1145\/2015\/05\/2016-01-29_092244.jpg\"><img loading=\"lazy\" decoding=\"async\" class=\"alignnone wp-image-584\" src=\"http:\/\/agora.xtec.cat\/insderodadebara\/wp-content\/uploads\/usu1145\/2015\/05\/2016-01-29_092244.jpg\" alt=\"2016-01-29_092244\" width=\"213\" height=\"159\" srcset=\"https:\/\/agora.xtec.cat\/insderodadebara\/wp-content\/uploads\/usu1145\/2015\/05\/2016-01-29_092244.jpg 818w, https:\/\/agora.xtec.cat\/insderodadebara\/wp-content\/uploads\/usu1145\/2015\/05\/2016-01-29_092244-300x223.jpg 300w, https:\/\/agora.xtec.cat\/insderodadebara\/wp-content\/uploads\/usu1145\/2015\/05\/2016-01-29_092244-200x150.jpg 200w\" sizes=\"auto, (max-width: 213px) 100vw, 213px\" \/><\/a><\/td>\n<td><a href=\"http:\/\/agora.xtec.cat\/insderodadebara\/wp-content\/uploads\/usu1145\/2015\/05\/2016-01-29_092309.jpg\"><img loading=\"lazy\" decoding=\"async\" class=\"alignnone wp-image-585\" src=\"http:\/\/agora.xtec.cat\/insderodadebara\/wp-content\/uploads\/usu1145\/2015\/05\/2016-01-29_092309.jpg\" alt=\"2016-01-29_092309\" width=\"253\" height=\"111\" srcset=\"https:\/\/agora.xtec.cat\/insderodadebara\/wp-content\/uploads\/usu1145\/2015\/05\/2016-01-29_092309.jpg 831w, https:\/\/agora.xtec.cat\/insderodadebara\/wp-content\/uploads\/usu1145\/2015\/05\/2016-01-29_092309-300x132.jpg 300w\" sizes=\"auto, (max-width: 253px) 100vw, 253px\" \/><\/a><\/td>\n<td><a href=\"http:\/\/agora.xtec.cat\/insderodadebara\/wp-content\/uploads\/usu1145\/2015\/05\/2016-01-29_092334.jpg\"><img loading=\"lazy\" decoding=\"async\" class=\"alignnone wp-image-582\" src=\"http:\/\/agora.xtec.cat\/insderodadebara\/wp-content\/uploads\/usu1145\/2015\/05\/2016-01-29_092334.jpg\" alt=\"2016-01-29_092334\" width=\"182\" height=\"135\" srcset=\"https:\/\/agora.xtec.cat\/insderodadebara\/wp-content\/uploads\/usu1145\/2015\/05\/2016-01-29_092334.jpg 802w, https:\/\/agora.xtec.cat\/insderodadebara\/wp-content\/uploads\/usu1145\/2015\/05\/2016-01-29_092334-300x224.jpg 300w\" sizes=\"auto, (max-width: 182px) 100vw, 182px\" \/><\/a><\/td>\n<\/tr>\n<tr>\n<td style=\"text-align: center;\">L&#8217;infinit<\/td>\n<td style=\"text-align: center;\">Geometria urbana<\/td>\n<td style=\"text-align: center;\">Volum de la taronja<\/td>\n<td style=\"text-align: center;\">Casa geom\u00e8trica<\/td>\n<\/tr>\n<\/tbody>\n<\/table>\n<p><strong>Guanyadors 2014\/15<\/strong><\/p>\n<table style=\"width: 700px;\">\n<tbody>\n<tr>\n<td style=\"text-align: center; width: 150px;\">1r ESO<\/td>\n<td style=\"text-align: center; width: 171px;\">2n ESO<\/td>\n<td style=\"text-align: center; width: 190px;\">3r ESO<\/td>\n<td style=\"text-align: center; width: 177px;\">4t ESO<\/td>\n<\/tr>\n<tr>\n<td style=\"width: 150px;\"><a href=\"http:\/\/agora.xtec.cat\/insderodadebara\/wp-content\/uploads\/usu1145\/2015\/05\/ESO12_La-via-de-la-geometria.jpg\"><img loading=\"lazy\" decoding=\"async\" class=\"alignnone wp-image-586\" src=\"http:\/\/agora.xtec.cat\/insderodadebara\/wp-content\/uploads\/usu1145\/2015\/05\/ESO12_La-via-de-la-geometria.jpg\" alt=\"ESO12_La via de la geometria\" width=\"207\" height=\"155\" srcset=\"https:\/\/agora.xtec.cat\/insderodadebara\/wp-content\/uploads\/usu1145\/2015\/05\/ESO12_La-via-de-la-geometria.jpg 640w, https:\/\/agora.xtec.cat\/insderodadebara\/wp-content\/uploads\/usu1145\/2015\/05\/ESO12_La-via-de-la-geometria-300x225.jpg 300w, https:\/\/agora.xtec.cat\/insderodadebara\/wp-content\/uploads\/usu1145\/2015\/05\/ESO12_La-via-de-la-geometria-200x150.jpg 200w\" sizes=\"auto, (max-width: 207px) 100vw, 207px\" \/><\/a><\/td>\n<td style=\"width: 171px;\"><a href=\"http:\/\/agora.xtec.cat\/insderodadebara\/wp-content\/uploads\/usu1145\/2015\/05\/ESO-2_El-nombre-PI-urb\u00e0_Gemma-Palau.jpg\"><img loading=\"lazy\" decoding=\"async\" class=\"alignnone wp-image-587\" src=\"http:\/\/agora.xtec.cat\/insderodadebara\/wp-content\/uploads\/usu1145\/2015\/05\/ESO-2_El-nombre-PI-urb\u00e0_Gemma-Palau-1024x768.jpg\" alt=\"ESO 2_El nombre PI urb\u00e0_Gemma Palau\" width=\"213\" height=\"160\" srcset=\"https:\/\/agora.xtec.cat\/insderodadebara\/wp-content\/uploads\/usu1145\/2015\/05\/ESO-2_El-nombre-PI-urb\u00e0_Gemma-Palau-1024x768.jpg 1024w, https:\/\/agora.xtec.cat\/insderodadebara\/wp-content\/uploads\/usu1145\/2015\/05\/ESO-2_El-nombre-PI-urb\u00e0_Gemma-Palau-300x225.jpg 300w, https:\/\/agora.xtec.cat\/insderodadebara\/wp-content\/uploads\/usu1145\/2015\/05\/ESO-2_El-nombre-PI-urb\u00e0_Gemma-Palau-200x150.jpg 200w, https:\/\/agora.xtec.cat\/insderodadebara\/wp-content\/uploads\/usu1145\/2015\/05\/ESO-2_El-nombre-PI-urb\u00e0_Gemma-Palau.jpg 1280w\" sizes=\"auto, (max-width: 213px) 100vw, 213px\" \/><\/a><\/td>\n<td style=\"width: 190px;\"><a href=\"http:\/\/agora.xtec.cat\/insderodadebara\/wp-content\/uploads\/usu1145\/2015\/05\/ESO34_Angles-urbans.jpg\"><img loading=\"lazy\" decoding=\"async\" class=\"alignnone wp-image-588\" src=\"http:\/\/agora.xtec.cat\/insderodadebara\/wp-content\/uploads\/usu1145\/2015\/05\/ESO34_Angles-urbans.jpg\" alt=\"ESO34_Angles urbans\" width=\"186\" height=\"124\" srcset=\"https:\/\/agora.xtec.cat\/insderodadebara\/wp-content\/uploads\/usu1145\/2015\/05\/ESO34_Angles-urbans.jpg 778w, https:\/\/agora.xtec.cat\/insderodadebara\/wp-content\/uploads\/usu1145\/2015\/05\/ESO34_Angles-urbans-300x200.jpg 300w\" sizes=\"auto, (max-width: 186px) 100vw, 186px\" \/><\/a><\/td>\n<td style=\"width: 177px;\"><a href=\"http:\/\/agora.xtec.cat\/insderodadebara\/wp-content\/uploads\/usu1145\/2015\/05\/alina-ESO34_Per-a-jugar-b\u00e9-hem-de-calcular-la-hipotenusa.jpg\"><img loading=\"lazy\" decoding=\"async\" class=\"alignnone wp-image-589\" src=\"http:\/\/agora.xtec.cat\/insderodadebara\/wp-content\/uploads\/usu1145\/2015\/05\/alina-ESO34_Per-a-jugar-b\u00e9-hem-de-calcular-la-hipotenusa-1024x768.jpg\" alt=\"alina ESO34_Per a jugar b\u00e9, hem de calcular la hipotenusa\" width=\"162\" height=\"121\" srcset=\"https:\/\/agora.xtec.cat\/insderodadebara\/wp-content\/uploads\/usu1145\/2015\/05\/alina-ESO34_Per-a-jugar-b\u00e9-hem-de-calcular-la-hipotenusa-1024x768.jpg 1024w, https:\/\/agora.xtec.cat\/insderodadebara\/wp-content\/uploads\/usu1145\/2015\/05\/alina-ESO34_Per-a-jugar-b\u00e9-hem-de-calcular-la-hipotenusa-300x225.jpg 300w, https:\/\/agora.xtec.cat\/insderodadebara\/wp-content\/uploads\/usu1145\/2015\/05\/alina-ESO34_Per-a-jugar-b\u00e9-hem-de-calcular-la-hipotenusa-200x150.jpg 200w\" sizes=\"auto, (max-width: 162px) 100vw, 162px\" \/><\/a><\/td>\n<\/tr>\n<tr>\n<td style=\"text-align: center; width: 150px;\">La via de la \u00a0geometria<\/td>\n<td style=\"text-align: center; width: 171px;\">Nombre pi urb\u00e0<\/td>\n<td style=\"text-align: center; width: 190px;\">Angles urbans<\/td>\n<td style=\"text-align: center; width: 177px;\">Per a jugar b\u00e9, hem de calcular la hipotenusa<\/td>\n<\/tr>\n<\/tbody>\n<\/table>\n<p><strong>Guanyadors 2015\/16<\/strong><\/p>\n<table>\n<tbody>\n<tr>\n<td style=\"text-align: center;\">1r ESO<\/td>\n<td style=\"text-align: center;\">2n ESO<\/td>\n<td style=\"text-align: center;\">3r ESO<\/td>\n<td style=\"text-align: center;\">4t ESO<\/td>\n<\/tr>\n<tr>\n<td>\u00a0<a href=\"http:\/\/agora.xtec.cat\/insderodadebara\/wp-content\/uploads\/usu1145\/2015\/05\/1r.jpg\"><img loading=\"lazy\" decoding=\"async\" class=\"alignnone wp-image-760\" src=\"http:\/\/agora.xtec.cat\/insderodadebara\/wp-content\/uploads\/usu1145\/2015\/05\/1r.jpg\" alt=\"1r\" width=\"231\" height=\"147\" srcset=\"https:\/\/agora.xtec.cat\/insderodadebara\/wp-content\/uploads\/usu1145\/2015\/05\/1r.jpg 560w, https:\/\/agora.xtec.cat\/insderodadebara\/wp-content\/uploads\/usu1145\/2015\/05\/1r-300x191.jpg 300w\" sizes=\"auto, (max-width: 231px) 100vw, 231px\" \/><\/a><\/td>\n<td><img loading=\"lazy\" decoding=\"async\" class=\"alignnone wp-image-761\" src=\"http:\/\/agora.xtec.cat\/insderodadebara\/wp-content\/uploads\/usu1145\/2015\/05\/2n.jpg\" alt=\"2n\" width=\"157\" height=\"182\" srcset=\"https:\/\/agora.xtec.cat\/insderodadebara\/wp-content\/uploads\/usu1145\/2015\/05\/2n.jpg 526w, https:\/\/agora.xtec.cat\/insderodadebara\/wp-content\/uploads\/usu1145\/2015\/05\/2n-259x300.jpg 259w\" sizes=\"auto, (max-width: 157px) 100vw, 157px\" \/><\/td>\n<td><img loading=\"lazy\" decoding=\"async\" class=\"alignnone wp-image-762\" src=\"http:\/\/agora.xtec.cat\/insderodadebara\/wp-content\/uploads\/usu1145\/2015\/05\/3r.jpg\" alt=\"3r\" width=\"214\" height=\"159\" srcset=\"https:\/\/agora.xtec.cat\/insderodadebara\/wp-content\/uploads\/usu1145\/2015\/05\/3r.jpg 816w, https:\/\/agora.xtec.cat\/insderodadebara\/wp-content\/uploads\/usu1145\/2015\/05\/3r-300x222.jpg 300w, https:\/\/agora.xtec.cat\/insderodadebara\/wp-content\/uploads\/usu1145\/2015\/05\/3r-200x150.jpg 200w\" sizes=\"auto, (max-width: 214px) 100vw, 214px\" \/><\/td>\n<td><img loading=\"lazy\" decoding=\"async\" class=\"alignnone wp-image-759\" src=\"http:\/\/agora.xtec.cat\/insderodadebara\/wp-content\/uploads\/usu1145\/2015\/05\/4t.jpg\" alt=\"4t\" width=\"230\" height=\"168\" srcset=\"https:\/\/agora.xtec.cat\/insderodadebara\/wp-content\/uploads\/usu1145\/2015\/05\/4t.jpg 816w, https:\/\/agora.xtec.cat\/insderodadebara\/wp-content\/uploads\/usu1145\/2015\/05\/4t-300x218.jpg 300w\" sizes=\"auto, (max-width: 230px) 100vw, 230px\" \/><\/td>\n<\/tr>\n<tr>\n<td style=\"text-align: center;\">Operaci\u00f3<\/td>\n<td style=\"text-align: center;\">La perspectiva objectiva<\/td>\n<td style=\"text-align: center;\">Arrel quadrada del resultat<\/td>\n<td style=\"text-align: center;\">Skate-pi<\/td>\n<\/tr>\n<\/tbody>\n<\/table>\n<p><strong>Guanyadors 2016\/17<\/strong><\/p>\n<table style=\"width: 715px; height: 204px;\">\n<tbody>\n<tr style=\"height: 31px;\">\n<td style=\"text-align: center; width: 185px; height: 31px;\">1r ESO<\/td>\n<td style=\"text-align: center; width: 199px; height: 31px;\">2n ESO<\/td>\n<td style=\"text-align: center; width: 201px; height: 31px;\">3r ESO<\/td>\n<td style=\"text-align: center; width: 118px; height: 31px;\">4t ESO<\/td>\n<\/tr>\n<tr style=\"height: 141px;\">\n<td style=\"width: 185px; height: 141px;\"><a href=\"http:\/\/agora.xtec.cat\/insderodadebara\/wp-content\/uploads\/usu1145\/2015\/05\/CarlosAlvarezArroyo.jpg\"><img loading=\"lazy\" decoding=\"async\" class=\"alignnone wp-image-1778\" src=\"http:\/\/agora.xtec.cat\/insderodadebara\/wp-content\/uploads\/usu1145\/2015\/05\/CarlosAlvarezArroyo-1024x614.jpg\" alt=\"\" width=\"186\" height=\"112\" srcset=\"https:\/\/agora.xtec.cat\/insderodadebara\/wp-content\/uploads\/usu1145\/2015\/05\/CarlosAlvarezArroyo-1024x614.jpg 1024w, https:\/\/agora.xtec.cat\/insderodadebara\/wp-content\/uploads\/usu1145\/2015\/05\/CarlosAlvarezArroyo-300x180.jpg 300w, https:\/\/agora.xtec.cat\/insderodadebara\/wp-content\/uploads\/usu1145\/2015\/05\/CarlosAlvarezArroyo-768x461.jpg 768w\" sizes=\"auto, (max-width: 186px) 100vw, 186px\" \/><\/a><\/td>\n<td style=\"width: 199px; height: 141px;\"><a href=\"http:\/\/agora.xtec.cat\/insderodadebara\/wp-content\/uploads\/usu1145\/2015\/05\/criadecavall_eric_chacon.jpg\"><img loading=\"lazy\" decoding=\"async\" class=\"wp-image-1779 aligncenter\" src=\"http:\/\/agora.xtec.cat\/insderodadebara\/wp-content\/uploads\/usu1145\/2015\/05\/criadecavall_eric_chacon-1024x519.jpg\" alt=\"\" width=\"206\" height=\"104\" srcset=\"https:\/\/agora.xtec.cat\/insderodadebara\/wp-content\/uploads\/usu1145\/2015\/05\/criadecavall_eric_chacon.jpg 1024w, https:\/\/agora.xtec.cat\/insderodadebara\/wp-content\/uploads\/usu1145\/2015\/05\/criadecavall_eric_chacon-300x152.jpg 300w, https:\/\/agora.xtec.cat\/insderodadebara\/wp-content\/uploads\/usu1145\/2015\/05\/criadecavall_eric_chacon-768x389.jpg 768w\" sizes=\"auto, (max-width: 206px) 100vw, 206px\" \/><\/a><\/td>\n<td style=\"width: 201px; height: 141px;\"><a href=\"http:\/\/agora.xtec.cat\/insderodadebara\/wp-content\/uploads\/usu1145\/2015\/05\/CeliaMartinezLebronOmbra-matem\u00e1tica-1.jpg\"><img loading=\"lazy\" decoding=\"async\" class=\"wp-image-1780 aligncenter\" src=\"http:\/\/agora.xtec.cat\/insderodadebara\/wp-content\/uploads\/usu1145\/2015\/05\/CeliaMartinezLebronOmbra-matem\u00e1tica-1-1024x683.jpg\" alt=\"\" width=\"187\" height=\"124\" srcset=\"https:\/\/agora.xtec.cat\/insderodadebara\/wp-content\/uploads\/usu1145\/2015\/05\/CeliaMartinezLebronOmbra-matem\u00e1tica-1-1024x683.jpg 1024w, https:\/\/agora.xtec.cat\/insderodadebara\/wp-content\/uploads\/usu1145\/2015\/05\/CeliaMartinezLebronOmbra-matem\u00e1tica-1-300x200.jpg 300w, https:\/\/agora.xtec.cat\/insderodadebara\/wp-content\/uploads\/usu1145\/2015\/05\/CeliaMartinezLebronOmbra-matem\u00e1tica-1-768x512.jpg 768w, https:\/\/agora.xtec.cat\/insderodadebara\/wp-content\/uploads\/usu1145\/2015\/05\/CeliaMartinezLebronOmbra-matem\u00e1tica-1.jpg 1800w\" sizes=\"auto, (max-width: 187px) 100vw, 187px\" \/><\/a><\/td>\n<td style=\"width: 118px; height: 141px;\"><a href=\"http:\/\/agora.xtec.cat\/insderodadebara\/wp-content\/uploads\/usu1145\/2015\/05\/01_Cercle-Solar_Maria-Caridad.jpg\"><img loading=\"lazy\" decoding=\"async\" class=\"wp-image-1781 aligncenter\" src=\"http:\/\/agora.xtec.cat\/insderodadebara\/wp-content\/uploads\/usu1145\/2015\/05\/01_Cercle-Solar_Maria-Caridad-768x1024.jpg\" alt=\"\" width=\"94\" height=\"125\" srcset=\"https:\/\/agora.xtec.cat\/insderodadebara\/wp-content\/uploads\/usu1145\/2015\/05\/01_Cercle-Solar_Maria-Caridad-768x1024.jpg 768w, https:\/\/agora.xtec.cat\/insderodadebara\/wp-content\/uploads\/usu1145\/2015\/05\/01_Cercle-Solar_Maria-Caridad-225x300.jpg 225w\" sizes=\"auto, (max-width: 94px) 100vw, 94px\" \/><\/a><\/td>\n<\/tr>\n<tr style=\"height: 46px;\">\n<td style=\"text-align: center; width: 185px; height: 46px;\">El temps jugant amb la simetria<\/td>\n<td style=\"text-align: center; width: 199px; height: 46px;\">Cria de cavalls<\/td>\n<td style=\"text-align: center; width: 201px; height: 46px;\">Ombra matem\u00e0tica<\/td>\n<td style=\"text-align: center; width: 118px; height: 46px;\">Cercle Solar<\/td>\n<\/tr>\n<\/tbody>\n<\/table>\n<p><strong>Guanyadors 2017\/18<\/strong><\/p>\n<table style=\"border-collapse: collapse; width: 100%;\" border=\"1\">\n<tbody>\n<tr style=\"height: 30px;\">\n<td style=\"width: 25%; text-align: center; height: 30px;\">1r ESO<\/td>\n<td style=\"width: 25%; text-align: center; height: 30px;\">2n ESO<\/td>\n<td style=\"width: 25%; text-align: center; height: 30px;\">3r ESO<\/td>\n<td style=\"width: 25%; text-align: center; height: 30px;\">4t ESO<\/td>\n<\/tr>\n<tr style=\"height: 30px;\">\n<td style=\"height: 30px;\"><a href=\"http:\/\/agora.xtec.cat\/insderodadebara\/wp-content\/uploads\/usu1145\/2018\/09\/ESO1_SumaEsportiva_Manuel_G\u00f3mezRodr\u00edguez.jpg\"><img loading=\"lazy\" decoding=\"async\" class=\"wp-image-2201 aligncenter\" src=\"http:\/\/agora.xtec.cat\/insderodadebara\/wp-content\/uploads\/usu1145\/2018\/09\/ESO1_SumaEsportiva_Manuel_G\u00f3mezRodr\u00edguez-1024x768.jpg\" alt=\"\" width=\"196\" height=\"148\" srcset=\"https:\/\/agora.xtec.cat\/insderodadebara\/wp-content\/uploads\/usu1145\/2018\/09\/ESO1_SumaEsportiva_Manuel_G\u00f3mezRodr\u00edguez-1024x768.jpg 1024w, https:\/\/agora.xtec.cat\/insderodadebara\/wp-content\/uploads\/usu1145\/2018\/09\/ESO1_SumaEsportiva_Manuel_G\u00f3mezRodr\u00edguez-300x225.jpg 300w, https:\/\/agora.xtec.cat\/insderodadebara\/wp-content\/uploads\/usu1145\/2018\/09\/ESO1_SumaEsportiva_Manuel_G\u00f3mezRodr\u00edguez-768x576.jpg 768w, https:\/\/agora.xtec.cat\/insderodadebara\/wp-content\/uploads\/usu1145\/2018\/09\/ESO1_SumaEsportiva_Manuel_G\u00f3mezRodr\u00edguez-200x150.jpg 200w\" sizes=\"auto, (max-width: 196px) 100vw, 196px\" \/><\/a><\/td>\n<td style=\"height: 30px;\"><a href=\"http:\/\/agora.xtec.cat\/insderodadebara\/wp-content\/uploads\/usu1145\/2018\/09\/Particions-irregulars.jpg\"><img loading=\"lazy\" decoding=\"async\" class=\"wp-image-2202 aligncenter\" src=\"http:\/\/agora.xtec.cat\/insderodadebara\/wp-content\/uploads\/usu1145\/2018\/09\/Particions-irregulars.jpg\" alt=\"\" width=\"172\" height=\"173\" srcset=\"https:\/\/agora.xtec.cat\/insderodadebara\/wp-content\/uploads\/usu1145\/2018\/09\/Particions-irregulars.jpg 640w, https:\/\/agora.xtec.cat\/insderodadebara\/wp-content\/uploads\/usu1145\/2018\/09\/Particions-irregulars-150x150.jpg 150w, https:\/\/agora.xtec.cat\/insderodadebara\/wp-content\/uploads\/usu1145\/2018\/09\/Particions-irregulars-300x300.jpg 300w\" sizes=\"auto, (max-width: 172px) 100vw, 172px\" \/><\/a><\/td>\n<td style=\"height: 30px;\"><a href=\"http:\/\/agora.xtec.cat\/insderodadebara\/wp-content\/uploads\/usu1145\/2018\/09\/Si-a90\u00ba-teoria-del-caos.jpg\"><img loading=\"lazy\" decoding=\"async\" class=\"wp-image-2200 aligncenter\" src=\"http:\/\/agora.xtec.cat\/insderodadebara\/wp-content\/uploads\/usu1145\/2018\/09\/Si-a90\u00ba-teoria-del-caos-819x1024.jpg\" alt=\"\" width=\"141\" height=\"176\" srcset=\"https:\/\/agora.xtec.cat\/insderodadebara\/wp-content\/uploads\/usu1145\/2018\/09\/Si-a90\u00ba-teoria-del-caos-819x1024.jpg 819w, https:\/\/agora.xtec.cat\/insderodadebara\/wp-content\/uploads\/usu1145\/2018\/09\/Si-a90\u00ba-teoria-del-caos-240x300.jpg 240w, https:\/\/agora.xtec.cat\/insderodadebara\/wp-content\/uploads\/usu1145\/2018\/09\/Si-a90\u00ba-teoria-del-caos-768x960.jpg 768w, https:\/\/agora.xtec.cat\/insderodadebara\/wp-content\/uploads\/usu1145\/2018\/09\/Si-a90\u00ba-teoria-del-caos.jpg 912w\" sizes=\"auto, (max-width: 141px) 100vw, 141px\" \/><\/a><\/td>\n<td style=\"height: 30px;\"><a href=\"http:\/\/agora.xtec.cat\/insderodadebara\/wp-content\/uploads\/usu1145\/2018\/09\/LESCALA-TRI\u00c0NGULAR.png\"><img loading=\"lazy\" decoding=\"async\" class=\"wp-image-2203 aligncenter\" src=\"http:\/\/agora.xtec.cat\/insderodadebara\/wp-content\/uploads\/usu1145\/2018\/09\/LESCALA-TRI\u00c0NGULAR-902x1024.png\" alt=\"\" width=\"159\" height=\"180\" srcset=\"https:\/\/agora.xtec.cat\/insderodadebara\/wp-content\/uploads\/usu1145\/2018\/09\/LESCALA-TRI\u00c0NGULAR-902x1024.png 902w, https:\/\/agora.xtec.cat\/insderodadebara\/wp-content\/uploads\/usu1145\/2018\/09\/LESCALA-TRI\u00c0NGULAR-264x300.png 264w, https:\/\/agora.xtec.cat\/insderodadebara\/wp-content\/uploads\/usu1145\/2018\/09\/LESCALA-TRI\u00c0NGULAR-768x872.png 768w, https:\/\/agora.xtec.cat\/insderodadebara\/wp-content\/uploads\/usu1145\/2018\/09\/LESCALA-TRI\u00c0NGULAR.png 1024w\" sizes=\"auto, (max-width: 159px) 100vw, 159px\" \/><\/a><\/td>\n<\/tr>\n<tr style=\"height: 30px;\">\n<td style=\"width: 25%; height: 30px; text-align: center;\">Suma esportiva<\/td>\n<td style=\"width: 25%; height: 30px; text-align: center;\">Particions irregulars<\/td>\n<td style=\"width: 25%; height: 30px; text-align: center;\">Si angle \u00e9s 90\u00ba= Teoria del Caos<\/td>\n<td style=\"width: 25%; height: 30px; text-align: center;\">L&#8217;escala triangular<\/td>\n<\/tr>\n<\/tbody>\n<\/table>\n<p><strong>JORNADES STEAM<\/strong><\/p>\n<p>El curs 2017-2018 els departaments de Matem\u00e0tiques, Tecnologia, Ci\u00e8ncies i Visual i Pl\u00e0stica, van plantejar per primera vegades unes jornades cient\u00edfico-tecnol\u00f2giques, anomenades STEAM (Science, Technology, Engineering, Arts and Mathematics). El resultat va ser molt gratificant, perqu\u00e8 per primera vegada s&#8217;havia muntat una activitat tant complexa i amb tanta varietat de recursos diferents: la rob\u00f2tica, l&#8217;art, la c\u00fapula de Leonardo,\u00a0 \u00a0un escape room i les diferents activitats de laboratori del departament de ci\u00e8ncies van fer d&#8217;aquesta primera jornada STEAM fou per a tots inoblidable.<\/p>\n<p>&nbsp;<\/p>\n<p>&nbsp;<\/p>\n","protected":false},"excerpt":{"rendered":"<p>CURS 2025-2026<br \/>\nEl departament de Matem\u00e0tiques de l&#8217;institut de Roda de Ber\u00e0 el formem l&#8217;Estela Sim\u00f3, l&#8217;Anna Raga, la Maria Les, la Mati Campos, la Laura Lara, el Joan M. Llatser i el Razvan F Brencea. La distribuci\u00f3 de l&#8217;assignatura de matem\u00e0tiques \u00e9s la seg\u00fcent:<\/p>\n<p>Curs d\u2019ESO<br \/>\nDocents<\/p>\n<p>PRIMER&hellip;  <a href=\"https:\/\/agora.xtec.cat\/insderodadebara\/departaments\/matematiques\/\" title=\"Read Matem\u00e0tiques\">Llegeix m\u00e9s\u00bb<\/a><\/p>\n","protected":false},"author":1,"featured_media":0,"parent":418,"menu_order":0,"comment_status":"closed","ping_status":"closed","template":"page-templates\/side-menu.php","meta":{"_bbp_topic_count":0,"_bbp_reply_count":0,"_bbp_total_topic_count":0,"_bbp_total_reply_count":0,"_bbp_voice_count":0,"_bbp_anonymous_reply_count":0,"_bbp_topic_count_hidden":0,"_bbp_reply_count_hidden":0,"_bbp_forum_subforum_count":0,"footnotes":""},"class_list":["post-420","page","type-page","status-publish","hentry"],"post_mailing_queue_ids":[],"_links":{"self":[{"href":"https:\/\/agora.xtec.cat\/insderodadebara\/wp-json\/wp\/v2\/pages\/420","targetHints":{"allow":["GET"]}}],"collection":[{"href":"https:\/\/agora.xtec.cat\/insderodadebara\/wp-json\/wp\/v2\/pages"}],"about":[{"href":"https:\/\/agora.xtec.cat\/insderodadebara\/wp-json\/wp\/v2\/types\/page"}],"author":[{"embeddable":true,"href":"https:\/\/agora.xtec.cat\/insderodadebara\/wp-json\/wp\/v2\/users\/1"}],"replies":[{"embeddable":true,"href":"https:\/\/agora.xtec.cat\/insderodadebara\/wp-json\/wp\/v2\/comments?post=420"}],"version-history":[{"count":11,"href":"https:\/\/agora.xtec.cat\/insderodadebara\/wp-json\/wp\/v2\/pages\/420\/revisions"}],"predecessor-version":[{"id":4017,"href":"https:\/\/agora.xtec.cat\/insderodadebara\/wp-json\/wp\/v2\/pages\/420\/revisions\/4017"}],"up":[{"embeddable":true,"href":"https:\/\/agora.xtec.cat\/insderodadebara\/wp-json\/wp\/v2\/pages\/418"}],"wp:attachment":[{"href":"https:\/\/agora.xtec.cat\/insderodadebara\/wp-json\/wp\/v2\/media?parent=420"}],"curies":[{"name":"wp","href":"https:\/\/api.w.org\/{rel}","templated":true}]}}