{"id":3217,"date":"2023-05-17T18:39:06","date_gmt":"2023-05-17T16:39:06","guid":{"rendered":"https:\/\/agora.xtec.cat\/insderodadebara\/?page_id=3217"},"modified":"2023-05-17T20:18:36","modified_gmt":"2023-05-17T18:18:36","slug":"protocols-i-normativa-del-centre","status":"publish","type":"page","link":"https:\/\/agora.xtec.cat\/insderodadebara\/estrategia-digital-de-centre\/cultura-digital\/protocols-i-normativa-del-centre\/","title":{"rendered":"Protocols i normativa del centre"},"content":{"rendered":"<p><span style=\"font-weight: 400;\">Al centre existeixen protocols respecte a l\u2019\u00fas de m\u00f2bils i l\u2019\u00fas de port\u00e0tils.<\/span><\/p>\n<p><span style=\"text-decoration: underline;\"><strong>\u00daS DE M\u00d2BILS<\/strong><\/span><\/p>\n<p><span style=\"font-weight: 400;\"><strong>Est\u00e0 prohibit l\u2019\u00fas dels dispositius m\u00f2bils al centre<\/strong> <strong>i<\/strong> tamb\u00e9 a les <strong>sortides escolars<\/strong>. D\u2019entrada, l\u2019alumnat NO hauria de dur m\u00f2bil al centre perqu\u00e8 \u00e9s un objecte que provoca distraccions i tamb\u00e9 problemes molt greus (gravacions i fotografies no consentides entre alumnat, al professorat, ciberassetjament,amenaces, &#8230;).<\/span><\/p>\n<p><span style=\"font-weight: 400;\">Tanmateix, en cas que una fam\u00edlia consideri que la seva filla o el seu fill ha de dur el m\u00f2bil al <\/span><span style=\"font-weight: 400;\">damunt per una causa justificada, haur\u00e0 de sol\u00b7licitar-ho per escrit. A principi de curs es <\/span><span style=\"font-weight: 400;\">facilitar\u00e0 un document a totes les fam\u00edlies per tal que manifestin una de les dos opcions <\/span><span style=\"font-weight: 400;\">seg\u00fcents:<\/span><\/p>\n<ul>\n<li style=\"font-weight: 400;\" aria-level=\"1\"><span style=\"font-weight: 400;\">Que puguin dur el m\u00f2bil al centre i per tant hauran de justificar raonadament el perqu\u00e8.<\/span><\/li>\n<li style=\"font-weight: 400;\" aria-level=\"1\"><span style=\"font-weight: 400;\">Que manifestin que els seus fills i filles no duran m\u00f2bil al centre<\/span><\/li>\n<\/ul>\n<p><span style=\"font-weight: 400;\">En cas que els pares decideixin que els seus fills i filles han de dur el m\u00f2bil al centre, l\u2019hauran de deixar obligat\u00f2riament al despatx de la Directora a les 8 del mat\u00ed i l\u2019hauran de <\/span><span style=\"font-weight: 400;\">recollir a les 14.30 abans de marxar a casa. El m\u00f2bil s\u2019haur\u00e0 de deixar apagat i sense alarmes o notificacions activades.<\/span><\/p>\n<p><span style=\"font-weight: 400;\">Si es detecta que un alumne\/a no lliura el m\u00f2bil a primera hora, se li demanar\u00e0 que el deixi al despatx de la directora i se li posar\u00e0 una observaci\u00f3 negativa al Gestin. Si es nega a deixar-lo, es sancionar\u00e0 amb un comunicat contrari a les normes de conviv\u00e8ncia, es trucar\u00e0 a la fam\u00edlia i se\u2019ls demanar\u00e0 que es facin c\u00e0rrec del m\u00f2bil del fill.<\/span><\/p>\n<p><span style=\"font-weight: 400;\">Si es d\u00f3na el cas que els familiars de l\u2019alumne que ha dut el m\u00f2bil han manifestat que aquest no dur\u00e0 el m\u00f2bil, l\u2019equip directiu o el tutor\/a de l\u2019alumne haur\u00e0 d\u2019informar a casa.<\/span><\/p>\n<p><span style=\"font-weight: 400;\">Qualsevol alumne que faci \u00fas del tel\u00e8fon m\u00f2bil dins del recinte escolar (independentment de l\u2019opci\u00f3 escollida) ser\u00e0 sancionat amb un comunicat de disciplina de forma immediata. El centre no es far\u00e0 responsable de les avaries, trencament, p\u00e8rdues, furts o robatoris dels tel\u00e8fons m\u00f2bils dels alumnes.<\/span><\/p>\n<p><span style=\"text-decoration: underline;\"><strong>NORMATIVA D\u2019\u00daS DELS ORDINADORS PERSONALS A L\u2019AULA<\/strong><\/span><\/p>\n<ol>\n<li><span style=\"font-weight: 400;\"> Els alumnes han d\u2019enganxar una etiqueta amb les seves dades (nom, cognoms i grup) a la part de darrere del port\u00e0til sense tapar els forats de ventilaci\u00f3.<\/span><\/li>\n<li><span style=\"font-weight: 400;\"> Els ordinadors es portaran al centre al mat\u00ed i els tornaran a casa cada dia.<\/span><\/li>\n<li><span style=\"font-weight: 400;\"> Els ordinadors han d&#8217;arribar al centre amb la bateria carregada al 100%. No es podran carregar al centre.<\/span><\/li>\n<li><span style=\"font-weight: 400;\"> La personalitzaci\u00f3 de l&#8217;ordinador: escriptori, estalvi de pantalla, adhesius externs i d&#8217;altres elements hauran de ser respectuosos i ajustar-se a la normativa de conviv\u00e8ncia del centre.<\/span><\/li>\n<li><span style=\"font-weight: 400;\"> Cada alumne ha de treballar amb el seu ordinador i no fer servir el del company.<\/span><\/li>\n<li><span style=\"font-weight: 400;\"><strong> No es pot utilitzar l\u2019ordinador si no hi ha el professor\/a a l\u2019aula<\/strong>. Tampoc, entre classe i classe ni als passadissos ni al pati.<\/span><\/li>\n<li><span style=\"font-weight: 400;\"> L\u2019ordinador s\u2019engegar\u00e0 nom\u00e9s quan ho demani el professor\/a, la resta del temps s\u2019haur\u00e0 de guardar a la motxilla. El mateix succeeix amb tots els perif\u00e8rics (ratol\u00ed, mem\u00f2ria USB&#8230;).<\/span><\/li>\n<li><span style=\"font-weight: 400;\"> En cap cas es faran tasques amb l&#8217;ordinador diferents de les que indiqui el professor.<\/span><\/li>\n<li><span style=\"font-weight: 400;\"> El professorat pot controlar i revisar els continguts i activitats de l\u2019alumne\/a amb l\u2019ordinador.<\/span><\/li>\n<li><span style=\"font-weight: 400;\"> Els perif\u00e8rics (ratol\u00ed, llapis de mem\u00f2ria, auriculars\u2026) tan sols es podran fer servir quan el professor ho indiqui.<\/span><\/li>\n<li><span style=\"font-weight: 400;\"> Els objectius de la c\u00e0mera s\u2019hauran de tapar amb un adhesiu. Nom\u00e9s s&#8217;ha d&#8217;utilitzar quan ho indiqui el professor\/a. Mai s&#8217;ha de fotografiar altres persones ni enregistrar la seva veu.<\/span><\/li>\n<li><span style=\"font-weight: 400;\"> L\u2019ordinador no es pot fer servir per a descarregar m\u00fasica, fotos, v\u00eddeos, jocs, xatejar o fer \u00fas de xarxes socials, entrar a portals no educatius&#8230; Nom\u00e9s si el professor ho diu expressament podem fer una excepci\u00f3 a aquesta norma.<\/span><\/li>\n<li><span style=\"font-weight: 400;\"> Es sancionar\u00e0 l&#8217;\u00fas inadequat de la xarxa. Queda prohibit l&#8217;\u00fas de programari de desc\u00e0rrega il\u00b7legal. Cal tenir en compte que es tracta d\u2019una activitat il\u00b7legal que, a m\u00e9s, genera un perjudici directe a tot l\u2019institut en reduir l\u2019ample de banda.<\/span><\/li>\n<li><span style=\"font-weight: 400;\"> El professor\/a retirar\u00e0 temporalment l&#8217;ordinador quan se\u2019n faci un mal \u00fas.<\/span><\/li>\n<li><span style=\"font-weight: 400;\"> L&#8217;alumne\/a \u00e9s el\/la responsable del seu ordinador i de vetllar per la seva protecci\u00f3. <\/span>Ell\/ella ha de prendre les mesures necess\u00e0ries per evitar el furt, les avaries i els accidents. L&#8217;alumnat ser\u00e0 el responsable dels danys que pugui causar en els ordinadors d&#8217;altres companys.<\/li>\n<li><span style=\"font-weight: 400;\">Quan hi hagi un problema t\u00e8cnic, en cap cas es pot interrompre la classe.<\/span><\/li>\n<li><span style=\"font-weight: 400;\"> En cas de furt de l\u2019ordinador, l\u2019alumne\/a i la seva fam\u00edlia Hauran de presentar la corresponent den\u00fancia davant dels Mossos d\u2019Esquadra indicant, el m\u00e9s acuradament possible, l&#8217;hora exacta del furt i el n\u00famero de s\u00e8rie i faran arribar aquesta denuncia al centre.<\/span><\/li>\n<li><span style=\"font-weight: 400;\"> La Coordinaci\u00f3 TAC de l\u2019institut no fa manteniment dels equips que siguin propietat dels alumnes.<\/span><\/li>\n<li><span style=\"font-weight: 400;\"> En els casos en qu\u00e8 l\u2019alumne\/a no faci cas de les instruccions del professor\/a o incompleixi alguna de les normes anteriors, se li posar\u00e0 la falta que correspongui a la gravetat i\/o reincid\u00e8ncia dels fets. Les sancions per aquestes faltes s\u2019aplicaran segons el que est\u00e0 establert a les Normes d\u2019Organitzaci\u00f3 i Funcionament del Centre.<\/span><\/li>\n<\/ol>\n","protected":false},"excerpt":{"rendered":"<p>Al centre existeixen protocols respecte a l\u2019\u00fas de m\u00f2bils i l\u2019\u00fas de port\u00e0tils.<br \/>\n\u00daS DE M\u00d2BILS<br \/>\nEst\u00e0 prohibit l\u2019\u00fas dels dispositius m\u00f2bils al centre i tamb\u00e9 a les sortides escolars. D\u2019entrada, l\u2019alumnat NO hauria de dur m\u00f2bil al centre perqu\u00e8 \u00e9s un objecte que provoca distraccions i&hellip;  <a href=\"https:\/\/agora.xtec.cat\/insderodadebara\/estrategia-digital-de-centre\/cultura-digital\/protocols-i-normativa-del-centre\/\" title=\"Read Protocols i normativa del centre\">Llegeix m\u00e9s\u00bb<\/a><\/p>\n","protected":false},"author":1,"featured_media":0,"parent":3201,"menu_order":0,"comment_status":"closed","ping_status":"closed","template":"","meta":{"_bbp_topic_count":0,"_bbp_reply_count":0,"_bbp_total_topic_count":0,"_bbp_total_reply_count":0,"_bbp_voice_count":0,"_bbp_anonymous_reply_count":0,"_bbp_topic_count_hidden":0,"_bbp_reply_count_hidden":0,"_bbp_forum_subforum_count":0,"footnotes":""},"class_list":["post-3217","page","type-page","status-publish","hentry"],"post_mailing_queue_ids":[],"_links":{"self":[{"href":"https:\/\/agora.xtec.cat\/insderodadebara\/wp-json\/wp\/v2\/pages\/3217","targetHints":{"allow":["GET"]}}],"collection":[{"href":"https:\/\/agora.xtec.cat\/insderodadebara\/wp-json\/wp\/v2\/pages"}],"about":[{"href":"https:\/\/agora.xtec.cat\/insderodadebara\/wp-json\/wp\/v2\/types\/page"}],"author":[{"embeddable":true,"href":"https:\/\/agora.xtec.cat\/insderodadebara\/wp-json\/wp\/v2\/users\/1"}],"replies":[{"embeddable":true,"href":"https:\/\/agora.xtec.cat\/insderodadebara\/wp-json\/wp\/v2\/comments?post=3217"}],"version-history":[{"count":3,"href":"https:\/\/agora.xtec.cat\/insderodadebara\/wp-json\/wp\/v2\/pages\/3217\/revisions"}],"predecessor-version":[{"id":3255,"href":"https:\/\/agora.xtec.cat\/insderodadebara\/wp-json\/wp\/v2\/pages\/3217\/revisions\/3255"}],"up":[{"embeddable":true,"href":"https:\/\/agora.xtec.cat\/insderodadebara\/wp-json\/wp\/v2\/pages\/3201"}],"wp:attachment":[{"href":"https:\/\/agora.xtec.cat\/insderodadebara\/wp-json\/wp\/v2\/media?parent=3217"}],"curies":[{"name":"wp","href":"https:\/\/api.w.org\/{rel}","templated":true}]}}