{"id":3205,"date":"2023-05-17T18:18:53","date_gmt":"2023-05-17T16:18:53","guid":{"rendered":"https:\/\/agora.xtec.cat\/insderodadebara\/?page_id=3205"},"modified":"2023-12-20T11:24:56","modified_gmt":"2023-12-20T10:24:56","slug":"serveis-digitals","status":"publish","type":"page","link":"https:\/\/agora.xtec.cat\/insderodadebara\/estrategia-digital-de-centre\/cultura-digital\/serveis-digitals\/","title":{"rendered":"Serveis digitals"},"content":{"rendered":"<p><b>Serveis digitals propis del centre<\/b><\/p>\n<p><span style=\"font-weight: 400;\">Actualment el centre disposa d\u2019una aula d\u2019inform\u00e0tica amb 20 ordinadors. Aquesta aula \u00e9s comuna per a tot el centre. A m\u00e9s a m\u00e9s, es disposa de dos carros port\u00e0tils amb 10 ordinadors cadascun.\u00a0<\/span><\/p>\n<p><span style=\"font-weight: 400;\">El professorat i l\u2019alumnat de 3r d\u2019ESO i de 4t d\u2019ESO disposa d\u2019ordinadors cedits pel Departament d\u2019Educaci\u00f3. El coordinador TIC \u00e9s l\u2019encarregat de demanar l\u2019ordinador per l\u2019alumnat nou i de la mateixa manera, del professorat. En cas que algun ordinador es trenqui o deixi de funcionar, haur\u00e0 de comunicar-li-ho al coordinador TIC per tal que faci la gesti\u00f3 oportuna.<\/span><\/p>\n<p><span style=\"font-weight: 400;\">Tal com s\u2019indica en la guia de l\u2019alumnat (aprovada per Consell Escolar, setembre 2022), ell mateix \u00e9s responsable del seu ordinador i ha de vetllar per la seva protecci\u00f3. L\u2019alumnat ha de prendre les mesures necess\u00e0ries per evitar el furt, les avaries i els accidents. L&#8217;alumnat ser\u00e0 el responsable dels danys que pugui causar en els ordinadors d&#8217;altres companys.<\/span><\/p>\n<p><b>Serveis digitals externs<\/b><\/p>\n<p><span style=\"font-weight: 400;\">El centre disposa d\u2019una plataforma de gesti\u00f3 i comunicaci\u00f3 que s\u2019anomena Gestin. Aquesta plataforma es fa servir per a la comunicaci\u00f3 amb les fam\u00edlies. Des del Gestin es fer un seguiment de la vida lectiva de l\u2019alumnat ( incid\u00e8ncies, faltes d&#8217;assist\u00e8ncia, entrevistes,&#8230;) i les fam\u00edlies poden veure en temps real el seguiment de l\u2019alumnat.\u00a0<\/span><\/p>\n<p><span style=\"font-weight: 400;\">El centre tamb\u00e9 disposa del web del centre, que centralitza la informaci\u00f3 de caire institucional i a m\u00e9s a m\u00e9s, disposa de diferents xarxes socials (Facebook, Instagram i Twitter) en les que es fa difusi\u00f3 sobre informaci\u00f3 relativa a la vida di\u00e0ria del centre com s\u00f3n mostres d\u2019activitats i treballs, sortides, tallers, &#8230;<\/span><\/p>\n<p><span style=\"font-weight: 400;\">A m\u00e9s a m\u00e9s, tant l\u2019alumnat com el professorat disposen d\u2019un compte de Google amb extensi\u00f3 @insrdb.cat, que cont\u00e9 tots els serveis de Google (Classroom, gmail, drives, formularis,&#8230;)<\/span><\/p>\n<p><span style=\"font-weight: 400;\">Encarregats del procediment d\u2019alta d\u2019usuaris<\/span><\/p>\n<p><span style=\"font-weight: 400;\">En cas de tenir problemes per accedir als serveis digitals externs, cal adre\u00e7ar-se a les seg\u00fcents persones:<\/span><\/p>\n<ul>\n<li style=\"font-weight: 400;\" aria-level=\"1\"><span style=\"font-weight: 400;\">Plataforma Gestin (fam\u00edlies, alumnes i professorat)<\/span><span style=\"font-weight: 400;\">\ud83e\udc6a<\/span><span style=\"font-weight: 400;\"> Coordinaci\u00f3 pedag\u00f2gica<\/span><\/li>\n<li style=\"font-weight: 400;\" aria-level=\"1\"><span style=\"font-weight: 400;\">Compte de Google (alumnat i professorat)<\/span><span style=\"font-weight: 400;\">\ud83e\udc6a<\/span><span style=\"font-weight: 400;\">Coordinaci\u00f3 TIC<\/span><\/li>\n<\/ul>\n","protected":false},"excerpt":{"rendered":"<p>Serveis digitals propis del centre<br \/>\nActualment el centre disposa d\u2019una aula d\u2019inform\u00e0tica amb 20 ordinadors. Aquesta aula \u00e9s comuna per a tot el centre. A m\u00e9s a m\u00e9s, es disposa de dos carros port\u00e0tils amb 10 ordinadors cadascun.\u00a0<br \/>\nEl professorat i l\u2019alumnat de 3r d\u2019ESO i de&hellip;  <a href=\"https:\/\/agora.xtec.cat\/insderodadebara\/estrategia-digital-de-centre\/cultura-digital\/serveis-digitals\/\" title=\"Read Serveis digitals\">Llegeix m\u00e9s\u00bb<\/a><\/p>\n","protected":false},"author":1,"featured_media":0,"parent":3201,"menu_order":0,"comment_status":"closed","ping_status":"closed","template":"","meta":{"_bbp_topic_count":0,"_bbp_reply_count":0,"_bbp_total_topic_count":0,"_bbp_total_reply_count":0,"_bbp_voice_count":0,"_bbp_anonymous_reply_count":0,"_bbp_topic_count_hidden":0,"_bbp_reply_count_hidden":0,"_bbp_forum_subforum_count":0,"footnotes":""},"class_list":["post-3205","page","type-page","status-publish","hentry"],"post_mailing_queue_ids":[],"_links":{"self":[{"href":"https:\/\/agora.xtec.cat\/insderodadebara\/wp-json\/wp\/v2\/pages\/3205","targetHints":{"allow":["GET"]}}],"collection":[{"href":"https:\/\/agora.xtec.cat\/insderodadebara\/wp-json\/wp\/v2\/pages"}],"about":[{"href":"https:\/\/agora.xtec.cat\/insderodadebara\/wp-json\/wp\/v2\/types\/page"}],"author":[{"embeddable":true,"href":"https:\/\/agora.xtec.cat\/insderodadebara\/wp-json\/wp\/v2\/users\/1"}],"replies":[{"embeddable":true,"href":"https:\/\/agora.xtec.cat\/insderodadebara\/wp-json\/wp\/v2\/comments?post=3205"}],"version-history":[{"count":3,"href":"https:\/\/agora.xtec.cat\/insderodadebara\/wp-json\/wp\/v2\/pages\/3205\/revisions"}],"predecessor-version":[{"id":3252,"href":"https:\/\/agora.xtec.cat\/insderodadebara\/wp-json\/wp\/v2\/pages\/3205\/revisions\/3252"}],"up":[{"embeddable":true,"href":"https:\/\/agora.xtec.cat\/insderodadebara\/wp-json\/wp\/v2\/pages\/3201"}],"wp:attachment":[{"href":"https:\/\/agora.xtec.cat\/insderodadebara\/wp-json\/wp\/v2\/media?parent=3205"}],"curies":[{"name":"wp","href":"https:\/\/api.w.org\/{rel}","templated":true}]}}