{"id":302,"date":"2015-02-09T13:42:00","date_gmt":"2015-02-09T12:42:00","guid":{"rendered":"http:\/\/agora.xtec.cat\/insderodadebara\/?page_id=302"},"modified":"2025-09-26T09:53:35","modified_gmt":"2025-09-26T07:53:35","slug":"grups-i-optatives","status":"publish","type":"page","link":"https:\/\/agora.xtec.cat\/insderodadebara\/secretaria\/grups-i-optatives\/","title":{"rendered":"Horari grups i optatives"},"content":{"rendered":"<p><strong><a href=\"https:\/\/agora.xtec.cat\/insderodadebara\/wp-content\/uploads\/usu1145\/2025\/09\/Horaris2526v6_Grups.pdf\">Horaris curs 2025-26_Grups<\/a>:<\/strong><\/p>\n<p>1r ESO (3 grups)<\/p>\n<p><span style=\"font-family: inherit; font-size: 1em;\">2<\/span><span style=\"font-family: inherit; font-size: 1em;\">n ESO (3 grups)<\/span><\/p>\n<p>3r ESO (3 grups)<\/p>\n<p>4t ESO (5 grups)<\/p>\n<p><strong>MAT\u00c8RIES OPTATIVES 2025\/2026:<br \/>\n<\/strong><\/p>\n<p><strong>1r ESO (trimestrals)<\/strong><\/p>\n<p>1r Trimestre: <strong>Inform\u00e0tica b\u00e0sica<\/strong> per a tot l&#8217;alumnat<\/p>\n<p>2n i 3r trimestre: una cada trimestre d&#8217;entre les que es poden triar:<\/p>\n<p><strong>Tastet d\u2019alemany I (Anna Grau)<\/strong><\/p>\n<p><strong>T\u00e8cniques d&#8217;estudi (Sandra Mart\u00edn)<\/strong><\/p>\n<p><strong>Ci\u00e8ncies en acci\u00f3! (Crisa Vargas)<\/strong><\/p>\n<p><strong>Descobrim les matem\u00e0tiques (Mati Campos)<\/strong><\/p>\n<p><strong>\u00a0<\/strong><\/p>\n<p><strong>2n ESO (anuals)<\/strong><\/p>\n<p>Alemany (Anna Grau)<\/p>\n<p>Emprenedoria (Razvan Brencea)<\/p>\n<p>Cultura cl\u00e0ssica (Robert Rubi\u00f3)<\/p>\n<p>Hort\u00a0 (Lluis Fern\u00e0ndez)<\/p>\n<p>&nbsp;<\/p>\n<p><strong>3r ESO (anuals)<\/strong><\/p>\n<p>Alemany II (Anna Grau)<\/p>\n<p>Rob\u00f2tica (Jordi Piquer)<\/p>\n<p>Fem una revista (\u00c1ngel Guti\u00e9rrez)<\/p>\n<p>Mediaci\u00f3 de conflictes (Eli Hurtado)<\/p>\n<p>&nbsp;<\/p>\n<p><strong>4t ESO (anuals)<\/strong><\/p>\n<table style=\"border-collapse: collapse; width: 100%;\">\n<tbody>\n<tr>\n<td style=\"width: 351.667px; text-align: center;\"><strong>FRANJA 1<\/strong><\/td>\n<td style=\"width: 351.667px; text-align: center;\"><strong>FRANJA 2<\/strong><\/td>\n<td style=\"width: 351.667px; text-align: center;\"><strong>FRANJA 3<\/strong><\/td>\n<\/tr>\n<\/tbody>\n<\/table>\n<table style=\"border-collapse: collapse; width: 100%;\">\n<tbody>\n<tr>\n<td style=\"width: 351.667px;\">F\u00edsica i Qu\u00edmica (Laura Lara)<\/td>\n<td style=\"width: 351.667px;\">Biologia i geologia (Diego Molina)<\/td>\n<td style=\"width: 351.667px;\">Alemany III (Anna Grau)<\/td>\n<\/tr>\n<tr>\n<td style=\"width: 351.667px;\">Emprenedoria (Razvan Brencea i Carlos Maga\u00f1a)<\/td>\n<td style=\"width: 351.667px;\">Economia b\u00e0sica (Razvan Brencea)<\/td>\n<td style=\"width: 351.667px;\">Tecnologia (L\u00eddia Juli\u00e0 i Noelia Crespo)<\/td>\n<\/tr>\n<tr>\n<td style=\"width: 351.667px;\">Llat\u00ed: llengua i cultura (Roser Rovira)<\/td>\n<td style=\"width: 351.667px;\">Expressi\u00f3 Art\u00edstica (Irene Aguilar)<\/td>\n<td style=\"width: 351.667px;\">Arts Esc\u00e8niques (Seli Niub\u00f3)<\/td>\n<\/tr>\n<tr>\n<td style=\"width: 351.667px;\">M\u00fasica (Fernando Oriola)<\/td>\n<td style=\"width: 351.667px;\">Digitalitzaci\u00f3 (L\u00eddia Juli\u00e0 i Noelia Crespo)<\/td>\n<td style=\"width: 351.667px;\">Filosofia (Juancho Navarro)<\/td>\n<\/tr>\n<\/tbody>\n<\/table>\n<p>&nbsp;<\/p>\n","protected":false},"excerpt":{"rendered":"<p><a href=\"https:\/\/agora.xtec.cat\/insderodadebara\/wp-content\/uploads\/usu1145\/2025\/09\/Horaris2526v6_Grups.pdf\">Horaris curs 2025-26_Grups<\/a>:<br \/>\n1r ESO (3 grups)<br \/>\n2n ESO (3 grups)<br \/>\n3r ESO (3 grups)<br \/>\n4t ESO (5 grups)<br \/>\nMAT\u00c8RIES OPTATIVES 2025\/2026:<\/p>\n<p>1r ESO (trimestrals)<br \/>\n1r Trimestre: Inform\u00e0tica b\u00e0sica per a tot l&#8217;alumnat<br \/>\n2n i 3r trimestre: una cada trimestre d&#8217;entre les que es poden triar:<br \/>\nTastet d\u2019alemany I (Anna Grau)<br \/>\nT\u00e8cniques d&#8217;estudi (Sandra&hellip;  <a href=\"https:\/\/agora.xtec.cat\/insderodadebara\/secretaria\/grups-i-optatives\/\" title=\"Read Horari grups i optatives\">Llegeix m\u00e9s\u00bb<\/a><\/p>\n","protected":false},"author":1,"featured_media":0,"parent":81,"menu_order":0,"comment_status":"closed","ping_status":"closed","template":"page-templates\/side-menu.php","meta":{"_bbp_topic_count":0,"_bbp_reply_count":0,"_bbp_total_topic_count":0,"_bbp_total_reply_count":0,"_bbp_voice_count":0,"_bbp_anonymous_reply_count":0,"_bbp_topic_count_hidden":0,"_bbp_reply_count_hidden":0,"_bbp_forum_subforum_count":0,"footnotes":""},"class_list":["post-302","page","type-page","status-publish","hentry"],"post_mailing_queue_ids":[],"_links":{"self":[{"href":"https:\/\/agora.xtec.cat\/insderodadebara\/wp-json\/wp\/v2\/pages\/302","targetHints":{"allow":["GET"]}}],"collection":[{"href":"https:\/\/agora.xtec.cat\/insderodadebara\/wp-json\/wp\/v2\/pages"}],"about":[{"href":"https:\/\/agora.xtec.cat\/insderodadebara\/wp-json\/wp\/v2\/types\/page"}],"author":[{"embeddable":true,"href":"https:\/\/agora.xtec.cat\/insderodadebara\/wp-json\/wp\/v2\/users\/1"}],"replies":[{"embeddable":true,"href":"https:\/\/agora.xtec.cat\/insderodadebara\/wp-json\/wp\/v2\/comments?post=302"}],"version-history":[{"count":6,"href":"https:\/\/agora.xtec.cat\/insderodadebara\/wp-json\/wp\/v2\/pages\/302\/revisions"}],"predecessor-version":[{"id":3977,"href":"https:\/\/agora.xtec.cat\/insderodadebara\/wp-json\/wp\/v2\/pages\/302\/revisions\/3977"}],"up":[{"embeddable":true,"href":"https:\/\/agora.xtec.cat\/insderodadebara\/wp-json\/wp\/v2\/pages\/81"}],"wp:attachment":[{"href":"https:\/\/agora.xtec.cat\/insderodadebara\/wp-json\/wp\/v2\/media?parent=302"}],"curies":[{"name":"wp","href":"https:\/\/api.w.org\/{rel}","templated":true}]}}