{"id":9,"date":"2014-09-12T10:15:01","date_gmt":"2014-09-12T10:15:01","guid":{"rendered":"http:\/\/agora.xtec.cat\/inscar\/?page_id=9"},"modified":"2026-09-04T12:30:43","modified_gmt":"2026-09-04T10:30:43","slug":"pagina-dinici-buida","status":"publish","type":"page","link":"https:\/\/agora.xtec.cat\/inscar\/","title":{"rendered":"Inici"},"content":{"rendered":"<h3 data-path-to-node=\"2\"><strong>El centre romandr\u00e0 tancat per vacances des del dia 25 de juliol fins el dia 1 de setembre de 2026. Que tingueu un molt bon estiu!<\/strong><\/h3>\n<h3 data-path-to-node=\"2\"><span style=\"color: #ff0000;\">\u26a0\ufe0f IMPORTANT: estat del correu electr\u00f2nic del centre<\/span><\/h3>\n<p data-path-to-node=\"3\">Us informem que <b data-path-to-node=\"3\" data-index-in-node=\"16\">ja s&#8217;ha resolt la incid\u00e8ncia t\u00e8cnica<\/b> amb el correu del centre, que fins ara no ens permetia rebre ni enviar missatges. Tot i aix\u00f2, actualment hem detectat que la majoria dels correus que enviem van a parar directament a la carpeta de <b data-path-to-node=\"3\" data-index-in-node=\"250\">correu brossa (<em>spam<\/em>)<\/b> dels destinataris. Per aquest motiu, si esteu pendents de rebre qualsevol comunicaci\u00f3 des del nostre domini oficial (<b data-path-to-node=\"3\" data-index-in-node=\"388\">@ies.car.edu<\/b>), us demanem que <b data-path-to-node=\"3\" data-index-in-node=\"418\">comproveu la vostra carpeta d&#8217;<em>spam<\/em><\/b>. Disculpeu les mol\u00e8sties i gr\u00e0cies per la vostra col\u00b7laboraci\u00f3.<\/p>\n<ul style=\"list-style-type: disc;\">\n<li><span style=\"color: #ff0000;\"><strong>HORARI DE SECRETARIA<\/strong><\/span>\n<ul style=\"list-style-type: circle;\">\n<li>\n<h5><span style=\"color: #000000;\"><strong>Mat\u00ed<\/strong>: <\/span><span style=\"color: #000000;\"><strong>de dilluns a divendres de 10 a 13 hores<\/strong><\/span><\/h5>\n<\/li>\n<\/ul>\n<\/li>\n<li><a href=\"https:\/\/drive.google.com\/file\/d\/1jeF00CUb1pvC532sJXB5Ncjj2Y66RaF8\/view?usp=sharing\"><span style=\"color: #ff0000;\"><strong>PRESENTACI\u00d3 SESSI\u00d3 INFORMATIVA CFGM (22\/04\/2026)<\/strong><\/span><\/a><\/li>\n<li><a href=\"https:\/\/drive.google.com\/file\/d\/1BMZ6jckAm9AWgmq3FK2AscrC4FBTQuXA\/view?usp=sharing\"><span style=\"color: #ff0000;\"><strong>PRESENTACI\u00d3 SESSI\u00d3 INFORMATIVA CFGS (13\/05\/2026)<\/strong><\/span><\/a><\/li>\n<li><a href=\"https:\/\/drive.google.com\/file\/d\/1-zkUvCK6QxG4ndJg2Mn7nqgrdiE6BS9P\/view?usp=sharing\"><span style=\"color: #ff0000;\"><strong>OFERTA INICIAL CFGM<\/strong><\/span><\/a><\/li>\n<li><a href=\"https:\/\/drive.google.com\/file\/d\/1ItBfZeyKwNJQhH3uLij0i2A07i9fjsPL\/view?usp=sharing\"><span style=\"color: #ff0000;\"><strong>OFERTA INICIAL CFGS<\/strong><\/span><\/a><\/li>\n<li><a href=\"https:\/\/aplicacions.gestioeducativa.gencat.cat\/ords\/pls\/apex\/f?p=20160079072543618:650:::NO:650:P650_CENTRE:950279C726C63CE23EB82B6385EEFABAC0D54BEE5E9E0660\"><span style=\"color: #ff0000;\"><strong>GESTI\u00d3 DE LLISTA D&#8217;ESPERA DELS CICLES FORMATIUS (p\u00e9mer l&#8217;enll\u00e0\u00e7)<\/strong><\/span><\/a><\/li>\n<li><a href=\"https:\/\/drive.google.com\/file\/d\/1n6awsuNACtvIVKLtiRcvJDPKHxh2Ah0I\/view?usp=sharing\"><span style=\"color: #ff0000;\"><strong>PUBLICACI\u00d3 DE LLISTA DE SEGONES ASSIGNACIONS CFGS<\/strong><\/span><\/a>\n<ul>\n<li>Al llarg del mat\u00ed, rebre un correu on se us informar\u00e0 de com formalitzar la matr\u00edcula. Si no el rebeu, mireu a spam.<\/li>\n<\/ul>\n<\/li>\n<li><a href=\"https:\/\/drive.google.com\/file\/d\/1ZKvlcN61lLIChAUqm08WGeHabfqbsBta\/view?usp=sharing\"><span style=\"color: #ff0000;\"><strong>PUBLICACI\u00d3 DE LLISTA DE SEGONES ASSIGNACIONS CFGM<\/strong><\/span><\/a>\n<ul>\n<li>Al llarg del mat\u00ed, rebre un correu on se us informar\u00e0 de com formalitzar la matr\u00edcula. Si no el rebeu, mireu a spam.<\/li>\n<\/ul>\n<\/li>\n<li><span style=\"color: #ff0000;\"><strong>LLIBRES DE TEXT ESO-BATXILLERAT CURS 26-27<\/strong><\/span>\n<ul>\n<li><a href=\"https:\/\/drive.google.com\/file\/d\/15JS9GXF_DBhB2V_rtm8LY3ax3DfLP8qC\/view?usp=sharing\" target=\"_blank\" rel=\"noopener\"><strong><span style=\"color: #000000;\">1 ESO<\/span><\/strong><\/a><\/li>\n<li><a href=\"https:\/\/drive.google.com\/file\/d\/1D4H8xG9KFzA8bAgTwrlAMTYNQViENaNU\/view?usp=sharing\" target=\"_blank\" rel=\"noopener\"><span style=\"color: #000000;\"><strong><span style=\"color: #000000;\">2 ESO<\/span><\/strong><\/span><\/a><\/li>\n<li><a href=\"https:\/\/drive.google.com\/file\/d\/1L2bm7UbU3-WSgvQuPvk9Dgk3g_lGJKXk\/view?usp=sharing\" target=\"_blank\" rel=\"noopener\"><span style=\"color: #000000;\"><strong>3 ESO<\/strong><\/span><\/a><\/li>\n<li><a href=\"https:\/\/drive.google.com\/file\/d\/1KShrvnPssAYADUwEgq6Bu5KOu8Bdb83l\/view?usp=sharing\" target=\"_blank\" rel=\"noopener\"><span style=\"color: #000000;\"><strong>4 ESO<\/strong><\/span><\/a><\/li>\n<li><a href=\"https:\/\/drive.google.com\/file\/d\/1gHuhFqgwPHFAra7qSVUcArqfSYhMY1hG\/view?usp=sharing\" target=\"_blank\" rel=\"noopener\"><span style=\"color: #000000;\"><strong>1 BATX<\/strong><\/span><\/a><\/li>\n<li><a href=\"https:\/\/drive.google.com\/file\/d\/1r4eEZpnh6SQLmQ7NsZif2PM8rjtO2JNH\/view?usp=sharing\"><strong><span style=\"color: #000000;\">2 BATX<\/span><\/strong><\/a><\/li>\n<\/ul>\n<\/li>\n<li><span style=\"color: #ff0000;\"><strong>NOVA MATR\u00cdCULA ESO-BATXILLERAT CURS 26-27<\/strong><\/span>\n<ul>\n<li><strong><a href=\"https:\/\/matricula.esemtia.com\/solicitud\/285da02f-e2ba-4fb0-94e2-461775773230\/66755c06-d059-4c3d-b4bf-53469627ebd9\"><span style=\"color: #000000;\">Sol\u00b7licitud de pla\u00e7a<\/span><\/a><\/strong><\/li>\n<li><a href=\"https:\/\/drive.google.com\/file\/d\/1wTjCRpx4NCX6cJTXgqcWIumiriIsxhfp\/view?usp=sharing\"><span style=\"color: #000000;\"><strong>Informaci\u00f3 matr\u00edcula<\/strong><\/span><\/a><\/li>\n<li><a href=\"https:\/\/docs.google.com\/document\/d\/1m93AdvgfXWksdebqgAyG0coe6Ed0pcMe\/edit?usp=sharing&amp;ouid=115629380480399339159&amp;rtpof=true&amp;sd=true\"><span style=\"color: #000000;\"><strong>Lloguer d&#8217;armariet<\/strong><\/span><\/a><\/li>\n<\/ul>\n<\/li>\n<\/ul>\n<ul style=\"list-style-type: disc;\">\n<li><span style=\"color: #ff0000;\"><strong>DATES DE PRESENTACIONS I D&#8217;INICI DEL CURS 26-27<\/strong><\/span><\/li>\n<\/ul>\n<ul>\n<li style=\"list-style-type: none;\">\n<ul style=\"list-style-type: circle;\">\n<li><span style=\"color: #008000;\"><strong>ESO\/BATXILLERAT<\/strong><\/span>\n<ul style=\"list-style-type: square;\">\n<li><span style=\"color: #0000ff;\"><strong>Alumnat<\/strong><\/span>\n<ul style=\"list-style-type: disc;\">\n<li><span style=\"color: #ff6600;\"><strong>Dimarts 8\/09\/26<\/strong><\/span>\n<ul style=\"list-style-type: circle;\">\n<li>A les 1<strong>5:15 hores a la sala d&#8217;actes del CAR<\/strong>: presentaci\u00f3 del curs 26\/27 per a <strong>tot l&#8217;alumnat<\/strong>.<\/li>\n<li>Despr\u00e9s de la presentaci\u00f3 general, hi haur\u00e0 la<strong> presentaci\u00f3 per als grups<\/strong> a les aules <strong>amb els tutors\/es<\/strong> corresponents.<\/li>\n<\/ul>\n<\/li>\n<li><span style=\"color: #ff6600;\"><strong>Dimecres 9\/09\/26<\/strong><\/span>\n<ul style=\"list-style-type: circle;\">\n<li><strong>Inici de les classes<\/strong><\/li>\n<\/ul>\n<\/li>\n<\/ul>\n<\/li>\n<li><span style=\"color: #0000ff;\"><strong>Fam\u00edlies<\/strong><\/span>\n<ul style=\"list-style-type: disc;\">\n<li><span style=\"color: #ff6600;\"><strong>Dissabte 19\/09\/26<\/strong><\/span>\n<ul style=\"list-style-type: circle;\">\n<li>A les <strong>10:00 hores<\/strong> <strong>a la sala d&#8217;actes del CAR<\/strong>: reuni\u00f3 de les fam\u00edlies d&#8217;<strong>alumnat intern<\/strong> (que resideixen a la resid\u00e8ncia del CAR durant el curs) amb la <strong>Susana Reg\u00fcela<\/strong>.<\/li>\n<li>A les <strong>11:00 hores a la sala d&#8217;actes del CAR<\/strong>: presentaci\u00f3 del curs 26-27 per a <strong>totes les fam\u00edlies d&#8217;alumnat d&#8217;ESO\/BATXILLERAT<\/strong>.<\/li>\n<li>A les <strong>12:00 hores<\/strong>, aproximadament, hi haur\u00e0 les presentacions per a <strong>fam\u00edlies amb les tutories<\/strong> corresponents a les aules.<\/li>\n<\/ul>\n<\/li>\n<\/ul>\n<\/li>\n<\/ul>\n<\/li>\n<li><span style=\"color: #008000;\"><strong>CICLES FORMATIUS<\/strong><\/span>\n<ul style=\"list-style-type: square;\">\n<li><span style=\"color: #0000ff;\"><strong>Alumnat<\/strong><\/span>\n<ul style=\"list-style-type: disc;\">\n<li><span style=\"color: #ff6600;\"><strong>Dilluns 14\/09\/26<\/strong><\/span>\n<ul style=\"list-style-type: circle;\">\n<li>A les <strong>9:00 hores a la sala d&#8217;actes del CAR<\/strong>: presentacions per a l&#8217;<strong>alumnat de 1r curs de CFGM<\/strong> (Guia en el medi natural i temps de lleure)<\/li>\n<li>A les <strong>10:00 hores a la sala d&#8217;actes del CAR<\/strong>: presentacions per a l&#8217;<strong>alumnat de 1r curs de CFGS<\/strong> (EAS i Condicionament F\u00edsic)<\/li>\n<li>A les <strong>12:00 hores a les aules corresponents<\/strong>: presentacions per a l&#8217;<strong>alumnat de 2n curs de CFGM <\/strong>(Guia en el medi natural i temps de lleure) i per a l&#8217;<strong>alumnat de 2n curs de CFGS<\/strong> (EAS i Condicionament F\u00edsic)<\/li>\n<\/ul>\n<\/li>\n<li><span style=\"color: #ff6600;\"><strong>Dimarts 15\/09\/26<\/strong><\/span>\n<ul style=\"list-style-type: circle;\">\n<li><strong>Inici de les classes<\/strong><\/li>\n<\/ul>\n<\/li>\n<\/ul>\n<\/li>\n<li><strong><span style=\"color: #0000ff;\">Fam\u00edlies<\/span><\/strong>\n<ul style=\"list-style-type: disc;\">\n<li><span style=\"color: #ff6600;\"><strong>Dimecres 30\/09\/26<\/strong><\/span>\n<ul style=\"list-style-type: circle;\">\n<li>A les <strong>18:00 hores a la sala d&#8217;actes<\/strong>: presentacions per a <strong>fam\u00edlies d&#8217;alumnat de 1r curs de CFGM<\/strong> (Guia en el medi natural i temps de lleure).<\/li>\n<\/ul>\n<\/li>\n<\/ul>\n<\/li>\n<\/ul>\n<\/li>\n<li><span style=\"color: #008000;\"><strong>ENSENYAMENTS ESPORTIUS DE R\u00c8GIM ESPECIAL<\/strong><\/span>\n<ul style=\"list-style-type: square;\">\n<li><strong><span style=\"color: #0000ff;\">Alumnat<\/span><\/strong>\n<ul style=\"list-style-type: square;\">\n<li><span style=\"color: #ff6600;\"><strong> Dimecres 9\/09\/26<\/strong><\/span>\n<ul style=\"list-style-type: circle;\">\n<li>A les <strong>9:30 hores a l&#8217;aula 19<\/strong>: presentaci\u00f3 dels cursos de <strong>B\u00e0squet 1<\/strong> i <strong>Atletisme 1<\/strong>.<\/li>\n<li>A les <strong>11:00 hores a l&#8217;aula 19<\/strong>: presentaci\u00f3 dels cursos de <strong>B\u00e0squet 2<\/strong>\u00a0i <strong>Atletisme 2<\/strong>.<\/li>\n<\/ul>\n<\/li>\n<li><strong><span style=\"color: #ff6600;\">Dijous 10\/09\/26<\/span><\/strong>\n<ul style=\"list-style-type: circle;\">\n<li>A les <strong>9:30 hores a l&#8217;aula 19<\/strong>: presentaci\u00f3 dels cursos de <strong>Futbol 1<\/strong> i <strong>Futbol Sala 1<\/strong>.<\/li>\n<li>A les <strong>11:00 hores a l&#8217;aula 19<\/strong>: presentaci\u00f3 dels cursos de <strong>Futbol 2<\/strong> i <strong>Futbol Sala 2<\/strong>.<\/li>\n<li>A les <strong>12:30 hores a l&#8217;aula 19<\/strong>: presentaci\u00f3 dels cursos de <strong>Futbol 3<\/strong> i <strong>Futbol Sala 3<\/strong>.<\/li>\n<\/ul>\n<\/li>\n<li><span style=\"color: #ff6600;\"><strong>Dilluns 14\/09\/26<\/strong><\/span>\n<ul style=\"list-style-type: circle;\">\n<li><strong>Inici de les classes<\/strong><\/li>\n<\/ul>\n<\/li>\n<\/ul>\n<\/li>\n<\/ul>\n<\/li>\n<\/ul>\n<\/li>\n<\/ul>\n<p>&nbsp;<\/p>\n","protected":false},"excerpt":{"rendered":"<p>El centre romandr\u00e0 tancat per vacances des del dia 25 de juliol fins el dia 1 de setembre de 2026. Que tingueu un molt bon estiu!<br \/>\n\u26a0\ufe0f IMPORTANT: estat del correu electr\u00f2nic del centre<br \/>\nUs informem que ja s&#8217;ha resolt la incid\u00e8ncia t\u00e8cnica amb el correu del&hellip;  <a href=\"https:\/\/agora.xtec.cat\/inscar\/\" title=\"Read Inici\">Llegeix m\u00e9s\u00bb<\/a><\/p>\n","protected":false},"author":1,"featured_media":0,"parent":0,"menu_order":0,"comment_status":"closed","ping_status":"closed","template":"page-templates\/front-page.php","meta":{"_bbp_topic_count":0,"_bbp_reply_count":0,"_bbp_total_topic_count":0,"_bbp_total_reply_count":0,"_bbp_voice_count":0,"_bbp_anonymous_reply_count":0,"_bbp_topic_count_hidden":0,"_bbp_reply_count_hidden":0,"_bbp_forum_subforum_count":0,"footnotes":""},"class_list":["post-9","page","type-page","status-publish","hentry"],"post_mailing_queue_ids":[],"_links":{"self":[{"href":"https:\/\/agora.xtec.cat\/inscar\/wp-json\/wp\/v2\/pages\/9","targetHints":{"allow":["GET"]}}],"collection":[{"href":"https:\/\/agora.xtec.cat\/inscar\/wp-json\/wp\/v2\/pages"}],"about":[{"href":"https:\/\/agora.xtec.cat\/inscar\/wp-json\/wp\/v2\/types\/page"}],"author":[{"embeddable":true,"href":"https:\/\/agora.xtec.cat\/inscar\/wp-json\/wp\/v2\/users\/1"}],"replies":[{"embeddable":true,"href":"https:\/\/agora.xtec.cat\/inscar\/wp-json\/wp\/v2\/comments?post=9"}],"version-history":[{"count":7,"href":"https:\/\/agora.xtec.cat\/inscar\/wp-json\/wp\/v2\/pages\/9\/revisions"}],"predecessor-version":[{"id":6000,"href":"https:\/\/agora.xtec.cat\/inscar\/wp-json\/wp\/v2\/pages\/9\/revisions\/6000"}],"wp:attachment":[{"href":"https:\/\/agora.xtec.cat\/inscar\/wp-json\/wp\/v2\/media?parent=9"}],"curies":[{"name":"wp","href":"https:\/\/api.w.org\/{rel}","templated":true}]}}