{"id":1251,"date":"2026-01-16T19:34:38","date_gmt":"2026-01-16T18:34:38","guid":{"rendered":"https:\/\/agora.xtec.cat\/insbaixemporda\/?page_id=1251"},"modified":"2026-02-08T20:56:01","modified_gmt":"2026-02-08T19:56:01","slug":"vaga-de-lalumnat","status":"publish","type":"page","link":"https:\/\/agora.xtec.cat\/insbaixemporda\/alumnat\/vaga-de-lalumnat\/","title":{"rendered":"Vaga de l&#8217;alumnat"},"content":{"rendered":"\n<h4 class=\"wp-block-heading\"><strong>Informaci\u00f3 en cas de reuni\u00f3 i\/o manifestaci\u00f3 de l&#8217;alumnat (Vaga)<\/strong><\/h4>\n\n\n\n<p>A Catalunya el Decret 102\/2010, de 3 agost, d\u2019autonomia dels centres educatius desplega la llei i no parla de&nbsp;vaga&nbsp;sin\u00f3 de la \u201cinassist\u00e8ncia col\u00b7lectiva a classe\u201d. Aix\u00ed, el marc normatiu del Departament d\u2019Ensenyament no parla mai de \u201cvagues d\u2019alumnes\u201d. Aquest Decret es veu implementat a cada centre per les NOFC, Normes d\u2019Organitzaci\u00f3 i Funcionament de Centre.<\/p>\n\n\n\n<p>Davant de convocat\u00f2ries de manifestaci\u00f3 d\u2019alumnes per part de qualsevol organitzaci\u00f3 d\u2019estudiants, la postura que adoptar\u00e0 el centre ser\u00e0 la seg\u00fcent:<\/p>\n\n\n\n<ol class=\"wp-block-list\">\n<li><strong>Aquestes jornades de manifestaci\u00f3 s\u00f3n convocades per l&#8217;alumnat<\/strong>, sense que el personal docent i no docent de l\u2019institut hi prengui part.<\/li>\n\n\n\n<li>En aquestes jornades, cal que totes les fam\u00edlies tinguin clar que <strong>l\u2019institut segueix el seu horari habitual i que l\u2019alumnat \u00e9s at\u00e8s, encara que el nombre en sigui redu\u00eft, i que tamb\u00e9 funcionen tots els serveis escolars<\/strong>.<\/li>\n\n\n\n<li>Segons el Decret de drets i deures de l\u2019alumnat, cap jove que cursi l\u2019ESO t\u00e9 dret a la manifestaci\u00f3 i, per tant, t\u00e9 l\u2019obligaci\u00f3 d\u2019assistir a les activitats de l\u2019institut durant aquestes jornades reivindicatives. El mateix Decret de drets i deures de l\u2019alumnat, per\u00f2, permet que el centre no sancioni la \u201cdecisi\u00f3 col\u00b7lectiva de no-assist\u00e8ncia\u201d.&nbsp;\u00c9s per aix\u00f2 que, sempre que hagi estat pr\u00e8viament comunicada pel consell de delegats i delegades a l\u2019equip directiu del centre i es disposi de la corresponent autoritzaci\u00f3 de les seves fam\u00edlies, la direcci\u00f3 del centre far\u00e0 \u00fas de l\u2019article 32 del decret 278\/2066, del 4 de juliol.<\/li>\n\n\n\n<li><strong>Segons acord del Consell Escolar de l\u2019institut, el punt anterior no \u00e9s aplicable als alumnes de primer i segon d\u2019ESO<\/strong>, \u00e9s a dir, ser\u00e0 considerada falta no justificada l\u2019abs\u00e8ncia de l\u2019alumnat que no assisteixin al centre durant aquestes jornades de manifestaci\u00f3.<\/li>\n\n\n\n<li>L\u2019<strong>institut<\/strong> deixa const\u00e0ncia, davant de les fam\u00edlies, que <strong>no es responsabilitza de cap circumst\u00e0ncia que pugui afectar l\u2019alumnat durant aquestes jornades, si no assisteix al centre i<\/strong>, pr\u00e8viament, ha manifestat la seva adhesi\u00f3 a la reuni\u00f3 i\/o manifestaci\u00f3.<\/li>\n\n\n\n<li>Si, en alguna ocasi\u00f3, el personal docent de l\u2019institut convoca o s\u2019adhereix a alguna jornada de vaga, les fam\u00edlies rebran una comunicaci\u00f3 escrita, pr\u00e8viament, on s\u2019indicar\u00e0 aquest fet i es donaran a con\u00e8ixer els serveis m\u00ednims establerts.<\/li>\n<\/ol>\n\n\n\n<hr class=\"wp-block-separator has-alpha-channel-opacity\"\/>\n\n\n\n<h5 class=\"wp-block-heading\"><strong>Per poder adherir-se a la jornada cal:<\/strong><\/h5>\n\n\n\n<ol class=\"wp-block-list\">\n<li>Una convocat\u00f2ria per part d\u2019un sindicat.<\/li>\n\n\n\n<li>Haver-se reunit pr\u00e8viament per debatre els punts de la&nbsp;vaga&nbsp;convocada (assemblea d\u2019estudiants).<\/li>\n\n\n\n<li>A l\u2019ESO i Batxillerat cal tenir l\u2019autoritzaci\u00f3 de la fam\u00edlia o representants legals.<\/li>\n\n\n\n<li>Fer la comunicaci\u00f3 a direcci\u00f3 del centre i demanar el registre, document segellat pel centre (via delegat de classe i consell de delegats). <\/li>\n\n\n\n<li>Adjuntar un full d\u2019assist\u00e8ncia amb la signatura dels assistents a l\u2019assemblea que secundaran la&nbsp;vaga.<\/li>\n<\/ol>\n\n\n\n<hr class=\"wp-block-separator has-alpha-channel-opacity\"\/>\n\n\n\n<h5 class=\"wp-block-heading\"><strong>Documents a presentar per exercir aquest dret<\/strong> a l&#8217;institut Baix Empord\u00e0<\/h5>\n\n\n\n<figure class=\"wp-block-table\"><table class=\"has-fixed-layout\"><tbody><tr><td>El full s\u2019ha de&nbsp;<strong>retornar a l\u2019Equip Directiu<\/strong>&nbsp;no m\u00e9s tard de&nbsp;<strong>48 hores lectives abans<\/strong>&nbsp;del dia de la reuni\u00f3 o vaga. Ho ha de fer el delegat que ha de portar tota la documentaci\u00f3 de l\u2019aula ben agrupada. <strong>Aix\u00f2 vol dir dos dies de classe sencers abans de la data prevista.<\/strong> El delegat ha de&nbsp;<strong>lliurar el document personalment a un membre de l\u2019equip directiu<\/strong>,&nbsp;no&nbsp;a consergeria, i ho ha de fer&nbsp;<strong>a l\u2019hora del pati (mat\u00ed o tarda).<\/strong><br>Per tant:<br>\u2013 Si la vaga \u00e9s&nbsp;<strong>dilluns<\/strong>, el termini m\u00e0xim per entregar el full \u00e9s&nbsp;<strong>dimecres de la setmana anterior<\/strong>.<br>\u2013 Si \u00e9s&nbsp;<strong>dimarts<\/strong>, el termini \u00e9s&nbsp;<strong>dijous anterior<\/strong>.<br>\u2013 Si \u00e9s&nbsp;<strong>dimecres<\/strong>, el termini \u00e9s&nbsp;<strong>divendres anterior.<\/strong><br>\u2013 Si \u00e9s&nbsp;<strong>dijous<\/strong>, el termini \u00e9s&nbsp;<strong>dilluns anterior<\/strong>.<br>\u2013 Si \u00e9s&nbsp;<strong>divendres<\/strong>, el termini \u00e9s&nbsp;<strong>dimarts anterior<\/strong>.<\/td><\/tr><\/tbody><\/table><\/figure>\n\n\n\n<p><a href=\"https:\/\/drive.google.com\/file\/d\/1eeAdOBLyQOMIUXLqRGwD8ZjCTelQOmHF\/view?usp=drive_link\"><strong>Sol\u00b7licitud a presentar a la direcci\u00f3 del centre\u00a0 \u00a0Sol\u00b7licitud + annex<\/strong><\/a> amb la relaci\u00f3 d\u2019alumnat participant que ha de presentar el\/la delegat\/da del curs.<\/p>\n\n\n\n<p><strong><a href=\"https:\/\/drive.google.com\/file\/d\/1ZmmGkA-pyjwEN1HkBwRBRAiX4KTnFXfQ\/view?usp=drive_link\">Autoritzaci\u00f3 a dret de reuni\u00f3 \/manifestaci\u00f3 a menors de 18 anys<\/a><\/strong>\u00a0 \u00a0 \u00a0Autoritzaci\u00f3 individual que ha de presentar cada alumne\/a al\/la delegat\/da del seu curs.<\/p>\n\n\n\n<p><strong><a href=\"https:\/\/drive.google.com\/file\/d\/13kDRA83gODF3lS09EqlOkRV7MmnG6pZj\/view?usp=drive_link\">Declaraci\u00f3 d&#8217;adhesi\u00f3 al dret de reuni\u00f3\/manifestaci\u00f3 a majors de 18 anys (+18)<\/a><\/strong>\u00a0  Declaraci\u00f3 d\u2019adhesi\u00f3 individual que l\u2019alumnat ha de presentar al delegat\/da del seu curs.<\/p>\n\n\n\n<hr class=\"wp-block-separator has-alpha-channel-opacity\"\/>\n\n\n\n<p><strong>Recorda qu\u00e8 es pot fer en una \u201cvaga\u201d:<\/strong><\/p>\n\n\n\n<ul class=\"wp-block-list\">\n<li>Penjar cartells i\/o pancartes.<\/li>\n\n\n\n<li>Repartir octavetes o d\u00edptics informatius sobre els motius de la&nbsp;vaga.<\/li>\n\n\n\n<li>Difondre per les xarxes l\u2019argumentaci\u00f3 en favor de la&nbsp;vaga.<\/li>\n\n\n\n<li>Fer piquets informatius, informant els\/les companys\/es que no l\u2019exerceixen dels motius de la mobilitzaci\u00f3.<\/li>\n\n\n\n<li>Convocar i participar de concentracions i\/o assemblees.<\/li>\n\n\n\n<li>Assistir a les convocat\u00f2ries de manifestacions d\u2019organitzacions i sindicats d\u2019estudiants.<\/li>\n<\/ul>\n\n\n\n<p><strong>Tamb\u00e9 que:<\/strong><\/p>\n\n\n\n<ul class=\"wp-block-list\">\n<li><strong>Exercir la&nbsp;vaga&nbsp;implica donar suport als motius pels quals aquesta es fa <\/strong>i no s\u2019hauria de secundar en cas contrari.<\/li>\n\n\n\n<li>\u00c9s una jornada de reivindicaci\u00f3 social, pol\u00edtica o laboral. Per tant, una&nbsp;vaga&nbsp;d\u2019estudiants&nbsp;<strong>NO \u00e9s un dia de festa o un dia per quedar-se a casa<\/strong>.<\/li>\n\n\n\n<li>La&nbsp;vaga&nbsp;no pot ser causa de cap sanci\u00f3.<\/li>\n\n\n\n<li>Si no es fa \u00fas del dret a&nbsp;vaga&nbsp;es t\u00e9 el dret a assistir al centre amb plena normalitat.<\/li>\n<\/ul>\n\n\n\n<hr class=\"wp-block-separator has-alpha-channel-opacity\"\/>\n\n\n\n<h5 class=\"wp-block-heading\"><strong>Normativa general:<\/strong><\/h5>\n\n\n\n<ul class=\"wp-block-list\">\n<li><a href=\"http:\/\/insbaixemporda.cat\/wp-content\/uploads\/2024\/11\/Normativa-Vagues-de-lAlumnat.pdf\" target=\"_blank\" rel=\"noreferrer noopener\">Normativa del centre referent al dret de reuni\u00f3 i\/o manifestaci\u00f3<\/a>.<\/li>\n<\/ul>\n\n\n\n<ul class=\"wp-block-list\">\n<li><a href=\"https:\/\/drive.google.com\/open?id=1KvDGy04FF6meLEae-jddMcG3kUWM--ZX\" target=\"_blank\" rel=\"noreferrer noopener\">Decret 279\/2006, de 4 de juliol, sobre drets i deures de l\u2019alumnat i regulaci\u00f3 de la conviv\u00e8ncia en els centres educatius no universitaris de Catalunya<\/a>. Article 32. Decisions sobre l\u2019assist\u00e8ncia a classe.<\/li>\n<\/ul>\n\n\n\n<ul class=\"wp-block-list\">\n<li><a href=\"https:\/\/drive.google.com\/open?id=1X0gWralvGEVSnUog6b95itEMe9MNWYSz\" target=\"_blank\" rel=\"noreferrer noopener\">Decret 102\/2010 d\u2019autonomia de centre<\/a>. Article 24.2<\/li>\n<\/ul>\n\n\n\n<p><\/p>\n","protected":false},"excerpt":{"rendered":"<p>Informaci\u00f3 en cas de reuni\u00f3 i\/o manifestaci\u00f3 de l&#8217;alumnat (Vaga) A Catalunya el Decret 102\/2010, de 3 agost, d\u2019autonomia dels centres educatius desplega la llei i no parla de&nbsp;vaga&nbsp;sin\u00f3 de la \u201cinassist\u00e8ncia col\u00b7lectiva a classe\u201d. Aix\u00ed, el marc normatiu del Departament d\u2019Ensenyament no parla mai de \u201cvagues d\u2019alumnes\u201d. Aquest Decret es veu implementat a cada [&hellip;]<\/p>\n","protected":false},"author":1,"featured_media":0,"parent":1246,"menu_order":0,"comment_status":"closed","ping_status":"closed","template":"","meta":{"site-sidebar-layout":"default","site-content-layout":"","ast-site-content-layout":"default","site-content-style":"default","site-sidebar-style":"default","ast-global-header-display":"","ast-banner-title-visibility":"","ast-main-header-display":"","ast-hfb-above-header-display":"","ast-hfb-below-header-display":"","ast-hfb-mobile-header-display":"","site-post-title":"","ast-breadcrumbs-content":"","ast-featured-img":"","footer-sml-layout":"","theme-transparent-header-meta":"","adv-header-id-meta":"","stick-header-meta":"","header-above-stick-meta":"","header-main-stick-meta":"","header-below-stick-meta":"","astra-migrate-meta-layouts":"set","ast-page-background-enabled":"default","ast-page-background-meta":{"desktop":{"background-color":"var(--ast-global-color-4)","background-image":"","background-repeat":"repeat","background-position":"center center","background-size":"auto","background-attachment":"scroll","background-type":"","background-media":"","overlay-type":"","overlay-color":"","overlay-opacity":"","overlay-gradient":""},"tablet":{"background-color":"","background-image":"","background-repeat":"repeat","background-position":"center center","background-size":"auto","background-attachment":"scroll","background-type":"","background-media":"","overlay-type":"","overlay-color":"","overlay-opacity":"","overlay-gradient":""},"mobile":{"background-color":"","background-image":"","background-repeat":"repeat","background-position":"center center","background-size":"auto","background-attachment":"scroll","background-type":"","background-media":"","overlay-type":"","overlay-color":"","overlay-opacity":"","overlay-gradient":""}},"ast-content-background-meta":{"desktop":{"background-color":"var(--ast-global-color-5)","background-image":"","background-repeat":"repeat","background-position":"center center","background-size":"auto","background-attachment":"scroll","background-type":"","background-media":"","overlay-type":"","overlay-color":"","overlay-opacity":"","overlay-gradient":""},"tablet":{"background-color":"var(--ast-global-color-5)","background-image":"","background-repeat":"repeat","background-position":"center center","background-size":"auto","background-attachment":"scroll","background-type":"","background-media":"","overlay-type":"","overlay-color":"","overlay-opacity":"","overlay-gradient":""},"mobile":{"background-color":"var(--ast-global-color-5)","background-image":"","background-repeat":"repeat","background-position":"center center","background-size":"auto","background-attachment":"scroll","background-type":"","background-media":"","overlay-type":"","overlay-color":"","overlay-opacity":"","overlay-gradient":""}},"footnotes":""},"class_list":["post-1251","page","type-page","status-publish","hentry"],"post_mailing_queue_ids":[],"_links":{"self":[{"href":"https:\/\/agora.xtec.cat\/insbaixemporda\/wp-json\/wp\/v2\/pages\/1251","targetHints":{"allow":["GET"]}}],"collection":[{"href":"https:\/\/agora.xtec.cat\/insbaixemporda\/wp-json\/wp\/v2\/pages"}],"about":[{"href":"https:\/\/agora.xtec.cat\/insbaixemporda\/wp-json\/wp\/v2\/types\/page"}],"author":[{"embeddable":true,"href":"https:\/\/agora.xtec.cat\/insbaixemporda\/wp-json\/wp\/v2\/users\/1"}],"replies":[{"embeddable":true,"href":"https:\/\/agora.xtec.cat\/insbaixemporda\/wp-json\/wp\/v2\/comments?post=1251"}],"version-history":[{"count":6,"href":"https:\/\/agora.xtec.cat\/insbaixemporda\/wp-json\/wp\/v2\/pages\/1251\/revisions"}],"predecessor-version":[{"id":3151,"href":"https:\/\/agora.xtec.cat\/insbaixemporda\/wp-json\/wp\/v2\/pages\/1251\/revisions\/3151"}],"up":[{"embeddable":true,"href":"https:\/\/agora.xtec.cat\/insbaixemporda\/wp-json\/wp\/v2\/pages\/1246"}],"wp:attachment":[{"href":"https:\/\/agora.xtec.cat\/insbaixemporda\/wp-json\/wp\/v2\/media?parent=1251"}],"curies":[{"name":"wp","href":"https:\/\/api.w.org\/{rel}","templated":true}]}}