{"id":1237,"date":"2026-01-16T19:07:08","date_gmt":"2026-01-16T18:07:08","guid":{"rendered":"https:\/\/agora.xtec.cat\/insbaixemporda\/?page_id=1237"},"modified":"2026-07-27T19:01:51","modified_gmt":"2026-07-27T17:01:51","slug":"certificats-professionals","status":"publish","type":"page","link":"https:\/\/agora.xtec.cat\/insbaixemporda\/estudis\/certificats-professionals\/","title":{"rendered":"Certificats Professionals"},"content":{"rendered":"\n<p>Vols aprofitar aquest temps mentre busques feina? T\u2019interessa fer formaci\u00f3 amb certificaci\u00f3 acreditada per ampliar les teves habilitats professionals? Necessites accedir a cicles formatius? Els certificats professionals et permeten obtenir els coneixements, les habilitats i les aptituds per desenvolupar una activitat professional d\u2019acord amb les necessitats del mercat de treball actual.<\/p>\n\n\n\n<p>A l\u2019Institut Baix Empord\u00e0 oferim Certificats de professionalitat totalment gratu\u00efts i en modalitat presencial:<\/p>\n\n\n\n<p>Pel curs 26-27, tenim previst oferir els certificats professionals de:<\/p>\n\n\n\n<p><strong>Activitats de gesti\u00f3 administrativa (Nivell 2)<\/strong>\u00a0&#8211; <a href=\"https:\/\/drive.google.com\/file\/d\/1uf3QIBqZbm1NKXr1Jj7BnxuoW2GlCsme\/view?usp=drive_link\"><strong>Fitxa t\u00e8cnica del curs<\/strong><\/a> (Adjudicat &#8211;<strong> Es far\u00e0 segur<\/strong>)<\/p>\n\n\n\n<p><em>Operacions b\u00e0siques de restaurant i bar (Nivell 1) &#8211; <a href=\"https:\/\/drive.google.com\/file\/d\/1aG76YEcKZ3TVnRDRXhwwSJfHck1B7cev\/view?usp=drive_link\">Fitxa t\u00e8cnica del curs<\/a> (Pendent d&#8217;adjudicaci\u00f3)<\/em><\/p>\n\n\n\n<p><a href=\"https:\/\/docs.google.com\/forms\/d\/e\/1FAIpQLSfP5YCybFswpFCG7CYwkDMIq2Jev8YeZ5Q9nb6ly3V632K55g\/viewform?usp=header\"><strong>PREINSCRIU-TE AQU\u00cd<\/strong><\/a> pel curs 26-27.<\/p>\n\n\n\n<p><em>Oferta d\u2019estudis subjecta a l\u2019assignaci\u00f3 des del Departament d\u2019Empresa i Treball i el d\u2019Educaci\u00f3 i Formaci\u00f3 Professional pel curs 26-27<\/em><\/p>\n\n\n\n<p>Si vols m\u00e9s informaci\u00f3 pots escriure a:&nbsp;<a href=\"mailto:cp@insbaixemporda.cat\"><strong>cp@insbaixemporda.cat<\/strong><\/a><\/p>\n\n\n\n<figure class=\"wp-block-embed is-type-video is-provider-youtube wp-block-embed-youtube wp-embed-aspect-16-9 wp-has-aspect-ratio\"><div class=\"wp-block-embed__wrapper\">\n<div class=\"ast-oembed-container \" style=\"height: 100%;\"><iframe loading=\"lazy\" title=\"CERTIFICATS PROFESSIONALS. Una porta oberta al teu nou futur\" width=\"500\" height=\"281\" src=\"https:\/\/www.youtube.com\/embed\/obcwuhkUixI?feature=oembed\" frameborder=\"0\" allow=\"accelerometer; autoplay; clipboard-write; encrypted-media; gyroscope; picture-in-picture; web-share\" referrerpolicy=\"strict-origin-when-cross-origin\" allowfullscreen><\/iframe><\/div>\n<\/div><\/figure>\n\n\n\n<hr class=\"wp-block-separator has-alpha-channel-opacity\"\/>\n\n\n\n<h4 class=\"wp-block-heading\">Qu\u00e8 estudiar\u00e0s?<\/h4>\n\n\n\n<figure class=\"wp-block-image alignwide size-large\"><a href=\"https:\/\/agora.xtec.cat\/insbaixemporda\/wp-content\/uploads\/usu3485\/2025\/07\/insbaixemporda_administratiu1-53.jpg\"><img loading=\"lazy\" decoding=\"async\" width=\"1024\" height=\"607\" src=\"https:\/\/agora.xtec.cat\/insbaixemporda\/wp-content\/uploads\/usu3485\/2025\/07\/insbaixemporda_administratiu1-53-1024x607.jpg\" alt=\"\" class=\"wp-image-1125\" srcset=\"https:\/\/agora.xtec.cat\/insbaixemporda\/wp-content\/uploads\/usu3485\/2025\/07\/insbaixemporda_administratiu1-53-1024x607.jpg 1024w, https:\/\/agora.xtec.cat\/insbaixemporda\/wp-content\/uploads\/usu3485\/2025\/07\/insbaixemporda_administratiu1-53-300x178.jpg 300w, https:\/\/agora.xtec.cat\/insbaixemporda\/wp-content\/uploads\/usu3485\/2025\/07\/insbaixemporda_administratiu1-53-768x455.jpg 768w, https:\/\/agora.xtec.cat\/insbaixemporda\/wp-content\/uploads\/usu3485\/2025\/07\/insbaixemporda_administratiu1-53-1536x910.jpg 1536w, https:\/\/agora.xtec.cat\/insbaixemporda\/wp-content\/uploads\/usu3485\/2025\/07\/insbaixemporda_administratiu1-53-2048x1214.jpg 2048w\" sizes=\"auto, (max-width: 1024px) 100vw, 1024px\" \/><\/a><\/figure>\n\n\n\n<h5 class=\"wp-block-heading\"><strong>CERTIFICAT PROFESSIONAL D\u2019ACTIVITATS DE GESTI\u00d3 ADMINISTRATIVA \u2013 NIVELL 2<\/strong><\/h5>\n\n\n\n<p><strong>Durada 840 hores + 80 hores de pr\u00e0ctiques<\/strong><\/p>\n\n\n\n<p>Fer les operacions de la gesti\u00f3 administrativa de compravenda de productes i serveis,&nbsp;tresoreria i personal, aix\u00ed com la introducci\u00f3 de registres comptables predefinits, amb l\u2019obtenci\u00f3, el&nbsp;processament i l\u2019arxivament previs de la informaci\u00f3 i documentaci\u00f3 necess\u00e0ries mitjan\u00e7ant els&nbsp;suports convencionals o inform\u00e0tics adequats, seguint instruccions definides, en condicions de&nbsp;seguretat, respecte de la normativa vigent i segons criteris de qualitat definits per l\u2019organitzaci\u00f3.<\/p>\n\n\n\n<p><strong>Compet\u00e8ncia general:<\/strong><br>Fer les operacions de la gesti\u00f3 administrativa de compravenda de productes i serveis, tresoreria i personal, aix\u00ed com la introducci\u00f3 de registres comptables predefinits, amb l\u2019obtenci\u00f3, el processament i l\u2019arxivament previs de la informaci\u00f3 i documentaci\u00f3 necess\u00e0ries mitjan\u00e7ant els suports convencionals o inform\u00e0tics adequats, seguint instruccions definides, en condicions de seguretat, respecte de la normativa vigent i segons criteris de qualitat definits per l&#8217;organitzaci\u00f3.<\/p>\n\n\n\n<p><br><strong>Entorn professional:<\/strong><br><em>\u00c0mbit professional:<\/em><br>Aquest professional exerceix la seva activitat en l&#8217;\u00e0rea d&#8217;administraci\u00f3, recursos humans, comptabilitat o financera, de qualsevol empresa, tant p\u00fablica com privada, exercint les funcions a inst\u00e0ncia d&#8217;un responsable superior qui, depenent del grau de desenvolupament d\u2019aquesta, pot ser una \u00fanica persona o el responsable de cadascun dels departaments comercial, tresoreria, comptabilitat, recursos humans\u2013 o aquelles persones en qui aquests deleguin. Tamb\u00e9 podr\u00e0 desenvolupar la seva activitat en assessories laborals, gestories i\/o empreses consultores o de serveis, aix\u00ed com entitats del sector financer i d&#8217;assegurances.<\/p>\n\n\n\n<p><strong>Qu\u00e8 necessito per accedir al curs?<\/strong><\/p>\n\n\n\n<ul class=\"wp-block-list\">\n<li>T\u00edtol de graduat en ESO.<\/li>\n\n\n\n<li>Altre certificat de professionalitat de nivell 2.<\/li>\n\n\n\n<li>Certificat de professionalitat de nivell 1 de la mateixa fam\u00edlia i \u00e0rea professional que el certificat al qual vols accedir.<\/li>\n\n\n\n<li>Complir el requisit d\u2019acc\u00e9s als cicles formatius de grau mitj\u00e0, o b\u00e9, haver superat les proves d\u2019acc\u00e9s corresponents regulades per les administracions educatives.<\/li>\n\n\n\n<li>Haver superat un PFI o un PQI amb una qualificaci\u00f3 igual o superior a 8.<\/li>\n<\/ul>\n\n\n\n<p><a href=\"https:\/\/drive.google.com\/file\/d\/1uf3QIBqZbm1NKXr1Jj7BnxuoW2GlCsme\/view?usp=drive_link\"><strong>Fitxa t\u00e8cnica del curs<\/strong><\/a>.<\/p>\n\n\n\n<hr class=\"wp-block-separator has-alpha-channel-opacity\"\/>\n\n\n\n<figure class=\"wp-block-image alignwide size-large\"><a href=\"https:\/\/agora.xtec.cat\/insbaixemporda\/wp-content\/uploads\/usu3485\/2025\/07\/insbaixemporda_cfgs_cuina-6.jpg\"><img loading=\"lazy\" decoding=\"async\" width=\"1024\" height=\"594\" src=\"https:\/\/agora.xtec.cat\/insbaixemporda\/wp-content\/uploads\/usu3485\/2025\/07\/insbaixemporda_cfgs_cuina-6-1024x594.jpg\" alt=\"\" class=\"wp-image-1142\" srcset=\"https:\/\/agora.xtec.cat\/insbaixemporda\/wp-content\/uploads\/usu3485\/2025\/07\/insbaixemporda_cfgs_cuina-6-1024x594.jpg 1024w, https:\/\/agora.xtec.cat\/insbaixemporda\/wp-content\/uploads\/usu3485\/2025\/07\/insbaixemporda_cfgs_cuina-6-300x174.jpg 300w, https:\/\/agora.xtec.cat\/insbaixemporda\/wp-content\/uploads\/usu3485\/2025\/07\/insbaixemporda_cfgs_cuina-6-768x446.jpg 768w, https:\/\/agora.xtec.cat\/insbaixemporda\/wp-content\/uploads\/usu3485\/2025\/07\/insbaixemporda_cfgs_cuina-6-1536x891.jpg 1536w, https:\/\/agora.xtec.cat\/insbaixemporda\/wp-content\/uploads\/usu3485\/2025\/07\/insbaixemporda_cfgs_cuina-6-2048x1189.jpg 2048w\" sizes=\"auto, (max-width: 1024px) 100vw, 1024px\" \/><\/a><\/figure>\n\n\n\n<p><strong>CERTIFICAT PROFESSIONAL D\u2019OPERACIONS B\u00c0SIQUES DE RESTAURANT I BAR &#8211; NIVELL 1<\/strong><\/p>\n\n\n\n<p><strong>Durada 240 hores + 80 hores de pr\u00e0ctiques.<\/strong><\/p>\n\n\n\n<p><strong>Compet\u00e8ncia general:<\/strong><br>Assistir en el servei i preparar i presentar begudes senzilles i menjars r\u00e0pids, executant i aplicant operacions, t\u00e8cniques i normes b\u00e0siques de manipulaci\u00f3, preparaci\u00f3 i conservaci\u00f3 d\u2019aliments i begudes.<\/p>\n\n\n\n<p><strong>Entorn professional:<\/strong><\/p>\n\n\n\n<ul class=\"wp-block-list\">\n<li><em>\u00c0mbit professional:<\/em> Desenvolupa la seva activitat professional, com a auxiliar o ajudant, tant en grans com en mitjanes i petites empreses de restauraci\u00f3, bars i cafeteries. En els petits establiments pot desenvolupar la seva activitat amb certa autonomia.<\/li>\n\n\n\n<li><em>Sectors productius:<\/em> Aquesta qualificaci\u00f3 se situa, principalment, en sectors i subsectors productius i de prestaci\u00f3 de serveis en els quals es desenvolupen processos d&#8217;elaboraci\u00f3 i servei d&#8217;aliments i begudes, com ara el sector d\u2019hoteleria i, en el seu marc, els subsectors d&#8217;hoteleria i restauraci\u00f3 (tradicional, evolutiva i col\u00b7lectiva).<\/li>\n\n\n\n<li><em>Ocupacions o llocs de treball relacionats:<\/em>\n<ul class=\"wp-block-list\">\n<li>Ajudant\/a de cambrer\/a.<\/li>\n\n\n\n<li>Ajudant\/a de bar.<\/li>\n\n\n\n<li>Ajudant\/a de rebost.<\/li>\n\n\n\n<li>Auxiliar de col\u00b7lectivitats.<\/li>\n\n\n\n<li>Empleat\/ada de petit establiment de restauraci\u00f3.<\/li>\n<\/ul>\n<\/li>\n<\/ul>\n\n\n\n<p><strong>Qu\u00e8 necessito per accedir al curs?<\/strong><\/p>\n\n\n\n<p>Sense requisits acad\u00e8mics ni professionals previs d\u2019acc\u00e9s.<\/p>\n\n\n\n<p><strong>Requisits necessaris per a l\u2019exercici professional:<\/strong><\/p>\n\n\n\n<p>Carnet de manipulaci\u00f3 d&#8217;aliments exigit per l&#8217;Administraci\u00f3 competent<\/p>\n\n\n\n<p><a href=\"https:\/\/drive.google.com\/file\/d\/1aG76YEcKZ3TVnRDRXhwwSJfHck1B7cev\/view?usp=drive_link\"><strong>Fitxa t\u00e8cnica del curs<\/strong><\/a>.<\/p>\n","protected":false},"excerpt":{"rendered":"<p>Vols aprofitar aquest temps mentre busques feina? T\u2019interessa fer formaci\u00f3 amb certificaci\u00f3 acreditada per ampliar les teves habilitats professionals? Necessites accedir a cicles formatius? Els certificats professionals et permeten obtenir els coneixements, les habilitats i les aptituds per desenvolupar una activitat professional d\u2019acord amb les necessitats del mercat de treball actual. A l\u2019Institut Baix Empord\u00e0 [&hellip;]<\/p>\n","protected":false},"author":1,"featured_media":0,"parent":195,"menu_order":0,"comment_status":"closed","ping_status":"closed","template":"","meta":{"site-sidebar-layout":"default","site-content-layout":"","ast-site-content-layout":"default","site-content-style":"default","site-sidebar-style":"default","ast-global-header-display":"","ast-banner-title-visibility":"","ast-main-header-display":"","ast-hfb-above-header-display":"","ast-hfb-below-header-display":"","ast-hfb-mobile-header-display":"","site-post-title":"","ast-breadcrumbs-content":"","ast-featured-img":"","footer-sml-layout":"","theme-transparent-header-meta":"","adv-header-id-meta":"","stick-header-meta":"","header-above-stick-meta":"","header-main-stick-meta":"","header-below-stick-meta":"","astra-migrate-meta-layouts":"set","ast-page-background-enabled":"default","ast-page-background-meta":{"desktop":{"background-color":"var(--ast-global-color-4)","background-image":"","background-repeat":"repeat","background-position":"center center","background-size":"auto","background-attachment":"scroll","background-type":"","background-media":"","overlay-type":"","overlay-color":"","overlay-opacity":"","overlay-gradient":""},"tablet":{"background-color":"","background-image":"","background-repeat":"repeat","background-position":"center center","background-size":"auto","background-attachment":"scroll","background-type":"","background-media":"","overlay-type":"","overlay-color":"","overlay-opacity":"","overlay-gradient":""},"mobile":{"background-color":"","background-image":"","background-repeat":"repeat","background-position":"center center","background-size":"auto","background-attachment":"scroll","background-type":"","background-media":"","overlay-type":"","overlay-color":"","overlay-opacity":"","overlay-gradient":""}},"ast-content-background-meta":{"desktop":{"background-color":"var(--ast-global-color-5)","background-image":"","background-repeat":"repeat","background-position":"center center","background-size":"auto","background-attachment":"scroll","background-type":"","background-media":"","overlay-type":"","overlay-color":"","overlay-opacity":"","overlay-gradient":""},"tablet":{"background-color":"var(--ast-global-color-5)","background-image":"","background-repeat":"repeat","background-position":"center center","background-size":"auto","background-attachment":"scroll","background-type":"","background-media":"","overlay-type":"","overlay-color":"","overlay-opacity":"","overlay-gradient":""},"mobile":{"background-color":"var(--ast-global-color-5)","background-image":"","background-repeat":"repeat","background-position":"center center","background-size":"auto","background-attachment":"scroll","background-type":"","background-media":"","overlay-type":"","overlay-color":"","overlay-opacity":"","overlay-gradient":""}},"footnotes":""},"class_list":["post-1237","page","type-page","status-publish","hentry"],"post_mailing_queue_ids":[],"_links":{"self":[{"href":"https:\/\/agora.xtec.cat\/insbaixemporda\/wp-json\/wp\/v2\/pages\/1237","targetHints":{"allow":["GET"]}}],"collection":[{"href":"https:\/\/agora.xtec.cat\/insbaixemporda\/wp-json\/wp\/v2\/pages"}],"about":[{"href":"https:\/\/agora.xtec.cat\/insbaixemporda\/wp-json\/wp\/v2\/types\/page"}],"author":[{"embeddable":true,"href":"https:\/\/agora.xtec.cat\/insbaixemporda\/wp-json\/wp\/v2\/users\/1"}],"replies":[{"embeddable":true,"href":"https:\/\/agora.xtec.cat\/insbaixemporda\/wp-json\/wp\/v2\/comments?post=1237"}],"version-history":[{"count":6,"href":"https:\/\/agora.xtec.cat\/insbaixemporda\/wp-json\/wp\/v2\/pages\/1237\/revisions"}],"predecessor-version":[{"id":3831,"href":"https:\/\/agora.xtec.cat\/insbaixemporda\/wp-json\/wp\/v2\/pages\/1237\/revisions\/3831"}],"up":[{"embeddable":true,"href":"https:\/\/agora.xtec.cat\/insbaixemporda\/wp-json\/wp\/v2\/pages\/195"}],"wp:attachment":[{"href":"https:\/\/agora.xtec.cat\/insbaixemporda\/wp-json\/wp\/v2\/media?parent=1237"}],"curies":[{"name":"wp","href":"https:\/\/api.w.org\/{rel}","templated":true}]}}